{"id":1503,"date":"2020-03-16T13:23:09","date_gmt":"2020-03-16T16:23:09","guid":{"rendered":"http:\/\/ccpe.org.ar\/web\/?post_type=mec-events&#038;p=1503"},"modified":"2020-08-25T09:56:07","modified_gmt":"2020-08-25T12:56:07","slug":"cierre-temporario","status":"publish","type":"mec-events","link":"https:\/\/ccpe.org.ar\/web\/actividades\/cierre-temporario\/","title":{"rendered":"El CCPE en casa"},"content":{"rendered":"<p><span style=\"font-weight: 400;\">El Centro Cultural Parque de Espa\u00f1a propone una serie de contenidos culturales digitales con el fin de de acompa\u00f1arte en este aislamiento social obligatorio y preventivo.<\/span><\/p>\n<p>&nbsp;<\/p>\n<blockquote><p><strong><a href=\"http:\/\/ccpe.org.ar\/web\/actividades\/editaton\/\">C\u00f3mo editar Wikipedia<\/a><\/strong><\/p>\n<p>Tutoriales que tienen el objetivo de mejorar la informaci\u00f3n sobre artistas de Rosario alojados en la enciclopedia libre digital.<\/p>\n<p>&nbsp;<\/p>\n<p><strong><a href=\"http:\/\/ccpe.org.ar\/web\/actividades\/yeguas\/\">Yeguas (virtual)<\/a><\/strong><\/p>\n<p>Visita guiada digital por la muestra que rinde homenaje a las mujeres que por su trabajo o legado han sido destacadas a lo largo de la historia.<\/p>\n<p>&nbsp;<\/p>\n<p><a href=\"http:\/\/ccpe.org.ar\/web\/actividades\/yeguas-ludica\/\"><strong>Yeguas (l\u00fadica)<\/strong><\/a><\/p>\n<p>Te invitamos recorrer la muestra con otra mirada, con consignas para explorar, buscar, investigar y jugar con las obras que la integran<\/p><\/blockquote>\n<blockquote><p>&nbsp;<\/p>\n<p><strong><a href=\"http:\/\/ccpe.org.ar\/web\/actividades\/furiosas-ilustradas\/\">Furiosas ilustradas<\/a><\/strong><\/p>\n<p>El colectivo de ilustradoras Festival Furioso de Dibujo retrata en diferentes formatos a destacadas mujeres de Rosario, en el marco de la muestra Yeguas.<\/p>\n<p>&nbsp;<\/p>\n<p><a href=\"http:\/\/ccpe.org.ar\/web\/actividades\/capitulo-1-el-exilio-gallego\/\"><strong>Transterrados<\/strong><\/a><\/p>\n<p>Proyecto del CCPE que homenajea a aquellos migrantes espa\u00f1oles que vivieron exiliados durante la Guerra Civil.<\/p>\n<p>&nbsp;<\/p>\n<p><a href=\"http:\/\/ccpe.org.ar\/web\/actividades\/lenguamadre\/\"><strong>Lenguamadre<\/strong><\/a><\/p>\n<p>El CCPE pone en valor la preservaci\u00f3n y difusi\u00f3n de las lenguas originarias a trav\u00e9s del cruce entre poes\u00eda e ilustraciones.<\/p>\n<p>&nbsp;<\/p>\n<p><strong><a href=\"http:\/\/ccpe.org.ar\/web\/actividades\/el-diario-de-ines\/\">El diario de In\u00e9s<\/a><\/strong><\/p>\n<p>In\u00e9s Arribas es nuestra becaria espa\u00f1ola y cada viernes presentar\u00e1 un cap\u00edtulo narrando sus impresiones durante su estad\u00eda en Rosario.<\/p>\n<p>&nbsp;<\/p>\n<p><a href=\"http:\/\/ccpe.org.ar\/web\/actividades\/codigo-c\/\"><strong>C\u00d3DIGO C<\/strong><\/a><\/p>\n<p>Espacio-acci\u00f3n de innovaci\u00f3n abierta cultural en el entorno digital y el territorio.<\/p>\n<p>&nbsp;<\/p>\n<p><a href=\"http:\/\/ccpe.org.ar\/web\/actividades\/espana-en-red\/\"><strong>Espa\u00f1a en red<\/strong><\/a><\/p>\n<p>Las principales actividades que est\u00e1n desarrollando los centros culturales de la Cooperaci\u00f3n Espa\u00f1ola en Argentina.<\/p>\n<p>&nbsp;<\/p>\n<p><a href=\"http:\/\/ccpe.org.ar\/web\/actividades\/travesias-argentinas\/\"><strong>Traves\u00edas argentinas<\/strong><\/a><\/p>\n<p>Programa de formaci\u00f3n y espacio de mediacio\u0301n destinado a agentes culturales para el desarrollo de proyectos culturales de impacto local.<\/p>\n<p>&nbsp;<\/p>\n<p><strong><a href=\"http:\/\/ccpe.org.ar\/web\/actividades\/filba-rosario\/\">Filba Rosario<\/a><\/strong><\/p>\n<p><span style=\"font-weight: 400;\">El Festival Internacional de Literatura de Buenos Aries llega a nuestra ciudad con un formato local y con contenidos virtuales.<\/span><\/p>\n<p>&nbsp;<\/p>\n<p><a href=\"http:\/\/ccpe.org.ar\/web\/actividades\/poesia-para-acompanarnos-en-aislamiento-2\/\"><strong>Poes\u00eda para acompa\u00f1arnos en el aislamiento<\/strong><\/a><\/p>\n<p>Poetas rosarinos leen textos que reflexionan sobre la igualdad de g\u00e9nero, la violencia hacia las mujeres, y la reivindicaci\u00f3n de derechos.<\/p>\n<p>&nbsp;<\/p>\n<p><a href=\"http:\/\/ccpe.org.ar\/web\/actividades\/a-18-del-sol\/\"><strong>A 18\u00b4 del Sol<\/strong><\/a><\/p>\n<p>El CCPE impulsa a trav\u00e9s de este proyecto la m\u00fasica emergente de la ciudad de Rosario, un \u00e1mbito de expresi\u00f3n en tiempos de confinamiento.<\/p>\n<p>&nbsp;<\/p>\n<p><a href=\"http:\/\/ccpe.org.ar\/web\/actividades\/cuentos-en-red\/\"><strong>Cuentos en Red<\/strong><\/a><\/p>\n<p>Participamos de esta iniciativa de la Red de Centros Culturales de AECID, con un cuento de Ang\u00e9lica Gorodischer.<\/p>\n<p>&nbsp;<\/p>\n<p><a href=\"http:\/\/ccpe.org.ar\/web\/actividades\/clasicos-contigo-cine-espanol-en-blanco-y-negro\/\"><strong>Cl\u00e1sicos contigo<\/strong><\/a><\/p>\n<p>Ciclo de cine espa\u00f1ol en blanco en negro para ver en l\u00ednea. Todos los viernes una film diferente con comentarios de Gustavo Escalante.<\/p>\n<p>&nbsp;<\/p>\n<p><a href=\"https:\/\/ccpe.org.ar\/web\/actividades\/adelanto-olaf-holzapfel\/\"><strong>El camino en los campos<\/strong><\/a><\/p>\n<p>El prestigioso artista alem\u00e1n Olaf Holzapfel presenta trabajos de tejidos en chaguar, fotograf\u00edas y films.<\/p>\n<p>&nbsp;<\/p>\n<p><strong><a href=\"https:\/\/ccpe.org.ar\/web\/actividades\/introduccion-al-chiquero\/\">Introducci\u00f3n al Chiquero<\/a><\/strong><\/p>\n<div class=\"mec-event-content\">\n<p class=\"bajada\">Taller de poes\u00eda. Escrituras feministas y de disidencias sexuales. Modalidad virtual y de modo introductorio a la futura etapa presencial.<\/p>\n<\/div>\n<\/blockquote>\n<p>&nbsp;<\/p>\n","protected":false},"excerpt":{"rendered":"<p>El CCPE propone una serie de contenidos culturales digitales con el fin de de acompa\u00f1arte en este aislamiento social obligatorio y preventivo. <\/p>\n","protected":false},"author":2,"featured_media":1504,"comment_status":"closed","ping_status":"closed","template":"","tags":[],"mec_category":[20],"yoast_head":"<!-- This site is optimized with the Yoast SEO plugin v23.5 - https:\/\/yoast.com\/wordpress\/plugins\/seo\/ -->\n<title>El CCPE en casa - Centro Cultural Parque de Espa\u00f1a\/AECID<\/title>\n<meta name=\"robots\" content=\"index, follow, max-snippet:-1, max-image-preview:large, max-video-preview:-1\" \/>\n<link rel=\"canonical\" href=\"https:\/\/ccpe.org.ar\/web\/actividades\/cierre-temporario\/\" \/>\n<meta property=\"og:locale\" content=\"es_ES\" \/>\n<meta property=\"og:type\" content=\"article\" \/>\n<meta property=\"og:title\" content=\"El CCPE en casa - Centro Cultural Parque de Espa\u00f1a\/AECID\" \/>\n<meta property=\"og:description\" content=\"El CCPE propone una serie de contenidos culturales digitales con el fin de de acompa\u00f1arte en este aislamiento social obligatorio y preventivo.\" \/>\n<meta property=\"og:url\" content=\"https:\/\/ccpe.org.ar\/web\/actividades\/cierre-temporario\/\" \/>\n<meta property=\"og:site_name\" content=\"Centro Cultural Parque de Espa\u00f1a\/AECID\" \/>\n<meta property=\"article:publisher\" content=\"https:\/\/www.facebook.com\/CCPErosario\/\" \/>\n<meta property=\"article:modified_time\" content=\"2020-08-25T12:56:07+00:00\" \/>\n<meta property=\"og:image\" content=\"https:\/\/ccpe.org.ar\/web\/wp-content\/uploads\/2020\/03\/galerias.jpg\" \/>\n\t<meta property=\"og:image:width\" content=\"1080\" \/>\n\t<meta property=\"og:image:height\" content=\"600\" \/>\n\t<meta property=\"og:image:type\" content=\"image\/jpeg\" \/>\n<meta name=\"twitter:card\" content=\"summary_large_image\" \/>\n<meta name=\"twitter:site\" content=\"@ccpe\" \/>\n<meta name=\"twitter:label1\" content=\"Tiempo de lectura\" \/>\n\t<meta name=\"twitter:data1\" content=\"2 minutos\" \/>\n<script type=\"application\/ld+json\" class=\"yoast-schema-graph\">{\"@context\":\"https:\/\/schema.org\",\"@graph\":[{\"@type\":\"WebPage\",\"@id\":\"https:\/\/ccpe.org.ar\/web\/actividades\/cierre-temporario\/\",\"url\":\"https:\/\/ccpe.org.ar\/web\/actividades\/cierre-temporario\/\",\"name\":\"El CCPE en casa - Centro Cultural Parque de Espa\u00f1a\/AECID\",\"isPartOf\":{\"@id\":\"https:\/\/ccpe.org.ar\/web\/#website\"},\"primaryImageOfPage\":{\"@id\":\"https:\/\/ccpe.org.ar\/web\/actividades\/cierre-temporario\/#primaryimage\"},\"image\":{\"@id\":\"https:\/\/ccpe.org.ar\/web\/actividades\/cierre-temporario\/#primaryimage\"},\"thumbnailUrl\":\"https:\/\/ccpe.org.ar\/web\/wp-content\/uploads\/2020\/03\/galerias.jpg\",\"datePublished\":\"2020-03-16T16:23:09+00:00\",\"dateModified\":\"2020-08-25T12:56:07+00:00\",\"breadcrumb\":{\"@id\":\"https:\/\/ccpe.org.ar\/web\/actividades\/cierre-temporario\/#breadcrumb\"},\"inLanguage\":\"es\",\"potentialAction\":[{\"@type\":\"ReadAction\",\"target\":[\"https:\/\/ccpe.org.ar\/web\/actividades\/cierre-temporario\/\"]}]},{\"@type\":\"ImageObject\",\"inLanguage\":\"es\",\"@id\":\"https:\/\/ccpe.org.ar\/web\/actividades\/cierre-temporario\/#primaryimage\",\"url\":\"https:\/\/ccpe.org.ar\/web\/wp-content\/uploads\/2020\/03\/galerias.jpg\",\"contentUrl\":\"https:\/\/ccpe.org.ar\/web\/wp-content\/uploads\/2020\/03\/galerias.jpg\",\"width\":1080,\"height\":600},{\"@type\":\"BreadcrumbList\",\"@id\":\"https:\/\/ccpe.org.ar\/web\/actividades\/cierre-temporario\/#breadcrumb\",\"itemListElement\":[{\"@type\":\"ListItem\",\"position\":1,\"name\":\"Portada\",\"item\":\"https:\/\/ccpe.org.ar\/web\/\"},{\"@type\":\"ListItem\",\"position\":2,\"name\":\"El CCPE en casa\"}]},{\"@type\":\"WebSite\",\"@id\":\"https:\/\/ccpe.org.ar\/web\/#website\",\"url\":\"https:\/\/ccpe.org.ar\/web\/\",\"name\":\"Centro Cultural Parque de Espa\u00f1a\/AECID\",\"description\":\"Sitio web del Centro Cultural Parque de Espa\u00f1a\/AECID\",\"potentialAction\":[{\"@type\":\"SearchAction\",\"target\":{\"@type\":\"EntryPoint\",\"urlTemplate\":\"https:\/\/ccpe.org.ar\/web\/?s={search_term_string}\"},\"query-input\":{\"@type\":\"PropertyValueSpecification\",\"valueRequired\":true,\"valueName\":\"search_term_string\"}}],\"inLanguage\":\"es\"}]}<\/script>\n<!-- \/ Yoast SEO plugin. -->","yoast_head_json":{"title":"El CCPE en casa - Centro Cultural Parque de Espa\u00f1a\/AECID","robots":{"index":"index","follow":"follow","max-snippet":"max-snippet:-1","max-image-preview":"max-image-preview:large","max-video-preview":"max-video-preview:-1"},"canonical":"https:\/\/ccpe.org.ar\/web\/actividades\/cierre-temporario\/","og_locale":"es_ES","og_type":"article","og_title":"El CCPE en casa - Centro Cultural Parque de Espa\u00f1a\/AECID","og_description":"El CCPE propone una serie de contenidos culturales digitales con el fin de de acompa\u00f1arte en este aislamiento social obligatorio y preventivo.","og_url":"https:\/\/ccpe.org.ar\/web\/actividades\/cierre-temporario\/","og_site_name":"Centro Cultural Parque de Espa\u00f1a\/AECID","article_publisher":"https:\/\/www.facebook.com\/CCPErosario\/","article_modified_time":"2020-08-25T12:56:07+00:00","og_image":[{"width":1080,"height":600,"url":"https:\/\/ccpe.org.ar\/web\/wp-content\/uploads\/2020\/03\/galerias.jpg","type":"image\/jpeg"}],"twitter_card":"summary_large_image","twitter_site":"@ccpe","twitter_misc":{"Tiempo de lectura":"2 minutos"},"schema":{"@context":"https:\/\/schema.org","@graph":[{"@type":"WebPage","@id":"https:\/\/ccpe.org.ar\/web\/actividades\/cierre-temporario\/","url":"https:\/\/ccpe.org.ar\/web\/actividades\/cierre-temporario\/","name":"El CCPE en casa - Centro Cultural Parque de Espa\u00f1a\/AECID","isPartOf":{"@id":"https:\/\/ccpe.org.ar\/web\/#website"},"primaryImageOfPage":{"@id":"https:\/\/ccpe.org.ar\/web\/actividades\/cierre-temporario\/#primaryimage"},"image":{"@id":"https:\/\/ccpe.org.ar\/web\/actividades\/cierre-temporario\/#primaryimage"},"thumbnailUrl":"https:\/\/ccpe.org.ar\/web\/wp-content\/uploads\/2020\/03\/galerias.jpg","datePublished":"2020-03-16T16:23:09+00:00","dateModified":"2020-08-25T12:56:07+00:00","breadcrumb":{"@id":"https:\/\/ccpe.org.ar\/web\/actividades\/cierre-temporario\/#breadcrumb"},"inLanguage":"es","potentialAction":[{"@type":"ReadAction","target":["https:\/\/ccpe.org.ar\/web\/actividades\/cierre-temporario\/"]}]},{"@type":"ImageObject","inLanguage":"es","@id":"https:\/\/ccpe.org.ar\/web\/actividades\/cierre-temporario\/#primaryimage","url":"https:\/\/ccpe.org.ar\/web\/wp-content\/uploads\/2020\/03\/galerias.jpg","contentUrl":"https:\/\/ccpe.org.ar\/web\/wp-content\/uploads\/2020\/03\/galerias.jpg","width":1080,"height":600},{"@type":"BreadcrumbList","@id":"https:\/\/ccpe.org.ar\/web\/actividades\/cierre-temporario\/#breadcrumb","itemListElement":[{"@type":"ListItem","position":1,"name":"Portada","item":"https:\/\/ccpe.org.ar\/web\/"},{"@type":"ListItem","position":2,"name":"El CCPE en casa"}]},{"@type":"WebSite","@id":"https:\/\/ccpe.org.ar\/web\/#website","url":"https:\/\/ccpe.org.ar\/web\/","name":"Centro Cultural Parque de Espa\u00f1a\/AECID","description":"Sitio web del Centro Cultural Parque de Espa\u00f1a\/AECID","potentialAction":[{"@type":"SearchAction","target":{"@type":"EntryPoint","urlTemplate":"https:\/\/ccpe.org.ar\/web\/?s={search_term_string}"},"query-input":{"@type":"PropertyValueSpecification","valueRequired":true,"valueName":"search_term_string"}}],"inLanguage":"es"}]}},"_links":{"self":[{"href":"https:\/\/ccpe.org.ar\/web\/wp-json\/wp\/v2\/mec-events\/1503"}],"collection":[{"href":"https:\/\/ccpe.org.ar\/web\/wp-json\/wp\/v2\/mec-events"}],"about":[{"href":"https:\/\/ccpe.org.ar\/web\/wp-json\/wp\/v2\/types\/mec-events"}],"author":[{"embeddable":true,"href":"https:\/\/ccpe.org.ar\/web\/wp-json\/wp\/v2\/users\/2"}],"replies":[{"embeddable":true,"href":"https:\/\/ccpe.org.ar\/web\/wp-json\/wp\/v2\/comments?post=1503"}],"wp:featuredmedia":[{"embeddable":true,"href":"https:\/\/ccpe.org.ar\/web\/wp-json\/wp\/v2\/media\/1504"}],"wp:attachment":[{"href":"https:\/\/ccpe.org.ar\/web\/wp-json\/wp\/v2\/media?parent=1503"}],"wp:term":[{"taxonomy":"post_tag","embeddable":true,"href":"https:\/\/ccpe.org.ar\/web\/wp-json\/wp\/v2\/tags?post=1503"},{"taxonomy":"mec_category","embeddable":true,"href":"https:\/\/ccpe.org.ar\/web\/wp-json\/wp\/v2\/mec_category?post=1503"}],"curies":[{"name":"wp","href":"https:\/\/api.w.org\/{rel}","templated":true}]}}