{"id":1587,"date":"2020-04-20T15:50:00","date_gmt":"2020-04-20T18:50:00","guid":{"rendered":"http:\/\/ccpe.org.ar\/web\/?post_type=mec-events&#038;p=1587"},"modified":"2020-06-24T10:54:14","modified_gmt":"2020-06-24T13:54:14","slug":"espana-en-red","status":"publish","type":"mec-events","link":"https:\/\/ccpe.org.ar\/web\/actividades\/espana-en-red\/","title":{"rendered":"Roles en disputa"},"content":{"rendered":"<div class=\"wrapper wrapper_int\">\n<div class=\"content single_info\">\n<div class=\"content_l\">\n<div class=\"info infoPrensa\">\n<div class=\"texto\">\n<p><strong>El CCPE recomienda esta actividad virtual organizada por el <a href=\"https:\/\/ccec.org.ar\/evento\/roles-en-disputa\/\">Centro Cultural de Espa\u00f1a en C\u00f3rdoba.<\/a><\/strong><\/p>\n<p>Dos personas responsables de un \u00e1rea determinada en la realizaci\u00f3n de una pel\u00edcula nos permitir\u00e1n acceder a la intimidad del v\u00ednculo que va configurando la din\u00e1mica de trabajo entre esos dos campos del quehacer cinematogr\u00e1fico. Ambas labores deben funcionar en sinergia durante la realizaci\u00f3n de una pel\u00edcula. \u00bfC\u00f3mo a partir de esta pulsi\u00f3n en conflicto se genera la escena cinematogr\u00e1fica?<\/p>\n<p><strong>Mi\u00e9rcoles 17, 24 de junio, 1 y 8 de julio \u2013 20 hs. En vivo por Youtube<\/strong><\/p>\n<p>&nbsp;<\/p>\n<h1>LAS CALLES<\/h1>\n<p>Disponible desde el lunes 15\/06 se libera la pel\u00edcula a 10:00hs hasta el mi\u00e9rcoles 17\/06 a las 00:00hs en\u00a0<a href=\"http:\/\/www.colectivodecineastascordoba.com\/\">www.colectivodecineastascordoba.com<\/a><\/p>\n<h4>DIRECCI\u00d3N vs. MONTAJE<\/h4>\n<p>Di\u00e1logo entre Mar\u00eda Aparicio y Mart\u00edn Sappia. Modera\u00a0Mart\u00edn Campos<\/p>\n<p>Mi\u00e9rcoles 17\/06 a las 20 hs<\/p>\n<p>&nbsp;<\/p>\n<h1>JULIA Y EL ZORRO<\/h1>\n<p>Disponible desde el lunes 22\/06 se libera la pel\u00edcula a 10:00hs hasta el mi\u00e9rcoles 24\/06 a las 00:00hs en\u00a0<a href=\"http:\/\/www.colectivodecineastascordoba.com\/\">www.colectivodecineastascordoba.com<\/a><\/p>\n<h4>DIRECCI\u00d3N DE FOTOGRAF\u00cdA vs DIRECCI\u00d3N DE ARTE<\/h4>\n<p>Di\u00e1logo entre Ezequiel Salinas y Carolina Vergara. Modera\u00a0Sol Mu\u00f1oz<\/p>\n<p>Mi\u00e9rcoles 24\/06 a las 20 hs<\/p>\n<p>&nbsp;<\/p>\n<h1>MOCHILA DE PLOMO<\/h1>\n<p>Disponible desde el lunes 29\/06 se libera la pel\u00edcula a 10:00hs hasta el mi\u00e9rcoles 01\/07 a las 00:00hs en\u00a0<a href=\"http:\/\/www.colectivodecineastascordoba.com\/\">www.colectivodecineastascordoba.com<\/a><\/p>\n<h4>DIRECCI\u00d3N vs PRODUCCI\u00d3N EJECUTIVA<\/h4>\n<p>Dialogo entre Dar\u00edo Mascambroni y Fernanda Rocca. Modera Nadir Medina<\/p>\n<p>Mi\u00e9rcoles 01\/07 a las 20 hs<\/p>\n<p>&nbsp;<\/p>\n<h1>VIGILIA EN AGOSTO<\/h1>\n<p>Disponible desde el lunes 06\/07 se libera la pel\u00edcula a 10:00hs hasta el mi\u00e9rcoles 08\/07 a las 00:00hs en\u00a0<a href=\"http:\/\/www.colectivodecineastascordoba.com\/\">www.colectivodecineastascordoba.com<\/a><\/p>\n<h4>DIRECCI\u00d3N DE FOTOGRAF\u00cdA vs ASISTENTE DE DIRECCI\u00d3N<\/h4>\n<p>Di\u00e1logo entre Santiago Seminara y Hugo Curletto. Modera: Rodrigo Guerrero.<\/p>\n<p>Mi\u00e9rcoles 08\/07 a las 20 hs<\/p>\n<\/div>\n<\/div>\n<\/div>\n<div class=\"content_r\">\n<div class=\"calendar_single\">\n<div class=\"calendarMain post_calendar\" data-url=\"https:\/\/ccec.org.ar\/tipo\/actividades\/\" data-year=\"2020\" data-month=\"06\">\n<div class=\"day\"><\/div>\n<\/div>\n<\/div>\n<\/div>\n<\/div>\n<div class=\"clear\"><\/div>\n<\/div>\n<footer>\n<div class=\"footer_int\">\n<div class=\"f_columna\"><\/div>\n<\/div>\n<\/footer>\n<p>&nbsp;<\/p>\n<p>&nbsp;<\/p>\n<p>&nbsp;<\/p>\n<p>&nbsp;<\/p>\n","protected":false},"excerpt":{"rendered":"<p>Las principales actividades que est\u00e1n desarrollando los centros culturales de la Cooperaci\u00f3n Espa\u00f1ola en Argentina.<\/p>\n","protected":false},"author":2,"featured_media":1762,"comment_status":"closed","ping_status":"closed","template":"","tags":[],"mec_category":[20],"yoast_head":"<!-- This site is optimized with the Yoast SEO plugin v23.5 - https:\/\/yoast.com\/wordpress\/plugins\/seo\/ -->\n<title>Roles en disputa - Centro Cultural Parque de Espa\u00f1a\/AECID<\/title>\n<meta name=\"robots\" content=\"index, follow, max-snippet:-1, max-image-preview:large, max-video-preview:-1\" \/>\n<link rel=\"canonical\" href=\"https:\/\/ccpe.org.ar\/web\/actividades\/espana-en-red\/\" \/>\n<meta property=\"og:locale\" content=\"es_ES\" \/>\n<meta property=\"og:type\" content=\"article\" \/>\n<meta property=\"og:title\" content=\"Roles en disputa - Centro Cultural Parque de Espa\u00f1a\/AECID\" \/>\n<meta property=\"og:description\" content=\"Las principales actividades que est\u00e1n desarrollando los centros culturales de la Cooperaci\u00f3n Espa\u00f1ola en Argentina.\" \/>\n<meta property=\"og:url\" content=\"https:\/\/ccpe.org.ar\/web\/actividades\/espana-en-red\/\" \/>\n<meta property=\"og:site_name\" content=\"Centro Cultural Parque de Espa\u00f1a\/AECID\" \/>\n<meta property=\"article:publisher\" content=\"https:\/\/www.facebook.com\/CCPErosario\/\" \/>\n<meta property=\"article:modified_time\" content=\"2020-06-24T13:54:14+00:00\" \/>\n<meta property=\"og:image\" content=\"https:\/\/ccpe.org.ar\/web\/wp-content\/uploads\/2020\/04\/b_roles_en_disputa.jpg\" \/>\n\t<meta property=\"og:image:width\" content=\"1080\" \/>\n\t<meta property=\"og:image:height\" content=\"600\" \/>\n\t<meta property=\"og:image:type\" content=\"image\/jpeg\" \/>\n<meta name=\"twitter:card\" content=\"summary_large_image\" \/>\n<meta name=\"twitter:site\" content=\"@ccpe\" \/>\n<meta name=\"twitter:label1\" content=\"Tiempo de lectura\" \/>\n\t<meta name=\"twitter:data1\" content=\"2 minutos\" \/>\n<script type=\"application\/ld+json\" class=\"yoast-schema-graph\">{\"@context\":\"https:\/\/schema.org\",\"@graph\":[{\"@type\":\"WebPage\",\"@id\":\"https:\/\/ccpe.org.ar\/web\/actividades\/espana-en-red\/\",\"url\":\"https:\/\/ccpe.org.ar\/web\/actividades\/espana-en-red\/\",\"name\":\"Roles en disputa - Centro Cultural Parque de Espa\u00f1a\/AECID\",\"isPartOf\":{\"@id\":\"https:\/\/ccpe.org.ar\/web\/#website\"},\"primaryImageOfPage\":{\"@id\":\"https:\/\/ccpe.org.ar\/web\/actividades\/espana-en-red\/#primaryimage\"},\"image\":{\"@id\":\"https:\/\/ccpe.org.ar\/web\/actividades\/espana-en-red\/#primaryimage\"},\"thumbnailUrl\":\"https:\/\/ccpe.org.ar\/web\/wp-content\/uploads\/2020\/04\/b_roles_en_disputa.jpg\",\"datePublished\":\"2020-04-20T18:50:00+00:00\",\"dateModified\":\"2020-06-24T13:54:14+00:00\",\"breadcrumb\":{\"@id\":\"https:\/\/ccpe.org.ar\/web\/actividades\/espana-en-red\/#breadcrumb\"},\"inLanguage\":\"es\",\"potentialAction\":[{\"@type\":\"ReadAction\",\"target\":[\"https:\/\/ccpe.org.ar\/web\/actividades\/espana-en-red\/\"]}]},{\"@type\":\"ImageObject\",\"inLanguage\":\"es\",\"@id\":\"https:\/\/ccpe.org.ar\/web\/actividades\/espana-en-red\/#primaryimage\",\"url\":\"https:\/\/ccpe.org.ar\/web\/wp-content\/uploads\/2020\/04\/b_roles_en_disputa.jpg\",\"contentUrl\":\"https:\/\/ccpe.org.ar\/web\/wp-content\/uploads\/2020\/04\/b_roles_en_disputa.jpg\",\"width\":1080,\"height\":600},{\"@type\":\"BreadcrumbList\",\"@id\":\"https:\/\/ccpe.org.ar\/web\/actividades\/espana-en-red\/#breadcrumb\",\"itemListElement\":[{\"@type\":\"ListItem\",\"position\":1,\"name\":\"Portada\",\"item\":\"https:\/\/ccpe.org.ar\/web\/\"},{\"@type\":\"ListItem\",\"position\":2,\"name\":\"Roles en disputa\"}]},{\"@type\":\"WebSite\",\"@id\":\"https:\/\/ccpe.org.ar\/web\/#website\",\"url\":\"https:\/\/ccpe.org.ar\/web\/\",\"name\":\"Centro Cultural Parque de Espa\u00f1a\/AECID\",\"description\":\"Sitio web del Centro Cultural Parque de Espa\u00f1a\/AECID\",\"potentialAction\":[{\"@type\":\"SearchAction\",\"target\":{\"@type\":\"EntryPoint\",\"urlTemplate\":\"https:\/\/ccpe.org.ar\/web\/?s={search_term_string}\"},\"query-input\":{\"@type\":\"PropertyValueSpecification\",\"valueRequired\":true,\"valueName\":\"search_term_string\"}}],\"inLanguage\":\"es\"}]}<\/script>\n<!-- \/ Yoast SEO plugin. -->","yoast_head_json":{"title":"Roles en disputa - Centro Cultural Parque de Espa\u00f1a\/AECID","robots":{"index":"index","follow":"follow","max-snippet":"max-snippet:-1","max-image-preview":"max-image-preview:large","max-video-preview":"max-video-preview:-1"},"canonical":"https:\/\/ccpe.org.ar\/web\/actividades\/espana-en-red\/","og_locale":"es_ES","og_type":"article","og_title":"Roles en disputa - Centro Cultural Parque de Espa\u00f1a\/AECID","og_description":"Las principales actividades que est\u00e1n desarrollando los centros culturales de la Cooperaci\u00f3n Espa\u00f1ola en Argentina.","og_url":"https:\/\/ccpe.org.ar\/web\/actividades\/espana-en-red\/","og_site_name":"Centro Cultural Parque de Espa\u00f1a\/AECID","article_publisher":"https:\/\/www.facebook.com\/CCPErosario\/","article_modified_time":"2020-06-24T13:54:14+00:00","og_image":[{"width":1080,"height":600,"url":"https:\/\/ccpe.org.ar\/web\/wp-content\/uploads\/2020\/04\/b_roles_en_disputa.jpg","type":"image\/jpeg"}],"twitter_card":"summary_large_image","twitter_site":"@ccpe","twitter_misc":{"Tiempo de lectura":"2 minutos"},"schema":{"@context":"https:\/\/schema.org","@graph":[{"@type":"WebPage","@id":"https:\/\/ccpe.org.ar\/web\/actividades\/espana-en-red\/","url":"https:\/\/ccpe.org.ar\/web\/actividades\/espana-en-red\/","name":"Roles en disputa - Centro Cultural Parque de Espa\u00f1a\/AECID","isPartOf":{"@id":"https:\/\/ccpe.org.ar\/web\/#website"},"primaryImageOfPage":{"@id":"https:\/\/ccpe.org.ar\/web\/actividades\/espana-en-red\/#primaryimage"},"image":{"@id":"https:\/\/ccpe.org.ar\/web\/actividades\/espana-en-red\/#primaryimage"},"thumbnailUrl":"https:\/\/ccpe.org.ar\/web\/wp-content\/uploads\/2020\/04\/b_roles_en_disputa.jpg","datePublished":"2020-04-20T18:50:00+00:00","dateModified":"2020-06-24T13:54:14+00:00","breadcrumb":{"@id":"https:\/\/ccpe.org.ar\/web\/actividades\/espana-en-red\/#breadcrumb"},"inLanguage":"es","potentialAction":[{"@type":"ReadAction","target":["https:\/\/ccpe.org.ar\/web\/actividades\/espana-en-red\/"]}]},{"@type":"ImageObject","inLanguage":"es","@id":"https:\/\/ccpe.org.ar\/web\/actividades\/espana-en-red\/#primaryimage","url":"https:\/\/ccpe.org.ar\/web\/wp-content\/uploads\/2020\/04\/b_roles_en_disputa.jpg","contentUrl":"https:\/\/ccpe.org.ar\/web\/wp-content\/uploads\/2020\/04\/b_roles_en_disputa.jpg","width":1080,"height":600},{"@type":"BreadcrumbList","@id":"https:\/\/ccpe.org.ar\/web\/actividades\/espana-en-red\/#breadcrumb","itemListElement":[{"@type":"ListItem","position":1,"name":"Portada","item":"https:\/\/ccpe.org.ar\/web\/"},{"@type":"ListItem","position":2,"name":"Roles en disputa"}]},{"@type":"WebSite","@id":"https:\/\/ccpe.org.ar\/web\/#website","url":"https:\/\/ccpe.org.ar\/web\/","name":"Centro Cultural Parque de Espa\u00f1a\/AECID","description":"Sitio web del Centro Cultural Parque de Espa\u00f1a\/AECID","potentialAction":[{"@type":"SearchAction","target":{"@type":"EntryPoint","urlTemplate":"https:\/\/ccpe.org.ar\/web\/?s={search_term_string}"},"query-input":{"@type":"PropertyValueSpecification","valueRequired":true,"valueName":"search_term_string"}}],"inLanguage":"es"}]}},"_links":{"self":[{"href":"https:\/\/ccpe.org.ar\/web\/wp-json\/wp\/v2\/mec-events\/1587"}],"collection":[{"href":"https:\/\/ccpe.org.ar\/web\/wp-json\/wp\/v2\/mec-events"}],"about":[{"href":"https:\/\/ccpe.org.ar\/web\/wp-json\/wp\/v2\/types\/mec-events"}],"author":[{"embeddable":true,"href":"https:\/\/ccpe.org.ar\/web\/wp-json\/wp\/v2\/users\/2"}],"replies":[{"embeddable":true,"href":"https:\/\/ccpe.org.ar\/web\/wp-json\/wp\/v2\/comments?post=1587"}],"wp:featuredmedia":[{"embeddable":true,"href":"https:\/\/ccpe.org.ar\/web\/wp-json\/wp\/v2\/media\/1762"}],"wp:attachment":[{"href":"https:\/\/ccpe.org.ar\/web\/wp-json\/wp\/v2\/media?parent=1587"}],"wp:term":[{"taxonomy":"post_tag","embeddable":true,"href":"https:\/\/ccpe.org.ar\/web\/wp-json\/wp\/v2\/tags?post=1587"},{"taxonomy":"mec_category","embeddable":true,"href":"https:\/\/ccpe.org.ar\/web\/wp-json\/wp\/v2\/mec_category?post=1587"}],"curies":[{"name":"wp","href":"https:\/\/api.w.org\/{rel}","templated":true}]}}