{"id":1623,"date":"2020-04-24T09:07:48","date_gmt":"2020-04-24T12:07:48","guid":{"rendered":"http:\/\/ccpe.org.ar\/web\/?post_type=mec-events&#038;p=1623"},"modified":"2021-03-26T10:25:08","modified_gmt":"2021-03-26T13:25:08","slug":"poesia-para-acompanarnos-en-aislamiento-2","status":"publish","type":"mec-events","link":"https:\/\/ccpe.org.ar\/web\/actividades\/poesia-para-acompanarnos-en-aislamiento-2\/","title":{"rendered":"Poes\u00eda para acompa\u00f1arnos en aislamiento"},"content":{"rendered":"<p>Pensando la poes\u00eda como un puente que conecta experiencias y sentires, y poniendo en consideraci\u00f3n el aumento de la violencia dom\u00e9stica y de la cantidad de femicidios ocurridos desde que fue decretado el aislamiento social preventivo y obligatorio, se propone la difusi\u00f3n de estas lecturas como un modo de contribuir a acompa\u00f1ar a las mujeres, generar conciencia y potenciar la visibilizaci\u00f3n de estas problem\u00e1ticas a trav\u00e9s del arte.<\/p>\n<p>Cabeza de Flor, proyecto del Centro Cultural Parque de Espa\u00f1a que tiene como objetivos la igualdad de g\u00e9nero, la lucha contra la violencia hacia las mujeres y la reivindicaci\u00f3n de derechos de las disidencias sexuales, ha convocado a diferentes poetas de la ciudad para que reflexionen sobre estas problem\u00e1ticas a trav\u00e9s de su obra.<\/p>\n<p>Leen: Tin Roda, Caro Musa, Wachi Molina, Morena Garc\u00eda, Moli Luna y Paola Santi Kremer.<\/p>\n<p>&nbsp;<\/p>\n<h3 class=\"title style-scope ytd-video-primary-info-renderer\">Tin Roda: \u00abA Wally\u00bb<\/h3>\n<p><iframe loading=\"lazy\" title=\"YouTube video player\" src=\"https:\/\/www.youtube.com\/embed\/trd0B2gEihs\" width=\"560\" height=\"315\" frameborder=\"0\" allowfullscreen=\"allowfullscreen\"><\/iframe><\/p>\n<h1><\/h1>\n<h3 class=\"title style-scope ytd-video-primary-info-renderer\">Wachi Molina: <em>Acabo de ver la aurora<\/em><\/h3>\n<p><iframe loading=\"lazy\" title=\"YouTube video player\" src=\"https:\/\/www.youtube.com\/embed\/CXOOc4N9bYc\" width=\"560\" height=\"315\" frameborder=\"0\" allowfullscreen=\"allowfullscreen\"><\/iframe><\/p>\n<h1><\/h1>\n<h3 class=\"title style-scope ytd-video-primary-info-renderer\">Caro Musa: <em>El nudo que llevar\u00e1s en la garganta<\/em> \/ \u00abOpen mind\u00bb<\/h3>\n<p><iframe loading=\"lazy\" title=\"YouTube video player\" src=\"https:\/\/www.youtube.com\/embed\/jZ-rFKRzoA0\" width=\"560\" height=\"315\" frameborder=\"0\" allowfullscreen=\"allowfullscreen\"><\/iframe><\/p>\n<p>&nbsp;<\/p>\n<h3 class=\"title style-scope ytd-video-primary-info-renderer\">Moli Luna: \u00abQuiero seguir llegando\u00bb \/ \u00abAhora la cuidan m\u00e1s\u00bb<\/h3>\n<p><iframe loading=\"lazy\" title=\"YouTube video player\" src=\"https:\/\/www.youtube.com\/embed\/ULdt4clmqzU\" width=\"560\" height=\"315\" frameborder=\"0\" allowfullscreen=\"allowfullscreen\"><\/iframe><\/p>\n<p>&nbsp;<\/p>\n<h3 class=\"title style-scope ytd-video-primary-info-renderer\">Paola Santi Kremer: \u00abDoncella con centro ultra absorbente<em>\u00ab<\/em><\/h3>\n<p><iframe loading=\"lazy\" title=\"YouTube video player\" src=\"https:\/\/www.youtube.com\/embed\/xGdqsOCpdWQ\" width=\"560\" height=\"315\" frameborder=\"0\" allowfullscreen=\"allowfullscreen\"><\/iframe><\/p>\n<p>&nbsp;<\/p>\n<h3 class=\"title style-scope ytd-video-primary-info-renderer\">Morena Garc\u00eda: \u00abVoy a morir!<em>\u00ab<\/em><\/h3>\n<p><iframe loading=\"lazy\" title=\"YouTube video player\" src=\"https:\/\/www.youtube.com\/embed\/odxQMLZ4BpE\" width=\"560\" height=\"315\" frameborder=\"0\" allowfullscreen=\"allowfullscreen\"><\/iframe><\/p>\n<p>&nbsp;<\/p>\n<h3 class=\"title style-scope ytd-video-primary-info-renderer\">Tin Roda: \u00abSerolog\u00eda\u00bb<\/h3>\n<p><iframe loading=\"lazy\" title=\"YouTube video player\" src=\"https:\/\/www.youtube.com\/embed\/m48hz02E8FA\" width=\"560\" height=\"315\" frameborder=\"0\" allowfullscreen=\"allowfullscreen\"><\/iframe><\/p>\n<p>&nbsp;<\/p>\n<h3 class=\"title style-scope ytd-video-primary-info-renderer\">Wachi Molina: \u00abVXII\u00bb \/ \u00abPoema sojero\u00bb<\/h3>\n<p><iframe loading=\"lazy\" title=\"YouTube video player\" src=\"https:\/\/www.youtube.com\/embed\/-Xnq2YsUfkc\" width=\"560\" height=\"315\" frameborder=\"0\" allowfullscreen=\"allowfullscreen\"><\/iframe><\/p>\n<p>&nbsp;<\/p>\n<h3 class=\"title style-scope ytd-video-primary-info-renderer\">Caro Musa: \u00abAdvocaci\u00f3n a la libertad\u00bb<\/h3>\n<p><iframe loading=\"lazy\" title=\"YouTube video player\" src=\"https:\/\/www.youtube.com\/embed\/alt9bl-9kpI\" width=\"560\" height=\"315\" frameborder=\"0\" allowfullscreen=\"allowfullscreen\"><\/iframe><\/p>\n<p>&nbsp;<\/p>\n<h3 class=\"title style-scope ytd-video-primary-info-renderer\">Moli Luna: <em>Repito en voz alta tu nombre<\/em> \/ \u00abNosotras<em>\u00ab<\/em><\/h3>\n<p><iframe loading=\"lazy\" title=\"YouTube video player\" src=\"https:\/\/www.youtube.com\/embed\/VQlI8iEa7t0\" width=\"560\" height=\"315\" frameborder=\"0\" allowfullscreen=\"allowfullscreen\"><\/iframe><\/p>\n<p>&nbsp;<\/p>\n<h3 class=\"title style-scope ytd-video-primary-info-renderer\">Paola Santi Kremer: \u00abEu,mulher, branca, extrangeira, 28 anos\u00bb<\/h3>\n<p><iframe loading=\"lazy\" title=\"YouTube video player\" src=\"https:\/\/www.youtube.com\/embed\/CXdO36Jh2RE\" width=\"560\" height=\"315\" frameborder=\"0\" allowfullscreen=\"allowfullscreen\"><\/iframe><\/p>\n<p>&nbsp;<\/p>\n<h3 class=\"title style-scope ytd-video-primary-info-renderer\">Morena Garc\u00eda: \u00abYo soy\u00bb<\/h3>\n<p><iframe loading=\"lazy\" width=\"560\" height=\"315\" src=\"https:\/\/www.youtube.com\/embed\/7Ja9zllp0_g\" title=\"YouTube video player\" frameborder=\"0\" allow=\"accelerometer; autoplay; clipboard-write; encrypted-media; gyroscope; picture-in-picture\" allowfullscreen><\/iframe>&nbsp;<\/p>\n<p>&nbsp;<\/p>\n","protected":false},"excerpt":{"rendered":"<p>Poetas de la ciudad leen textos que reflexionan sobre la igualdad de g\u00e9nero, la violencia hacia las mujeres, y la reivindicaci\u00f3n de derechos.<\/p>\n","protected":false},"author":2,"featured_media":1624,"comment_status":"closed","ping_status":"closed","template":"","tags":[],"mec_category":[43,20],"yoast_head":"<!-- This site is optimized with the Yoast SEO plugin v23.5 - https:\/\/yoast.com\/wordpress\/plugins\/seo\/ -->\n<title>Poes\u00eda para acompa\u00f1arnos en aislamiento - Centro Cultural Parque de Espa\u00f1a\/AECID<\/title>\n<meta name=\"robots\" content=\"index, follow, max-snippet:-1, max-image-preview:large, max-video-preview:-1\" \/>\n<link rel=\"canonical\" href=\"https:\/\/ccpe.org.ar\/web\/actividades\/poesia-para-acompanarnos-en-aislamiento-2\/\" \/>\n<meta property=\"og:locale\" content=\"es_ES\" \/>\n<meta property=\"og:type\" content=\"article\" \/>\n<meta property=\"og:title\" content=\"Poes\u00eda para acompa\u00f1arnos en aislamiento - Centro Cultural Parque de Espa\u00f1a\/AECID\" \/>\n<meta property=\"og:description\" content=\"Poetas de la ciudad leen textos que reflexionan sobre la igualdad de g\u00e9nero, la violencia hacia las mujeres, y la reivindicaci\u00f3n de derechos.\" \/>\n<meta property=\"og:url\" content=\"https:\/\/ccpe.org.ar\/web\/actividades\/poesia-para-acompanarnos-en-aislamiento-2\/\" \/>\n<meta property=\"og:site_name\" content=\"Centro Cultural Parque de Espa\u00f1a\/AECID\" \/>\n<meta property=\"article:publisher\" content=\"https:\/\/www.facebook.com\/CCPErosario\/\" \/>\n<meta property=\"article:modified_time\" content=\"2021-03-26T13:25:08+00:00\" \/>\n<meta property=\"og:image\" content=\"https:\/\/ccpe.org.ar\/web\/wp-content\/uploads\/2020\/04\/b_poesia2.jpg\" \/>\n\t<meta property=\"og:image:width\" content=\"1080\" \/>\n\t<meta property=\"og:image:height\" content=\"600\" \/>\n\t<meta property=\"og:image:type\" content=\"image\/jpeg\" \/>\n<meta name=\"twitter:card\" content=\"summary_large_image\" \/>\n<meta name=\"twitter:site\" content=\"@ccpe\" \/>\n<meta name=\"twitter:label1\" content=\"Tiempo de lectura\" \/>\n\t<meta name=\"twitter:data1\" content=\"1 minuto\" \/>\n<script type=\"application\/ld+json\" class=\"yoast-schema-graph\">{\"@context\":\"https:\/\/schema.org\",\"@graph\":[{\"@type\":\"WebPage\",\"@id\":\"https:\/\/ccpe.org.ar\/web\/actividades\/poesia-para-acompanarnos-en-aislamiento-2\/\",\"url\":\"https:\/\/ccpe.org.ar\/web\/actividades\/poesia-para-acompanarnos-en-aislamiento-2\/\",\"name\":\"Poes\u00eda para acompa\u00f1arnos en aislamiento - Centro Cultural Parque de Espa\u00f1a\/AECID\",\"isPartOf\":{\"@id\":\"https:\/\/ccpe.org.ar\/web\/#website\"},\"primaryImageOfPage\":{\"@id\":\"https:\/\/ccpe.org.ar\/web\/actividades\/poesia-para-acompanarnos-en-aislamiento-2\/#primaryimage\"},\"image\":{\"@id\":\"https:\/\/ccpe.org.ar\/web\/actividades\/poesia-para-acompanarnos-en-aislamiento-2\/#primaryimage\"},\"thumbnailUrl\":\"https:\/\/ccpe.org.ar\/web\/wp-content\/uploads\/2020\/04\/b_poesia2.jpg\",\"datePublished\":\"2020-04-24T12:07:48+00:00\",\"dateModified\":\"2021-03-26T13:25:08+00:00\",\"breadcrumb\":{\"@id\":\"https:\/\/ccpe.org.ar\/web\/actividades\/poesia-para-acompanarnos-en-aislamiento-2\/#breadcrumb\"},\"inLanguage\":\"es\",\"potentialAction\":[{\"@type\":\"ReadAction\",\"target\":[\"https:\/\/ccpe.org.ar\/web\/actividades\/poesia-para-acompanarnos-en-aislamiento-2\/\"]}]},{\"@type\":\"ImageObject\",\"inLanguage\":\"es\",\"@id\":\"https:\/\/ccpe.org.ar\/web\/actividades\/poesia-para-acompanarnos-en-aislamiento-2\/#primaryimage\",\"url\":\"https:\/\/ccpe.org.ar\/web\/wp-content\/uploads\/2020\/04\/b_poesia2.jpg\",\"contentUrl\":\"https:\/\/ccpe.org.ar\/web\/wp-content\/uploads\/2020\/04\/b_poesia2.jpg\",\"width\":1080,\"height\":600},{\"@type\":\"BreadcrumbList\",\"@id\":\"https:\/\/ccpe.org.ar\/web\/actividades\/poesia-para-acompanarnos-en-aislamiento-2\/#breadcrumb\",\"itemListElement\":[{\"@type\":\"ListItem\",\"position\":1,\"name\":\"Portada\",\"item\":\"https:\/\/ccpe.org.ar\/web\/\"},{\"@type\":\"ListItem\",\"position\":2,\"name\":\"Poes\u00eda para acompa\u00f1arnos en aislamiento\"}]},{\"@type\":\"WebSite\",\"@id\":\"https:\/\/ccpe.org.ar\/web\/#website\",\"url\":\"https:\/\/ccpe.org.ar\/web\/\",\"name\":\"Centro Cultural Parque de Espa\u00f1a\/AECID\",\"description\":\"Sitio web del Centro Cultural Parque de Espa\u00f1a\/AECID\",\"potentialAction\":[{\"@type\":\"SearchAction\",\"target\":{\"@type\":\"EntryPoint\",\"urlTemplate\":\"https:\/\/ccpe.org.ar\/web\/?s={search_term_string}\"},\"query-input\":{\"@type\":\"PropertyValueSpecification\",\"valueRequired\":true,\"valueName\":\"search_term_string\"}}],\"inLanguage\":\"es\"}]}<\/script>\n<!-- \/ Yoast SEO plugin. -->","yoast_head_json":{"title":"Poes\u00eda para acompa\u00f1arnos en aislamiento - Centro Cultural Parque de Espa\u00f1a\/AECID","robots":{"index":"index","follow":"follow","max-snippet":"max-snippet:-1","max-image-preview":"max-image-preview:large","max-video-preview":"max-video-preview:-1"},"canonical":"https:\/\/ccpe.org.ar\/web\/actividades\/poesia-para-acompanarnos-en-aislamiento-2\/","og_locale":"es_ES","og_type":"article","og_title":"Poes\u00eda para acompa\u00f1arnos en aislamiento - Centro Cultural Parque de Espa\u00f1a\/AECID","og_description":"Poetas de la ciudad leen textos que reflexionan sobre la igualdad de g\u00e9nero, la violencia hacia las mujeres, y la reivindicaci\u00f3n de derechos.","og_url":"https:\/\/ccpe.org.ar\/web\/actividades\/poesia-para-acompanarnos-en-aislamiento-2\/","og_site_name":"Centro Cultural Parque de Espa\u00f1a\/AECID","article_publisher":"https:\/\/www.facebook.com\/CCPErosario\/","article_modified_time":"2021-03-26T13:25:08+00:00","og_image":[{"width":1080,"height":600,"url":"https:\/\/ccpe.org.ar\/web\/wp-content\/uploads\/2020\/04\/b_poesia2.jpg","type":"image\/jpeg"}],"twitter_card":"summary_large_image","twitter_site":"@ccpe","twitter_misc":{"Tiempo de lectura":"1 minuto"},"schema":{"@context":"https:\/\/schema.org","@graph":[{"@type":"WebPage","@id":"https:\/\/ccpe.org.ar\/web\/actividades\/poesia-para-acompanarnos-en-aislamiento-2\/","url":"https:\/\/ccpe.org.ar\/web\/actividades\/poesia-para-acompanarnos-en-aislamiento-2\/","name":"Poes\u00eda para acompa\u00f1arnos en aislamiento - Centro Cultural Parque de Espa\u00f1a\/AECID","isPartOf":{"@id":"https:\/\/ccpe.org.ar\/web\/#website"},"primaryImageOfPage":{"@id":"https:\/\/ccpe.org.ar\/web\/actividades\/poesia-para-acompanarnos-en-aislamiento-2\/#primaryimage"},"image":{"@id":"https:\/\/ccpe.org.ar\/web\/actividades\/poesia-para-acompanarnos-en-aislamiento-2\/#primaryimage"},"thumbnailUrl":"https:\/\/ccpe.org.ar\/web\/wp-content\/uploads\/2020\/04\/b_poesia2.jpg","datePublished":"2020-04-24T12:07:48+00:00","dateModified":"2021-03-26T13:25:08+00:00","breadcrumb":{"@id":"https:\/\/ccpe.org.ar\/web\/actividades\/poesia-para-acompanarnos-en-aislamiento-2\/#breadcrumb"},"inLanguage":"es","potentialAction":[{"@type":"ReadAction","target":["https:\/\/ccpe.org.ar\/web\/actividades\/poesia-para-acompanarnos-en-aislamiento-2\/"]}]},{"@type":"ImageObject","inLanguage":"es","@id":"https:\/\/ccpe.org.ar\/web\/actividades\/poesia-para-acompanarnos-en-aislamiento-2\/#primaryimage","url":"https:\/\/ccpe.org.ar\/web\/wp-content\/uploads\/2020\/04\/b_poesia2.jpg","contentUrl":"https:\/\/ccpe.org.ar\/web\/wp-content\/uploads\/2020\/04\/b_poesia2.jpg","width":1080,"height":600},{"@type":"BreadcrumbList","@id":"https:\/\/ccpe.org.ar\/web\/actividades\/poesia-para-acompanarnos-en-aislamiento-2\/#breadcrumb","itemListElement":[{"@type":"ListItem","position":1,"name":"Portada","item":"https:\/\/ccpe.org.ar\/web\/"},{"@type":"ListItem","position":2,"name":"Poes\u00eda para acompa\u00f1arnos en aislamiento"}]},{"@type":"WebSite","@id":"https:\/\/ccpe.org.ar\/web\/#website","url":"https:\/\/ccpe.org.ar\/web\/","name":"Centro Cultural Parque de Espa\u00f1a\/AECID","description":"Sitio web del Centro Cultural Parque de Espa\u00f1a\/AECID","potentialAction":[{"@type":"SearchAction","target":{"@type":"EntryPoint","urlTemplate":"https:\/\/ccpe.org.ar\/web\/?s={search_term_string}"},"query-input":{"@type":"PropertyValueSpecification","valueRequired":true,"valueName":"search_term_string"}}],"inLanguage":"es"}]}},"_links":{"self":[{"href":"https:\/\/ccpe.org.ar\/web\/wp-json\/wp\/v2\/mec-events\/1623"}],"collection":[{"href":"https:\/\/ccpe.org.ar\/web\/wp-json\/wp\/v2\/mec-events"}],"about":[{"href":"https:\/\/ccpe.org.ar\/web\/wp-json\/wp\/v2\/types\/mec-events"}],"author":[{"embeddable":true,"href":"https:\/\/ccpe.org.ar\/web\/wp-json\/wp\/v2\/users\/2"}],"replies":[{"embeddable":true,"href":"https:\/\/ccpe.org.ar\/web\/wp-json\/wp\/v2\/comments?post=1623"}],"wp:featuredmedia":[{"embeddable":true,"href":"https:\/\/ccpe.org.ar\/web\/wp-json\/wp\/v2\/media\/1624"}],"wp:attachment":[{"href":"https:\/\/ccpe.org.ar\/web\/wp-json\/wp\/v2\/media?parent=1623"}],"wp:term":[{"taxonomy":"post_tag","embeddable":true,"href":"https:\/\/ccpe.org.ar\/web\/wp-json\/wp\/v2\/tags?post=1623"},{"taxonomy":"mec_category","embeddable":true,"href":"https:\/\/ccpe.org.ar\/web\/wp-json\/wp\/v2\/mec_category?post=1623"}],"curies":[{"name":"wp","href":"https:\/\/api.w.org\/{rel}","templated":true}]}}