{"id":1784,"date":"2020-06-22T14:14:56","date_gmt":"2020-06-22T17:14:56","guid":{"rendered":"https:\/\/ccpe.org.ar\/web\/?post_type=mec-events&#038;p=1784"},"modified":"2020-06-24T10:53:37","modified_gmt":"2020-06-24T13:53:37","slug":"agrotoxicos-una-problematica-socioambiental","status":"publish","type":"mec-events","link":"https:\/\/ccpe.org.ar\/web\/actividades\/agrotoxicos-una-problematica-socioambiental\/","title":{"rendered":"Agrot\u00f3xicos: una problem\u00e1tica socioambiental"},"content":{"rendered":"<p><span style=\"font-weight: 400;\">Entrevista con Gabriel Grieco, director de la pel\u00edcula <\/span><i><span style=\"font-weight: 400;\">Respira<\/span><\/i><span style=\"font-weight: 400;\">.Transmisi\u00f3n desde Facebook Live del Museo Provincial de Ciencias Naturales \u201cDr. \u00c1ngel Gallardo\u201d<\/span><\/p>\n<p><span style=\"font-weight: 400;\">El d\u00eda 26 de junio a las 19 h, transmisi\u00f3n ser\u00e1 por ac\u00e1: <\/span><a href=\"https:\/\/www.facebook.com\/MuseoGallardo\/\"><span style=\"font-weight: 400;\">https:\/\/www.facebook.com\/MuseoGallardo\/<\/span><\/a><span style=\"font-weight: 400;\">\u00a0<\/span><\/p>\n<p><span style=\"font-weight: 400;\">Invitamos a mirar la pel\u00edcula que habilitada hasta al 29 de junio de 2020 en: <\/span><span style=\"font-weight: 400;\">https:\/\/vimeo.com\/342120806 &#8211; <\/span><span style=\"font-weight: 400;\">contrase\u00f1a: crep567<\/span><\/p>\n<p>&nbsp;<\/p>\n<p><strong>Sinopsis de la pel\u00edcula <i>Respira<\/i><\/strong><\/p>\n<p><span style=\"font-weight: 400;\">Leonardo consigue un empleo como piloto fumigador y se muda a una regi\u00f3n rural junto a su familia. Mientras trabaja, descubre un secreto que jam\u00e1s deber\u00eda haber averiguado y, a partir de ese instante, su vida y las de sus familiares est\u00e1n en peligro.<\/span><\/p>\n<p><span style=\"font-weight: 400;\">Reparto: Luz Cipriota, Sof\u00eda Gala, Leticia Br\u00e9dice, Nicol\u00e1s Pauls, Gerardo Romano, Lautaro Delgado, Joaqu\u00edn Rapalini Olivella, Paula Brasca, Daniel Valenzuela, Walter Jakob, Ezequiel De Almeida<\/span><\/p>\n<p><span style=\"font-weight: 400;\">Director: Gabriel Grieco<\/span><\/p>\n<p><span style=\"font-weight: 400;\">Director art\u00edstico: Juan Zavalla<\/span><\/p>\n<p><span style=\"font-weight: 400;\">Gui\u00f3n: Gabriel Grieco<\/span><\/p>\n<p><span style=\"font-weight: 400;\">Editor: Gabriel Grieco<\/span><\/p>\n<p>&nbsp;<\/p>\n<p><b>Organizan:<\/b><\/p>\n<p>Centro Cultural Parque de Espa\u00f1a \/ AMTRAM \/ Museo Provincial de Ciencias Naturales \u00abDr. \u00c1ngel Gallardo\u00bb \/ Propuesta Sur \/ Paren de Fumigarnos \/ Biblioteca P\u00fablica Municipal Jos\u00e9 Manuel Estrada<br \/>\n\/ Taller de Comunicaci\u00f3n Ambiental (Rosario<\/p>\n<p><span style=\"font-weight: 400;\">Actividad gratuita<\/span><\/p>\n<p>&nbsp;<\/p>\n","protected":false},"excerpt":{"rendered":"<p>Entrevista con Gabriel Grieco, director de la pel\u00edcula Respira. Transmisi\u00f3n desde Facebook Live del Museo Provincial de Ciencias Naturales Dr. \u00c1ngel Gallardo.<\/p>\n","protected":false},"author":2,"featured_media":1785,"comment_status":"closed","ping_status":"closed","template":"","tags":[],"mec_category":[43],"yoast_head":"<!-- This site is optimized with the Yoast SEO plugin v23.5 - https:\/\/yoast.com\/wordpress\/plugins\/seo\/ -->\n<title>Agrot\u00f3xicos: una problem\u00e1tica socioambiental - Centro Cultural Parque de Espa\u00f1a\/AECID<\/title>\n<meta name=\"robots\" content=\"index, follow, max-snippet:-1, max-image-preview:large, max-video-preview:-1\" \/>\n<link rel=\"canonical\" href=\"https:\/\/ccpe.org.ar\/web\/actividades\/agrotoxicos-una-problematica-socioambiental\/\" \/>\n<meta property=\"og:locale\" content=\"es_ES\" \/>\n<meta property=\"og:type\" content=\"article\" \/>\n<meta property=\"og:title\" content=\"Agrot\u00f3xicos: una problem\u00e1tica socioambiental - Centro Cultural Parque de Espa\u00f1a\/AECID\" \/>\n<meta property=\"og:description\" content=\"Entrevista con Gabriel Grieco, director de la pel\u00edcula Respira. Transmisi\u00f3n desde Facebook Live del Museo Provincial de Ciencias Naturales Dr. \u00c1ngel Gallardo.\" \/>\n<meta property=\"og:url\" content=\"https:\/\/ccpe.org.ar\/web\/actividades\/agrotoxicos-una-problematica-socioambiental\/\" \/>\n<meta property=\"og:site_name\" content=\"Centro Cultural Parque de Espa\u00f1a\/AECID\" \/>\n<meta property=\"article:publisher\" content=\"https:\/\/www.facebook.com\/CCPErosario\/\" \/>\n<meta property=\"article:modified_time\" content=\"2020-06-24T13:53:37+00:00\" \/>\n<meta property=\"og:image\" content=\"https:\/\/ccpe.org.ar\/web\/wp-content\/uploads\/2020\/06\/b_respira.jpg\" \/>\n\t<meta property=\"og:image:width\" content=\"1080\" \/>\n\t<meta property=\"og:image:height\" content=\"616\" \/>\n\t<meta property=\"og:image:type\" content=\"image\/jpeg\" \/>\n<meta name=\"twitter:card\" content=\"summary_large_image\" \/>\n<meta name=\"twitter:site\" content=\"@ccpe\" \/>\n<meta name=\"twitter:label1\" content=\"Tiempo de lectura\" \/>\n\t<meta name=\"twitter:data1\" content=\"1 minuto\" \/>\n<script type=\"application\/ld+json\" class=\"yoast-schema-graph\">{\"@context\":\"https:\/\/schema.org\",\"@graph\":[{\"@type\":\"WebPage\",\"@id\":\"https:\/\/ccpe.org.ar\/web\/actividades\/agrotoxicos-una-problematica-socioambiental\/\",\"url\":\"https:\/\/ccpe.org.ar\/web\/actividades\/agrotoxicos-una-problematica-socioambiental\/\",\"name\":\"Agrot\u00f3xicos: una problem\u00e1tica socioambiental - Centro Cultural Parque de Espa\u00f1a\/AECID\",\"isPartOf\":{\"@id\":\"https:\/\/ccpe.org.ar\/web\/#website\"},\"primaryImageOfPage\":{\"@id\":\"https:\/\/ccpe.org.ar\/web\/actividades\/agrotoxicos-una-problematica-socioambiental\/#primaryimage\"},\"image\":{\"@id\":\"https:\/\/ccpe.org.ar\/web\/actividades\/agrotoxicos-una-problematica-socioambiental\/#primaryimage\"},\"thumbnailUrl\":\"https:\/\/ccpe.org.ar\/web\/wp-content\/uploads\/2020\/06\/b_respira.jpg\",\"datePublished\":\"2020-06-22T17:14:56+00:00\",\"dateModified\":\"2020-06-24T13:53:37+00:00\",\"breadcrumb\":{\"@id\":\"https:\/\/ccpe.org.ar\/web\/actividades\/agrotoxicos-una-problematica-socioambiental\/#breadcrumb\"},\"inLanguage\":\"es\",\"potentialAction\":[{\"@type\":\"ReadAction\",\"target\":[\"https:\/\/ccpe.org.ar\/web\/actividades\/agrotoxicos-una-problematica-socioambiental\/\"]}]},{\"@type\":\"ImageObject\",\"inLanguage\":\"es\",\"@id\":\"https:\/\/ccpe.org.ar\/web\/actividades\/agrotoxicos-una-problematica-socioambiental\/#primaryimage\",\"url\":\"https:\/\/ccpe.org.ar\/web\/wp-content\/uploads\/2020\/06\/b_respira.jpg\",\"contentUrl\":\"https:\/\/ccpe.org.ar\/web\/wp-content\/uploads\/2020\/06\/b_respira.jpg\",\"width\":1080,\"height\":616},{\"@type\":\"BreadcrumbList\",\"@id\":\"https:\/\/ccpe.org.ar\/web\/actividades\/agrotoxicos-una-problematica-socioambiental\/#breadcrumb\",\"itemListElement\":[{\"@type\":\"ListItem\",\"position\":1,\"name\":\"Portada\",\"item\":\"https:\/\/ccpe.org.ar\/web\/\"},{\"@type\":\"ListItem\",\"position\":2,\"name\":\"Agrot\u00f3xicos: una problem\u00e1tica socioambiental\"}]},{\"@type\":\"WebSite\",\"@id\":\"https:\/\/ccpe.org.ar\/web\/#website\",\"url\":\"https:\/\/ccpe.org.ar\/web\/\",\"name\":\"Centro Cultural Parque de Espa\u00f1a\/AECID\",\"description\":\"Sitio web del Centro Cultural Parque de Espa\u00f1a\/AECID\",\"potentialAction\":[{\"@type\":\"SearchAction\",\"target\":{\"@type\":\"EntryPoint\",\"urlTemplate\":\"https:\/\/ccpe.org.ar\/web\/?s={search_term_string}\"},\"query-input\":{\"@type\":\"PropertyValueSpecification\",\"valueRequired\":true,\"valueName\":\"search_term_string\"}}],\"inLanguage\":\"es\"}]}<\/script>\n<!-- \/ Yoast SEO plugin. -->","yoast_head_json":{"title":"Agrot\u00f3xicos: una problem\u00e1tica socioambiental - Centro Cultural Parque de Espa\u00f1a\/AECID","robots":{"index":"index","follow":"follow","max-snippet":"max-snippet:-1","max-image-preview":"max-image-preview:large","max-video-preview":"max-video-preview:-1"},"canonical":"https:\/\/ccpe.org.ar\/web\/actividades\/agrotoxicos-una-problematica-socioambiental\/","og_locale":"es_ES","og_type":"article","og_title":"Agrot\u00f3xicos: una problem\u00e1tica socioambiental - Centro Cultural Parque de Espa\u00f1a\/AECID","og_description":"Entrevista con Gabriel Grieco, director de la pel\u00edcula Respira. Transmisi\u00f3n desde Facebook Live del Museo Provincial de Ciencias Naturales Dr. \u00c1ngel Gallardo.","og_url":"https:\/\/ccpe.org.ar\/web\/actividades\/agrotoxicos-una-problematica-socioambiental\/","og_site_name":"Centro Cultural Parque de Espa\u00f1a\/AECID","article_publisher":"https:\/\/www.facebook.com\/CCPErosario\/","article_modified_time":"2020-06-24T13:53:37+00:00","og_image":[{"width":1080,"height":616,"url":"https:\/\/ccpe.org.ar\/web\/wp-content\/uploads\/2020\/06\/b_respira.jpg","type":"image\/jpeg"}],"twitter_card":"summary_large_image","twitter_site":"@ccpe","twitter_misc":{"Tiempo de lectura":"1 minuto"},"schema":{"@context":"https:\/\/schema.org","@graph":[{"@type":"WebPage","@id":"https:\/\/ccpe.org.ar\/web\/actividades\/agrotoxicos-una-problematica-socioambiental\/","url":"https:\/\/ccpe.org.ar\/web\/actividades\/agrotoxicos-una-problematica-socioambiental\/","name":"Agrot\u00f3xicos: una problem\u00e1tica socioambiental - Centro Cultural Parque de Espa\u00f1a\/AECID","isPartOf":{"@id":"https:\/\/ccpe.org.ar\/web\/#website"},"primaryImageOfPage":{"@id":"https:\/\/ccpe.org.ar\/web\/actividades\/agrotoxicos-una-problematica-socioambiental\/#primaryimage"},"image":{"@id":"https:\/\/ccpe.org.ar\/web\/actividades\/agrotoxicos-una-problematica-socioambiental\/#primaryimage"},"thumbnailUrl":"https:\/\/ccpe.org.ar\/web\/wp-content\/uploads\/2020\/06\/b_respira.jpg","datePublished":"2020-06-22T17:14:56+00:00","dateModified":"2020-06-24T13:53:37+00:00","breadcrumb":{"@id":"https:\/\/ccpe.org.ar\/web\/actividades\/agrotoxicos-una-problematica-socioambiental\/#breadcrumb"},"inLanguage":"es","potentialAction":[{"@type":"ReadAction","target":["https:\/\/ccpe.org.ar\/web\/actividades\/agrotoxicos-una-problematica-socioambiental\/"]}]},{"@type":"ImageObject","inLanguage":"es","@id":"https:\/\/ccpe.org.ar\/web\/actividades\/agrotoxicos-una-problematica-socioambiental\/#primaryimage","url":"https:\/\/ccpe.org.ar\/web\/wp-content\/uploads\/2020\/06\/b_respira.jpg","contentUrl":"https:\/\/ccpe.org.ar\/web\/wp-content\/uploads\/2020\/06\/b_respira.jpg","width":1080,"height":616},{"@type":"BreadcrumbList","@id":"https:\/\/ccpe.org.ar\/web\/actividades\/agrotoxicos-una-problematica-socioambiental\/#breadcrumb","itemListElement":[{"@type":"ListItem","position":1,"name":"Portada","item":"https:\/\/ccpe.org.ar\/web\/"},{"@type":"ListItem","position":2,"name":"Agrot\u00f3xicos: una problem\u00e1tica socioambiental"}]},{"@type":"WebSite","@id":"https:\/\/ccpe.org.ar\/web\/#website","url":"https:\/\/ccpe.org.ar\/web\/","name":"Centro Cultural Parque de Espa\u00f1a\/AECID","description":"Sitio web del Centro Cultural Parque de Espa\u00f1a\/AECID","potentialAction":[{"@type":"SearchAction","target":{"@type":"EntryPoint","urlTemplate":"https:\/\/ccpe.org.ar\/web\/?s={search_term_string}"},"query-input":{"@type":"PropertyValueSpecification","valueRequired":true,"valueName":"search_term_string"}}],"inLanguage":"es"}]}},"_links":{"self":[{"href":"https:\/\/ccpe.org.ar\/web\/wp-json\/wp\/v2\/mec-events\/1784"}],"collection":[{"href":"https:\/\/ccpe.org.ar\/web\/wp-json\/wp\/v2\/mec-events"}],"about":[{"href":"https:\/\/ccpe.org.ar\/web\/wp-json\/wp\/v2\/types\/mec-events"}],"author":[{"embeddable":true,"href":"https:\/\/ccpe.org.ar\/web\/wp-json\/wp\/v2\/users\/2"}],"replies":[{"embeddable":true,"href":"https:\/\/ccpe.org.ar\/web\/wp-json\/wp\/v2\/comments?post=1784"}],"wp:featuredmedia":[{"embeddable":true,"href":"https:\/\/ccpe.org.ar\/web\/wp-json\/wp\/v2\/media\/1785"}],"wp:attachment":[{"href":"https:\/\/ccpe.org.ar\/web\/wp-json\/wp\/v2\/media?parent=1784"}],"wp:term":[{"taxonomy":"post_tag","embeddable":true,"href":"https:\/\/ccpe.org.ar\/web\/wp-json\/wp\/v2\/tags?post=1784"},{"taxonomy":"mec_category","embeddable":true,"href":"https:\/\/ccpe.org.ar\/web\/wp-json\/wp\/v2\/mec_category?post=1784"}],"curies":[{"name":"wp","href":"https:\/\/api.w.org\/{rel}","templated":true}]}}