{"id":1875,"date":"2020-07-30T15:37:36","date_gmt":"2020-07-30T18:37:36","guid":{"rendered":"https:\/\/ccpe.org.ar\/web\/?post_type=mec-events&#038;p=1875"},"modified":"2020-07-31T08:48:09","modified_gmt":"2020-07-31T11:48:09","slug":"viaje-fotografico-a-los-pueblos-fumigados","status":"publish","type":"mec-events","link":"https:\/\/ccpe.org.ar\/web\/actividades\/viaje-fotografico-a-los-pueblos-fumigados\/","title":{"rendered":"Viaje fotogr\u00e1fico a los pueblos fumigados"},"content":{"rendered":"<p><span style=\"font-weight: 400;\">A trav\u00e9s de Facebook live <a href=\"https:\/\/www.facebook.com\/MuseoGallardo\/\">@MuseoGallardo<\/a> compartiremos una charla con Diego Fidalgo, director de la pel\u00edcula <\/span><i><span style=\"font-weight: 400;\">Fotos\u00edntesis<\/span><\/i><span style=\"font-weight: 400;\">, y M\u00f3nica Fessel, Cristian Andrade y Berenice Galdiz-Carlstein integrantes del grupo \u00c1rea.\u00a0<\/span><\/p>\n<p><span style=\"font-weight: 400;\">AREA es una asociaci\u00f3n de realizadores audiovisuales residentes en Rosario y alrededores, que trabajan y piensan colectivamente el campo de la expresi\u00f3n experimental.<\/span><\/p>\n<p><span style=\"font-weight: 400;\">Organiza <strong>Ojo Verde: Cine Socioambiental<\/strong><\/span><\/p>\n<p><span style=\"font-weight: 400;\">Colectiva sin fines de lucro, integrada por un conjunto de organizaciones gubernamentales, de la sociedad civil y personas independientes que a trav\u00e9s de producciones audiovisuales tiene como objetivo generar un espacio de encuentros para la reflexi\u00f3n y discusi\u00f3n sobre problem\u00e1ticas socioambientales y de derechos humanos para fomentar el esp\u00edritu cr\u00edtico, el intercambio de saberes y difundir investigaciones cient\u00edficas y saberes populares que permitan producir y pensar otras maneras de habitar nuestros territorios.<\/span><\/p>\n<p><span style=\"font-weight: 400;\">Integran Ojo Verde: Centro Cultural Parque de Espa\u00f1a \/ AMTRAM \/ Museo Provincial de Ciencias Naturales \u201cDr. \u00c1ngel Gallardo\u201d \/ Propuesta Sur \/ Paren de Fumigarnos \/\u00a0 Biblioteca P\u00fablica Municipal Jos\u00e9 Manuel Estrada\/ Taller de Comunicaci\u00f3n Ambiental<\/span><\/p>\n<p>&nbsp;<\/p>\n<p><b>Fotos\u00edntesis<\/b><\/p>\n<p><iframe loading=\"lazy\" src=\"https:\/\/player.vimeo.com\/video\/329079535\" width=\"640\" height=\"360\" frameborder=\"0\" allowfullscreen=\"allowfullscreen\"><\/iframe><\/p>\n<p><i><span style=\"font-weight: 400;\">Fotos\u00edntesis<\/span><\/i><span style=\"font-weight: 400;\"> es un documental de observaci\u00f3n. Un viaje fotogr\u00e1fico por los pueblos fumigados. Seguir al fot\u00f3grafo en su tarea, en su misi\u00f3n de registro, capturar el momento, el instante decidido, aquel que fija en una imagen una historia, una par\u00e1bola, una tragedia.\u00a0<\/span><\/p>\n<p>Realizaci\u00f3n y producci\u00f3n: Diego Fidalgo<br \/>\nC\u00e1mara: Diego Fidalgo<br \/>\nSonido: Adolfo Corts y Maximiliano Quintero<br \/>\nEdici\u00f3n: Marina Sain y Diego Fidalgo<br \/>\nOperador Drone: Nicol\u00e1s Figge y Diego Fidalgo<br \/>\nCorrecci\u00f3n de color: Marina Sain<br \/>\nPostproducci\u00f3n de sonido: Fernando Romero<br \/>\nM\u00fasica: Jorge Capriotti y Cromattista<br \/>\nCon la participaci\u00f3n de: Mat\u00edas Sarlo<\/p>\n","protected":false},"excerpt":{"rendered":"<p>Diego Fidalgo, director de la pel\u00edcula Fotos\u00edntesis, y M\u00f3nica Fessel, Cristian Andrade y Berenice Galdiz-Carlstein integrantes del grupo \u00c1rea. A trav\u00e9s de Facebook live @MuseoGallardo.<\/p>\n","protected":false},"author":2,"featured_media":1876,"comment_status":"closed","ping_status":"closed","template":"","tags":[],"mec_category":[43,20,19],"yoast_head":"<!-- This site is optimized with the Yoast SEO plugin v23.5 - https:\/\/yoast.com\/wordpress\/plugins\/seo\/ -->\n<title>Viaje fotogr\u00e1fico a los pueblos fumigados - Centro Cultural Parque de Espa\u00f1a\/AECID<\/title>\n<meta name=\"robots\" content=\"index, follow, max-snippet:-1, max-image-preview:large, max-video-preview:-1\" \/>\n<link rel=\"canonical\" href=\"https:\/\/ccpe.org.ar\/web\/actividades\/viaje-fotografico-a-los-pueblos-fumigados\/\" \/>\n<meta property=\"og:locale\" content=\"es_ES\" \/>\n<meta property=\"og:type\" content=\"article\" \/>\n<meta property=\"og:title\" content=\"Viaje fotogr\u00e1fico a los pueblos fumigados - Centro Cultural Parque de Espa\u00f1a\/AECID\" \/>\n<meta property=\"og:description\" content=\"Diego Fidalgo, director de la pel\u00edcula Fotos\u00edntesis, y M\u00f3nica Fessel, Cristian Andrade y Berenice Galdiz-Carlstein integrantes del grupo \u00c1rea. A trav\u00e9s de Facebook live @MuseoGallardo.\" \/>\n<meta property=\"og:url\" content=\"https:\/\/ccpe.org.ar\/web\/actividades\/viaje-fotografico-a-los-pueblos-fumigados\/\" \/>\n<meta property=\"og:site_name\" content=\"Centro Cultural Parque de Espa\u00f1a\/AECID\" \/>\n<meta property=\"article:publisher\" content=\"https:\/\/www.facebook.com\/CCPErosario\/\" \/>\n<meta property=\"article:modified_time\" content=\"2020-07-31T11:48:09+00:00\" \/>\n<meta property=\"og:image\" content=\"https:\/\/ccpe.org.ar\/web\/wp-content\/uploads\/2020\/07\/b_ojo-verde.jpg\" \/>\n\t<meta property=\"og:image:width\" content=\"1080\" \/>\n\t<meta property=\"og:image:height\" content=\"600\" \/>\n\t<meta property=\"og:image:type\" content=\"image\/jpeg\" \/>\n<meta name=\"twitter:card\" content=\"summary_large_image\" \/>\n<meta name=\"twitter:site\" content=\"@ccpe\" \/>\n<meta name=\"twitter:label1\" content=\"Tiempo de lectura\" \/>\n\t<meta name=\"twitter:data1\" content=\"1 minuto\" \/>\n<script type=\"application\/ld+json\" class=\"yoast-schema-graph\">{\"@context\":\"https:\/\/schema.org\",\"@graph\":[{\"@type\":\"WebPage\",\"@id\":\"https:\/\/ccpe.org.ar\/web\/actividades\/viaje-fotografico-a-los-pueblos-fumigados\/\",\"url\":\"https:\/\/ccpe.org.ar\/web\/actividades\/viaje-fotografico-a-los-pueblos-fumigados\/\",\"name\":\"Viaje fotogr\u00e1fico a los pueblos fumigados - Centro Cultural Parque de Espa\u00f1a\/AECID\",\"isPartOf\":{\"@id\":\"https:\/\/ccpe.org.ar\/web\/#website\"},\"primaryImageOfPage\":{\"@id\":\"https:\/\/ccpe.org.ar\/web\/actividades\/viaje-fotografico-a-los-pueblos-fumigados\/#primaryimage\"},\"image\":{\"@id\":\"https:\/\/ccpe.org.ar\/web\/actividades\/viaje-fotografico-a-los-pueblos-fumigados\/#primaryimage\"},\"thumbnailUrl\":\"https:\/\/ccpe.org.ar\/web\/wp-content\/uploads\/2020\/07\/b_ojo-verde.jpg\",\"datePublished\":\"2020-07-30T18:37:36+00:00\",\"dateModified\":\"2020-07-31T11:48:09+00:00\",\"breadcrumb\":{\"@id\":\"https:\/\/ccpe.org.ar\/web\/actividades\/viaje-fotografico-a-los-pueblos-fumigados\/#breadcrumb\"},\"inLanguage\":\"es\",\"potentialAction\":[{\"@type\":\"ReadAction\",\"target\":[\"https:\/\/ccpe.org.ar\/web\/actividades\/viaje-fotografico-a-los-pueblos-fumigados\/\"]}]},{\"@type\":\"ImageObject\",\"inLanguage\":\"es\",\"@id\":\"https:\/\/ccpe.org.ar\/web\/actividades\/viaje-fotografico-a-los-pueblos-fumigados\/#primaryimage\",\"url\":\"https:\/\/ccpe.org.ar\/web\/wp-content\/uploads\/2020\/07\/b_ojo-verde.jpg\",\"contentUrl\":\"https:\/\/ccpe.org.ar\/web\/wp-content\/uploads\/2020\/07\/b_ojo-verde.jpg\",\"width\":1080,\"height\":600},{\"@type\":\"BreadcrumbList\",\"@id\":\"https:\/\/ccpe.org.ar\/web\/actividades\/viaje-fotografico-a-los-pueblos-fumigados\/#breadcrumb\",\"itemListElement\":[{\"@type\":\"ListItem\",\"position\":1,\"name\":\"Portada\",\"item\":\"https:\/\/ccpe.org.ar\/web\/\"},{\"@type\":\"ListItem\",\"position\":2,\"name\":\"Viaje fotogr\u00e1fico a los pueblos fumigados\"}]},{\"@type\":\"WebSite\",\"@id\":\"https:\/\/ccpe.org.ar\/web\/#website\",\"url\":\"https:\/\/ccpe.org.ar\/web\/\",\"name\":\"Centro Cultural Parque de Espa\u00f1a\/AECID\",\"description\":\"Sitio web del Centro Cultural Parque de Espa\u00f1a\/AECID\",\"potentialAction\":[{\"@type\":\"SearchAction\",\"target\":{\"@type\":\"EntryPoint\",\"urlTemplate\":\"https:\/\/ccpe.org.ar\/web\/?s={search_term_string}\"},\"query-input\":{\"@type\":\"PropertyValueSpecification\",\"valueRequired\":true,\"valueName\":\"search_term_string\"}}],\"inLanguage\":\"es\"}]}<\/script>\n<!-- \/ Yoast SEO plugin. -->","yoast_head_json":{"title":"Viaje fotogr\u00e1fico a los pueblos fumigados - Centro Cultural Parque de Espa\u00f1a\/AECID","robots":{"index":"index","follow":"follow","max-snippet":"max-snippet:-1","max-image-preview":"max-image-preview:large","max-video-preview":"max-video-preview:-1"},"canonical":"https:\/\/ccpe.org.ar\/web\/actividades\/viaje-fotografico-a-los-pueblos-fumigados\/","og_locale":"es_ES","og_type":"article","og_title":"Viaje fotogr\u00e1fico a los pueblos fumigados - Centro Cultural Parque de Espa\u00f1a\/AECID","og_description":"Diego Fidalgo, director de la pel\u00edcula Fotos\u00edntesis, y M\u00f3nica Fessel, Cristian Andrade y Berenice Galdiz-Carlstein integrantes del grupo \u00c1rea. A trav\u00e9s de Facebook live @MuseoGallardo.","og_url":"https:\/\/ccpe.org.ar\/web\/actividades\/viaje-fotografico-a-los-pueblos-fumigados\/","og_site_name":"Centro Cultural Parque de Espa\u00f1a\/AECID","article_publisher":"https:\/\/www.facebook.com\/CCPErosario\/","article_modified_time":"2020-07-31T11:48:09+00:00","og_image":[{"width":1080,"height":600,"url":"https:\/\/ccpe.org.ar\/web\/wp-content\/uploads\/2020\/07\/b_ojo-verde.jpg","type":"image\/jpeg"}],"twitter_card":"summary_large_image","twitter_site":"@ccpe","twitter_misc":{"Tiempo de lectura":"1 minuto"},"schema":{"@context":"https:\/\/schema.org","@graph":[{"@type":"WebPage","@id":"https:\/\/ccpe.org.ar\/web\/actividades\/viaje-fotografico-a-los-pueblos-fumigados\/","url":"https:\/\/ccpe.org.ar\/web\/actividades\/viaje-fotografico-a-los-pueblos-fumigados\/","name":"Viaje fotogr\u00e1fico a los pueblos fumigados - Centro Cultural Parque de Espa\u00f1a\/AECID","isPartOf":{"@id":"https:\/\/ccpe.org.ar\/web\/#website"},"primaryImageOfPage":{"@id":"https:\/\/ccpe.org.ar\/web\/actividades\/viaje-fotografico-a-los-pueblos-fumigados\/#primaryimage"},"image":{"@id":"https:\/\/ccpe.org.ar\/web\/actividades\/viaje-fotografico-a-los-pueblos-fumigados\/#primaryimage"},"thumbnailUrl":"https:\/\/ccpe.org.ar\/web\/wp-content\/uploads\/2020\/07\/b_ojo-verde.jpg","datePublished":"2020-07-30T18:37:36+00:00","dateModified":"2020-07-31T11:48:09+00:00","breadcrumb":{"@id":"https:\/\/ccpe.org.ar\/web\/actividades\/viaje-fotografico-a-los-pueblos-fumigados\/#breadcrumb"},"inLanguage":"es","potentialAction":[{"@type":"ReadAction","target":["https:\/\/ccpe.org.ar\/web\/actividades\/viaje-fotografico-a-los-pueblos-fumigados\/"]}]},{"@type":"ImageObject","inLanguage":"es","@id":"https:\/\/ccpe.org.ar\/web\/actividades\/viaje-fotografico-a-los-pueblos-fumigados\/#primaryimage","url":"https:\/\/ccpe.org.ar\/web\/wp-content\/uploads\/2020\/07\/b_ojo-verde.jpg","contentUrl":"https:\/\/ccpe.org.ar\/web\/wp-content\/uploads\/2020\/07\/b_ojo-verde.jpg","width":1080,"height":600},{"@type":"BreadcrumbList","@id":"https:\/\/ccpe.org.ar\/web\/actividades\/viaje-fotografico-a-los-pueblos-fumigados\/#breadcrumb","itemListElement":[{"@type":"ListItem","position":1,"name":"Portada","item":"https:\/\/ccpe.org.ar\/web\/"},{"@type":"ListItem","position":2,"name":"Viaje fotogr\u00e1fico a los pueblos fumigados"}]},{"@type":"WebSite","@id":"https:\/\/ccpe.org.ar\/web\/#website","url":"https:\/\/ccpe.org.ar\/web\/","name":"Centro Cultural Parque de Espa\u00f1a\/AECID","description":"Sitio web del Centro Cultural Parque de Espa\u00f1a\/AECID","potentialAction":[{"@type":"SearchAction","target":{"@type":"EntryPoint","urlTemplate":"https:\/\/ccpe.org.ar\/web\/?s={search_term_string}"},"query-input":{"@type":"PropertyValueSpecification","valueRequired":true,"valueName":"search_term_string"}}],"inLanguage":"es"}]}},"_links":{"self":[{"href":"https:\/\/ccpe.org.ar\/web\/wp-json\/wp\/v2\/mec-events\/1875"}],"collection":[{"href":"https:\/\/ccpe.org.ar\/web\/wp-json\/wp\/v2\/mec-events"}],"about":[{"href":"https:\/\/ccpe.org.ar\/web\/wp-json\/wp\/v2\/types\/mec-events"}],"author":[{"embeddable":true,"href":"https:\/\/ccpe.org.ar\/web\/wp-json\/wp\/v2\/users\/2"}],"replies":[{"embeddable":true,"href":"https:\/\/ccpe.org.ar\/web\/wp-json\/wp\/v2\/comments?post=1875"}],"wp:featuredmedia":[{"embeddable":true,"href":"https:\/\/ccpe.org.ar\/web\/wp-json\/wp\/v2\/media\/1876"}],"wp:attachment":[{"href":"https:\/\/ccpe.org.ar\/web\/wp-json\/wp\/v2\/media?parent=1875"}],"wp:term":[{"taxonomy":"post_tag","embeddable":true,"href":"https:\/\/ccpe.org.ar\/web\/wp-json\/wp\/v2\/tags?post=1875"},{"taxonomy":"mec_category","embeddable":true,"href":"https:\/\/ccpe.org.ar\/web\/wp-json\/wp\/v2\/mec_category?post=1875"}],"curies":[{"name":"wp","href":"https:\/\/api.w.org\/{rel}","templated":true}]}}