{"id":2437,"date":"2020-11-24T18:05:49","date_gmt":"2020-11-24T21:05:49","guid":{"rendered":"https:\/\/ccpe.org.ar\/web\/?post_type=mec-events&#038;p=2437"},"modified":"2020-11-27T15:53:04","modified_gmt":"2020-11-27T18:53:04","slug":"la-vuelta-al-campo-camino-a-la-soberania-alimentaria","status":"publish","type":"mec-events","link":"https:\/\/ccpe.org.ar\/web\/actividades\/la-vuelta-al-campo-camino-a-la-soberania-alimentaria\/","title":{"rendered":"La vuelta al campo. Camino a la soberan\u00eda alimentaria"},"content":{"rendered":"<p><span style=\"font-weight: 400;\">Encuentro sobre soberan\u00eda alimentaria con: Juan Pablo Lepore, director del documental \u201cLa vuelta al campo, luchas campesinas por el buen vivir\u201d (2020); Miryam Kurganoff de Gorban, licenciada en Nutrici\u00f3n y coordinadora de la C\u00e1tedra Libre de Soberan\u00eda Alimentaria de la Escuela de Nutrici\u00f3n de la Universidad de Buenos Aires (UBA); Jerem\u00edas Chauque, trabajador campesino, integrante de Desv\u00edo a la Ra\u00edz &#8211; Agricultura Ancestral. Coordinan Virginia Russo e In\u00e9s Garc\u00eda.\u00a0<\/span><\/p>\n<p><b>A trav\u00e9s del <a href=\"https:\/\/www.facebook.com\/CCPErosario\">Facebook Live del Centro Cultural Parque de Espa\u00f1a.<\/a><\/b><\/p>\n<p><span style=\"font-weight: 400;\">Invitamos a ver el documental <strong>\u201cLa vuelta al campo, luchas campesinas por el buen vivir\u201d<\/strong> (2020) del director Juan Pablo Lepore. La pel\u00edcula estar\u00e1 liberada y disponible para el p\u00fablico entre el d\u00eda 1 y 5 de diciembre, en el marco del FICA (Festival Internacional de Cine Austral)<\/span><\/p>\n<p><a href=\"https:\/\/www.facebook.com\/festivaldecineaustral\/\"><span style=\"font-weight: 400;\">https:\/\/www.facebook.com\/festivaldecineaustral\/<\/span><\/a><\/p>\n<p><span style=\"font-weight: 400;\">\u00a0<\/span><\/p>\n<p><span style=\"font-weight: 400;\">Tr\u00e1iler:<\/span><\/p>\n<p><iframe loading=\"lazy\" src=\"https:\/\/www.youtube.com\/embed\/TYMkjlo7Z4s\" width=\"560\" height=\"315\" frameborder=\"0\" allowfullscreen=\"allowfullscreen\"><\/iframe><\/p>\n<p><span style=\"font-weight: 400;\">El documental de Juan Pablo Lepore relata las historias de los movimientos sociales que recuperan la \u201cvuelta al campo\u201d como parte de la lucha por la justicia, la democracia y la libertad del campesinado expulsado por el avance de la frontera agropecuaria.<\/span><\/p>\n<p><span style=\"font-weight: 400;\">Argentina, 2020<\/span><br \/>\n<span style=\"font-weight: 400;\">Direcci\u00f3n: Juan Pablo Lepore<\/span><br \/>\n<span style=\"font-weight: 400;\">Gui\u00f3n: Juan Pablo Lepore<\/span><br \/>\n<span style=\"font-weight: 400;\">Duraci\u00f3n: 73 minutos.<\/span><br \/>\n<span style=\"font-weight: 400;\">\u00a0<\/span><\/p>\n<p><b>Organiza Ojo Verde: Cine Socioambiental<\/b><\/p>\n<p><span style=\"font-weight: 400;\">Colectiva sin fines de lucro, integrada por un conjunto de organizaciones gubernamentales, de la sociedad civil y personas independientes que a trav\u00e9s de producciones audiovisuales tiene como objetivo generar un espacio de encuentros para la reflexi\u00f3n y discusi\u00f3n sobre problem\u00e1ticas socioambientales y de derechos humanos para fomentar el esp\u00edritu cr\u00edtico, el intercambio de saberes y difundir investigaciones cient\u00edficas y saberes populares que permitan producir y pensar otras maneras de habitar nuestros territorios.<\/span><\/p>\n<p><span style=\"font-weight: 400;\">Integran Ojo Verde: Centro Cultural Parque de Espa\u00f1a \/ AMTRAM \/ Museo Provincial de Ciencias Naturales \u201cDr. \u00c1ngel Gallardo\u201d \/ Propuesta Sur \/ Paren de Fumigarnos \/ Biblioteca P\u00fablica Municipal Jos\u00e9 Manuel Estrada\/ Taller de Comunicaci\u00f3n Ambiental.<\/span><\/p>\n<p><span style=\"font-weight: 400;\">\u00a0<\/span><\/p>\n","protected":false},"excerpt":{"rendered":"<p>Participan: Juan Pablo Lepore, Miryam Kurganoff de Gorban y Jerem\u00edas Chauque. Organiza Ojo Verde. Cine Socioambiental.<\/p>\n","protected":false},"author":2,"featured_media":2438,"comment_status":"closed","ping_status":"closed","template":"","tags":[],"mec_category":[20,19],"yoast_head":"<!-- This site is optimized with the Yoast SEO plugin v23.5 - https:\/\/yoast.com\/wordpress\/plugins\/seo\/ -->\n<title>La vuelta al campo. Camino a la soberan\u00eda alimentaria - Centro Cultural Parque de Espa\u00f1a\/AECID<\/title>\n<meta name=\"robots\" content=\"index, follow, max-snippet:-1, max-image-preview:large, max-video-preview:-1\" \/>\n<link rel=\"canonical\" href=\"https:\/\/ccpe.org.ar\/web\/actividades\/la-vuelta-al-campo-camino-a-la-soberania-alimentaria\/\" \/>\n<meta property=\"og:locale\" content=\"es_ES\" \/>\n<meta property=\"og:type\" content=\"article\" \/>\n<meta property=\"og:title\" content=\"La vuelta al campo. Camino a la soberan\u00eda alimentaria - Centro Cultural Parque de Espa\u00f1a\/AECID\" \/>\n<meta property=\"og:description\" content=\"Participan: Juan Pablo Lepore, Miryam Kurganoff de Gorban y Jerem\u00edas Chauque. Organiza Ojo Verde. Cine Socioambiental.\" \/>\n<meta property=\"og:url\" content=\"https:\/\/ccpe.org.ar\/web\/actividades\/la-vuelta-al-campo-camino-a-la-soberania-alimentaria\/\" \/>\n<meta property=\"og:site_name\" content=\"Centro Cultural Parque de Espa\u00f1a\/AECID\" \/>\n<meta property=\"article:publisher\" content=\"https:\/\/www.facebook.com\/CCPErosario\/\" \/>\n<meta property=\"article:modified_time\" content=\"2020-11-27T18:53:04+00:00\" \/>\n<meta property=\"og:image\" content=\"https:\/\/ccpe.org.ar\/web\/wp-content\/uploads\/2020\/11\/b_la_vuelta_al_campo.jpg\" \/>\n\t<meta property=\"og:image:width\" content=\"1080\" \/>\n\t<meta property=\"og:image:height\" content=\"600\" \/>\n\t<meta property=\"og:image:type\" content=\"image\/jpeg\" \/>\n<meta name=\"twitter:card\" content=\"summary_large_image\" \/>\n<meta name=\"twitter:site\" content=\"@ccpe\" \/>\n<meta name=\"twitter:label1\" content=\"Tiempo de lectura\" \/>\n\t<meta name=\"twitter:data1\" content=\"2 minutos\" \/>\n<script type=\"application\/ld+json\" class=\"yoast-schema-graph\">{\"@context\":\"https:\/\/schema.org\",\"@graph\":[{\"@type\":\"WebPage\",\"@id\":\"https:\/\/ccpe.org.ar\/web\/actividades\/la-vuelta-al-campo-camino-a-la-soberania-alimentaria\/\",\"url\":\"https:\/\/ccpe.org.ar\/web\/actividades\/la-vuelta-al-campo-camino-a-la-soberania-alimentaria\/\",\"name\":\"La vuelta al campo. Camino a la soberan\u00eda alimentaria - Centro Cultural Parque de Espa\u00f1a\/AECID\",\"isPartOf\":{\"@id\":\"https:\/\/ccpe.org.ar\/web\/#website\"},\"primaryImageOfPage\":{\"@id\":\"https:\/\/ccpe.org.ar\/web\/actividades\/la-vuelta-al-campo-camino-a-la-soberania-alimentaria\/#primaryimage\"},\"image\":{\"@id\":\"https:\/\/ccpe.org.ar\/web\/actividades\/la-vuelta-al-campo-camino-a-la-soberania-alimentaria\/#primaryimage\"},\"thumbnailUrl\":\"https:\/\/ccpe.org.ar\/web\/wp-content\/uploads\/2020\/11\/b_la_vuelta_al_campo.jpg\",\"datePublished\":\"2020-11-24T21:05:49+00:00\",\"dateModified\":\"2020-11-27T18:53:04+00:00\",\"breadcrumb\":{\"@id\":\"https:\/\/ccpe.org.ar\/web\/actividades\/la-vuelta-al-campo-camino-a-la-soberania-alimentaria\/#breadcrumb\"},\"inLanguage\":\"es\",\"potentialAction\":[{\"@type\":\"ReadAction\",\"target\":[\"https:\/\/ccpe.org.ar\/web\/actividades\/la-vuelta-al-campo-camino-a-la-soberania-alimentaria\/\"]}]},{\"@type\":\"ImageObject\",\"inLanguage\":\"es\",\"@id\":\"https:\/\/ccpe.org.ar\/web\/actividades\/la-vuelta-al-campo-camino-a-la-soberania-alimentaria\/#primaryimage\",\"url\":\"https:\/\/ccpe.org.ar\/web\/wp-content\/uploads\/2020\/11\/b_la_vuelta_al_campo.jpg\",\"contentUrl\":\"https:\/\/ccpe.org.ar\/web\/wp-content\/uploads\/2020\/11\/b_la_vuelta_al_campo.jpg\",\"width\":1080,\"height\":600},{\"@type\":\"BreadcrumbList\",\"@id\":\"https:\/\/ccpe.org.ar\/web\/actividades\/la-vuelta-al-campo-camino-a-la-soberania-alimentaria\/#breadcrumb\",\"itemListElement\":[{\"@type\":\"ListItem\",\"position\":1,\"name\":\"Portada\",\"item\":\"https:\/\/ccpe.org.ar\/web\/\"},{\"@type\":\"ListItem\",\"position\":2,\"name\":\"La vuelta al campo. Camino a la soberan\u00eda alimentaria\"}]},{\"@type\":\"WebSite\",\"@id\":\"https:\/\/ccpe.org.ar\/web\/#website\",\"url\":\"https:\/\/ccpe.org.ar\/web\/\",\"name\":\"Centro Cultural Parque de Espa\u00f1a\/AECID\",\"description\":\"Sitio web del Centro Cultural Parque de Espa\u00f1a\/AECID\",\"potentialAction\":[{\"@type\":\"SearchAction\",\"target\":{\"@type\":\"EntryPoint\",\"urlTemplate\":\"https:\/\/ccpe.org.ar\/web\/?s={search_term_string}\"},\"query-input\":{\"@type\":\"PropertyValueSpecification\",\"valueRequired\":true,\"valueName\":\"search_term_string\"}}],\"inLanguage\":\"es\"}]}<\/script>\n<!-- \/ Yoast SEO plugin. -->","yoast_head_json":{"title":"La vuelta al campo. Camino a la soberan\u00eda alimentaria - Centro Cultural Parque de Espa\u00f1a\/AECID","robots":{"index":"index","follow":"follow","max-snippet":"max-snippet:-1","max-image-preview":"max-image-preview:large","max-video-preview":"max-video-preview:-1"},"canonical":"https:\/\/ccpe.org.ar\/web\/actividades\/la-vuelta-al-campo-camino-a-la-soberania-alimentaria\/","og_locale":"es_ES","og_type":"article","og_title":"La vuelta al campo. Camino a la soberan\u00eda alimentaria - Centro Cultural Parque de Espa\u00f1a\/AECID","og_description":"Participan: Juan Pablo Lepore, Miryam Kurganoff de Gorban y Jerem\u00edas Chauque. Organiza Ojo Verde. Cine Socioambiental.","og_url":"https:\/\/ccpe.org.ar\/web\/actividades\/la-vuelta-al-campo-camino-a-la-soberania-alimentaria\/","og_site_name":"Centro Cultural Parque de Espa\u00f1a\/AECID","article_publisher":"https:\/\/www.facebook.com\/CCPErosario\/","article_modified_time":"2020-11-27T18:53:04+00:00","og_image":[{"width":1080,"height":600,"url":"https:\/\/ccpe.org.ar\/web\/wp-content\/uploads\/2020\/11\/b_la_vuelta_al_campo.jpg","type":"image\/jpeg"}],"twitter_card":"summary_large_image","twitter_site":"@ccpe","twitter_misc":{"Tiempo de lectura":"2 minutos"},"schema":{"@context":"https:\/\/schema.org","@graph":[{"@type":"WebPage","@id":"https:\/\/ccpe.org.ar\/web\/actividades\/la-vuelta-al-campo-camino-a-la-soberania-alimentaria\/","url":"https:\/\/ccpe.org.ar\/web\/actividades\/la-vuelta-al-campo-camino-a-la-soberania-alimentaria\/","name":"La vuelta al campo. Camino a la soberan\u00eda alimentaria - Centro Cultural Parque de Espa\u00f1a\/AECID","isPartOf":{"@id":"https:\/\/ccpe.org.ar\/web\/#website"},"primaryImageOfPage":{"@id":"https:\/\/ccpe.org.ar\/web\/actividades\/la-vuelta-al-campo-camino-a-la-soberania-alimentaria\/#primaryimage"},"image":{"@id":"https:\/\/ccpe.org.ar\/web\/actividades\/la-vuelta-al-campo-camino-a-la-soberania-alimentaria\/#primaryimage"},"thumbnailUrl":"https:\/\/ccpe.org.ar\/web\/wp-content\/uploads\/2020\/11\/b_la_vuelta_al_campo.jpg","datePublished":"2020-11-24T21:05:49+00:00","dateModified":"2020-11-27T18:53:04+00:00","breadcrumb":{"@id":"https:\/\/ccpe.org.ar\/web\/actividades\/la-vuelta-al-campo-camino-a-la-soberania-alimentaria\/#breadcrumb"},"inLanguage":"es","potentialAction":[{"@type":"ReadAction","target":["https:\/\/ccpe.org.ar\/web\/actividades\/la-vuelta-al-campo-camino-a-la-soberania-alimentaria\/"]}]},{"@type":"ImageObject","inLanguage":"es","@id":"https:\/\/ccpe.org.ar\/web\/actividades\/la-vuelta-al-campo-camino-a-la-soberania-alimentaria\/#primaryimage","url":"https:\/\/ccpe.org.ar\/web\/wp-content\/uploads\/2020\/11\/b_la_vuelta_al_campo.jpg","contentUrl":"https:\/\/ccpe.org.ar\/web\/wp-content\/uploads\/2020\/11\/b_la_vuelta_al_campo.jpg","width":1080,"height":600},{"@type":"BreadcrumbList","@id":"https:\/\/ccpe.org.ar\/web\/actividades\/la-vuelta-al-campo-camino-a-la-soberania-alimentaria\/#breadcrumb","itemListElement":[{"@type":"ListItem","position":1,"name":"Portada","item":"https:\/\/ccpe.org.ar\/web\/"},{"@type":"ListItem","position":2,"name":"La vuelta al campo. Camino a la soberan\u00eda alimentaria"}]},{"@type":"WebSite","@id":"https:\/\/ccpe.org.ar\/web\/#website","url":"https:\/\/ccpe.org.ar\/web\/","name":"Centro Cultural Parque de Espa\u00f1a\/AECID","description":"Sitio web del Centro Cultural Parque de Espa\u00f1a\/AECID","potentialAction":[{"@type":"SearchAction","target":{"@type":"EntryPoint","urlTemplate":"https:\/\/ccpe.org.ar\/web\/?s={search_term_string}"},"query-input":{"@type":"PropertyValueSpecification","valueRequired":true,"valueName":"search_term_string"}}],"inLanguage":"es"}]}},"_links":{"self":[{"href":"https:\/\/ccpe.org.ar\/web\/wp-json\/wp\/v2\/mec-events\/2437"}],"collection":[{"href":"https:\/\/ccpe.org.ar\/web\/wp-json\/wp\/v2\/mec-events"}],"about":[{"href":"https:\/\/ccpe.org.ar\/web\/wp-json\/wp\/v2\/types\/mec-events"}],"author":[{"embeddable":true,"href":"https:\/\/ccpe.org.ar\/web\/wp-json\/wp\/v2\/users\/2"}],"replies":[{"embeddable":true,"href":"https:\/\/ccpe.org.ar\/web\/wp-json\/wp\/v2\/comments?post=2437"}],"wp:featuredmedia":[{"embeddable":true,"href":"https:\/\/ccpe.org.ar\/web\/wp-json\/wp\/v2\/media\/2438"}],"wp:attachment":[{"href":"https:\/\/ccpe.org.ar\/web\/wp-json\/wp\/v2\/media?parent=2437"}],"wp:term":[{"taxonomy":"post_tag","embeddable":true,"href":"https:\/\/ccpe.org.ar\/web\/wp-json\/wp\/v2\/tags?post=2437"},{"taxonomy":"mec_category","embeddable":true,"href":"https:\/\/ccpe.org.ar\/web\/wp-json\/wp\/v2\/mec_category?post=2437"}],"curies":[{"name":"wp","href":"https:\/\/api.w.org\/{rel}","templated":true}]}}