{"id":268,"date":"2019-05-07T12:33:55","date_gmt":"2019-05-07T15:33:55","guid":{"rendered":"http:\/\/ccpe.org.ar\/web\/?post_type=mec-events&#038;p=268"},"modified":"2019-10-23T11:08:49","modified_gmt":"2019-10-23T14:08:49","slug":"comienza-a-circular-la-ronda-cultural-de-transporte-urbano","status":"publish","type":"mec-events","link":"https:\/\/ccpe.org.ar\/web\/actividades\/comienza-a-circular-la-ronda-cultural-de-transporte-urbano\/","title":{"rendered":"Comienza a circular la Ronda Cultural de transporte urbano"},"content":{"rendered":"<p>Desde el viernes 26 de abril, a las 18, comenzar\u00e1 a circular la Ronda Cultural, un servicio que conectar\u00e1 numerosos puntos de inter\u00e9s de la cultura rosarina y de convocatoria masiva de ciudadanos tales como teatros, museos, el Anfiteatro, parques, la Franja del R\u00edo, el Monumento a la Bandera y la Estaci\u00f3n Fluvial, el Centro Cultural Parque de Espa\u00f1a, entre otros.<\/p>\n<p>El funcionamiento estar\u00e1 a cargo de la empresa Movi con la intenci\u00f3n de acompa\u00f1ar las diferentes expresiones art\u00edsticas, educativas y culturales que tienen lugar en la ciudad, permitiendo conectar lugares emblem\u00e1ticos y de afluencia masiva de personas.<\/p>\n<p>El recorrido de la Ronda atraviesa el \u00e1rea central, tomando calle Est\u00e9vez Boero, Paseo de las Artes, Brigadier L\u00f3pez, Balcarce, San Lorenzo, Paraguay, San Luis, Laprida, Montevideo, Diario La Capital, avenida de la Libertad, Belgrano, R. Dom\u00ednguez y Los Inmigrantes.<\/p>\n<p>La Municipalidad de Rosario trabaja de forma constante y contin\u00faa en ampliar la cobertura y mejorar la conectividad del servicio p\u00fablico de transporte, acompa\u00f1ando nuevos desarrollos urbanos y el crecimiento de la ciudad. El nacimiento de la Franja del R\u00edo, un territorio m\u00faltiple e intenso de la cultura rosarina, gener\u00f3 que esta nueva prestaci\u00f3n se transforme en un requerimiento tanto por quienes habitan la ciudad, como por los miles turistas que visitan Rosario.<\/p>\n<p><a href=\"https:\/\/www.rosario.gob.ar\/web\/servicios\/movilidad\/transportes\/transporte-urbano-de-pasajeros\/nuevos-coches-y-mas-paradas#cultural\">M\u00e1s informaci\u00f3n y recorridos aqu\u00ed<\/a><\/p>\n","protected":false},"excerpt":{"rendered":"<p>Desde el viernes 26 de abril, a las 18, comenzar\u00e1 a circular la Ronda Cultural, un servicio que conectar\u00e1 numerosos puntos de inter\u00e9s de la cultura rosarina y de convocatoria masiva de ciudadanos tales como teatros, museos, el Anfiteatro, parques, la Franja del R\u00edo, el Monumento a la Bandera y la Estaci\u00f3n Fluvial, el Centro [&hellip;]<\/p>\n","protected":false},"author":1,"featured_media":312,"comment_status":"closed","ping_status":"closed","template":"","tags":[],"mec_category":[20],"yoast_head":"<!-- This site is optimized with the Yoast SEO plugin v23.5 - https:\/\/yoast.com\/wordpress\/plugins\/seo\/ -->\n<title>Comienza a circular la Ronda Cultural de transporte urbano - Centro Cultural Parque de Espa\u00f1a\/AECID<\/title>\n<meta name=\"robots\" content=\"index, follow, max-snippet:-1, max-image-preview:large, max-video-preview:-1\" \/>\n<link rel=\"canonical\" href=\"https:\/\/ccpe.org.ar\/web\/actividades\/comienza-a-circular-la-ronda-cultural-de-transporte-urbano\/\" \/>\n<meta property=\"og:locale\" content=\"es_ES\" \/>\n<meta property=\"og:type\" content=\"article\" \/>\n<meta property=\"og:title\" content=\"Comienza a circular la Ronda Cultural de transporte urbano - Centro Cultural Parque de Espa\u00f1a\/AECID\" \/>\n<meta property=\"og:description\" content=\"Desde el viernes 26 de abril, a las 18, comenzar\u00e1 a circular la Ronda Cultural, un servicio que conectar\u00e1 numerosos puntos de inter\u00e9s de la cultura rosarina y de convocatoria masiva de ciudadanos tales como teatros, museos, el Anfiteatro, parques, la Franja del R\u00edo, el Monumento a la Bandera y la Estaci\u00f3n Fluvial, el Centro [&hellip;]\" \/>\n<meta property=\"og:url\" content=\"https:\/\/ccpe.org.ar\/web\/actividades\/comienza-a-circular-la-ronda-cultural-de-transporte-urbano\/\" \/>\n<meta property=\"og:site_name\" content=\"Centro Cultural Parque de Espa\u00f1a\/AECID\" \/>\n<meta property=\"article:publisher\" content=\"https:\/\/www.facebook.com\/CCPErosario\/\" \/>\n<meta property=\"article:modified_time\" content=\"2019-10-23T14:08:49+00:00\" \/>\n<meta property=\"og:image\" content=\"https:\/\/ccpe.org.ar\/web\/wp-content\/uploads\/2019\/05\/ronda-cultural-bus-750x364.jpg\" \/>\n\t<meta property=\"og:image:width\" content=\"750\" \/>\n\t<meta property=\"og:image:height\" content=\"364\" \/>\n\t<meta property=\"og:image:type\" content=\"image\/jpeg\" \/>\n<meta name=\"twitter:card\" content=\"summary_large_image\" \/>\n<meta name=\"twitter:site\" content=\"@ccpe\" \/>\n<meta name=\"twitter:label1\" content=\"Tiempo de lectura\" \/>\n\t<meta name=\"twitter:data1\" content=\"1 minuto\" \/>\n<script type=\"application\/ld+json\" class=\"yoast-schema-graph\">{\"@context\":\"https:\/\/schema.org\",\"@graph\":[{\"@type\":\"WebPage\",\"@id\":\"https:\/\/ccpe.org.ar\/web\/actividades\/comienza-a-circular-la-ronda-cultural-de-transporte-urbano\/\",\"url\":\"https:\/\/ccpe.org.ar\/web\/actividades\/comienza-a-circular-la-ronda-cultural-de-transporte-urbano\/\",\"name\":\"Comienza a circular la Ronda Cultural de transporte urbano - Centro Cultural Parque de Espa\u00f1a\/AECID\",\"isPartOf\":{\"@id\":\"https:\/\/ccpe.org.ar\/web\/#website\"},\"primaryImageOfPage\":{\"@id\":\"https:\/\/ccpe.org.ar\/web\/actividades\/comienza-a-circular-la-ronda-cultural-de-transporte-urbano\/#primaryimage\"},\"image\":{\"@id\":\"https:\/\/ccpe.org.ar\/web\/actividades\/comienza-a-circular-la-ronda-cultural-de-transporte-urbano\/#primaryimage\"},\"thumbnailUrl\":\"https:\/\/ccpe.org.ar\/web\/wp-content\/uploads\/2019\/05\/ronda-cultural-bus-750x364.jpg\",\"datePublished\":\"2019-05-07T15:33:55+00:00\",\"dateModified\":\"2019-10-23T14:08:49+00:00\",\"breadcrumb\":{\"@id\":\"https:\/\/ccpe.org.ar\/web\/actividades\/comienza-a-circular-la-ronda-cultural-de-transporte-urbano\/#breadcrumb\"},\"inLanguage\":\"es\",\"potentialAction\":[{\"@type\":\"ReadAction\",\"target\":[\"https:\/\/ccpe.org.ar\/web\/actividades\/comienza-a-circular-la-ronda-cultural-de-transporte-urbano\/\"]}]},{\"@type\":\"ImageObject\",\"inLanguage\":\"es\",\"@id\":\"https:\/\/ccpe.org.ar\/web\/actividades\/comienza-a-circular-la-ronda-cultural-de-transporte-urbano\/#primaryimage\",\"url\":\"https:\/\/ccpe.org.ar\/web\/wp-content\/uploads\/2019\/05\/ronda-cultural-bus-750x364.jpg\",\"contentUrl\":\"https:\/\/ccpe.org.ar\/web\/wp-content\/uploads\/2019\/05\/ronda-cultural-bus-750x364.jpg\",\"width\":750,\"height\":364,\"caption\":\"Ronda Cultural\"},{\"@type\":\"BreadcrumbList\",\"@id\":\"https:\/\/ccpe.org.ar\/web\/actividades\/comienza-a-circular-la-ronda-cultural-de-transporte-urbano\/#breadcrumb\",\"itemListElement\":[{\"@type\":\"ListItem\",\"position\":1,\"name\":\"Portada\",\"item\":\"https:\/\/ccpe.org.ar\/web\/\"},{\"@type\":\"ListItem\",\"position\":2,\"name\":\"Comienza a circular la Ronda Cultural de transporte urbano\"}]},{\"@type\":\"WebSite\",\"@id\":\"https:\/\/ccpe.org.ar\/web\/#website\",\"url\":\"https:\/\/ccpe.org.ar\/web\/\",\"name\":\"Centro Cultural Parque de Espa\u00f1a\/AECID\",\"description\":\"Sitio web del Centro Cultural Parque de Espa\u00f1a\/AECID\",\"potentialAction\":[{\"@type\":\"SearchAction\",\"target\":{\"@type\":\"EntryPoint\",\"urlTemplate\":\"https:\/\/ccpe.org.ar\/web\/?s={search_term_string}\"},\"query-input\":{\"@type\":\"PropertyValueSpecification\",\"valueRequired\":true,\"valueName\":\"search_term_string\"}}],\"inLanguage\":\"es\"}]}<\/script>\n<!-- \/ Yoast SEO plugin. -->","yoast_head_json":{"title":"Comienza a circular la Ronda Cultural de transporte urbano - Centro Cultural Parque de Espa\u00f1a\/AECID","robots":{"index":"index","follow":"follow","max-snippet":"max-snippet:-1","max-image-preview":"max-image-preview:large","max-video-preview":"max-video-preview:-1"},"canonical":"https:\/\/ccpe.org.ar\/web\/actividades\/comienza-a-circular-la-ronda-cultural-de-transporte-urbano\/","og_locale":"es_ES","og_type":"article","og_title":"Comienza a circular la Ronda Cultural de transporte urbano - Centro Cultural Parque de Espa\u00f1a\/AECID","og_description":"Desde el viernes 26 de abril, a las 18, comenzar\u00e1 a circular la Ronda Cultural, un servicio que conectar\u00e1 numerosos puntos de inter\u00e9s de la cultura rosarina y de convocatoria masiva de ciudadanos tales como teatros, museos, el Anfiteatro, parques, la Franja del R\u00edo, el Monumento a la Bandera y la Estaci\u00f3n Fluvial, el Centro [&hellip;]","og_url":"https:\/\/ccpe.org.ar\/web\/actividades\/comienza-a-circular-la-ronda-cultural-de-transporte-urbano\/","og_site_name":"Centro Cultural Parque de Espa\u00f1a\/AECID","article_publisher":"https:\/\/www.facebook.com\/CCPErosario\/","article_modified_time":"2019-10-23T14:08:49+00:00","og_image":[{"width":750,"height":364,"url":"https:\/\/ccpe.org.ar\/web\/wp-content\/uploads\/2019\/05\/ronda-cultural-bus-750x364.jpg","type":"image\/jpeg"}],"twitter_card":"summary_large_image","twitter_site":"@ccpe","twitter_misc":{"Tiempo de lectura":"1 minuto"},"schema":{"@context":"https:\/\/schema.org","@graph":[{"@type":"WebPage","@id":"https:\/\/ccpe.org.ar\/web\/actividades\/comienza-a-circular-la-ronda-cultural-de-transporte-urbano\/","url":"https:\/\/ccpe.org.ar\/web\/actividades\/comienza-a-circular-la-ronda-cultural-de-transporte-urbano\/","name":"Comienza a circular la Ronda Cultural de transporte urbano - Centro Cultural Parque de Espa\u00f1a\/AECID","isPartOf":{"@id":"https:\/\/ccpe.org.ar\/web\/#website"},"primaryImageOfPage":{"@id":"https:\/\/ccpe.org.ar\/web\/actividades\/comienza-a-circular-la-ronda-cultural-de-transporte-urbano\/#primaryimage"},"image":{"@id":"https:\/\/ccpe.org.ar\/web\/actividades\/comienza-a-circular-la-ronda-cultural-de-transporte-urbano\/#primaryimage"},"thumbnailUrl":"https:\/\/ccpe.org.ar\/web\/wp-content\/uploads\/2019\/05\/ronda-cultural-bus-750x364.jpg","datePublished":"2019-05-07T15:33:55+00:00","dateModified":"2019-10-23T14:08:49+00:00","breadcrumb":{"@id":"https:\/\/ccpe.org.ar\/web\/actividades\/comienza-a-circular-la-ronda-cultural-de-transporte-urbano\/#breadcrumb"},"inLanguage":"es","potentialAction":[{"@type":"ReadAction","target":["https:\/\/ccpe.org.ar\/web\/actividades\/comienza-a-circular-la-ronda-cultural-de-transporte-urbano\/"]}]},{"@type":"ImageObject","inLanguage":"es","@id":"https:\/\/ccpe.org.ar\/web\/actividades\/comienza-a-circular-la-ronda-cultural-de-transporte-urbano\/#primaryimage","url":"https:\/\/ccpe.org.ar\/web\/wp-content\/uploads\/2019\/05\/ronda-cultural-bus-750x364.jpg","contentUrl":"https:\/\/ccpe.org.ar\/web\/wp-content\/uploads\/2019\/05\/ronda-cultural-bus-750x364.jpg","width":750,"height":364,"caption":"Ronda Cultural"},{"@type":"BreadcrumbList","@id":"https:\/\/ccpe.org.ar\/web\/actividades\/comienza-a-circular-la-ronda-cultural-de-transporte-urbano\/#breadcrumb","itemListElement":[{"@type":"ListItem","position":1,"name":"Portada","item":"https:\/\/ccpe.org.ar\/web\/"},{"@type":"ListItem","position":2,"name":"Comienza a circular la Ronda Cultural de transporte urbano"}]},{"@type":"WebSite","@id":"https:\/\/ccpe.org.ar\/web\/#website","url":"https:\/\/ccpe.org.ar\/web\/","name":"Centro Cultural Parque de Espa\u00f1a\/AECID","description":"Sitio web del Centro Cultural Parque de Espa\u00f1a\/AECID","potentialAction":[{"@type":"SearchAction","target":{"@type":"EntryPoint","urlTemplate":"https:\/\/ccpe.org.ar\/web\/?s={search_term_string}"},"query-input":{"@type":"PropertyValueSpecification","valueRequired":true,"valueName":"search_term_string"}}],"inLanguage":"es"}]}},"_links":{"self":[{"href":"https:\/\/ccpe.org.ar\/web\/wp-json\/wp\/v2\/mec-events\/268"}],"collection":[{"href":"https:\/\/ccpe.org.ar\/web\/wp-json\/wp\/v2\/mec-events"}],"about":[{"href":"https:\/\/ccpe.org.ar\/web\/wp-json\/wp\/v2\/types\/mec-events"}],"author":[{"embeddable":true,"href":"https:\/\/ccpe.org.ar\/web\/wp-json\/wp\/v2\/users\/1"}],"replies":[{"embeddable":true,"href":"https:\/\/ccpe.org.ar\/web\/wp-json\/wp\/v2\/comments?post=268"}],"wp:featuredmedia":[{"embeddable":true,"href":"https:\/\/ccpe.org.ar\/web\/wp-json\/wp\/v2\/media\/312"}],"wp:attachment":[{"href":"https:\/\/ccpe.org.ar\/web\/wp-json\/wp\/v2\/media?parent=268"}],"wp:term":[{"taxonomy":"post_tag","embeddable":true,"href":"https:\/\/ccpe.org.ar\/web\/wp-json\/wp\/v2\/tags?post=268"},{"taxonomy":"mec_category","embeddable":true,"href":"https:\/\/ccpe.org.ar\/web\/wp-json\/wp\/v2\/mec_category?post=268"}],"curies":[{"name":"wp","href":"https:\/\/api.w.org\/{rel}","templated":true}]}}