{"id":271,"date":"2019-05-07T12:47:10","date_gmt":"2019-05-07T15:47:10","guid":{"rendered":"http:\/\/ccpe.org.ar\/web\/?post_type=mec-events&#038;p=271"},"modified":"2019-10-23T11:09:57","modified_gmt":"2019-10-23T14:09:57","slug":"hija-de-la-laguna-cine-debate-con-gafas-ecofeministas","status":"publish","type":"mec-events","link":"https:\/\/ccpe.org.ar\/web\/actividades\/hija-de-la-laguna-cine-debate-con-gafas-ecofeministas\/","title":{"rendered":"Hija de la laguna. Cine-debate con gafas ecofeministas."},"content":{"rendered":"<p dir=\"ltr\">Primer encuentro del ciclo anual que tiene el objetivo de rescatar y hacer visibles los testimonios y el trabajo de las mujeres por la defensa de la naturaleza y los territorios mediante la proyecci\u00f3n de cortometrajes, documentales y pel\u00edculas, enmarcados en luchas socioambientales que tienen a mujeres como protagonistas. Cada encuentro contar\u00e1 con un panel de especialistas en los temas abordados y un espacio de debate y reflexi\u00f3n colectiva. En esta ocasi\u00f3n, participar\u00e1n Claudia Gotta y Luc\u00eda Andreozzi.<\/p>\n<p dir=\"ltr\"><strong><em>Hija de la Laguna<\/em><\/strong>\u00a0(2015, 87 min.), de Ernesto Cabellos, es un acercamiento a la lucha de la poblaci\u00f3n de Cajamarca (Per\u00fa) contra una empresa minera en defensa del agua y el territorio. Esta historia est\u00e1 protagonizada por N\u00e9lida, una campesina con una fuerte conexi\u00f3n con la naturaleza, que emigr\u00f3 a la ciudad para estudiar Derecho con el \u00fanico fin de defender a su comunidad y a las lagunas de la voracidad del modelo extractivista.<\/p>\n<p dir=\"ltr\">Organizamos con el \u00c1rea Ecofeminismo del Taller Ecologista.<\/p>\n<p dir=\"ltr\"><strong>Gratis.<\/strong><\/p>\n<p dir=\"ltr\"><strong>Inscripci\u00f3n previa en el siguiente link: https:\/\/forms.gle\/Wh1S54GUdJoqaZeX7<\/strong><\/p>\n<p dir=\"ltr\"><strong>Por consultas escribir a: ecofeminismo.tallerecologista@gmail.com<\/strong><\/p>\n<p dir=\"ltr\"><strong>Claudia Gotta<\/strong>\u00a0es Profesora de Ense\u00f1anza Media y Superior en Historia &#8211; Licenciada en Historia (UNR). Especialista en Educaci\u00f3n en Ambiente para el Desarrollo Sustentable (UNComahue). Tiene a su cargo la c\u00e1tedra: Historia de Am\u00e9rica I, y es profesora adjunta en la C\u00e1tedra: Extensi\u00f3n, Territorio y organizaciones sociales (UNR). Creadora y Coordinadora Acad\u00e9mica de la C\u00e1tedra Libre: \u201cSaberes, creencias y luchas de los Pueblos Originarios\u201d (UNR). Creadora y Asesora Acad\u00e9mica del Programa Intercultural para Estudiantes de Pueblos Originarios (UNR). Miembro fundador y Coordinadora General del Centro de Estudios: \u201cEspacio, Memoria e Identidad\u201d (CEEMI) (UNR). Presidenta de la Asamblea Permanente por los Derechos Humanos (APDH) Regional Rosario. Secretaria Nacional de Pueblos Originarios de la Asamblea Permanente por los Derechos Humanos (APDH Argentina).<\/p>\n<p dir=\"ltr\"><strong>Luc\u00eda Andreozzi<\/strong>\u00a0es docente en el Taller de Estad\u00edsticas Oficiales de la Licenciatura en Estad\u00edstica y en el Seminario Sustentabilidad del Desarrollo. G\u00e9nero, Ecolog\u00eda e Igualdad Sociecon\u00f3mica de la Licenciatura en Econom\u00eda (UNR). Becaria Posdoctoral CONICET. Se gradu\u00f3 en Estad\u00edstica en el a\u00f1o 2009 y fue becaria de iniciaci\u00f3n en la investigaci\u00f3n del CIUNR.<\/p>\n<p dir=\"ltr\"><strong>Taller Ecologista<\/strong>\u00a0es una organizaci\u00f3n socioambiental sin fines de lucro, aut\u00f3noma y autogestiva, con 33 a\u00f1os de trabajo ininterrumpido. Naci\u00f3 en 1985 en Rosario y trabaja desde una perspectiva socioambiental en la defensa y preservaci\u00f3n del ambiente de manera integral. Conjugando los problemas sociales, pol\u00edticos y econ\u00f3micos con el respeto por los derechos humanos, se propone promover sociedades sustentables y una cultura ecol\u00f3gica de la igualdad.<\/p>\n<p dir=\"ltr\"><strong>El \u00c1rea Ecofeminismo de Taller Ecologista<\/strong>\u00a0nace en 2016 en el 31\u00ba Encuentro Nacional de Mujeres realizado en Rosario. Est\u00e1 conformada por mujeres militantes que tienen como horizonte la construcci\u00f3n de un feminismo popular, decolonial, anticapitalista y antipatriarcal. Por medio de diversas actividades y proyectos, en un di\u00e1logo constante entre feminismo y ecologismo, se propone desterrar el patriarcado de la mirada colectiva, desnaturalizar la divisi\u00f3n sexual del trabajo y poner en relieve la sostenibilidad de la vida para construir as\u00ed una vida que merezca ser vivida.<\/p>\n","protected":false},"excerpt":{"rendered":"<p>Primer encuentro del ciclo anual que tiene el objetivo de rescatar y hacer visibles los testimonios y el trabajo de las mujeres por la defensa de la naturaleza y los territorios mediante la proyecci\u00f3n de cortometrajes, documentales y pel\u00edculas, enmarcados en luchas socioambientales que tienen a mujeres como protagonistas. Cada encuentro contar\u00e1 con un panel [&hellip;]<\/p>\n","protected":false},"author":1,"featured_media":371,"comment_status":"closed","ping_status":"closed","template":"","tags":[],"mec_category":[20],"yoast_head":"<!-- This site is optimized with the Yoast SEO plugin v23.5 - https:\/\/yoast.com\/wordpress\/plugins\/seo\/ -->\n<title>Hija de la laguna. Cine-debate con gafas ecofeministas. - Centro Cultural Parque de Espa\u00f1a\/AECID<\/title>\n<meta name=\"robots\" content=\"index, follow, max-snippet:-1, max-image-preview:large, max-video-preview:-1\" \/>\n<link rel=\"canonical\" href=\"https:\/\/ccpe.org.ar\/web\/actividades\/hija-de-la-laguna-cine-debate-con-gafas-ecofeministas\/\" \/>\n<meta property=\"og:locale\" content=\"es_ES\" \/>\n<meta property=\"og:type\" content=\"article\" \/>\n<meta property=\"og:title\" content=\"Hija de la laguna. Cine-debate con gafas ecofeministas. - Centro Cultural Parque de Espa\u00f1a\/AECID\" \/>\n<meta property=\"og:description\" content=\"Primer encuentro del ciclo anual que tiene el objetivo de rescatar y hacer visibles los testimonios y el trabajo de las mujeres por la defensa de la naturaleza y los territorios mediante la proyecci\u00f3n de cortometrajes, documentales y pel\u00edculas, enmarcados en luchas socioambientales que tienen a mujeres como protagonistas. Cada encuentro contar\u00e1 con un panel [&hellip;]\" \/>\n<meta property=\"og:url\" content=\"https:\/\/ccpe.org.ar\/web\/actividades\/hija-de-la-laguna-cine-debate-con-gafas-ecofeministas\/\" \/>\n<meta property=\"og:site_name\" content=\"Centro Cultural Parque de Espa\u00f1a\/AECID\" \/>\n<meta property=\"article:publisher\" content=\"https:\/\/www.facebook.com\/CCPErosario\/\" \/>\n<meta property=\"article:modified_time\" content=\"2019-10-23T14:09:57+00:00\" \/>\n<meta property=\"og:image\" content=\"https:\/\/ccpe.org.ar\/web\/wp-content\/uploads\/2019\/05\/hija-de-la-laguna.jpg\" \/>\n\t<meta property=\"og:image:width\" content=\"500\" \/>\n\t<meta property=\"og:image:height\" content=\"327\" \/>\n\t<meta property=\"og:image:type\" content=\"image\/jpeg\" \/>\n<meta name=\"twitter:card\" content=\"summary_large_image\" \/>\n<meta name=\"twitter:site\" content=\"@ccpe\" \/>\n<meta name=\"twitter:label1\" content=\"Tiempo de lectura\" \/>\n\t<meta name=\"twitter:data1\" content=\"3 minutos\" \/>\n<script type=\"application\/ld+json\" class=\"yoast-schema-graph\">{\"@context\":\"https:\/\/schema.org\",\"@graph\":[{\"@type\":\"WebPage\",\"@id\":\"https:\/\/ccpe.org.ar\/web\/actividades\/hija-de-la-laguna-cine-debate-con-gafas-ecofeministas\/\",\"url\":\"https:\/\/ccpe.org.ar\/web\/actividades\/hija-de-la-laguna-cine-debate-con-gafas-ecofeministas\/\",\"name\":\"Hija de la laguna. Cine-debate con gafas ecofeministas. - Centro Cultural Parque de Espa\u00f1a\/AECID\",\"isPartOf\":{\"@id\":\"https:\/\/ccpe.org.ar\/web\/#website\"},\"primaryImageOfPage\":{\"@id\":\"https:\/\/ccpe.org.ar\/web\/actividades\/hija-de-la-laguna-cine-debate-con-gafas-ecofeministas\/#primaryimage\"},\"image\":{\"@id\":\"https:\/\/ccpe.org.ar\/web\/actividades\/hija-de-la-laguna-cine-debate-con-gafas-ecofeministas\/#primaryimage\"},\"thumbnailUrl\":\"https:\/\/ccpe.org.ar\/web\/wp-content\/uploads\/2019\/05\/hija-de-la-laguna.jpg\",\"datePublished\":\"2019-05-07T15:47:10+00:00\",\"dateModified\":\"2019-10-23T14:09:57+00:00\",\"breadcrumb\":{\"@id\":\"https:\/\/ccpe.org.ar\/web\/actividades\/hija-de-la-laguna-cine-debate-con-gafas-ecofeministas\/#breadcrumb\"},\"inLanguage\":\"es\",\"potentialAction\":[{\"@type\":\"ReadAction\",\"target\":[\"https:\/\/ccpe.org.ar\/web\/actividades\/hija-de-la-laguna-cine-debate-con-gafas-ecofeministas\/\"]}]},{\"@type\":\"ImageObject\",\"inLanguage\":\"es\",\"@id\":\"https:\/\/ccpe.org.ar\/web\/actividades\/hija-de-la-laguna-cine-debate-con-gafas-ecofeministas\/#primaryimage\",\"url\":\"https:\/\/ccpe.org.ar\/web\/wp-content\/uploads\/2019\/05\/hija-de-la-laguna.jpg\",\"contentUrl\":\"https:\/\/ccpe.org.ar\/web\/wp-content\/uploads\/2019\/05\/hija-de-la-laguna.jpg\",\"width\":500,\"height\":327,\"caption\":\"Hija de la Laguna\"},{\"@type\":\"BreadcrumbList\",\"@id\":\"https:\/\/ccpe.org.ar\/web\/actividades\/hija-de-la-laguna-cine-debate-con-gafas-ecofeministas\/#breadcrumb\",\"itemListElement\":[{\"@type\":\"ListItem\",\"position\":1,\"name\":\"Portada\",\"item\":\"https:\/\/ccpe.org.ar\/web\/\"},{\"@type\":\"ListItem\",\"position\":2,\"name\":\"Hija de la laguna. Cine-debate con gafas ecofeministas.\"}]},{\"@type\":\"WebSite\",\"@id\":\"https:\/\/ccpe.org.ar\/web\/#website\",\"url\":\"https:\/\/ccpe.org.ar\/web\/\",\"name\":\"Centro Cultural Parque de Espa\u00f1a\/AECID\",\"description\":\"Sitio web del Centro Cultural Parque de Espa\u00f1a\/AECID\",\"potentialAction\":[{\"@type\":\"SearchAction\",\"target\":{\"@type\":\"EntryPoint\",\"urlTemplate\":\"https:\/\/ccpe.org.ar\/web\/?s={search_term_string}\"},\"query-input\":{\"@type\":\"PropertyValueSpecification\",\"valueRequired\":true,\"valueName\":\"search_term_string\"}}],\"inLanguage\":\"es\"}]}<\/script>\n<!-- \/ Yoast SEO plugin. -->","yoast_head_json":{"title":"Hija de la laguna. Cine-debate con gafas ecofeministas. - Centro Cultural Parque de Espa\u00f1a\/AECID","robots":{"index":"index","follow":"follow","max-snippet":"max-snippet:-1","max-image-preview":"max-image-preview:large","max-video-preview":"max-video-preview:-1"},"canonical":"https:\/\/ccpe.org.ar\/web\/actividades\/hija-de-la-laguna-cine-debate-con-gafas-ecofeministas\/","og_locale":"es_ES","og_type":"article","og_title":"Hija de la laguna. Cine-debate con gafas ecofeministas. - Centro Cultural Parque de Espa\u00f1a\/AECID","og_description":"Primer encuentro del ciclo anual que tiene el objetivo de rescatar y hacer visibles los testimonios y el trabajo de las mujeres por la defensa de la naturaleza y los territorios mediante la proyecci\u00f3n de cortometrajes, documentales y pel\u00edculas, enmarcados en luchas socioambientales que tienen a mujeres como protagonistas. Cada encuentro contar\u00e1 con un panel [&hellip;]","og_url":"https:\/\/ccpe.org.ar\/web\/actividades\/hija-de-la-laguna-cine-debate-con-gafas-ecofeministas\/","og_site_name":"Centro Cultural Parque de Espa\u00f1a\/AECID","article_publisher":"https:\/\/www.facebook.com\/CCPErosario\/","article_modified_time":"2019-10-23T14:09:57+00:00","og_image":[{"width":500,"height":327,"url":"https:\/\/ccpe.org.ar\/web\/wp-content\/uploads\/2019\/05\/hija-de-la-laguna.jpg","type":"image\/jpeg"}],"twitter_card":"summary_large_image","twitter_site":"@ccpe","twitter_misc":{"Tiempo de lectura":"3 minutos"},"schema":{"@context":"https:\/\/schema.org","@graph":[{"@type":"WebPage","@id":"https:\/\/ccpe.org.ar\/web\/actividades\/hija-de-la-laguna-cine-debate-con-gafas-ecofeministas\/","url":"https:\/\/ccpe.org.ar\/web\/actividades\/hija-de-la-laguna-cine-debate-con-gafas-ecofeministas\/","name":"Hija de la laguna. Cine-debate con gafas ecofeministas. - Centro Cultural Parque de Espa\u00f1a\/AECID","isPartOf":{"@id":"https:\/\/ccpe.org.ar\/web\/#website"},"primaryImageOfPage":{"@id":"https:\/\/ccpe.org.ar\/web\/actividades\/hija-de-la-laguna-cine-debate-con-gafas-ecofeministas\/#primaryimage"},"image":{"@id":"https:\/\/ccpe.org.ar\/web\/actividades\/hija-de-la-laguna-cine-debate-con-gafas-ecofeministas\/#primaryimage"},"thumbnailUrl":"https:\/\/ccpe.org.ar\/web\/wp-content\/uploads\/2019\/05\/hija-de-la-laguna.jpg","datePublished":"2019-05-07T15:47:10+00:00","dateModified":"2019-10-23T14:09:57+00:00","breadcrumb":{"@id":"https:\/\/ccpe.org.ar\/web\/actividades\/hija-de-la-laguna-cine-debate-con-gafas-ecofeministas\/#breadcrumb"},"inLanguage":"es","potentialAction":[{"@type":"ReadAction","target":["https:\/\/ccpe.org.ar\/web\/actividades\/hija-de-la-laguna-cine-debate-con-gafas-ecofeministas\/"]}]},{"@type":"ImageObject","inLanguage":"es","@id":"https:\/\/ccpe.org.ar\/web\/actividades\/hija-de-la-laguna-cine-debate-con-gafas-ecofeministas\/#primaryimage","url":"https:\/\/ccpe.org.ar\/web\/wp-content\/uploads\/2019\/05\/hija-de-la-laguna.jpg","contentUrl":"https:\/\/ccpe.org.ar\/web\/wp-content\/uploads\/2019\/05\/hija-de-la-laguna.jpg","width":500,"height":327,"caption":"Hija de la Laguna"},{"@type":"BreadcrumbList","@id":"https:\/\/ccpe.org.ar\/web\/actividades\/hija-de-la-laguna-cine-debate-con-gafas-ecofeministas\/#breadcrumb","itemListElement":[{"@type":"ListItem","position":1,"name":"Portada","item":"https:\/\/ccpe.org.ar\/web\/"},{"@type":"ListItem","position":2,"name":"Hija de la laguna. Cine-debate con gafas ecofeministas."}]},{"@type":"WebSite","@id":"https:\/\/ccpe.org.ar\/web\/#website","url":"https:\/\/ccpe.org.ar\/web\/","name":"Centro Cultural Parque de Espa\u00f1a\/AECID","description":"Sitio web del Centro Cultural Parque de Espa\u00f1a\/AECID","potentialAction":[{"@type":"SearchAction","target":{"@type":"EntryPoint","urlTemplate":"https:\/\/ccpe.org.ar\/web\/?s={search_term_string}"},"query-input":{"@type":"PropertyValueSpecification","valueRequired":true,"valueName":"search_term_string"}}],"inLanguage":"es"}]}},"_links":{"self":[{"href":"https:\/\/ccpe.org.ar\/web\/wp-json\/wp\/v2\/mec-events\/271"}],"collection":[{"href":"https:\/\/ccpe.org.ar\/web\/wp-json\/wp\/v2\/mec-events"}],"about":[{"href":"https:\/\/ccpe.org.ar\/web\/wp-json\/wp\/v2\/types\/mec-events"}],"author":[{"embeddable":true,"href":"https:\/\/ccpe.org.ar\/web\/wp-json\/wp\/v2\/users\/1"}],"replies":[{"embeddable":true,"href":"https:\/\/ccpe.org.ar\/web\/wp-json\/wp\/v2\/comments?post=271"}],"wp:featuredmedia":[{"embeddable":true,"href":"https:\/\/ccpe.org.ar\/web\/wp-json\/wp\/v2\/media\/371"}],"wp:attachment":[{"href":"https:\/\/ccpe.org.ar\/web\/wp-json\/wp\/v2\/media?parent=271"}],"wp:term":[{"taxonomy":"post_tag","embeddable":true,"href":"https:\/\/ccpe.org.ar\/web\/wp-json\/wp\/v2\/tags?post=271"},{"taxonomy":"mec_category","embeddable":true,"href":"https:\/\/ccpe.org.ar\/web\/wp-json\/wp\/v2\/mec_category?post=271"}],"curies":[{"name":"wp","href":"https:\/\/api.w.org\/{rel}","templated":true}]}}