{"id":273,"date":"2019-05-07T13:42:07","date_gmt":"2019-05-07T16:42:07","guid":{"rendered":"http:\/\/ccpe.org.ar\/web\/?post_type=mec-events&#038;p=273"},"modified":"2019-10-23T11:10:27","modified_gmt":"2019-10-23T14:10:27","slug":"pensamiento-contemporaneo-un-festival-anfibio","status":"publish","type":"mec-events","link":"https:\/\/ccpe.org.ar\/web\/actividades\/pensamiento-contemporaneo-un-festival-anfibio\/","title":{"rendered":"Pensamiento Contempor\u00e1neo. Un festival anfibio"},"content":{"rendered":"<p dir=\"ltr\">El festival de esencia anfibia busca escapar de los formatos ret\u00f3ricos de las intervenciones p\u00fablicas. Las mesas compuestas por representantes de diversas disciplinas estar\u00e1n coordinadas por personalidades de la cultura capaces de poner en acci\u00f3n una conversaci\u00f3n \u00e1gil y vibrante sobre grandes temas del pensamiento contempor\u00e1neo.<\/p>\n","protected":false},"excerpt":{"rendered":"<p>El festival de esencia anfibia busca escapar de los formatos ret\u00f3ricos de las intervenciones p\u00fablicas. Las mesas compuestas por representantes de diversas disciplinas estar\u00e1n coordinadas por personalidades de la cultura capaces de poner en acci\u00f3n una conversaci\u00f3n \u00e1gil y vibrante sobre grandes temas del pensamiento contempor\u00e1neo.<\/p>\n","protected":false},"author":1,"featured_media":366,"comment_status":"closed","ping_status":"closed","template":"","tags":[],"mec_category":[20],"yoast_head":"<!-- This site is optimized with the Yoast SEO plugin v23.5 - https:\/\/yoast.com\/wordpress\/plugins\/seo\/ -->\n<title>Pensamiento Contempor\u00e1neo. Un festival anfibio - Centro Cultural Parque de Espa\u00f1a\/AECID<\/title>\n<meta name=\"robots\" content=\"index, follow, max-snippet:-1, max-image-preview:large, max-video-preview:-1\" \/>\n<link rel=\"canonical\" href=\"https:\/\/ccpe.org.ar\/web\/actividades\/pensamiento-contemporaneo-un-festival-anfibio\/\" \/>\n<meta property=\"og:locale\" content=\"es_ES\" \/>\n<meta property=\"og:type\" content=\"article\" \/>\n<meta property=\"og:title\" content=\"Pensamiento Contempor\u00e1neo. Un festival anfibio - Centro Cultural Parque de Espa\u00f1a\/AECID\" \/>\n<meta property=\"og:description\" content=\"El festival de esencia anfibia busca escapar de los formatos ret\u00f3ricos de las intervenciones p\u00fablicas. Las mesas compuestas por representantes de diversas disciplinas estar\u00e1n coordinadas por personalidades de la cultura capaces de poner en acci\u00f3n una conversaci\u00f3n \u00e1gil y vibrante sobre grandes temas del pensamiento contempor\u00e1neo.\" \/>\n<meta property=\"og:url\" content=\"https:\/\/ccpe.org.ar\/web\/actividades\/pensamiento-contemporaneo-un-festival-anfibio\/\" \/>\n<meta property=\"og:site_name\" content=\"Centro Cultural Parque de Espa\u00f1a\/AECID\" \/>\n<meta property=\"article:publisher\" content=\"https:\/\/www.facebook.com\/CCPErosario\/\" \/>\n<meta property=\"article:modified_time\" content=\"2019-10-23T14:10:27+00:00\" \/>\n<meta property=\"og:image\" content=\"https:\/\/ccpe.org.ar\/web\/wp-content\/uploads\/2019\/05\/a_anfibia-v-380x475.jpg\" \/>\n\t<meta property=\"og:image:width\" content=\"380\" \/>\n\t<meta property=\"og:image:height\" content=\"475\" \/>\n\t<meta property=\"og:image:type\" content=\"image\/jpeg\" \/>\n<meta name=\"twitter:card\" content=\"summary_large_image\" \/>\n<meta name=\"twitter:site\" content=\"@ccpe\" \/>\n<script type=\"application\/ld+json\" class=\"yoast-schema-graph\">{\"@context\":\"https:\/\/schema.org\",\"@graph\":[{\"@type\":\"WebPage\",\"@id\":\"https:\/\/ccpe.org.ar\/web\/actividades\/pensamiento-contemporaneo-un-festival-anfibio\/\",\"url\":\"https:\/\/ccpe.org.ar\/web\/actividades\/pensamiento-contemporaneo-un-festival-anfibio\/\",\"name\":\"Pensamiento Contempor\u00e1neo. Un festival anfibio - Centro Cultural Parque de Espa\u00f1a\/AECID\",\"isPartOf\":{\"@id\":\"https:\/\/ccpe.org.ar\/web\/#website\"},\"primaryImageOfPage\":{\"@id\":\"https:\/\/ccpe.org.ar\/web\/actividades\/pensamiento-contemporaneo-un-festival-anfibio\/#primaryimage\"},\"image\":{\"@id\":\"https:\/\/ccpe.org.ar\/web\/actividades\/pensamiento-contemporaneo-un-festival-anfibio\/#primaryimage\"},\"thumbnailUrl\":\"https:\/\/ccpe.org.ar\/web\/wp-content\/uploads\/2019\/05\/a_anfibia-v-380x475.jpg\",\"datePublished\":\"2019-05-07T16:42:07+00:00\",\"dateModified\":\"2019-10-23T14:10:27+00:00\",\"breadcrumb\":{\"@id\":\"https:\/\/ccpe.org.ar\/web\/actividades\/pensamiento-contemporaneo-un-festival-anfibio\/#breadcrumb\"},\"inLanguage\":\"es\",\"potentialAction\":[{\"@type\":\"ReadAction\",\"target\":[\"https:\/\/ccpe.org.ar\/web\/actividades\/pensamiento-contemporaneo-un-festival-anfibio\/\"]}]},{\"@type\":\"ImageObject\",\"inLanguage\":\"es\",\"@id\":\"https:\/\/ccpe.org.ar\/web\/actividades\/pensamiento-contemporaneo-un-festival-anfibio\/#primaryimage\",\"url\":\"https:\/\/ccpe.org.ar\/web\/wp-content\/uploads\/2019\/05\/a_anfibia-v-380x475.jpg\",\"contentUrl\":\"https:\/\/ccpe.org.ar\/web\/wp-content\/uploads\/2019\/05\/a_anfibia-v-380x475.jpg\",\"width\":380,\"height\":475,\"caption\":\"Anfibia\"},{\"@type\":\"BreadcrumbList\",\"@id\":\"https:\/\/ccpe.org.ar\/web\/actividades\/pensamiento-contemporaneo-un-festival-anfibio\/#breadcrumb\",\"itemListElement\":[{\"@type\":\"ListItem\",\"position\":1,\"name\":\"Portada\",\"item\":\"https:\/\/ccpe.org.ar\/web\/\"},{\"@type\":\"ListItem\",\"position\":2,\"name\":\"Pensamiento Contempor\u00e1neo. Un festival anfibio\"}]},{\"@type\":\"WebSite\",\"@id\":\"https:\/\/ccpe.org.ar\/web\/#website\",\"url\":\"https:\/\/ccpe.org.ar\/web\/\",\"name\":\"Centro Cultural Parque de Espa\u00f1a\/AECID\",\"description\":\"Sitio web del Centro Cultural Parque de Espa\u00f1a\/AECID\",\"potentialAction\":[{\"@type\":\"SearchAction\",\"target\":{\"@type\":\"EntryPoint\",\"urlTemplate\":\"https:\/\/ccpe.org.ar\/web\/?s={search_term_string}\"},\"query-input\":{\"@type\":\"PropertyValueSpecification\",\"valueRequired\":true,\"valueName\":\"search_term_string\"}}],\"inLanguage\":\"es\"}]}<\/script>\n<!-- \/ Yoast SEO plugin. -->","yoast_head_json":{"title":"Pensamiento Contempor\u00e1neo. Un festival anfibio - Centro Cultural Parque de Espa\u00f1a\/AECID","robots":{"index":"index","follow":"follow","max-snippet":"max-snippet:-1","max-image-preview":"max-image-preview:large","max-video-preview":"max-video-preview:-1"},"canonical":"https:\/\/ccpe.org.ar\/web\/actividades\/pensamiento-contemporaneo-un-festival-anfibio\/","og_locale":"es_ES","og_type":"article","og_title":"Pensamiento Contempor\u00e1neo. Un festival anfibio - Centro Cultural Parque de Espa\u00f1a\/AECID","og_description":"El festival de esencia anfibia busca escapar de los formatos ret\u00f3ricos de las intervenciones p\u00fablicas. Las mesas compuestas por representantes de diversas disciplinas estar\u00e1n coordinadas por personalidades de la cultura capaces de poner en acci\u00f3n una conversaci\u00f3n \u00e1gil y vibrante sobre grandes temas del pensamiento contempor\u00e1neo.","og_url":"https:\/\/ccpe.org.ar\/web\/actividades\/pensamiento-contemporaneo-un-festival-anfibio\/","og_site_name":"Centro Cultural Parque de Espa\u00f1a\/AECID","article_publisher":"https:\/\/www.facebook.com\/CCPErosario\/","article_modified_time":"2019-10-23T14:10:27+00:00","og_image":[{"width":380,"height":475,"url":"https:\/\/ccpe.org.ar\/web\/wp-content\/uploads\/2019\/05\/a_anfibia-v-380x475.jpg","type":"image\/jpeg"}],"twitter_card":"summary_large_image","twitter_site":"@ccpe","schema":{"@context":"https:\/\/schema.org","@graph":[{"@type":"WebPage","@id":"https:\/\/ccpe.org.ar\/web\/actividades\/pensamiento-contemporaneo-un-festival-anfibio\/","url":"https:\/\/ccpe.org.ar\/web\/actividades\/pensamiento-contemporaneo-un-festival-anfibio\/","name":"Pensamiento Contempor\u00e1neo. Un festival anfibio - Centro Cultural Parque de Espa\u00f1a\/AECID","isPartOf":{"@id":"https:\/\/ccpe.org.ar\/web\/#website"},"primaryImageOfPage":{"@id":"https:\/\/ccpe.org.ar\/web\/actividades\/pensamiento-contemporaneo-un-festival-anfibio\/#primaryimage"},"image":{"@id":"https:\/\/ccpe.org.ar\/web\/actividades\/pensamiento-contemporaneo-un-festival-anfibio\/#primaryimage"},"thumbnailUrl":"https:\/\/ccpe.org.ar\/web\/wp-content\/uploads\/2019\/05\/a_anfibia-v-380x475.jpg","datePublished":"2019-05-07T16:42:07+00:00","dateModified":"2019-10-23T14:10:27+00:00","breadcrumb":{"@id":"https:\/\/ccpe.org.ar\/web\/actividades\/pensamiento-contemporaneo-un-festival-anfibio\/#breadcrumb"},"inLanguage":"es","potentialAction":[{"@type":"ReadAction","target":["https:\/\/ccpe.org.ar\/web\/actividades\/pensamiento-contemporaneo-un-festival-anfibio\/"]}]},{"@type":"ImageObject","inLanguage":"es","@id":"https:\/\/ccpe.org.ar\/web\/actividades\/pensamiento-contemporaneo-un-festival-anfibio\/#primaryimage","url":"https:\/\/ccpe.org.ar\/web\/wp-content\/uploads\/2019\/05\/a_anfibia-v-380x475.jpg","contentUrl":"https:\/\/ccpe.org.ar\/web\/wp-content\/uploads\/2019\/05\/a_anfibia-v-380x475.jpg","width":380,"height":475,"caption":"Anfibia"},{"@type":"BreadcrumbList","@id":"https:\/\/ccpe.org.ar\/web\/actividades\/pensamiento-contemporaneo-un-festival-anfibio\/#breadcrumb","itemListElement":[{"@type":"ListItem","position":1,"name":"Portada","item":"https:\/\/ccpe.org.ar\/web\/"},{"@type":"ListItem","position":2,"name":"Pensamiento Contempor\u00e1neo. Un festival anfibio"}]},{"@type":"WebSite","@id":"https:\/\/ccpe.org.ar\/web\/#website","url":"https:\/\/ccpe.org.ar\/web\/","name":"Centro Cultural Parque de Espa\u00f1a\/AECID","description":"Sitio web del Centro Cultural Parque de Espa\u00f1a\/AECID","potentialAction":[{"@type":"SearchAction","target":{"@type":"EntryPoint","urlTemplate":"https:\/\/ccpe.org.ar\/web\/?s={search_term_string}"},"query-input":{"@type":"PropertyValueSpecification","valueRequired":true,"valueName":"search_term_string"}}],"inLanguage":"es"}]}},"_links":{"self":[{"href":"https:\/\/ccpe.org.ar\/web\/wp-json\/wp\/v2\/mec-events\/273"}],"collection":[{"href":"https:\/\/ccpe.org.ar\/web\/wp-json\/wp\/v2\/mec-events"}],"about":[{"href":"https:\/\/ccpe.org.ar\/web\/wp-json\/wp\/v2\/types\/mec-events"}],"author":[{"embeddable":true,"href":"https:\/\/ccpe.org.ar\/web\/wp-json\/wp\/v2\/users\/1"}],"replies":[{"embeddable":true,"href":"https:\/\/ccpe.org.ar\/web\/wp-json\/wp\/v2\/comments?post=273"}],"wp:featuredmedia":[{"embeddable":true,"href":"https:\/\/ccpe.org.ar\/web\/wp-json\/wp\/v2\/media\/366"}],"wp:attachment":[{"href":"https:\/\/ccpe.org.ar\/web\/wp-json\/wp\/v2\/media?parent=273"}],"wp:term":[{"taxonomy":"post_tag","embeddable":true,"href":"https:\/\/ccpe.org.ar\/web\/wp-json\/wp\/v2\/tags?post=273"},{"taxonomy":"mec_category","embeddable":true,"href":"https:\/\/ccpe.org.ar\/web\/wp-json\/wp\/v2\/mec_category?post=273"}],"curies":[{"name":"wp","href":"https:\/\/api.w.org\/{rel}","templated":true}]}}