{"id":2816,"date":"2021-04-08T10:45:09","date_gmt":"2021-04-08T13:45:09","guid":{"rendered":"https:\/\/ccpe.org.ar\/web\/?post_type=mec-events&#038;p=2816"},"modified":"2021-05-26T15:16:44","modified_gmt":"2021-05-26T18:16:44","slug":"aguas-en-conflicto-muestra-another-way","status":"publish","type":"mec-events","link":"https:\/\/ccpe.org.ar\/web\/actividades\/aguas-en-conflicto-muestra-another-way\/","title":{"rendered":"Aguas en conflicto. Muestra Another Way"},"content":{"rendered":"<p><span style=\"font-weight: 400;\">En el marco de la <a href=\"http:\/\/www.instagram.com\/@anotherwayff\">Muestra Another Way, <\/a>\u00a0transmitimos en vivo una mesa debate sobre la problem\u00e1tica local de la hidrov\u00eda del Paran\u00e1 junto a Carlos del Frade y Gisela Rausch y Ariel Ocantos del Taller Ecologista. Si te la perdiste, pod\u00e9s verla <a href=\"https:\/\/www.facebook.com\/CCPErosario\/videos\/252017413290965\">haciendo click aqu\u00ed.<\/a><\/span><\/p>\n<ul>\n<li style=\"font-weight: 400;\" aria-level=\"1\"><span style=\"font-weight: 400;\">Carlos del Frade<\/span><\/li>\n<\/ul>\n<p><span style=\"font-weight: 400;\">Periodista, escritor y pol\u00edtico argentino. Diputado provincial por el Frente Social y Popular en la Provincia de Santa Fe.<\/span><\/p>\n<ul>\n<li style=\"font-weight: 400;\" aria-level=\"1\"><span style=\"font-weight: 400;\">Gisela Rausch<\/span><\/li>\n<\/ul>\n<p><span style=\"font-weight: 400;\">Miembro del Taller Ecologista, Arquitecta y Doctora en Humanidades, Investigadora del CONICET. Participa del Programa Humedales Sin Fronteras, donde se especializa en problem\u00e1ticas territoriales vinculadas a la Hidrov\u00eda Paraguay Paran\u00e1.<\/span><\/p>\n<ul>\n<li style=\"font-weight: 400;\" aria-level=\"1\"><span style=\"font-weight: 400;\">Ariel Ocantos<\/span><\/li>\n<\/ul>\n<p><span style=\"font-weight: 400;\">Miembro de Taller Ecologista, participante del Programa Humedales Sin Fronteras, eje Hidrov\u00eda Paraguay-Paran\u00e1-IIRSA-COSIPLAN. Licenciado en Relaciones Internacionales. Becario doctoral del CONICET\/Universidad Nacional General Sarmiento y UBA. Docente UNR.<\/span><\/p>\n<p><span style=\"font-weight: 400;\">Coordinaron la actividad Daniel Romano y Natacha Kaplun de Ojo Verde \u2013 Cine Sociambiental.<\/span><\/p>\n<p>&nbsp;<\/p>\n<h1>Sobre la muestra virtual<\/h1>\n<p><span style=\"font-weight: 400;\">Se trat\u00f3 de una cuidada selecci\u00f3n de tres pel\u00edculas que conforman un ciclo con modalidad virtual en el que se abordan diferentes problem\u00e1ticas ambientales vinculadas al agua, como son el negocio de la pesca industrial, el extractivismo minero o el transporte mar\u00edtimo a nivel global.<\/span><\/p>\n<p>Las pel\u00edculas que la integraron fueron:<\/p>\n<h1>Freightened<\/h1>\n<p><span style=\"font-weight: 400;\">(2016, Espa\u00f1a\/ Francia, dirigida por Denis Delestrac)<\/span><\/p>\n<p><span style=\"font-weight: 400;\">El precio real del transporte mar\u00edtimo, su mec\u00e1nica, impacto y peligros, revelados en una audaz investigaci\u00f3n. A trav\u00e9s de una cinematograf\u00eda especialmente cuidada e im\u00e1genes impresionantes, Denis Delestrac (Banking Nature, Sand Wars) nos desvela una industria que, a pesar de ser poco conocida, suministra a 7 mil millones de humanos y es la clave de nuestra econom\u00eda, el medioambiente y el modelo de nuestra civilizaci\u00f3n.<\/span><\/p>\n<p><iframe loading=\"lazy\" title=\"YouTube video player\" src=\"https:\/\/www.youtube.com\/embed\/t4sjLVV-X1Y\" width=\"560\" height=\"315\" frameborder=\"0\" allowfullscreen=\"allowfullscreen\" data-mce-fragment=\"1\"><\/iframe><\/p>\n<p>&nbsp;<\/p>\n<p>&nbsp;<\/p>\n<h1>Desierto l\u00edquido<\/h1>\n<p><span style=\"font-weight: 400;\">(Espa\u00f1a, 2016, dirigido por Daniel Carrasco y Paula Azaola)<\/span><\/p>\n<p><span style=\"font-weight: 400;\">Hemos transformado el mar en un desierto l\u00edquido, mientras desaparece la pesca artesanal y sostenible. Adem\u00e1s, \u00c1frica alimenta a Europa mediante acuerdos que provocan desigualdades y migraciones. Importamos pescado, expulsamos personas. Grabado en Espa\u00f1a, Mauritania y Senegal, Desierto l\u00edquido analiza algunos problemas de la sobrepesca relacionados con la esquilmaci\u00f3n del recurso y el ciclo perverso que hay alrededor.<\/span><\/p>\n<p><iframe loading=\"lazy\" title=\"YouTube video player\" src=\"https:\/\/www.youtube.com\/embed\/gD-sSWziprw\" width=\"560\" height=\"315\" frameborder=\"0\" allowfullscreen=\"allowfullscreen\"><\/iframe><\/p>\n<p>&nbsp;<\/p>\n<h1>Hija de la laguna<\/h1>\n<p><span style=\"font-weight: 400;\">(2015, Per\u00fa, dirigida por Ernesto Cabellos)<\/span><\/p>\n<p><span style=\"font-weight: 400;\">N\u00e9lida, una mujer de los Andes, emplea sus facultades para enfrentarse a una minera que amenaza con destruir la laguna a la que considera su madre. Justo debajo de ella, yace un rico dep\u00f3sito de oro que enfrenta a los campesinos que temen quedarse sin agua ante los avances de la minera de oro m\u00e1s grande de Sudam\u00e9rica.<\/span><\/p>\n<p><iframe loading=\"lazy\" title=\"YouTube video player\" src=\"https:\/\/www.youtube.com\/embed\/aImvRiBBnCk\" width=\"560\" height=\"315\" frameborder=\"0\" allowfullscreen=\"allowfullscreen\"><\/iframe><\/p>\n<p>&nbsp;<\/p>\n<p>&nbsp;<\/p>\n<p>&nbsp;<\/p>\n<p>&nbsp;<\/p>\n<p><strong>Organiza Ojo Verde: Cine Socioambiental<\/strong><\/p>\n<p><span style=\"font-weight: 400;\">Colectiva sin fines de lucro, integrada por un conjunto de organizaciones gubernamentales, de la sociedad civil y personas independientes que a trav\u00e9s de producciones audiovisuales tiene como objetivo generar un espacio de encuentros para la reflexi\u00f3n y discusi\u00f3n sobre problem\u00e1ticas socioambientales y de derechos humanos para fomentar el esp\u00edritu cr\u00edtico, el intercambio de saberes y difundir investigaciones cient\u00edficas y conocimientos populares que permitan producir y pensar otras maneras de habitar nuestros territorios.<\/span><\/p>\n<p><span style=\"font-weight: 400;\">Integran Ojo Verde: Centro Cultural Parque de Espa\u00f1a \/ AMTRAM \/ Museo Provincial de Ciencias Naturales \u201cDr. \u00c1ngel Gallardo\u201d \/ Propuesta Sur \/ Paren de Fumigarnos \/ Biblioteca P\u00fablica Municipal Jos\u00e9 Manuel Estrada\/ Taller de Comunicaci\u00f3n Ambiental \/ Autoconvocades por los humedales \/ Galp\u00f3n 11 \/ Museo de la Memoria<\/span><\/p>\n<p>&nbsp;<\/p>\n<p><img loading=\"lazy\" decoding=\"async\" class=\"alignnone wp-image-2818 size-medium\" src=\"https:\/\/ccpe.org.ar\/web\/wp-content\/uploads\/2021\/04\/logo-awff-300x215.jpg\" alt=\"\" width=\"300\" height=\"215\" \/>\u00a0 \u00a0 \u00a0 \u00a0 \u00a0 \u00a0 \u00a0 \u00a0 \u00a0 \u00a0 <img loading=\"lazy\" decoding=\"async\" class=\"alignnone wp-image-2830\" src=\"https:\/\/ccpe.org.ar\/web\/wp-content\/uploads\/2021\/04\/OJO-VERDE-ORIGINAL-CS4-1-300x252.jpg\" alt=\"\" width=\"268\" height=\"225\" \/><\/p>\n","protected":false},"excerpt":{"rendered":"<p>Llegan a Rosario desde Espa\u00f1a tres pel\u00edculas que abordan diferentes problem\u00e1ticas ambientales vinculadas al agua.<\/p>\n","protected":false},"author":2,"featured_media":2817,"comment_status":"closed","ping_status":"closed","template":"","tags":[],"mec_category":[20],"yoast_head":"<!-- This site is optimized with the Yoast SEO plugin v23.5 - https:\/\/yoast.com\/wordpress\/plugins\/seo\/ -->\n<title>Aguas en conflicto. Muestra Another Way - Centro Cultural Parque de Espa\u00f1a\/AECID<\/title>\n<meta name=\"robots\" content=\"index, follow, max-snippet:-1, max-image-preview:large, max-video-preview:-1\" \/>\n<link rel=\"canonical\" href=\"https:\/\/ccpe.org.ar\/web\/actividades\/aguas-en-conflicto-muestra-another-way\/\" \/>\n<meta property=\"og:locale\" content=\"es_ES\" \/>\n<meta property=\"og:type\" content=\"article\" \/>\n<meta property=\"og:title\" content=\"Aguas en conflicto. Muestra Another Way - Centro Cultural Parque de Espa\u00f1a\/AECID\" \/>\n<meta property=\"og:description\" content=\"Llegan a Rosario desde Espa\u00f1a tres pel\u00edculas que abordan diferentes problem\u00e1ticas ambientales vinculadas al agua.\" \/>\n<meta property=\"og:url\" content=\"https:\/\/ccpe.org.ar\/web\/actividades\/aguas-en-conflicto-muestra-another-way\/\" \/>\n<meta property=\"og:site_name\" content=\"Centro Cultural Parque de Espa\u00f1a\/AECID\" \/>\n<meta property=\"article:publisher\" content=\"https:\/\/www.facebook.com\/CCPErosario\/\" \/>\n<meta property=\"article:modified_time\" content=\"2021-05-26T18:16:44+00:00\" \/>\n<meta property=\"og:image\" content=\"https:\/\/ccpe.org.ar\/web\/wp-content\/uploads\/2021\/04\/b_another_way.jpg\" \/>\n\t<meta property=\"og:image:width\" content=\"1080\" \/>\n\t<meta property=\"og:image:height\" content=\"600\" \/>\n\t<meta property=\"og:image:type\" content=\"image\/jpeg\" \/>\n<meta name=\"twitter:card\" content=\"summary_large_image\" \/>\n<meta name=\"twitter:site\" content=\"@ccpe\" \/>\n<meta name=\"twitter:label1\" content=\"Tiempo de lectura\" \/>\n\t<meta name=\"twitter:data1\" content=\"3 minutos\" \/>\n<script type=\"application\/ld+json\" class=\"yoast-schema-graph\">{\"@context\":\"https:\/\/schema.org\",\"@graph\":[{\"@type\":\"WebPage\",\"@id\":\"https:\/\/ccpe.org.ar\/web\/actividades\/aguas-en-conflicto-muestra-another-way\/\",\"url\":\"https:\/\/ccpe.org.ar\/web\/actividades\/aguas-en-conflicto-muestra-another-way\/\",\"name\":\"Aguas en conflicto. Muestra Another Way - Centro Cultural Parque de Espa\u00f1a\/AECID\",\"isPartOf\":{\"@id\":\"https:\/\/ccpe.org.ar\/web\/#website\"},\"primaryImageOfPage\":{\"@id\":\"https:\/\/ccpe.org.ar\/web\/actividades\/aguas-en-conflicto-muestra-another-way\/#primaryimage\"},\"image\":{\"@id\":\"https:\/\/ccpe.org.ar\/web\/actividades\/aguas-en-conflicto-muestra-another-way\/#primaryimage\"},\"thumbnailUrl\":\"https:\/\/ccpe.org.ar\/web\/wp-content\/uploads\/2021\/04\/b_another_way.jpg\",\"datePublished\":\"2021-04-08T13:45:09+00:00\",\"dateModified\":\"2021-05-26T18:16:44+00:00\",\"breadcrumb\":{\"@id\":\"https:\/\/ccpe.org.ar\/web\/actividades\/aguas-en-conflicto-muestra-another-way\/#breadcrumb\"},\"inLanguage\":\"es\",\"potentialAction\":[{\"@type\":\"ReadAction\",\"target\":[\"https:\/\/ccpe.org.ar\/web\/actividades\/aguas-en-conflicto-muestra-another-way\/\"]}]},{\"@type\":\"ImageObject\",\"inLanguage\":\"es\",\"@id\":\"https:\/\/ccpe.org.ar\/web\/actividades\/aguas-en-conflicto-muestra-another-way\/#primaryimage\",\"url\":\"https:\/\/ccpe.org.ar\/web\/wp-content\/uploads\/2021\/04\/b_another_way.jpg\",\"contentUrl\":\"https:\/\/ccpe.org.ar\/web\/wp-content\/uploads\/2021\/04\/b_another_way.jpg\",\"width\":1080,\"height\":600},{\"@type\":\"BreadcrumbList\",\"@id\":\"https:\/\/ccpe.org.ar\/web\/actividades\/aguas-en-conflicto-muestra-another-way\/#breadcrumb\",\"itemListElement\":[{\"@type\":\"ListItem\",\"position\":1,\"name\":\"Portada\",\"item\":\"https:\/\/ccpe.org.ar\/web\/\"},{\"@type\":\"ListItem\",\"position\":2,\"name\":\"Aguas en conflicto. Muestra Another Way\"}]},{\"@type\":\"WebSite\",\"@id\":\"https:\/\/ccpe.org.ar\/web\/#website\",\"url\":\"https:\/\/ccpe.org.ar\/web\/\",\"name\":\"Centro Cultural Parque de Espa\u00f1a\/AECID\",\"description\":\"Sitio web del Centro Cultural Parque de Espa\u00f1a\/AECID\",\"potentialAction\":[{\"@type\":\"SearchAction\",\"target\":{\"@type\":\"EntryPoint\",\"urlTemplate\":\"https:\/\/ccpe.org.ar\/web\/?s={search_term_string}\"},\"query-input\":{\"@type\":\"PropertyValueSpecification\",\"valueRequired\":true,\"valueName\":\"search_term_string\"}}],\"inLanguage\":\"es\"}]}<\/script>\n<!-- \/ Yoast SEO plugin. -->","yoast_head_json":{"title":"Aguas en conflicto. Muestra Another Way - Centro Cultural Parque de Espa\u00f1a\/AECID","robots":{"index":"index","follow":"follow","max-snippet":"max-snippet:-1","max-image-preview":"max-image-preview:large","max-video-preview":"max-video-preview:-1"},"canonical":"https:\/\/ccpe.org.ar\/web\/actividades\/aguas-en-conflicto-muestra-another-way\/","og_locale":"es_ES","og_type":"article","og_title":"Aguas en conflicto. Muestra Another Way - Centro Cultural Parque de Espa\u00f1a\/AECID","og_description":"Llegan a Rosario desde Espa\u00f1a tres pel\u00edculas que abordan diferentes problem\u00e1ticas ambientales vinculadas al agua.","og_url":"https:\/\/ccpe.org.ar\/web\/actividades\/aguas-en-conflicto-muestra-another-way\/","og_site_name":"Centro Cultural Parque de Espa\u00f1a\/AECID","article_publisher":"https:\/\/www.facebook.com\/CCPErosario\/","article_modified_time":"2021-05-26T18:16:44+00:00","og_image":[{"width":1080,"height":600,"url":"https:\/\/ccpe.org.ar\/web\/wp-content\/uploads\/2021\/04\/b_another_way.jpg","type":"image\/jpeg"}],"twitter_card":"summary_large_image","twitter_site":"@ccpe","twitter_misc":{"Tiempo de lectura":"3 minutos"},"schema":{"@context":"https:\/\/schema.org","@graph":[{"@type":"WebPage","@id":"https:\/\/ccpe.org.ar\/web\/actividades\/aguas-en-conflicto-muestra-another-way\/","url":"https:\/\/ccpe.org.ar\/web\/actividades\/aguas-en-conflicto-muestra-another-way\/","name":"Aguas en conflicto. Muestra Another Way - Centro Cultural Parque de Espa\u00f1a\/AECID","isPartOf":{"@id":"https:\/\/ccpe.org.ar\/web\/#website"},"primaryImageOfPage":{"@id":"https:\/\/ccpe.org.ar\/web\/actividades\/aguas-en-conflicto-muestra-another-way\/#primaryimage"},"image":{"@id":"https:\/\/ccpe.org.ar\/web\/actividades\/aguas-en-conflicto-muestra-another-way\/#primaryimage"},"thumbnailUrl":"https:\/\/ccpe.org.ar\/web\/wp-content\/uploads\/2021\/04\/b_another_way.jpg","datePublished":"2021-04-08T13:45:09+00:00","dateModified":"2021-05-26T18:16:44+00:00","breadcrumb":{"@id":"https:\/\/ccpe.org.ar\/web\/actividades\/aguas-en-conflicto-muestra-another-way\/#breadcrumb"},"inLanguage":"es","potentialAction":[{"@type":"ReadAction","target":["https:\/\/ccpe.org.ar\/web\/actividades\/aguas-en-conflicto-muestra-another-way\/"]}]},{"@type":"ImageObject","inLanguage":"es","@id":"https:\/\/ccpe.org.ar\/web\/actividades\/aguas-en-conflicto-muestra-another-way\/#primaryimage","url":"https:\/\/ccpe.org.ar\/web\/wp-content\/uploads\/2021\/04\/b_another_way.jpg","contentUrl":"https:\/\/ccpe.org.ar\/web\/wp-content\/uploads\/2021\/04\/b_another_way.jpg","width":1080,"height":600},{"@type":"BreadcrumbList","@id":"https:\/\/ccpe.org.ar\/web\/actividades\/aguas-en-conflicto-muestra-another-way\/#breadcrumb","itemListElement":[{"@type":"ListItem","position":1,"name":"Portada","item":"https:\/\/ccpe.org.ar\/web\/"},{"@type":"ListItem","position":2,"name":"Aguas en conflicto. Muestra Another Way"}]},{"@type":"WebSite","@id":"https:\/\/ccpe.org.ar\/web\/#website","url":"https:\/\/ccpe.org.ar\/web\/","name":"Centro Cultural Parque de Espa\u00f1a\/AECID","description":"Sitio web del Centro Cultural Parque de Espa\u00f1a\/AECID","potentialAction":[{"@type":"SearchAction","target":{"@type":"EntryPoint","urlTemplate":"https:\/\/ccpe.org.ar\/web\/?s={search_term_string}"},"query-input":{"@type":"PropertyValueSpecification","valueRequired":true,"valueName":"search_term_string"}}],"inLanguage":"es"}]}},"_links":{"self":[{"href":"https:\/\/ccpe.org.ar\/web\/wp-json\/wp\/v2\/mec-events\/2816"}],"collection":[{"href":"https:\/\/ccpe.org.ar\/web\/wp-json\/wp\/v2\/mec-events"}],"about":[{"href":"https:\/\/ccpe.org.ar\/web\/wp-json\/wp\/v2\/types\/mec-events"}],"author":[{"embeddable":true,"href":"https:\/\/ccpe.org.ar\/web\/wp-json\/wp\/v2\/users\/2"}],"replies":[{"embeddable":true,"href":"https:\/\/ccpe.org.ar\/web\/wp-json\/wp\/v2\/comments?post=2816"}],"wp:featuredmedia":[{"embeddable":true,"href":"https:\/\/ccpe.org.ar\/web\/wp-json\/wp\/v2\/media\/2817"}],"wp:attachment":[{"href":"https:\/\/ccpe.org.ar\/web\/wp-json\/wp\/v2\/media?parent=2816"}],"wp:term":[{"taxonomy":"post_tag","embeddable":true,"href":"https:\/\/ccpe.org.ar\/web\/wp-json\/wp\/v2\/tags?post=2816"},{"taxonomy":"mec_category","embeddable":true,"href":"https:\/\/ccpe.org.ar\/web\/wp-json\/wp\/v2\/mec_category?post=2816"}],"curies":[{"name":"wp","href":"https:\/\/api.w.org\/{rel}","templated":true}]}}