{"id":2839,"date":"2021-04-16T10:10:25","date_gmt":"2021-04-16T13:10:25","guid":{"rendered":"https:\/\/ccpe.org.ar\/web\/?post_type=mec-events&#038;p=2839"},"modified":"2021-05-22T11:40:58","modified_gmt":"2021-05-22T14:40:58","slug":"mujeres-de-palabra","status":"publish","type":"mec-events","link":"https:\/\/ccpe.org.ar\/web\/actividades\/mujeres-de-palabra\/","title":{"rendered":"Mujeres de Palabra"},"content":{"rendered":"<p><span style=\"font-weight: 400;\">Los Centros Culturales de Espa\u00f1a en Argentina presentan esta iniciativa que tiene por objeto difundir el trabajo de las mujeres en el panorama literario iberoamericano contempor\u00e1neo.<\/span><\/p>\n<p><span style=\"font-weight: 400;\">Del 20 al 23 de abril entrevistamos a escritoras de uno y otro lado del Atl\u00e1ntico para consultarlas sobre sus experiencias lectoras. Olga Novo, Selva Almada, Marta Sanz, Diana Bellesi, Sabina Urraca, Florencia Abbate, Mercedes Cebri\u00e1n y Eugenia Almeida nos hablan de sus influencias, de sus elecciones y hasta nos revelan algunos de sus secretos literarios mejor guardados.\u00a0<\/span><\/p>\n<p>&nbsp;<\/p>\n<p>&nbsp;<\/p>\n<p><strong>Olga Novo<\/strong><br \/>\n<span style=\"font-weight: 400;\">(Lugo, Galicia, Espa\u00f1a, 1975)<\/span><\/p>\n<p><iframe loading=\"lazy\" title=\"YouTube video player\" src=\"https:\/\/www.youtube.com\/embed\/us_Qrr4Mpdc\" width=\"560\" height=\"315\" frameborder=\"0\" allowfullscreen=\"allowfullscreen\"><\/iframe><\/p>\n<p><span style=\"font-weight: 400;\">Poeta, ensayista, traductora y cr\u00edtica literaria en lengua gallega. Es doctora en Filolog\u00eda gallega por la Universidad de Santiago de Compostela, y de Estudios Hisp\u00e1nicos por la de Rennes2 (Alta Breta\u00f1a). Es profesora de lengua gallega.<\/span><br \/>\n<span style=\"font-weight: 400;\">Public\u00f3 las obras <\/span><i><span style=\"font-weight: 400;\">Ux\u00edo Novoneyra. Lingua loaira<\/span><\/i><span style=\"font-weight: 400;\"> (2005, Premio \u00c1nxel Fole) y <\/span><i><span style=\"font-weight: 400;\">Leda m\u2019and\u2019eu. Er\u00f3tica medieval galaica <\/span><\/i><span style=\"font-weight: 400;\">(Premio de Historia Medieval de Galicia e Portugal, 2011), entre otras. Como traductora, es autora de la versi\u00f3n en castellano de las<\/span><i><span style=\"font-weight: 400;\"> Vidas imaginarias<\/span><\/i><span style=\"font-weight: 400;\">, de Marcel Schwob (KRK Edirores, 2009) y de <\/span><i><span style=\"font-weight: 400;\">El contradicurso de las mujeres. Historia del feminismo, de Carmen Blanco<\/span><\/i><span style=\"font-weight: 400;\"> (1997). Como poeta, adem\u00e1s de colaborar en numerosas revistas y antolog\u00edas, public\u00f3 las obras <\/span><i><span style=\"font-weight: 400;\">A teta sobre o sol<\/span><\/i><span style=\"font-weight: 400;\"> (1996), <\/span><i><span style=\"font-weight: 400;\">N\u00f3s nus<\/span><\/i><span style=\"font-weight: 400;\"> (Premio Losada Di\u00e9guez de Creaci\u00f3n, 1997), entre otros. En 2019 public\u00f3 <\/span><i><span style=\"font-weight: 400;\">Feliz Idade<\/span><\/i><span style=\"font-weight: 400;\">, por el que ha recibido el Premio al mejor libro gallego, el Premio de Cr\u00edtica espa\u00f1ola y el Premio Nacional de poes\u00eda.<\/span><\/p>\n<p>&nbsp;<\/p>\n<p><b>Eugenia Almeida<\/b><br \/>\n<span style=\"font-weight: 400;\">(C\u00f3rdoba, Argentina, 1972)\u00a0<\/span><\/p>\n<p><iframe loading=\"lazy\" title=\"YouTube video player\" src=\"https:\/\/www.youtube.com\/embed\/lo4jEsXtmBc\" width=\"560\" height=\"315\" frameborder=\"0\" allowfullscreen=\"allowfullscreen\"><\/iframe><\/p>\n<p><span style=\"font-weight: 400;\">Escritora y periodista, coordina talleres de lectura y cl\u00ednicas de escritura.<\/span><br \/>\n<span style=\"font-weight: 400;\">Se ha destacadaoncomo novelista de ficci\u00f3n y g\u00e9nero negro. Obtuvo varias distinciones por su obra a nivel nacional e internacional y algunas de sus obras fueron traducidas en varios idiomas.<\/span><br \/>\n<span style=\"font-weight: 400;\">Public\u00f3 <\/span><i><span style=\"font-weight: 400;\">El colectivo<\/span><\/i><span style=\"font-weight: 400;\"> (2005, Premio Internacional de Novela Dos Orillas organizado por el Sal\u00f3n del Libro Iberoamericano de Gij\u00f3n), que ha sido publicado en Argentina, Espa\u00f1a, Grecia, Islandia, Francia, Italia, Portugal y Austria. Su novela\u00a0<\/span><i><span style=\"font-weight: 400;\">La pieza del fondo<\/span><\/i><span style=\"font-weight: 400;\">, publicada en Francia y Argentina, fue finalista del Premio R\u00f3mulo Gallegos 2011. En 2015 public\u00f3\u00a0<\/span><i><span style=\"font-weight: 400;\">La boca de la tormenta<\/span><\/i><span style=\"font-weight: 400;\">\u00a0(Premio Alberto Burnich\u00f3n) y<\/span><i><span style=\"font-weight: 400;\">\u00a0La tensi\u00f3n del umbral<\/span><\/i><span style=\"font-weight: 400;\">\u00a0(Premio Transfuge a la mejor novela hisp\u00e1nica publicada en Francia). En 2019 public\u00f3 el libro de ensayos\u00a0<\/span><i><span style=\"font-weight: 400;\">Inundaci\u00f3n.\u00a0El lenguaje secreto del que estamos hechos.<\/span><\/i><\/p>\n<p>&nbsp;<\/p>\n<p><b>Diana Bellessi\u00a0<\/b><br \/>\n<span style=\"font-weight: 400;\">(Zavalla, Santa Fe, Argentina, 1946)<\/span><\/p>\n<p><iframe loading=\"lazy\" title=\"YouTube video player\" src=\"https:\/\/www.youtube.com\/embed\/nje3OH47wUU\" width=\"560\" height=\"315\" frameborder=\"0\" allowfullscreen=\"allowfullscreen\"><\/iframe><br \/>\n<span style=\"font-weight: 400;\">Es una de las m\u00e1s valoradas representantes de la poes\u00eda argentina contempor\u00e1nea. Estudi\u00f3 Filosof\u00eda en Rosario y entre 1969 a 1975 se dedic\u00f3 a\u00a0 recorrer Latinoam\u00e9rica, a pie. Public\u00f3<\/span><i><span style=\"font-weight: 400;\"> Tener lo que se tiene, poes\u00eda reunida<\/span><\/i><span style=\"font-weight: 400;\"> (Adriana Hidalgo editora, 2009), <\/span><i><span style=\"font-weight: 400;\">Variaciones de la luz<\/span><\/i><span style=\"font-weight: 400;\"> (Colecci\u00f3n Visor de poes\u00eda, 2011), <\/span><i><span style=\"font-weight: 400;\">Pasos de baile<\/span><\/i><span style=\"font-weight: 400;\"> (Adriana Hidalgo editora, 2015) y <\/span><i><span style=\"font-weight: 400;\">Fuerte como la muerte es el amor<\/span><\/i><span style=\"font-weight: 400;\"> (Adriana Hidalgo editora, 2018); <\/span><i><span style=\"font-weight: 400;\">Desnuda y aguda la dulzura de la vida<\/span><\/i><span style=\"font-weight: 400;\">, selecci\u00f3n y traducci\u00f3n de Mello Breyner (Adriana Hidalgo editora, 2002); <\/span><i><span style=\"font-weight: 400;\">Cont\u00e9stame, baila mi danza<\/span><\/i><span style=\"font-weight: 400;\">, selecci\u00f3n y traducci\u00f3n de poetas norteamericanas y notas (Salta el pez, 2019); y los libros de ensayos: <\/span><i><span style=\"font-weight: 400;\">Lo propio y lo ajeno<\/span><\/i><span style=\"font-weight: 400;\"> (Lom, 2006); <\/span><i><span style=\"font-weight: 400;\">La peque\u00f1a voz del mundo<\/span><\/i><span style=\"font-weight: 400;\"> (Taurus, 2011) y <\/span><i><span style=\"font-weight: 400;\">La piedra es el poema<\/span><\/i><span style=\"font-weight: 400;\"> (Espacio Hudson, 2014).\u00a0<\/span><br \/>\n<span style=\"font-weight: 400;\">Ganadora del Premio Nacional de Poes\u00eda 2011.\u00a0<\/span><\/p>\n<p>&nbsp;<\/p>\n<p><b>Sabina Urraca\u00a0<\/b><br \/>\n<span style=\"font-weight: 400;\">(San Sebasti\u00e1n, Espa\u00f1a, 1984)<\/span><\/p>\n<p><iframe loading=\"lazy\" title=\"YouTube video player\" src=\"https:\/\/www.youtube.com\/embed\/w63Pgg14KLg\" width=\"560\" height=\"315\" frameborder=\"0\" allowfullscreen=\"allowfullscreen\"><\/iframe><br \/>\n<span style=\"font-weight: 400;\">Escritora y periodista. Ha colaborado y colabora en diversos medios (El Pa\u00eds, Cineman\u00eda, Eldiario.es, Salvaje, Vice). Imparte talleres de escritura en la Escuela Fuentetaja y distintas instituciones culturales.<\/span><br \/>\n<span style=\"font-weight: 400;\">Public\u00f3 las novelas\u00a0<\/span><i><span style=\"font-weight: 400;\">Las ni\u00f1as prodigio<\/span><\/i><span style=\"font-weight: 400;\"> (Fulgencio Pimentel, 2017) y <\/span><i><span style=\"font-weight: 400;\">So\u00f1\u00f3 con la chica que robaba un caballo<\/span><\/i><span style=\"font-weight: 400;\"> (Lengua de trapo, 2021). Ha participado en diversas antolog\u00edas (<\/span><i><span style=\"font-weight: 400;\">La errabunda, Tranquilas. Historias para ir solas de noche<\/span><\/i><span style=\"font-weight: 400;\">). Es editora de <\/span><i><span style=\"font-weight: 400;\">Panza de Burro<\/span><\/i><span style=\"font-weight: 400;\">, de Andrea Abreu (Barrett, 2020).\u00a0<\/span><br \/>\n<span style=\"font-weight: 400;\">En 2021 ha recibido la beca de escritura de la Universidad de Iowa.\u00a0<\/span><\/p>\n<p>&nbsp;<\/p>\n<p><b>Marta Sanz<\/b><br \/>\n<span style=\"font-weight: 400;\">(Madrid, Espa\u00f1a, 1967)<\/span><\/p>\n<p><iframe loading=\"lazy\" title=\"YouTube video player\" src=\"https:\/\/www.youtube.com\/embed\/FVWR48s_H4Y\" width=\"560\" height=\"315\" frameborder=\"0\" allowfullscreen=\"allowfullscreen\"><\/iframe><\/p>\n<p><span style=\"font-weight: 400;\">Escritora y profesora espa\u00f1ola. Colabora en la cadena SER y con el diario El Pa\u00eds.\u00a0<\/span><br \/>\n<span style=\"font-weight: 400;\">Ha escrito decenas de novelas, poemarios y ensayos, y ha recibido premios como el Herralde de Novela, el Ojo cr\u00edtico de RNE, C\u00e1lamo, Tigre Juan, Premio de la cr\u00edtica de poes\u00eda de Madrid o el CEGAL, concedido por las librer\u00edas de Espa\u00f1a, por su ensayo <\/span><i><span style=\"font-weight: 400;\">Monstruas y centauras<\/span><\/i><span style=\"font-weight: 400;\">. Sus \u00faltimos t\u00edtulos son<\/span><i><span style=\"font-weight: 400;\"> La vida secreta de los gatos<\/span><\/i><span style=\"font-weight: 400;\">, poemario con ilustraciones de Ana Juan, y <\/span><i><span style=\"font-weight: 400;\">Peque\u00f1as mujeres rojas<\/span><\/i><span style=\"font-weight: 400;\"> (Anagrama), novela que acaba de ser nominada al prestigioso premio Hammett y que cierra la trilog\u00eda del detective Arturo Zarco. En mayo de 2020 public\u00f3 en Anagrama el diario <\/span><i><span style=\"font-weight: 400;\">Parte de m\u00ed<\/span><\/i><span style=\"font-weight: 400;\">, una pieza de car\u00e1cter autobiogr\u00e1fico como sus obras anteriores<\/span><i><span style=\"font-weight: 400;\"> La lecci\u00f3n de anatom\u00eda<\/span><\/i><span style=\"font-weight: 400;\"> y <\/span><i><span style=\"font-weight: 400;\">Clav\u00edcula<\/span><\/i><span style=\"font-weight: 400;\">.<\/span><\/p>\n<p>&nbsp;<\/p>\n<p><b>Selva Almada<\/b><span style=\"font-weight: 400;\">\u00a0<\/span><br \/>\n<span style=\"font-weight: 400;\">(Villa Elisa, Entre R\u00edos, Argentina, 1973)<\/span><\/p>\n<p><iframe loading=\"lazy\" title=\"YouTube video player\" src=\"https:\/\/www.youtube.com\/embed\/_ORd0XCj_Yg\" width=\"560\" height=\"315\" frameborder=\"0\" allowfullscreen=\"allowfullscreen\"><\/iframe><br \/>\n<span style=\"font-weight: 400;\">Escritora y militante feminista argentina, es considerada una de las voces m\u00e1s potentes de la narrativa argentina contempor\u00e1nea. Su obra ha sido traducida al ingl\u00e9s, franc\u00e9s, italiano, portugu\u00e9s y alem\u00e1n. Es autora de <\/span><i><span style=\"font-weight: 400;\">No es un r\u00edo<\/span><\/i><span style=\"font-weight: 400;\"> (2020), <\/span><i><span style=\"font-weight: 400;\">Los inocentes<\/span><\/i><span style=\"font-weight: 400;\"> (2019), <\/span><i><span style=\"font-weight: 400;\">El mono en el remolino<\/span><\/i><span style=\"font-weight: 400;\"> (2017), <\/span><i><span style=\"font-weight: 400;\">Chicas muertas<\/span><\/i><span style=\"font-weight: 400;\"> (2014),<\/span><i><span style=\"font-weight: 400;\"> Ladrilleros <\/span><\/i><span style=\"font-weight: 400;\">(2013) y <\/span><i><span style=\"font-weight: 400;\">El viento que arrasa<\/span><\/i><span style=\"font-weight: 400;\"> (2012) entre otros. Su obra est\u00e1 traducida al ingl\u00e9s, franc\u00e9s, alem\u00e1n, portugu\u00e9s, holand\u00e9s, sueco y turco.\u00a0<\/span><br \/>\n<span style=\"font-weight: 400;\">En 2019 recibi\u00f3 el First Book Award de la Feria Internacional del Libro de Edimburgo.<\/span><\/p>\n<p>&nbsp;<\/p>\n<p><b>Florencia Abbate\u00a0<\/b><br \/>\n<span style=\"font-weight: 400;\">(Buenos Aires, Argentina, 1976)\u00a0<\/span><\/p>\n<p><iframe loading=\"lazy\" title=\"YouTube video player\" src=\"https:\/\/www.youtube.com\/embed\/KAArv3Vcg4U\" width=\"560\" height=\"315\" frameborder=\"0\" allowfullscreen=\"allowfullscreen\"><\/iframe><br \/>\n<span style=\"font-weight: 400;\">Narradora, poeta y ensayista, se desempe\u00f1a tambi\u00e9n como periodista en diversos medios.\u00a0<\/span><br \/>\n<span style=\"font-weight: 400;\">Doctora en Letras e investigadora de literatura en el CONICET, entre sus libros m\u00e1s recientes se encuentran el ensayo <\/span><i><span style=\"font-weight: 400;\">Biblioteca feminista. Vidas, luchas y obras desde 1789 hasta hoy<\/span><\/i><span style=\"font-weight: 400;\"> (Planeta, 2020) y el libro de cuentos <\/span><i><span style=\"font-weight: 400;\">Felices hasta que amanezca<\/span><\/i><span style=\"font-weight: 400;\"> (Emec\u00e9, 2017). Tambi\u00e9n ha publicado las novelas <\/span><i><span style=\"font-weight: 400;\">El grito<\/span><\/i><span style=\"font-weight: 400;\"> y <\/span><i><span style=\"font-weight: 400;\">Magic Resort<\/span><\/i><span style=\"font-weight: 400;\">, los libros de poes\u00eda <\/span><i><span style=\"font-weight: 400;\">Puntos de fuga, Los transparentes<\/span><\/i><span style=\"font-weight: 400;\"> y <\/span><i><span style=\"font-weight: 400;\">Love song<\/span><\/i><span style=\"font-weight: 400;\"> (Buenos Aires Poetry, 2014), y los ensayos <\/span><i><span style=\"font-weight: 400;\">El espesor del presente. Tiempo e historia en las novelas de Juan Jos\u00e9 Saer<\/span><\/i><span style=\"font-weight: 400;\"> (Eduvim, 2015) y <\/span><i><span style=\"font-weight: 400;\">Deleuze para principiantes<\/span><\/i><span style=\"font-weight: 400;\">, entre otros.<\/span><\/p>\n<p>&nbsp;<\/p>\n<p><strong>Mercedes Cebri\u00e1n <\/strong><br \/>\n<span style=\"font-weight: 400;\">(Madrid, 1971)<\/span><\/p>\n<p><iframe loading=\"lazy\" title=\"YouTube video player\" src=\"https:\/\/www.youtube.com\/embed\/2kZ-JNA1jWk\" width=\"560\" height=\"315\" frameborder=\"0\" allowfullscreen=\"allowfullscreen\"><\/iframe><br \/>\n<span style=\"font-weight: 400;\">Escribe poes\u00eda, ficci\u00f3n, ensayo y cr\u00f3nica. Colabora con la revista Letras Libres y con los suplementos El Viajero y Babelia de El Pa\u00eds y Cultura\/s de La Vanguardia. Su \u00faltimo libro es el poemario Muchacha de Castilla (La Bella Varsovia, 2019). Ha participado en los festivales de poes\u00eda de Bogot\u00e1 (Colombia), Ptuj (Eslovenia) y Cosmopo\u00e9tica (C\u00f3rdoba, Espa\u00f1a). Ha sido escritora residente en la Academia de Espa\u00f1a en Roma y el museo MALBA de Buenos Aires, entre otras instituciones. Tiene un M\u00e1ster en Estudios hisp\u00e1nicos por la Universidad de Pennsylvania (EE.UU.). Durante 2018 fue la editora invitada del sello editorial Caballo de Troya (Penguin Random House).<\/span><\/p>\n<p>&nbsp;<\/p>\n<p><img loading=\"lazy\" decoding=\"async\" class=\"alignnone size-medium wp-image-2855\" src=\"https:\/\/ccpe.org.ar\/web\/wp-content\/uploads\/2021\/04\/insta_facebook-300x300.jpg\" alt=\"\" width=\"300\" height=\"300\" \/><\/p>\n","protected":false},"excerpt":{"rendered":"<p>Una iniciativa que tiene por objeto difundir el trabajo de las mujeres en el panorama literario iberoamericano contempor\u00e1neo.<\/p>\n","protected":false},"author":2,"featured_media":2840,"comment_status":"closed","ping_status":"closed","template":"","tags":[],"mec_category":[20],"yoast_head":"<!-- This site is optimized with the Yoast SEO plugin v23.5 - https:\/\/yoast.com\/wordpress\/plugins\/seo\/ -->\n<title>Mujeres de Palabra - Centro Cultural Parque de Espa\u00f1a\/AECID<\/title>\n<meta name=\"robots\" content=\"index, follow, max-snippet:-1, max-image-preview:large, max-video-preview:-1\" \/>\n<link rel=\"canonical\" href=\"https:\/\/ccpe.org.ar\/web\/actividades\/mujeres-de-palabra\/\" \/>\n<meta property=\"og:locale\" content=\"es_ES\" \/>\n<meta property=\"og:type\" content=\"article\" \/>\n<meta property=\"og:title\" content=\"Mujeres de Palabra - Centro Cultural Parque de Espa\u00f1a\/AECID\" \/>\n<meta property=\"og:description\" content=\"Una iniciativa que tiene por objeto difundir el trabajo de las mujeres en el panorama literario iberoamericano contempor\u00e1neo.\" \/>\n<meta property=\"og:url\" content=\"https:\/\/ccpe.org.ar\/web\/actividades\/mujeres-de-palabra\/\" \/>\n<meta property=\"og:site_name\" content=\"Centro Cultural Parque de Espa\u00f1a\/AECID\" \/>\n<meta property=\"article:publisher\" content=\"https:\/\/www.facebook.com\/CCPErosario\/\" \/>\n<meta property=\"article:modified_time\" content=\"2021-05-22T14:40:58+00:00\" \/>\n<meta property=\"og:image\" content=\"https:\/\/ccpe.org.ar\/web\/wp-content\/uploads\/2021\/04\/fondo_web.png\" \/>\n\t<meta property=\"og:image:width\" content=\"1478\" \/>\n\t<meta property=\"og:image:height\" content=\"824\" \/>\n\t<meta property=\"og:image:type\" content=\"image\/png\" \/>\n<meta name=\"twitter:card\" content=\"summary_large_image\" \/>\n<meta name=\"twitter:site\" content=\"@ccpe\" \/>\n<meta name=\"twitter:label1\" content=\"Tiempo de lectura\" \/>\n\t<meta name=\"twitter:data1\" content=\"5 minutos\" \/>\n<script type=\"application\/ld+json\" class=\"yoast-schema-graph\">{\"@context\":\"https:\/\/schema.org\",\"@graph\":[{\"@type\":\"WebPage\",\"@id\":\"https:\/\/ccpe.org.ar\/web\/actividades\/mujeres-de-palabra\/\",\"url\":\"https:\/\/ccpe.org.ar\/web\/actividades\/mujeres-de-palabra\/\",\"name\":\"Mujeres de Palabra - Centro Cultural Parque de Espa\u00f1a\/AECID\",\"isPartOf\":{\"@id\":\"https:\/\/ccpe.org.ar\/web\/#website\"},\"primaryImageOfPage\":{\"@id\":\"https:\/\/ccpe.org.ar\/web\/actividades\/mujeres-de-palabra\/#primaryimage\"},\"image\":{\"@id\":\"https:\/\/ccpe.org.ar\/web\/actividades\/mujeres-de-palabra\/#primaryimage\"},\"thumbnailUrl\":\"https:\/\/ccpe.org.ar\/web\/wp-content\/uploads\/2021\/04\/fondo_web.png\",\"datePublished\":\"2021-04-16T13:10:25+00:00\",\"dateModified\":\"2021-05-22T14:40:58+00:00\",\"breadcrumb\":{\"@id\":\"https:\/\/ccpe.org.ar\/web\/actividades\/mujeres-de-palabra\/#breadcrumb\"},\"inLanguage\":\"es\",\"potentialAction\":[{\"@type\":\"ReadAction\",\"target\":[\"https:\/\/ccpe.org.ar\/web\/actividades\/mujeres-de-palabra\/\"]}]},{\"@type\":\"ImageObject\",\"inLanguage\":\"es\",\"@id\":\"https:\/\/ccpe.org.ar\/web\/actividades\/mujeres-de-palabra\/#primaryimage\",\"url\":\"https:\/\/ccpe.org.ar\/web\/wp-content\/uploads\/2021\/04\/fondo_web.png\",\"contentUrl\":\"https:\/\/ccpe.org.ar\/web\/wp-content\/uploads\/2021\/04\/fondo_web.png\",\"width\":1478,\"height\":824},{\"@type\":\"BreadcrumbList\",\"@id\":\"https:\/\/ccpe.org.ar\/web\/actividades\/mujeres-de-palabra\/#breadcrumb\",\"itemListElement\":[{\"@type\":\"ListItem\",\"position\":1,\"name\":\"Portada\",\"item\":\"https:\/\/ccpe.org.ar\/web\/\"},{\"@type\":\"ListItem\",\"position\":2,\"name\":\"Mujeres de Palabra\"}]},{\"@type\":\"WebSite\",\"@id\":\"https:\/\/ccpe.org.ar\/web\/#website\",\"url\":\"https:\/\/ccpe.org.ar\/web\/\",\"name\":\"Centro Cultural Parque de Espa\u00f1a\/AECID\",\"description\":\"Sitio web del Centro Cultural Parque de Espa\u00f1a\/AECID\",\"potentialAction\":[{\"@type\":\"SearchAction\",\"target\":{\"@type\":\"EntryPoint\",\"urlTemplate\":\"https:\/\/ccpe.org.ar\/web\/?s={search_term_string}\"},\"query-input\":{\"@type\":\"PropertyValueSpecification\",\"valueRequired\":true,\"valueName\":\"search_term_string\"}}],\"inLanguage\":\"es\"}]}<\/script>\n<!-- \/ Yoast SEO plugin. -->","yoast_head_json":{"title":"Mujeres de Palabra - Centro Cultural Parque de Espa\u00f1a\/AECID","robots":{"index":"index","follow":"follow","max-snippet":"max-snippet:-1","max-image-preview":"max-image-preview:large","max-video-preview":"max-video-preview:-1"},"canonical":"https:\/\/ccpe.org.ar\/web\/actividades\/mujeres-de-palabra\/","og_locale":"es_ES","og_type":"article","og_title":"Mujeres de Palabra - Centro Cultural Parque de Espa\u00f1a\/AECID","og_description":"Una iniciativa que tiene por objeto difundir el trabajo de las mujeres en el panorama literario iberoamericano contempor\u00e1neo.","og_url":"https:\/\/ccpe.org.ar\/web\/actividades\/mujeres-de-palabra\/","og_site_name":"Centro Cultural Parque de Espa\u00f1a\/AECID","article_publisher":"https:\/\/www.facebook.com\/CCPErosario\/","article_modified_time":"2021-05-22T14:40:58+00:00","og_image":[{"width":1478,"height":824,"url":"https:\/\/ccpe.org.ar\/web\/wp-content\/uploads\/2021\/04\/fondo_web.png","type":"image\/png"}],"twitter_card":"summary_large_image","twitter_site":"@ccpe","twitter_misc":{"Tiempo de lectura":"5 minutos"},"schema":{"@context":"https:\/\/schema.org","@graph":[{"@type":"WebPage","@id":"https:\/\/ccpe.org.ar\/web\/actividades\/mujeres-de-palabra\/","url":"https:\/\/ccpe.org.ar\/web\/actividades\/mujeres-de-palabra\/","name":"Mujeres de Palabra - Centro Cultural Parque de Espa\u00f1a\/AECID","isPartOf":{"@id":"https:\/\/ccpe.org.ar\/web\/#website"},"primaryImageOfPage":{"@id":"https:\/\/ccpe.org.ar\/web\/actividades\/mujeres-de-palabra\/#primaryimage"},"image":{"@id":"https:\/\/ccpe.org.ar\/web\/actividades\/mujeres-de-palabra\/#primaryimage"},"thumbnailUrl":"https:\/\/ccpe.org.ar\/web\/wp-content\/uploads\/2021\/04\/fondo_web.png","datePublished":"2021-04-16T13:10:25+00:00","dateModified":"2021-05-22T14:40:58+00:00","breadcrumb":{"@id":"https:\/\/ccpe.org.ar\/web\/actividades\/mujeres-de-palabra\/#breadcrumb"},"inLanguage":"es","potentialAction":[{"@type":"ReadAction","target":["https:\/\/ccpe.org.ar\/web\/actividades\/mujeres-de-palabra\/"]}]},{"@type":"ImageObject","inLanguage":"es","@id":"https:\/\/ccpe.org.ar\/web\/actividades\/mujeres-de-palabra\/#primaryimage","url":"https:\/\/ccpe.org.ar\/web\/wp-content\/uploads\/2021\/04\/fondo_web.png","contentUrl":"https:\/\/ccpe.org.ar\/web\/wp-content\/uploads\/2021\/04\/fondo_web.png","width":1478,"height":824},{"@type":"BreadcrumbList","@id":"https:\/\/ccpe.org.ar\/web\/actividades\/mujeres-de-palabra\/#breadcrumb","itemListElement":[{"@type":"ListItem","position":1,"name":"Portada","item":"https:\/\/ccpe.org.ar\/web\/"},{"@type":"ListItem","position":2,"name":"Mujeres de Palabra"}]},{"@type":"WebSite","@id":"https:\/\/ccpe.org.ar\/web\/#website","url":"https:\/\/ccpe.org.ar\/web\/","name":"Centro Cultural Parque de Espa\u00f1a\/AECID","description":"Sitio web del Centro Cultural Parque de Espa\u00f1a\/AECID","potentialAction":[{"@type":"SearchAction","target":{"@type":"EntryPoint","urlTemplate":"https:\/\/ccpe.org.ar\/web\/?s={search_term_string}"},"query-input":{"@type":"PropertyValueSpecification","valueRequired":true,"valueName":"search_term_string"}}],"inLanguage":"es"}]}},"_links":{"self":[{"href":"https:\/\/ccpe.org.ar\/web\/wp-json\/wp\/v2\/mec-events\/2839"}],"collection":[{"href":"https:\/\/ccpe.org.ar\/web\/wp-json\/wp\/v2\/mec-events"}],"about":[{"href":"https:\/\/ccpe.org.ar\/web\/wp-json\/wp\/v2\/types\/mec-events"}],"author":[{"embeddable":true,"href":"https:\/\/ccpe.org.ar\/web\/wp-json\/wp\/v2\/users\/2"}],"replies":[{"embeddable":true,"href":"https:\/\/ccpe.org.ar\/web\/wp-json\/wp\/v2\/comments?post=2839"}],"wp:featuredmedia":[{"embeddable":true,"href":"https:\/\/ccpe.org.ar\/web\/wp-json\/wp\/v2\/media\/2840"}],"wp:attachment":[{"href":"https:\/\/ccpe.org.ar\/web\/wp-json\/wp\/v2\/media?parent=2839"}],"wp:term":[{"taxonomy":"post_tag","embeddable":true,"href":"https:\/\/ccpe.org.ar\/web\/wp-json\/wp\/v2\/tags?post=2839"},{"taxonomy":"mec_category","embeddable":true,"href":"https:\/\/ccpe.org.ar\/web\/wp-json\/wp\/v2\/mec_category?post=2839"}],"curies":[{"name":"wp","href":"https:\/\/api.w.org\/{rel}","templated":true}]}}