{"id":2961,"date":"2021-06-10T15:48:29","date_gmt":"2021-06-10T18:48:29","guid":{"rendered":"https:\/\/ccpe.org.ar\/web\/?post_type=mec-events&#038;p=2961"},"modified":"2021-06-15T11:29:20","modified_gmt":"2021-06-15T14:29:20","slug":"tiempo-de-labranza","status":"publish","type":"mec-events","link":"https:\/\/ccpe.org.ar\/web\/actividades\/tiempo-de-labranza\/","title":{"rendered":"Tiempo de labranza"},"content":{"rendered":"<p><span style=\"font-weight: 400;\">En el marco del D\u00eda Mundial del Medio Ambiente, Ojo Verde. Cine Socioambiental presenta un encuentro virtual sobre alimentaci\u00f3n saludable de cercan\u00eda, a partir de la pel\u00edcula Agroecolog\u00eda. Tiempo de Labranza.<\/span><\/p>\n<p><strong>Documental<\/strong><\/p>\n<p><span style=\"font-weight: 400;\">Link para ver la pel\u00edcula: <a href=\"https:\/\/www.youtube.com\/watch?v=w1egRZ6EVSc&amp;t=464s\">https:\/\/www.youtube.com\/watch?v=w1egRZ6EVSc&amp;amp;t=464s<\/a><\/span><\/p>\n<p><strong>Sinopsis<\/strong><\/p>\n<p><span style=\"font-weight: 400;\">A partir de las diferentes experiencias concretas de desarrollos agroecol\u00f3gicos, <\/span><span style=\"font-weight: 400;\">en este documental se despliega y afirma, no solamente la necesidad, sino tambi\u00e9n la <\/span><span style=\"font-weight: 400;\">posibilidad, de trabajar con firmeza por una agricultura que se ubique muy lejos de los <\/span><span style=\"font-weight: 400;\">agronegocios y muy cerca de nuestras comunidades.<\/span><\/p>\n<p><span style=\"font-weight: 400;\">Argentina, 2017<\/span><br \/>\n<span style=\"font-weight: 400;\">Gui\u00f3n y Direcci\u00f3n: Miguel Mirra <\/span><span style=\"font-weight: 400;\">Producido por: la Uni\u00f3n Solidaria de Trabajadores, con producci\u00f3n ejecutiva de Susana <\/span><span style=\"font-weight: 400;\">Moreira.<\/span><br \/>\n<span style=\"font-weight: 400;\">Duraci\u00f3n: 63 minutos.<\/span><\/p>\n<p><strong>Mesa debate<\/strong><\/p>\n<p><span style=\"font-weight: 400;\">Jueves 24 de junio a las 19 h. <\/span><span style=\"font-weight: 400;\">Desde el Facebook Live del @MuseodelaMemoria se podr\u00e1 participar de la actividad, en la <\/span><span style=\"font-weight: 400;\">que conversaremos en torno a la soberan\u00eda alimentaria y la agroecolog\u00eda como modelos <\/span><span style=\"font-weight: 400;\">alternativos saludables y sostenibles frente al agronegocio y en relaci\u00f3n al conflicto de la <\/span><span style=\"font-weight: 400;\">mal llamada hidrov\u00eda.<\/span><\/p>\n<p><span style=\"font-weight: 400;\">La mesa contar\u00e1 con la participaci\u00f3n de:<\/span><\/p>\n<ul>\n<li><span style=\"font-weight: 400;\">Miguel Mirra, documentalista y escritor. Director y guionista del documental.<\/span><\/li>\n<li><span style=\"font-weight: 400;\">Andrea Tortorolo, ingeniera agr\u00f3noma, docente, productora agroecol\u00f3gica, integrante del <\/span><span style=\"font-weight: 400;\">grupo socioambiental Ecos de Saladillo.<\/span><\/li>\n<li><span style=\"font-weight: 400;\">Eduardo Spiaggi, docente e Investigador de la Facultad de Ciencias Veterinarias (UNR). <\/span><span style=\"font-weight: 400;\">Especialista en Agroecolog\u00eda.<\/span><\/li>\n<li><span style=\"font-weight: 400;\">Coordinaci\u00f3n: Cecilia Navarrete y Leandro Rovere de Ojo Verde. Cine Socioambiental<\/span><\/li>\n<\/ul>\n<p>&nbsp;<\/p>\n<p><strong>Organiza Ojo Verde: Cine Socioambiental<\/strong><\/p>\n<p><span style=\"font-weight: 400;\">Colectiva sin fines de lucro, integrada por un conjunto de organizaciones <\/span><span style=\"font-weight: 400;\">gubernamentales, de la sociedad civil y personas independientes que a trav\u00e9s de <\/span><span style=\"font-weight: 400;\">producciones audiovisuales tiene como objetivo generar un espacio de encuentros para la <\/span><span style=\"font-weight: 400;\">reflexi\u00f3n y discusi\u00f3n sobre problem\u00e1ticas socioambientales y de derechos humanos para <\/span><span style=\"font-weight: 400;\">fomentar el esp\u00edritu cr\u00edtico, el intercambio de saberes y difundir investigaciones cient\u00edficas <\/span><span style=\"font-weight: 400;\">y saberes populares que permitan producir y pensar otras maneras de habitar nuestros <\/span><span style=\"font-weight: 400;\">territorios.<\/span><br \/>\n<span style=\"font-weight: 400;\">Integran Ojo Verde: Centro Cultural Parque de Espa\u00f1a \/ AMTRAM \/ Museo Provincial de <\/span><span style=\"font-weight: 400;\">Ciencias Naturales \u201cDr. \u00c1ngel Gallardo\u201d \/ Propuesta Sur \/ Paren de Fumigarnos\/ Biblioteca <\/span><span style=\"font-weight: 400;\">P\u00fablica Municipal Jos\u00e9 Manuel Estrada\/ Taller de Comunicaci\u00f3n Ambiental \/ Galp\u00f3n 11 \/ <\/span><span style=\"font-weight: 400;\">Museo de la Memoria \/ y personas comprometidas con las problem\u00e1ticas <\/span><span style=\"font-weight: 400;\">socioambientales.<\/span><\/p>\n","protected":false},"excerpt":{"rendered":"<p>En el marco del D\u00eda del Medio Ambiente, Ojo Verde. Cine Socioambiental presenta un encuentro virtual sobre alimentaci\u00f3n saludable de cercan\u00eda.<\/p>\n","protected":false},"author":2,"featured_media":2963,"comment_status":"closed","ping_status":"closed","template":"","tags":[],"mec_category":[20,19],"yoast_head":"<!-- This site is optimized with the Yoast SEO plugin v23.5 - https:\/\/yoast.com\/wordpress\/plugins\/seo\/ -->\n<title>Tiempo de labranza - Centro Cultural Parque de Espa\u00f1a\/AECID<\/title>\n<meta name=\"robots\" content=\"index, follow, max-snippet:-1, max-image-preview:large, max-video-preview:-1\" \/>\n<link rel=\"canonical\" href=\"https:\/\/ccpe.org.ar\/web\/actividades\/tiempo-de-labranza\/\" \/>\n<meta property=\"og:locale\" content=\"es_ES\" \/>\n<meta property=\"og:type\" content=\"article\" \/>\n<meta property=\"og:title\" content=\"Tiempo de labranza - Centro Cultural Parque de Espa\u00f1a\/AECID\" \/>\n<meta property=\"og:description\" content=\"En el marco del D\u00eda del Medio Ambiente, Ojo Verde. Cine Socioambiental presenta un encuentro virtual sobre alimentaci\u00f3n saludable de cercan\u00eda.\" \/>\n<meta property=\"og:url\" content=\"https:\/\/ccpe.org.ar\/web\/actividades\/tiempo-de-labranza\/\" \/>\n<meta property=\"og:site_name\" content=\"Centro Cultural Parque de Espa\u00f1a\/AECID\" \/>\n<meta property=\"article:publisher\" content=\"https:\/\/www.facebook.com\/CCPErosario\/\" \/>\n<meta property=\"article:modified_time\" content=\"2021-06-15T14:29:20+00:00\" \/>\n<meta property=\"og:image\" content=\"https:\/\/ccpe.org.ar\/web\/wp-content\/uploads\/2021\/06\/b_tiempo_de_labranza.jpg\" \/>\n\t<meta property=\"og:image:width\" content=\"1080\" \/>\n\t<meta property=\"og:image:height\" content=\"600\" \/>\n\t<meta property=\"og:image:type\" content=\"image\/jpeg\" \/>\n<meta name=\"twitter:card\" content=\"summary_large_image\" \/>\n<meta name=\"twitter:site\" content=\"@ccpe\" \/>\n<meta name=\"twitter:label1\" content=\"Tiempo de lectura\" \/>\n\t<meta name=\"twitter:data1\" content=\"2 minutos\" \/>\n<script type=\"application\/ld+json\" class=\"yoast-schema-graph\">{\"@context\":\"https:\/\/schema.org\",\"@graph\":[{\"@type\":\"WebPage\",\"@id\":\"https:\/\/ccpe.org.ar\/web\/actividades\/tiempo-de-labranza\/\",\"url\":\"https:\/\/ccpe.org.ar\/web\/actividades\/tiempo-de-labranza\/\",\"name\":\"Tiempo de labranza - Centro Cultural Parque de Espa\u00f1a\/AECID\",\"isPartOf\":{\"@id\":\"https:\/\/ccpe.org.ar\/web\/#website\"},\"primaryImageOfPage\":{\"@id\":\"https:\/\/ccpe.org.ar\/web\/actividades\/tiempo-de-labranza\/#primaryimage\"},\"image\":{\"@id\":\"https:\/\/ccpe.org.ar\/web\/actividades\/tiempo-de-labranza\/#primaryimage\"},\"thumbnailUrl\":\"https:\/\/ccpe.org.ar\/web\/wp-content\/uploads\/2021\/06\/b_tiempo_de_labranza.jpg\",\"datePublished\":\"2021-06-10T18:48:29+00:00\",\"dateModified\":\"2021-06-15T14:29:20+00:00\",\"breadcrumb\":{\"@id\":\"https:\/\/ccpe.org.ar\/web\/actividades\/tiempo-de-labranza\/#breadcrumb\"},\"inLanguage\":\"es\",\"potentialAction\":[{\"@type\":\"ReadAction\",\"target\":[\"https:\/\/ccpe.org.ar\/web\/actividades\/tiempo-de-labranza\/\"]}]},{\"@type\":\"ImageObject\",\"inLanguage\":\"es\",\"@id\":\"https:\/\/ccpe.org.ar\/web\/actividades\/tiempo-de-labranza\/#primaryimage\",\"url\":\"https:\/\/ccpe.org.ar\/web\/wp-content\/uploads\/2021\/06\/b_tiempo_de_labranza.jpg\",\"contentUrl\":\"https:\/\/ccpe.org.ar\/web\/wp-content\/uploads\/2021\/06\/b_tiempo_de_labranza.jpg\",\"width\":1080,\"height\":600},{\"@type\":\"BreadcrumbList\",\"@id\":\"https:\/\/ccpe.org.ar\/web\/actividades\/tiempo-de-labranza\/#breadcrumb\",\"itemListElement\":[{\"@type\":\"ListItem\",\"position\":1,\"name\":\"Portada\",\"item\":\"https:\/\/ccpe.org.ar\/web\/\"},{\"@type\":\"ListItem\",\"position\":2,\"name\":\"Tiempo de labranza\"}]},{\"@type\":\"WebSite\",\"@id\":\"https:\/\/ccpe.org.ar\/web\/#website\",\"url\":\"https:\/\/ccpe.org.ar\/web\/\",\"name\":\"Centro Cultural Parque de Espa\u00f1a\/AECID\",\"description\":\"Sitio web del Centro Cultural Parque de Espa\u00f1a\/AECID\",\"potentialAction\":[{\"@type\":\"SearchAction\",\"target\":{\"@type\":\"EntryPoint\",\"urlTemplate\":\"https:\/\/ccpe.org.ar\/web\/?s={search_term_string}\"},\"query-input\":{\"@type\":\"PropertyValueSpecification\",\"valueRequired\":true,\"valueName\":\"search_term_string\"}}],\"inLanguage\":\"es\"}]}<\/script>\n<!-- \/ Yoast SEO plugin. -->","yoast_head_json":{"title":"Tiempo de labranza - Centro Cultural Parque de Espa\u00f1a\/AECID","robots":{"index":"index","follow":"follow","max-snippet":"max-snippet:-1","max-image-preview":"max-image-preview:large","max-video-preview":"max-video-preview:-1"},"canonical":"https:\/\/ccpe.org.ar\/web\/actividades\/tiempo-de-labranza\/","og_locale":"es_ES","og_type":"article","og_title":"Tiempo de labranza - Centro Cultural Parque de Espa\u00f1a\/AECID","og_description":"En el marco del D\u00eda del Medio Ambiente, Ojo Verde. Cine Socioambiental presenta un encuentro virtual sobre alimentaci\u00f3n saludable de cercan\u00eda.","og_url":"https:\/\/ccpe.org.ar\/web\/actividades\/tiempo-de-labranza\/","og_site_name":"Centro Cultural Parque de Espa\u00f1a\/AECID","article_publisher":"https:\/\/www.facebook.com\/CCPErosario\/","article_modified_time":"2021-06-15T14:29:20+00:00","og_image":[{"width":1080,"height":600,"url":"https:\/\/ccpe.org.ar\/web\/wp-content\/uploads\/2021\/06\/b_tiempo_de_labranza.jpg","type":"image\/jpeg"}],"twitter_card":"summary_large_image","twitter_site":"@ccpe","twitter_misc":{"Tiempo de lectura":"2 minutos"},"schema":{"@context":"https:\/\/schema.org","@graph":[{"@type":"WebPage","@id":"https:\/\/ccpe.org.ar\/web\/actividades\/tiempo-de-labranza\/","url":"https:\/\/ccpe.org.ar\/web\/actividades\/tiempo-de-labranza\/","name":"Tiempo de labranza - Centro Cultural Parque de Espa\u00f1a\/AECID","isPartOf":{"@id":"https:\/\/ccpe.org.ar\/web\/#website"},"primaryImageOfPage":{"@id":"https:\/\/ccpe.org.ar\/web\/actividades\/tiempo-de-labranza\/#primaryimage"},"image":{"@id":"https:\/\/ccpe.org.ar\/web\/actividades\/tiempo-de-labranza\/#primaryimage"},"thumbnailUrl":"https:\/\/ccpe.org.ar\/web\/wp-content\/uploads\/2021\/06\/b_tiempo_de_labranza.jpg","datePublished":"2021-06-10T18:48:29+00:00","dateModified":"2021-06-15T14:29:20+00:00","breadcrumb":{"@id":"https:\/\/ccpe.org.ar\/web\/actividades\/tiempo-de-labranza\/#breadcrumb"},"inLanguage":"es","potentialAction":[{"@type":"ReadAction","target":["https:\/\/ccpe.org.ar\/web\/actividades\/tiempo-de-labranza\/"]}]},{"@type":"ImageObject","inLanguage":"es","@id":"https:\/\/ccpe.org.ar\/web\/actividades\/tiempo-de-labranza\/#primaryimage","url":"https:\/\/ccpe.org.ar\/web\/wp-content\/uploads\/2021\/06\/b_tiempo_de_labranza.jpg","contentUrl":"https:\/\/ccpe.org.ar\/web\/wp-content\/uploads\/2021\/06\/b_tiempo_de_labranza.jpg","width":1080,"height":600},{"@type":"BreadcrumbList","@id":"https:\/\/ccpe.org.ar\/web\/actividades\/tiempo-de-labranza\/#breadcrumb","itemListElement":[{"@type":"ListItem","position":1,"name":"Portada","item":"https:\/\/ccpe.org.ar\/web\/"},{"@type":"ListItem","position":2,"name":"Tiempo de labranza"}]},{"@type":"WebSite","@id":"https:\/\/ccpe.org.ar\/web\/#website","url":"https:\/\/ccpe.org.ar\/web\/","name":"Centro Cultural Parque de Espa\u00f1a\/AECID","description":"Sitio web del Centro Cultural Parque de Espa\u00f1a\/AECID","potentialAction":[{"@type":"SearchAction","target":{"@type":"EntryPoint","urlTemplate":"https:\/\/ccpe.org.ar\/web\/?s={search_term_string}"},"query-input":{"@type":"PropertyValueSpecification","valueRequired":true,"valueName":"search_term_string"}}],"inLanguage":"es"}]}},"_links":{"self":[{"href":"https:\/\/ccpe.org.ar\/web\/wp-json\/wp\/v2\/mec-events\/2961"}],"collection":[{"href":"https:\/\/ccpe.org.ar\/web\/wp-json\/wp\/v2\/mec-events"}],"about":[{"href":"https:\/\/ccpe.org.ar\/web\/wp-json\/wp\/v2\/types\/mec-events"}],"author":[{"embeddable":true,"href":"https:\/\/ccpe.org.ar\/web\/wp-json\/wp\/v2\/users\/2"}],"replies":[{"embeddable":true,"href":"https:\/\/ccpe.org.ar\/web\/wp-json\/wp\/v2\/comments?post=2961"}],"wp:featuredmedia":[{"embeddable":true,"href":"https:\/\/ccpe.org.ar\/web\/wp-json\/wp\/v2\/media\/2963"}],"wp:attachment":[{"href":"https:\/\/ccpe.org.ar\/web\/wp-json\/wp\/v2\/media?parent=2961"}],"wp:term":[{"taxonomy":"post_tag","embeddable":true,"href":"https:\/\/ccpe.org.ar\/web\/wp-json\/wp\/v2\/tags?post=2961"},{"taxonomy":"mec_category","embeddable":true,"href":"https:\/\/ccpe.org.ar\/web\/wp-json\/wp\/v2\/mec_category?post=2961"}],"curies":[{"name":"wp","href":"https:\/\/api.w.org\/{rel}","templated":true}]}}