{"id":3168,"date":"2021-08-17T21:05:24","date_gmt":"2021-08-18T00:05:24","guid":{"rendered":"https:\/\/ccpe.org.ar\/web\/?post_type=mec-events&#038;p=3168"},"modified":"2022-06-24T12:25:21","modified_gmt":"2022-06-24T15:25:21","slug":"aguita-y-pacha-pensando-el-cuidado-de-la-casa-comun","status":"publish","type":"mec-events","link":"https:\/\/ccpe.org.ar\/web\/actividades\/aguita-y-pacha-pensando-el-cuidado-de-la-casa-comun\/","title":{"rendered":"Ag\u00fcita y pacha. Pensando el cuidado de la casa com\u00fan"},"content":{"rendered":"<p><span style=\"font-weight: 400;\">En el Mes de las infancias, el CCPE propone sumar la mirada infantil para abordar las problem\u00e1ticas socio-ambientales, el cuidado del ambiente y el uso responsable del agua, con un<\/span><span style=\"font-weight: 400;\">a proyecci\u00f3n de cortos infantiles y una posterior mesa debate.<\/span><\/p>\n<p><b>Inscripci\u00f3n gratuita completando <a href=\"https:\/\/www.rosario.gob.ar\/form\/id\/aguita-pacha\">este formulario.<\/a> <\/b><b>Por favor completar un solo formulario por grupo. Quienes se inscriban a la actividad, podr\u00e1n realizar una visita guiada a la muestra <em>Los hu\u00e9rfanos del Poop\u00f3<\/em> a las 17 h.<\/b><\/p>\n<p>Las ni\u00f1as, ni\u00f1os y ni\u00f1es miran la realidad desde otras lentes que nos ayudan a interpelar y poner en contradicci\u00f3n el mundo en el que vivimos, logrando \u00a0renovarlo de forma din\u00e1mica. De esta manera, las infancias como sujetos capaces de aprender y producir sentidos nos invitan a compartir, disfrutar y remontar sus sue\u00f1os.<\/p>\n<p>Se proyectar\u00e1n 4 cortos infantiles de contenido socioambiental y charlaremos con: Angie Strappa, Licenciada en Bellas Artes, docente, ilustradora, editora y cofundadora de la editorial Listocalisto; Mart\u00edn Crespi, artista pl\u00e1stico-ambientalista y editor de Pachamamita libros; An\u00edbal Ignacio Faccendini Mag\u00edster y Especialista en Ambiente y Desarrollo Sustentable. Director de la C\u00e1tedra del Agua Fcpolit UNR. <span style=\"font-weight: 400;\">Coordinan: Mauricio Cornaglia y Virginia Russo.<\/span><\/p>\n<p>A las 17 h, antes de las proyecciones, se podr\u00e1 disfrutar de una visita guiada por la muestra \u201cLos Hu\u00e9rfanos del Poop\u00f3\u201d de Emilien Buffard, a cargo de con Angie Strappa.<\/p>\n<p>Durante el transcurso del encuentro, habr\u00e1 feria de productos agroecol\u00f3gicos locales y de libros para ni\u00f1es con la presencia de las editoriales Listocalisto y Pachamamita Libros.<\/p>\n<p><strong>Cortos que se proyectar\u00e1n:<\/strong><\/p>\n<p><span style=\"font-weight: 400;\">\u201cUma Kori\u201d de Patricia Albornoz, Chile, 2017<\/span><\/p>\n<p><span style=\"font-weight: 400;\">\u201cCamino de agua para un pez\u201d de Mercedes Marro, Espa\u00f1a, 2015<\/span><\/p>\n<p><span style=\"font-weight: 400;\">\u201cEl uso del agua en mi casa\u201d del alumnado de la escuela albergue N\u00ba 4580 de Salta, 2016<\/span><\/p>\n<p><span style=\"font-weight: 400;\">\u201cModesta historia de un se\u00f1or derroch\u00f3n\u201d de Gonzalo Rimoldi, Rosario, 2012<\/span><\/p>\n<p><i><span style=\"font-weight: 400;\">Material audiovisual perteneciente a la Cinemateca p\u00fablica del Centro Audiovisual Rosario, Secretar\u00eda de Cultura y Educaci\u00f3n, Municipalidad de Rosario.<\/span><\/i><\/p>\n<p>\u00a0<\/p>\n<p><span style=\"font-weight: 400;\">Organiza <strong>Ojo Verde. Cine Socioambiental.<\/strong> Colectiva sin fines de lucro, integrada por un conjunto de organizaciones gubernamentales, de la sociedad civil y personas independientes que a trav\u00e9s de producciones audiovisuales tiene como objetivo generar un espacio de encuentros para la reflexi\u00f3n y discusi\u00f3n sobre problem\u00e1ticas socioambientales y de derechos humanos para fomentar el esp\u00edritu cr\u00edtico, el intercambio de saberes y difundir investigaciones cient\u00edficas y saberes populares que permitan producir y pensar otras maneras de habitar nuestros territorios.<\/span><\/p>\n<p><span style=\"font-weight: 400;\">Integran Ojo Verde: Centro Cultural Parque de Espa\u00f1a \/ AMTRAM \/ Museo Provincial de Ciencias Naturales \u201cDr. \u00c1ngel Gallardo\u201d \/ Propuesta Sur \/ Paren de Fumigarnos\/ Biblioteca P\u00fablica Municipal Jos\u00e9 Manuel Estrada\/ Taller de Comunicaci\u00f3n Ambiental \/ Galp\u00f3n 11 \/ Museo de la Memoria \/ y personas comprometidas con las problem\u00e1ticas socioambientales.<\/span><\/p>\n<p><strong>Martes 31\/08, 18 h en el T\u00fanel 4 del CCPE. Gratis.<\/strong><\/p>\n<p>\u00a0<\/p>\n\n\n<hr class=\"wp-block-separator\"\/>\n\n\n\n<p style=\"font-size:18px\"><strong>Archivo Fotogr\u00e1fico<\/strong><\/p>\n\n\n\n<figure class=\"wp-block-gallery columns-3 is-cropped\">\n  <ul class=\"blocks-gallery-grid\">\n    <li class=\"blocks-gallery-item\">\n      <figure>\n        <a\n          href=\"https:\/\/upload.wikimedia.org\/wikipedia\/commons\/0\/0d\/Ojo_Verde_-_Ag%C3%BCita_y_pacha_1.jpg\"\n          ><img decoding=\"async\"\n            src=\"https:\/\/upload.wikimedia.org\/wikipedia\/commons\/0\/0d\/Ojo_Verde_-_Ag%C3%BCita_y_pacha_1.jpg\"\n            alt=\"\"\n            data-full-url=\"https:\/\/upload.wikimedia.org\/wikipedia\/commons\/0\/0d\/Ojo_Verde_-_Ag%C3%BCita_y_pacha_1.jpg\"\n            data-link=\"https:\/\/upload.wikimedia.org\/wikipedia\/commons\/0\/0d\/Ojo_Verde_-_Ag%C3%BCita_y_pacha_1.jpg\"\n        \/><\/a>\n        <figcaption class=\"blocks-gallery-item__caption\">\n            Ag\u00fcita y pacha. Pensando el cuidado de la casa com\u00fan.\n        <\/figcaption>\n      <\/figure>\n    <\/li>\n    <li class=\"blocks-gallery-item\">\n      <figure>\n        <a\n          href=\"https:\/\/upload.wikimedia.org\/wikipedia\/commons\/3\/36\/Ojo_Verde_-_Ag%C3%BCita_y_pacha_2.jpg\"\n          ><img decoding=\"async\"\n            src=\"https:\/\/upload.wikimedia.org\/wikipedia\/commons\/3\/36\/Ojo_Verde_-_Ag%C3%BCita_y_pacha_2.jpg\"\n            alt=\"\"\n            data-full-url=\"https:\/\/upload.wikimedia.org\/wikipedia\/commons\/3\/36\/Ojo_Verde_-_Ag%C3%BCita_y_pacha_2.jpg\"\n            data-link=\"https:\/\/upload.wikimedia.org\/wikipedia\/commons\/3\/36\/Ojo_Verde_-_Ag%C3%BCita_y_pacha_2.jpg\"\n        \/><\/a>\n        <figcaption class=\"blocks-gallery-item__caption\">\n          Ag\u00fcita y pacha. Pensando el cuidado de la casa com\u00fan.\n        <\/figcaption>\n      <\/figure>\n    <\/li>\n    <li class=\"blocks-gallery-item\">\n      <figure>\n        <a\n          href=\"https:\/\/upload.wikimedia.org\/wikipedia\/commons\/d\/d3\/Ojo_Verde_-_Ag%C3%BCita_y_pacha_3.jpg\"\n          ><img decoding=\"async\"\n            src=\"https:\/\/upload.wikimedia.org\/wikipedia\/commons\/d\/d3\/Ojo_Verde_-_Ag%C3%BCita_y_pacha_3.jpg\"\n            alt=\"\"\n            data-full-url=\"https:\/\/upload.wikimedia.org\/wikipedia\/commons\/d\/d3\/Ojo_Verde_-_Ag%C3%BCita_y_pacha_3.jpg\"\n            data-link=\"https:\/\/upload.wikimedia.org\/wikipedia\/commons\/d\/d3\/Ojo_Verde_-_Ag%C3%BCita_y_pacha_3.jpg\"\n        \/><\/a>\n        <figcaption class=\"blocks-gallery-item__caption\">\n          Ag\u00fcita y pacha. Pensando el cuidado de la casa com\u00fan.\n        <\/figcaption>\n      <\/figure>\n    <\/li>\n  <\/ul>\n<\/figure>\n\n","protected":false},"excerpt":{"rendered":"<p>Proyecci\u00f3n de cortos infantiles de contenido socioambiental y una posterior mesa debate sobre la tem\u00e1tica del agua y su cuidado.<\/p>\n","protected":false},"author":2,"featured_media":3170,"comment_status":"closed","ping_status":"closed","template":"","tags":[],"mec_category":[20],"yoast_head":"<!-- This site is optimized with the Yoast SEO plugin v23.5 - https:\/\/yoast.com\/wordpress\/plugins\/seo\/ -->\n<title>Ag\u00fcita y pacha. Pensando el cuidado de la casa com\u00fan - Centro Cultural Parque de Espa\u00f1a\/AECID<\/title>\n<meta name=\"robots\" content=\"index, follow, max-snippet:-1, max-image-preview:large, max-video-preview:-1\" \/>\n<link rel=\"canonical\" href=\"https:\/\/ccpe.org.ar\/web\/actividades\/aguita-y-pacha-pensando-el-cuidado-de-la-casa-comun\/\" \/>\n<meta property=\"og:locale\" content=\"es_ES\" \/>\n<meta property=\"og:type\" content=\"article\" \/>\n<meta property=\"og:title\" content=\"Ag\u00fcita y pacha. Pensando el cuidado de la casa com\u00fan - Centro Cultural Parque de Espa\u00f1a\/AECID\" \/>\n<meta property=\"og:description\" content=\"Proyecci\u00f3n de cortos infantiles de contenido socioambiental y una posterior mesa debate sobre la tem\u00e1tica del agua y su cuidado.\" \/>\n<meta property=\"og:url\" content=\"https:\/\/ccpe.org.ar\/web\/actividades\/aguita-y-pacha-pensando-el-cuidado-de-la-casa-comun\/\" \/>\n<meta property=\"og:site_name\" content=\"Centro Cultural Parque de Espa\u00f1a\/AECID\" \/>\n<meta property=\"article:publisher\" content=\"https:\/\/www.facebook.com\/CCPErosario\/\" \/>\n<meta property=\"article:modified_time\" content=\"2022-06-24T15:25:21+00:00\" \/>\n<meta property=\"og:image\" content=\"https:\/\/ccpe.org.ar\/web\/wp-content\/uploads\/2021\/08\/b_aguita_y_pacha.jpg\" \/>\n\t<meta property=\"og:image:width\" content=\"1080\" \/>\n\t<meta property=\"og:image:height\" content=\"600\" \/>\n\t<meta property=\"og:image:type\" content=\"image\/jpeg\" \/>\n<meta name=\"twitter:card\" content=\"summary_large_image\" \/>\n<meta name=\"twitter:site\" content=\"@ccpe\" \/>\n<meta name=\"twitter:label1\" content=\"Tiempo de lectura\" \/>\n\t<meta name=\"twitter:data1\" content=\"3 minutos\" \/>\n<script type=\"application\/ld+json\" class=\"yoast-schema-graph\">{\"@context\":\"https:\/\/schema.org\",\"@graph\":[{\"@type\":\"WebPage\",\"@id\":\"https:\/\/ccpe.org.ar\/web\/actividades\/aguita-y-pacha-pensando-el-cuidado-de-la-casa-comun\/\",\"url\":\"https:\/\/ccpe.org.ar\/web\/actividades\/aguita-y-pacha-pensando-el-cuidado-de-la-casa-comun\/\",\"name\":\"Ag\u00fcita y pacha. Pensando el cuidado de la casa com\u00fan - Centro Cultural Parque de Espa\u00f1a\/AECID\",\"isPartOf\":{\"@id\":\"https:\/\/ccpe.org.ar\/web\/#website\"},\"primaryImageOfPage\":{\"@id\":\"https:\/\/ccpe.org.ar\/web\/actividades\/aguita-y-pacha-pensando-el-cuidado-de-la-casa-comun\/#primaryimage\"},\"image\":{\"@id\":\"https:\/\/ccpe.org.ar\/web\/actividades\/aguita-y-pacha-pensando-el-cuidado-de-la-casa-comun\/#primaryimage\"},\"thumbnailUrl\":\"https:\/\/ccpe.org.ar\/web\/wp-content\/uploads\/2021\/08\/b_aguita_y_pacha.jpg\",\"datePublished\":\"2021-08-18T00:05:24+00:00\",\"dateModified\":\"2022-06-24T15:25:21+00:00\",\"breadcrumb\":{\"@id\":\"https:\/\/ccpe.org.ar\/web\/actividades\/aguita-y-pacha-pensando-el-cuidado-de-la-casa-comun\/#breadcrumb\"},\"inLanguage\":\"es\",\"potentialAction\":[{\"@type\":\"ReadAction\",\"target\":[\"https:\/\/ccpe.org.ar\/web\/actividades\/aguita-y-pacha-pensando-el-cuidado-de-la-casa-comun\/\"]}]},{\"@type\":\"ImageObject\",\"inLanguage\":\"es\",\"@id\":\"https:\/\/ccpe.org.ar\/web\/actividades\/aguita-y-pacha-pensando-el-cuidado-de-la-casa-comun\/#primaryimage\",\"url\":\"https:\/\/ccpe.org.ar\/web\/wp-content\/uploads\/2021\/08\/b_aguita_y_pacha.jpg\",\"contentUrl\":\"https:\/\/ccpe.org.ar\/web\/wp-content\/uploads\/2021\/08\/b_aguita_y_pacha.jpg\",\"width\":1080,\"height\":600},{\"@type\":\"BreadcrumbList\",\"@id\":\"https:\/\/ccpe.org.ar\/web\/actividades\/aguita-y-pacha-pensando-el-cuidado-de-la-casa-comun\/#breadcrumb\",\"itemListElement\":[{\"@type\":\"ListItem\",\"position\":1,\"name\":\"Portada\",\"item\":\"https:\/\/ccpe.org.ar\/web\/\"},{\"@type\":\"ListItem\",\"position\":2,\"name\":\"Ag\u00fcita y pacha. Pensando el cuidado de la casa com\u00fan\"}]},{\"@type\":\"WebSite\",\"@id\":\"https:\/\/ccpe.org.ar\/web\/#website\",\"url\":\"https:\/\/ccpe.org.ar\/web\/\",\"name\":\"Centro Cultural Parque de Espa\u00f1a\/AECID\",\"description\":\"Sitio web del Centro Cultural Parque de Espa\u00f1a\/AECID\",\"potentialAction\":[{\"@type\":\"SearchAction\",\"target\":{\"@type\":\"EntryPoint\",\"urlTemplate\":\"https:\/\/ccpe.org.ar\/web\/?s={search_term_string}\"},\"query-input\":{\"@type\":\"PropertyValueSpecification\",\"valueRequired\":true,\"valueName\":\"search_term_string\"}}],\"inLanguage\":\"es\"}]}<\/script>\n<!-- \/ Yoast SEO plugin. -->","yoast_head_json":{"title":"Ag\u00fcita y pacha. Pensando el cuidado de la casa com\u00fan - Centro Cultural Parque de Espa\u00f1a\/AECID","robots":{"index":"index","follow":"follow","max-snippet":"max-snippet:-1","max-image-preview":"max-image-preview:large","max-video-preview":"max-video-preview:-1"},"canonical":"https:\/\/ccpe.org.ar\/web\/actividades\/aguita-y-pacha-pensando-el-cuidado-de-la-casa-comun\/","og_locale":"es_ES","og_type":"article","og_title":"Ag\u00fcita y pacha. Pensando el cuidado de la casa com\u00fan - Centro Cultural Parque de Espa\u00f1a\/AECID","og_description":"Proyecci\u00f3n de cortos infantiles de contenido socioambiental y una posterior mesa debate sobre la tem\u00e1tica del agua y su cuidado.","og_url":"https:\/\/ccpe.org.ar\/web\/actividades\/aguita-y-pacha-pensando-el-cuidado-de-la-casa-comun\/","og_site_name":"Centro Cultural Parque de Espa\u00f1a\/AECID","article_publisher":"https:\/\/www.facebook.com\/CCPErosario\/","article_modified_time":"2022-06-24T15:25:21+00:00","og_image":[{"width":1080,"height":600,"url":"https:\/\/ccpe.org.ar\/web\/wp-content\/uploads\/2021\/08\/b_aguita_y_pacha.jpg","type":"image\/jpeg"}],"twitter_card":"summary_large_image","twitter_site":"@ccpe","twitter_misc":{"Tiempo de lectura":"3 minutos"},"schema":{"@context":"https:\/\/schema.org","@graph":[{"@type":"WebPage","@id":"https:\/\/ccpe.org.ar\/web\/actividades\/aguita-y-pacha-pensando-el-cuidado-de-la-casa-comun\/","url":"https:\/\/ccpe.org.ar\/web\/actividades\/aguita-y-pacha-pensando-el-cuidado-de-la-casa-comun\/","name":"Ag\u00fcita y pacha. Pensando el cuidado de la casa com\u00fan - Centro Cultural Parque de Espa\u00f1a\/AECID","isPartOf":{"@id":"https:\/\/ccpe.org.ar\/web\/#website"},"primaryImageOfPage":{"@id":"https:\/\/ccpe.org.ar\/web\/actividades\/aguita-y-pacha-pensando-el-cuidado-de-la-casa-comun\/#primaryimage"},"image":{"@id":"https:\/\/ccpe.org.ar\/web\/actividades\/aguita-y-pacha-pensando-el-cuidado-de-la-casa-comun\/#primaryimage"},"thumbnailUrl":"https:\/\/ccpe.org.ar\/web\/wp-content\/uploads\/2021\/08\/b_aguita_y_pacha.jpg","datePublished":"2021-08-18T00:05:24+00:00","dateModified":"2022-06-24T15:25:21+00:00","breadcrumb":{"@id":"https:\/\/ccpe.org.ar\/web\/actividades\/aguita-y-pacha-pensando-el-cuidado-de-la-casa-comun\/#breadcrumb"},"inLanguage":"es","potentialAction":[{"@type":"ReadAction","target":["https:\/\/ccpe.org.ar\/web\/actividades\/aguita-y-pacha-pensando-el-cuidado-de-la-casa-comun\/"]}]},{"@type":"ImageObject","inLanguage":"es","@id":"https:\/\/ccpe.org.ar\/web\/actividades\/aguita-y-pacha-pensando-el-cuidado-de-la-casa-comun\/#primaryimage","url":"https:\/\/ccpe.org.ar\/web\/wp-content\/uploads\/2021\/08\/b_aguita_y_pacha.jpg","contentUrl":"https:\/\/ccpe.org.ar\/web\/wp-content\/uploads\/2021\/08\/b_aguita_y_pacha.jpg","width":1080,"height":600},{"@type":"BreadcrumbList","@id":"https:\/\/ccpe.org.ar\/web\/actividades\/aguita-y-pacha-pensando-el-cuidado-de-la-casa-comun\/#breadcrumb","itemListElement":[{"@type":"ListItem","position":1,"name":"Portada","item":"https:\/\/ccpe.org.ar\/web\/"},{"@type":"ListItem","position":2,"name":"Ag\u00fcita y pacha. Pensando el cuidado de la casa com\u00fan"}]},{"@type":"WebSite","@id":"https:\/\/ccpe.org.ar\/web\/#website","url":"https:\/\/ccpe.org.ar\/web\/","name":"Centro Cultural Parque de Espa\u00f1a\/AECID","description":"Sitio web del Centro Cultural Parque de Espa\u00f1a\/AECID","potentialAction":[{"@type":"SearchAction","target":{"@type":"EntryPoint","urlTemplate":"https:\/\/ccpe.org.ar\/web\/?s={search_term_string}"},"query-input":{"@type":"PropertyValueSpecification","valueRequired":true,"valueName":"search_term_string"}}],"inLanguage":"es"}]}},"_links":{"self":[{"href":"https:\/\/ccpe.org.ar\/web\/wp-json\/wp\/v2\/mec-events\/3168"}],"collection":[{"href":"https:\/\/ccpe.org.ar\/web\/wp-json\/wp\/v2\/mec-events"}],"about":[{"href":"https:\/\/ccpe.org.ar\/web\/wp-json\/wp\/v2\/types\/mec-events"}],"author":[{"embeddable":true,"href":"https:\/\/ccpe.org.ar\/web\/wp-json\/wp\/v2\/users\/2"}],"replies":[{"embeddable":true,"href":"https:\/\/ccpe.org.ar\/web\/wp-json\/wp\/v2\/comments?post=3168"}],"wp:featuredmedia":[{"embeddable":true,"href":"https:\/\/ccpe.org.ar\/web\/wp-json\/wp\/v2\/media\/3170"}],"wp:attachment":[{"href":"https:\/\/ccpe.org.ar\/web\/wp-json\/wp\/v2\/media?parent=3168"}],"wp:term":[{"taxonomy":"post_tag","embeddable":true,"href":"https:\/\/ccpe.org.ar\/web\/wp-json\/wp\/v2\/tags?post=3168"},{"taxonomy":"mec_category","embeddable":true,"href":"https:\/\/ccpe.org.ar\/web\/wp-json\/wp\/v2\/mec_category?post=3168"}],"curies":[{"name":"wp","href":"https:\/\/api.w.org\/{rel}","templated":true}]}}