{"id":3197,"date":"2021-08-24T10:12:58","date_gmt":"2021-08-24T13:12:58","guid":{"rendered":"https:\/\/ccpe.org.ar\/web\/?post_type=mec-events&#038;p=3197"},"modified":"2021-09-23T10:12:09","modified_gmt":"2021-09-23T13:12:09","slug":"berlanga-cumple-cien-anos","status":"publish","type":"mec-events","link":"https:\/\/ccpe.org.ar\/web\/actividades\/berlanga-cumple-cien-anos\/","title":{"rendered":"Berlanga cumple cien a\u00f1os"},"content":{"rendered":"<p><span style=\"font-weight: 400;\">Los centros culturales de Espa\u00f1a en Argentina &#8211;<a href=\"http:\/\/www.cceba.org.ar\/\">CCEBA<\/a>, CCPE, <a href=\"https:\/\/ccec.org.ar\/\">CCEC<\/a>&#8211; presentan este ciclo de cine virtual para revisitar cuatro t\u00edtulos que componen un significativo recorrido por la carrera de Luis Garc\u00eda Berlanga y una muestra de su evoluci\u00f3n como cineasta, a cien a\u00f1os de su nacimiento. El ciclo contar\u00e1 con comentarios de los cr\u00edticos argentinos L<\/span><span style=\"font-weight: 400;\">eandro Arteaga, Jos\u00e9 Miccio, Luc\u00eda Salas y Lucrecia Matarozzo.<\/span><\/p>\n<p><span style=\"font-weight: 400;\">Berlanga es uno de los directores m\u00e1s destacados de la historia del cine espa\u00f1ol. Su larga y fruct\u00edfera trayectoria cinematogr\u00e1fica, sus inconfundibles se\u00f1as de identidad como creador,\u00a0su humor corrosivo y su trabajo en la direcci\u00f3n de algunos de los grandes cl\u00e1sicos de nuestro cine del siglo XX.<\/span><\/p>\n<p><span style=\"font-weight: 400;\">Organizado por el Instituto Cervantes, en colaboraci\u00f3n con la Filmoteca de la AECID, el ICAA y su Filmoteca Espa\u00f1ola, AC\/E y la Academia del Cine.<\/span><\/p>\n<p><strong>Viernes 3, 10, 17 y 24 de septiembre, desde las 15 h durante 48 h<\/strong><\/p>\n<p>&nbsp;<\/p>\n<p><b>PROGRAMA:<\/b><\/p>\n<h1>Viernes 3\/9: <i>Esa pareja feliz\u00a0<\/i><\/h1>\n<p><a href=\"https:\/\/vimeo.com\/aecid\/esaparejafeliz083005aecid\"><span style=\"font-weight: 400;\">https:\/\/vimeo.com\/aecid\/esaparejafeliz083005aecid<\/span><\/a><span style=\"font-weight: 400;\"> Contrase\u00f1a: EPF083005<\/span><\/p>\n<p><b>Sinopsis: <\/b><span style=\"font-weight: 400;\">En el Madrid de los a\u00f1os cincuenta, el modesto matrimonio compuesto por Juan y Carmen vive realquilado en una habitaci\u00f3n con derecho a cocina. Juan trabaja como el\u00e9ctrico en el cine y es un hombre desencantado que intenta progresar en la vida de un modo pr\u00e1ctico. Para ello, realiza un cursillo por correspondencia para ser t\u00e9cnico de radio y, m\u00e1s tarde, intenta montar un negocio de fotograf\u00eda utilizando las colas de pel\u00edcula virgen de su estudio, lo que le lleva incluso a perder su propio trabajo. Por su parte, Carmen es una costurera idealista, que se refugia en el cine, la radio y las revistas de coraz\u00f3n, mientras vive convencida de que la soluci\u00f3n a sus problemas llegar\u00e1 a trav\u00e9s de la loter\u00eda o de los concursos. Su sue\u00f1o se hace realidad cuando ella y su marido son elegidos por la marca de jabones Florit como la \u00abpareja feliz\u00bb.<\/span><\/p>\n<p><b>Ficha t\u00e9cnica:<\/b><br \/>\n<span style=\"font-weight: 400;\">Espa\u00f1a (1951), 102\u00a0min<\/span><br \/>\n<span style=\"font-weight: 400;\">Calificaci\u00f3n: apta para todos los p\u00fablicos\u00a0<\/span><br \/>\n<span style=\"font-weight: 400;\">Idioma: espa\u00f1ol<\/span><br \/>\n<span style=\"font-weight: 400;\">Direcci\u00f3n: Luis Garc\u00eda Berlanga y Juan Antonio Bardem<\/span><br \/>\n<span style=\"font-weight: 400;\">Producci\u00f3n: Industrias Cinematogr\u00e1ficas Altamira<\/span><br \/>\n<span style=\"font-weight: 400;\">Gui\u00f3n: Juan Antonio Bardem y Luis Garc\u00eda Berlanga<\/span><br \/>\n<span style=\"font-weight: 400;\">M\u00fasica: Jes\u00fas Garc\u00eda Leoz<\/span><br \/>\n<span style=\"font-weight: 400;\">Fotograf\u00eda:\u00a0Guillermo\u00a0Goldberger\u00a0<\/span><br \/>\n<span style=\"font-weight: 400;\">Int\u00e9rpretes: Fernando Fern\u00e1n G\u00f3mez, Elvira Quintilla, Jos\u00e9 Luis Ozores, F\u00e9lix Fern\u00e1ndez, Matilde Mu\u00f1oz Sampedro, Rafael Alonso, Fernando Aguirre, Manuel Arb\u00f3, Antonio Garc\u00eda Quijada, Antonio Garc\u00eda Quijada, Jos\u00e9 Franco, Alady, Rafael Bardem, Jos\u00e9 Orjas, Francisco Bernal, Antonio Ozores, Manuel Aguilera, Pilar Sirvent, Carmen S\u00e1nchez, Lola Gaos, Antonio Est\u00e9vez y Mapy G\u00f3mez.<\/span><\/p>\n<p>&nbsp;<\/p>\n<h1>Viernes 10\/9: <i>Calabuch\u00a0<\/i><\/h1>\n<p><a href=\"https:\/\/vimeo.com\/aecid\/calabuch090612aecid\"><span style=\"font-weight: 400;\">https:\/\/vimeo.com\/aecid\/calabuch090612aecid<\/span><\/a><span style=\"font-weight: 400;\"> Contrase\u00f1a: C090612<\/span><\/p>\n<p><b>Sinopsis: <\/b><span style=\"font-weight: 400;\">Cansado de trabajar en la construcci\u00f3n de bombas at\u00f3micas y alarmado ante el alcance destructor de su descubrimiento, un cient\u00edfico norteamericano de prestigio internacional huye de su pa\u00eds y se refugia en el anonimato de un apacible pueblo de la costa mediterr\u00e1nea llamado Calabuch. All\u00ed, el profesor es confundido con el c\u00f3mplice de un contrabandista, por lo que es detenido por la Guardia Civil y encerrado en un calabozo.<\/span><\/p>\n<p><b>Ficha t\u00e9cnica:<\/b><br \/>\n<span style=\"font-weight: 400;\">Espa\u00f1a-Italia (1956), 92\u00a0min<\/span><br \/>\n<span style=\"font-weight: 400;\">Calificaci\u00f3n: no hay datos<\/span><br \/>\n<span style=\"font-weight: 400;\">Idioma: espa\u00f1ol<\/span><br \/>\n<span style=\"font-weight: 400;\">Direcci\u00f3n: Luis Garc\u00eda Berlanga<\/span><br \/>\n<span style=\"font-weight: 400;\">Producci\u00f3n: \u00c1guila Films y Films Costellazione<\/span><br \/>\n<span style=\"font-weight: 400;\">Gui\u00f3n: Luis Garc\u00eda Berlanga, Leonardo Mart\u00edn, Florentino Soria y Ennio Flaiano<\/span><br \/>\n<span style=\"font-weight: 400;\">Fotograf\u00eda: Francisco Sempere<\/span><br \/>\n<span style=\"font-weight: 400;\">M\u00fasica: Angelo Francesco Lavagnino,\u00a0Guido Guerrini<\/span><br \/>\n<span style=\"font-weight: 400;\">Int\u00e9rpretes: Edmund Gwenn, Valentina Cortese, Franco Fabrizi, Juan Calvo, F\u00e9lix Fern\u00e1ndez, Jos\u00e9 Luis Ozores, Jos\u00e9 Isbert, Francisco Bernal, Manuel Alexandre, Pedro Beltr\u00e1n y Manuel Beringola<\/span><\/p>\n<p>&nbsp;<\/p>\n<h1>Viernes 17\/9: <i>Pl\u00e1cido\u00a0<\/i><\/h1>\n<p><a href=\"https:\/\/vimeo.com\/aecid\/placido091319aecid\"><span style=\"font-weight: 400;\">https:\/\/vimeo.com\/aecid\/placido091319aecid<\/span><\/a><span style=\"font-weight: 400;\"> Contrase\u00f1a: P091319<\/span><\/p>\n<p><b>Sinopsis:<\/b><span style=\"font-weight: 400;\"> En una peque\u00f1a ciudad de provincias, un grupo de beatas aficionadas a practicar ostentosamente la caridad organizan una campa\u00f1a navide\u00f1a con el lema \u00abSiente un pobre a su mesa\u00bb. Con el fin de apoyar la iniciativa se busca el patrocinio de una marca de ollas y se invita a un grupo de artistas de segunda fila llegados ex profeso de la capital y recibidos con entusiasmo en la estaci\u00f3n de tren. La humanitaria jornada se completa con una colorista cabalgata, una subasta p\u00fablica de los convidados y una cuidada retransmisi\u00f3n radiof\u00f3nica.<\/span><\/p>\n<p><b>Ficha t\u00e9cnica:<\/b><br \/>\n<span style=\"font-weight: 400;\">Espa\u00f1a (1961), 85 min<\/span><br \/>\n<span style=\"font-weight: 400;\">Calificaci\u00f3n: apta para todos los p\u00fablicos<\/span><br \/>\n<span style=\"font-weight: 400;\">Idioma: espa\u00f1ol<\/span><br \/>\n<span style=\"font-weight: 400;\">Direcci\u00f3n: Luis Garc\u00eda Berlanga<\/span><br \/>\n<span style=\"font-weight: 400;\">Producci\u00f3n: Jet Films<\/span><br \/>\n<span style=\"font-weight: 400;\">Gui\u00f3n: Rafael Azcona, Luis Garc\u00eda Berlanga, Jos\u00e9 Luis Colina y Jos\u00e9 Luis Font<\/span><br \/>\n<span style=\"font-weight: 400;\">Fotograf\u00eda: Francisco Sempere\u00a0<\/span><br \/>\n<span style=\"font-weight: 400;\">M\u00fasica: Miguel Asins Arb\u00f3<\/span><br \/>\n<span style=\"font-weight: 400;\">Int\u00e9rpretes: Cassen, Jos\u00e9 Luis L\u00f3pez V\u00e1zquez, Elvira Quintill\u00e1, Amelia de la Torre, Julia Caba Alba, Amparo Soler Leal, Manuel Alexandre, Mari Carmen Yepes, Agust\u00edn Gonz\u00e1lez, Luis Ciges y Antonio Ferrandis<\/span><\/p>\n<p>&nbsp;<\/p>\n<h1>Viernes 24\/9: <i>Patrimonio nacional <\/i><\/h1>\n<p><a href=\"https:\/\/vimeo.com\/aecid\/patrimonionacional092026aecid\"><span style=\"font-weight: 400;\">https:\/\/vimeo.com\/aecid\/patrimonionacional092026aecid<\/span><\/a><span style=\"font-weight: 400;\"> Contrase\u00f1a: PN092026<\/span><\/p>\n<p><b>Sinopsis: <\/b><span style=\"font-weight: 400;\">Tras la muerte del general Franco, los Leguineche abandonan su finca de Los Tejadillos, donde han permanecido durante d\u00e9cadas de exilio voluntario, con el prop\u00f3sito de volver a Madrid para participar activamente en los actos sociales de la aristocracia y acercarse al c\u00edrculo m\u00e1s pr\u00f3ximo al monarca espa\u00f1ol. La obsesi\u00f3n del viejo marqu\u00e9s est\u00e1 centrada en relacionarse con los apellidos m\u00e1s ilustres, ascender socialmente y reanudar el boato y la vida cortesana que perdi\u00f3 su familia hace mucho tiempo. Para ello, decide instalarse en un antiguo palacio de su propiedad, situado en el centro de la capital, no sin antes superar las dificultades planteadas por su esposa, que odia profundamente tanto a su marido como a su hijo. Para recuperar el control del palacio, el marqu\u00e9s de Leguineche intenta discapacitar a su mujer, argumentando una enfermedad mental incurable, y emprender despu\u00e9s una reforma del lugar con el objeto de adaptarlo a la vida aristocr\u00e1tica.<\/span><\/p>\n<p><b>Ficha t\u00e9cnica:<\/b><br \/>\n<span style=\"font-weight: 400;\">Espa\u00f1a (1981), 110 min\u00a0<\/span><br \/>\n<span style=\"font-weight: 400;\">Calificaci\u00f3n: no recomendada a menores de 12 a\u00f1os<\/span><br \/>\n<span style=\"font-weight: 400;\">Idioma: espa\u00f1ol<\/span><br \/>\n<span style=\"font-weight: 400;\">Direcci\u00f3n: Luis Garc\u00eda Berlanga<\/span><br \/>\n<span style=\"font-weight: 400;\">Producci\u00f3n: InCine S. A. y\u00a0Jet Films\u00a0(productor:\u00a0Alfredo Matas)<\/span><br \/>\n<span style=\"font-weight: 400;\">Guion: Rafael Azcona y Luis Garc\u00eda Berlanga<\/span><br \/>\n<span style=\"font-weight: 400;\">Fotograf\u00eda: Carlos Su\u00e1rez<\/span><br \/>\n<span style=\"font-weight: 400;\">Int\u00e9rpretes: Luis Escobar, Jos\u00e9 Luis L\u00f3pez V\u00e1zquez, Amparo Soler Leal, Mary Santpere, Luis Ciges, Alfredo Mayo, Syliane Stella, Jos\u00e9 Lifante, Jos\u00e9 Luis de Vilallonga, Agust\u00edn Gonz\u00e1lez, Chus Lampreave y Jaime Ch\u00e1varri.<\/span><\/p>\n<p>&nbsp;<\/p>\n<p>&nbsp;<\/p>\n<p><b>SOBRE BERLANGA<\/b><\/p>\n<p><span style=\"font-weight: 400;\">Luis Garc\u00eda Berlanga nace 1921 en Valencia, ciudad donde inicia las carreras de Filosof\u00eda y Letras y Derecho en la Universidad Literaria. A los 26 a\u00f1os, se muda a Madrid para matricularse en la especialidad de Direcci\u00f3n del Instituto de Investigaciones y Experiencias Cinematogr\u00e1ficas (IIEC). All\u00ed, Berlanga forma parte de la primera promoci\u00f3n de alumnos de esta reci\u00e9n inaugurada escuela, donde coincide con Juan Antonio Bardem, Florentino Soria, Antonio del Amo y Jos\u00e9 Guti\u00e9rrez Maesso, entre otros, y en la que realiza algunos cortos documentales y de ficci\u00f3n y escribe varios guiones.<\/span><\/p>\n<p><span style=\"font-weight: 400;\">El arranque de la carrera f\u00edlmica de Berlanga viene de la mano de su compa\u00f1ero de estudios, el tambi\u00e9n director y guionista Juan Antonio Bardem. Juntos codirigen Esa pareja feliz (1951), el primer largometraje comercial de la carrera de ambos, y la pel\u00edcula que inicia nuestro ciclo. En este proyecto, un Berlanga de treinta a\u00f1os se hace cargo de la c\u00e1mara y la direcci\u00f3n de escenas, mientras Bardem asume la direcci\u00f3n actoral. El filme contiene ya algunos elementos que van a definir el cine berlanguiano posterior, como los chispeantes y acelerados di\u00e1logos, la cr\u00edtica social o las descripciones de las ilusiones perdidas por la gente corriente. Esa pareja feliz, tan \u00e1cida y cr\u00edtica con una industria cinematogr\u00e1fica a la que satiriza, no tiene muy buena recepci\u00f3n inicial y tarda dos a\u00f1os en estrenarse, tras el \u00e9xito de la segunda pel\u00edcula de Berlanga, segunda entrega de este programa.<\/span><\/p>\n<p><span style=\"font-weight: 400;\">La segunda cinta de nuestro ciclo, Calabuch\u00a0(1956), es quiz\u00e1 una de las pel\u00edculas m\u00e1s tiernas del director valenciano. Ambientada en un pueblo de su tierra natal, la pel\u00edcula, que con frecuencia ha pasado un tanto desapercibida para la cr\u00edtica dentro de la obra berlanguiana, se caracteriza por su optimismo e ingenuidad y por un humor entra\u00f1able que se aleja de la mordacidad y la cr\u00edtica corrosiva que caracterizar\u00e1n el cine de Berlanga, especialmente a partir de los a\u00f1os sesenta.\u00a0<\/span><\/p>\n<p><span style=\"font-weight: 400;\">Pocos a\u00f1os m\u00e1s tarde, Berlanga dirige dos de sus grandes obras maestras: Pl\u00e1cido (1961) y El verdugo (1963); continuaremos nuestro ciclo con Pl\u00e1cido, una comedia muy coral \u2014otro de los rasgos comunes del cine berlanguiano\u2014, sarc\u00e1stica y de humor agridulce, en la que encontramos a treinta personajes que se interrelacionan en una compleja trama. El argumento, construido en colaboraci\u00f3n con el guionista Rafael Azcona (colaborador habitual de Berlanga desde entonces y coguionista, dos a\u00f1os despu\u00e9s, de El verdugo) gira en torno a un d\u00eda de Nochebuena en el que el due\u00f1o de un motocarro trata de cumplir con los encargos de un grupo de damas burguesas a las que se les ocurre organizar una campa\u00f1a navide\u00f1a con el lema \u00abSiente a un pobre a su mesa\u00bb. A diferencia de lo ocurrido con Los jueves, milagro, Pl\u00e1cido goz\u00f3 de un gran reconocimiento desde su estreno, en 1961, y fue nominada al \u00d3scar a la mejor pel\u00edcula extranjera.<\/span><\/p>\n<p><span style=\"font-weight: 400;\">Tras la muerte de Franco y la llegada de la democracia a Espa\u00f1a (con la consiguiente desaparici\u00f3n de la censura), Berlanga rueda su conocida trilog\u00eda nacional, de la que en este ciclo se muestra la segunda pel\u00edcula: Patrimonio nacional (1981). En ella, Berlanga reflexiona con mordacidad sobre el decadente sistema pol\u00edtico y social del franquismo tard\u00edo, as\u00ed como de lo que queda de \u00e9l en los comienzos de la democracia. En estos a\u00f1os, el director asume tambi\u00e9n el cargo de presidente de Filmoteca Espa\u00f1ola.<\/span><\/p>\n<p><span style=\"font-weight: 400;\">As\u00ed pues, las cuatro pel\u00edculas que componen este ciclo suponen una muestra del trabajo de Berlanga a lo largo de sus diferentes etapas creativas, a trav\u00e9s de unos t\u00edtulos que han tenido quiz\u00e1 menos protagonismo o visibilidad que los cl\u00e1sicos Bienvenido M\u00edster Marshall (1953) o El verdugo (1963) \u2014en el ciclo \u00abCl\u00e1sicos contigo\u00bb del canal Vimeo del Instituto Cervantes en 2020\u2014, pero que no quedan atr\u00e1s en cuanto a genialidad, s\u00e1tira social y humor incisivo que caracterizan toda la filmograf\u00eda del genial director valenciano.\u00a0<\/span><\/p>\n","protected":false},"excerpt":{"rendered":"<p>Un significativo recorrido por la carrera de Luis Garc\u00eda Berlanga y una muestra de su evoluci\u00f3n como cineasta, a cien a\u00f1os de su nacimiento.<\/p>\n","protected":false},"author":2,"featured_media":3199,"comment_status":"closed","ping_status":"closed","template":"","tags":[],"mec_category":[48],"yoast_head":"<!-- This site is optimized with the Yoast SEO plugin v23.5 - https:\/\/yoast.com\/wordpress\/plugins\/seo\/ -->\n<title>Berlanga cumple cien a\u00f1os - Centro Cultural Parque de Espa\u00f1a\/AECID<\/title>\n<meta name=\"robots\" content=\"index, follow, max-snippet:-1, max-image-preview:large, max-video-preview:-1\" \/>\n<link rel=\"canonical\" href=\"https:\/\/ccpe.org.ar\/web\/actividades\/berlanga-cumple-cien-anos\/\" \/>\n<meta property=\"og:locale\" content=\"es_ES\" \/>\n<meta property=\"og:type\" content=\"article\" \/>\n<meta property=\"og:title\" content=\"Berlanga cumple cien a\u00f1os - Centro Cultural Parque de Espa\u00f1a\/AECID\" \/>\n<meta property=\"og:description\" content=\"Un significativo recorrido por la carrera de Luis Garc\u00eda Berlanga y una muestra de su evoluci\u00f3n como cineasta, a cien a\u00f1os de su nacimiento.\" \/>\n<meta property=\"og:url\" content=\"https:\/\/ccpe.org.ar\/web\/actividades\/berlanga-cumple-cien-anos\/\" \/>\n<meta property=\"og:site_name\" content=\"Centro Cultural Parque de Espa\u00f1a\/AECID\" \/>\n<meta property=\"article:publisher\" content=\"https:\/\/www.facebook.com\/CCPErosario\/\" \/>\n<meta property=\"article:modified_time\" content=\"2021-09-23T13:12:09+00:00\" \/>\n<meta property=\"og:image\" content=\"https:\/\/ccpe.org.ar\/web\/wp-content\/uploads\/2021\/08\/b_berlanga.jpg\" \/>\n\t<meta property=\"og:image:width\" content=\"1478\" \/>\n\t<meta property=\"og:image:height\" content=\"824\" \/>\n\t<meta property=\"og:image:type\" content=\"image\/jpeg\" \/>\n<meta name=\"twitter:card\" content=\"summary_large_image\" \/>\n<meta name=\"twitter:site\" content=\"@ccpe\" \/>\n<meta name=\"twitter:label1\" content=\"Tiempo de lectura\" \/>\n\t<meta name=\"twitter:data1\" content=\"7 minutos\" \/>\n<script type=\"application\/ld+json\" class=\"yoast-schema-graph\">{\"@context\":\"https:\/\/schema.org\",\"@graph\":[{\"@type\":\"WebPage\",\"@id\":\"https:\/\/ccpe.org.ar\/web\/actividades\/berlanga-cumple-cien-anos\/\",\"url\":\"https:\/\/ccpe.org.ar\/web\/actividades\/berlanga-cumple-cien-anos\/\",\"name\":\"Berlanga cumple cien a\u00f1os - Centro Cultural Parque de Espa\u00f1a\/AECID\",\"isPartOf\":{\"@id\":\"https:\/\/ccpe.org.ar\/web\/#website\"},\"primaryImageOfPage\":{\"@id\":\"https:\/\/ccpe.org.ar\/web\/actividades\/berlanga-cumple-cien-anos\/#primaryimage\"},\"image\":{\"@id\":\"https:\/\/ccpe.org.ar\/web\/actividades\/berlanga-cumple-cien-anos\/#primaryimage\"},\"thumbnailUrl\":\"https:\/\/ccpe.org.ar\/web\/wp-content\/uploads\/2021\/08\/b_berlanga.jpg\",\"datePublished\":\"2021-08-24T13:12:58+00:00\",\"dateModified\":\"2021-09-23T13:12:09+00:00\",\"breadcrumb\":{\"@id\":\"https:\/\/ccpe.org.ar\/web\/actividades\/berlanga-cumple-cien-anos\/#breadcrumb\"},\"inLanguage\":\"es\",\"potentialAction\":[{\"@type\":\"ReadAction\",\"target\":[\"https:\/\/ccpe.org.ar\/web\/actividades\/berlanga-cumple-cien-anos\/\"]}]},{\"@type\":\"ImageObject\",\"inLanguage\":\"es\",\"@id\":\"https:\/\/ccpe.org.ar\/web\/actividades\/berlanga-cumple-cien-anos\/#primaryimage\",\"url\":\"https:\/\/ccpe.org.ar\/web\/wp-content\/uploads\/2021\/08\/b_berlanga.jpg\",\"contentUrl\":\"https:\/\/ccpe.org.ar\/web\/wp-content\/uploads\/2021\/08\/b_berlanga.jpg\",\"width\":1478,\"height\":824},{\"@type\":\"BreadcrumbList\",\"@id\":\"https:\/\/ccpe.org.ar\/web\/actividades\/berlanga-cumple-cien-anos\/#breadcrumb\",\"itemListElement\":[{\"@type\":\"ListItem\",\"position\":1,\"name\":\"Portada\",\"item\":\"https:\/\/ccpe.org.ar\/web\/\"},{\"@type\":\"ListItem\",\"position\":2,\"name\":\"Berlanga cumple cien a\u00f1os\"}]},{\"@type\":\"WebSite\",\"@id\":\"https:\/\/ccpe.org.ar\/web\/#website\",\"url\":\"https:\/\/ccpe.org.ar\/web\/\",\"name\":\"Centro Cultural Parque de Espa\u00f1a\/AECID\",\"description\":\"Sitio web del Centro Cultural Parque de Espa\u00f1a\/AECID\",\"potentialAction\":[{\"@type\":\"SearchAction\",\"target\":{\"@type\":\"EntryPoint\",\"urlTemplate\":\"https:\/\/ccpe.org.ar\/web\/?s={search_term_string}\"},\"query-input\":{\"@type\":\"PropertyValueSpecification\",\"valueRequired\":true,\"valueName\":\"search_term_string\"}}],\"inLanguage\":\"es\"}]}<\/script>\n<!-- \/ Yoast SEO plugin. -->","yoast_head_json":{"title":"Berlanga cumple cien a\u00f1os - Centro Cultural Parque de Espa\u00f1a\/AECID","robots":{"index":"index","follow":"follow","max-snippet":"max-snippet:-1","max-image-preview":"max-image-preview:large","max-video-preview":"max-video-preview:-1"},"canonical":"https:\/\/ccpe.org.ar\/web\/actividades\/berlanga-cumple-cien-anos\/","og_locale":"es_ES","og_type":"article","og_title":"Berlanga cumple cien a\u00f1os - Centro Cultural Parque de Espa\u00f1a\/AECID","og_description":"Un significativo recorrido por la carrera de Luis Garc\u00eda Berlanga y una muestra de su evoluci\u00f3n como cineasta, a cien a\u00f1os de su nacimiento.","og_url":"https:\/\/ccpe.org.ar\/web\/actividades\/berlanga-cumple-cien-anos\/","og_site_name":"Centro Cultural Parque de Espa\u00f1a\/AECID","article_publisher":"https:\/\/www.facebook.com\/CCPErosario\/","article_modified_time":"2021-09-23T13:12:09+00:00","og_image":[{"width":1478,"height":824,"url":"https:\/\/ccpe.org.ar\/web\/wp-content\/uploads\/2021\/08\/b_berlanga.jpg","type":"image\/jpeg"}],"twitter_card":"summary_large_image","twitter_site":"@ccpe","twitter_misc":{"Tiempo de lectura":"7 minutos"},"schema":{"@context":"https:\/\/schema.org","@graph":[{"@type":"WebPage","@id":"https:\/\/ccpe.org.ar\/web\/actividades\/berlanga-cumple-cien-anos\/","url":"https:\/\/ccpe.org.ar\/web\/actividades\/berlanga-cumple-cien-anos\/","name":"Berlanga cumple cien a\u00f1os - Centro Cultural Parque de Espa\u00f1a\/AECID","isPartOf":{"@id":"https:\/\/ccpe.org.ar\/web\/#website"},"primaryImageOfPage":{"@id":"https:\/\/ccpe.org.ar\/web\/actividades\/berlanga-cumple-cien-anos\/#primaryimage"},"image":{"@id":"https:\/\/ccpe.org.ar\/web\/actividades\/berlanga-cumple-cien-anos\/#primaryimage"},"thumbnailUrl":"https:\/\/ccpe.org.ar\/web\/wp-content\/uploads\/2021\/08\/b_berlanga.jpg","datePublished":"2021-08-24T13:12:58+00:00","dateModified":"2021-09-23T13:12:09+00:00","breadcrumb":{"@id":"https:\/\/ccpe.org.ar\/web\/actividades\/berlanga-cumple-cien-anos\/#breadcrumb"},"inLanguage":"es","potentialAction":[{"@type":"ReadAction","target":["https:\/\/ccpe.org.ar\/web\/actividades\/berlanga-cumple-cien-anos\/"]}]},{"@type":"ImageObject","inLanguage":"es","@id":"https:\/\/ccpe.org.ar\/web\/actividades\/berlanga-cumple-cien-anos\/#primaryimage","url":"https:\/\/ccpe.org.ar\/web\/wp-content\/uploads\/2021\/08\/b_berlanga.jpg","contentUrl":"https:\/\/ccpe.org.ar\/web\/wp-content\/uploads\/2021\/08\/b_berlanga.jpg","width":1478,"height":824},{"@type":"BreadcrumbList","@id":"https:\/\/ccpe.org.ar\/web\/actividades\/berlanga-cumple-cien-anos\/#breadcrumb","itemListElement":[{"@type":"ListItem","position":1,"name":"Portada","item":"https:\/\/ccpe.org.ar\/web\/"},{"@type":"ListItem","position":2,"name":"Berlanga cumple cien a\u00f1os"}]},{"@type":"WebSite","@id":"https:\/\/ccpe.org.ar\/web\/#website","url":"https:\/\/ccpe.org.ar\/web\/","name":"Centro Cultural Parque de Espa\u00f1a\/AECID","description":"Sitio web del Centro Cultural Parque de Espa\u00f1a\/AECID","potentialAction":[{"@type":"SearchAction","target":{"@type":"EntryPoint","urlTemplate":"https:\/\/ccpe.org.ar\/web\/?s={search_term_string}"},"query-input":{"@type":"PropertyValueSpecification","valueRequired":true,"valueName":"search_term_string"}}],"inLanguage":"es"}]}},"_links":{"self":[{"href":"https:\/\/ccpe.org.ar\/web\/wp-json\/wp\/v2\/mec-events\/3197"}],"collection":[{"href":"https:\/\/ccpe.org.ar\/web\/wp-json\/wp\/v2\/mec-events"}],"about":[{"href":"https:\/\/ccpe.org.ar\/web\/wp-json\/wp\/v2\/types\/mec-events"}],"author":[{"embeddable":true,"href":"https:\/\/ccpe.org.ar\/web\/wp-json\/wp\/v2\/users\/2"}],"replies":[{"embeddable":true,"href":"https:\/\/ccpe.org.ar\/web\/wp-json\/wp\/v2\/comments?post=3197"}],"wp:featuredmedia":[{"embeddable":true,"href":"https:\/\/ccpe.org.ar\/web\/wp-json\/wp\/v2\/media\/3199"}],"wp:attachment":[{"href":"https:\/\/ccpe.org.ar\/web\/wp-json\/wp\/v2\/media?parent=3197"}],"wp:term":[{"taxonomy":"post_tag","embeddable":true,"href":"https:\/\/ccpe.org.ar\/web\/wp-json\/wp\/v2\/tags?post=3197"},{"taxonomy":"mec_category","embeddable":true,"href":"https:\/\/ccpe.org.ar\/web\/wp-json\/wp\/v2\/mec_category?post=3197"}],"curies":[{"name":"wp","href":"https:\/\/api.w.org\/{rel}","templated":true}]}}