{"id":3423,"date":"2021-11-03T10:42:31","date_gmt":"2021-11-03T13:42:31","guid":{"rendered":"https:\/\/ccpe.org.ar\/web\/?post_type=mec-events&#038;p=3423"},"modified":"2022-06-24T12:11:02","modified_gmt":"2022-06-24T15:11:02","slug":"gigantes-memorias-resistencias-y-recuperaciones","status":"publish","type":"mec-events","link":"https:\/\/ccpe.org.ar\/web\/actividades\/gigantes-memorias-resistencias-y-recuperaciones\/","title":{"rendered":"Gigantes: Memorias, Resistencias y Recuperaciones"},"content":{"rendered":"<p><span style=\"font-weight: 400;\">Ojo Verde. Cine Socioambiental invita a discutir y reflexionar sobre comunidades originarias, sus territorios, la ancestralidad, los cuerpos y su sacralidad, abordando los procesos de restituciones, conquistas de los desiertos, genocidio, y derechos humanos.<\/span><\/p>\n<p><span style=\"font-weight: 400;\">El jueves 18 de noviembre a las 19 h se proyectar\u00e1 en el cine El Cairo la pel\u00edcula Gigantes (2020), de la directora Natalia Cano, avant premi\u00e8re del largometraje en Argentina. A continuaci\u00f3n de la proyecci\u00f3n tendr\u00e1 lugar una mesa debate en la que se abordar\u00e1n los principales ejes tem\u00e1ticos desarrollados en la pel\u00edcula. Participan: Natalia Cano, Cristina Liempichun y Fernando Pepe Tessaro.<\/span><\/p>\n<div class=\"o9v6fnle cxmmr5t8 oygrvhab hcukyx3x c1et5uql\"><strong>Gratis. Las entradas pueden retirarse el d\u00eda 18\/11, a partir de las 18, en la boleter\u00eda El Cairo Cine P\u00fablico (Santa Fe 1120), o a partir del lunes 15 en <a class=\"oajrlxb2 g5ia77u1 qu0x051f esr5mh6w e9989ue4 r7d6kgcz rq0escxv nhd2j8a9 nc684nl6 p7hjln8o kvgmc6g5 cxmmr5t8 oygrvhab hcukyx3x jb3vyjys rz4wbd8a qt6c0cv9 a8nywdso i1ao9s8h esuyzwwr f1sip0of lzcic4wl py34i1dx gpro0wi8\" tabindex=\"0\" role=\"link\" href=\"https:\/\/elcairocinepublico.gob.ar\/?fbclid=IwAR07yV3dflY_gpQDMqMbq88qZamfyGAKhonHac0Ue4X81ubsjolft9L61gQ\" target=\"_blank\" rel=\"nofollow noopener\">https:\/\/elcairocinepublico.gob.ar\/<\/a><\/strong><\/div>\n<p>&nbsp;<\/p>\n<p><iframe loading=\"lazy\" title=\"YouTube video player\" src=\"https:\/\/www.youtube.com\/embed\/iWQTA-NDm2M\" width=\"560\" height=\"315\" frameborder=\"0\" allowfullscreen=\"allowfullscreen\"><\/iframe><\/p>\n<p><span style=\"font-weight: 400;\">Gigantes es una pel\u00edcula documental producida en el a\u00f1o 2020, que tuvo su preestreno en la reciente edici\u00f3n de FIDBA, y que narra el viaje del conde franc\u00e9s Henry de La Vaulx a la Patagonia en 1896. El film narra c\u00f3mo en su expedici\u00f3n, de la Vaux recolect\u00f3 \u201cun tesoro de material antropol\u00f3gico\u201d que se llev\u00f3 a Francia, en el que se encontraba el esqueleto del hijo del cacique tehuelche Liempichun. La pel\u00edcula se centra en el reclamo de la comunidad Sacamata Liempichun por la restituci\u00f3n de los restos mortales y el ajuar funerario de su ancestro directo, sum\u00e1ndose a muchos otros reclamos que ponen en jaque a los museos europeos. Gigantes evidencia el colonialismo cultural narrando esta historia desde el presente.<\/span><\/p>\n<p><b>Natalia Cano<\/b><span style=\"font-weight: 400;\">, directora de la pel\u00edcula, realizadora Integral de Cine y TV egresada del TCC, asistente de direcci\u00f3n y directora de casting en Buenos Aires.<\/span><\/p>\n<p><b>Cristina Liempichun<\/b><span style=\"font-weight: 400;\">, Werken de la Comunidad Tehuelche Mapuche \u201cSacamata Liempichun, Paraje Payagniyeo\u201d (Chubut). Hija de Antonio Liempichun, Longko de la Comunidad y sobrina tataranieta del Gigante Liempichun.<\/span><\/p>\n<p><b>Fernando Pepe Tessaro<\/b><span style=\"font-weight: 400;\">, coordinador del \u00e1rea de identificaci\u00f3n y restituci\u00f3n de restos humanos ind\u00edgenas y protecci\u00f3n de sitios sagrados del INAI y Presidente del Colectivo GUIAS (Grupo Universitario en Investigaci\u00f3n en Antropolog\u00eda social).<\/span><\/p>\n<p><span style=\"font-weight: 400;\">Coordinar\u00e1n la actividad <strong>Germ\u00e1n Giordano Porati e Ivone Rivera<\/strong>, integrantes de Ojo Verde. Cine Socioambiental.<\/span><\/p>\n<p><span style=\"font-weight: 400;\">Organizan: <a href=\"https:\/\/elcairocinepublico.gob.ar\/\">Cine El Cairo<\/a> y<a href=\"https:\/\/ccpe.org.ar\/web\/actividades\/ojo-verde-cine-socioambiental\/\"> Ojo Verde. Cine Socioambiental.<\/a><\/span><\/p>\n<p>&nbsp;<\/p>\n\n\n<hr class=\"wp-block-separator\"\/>\n\n\n\n<p><strong>Archivo Fotogr\u00e1fico<\/strong><\/p>\n\n\n\n<figure class=\"wp-block-gallery columns-3 is-cropped\">\n  <ul class=\"blocks-gallery-grid\">\n    <li class=\"blocks-gallery-item\">\n      <figure>\n        <a\n          href=\"https:\/\/upload.wikimedia.org\/wikipedia\/commons\/2\/25\/Ojo_Verde_-_Cine_Socioambiental_-_Gigantes_1.jpg\"\n          ><img decoding=\"async\"\n            src=\"https:\/\/upload.wikimedia.org\/wikipedia\/commons\/2\/25\/Ojo_Verde_-_Cine_Socioambiental_-_Gigantes_1.jpg\"\n            alt=\"\"\n            data-full-url=\"https:\/\/upload.wikimedia.org\/wikipedia\/commons\/2\/25\/Ojo_Verde_-_Cine_Socioambiental_-_Gigantes_1.jpg\"\n            data-link=\"https:\/\/upload.wikimedia.org\/wikipedia\/commons\/2\/25\/Ojo_Verde_-_Cine_Socioambiental_-_Gigantes_1.jpg\"\n        \/><\/a>\n        <figcaption class=\"blocks-gallery-item__caption\">\n            Ojo Verde. Cine Socioambiental. Proyecci\u00f3n pel\u00edcula Gigantes (2020).\n        <\/figcaption>\n      <\/figure>\n    <\/li>\n    <li class=\"blocks-gallery-item\">\n      <figure>\n        <a\n          href=\"https:\/\/upload.wikimedia.org\/wikipedia\/commons\/8\/81\/Ojo_Verde_-_Cine_Socioambiental_-_Gigantes_2.jpg\"\n          ><img decoding=\"async\"\n            src=\"https:\/\/upload.wikimedia.org\/wikipedia\/commons\/8\/81\/Ojo_Verde_-_Cine_Socioambiental_-_Gigantes_2.jpg\"\n            alt=\"\"\n            data-full-url=\"https:\/\/upload.wikimedia.org\/wikipedia\/commons\/8\/81\/Ojo_Verde_-_Cine_Socioambiental_-_Gigantes_2.jpg\"\n            data-link=\"https:\/\/upload.wikimedia.org\/wikipedia\/commons\/8\/81\/Ojo_Verde_-_Cine_Socioambiental_-_Gigantes_2.jpg\"\n        \/><\/a>\n        <figcaption class=\"blocks-gallery-item__caption\">\n          Ojo Verde. Cine Socioambiental. Proyecci\u00f3n pel\u00edcula Gigantes (2020).\n        <\/figcaption>\n      <\/figure>\n    <\/li>\n    <li class=\"blocks-gallery-item\">\n      <figure>\n        <a\n          href=\"https:\/\/upload.wikimedia.org\/wikipedia\/commons\/7\/78\/Ojo_Verde_-_Cine_Socioambiental_-_Gigantes_3.jpg\"\n          ><img decoding=\"async\"\n            src=\"https:\/\/upload.wikimedia.org\/wikipedia\/commons\/7\/78\/Ojo_Verde_-_Cine_Socioambiental_-_Gigantes_3.jpg\"\n            alt=\"\"\n            data-full-url=\"https:\/\/upload.wikimedia.org\/wikipedia\/commons\/7\/78\/Ojo_Verde_-_Cine_Socioambiental_-_Gigantes_3.jpg\"\n            data-link=\"https:\/\/upload.wikimedia.org\/wikipedia\/commons\/7\/78\/Ojo_Verde_-_Cine_Socioambiental_-_Gigantes_3.jpg\"\n        \/><\/a>\n        <figcaption class=\"blocks-gallery-item__caption\">\n          Ojo Verde. Cine Socioambiental. Proyecci\u00f3n pel\u00edcula Gigantes (2020).\n        <\/figcaption>\n      <\/figure>\n    <\/li>\n    <li class=\"blocks-gallery-item\">\n        <figure>\n          <a\n            href=\"https:\/\/upload.wikimedia.org\/wikipedia\/commons\/7\/7a\/Ojo_Verde_-_Cine_Socioambiental_-_Gigantes_4.jpg\"\n            ><img decoding=\"async\"\n              src=\"https:\/\/upload.wikimedia.org\/wikipedia\/commons\/7\/7a\/Ojo_Verde_-_Cine_Socioambiental_-_Gigantes_4.jpg\"\n              alt=\"\"\n              data-full-url=\"https:\/\/upload.wikimedia.org\/wikipedia\/commons\/7\/7a\/Ojo_Verde_-_Cine_Socioambiental_-_Gigantes_4.jpg\"\n              data-link=\"https:\/\/upload.wikimedia.org\/wikipedia\/commons\/7\/7a\/Ojo_Verde_-_Cine_Socioambiental_-_Gigantes_4.jpg\"\n          \/><\/a>\n          <figcaption class=\"blocks-gallery-item__caption\">\n            Ojo Verde. Cine Socioambiental. Proyecci\u00f3n pel\u00edcula Gigantes (2020).\n          <\/figcaption>\n        <\/figure>\n      <\/li>\n  <\/ul>\n<\/figure>\n","protected":false},"excerpt":{"rendered":"<p>Reflexiones sobre comunidades originarias, sus territorios, la ancestralidad, abordando los procesos de restituciones, genocidio, y derechos humanos.<\/p>\n","protected":false},"author":2,"featured_media":3425,"comment_status":"closed","ping_status":"closed","template":"","tags":[],"mec_category":[19],"yoast_head":"<!-- This site is optimized with the Yoast SEO plugin v23.5 - https:\/\/yoast.com\/wordpress\/plugins\/seo\/ -->\n<title>Gigantes: Memorias, Resistencias y Recuperaciones - Centro Cultural Parque de Espa\u00f1a\/AECID<\/title>\n<meta name=\"robots\" content=\"index, follow, max-snippet:-1, max-image-preview:large, max-video-preview:-1\" \/>\n<link rel=\"canonical\" href=\"https:\/\/ccpe.org.ar\/web\/actividades\/gigantes-memorias-resistencias-y-recuperaciones\/\" \/>\n<meta property=\"og:locale\" content=\"es_ES\" \/>\n<meta property=\"og:type\" content=\"article\" \/>\n<meta property=\"og:title\" content=\"Gigantes: Memorias, Resistencias y Recuperaciones - Centro Cultural Parque de Espa\u00f1a\/AECID\" \/>\n<meta property=\"og:description\" content=\"Reflexiones sobre comunidades originarias, sus territorios, la ancestralidad, abordando los procesos de restituciones, genocidio, y derechos humanos.\" \/>\n<meta property=\"og:url\" content=\"https:\/\/ccpe.org.ar\/web\/actividades\/gigantes-memorias-resistencias-y-recuperaciones\/\" \/>\n<meta property=\"og:site_name\" content=\"Centro Cultural Parque de Espa\u00f1a\/AECID\" \/>\n<meta property=\"article:publisher\" content=\"https:\/\/www.facebook.com\/CCPErosario\/\" \/>\n<meta property=\"article:modified_time\" content=\"2022-06-24T15:11:02+00:00\" \/>\n<meta property=\"og:image\" content=\"https:\/\/ccpe.org.ar\/web\/wp-content\/uploads\/2021\/11\/b_gigantes.jpg\" \/>\n\t<meta property=\"og:image:width\" content=\"980\" \/>\n\t<meta property=\"og:image:height\" content=\"544\" \/>\n\t<meta property=\"og:image:type\" content=\"image\/jpeg\" \/>\n<meta name=\"twitter:card\" content=\"summary_large_image\" \/>\n<meta name=\"twitter:site\" content=\"@ccpe\" \/>\n<meta name=\"twitter:label1\" content=\"Tiempo de lectura\" \/>\n\t<meta name=\"twitter:data1\" content=\"3 minutos\" \/>\n<script type=\"application\/ld+json\" class=\"yoast-schema-graph\">{\"@context\":\"https:\/\/schema.org\",\"@graph\":[{\"@type\":\"WebPage\",\"@id\":\"https:\/\/ccpe.org.ar\/web\/actividades\/gigantes-memorias-resistencias-y-recuperaciones\/\",\"url\":\"https:\/\/ccpe.org.ar\/web\/actividades\/gigantes-memorias-resistencias-y-recuperaciones\/\",\"name\":\"Gigantes: Memorias, Resistencias y Recuperaciones - Centro Cultural Parque de Espa\u00f1a\/AECID\",\"isPartOf\":{\"@id\":\"https:\/\/ccpe.org.ar\/web\/#website\"},\"primaryImageOfPage\":{\"@id\":\"https:\/\/ccpe.org.ar\/web\/actividades\/gigantes-memorias-resistencias-y-recuperaciones\/#primaryimage\"},\"image\":{\"@id\":\"https:\/\/ccpe.org.ar\/web\/actividades\/gigantes-memorias-resistencias-y-recuperaciones\/#primaryimage\"},\"thumbnailUrl\":\"https:\/\/ccpe.org.ar\/web\/wp-content\/uploads\/2021\/11\/b_gigantes.jpg\",\"datePublished\":\"2021-11-03T13:42:31+00:00\",\"dateModified\":\"2022-06-24T15:11:02+00:00\",\"breadcrumb\":{\"@id\":\"https:\/\/ccpe.org.ar\/web\/actividades\/gigantes-memorias-resistencias-y-recuperaciones\/#breadcrumb\"},\"inLanguage\":\"es\",\"potentialAction\":[{\"@type\":\"ReadAction\",\"target\":[\"https:\/\/ccpe.org.ar\/web\/actividades\/gigantes-memorias-resistencias-y-recuperaciones\/\"]}]},{\"@type\":\"ImageObject\",\"inLanguage\":\"es\",\"@id\":\"https:\/\/ccpe.org.ar\/web\/actividades\/gigantes-memorias-resistencias-y-recuperaciones\/#primaryimage\",\"url\":\"https:\/\/ccpe.org.ar\/web\/wp-content\/uploads\/2021\/11\/b_gigantes.jpg\",\"contentUrl\":\"https:\/\/ccpe.org.ar\/web\/wp-content\/uploads\/2021\/11\/b_gigantes.jpg\",\"width\":980,\"height\":544},{\"@type\":\"BreadcrumbList\",\"@id\":\"https:\/\/ccpe.org.ar\/web\/actividades\/gigantes-memorias-resistencias-y-recuperaciones\/#breadcrumb\",\"itemListElement\":[{\"@type\":\"ListItem\",\"position\":1,\"name\":\"Portada\",\"item\":\"https:\/\/ccpe.org.ar\/web\/\"},{\"@type\":\"ListItem\",\"position\":2,\"name\":\"Gigantes: Memorias, Resistencias y Recuperaciones\"}]},{\"@type\":\"WebSite\",\"@id\":\"https:\/\/ccpe.org.ar\/web\/#website\",\"url\":\"https:\/\/ccpe.org.ar\/web\/\",\"name\":\"Centro Cultural Parque de Espa\u00f1a\/AECID\",\"description\":\"Sitio web del Centro Cultural Parque de Espa\u00f1a\/AECID\",\"potentialAction\":[{\"@type\":\"SearchAction\",\"target\":{\"@type\":\"EntryPoint\",\"urlTemplate\":\"https:\/\/ccpe.org.ar\/web\/?s={search_term_string}\"},\"query-input\":{\"@type\":\"PropertyValueSpecification\",\"valueRequired\":true,\"valueName\":\"search_term_string\"}}],\"inLanguage\":\"es\"}]}<\/script>\n<!-- \/ Yoast SEO plugin. -->","yoast_head_json":{"title":"Gigantes: Memorias, Resistencias y Recuperaciones - Centro Cultural Parque de Espa\u00f1a\/AECID","robots":{"index":"index","follow":"follow","max-snippet":"max-snippet:-1","max-image-preview":"max-image-preview:large","max-video-preview":"max-video-preview:-1"},"canonical":"https:\/\/ccpe.org.ar\/web\/actividades\/gigantes-memorias-resistencias-y-recuperaciones\/","og_locale":"es_ES","og_type":"article","og_title":"Gigantes: Memorias, Resistencias y Recuperaciones - Centro Cultural Parque de Espa\u00f1a\/AECID","og_description":"Reflexiones sobre comunidades originarias, sus territorios, la ancestralidad, abordando los procesos de restituciones, genocidio, y derechos humanos.","og_url":"https:\/\/ccpe.org.ar\/web\/actividades\/gigantes-memorias-resistencias-y-recuperaciones\/","og_site_name":"Centro Cultural Parque de Espa\u00f1a\/AECID","article_publisher":"https:\/\/www.facebook.com\/CCPErosario\/","article_modified_time":"2022-06-24T15:11:02+00:00","og_image":[{"width":980,"height":544,"url":"https:\/\/ccpe.org.ar\/web\/wp-content\/uploads\/2021\/11\/b_gigantes.jpg","type":"image\/jpeg"}],"twitter_card":"summary_large_image","twitter_site":"@ccpe","twitter_misc":{"Tiempo de lectura":"3 minutos"},"schema":{"@context":"https:\/\/schema.org","@graph":[{"@type":"WebPage","@id":"https:\/\/ccpe.org.ar\/web\/actividades\/gigantes-memorias-resistencias-y-recuperaciones\/","url":"https:\/\/ccpe.org.ar\/web\/actividades\/gigantes-memorias-resistencias-y-recuperaciones\/","name":"Gigantes: Memorias, Resistencias y Recuperaciones - Centro Cultural Parque de Espa\u00f1a\/AECID","isPartOf":{"@id":"https:\/\/ccpe.org.ar\/web\/#website"},"primaryImageOfPage":{"@id":"https:\/\/ccpe.org.ar\/web\/actividades\/gigantes-memorias-resistencias-y-recuperaciones\/#primaryimage"},"image":{"@id":"https:\/\/ccpe.org.ar\/web\/actividades\/gigantes-memorias-resistencias-y-recuperaciones\/#primaryimage"},"thumbnailUrl":"https:\/\/ccpe.org.ar\/web\/wp-content\/uploads\/2021\/11\/b_gigantes.jpg","datePublished":"2021-11-03T13:42:31+00:00","dateModified":"2022-06-24T15:11:02+00:00","breadcrumb":{"@id":"https:\/\/ccpe.org.ar\/web\/actividades\/gigantes-memorias-resistencias-y-recuperaciones\/#breadcrumb"},"inLanguage":"es","potentialAction":[{"@type":"ReadAction","target":["https:\/\/ccpe.org.ar\/web\/actividades\/gigantes-memorias-resistencias-y-recuperaciones\/"]}]},{"@type":"ImageObject","inLanguage":"es","@id":"https:\/\/ccpe.org.ar\/web\/actividades\/gigantes-memorias-resistencias-y-recuperaciones\/#primaryimage","url":"https:\/\/ccpe.org.ar\/web\/wp-content\/uploads\/2021\/11\/b_gigantes.jpg","contentUrl":"https:\/\/ccpe.org.ar\/web\/wp-content\/uploads\/2021\/11\/b_gigantes.jpg","width":980,"height":544},{"@type":"BreadcrumbList","@id":"https:\/\/ccpe.org.ar\/web\/actividades\/gigantes-memorias-resistencias-y-recuperaciones\/#breadcrumb","itemListElement":[{"@type":"ListItem","position":1,"name":"Portada","item":"https:\/\/ccpe.org.ar\/web\/"},{"@type":"ListItem","position":2,"name":"Gigantes: Memorias, Resistencias y Recuperaciones"}]},{"@type":"WebSite","@id":"https:\/\/ccpe.org.ar\/web\/#website","url":"https:\/\/ccpe.org.ar\/web\/","name":"Centro Cultural Parque de Espa\u00f1a\/AECID","description":"Sitio web del Centro Cultural Parque de Espa\u00f1a\/AECID","potentialAction":[{"@type":"SearchAction","target":{"@type":"EntryPoint","urlTemplate":"https:\/\/ccpe.org.ar\/web\/?s={search_term_string}"},"query-input":{"@type":"PropertyValueSpecification","valueRequired":true,"valueName":"search_term_string"}}],"inLanguage":"es"}]}},"_links":{"self":[{"href":"https:\/\/ccpe.org.ar\/web\/wp-json\/wp\/v2\/mec-events\/3423"}],"collection":[{"href":"https:\/\/ccpe.org.ar\/web\/wp-json\/wp\/v2\/mec-events"}],"about":[{"href":"https:\/\/ccpe.org.ar\/web\/wp-json\/wp\/v2\/types\/mec-events"}],"author":[{"embeddable":true,"href":"https:\/\/ccpe.org.ar\/web\/wp-json\/wp\/v2\/users\/2"}],"replies":[{"embeddable":true,"href":"https:\/\/ccpe.org.ar\/web\/wp-json\/wp\/v2\/comments?post=3423"}],"wp:featuredmedia":[{"embeddable":true,"href":"https:\/\/ccpe.org.ar\/web\/wp-json\/wp\/v2\/media\/3425"}],"wp:attachment":[{"href":"https:\/\/ccpe.org.ar\/web\/wp-json\/wp\/v2\/media?parent=3423"}],"wp:term":[{"taxonomy":"post_tag","embeddable":true,"href":"https:\/\/ccpe.org.ar\/web\/wp-json\/wp\/v2\/tags?post=3423"},{"taxonomy":"mec_category","embeddable":true,"href":"https:\/\/ccpe.org.ar\/web\/wp-json\/wp\/v2\/mec_category?post=3423"}],"curies":[{"name":"wp","href":"https:\/\/api.w.org\/{rel}","templated":true}]}}