{"id":3460,"date":"2021-11-15T09:15:59","date_gmt":"2021-11-15T12:15:59","guid":{"rendered":"https:\/\/ccpe.org.ar\/web\/?post_type=mec-events&#038;p=3460"},"modified":"2022-06-24T11:50:56","modified_gmt":"2022-06-24T14:50:56","slug":"25n-la-violencia-invisible","status":"publish","type":"mec-events","link":"https:\/\/ccpe.org.ar\/web\/actividades\/25n-la-violencia-invisible\/","title":{"rendered":"La violencia invisible"},"content":{"rendered":"<p><span style=\"font-weight: 400;\">El CCPE junto a la Secretar\u00eda de G\u00e9nero y Derechos Humanos de la Municipalidad de Rosario invita a la <\/span><b>proyecci\u00f3n del documental<\/b> <i><span style=\"font-weight: 400;\">\u00abLa violencia invisible\u00bb<\/span><\/i><span style=\"font-weight: 400;\">, de Mar\u00eda Royo. <\/span><span style=\"font-weight: 400;\">Adem\u00e1s se realizar\u00e1 una <\/span><b>mesa debate<\/b><span style=\"font-weight: 400;\"> con la presencia de Florencia Langhi Sanfilippo (Coord. del \u00c1rea de G\u00e9nero del Colegio de Psic\u00f3logxs), Sofia Botto (Dir. de Mujeres e Igualdad de la Secretar\u00eda de G\u00e9nero y DDHH) y Delicia Silvia Teresa (<\/span><span style=\"font-weight: 400;\">Referente Red de mujeres Sudoeste). <\/span><span style=\"font-weight: 400;\">Ambas actividades son en el marco del 25N D\u00eda Internacional contra la Violencia de G\u00e9nero.<\/span><\/p>\n<p><b>Mi\u00e9rcoles 24\/11, 18:30 h en el T\u00fanel 4. Gratis.&nbsp;<\/b><\/p>\n<p><b>La Violencia Invisible (2021),<\/b> <span style=\"font-weight: 400;\">Documental, 38 min, dirigido por Mar\u00eda Gis\u00e8le Royo.&nbsp;<\/span><\/p>\n<p><iframe loading=\"lazy\" title=\"vimeo-player\" src=\"https:\/\/player.vimeo.com\/video\/584513775?h=e3594b5a7e\" width=\"640\" height=\"360\" frameborder=\"0\" allowfullscreen=\"allowfullscreen\"><\/iframe><\/p>\n<p><span style=\"font-weight: 400;\">Un grupo de supervivientes de violencia psicol\u00f3gica de g\u00e9nero,en el que est\u00e1 incluida la directora del documental, se re\u00fane para intentar construir con sus historias una forma de hacer visible este patr\u00f3n de la sociedad y una herramienta para el cambio.<\/span><\/p>\n<p><b>Florencia Langhi Sanfilippo<\/b><span style=\"font-weight: 400;\">, psic\u00f3loga y psic\u00f3loga social. Feminista. Psic\u00f3loga Cl\u00ednica con perspectiva de g\u00e9nero. Fundadora en colectivo y Coordinadora del \u00c1rea de Estudios de G\u00e9nero del Colegio de Psic\u00f3logxs de Rosario. Docente del Seminario de Pre Grado \u201cVida Cotidiana y Violencia de G\u00e9nero\u201d de la Fac. de Psicolog\u00eda UNR. Coordinadora de diversas experiencias grupales en tem\u00e1ticas de g\u00e9nero y violencia.<\/span><\/p>\n<p><b>Sofia Botto.<\/b><span style=\"font-weight: 400;\"> Directora de Mujeres e Igualdad de la Secretar\u00eda de G\u00e9nero y DDHH. Municipalidad de Rosario.<\/span><\/p>\n<p><b>Silvia Delicia. <\/b><span style=\"font-weight: 400;\">Militante activista y feminista. Periodista. Tallerista en noviazgos violentos y violencias. Miembro jurado del concurso premios Juana Manso de la Secretar\u00eda de G\u00e9nero y DDHH (MR). Miembro de la comisi\u00f3n de feminismos y disidencias del Concejo Deliberante. Miembro de la Mesa Consultiva de Violencia de G\u00e9nero de la Secretar\u00eda&nbsp;<\/span><span style=\"font-weight: 400;\">de G\u00e9nero y DDHH (MR). Militante del Comit\u00e9 feminista ante la emergencia sanitaria de Rosario. Poeta. Referente Red de mujeres Sudoeste, trabajo realizado en prevenci\u00f3n de&nbsp;<\/span><span style=\"font-weight: 400;\">violencias hacia la mujer y promoci\u00f3n en derechos de las mujeres.<\/span><\/p>\n<p><\/p>\n\n\n<hr class=\"wp-block-separator\"\/>\n\n\n\n<p><strong>Archivo fotogr\u00e1fico<\/strong><\/p>\n\n\n\n<figure class=\"wp-block-gallery columns-3 is-cropped wp-block-gallery-1 is-layout-flex wp-block-gallery-is-layout-flex\"><ul class=\"blocks-gallery-grid\"><li class=\"blocks-gallery-item\"><figure><a href=\"https:\/\/upload.wikimedia.org\/wikipedia\/commons\/1\/16\/25N_La_Violencia_Invisible_24-11-21.jpg\"><img decoding=\"async\" src=\"https:\/\/upload.wikimedia.org\/wikipedia\/commons\/1\/16\/25N_La_Violencia_Invisible_24-11-21.jpg\" alt=\"\" data-full-url=\"https:\/\/upload.wikimedia.org\/wikipedia\/commons\/1\/16\/25N_La_Violencia_Invisible_24-11-21.jpg\" data-link=\"https:\/\/upload.wikimedia.org\/wikipedia\/commons\/1\/16\/25N_La_Violencia_Invisible_24-11-21.jpg\"\/><\/a><figcaption class=\"blocks-gallery-item__caption\">\n          Proyecci\u00f3n y mesa debate \u00abLa Violencia Invisible\u00bb\n        <\/figcaption><\/figure><\/li><li class=\"blocks-gallery-item\"><figure><a href=\"https:\/\/upload.wikimedia.org\/wikipedia\/commons\/1\/10\/25N_La_Violencia_Invisible_24-11-21-3.jpg\"><img decoding=\"async\" src=\"https:\/\/upload.wikimedia.org\/wikipedia\/commons\/1\/10\/25N_La_Violencia_Invisible_24-11-21-3.jpg\" alt=\"\" data-full-url=\"https:\/\/upload.wikimedia.org\/wikipedia\/commons\/1\/10\/25N_La_Violencia_Invisible_24-11-21-3.jpg\" data-link=\"https:\/\/upload.wikimedia.org\/wikipedia\/commons\/1\/10\/25N_La_Violencia_Invisible_24-11-21-3.jpg\"\/><\/a><figcaption class=\"blocks-gallery-item__caption\">\n          Proyecci\u00f3n y mesa debate \u00abLa Violencia Invisible\u00bb\n        <\/figcaption><\/figure><\/li><li class=\"blocks-gallery-item\"><figure><a href=\"https:\/\/upload.wikimedia.org\/wikipedia\/commons\/7\/7c\/25N_La_Violencia_Invisible_24-11-21-4.jpg\"><img decoding=\"async\" src=\"https:\/\/upload.wikimedia.org\/wikipedia\/commons\/7\/7c\/25N_La_Violencia_Invisible_24-11-21-4.jpg\" alt=\"\" data-full-url=\"https:\/\/upload.wikimedia.org\/wikipedia\/commons\/7\/7c\/25N_La_Violencia_Invisible_24-11-21-4.jpg\" data-link=\"https:\/\/upload.wikimedia.org\/wikipedia\/commons\/7\/7c\/25N_La_Violencia_Invisible_24-11-21-4.jpg\"\/><\/a><figcaption class=\"blocks-gallery-item__caption\">\n          Proyecci\u00f3n y mesa debate \u00abLa Violencia Invisible\u00bb\n        <\/figcaption><\/figure><\/li><li class=\"blocks-gallery-item\"><figure><a href=\"https:\/\/upload.wikimedia.org\/wikipedia\/commons\/7\/7e\/25N_La_Violencia_Invisible_24-11-21-2.jpg\"><img decoding=\"async\" src=\"https:\/\/upload.wikimedia.org\/wikipedia\/commons\/7\/7e\/25N_La_Violencia_Invisible_24-11-21-2.jpg\" alt=\"\" data-full-url=\"https:\/\/upload.wikimedia.org\/wikipedia\/commons\/7\/7e\/25N_La_Violencia_Invisible_24-11-21-2.jpg\" data-link=\"https:\/\/upload.wikimedia.org\/wikipedia\/commons\/7\/7e\/25N_La_Violencia_Invisible_24-11-21-2.jpg\"\/><\/a><figcaption class=\"blocks-gallery-item__caption\">\n          Proyecci\u00f3n y mesa debate \u00abLa Violencia Invisible\u00bb\n        <\/figcaption><\/figure><\/li><li class=\"blocks-gallery-item\"><figure><a href=\"https:\/\/upload.wikimedia.org\/wikipedia\/commons\/b\/be\/25N_La_Violencia_Invisible_24-11-21-1.jpg\"><img decoding=\"async\" src=\"https:\/\/upload.wikimedia.org\/wikipedia\/commons\/b\/be\/25N_La_Violencia_Invisible_24-11-21-1.jpg\" alt=\"\" data-full-url=\"https:\/\/upload.wikimedia.org\/wikipedia\/commons\/b\/be\/25N_La_Violencia_Invisible_24-11-21-1.jpg\" data-link=\"https:\/\/upload.wikimedia.org\/wikipedia\/commons\/b\/be\/25N_La_Violencia_Invisible_24-11-21-1.jpg\"\/><\/a><figcaption class=\"blocks-gallery-item__caption\">\n          Proyecci\u00f3n y mesa debate \u00abLa Violencia Invisible\u00bb\n        <\/figcaption><\/figure><\/li><\/ul><\/figure>\n","protected":false},"excerpt":{"rendered":"<p>Supervivientes de violencia psicol\u00f3gica de g\u00e9nero se re\u00fane para intentar construir con sus historias una forma de hacer visible este problema.<\/p>\n","protected":false},"author":2,"featured_media":3462,"comment_status":"closed","ping_status":"closed","template":"","tags":[],"mec_category":[20,19],"yoast_head":"<!-- This site is optimized with the Yoast SEO plugin v23.5 - https:\/\/yoast.com\/wordpress\/plugins\/seo\/ -->\n<title>La violencia invisible - Centro Cultural Parque de Espa\u00f1a\/AECID<\/title>\n<meta name=\"robots\" content=\"index, follow, max-snippet:-1, max-image-preview:large, max-video-preview:-1\" \/>\n<link rel=\"canonical\" href=\"https:\/\/ccpe.org.ar\/web\/actividades\/25n-la-violencia-invisible\/\" \/>\n<meta property=\"og:locale\" content=\"es_ES\" \/>\n<meta property=\"og:type\" content=\"article\" \/>\n<meta property=\"og:title\" content=\"La violencia invisible - Centro Cultural Parque de Espa\u00f1a\/AECID\" \/>\n<meta property=\"og:description\" content=\"Supervivientes de violencia psicol\u00f3gica de g\u00e9nero se re\u00fane para intentar construir con sus historias una forma de hacer visible este problema.\" \/>\n<meta property=\"og:url\" content=\"https:\/\/ccpe.org.ar\/web\/actividades\/25n-la-violencia-invisible\/\" \/>\n<meta property=\"og:site_name\" content=\"Centro Cultural Parque de Espa\u00f1a\/AECID\" \/>\n<meta property=\"article:publisher\" content=\"https:\/\/www.facebook.com\/CCPErosario\/\" \/>\n<meta property=\"article:modified_time\" content=\"2022-06-24T14:50:56+00:00\" \/>\n<meta property=\"og:image\" content=\"https:\/\/ccpe.org.ar\/web\/wp-content\/uploads\/2021\/11\/b_violencia_invisible.jpg\" \/>\n\t<meta property=\"og:image:width\" content=\"980\" \/>\n\t<meta property=\"og:image:height\" content=\"544\" \/>\n\t<meta property=\"og:image:type\" content=\"image\/jpeg\" \/>\n<meta name=\"twitter:card\" content=\"summary_large_image\" \/>\n<meta name=\"twitter:site\" content=\"@ccpe\" \/>\n<meta name=\"twitter:label1\" content=\"Tiempo de lectura\" \/>\n\t<meta name=\"twitter:data1\" content=\"3 minutos\" \/>\n<script type=\"application\/ld+json\" class=\"yoast-schema-graph\">{\"@context\":\"https:\/\/schema.org\",\"@graph\":[{\"@type\":\"WebPage\",\"@id\":\"https:\/\/ccpe.org.ar\/web\/actividades\/25n-la-violencia-invisible\/\",\"url\":\"https:\/\/ccpe.org.ar\/web\/actividades\/25n-la-violencia-invisible\/\",\"name\":\"La violencia invisible - Centro Cultural Parque de Espa\u00f1a\/AECID\",\"isPartOf\":{\"@id\":\"https:\/\/ccpe.org.ar\/web\/#website\"},\"primaryImageOfPage\":{\"@id\":\"https:\/\/ccpe.org.ar\/web\/actividades\/25n-la-violencia-invisible\/#primaryimage\"},\"image\":{\"@id\":\"https:\/\/ccpe.org.ar\/web\/actividades\/25n-la-violencia-invisible\/#primaryimage\"},\"thumbnailUrl\":\"https:\/\/ccpe.org.ar\/web\/wp-content\/uploads\/2021\/11\/b_violencia_invisible.jpg\",\"datePublished\":\"2021-11-15T12:15:59+00:00\",\"dateModified\":\"2022-06-24T14:50:56+00:00\",\"breadcrumb\":{\"@id\":\"https:\/\/ccpe.org.ar\/web\/actividades\/25n-la-violencia-invisible\/#breadcrumb\"},\"inLanguage\":\"es\",\"potentialAction\":[{\"@type\":\"ReadAction\",\"target\":[\"https:\/\/ccpe.org.ar\/web\/actividades\/25n-la-violencia-invisible\/\"]}]},{\"@type\":\"ImageObject\",\"inLanguage\":\"es\",\"@id\":\"https:\/\/ccpe.org.ar\/web\/actividades\/25n-la-violencia-invisible\/#primaryimage\",\"url\":\"https:\/\/ccpe.org.ar\/web\/wp-content\/uploads\/2021\/11\/b_violencia_invisible.jpg\",\"contentUrl\":\"https:\/\/ccpe.org.ar\/web\/wp-content\/uploads\/2021\/11\/b_violencia_invisible.jpg\",\"width\":980,\"height\":544},{\"@type\":\"BreadcrumbList\",\"@id\":\"https:\/\/ccpe.org.ar\/web\/actividades\/25n-la-violencia-invisible\/#breadcrumb\",\"itemListElement\":[{\"@type\":\"ListItem\",\"position\":1,\"name\":\"Portada\",\"item\":\"https:\/\/ccpe.org.ar\/web\/\"},{\"@type\":\"ListItem\",\"position\":2,\"name\":\"La violencia invisible\"}]},{\"@type\":\"WebSite\",\"@id\":\"https:\/\/ccpe.org.ar\/web\/#website\",\"url\":\"https:\/\/ccpe.org.ar\/web\/\",\"name\":\"Centro Cultural Parque de Espa\u00f1a\/AECID\",\"description\":\"Sitio web del Centro Cultural Parque de Espa\u00f1a\/AECID\",\"potentialAction\":[{\"@type\":\"SearchAction\",\"target\":{\"@type\":\"EntryPoint\",\"urlTemplate\":\"https:\/\/ccpe.org.ar\/web\/?s={search_term_string}\"},\"query-input\":{\"@type\":\"PropertyValueSpecification\",\"valueRequired\":true,\"valueName\":\"search_term_string\"}}],\"inLanguage\":\"es\"}]}<\/script>\n<!-- \/ Yoast SEO plugin. -->","yoast_head_json":{"title":"La violencia invisible - Centro Cultural Parque de Espa\u00f1a\/AECID","robots":{"index":"index","follow":"follow","max-snippet":"max-snippet:-1","max-image-preview":"max-image-preview:large","max-video-preview":"max-video-preview:-1"},"canonical":"https:\/\/ccpe.org.ar\/web\/actividades\/25n-la-violencia-invisible\/","og_locale":"es_ES","og_type":"article","og_title":"La violencia invisible - Centro Cultural Parque de Espa\u00f1a\/AECID","og_description":"Supervivientes de violencia psicol\u00f3gica de g\u00e9nero se re\u00fane para intentar construir con sus historias una forma de hacer visible este problema.","og_url":"https:\/\/ccpe.org.ar\/web\/actividades\/25n-la-violencia-invisible\/","og_site_name":"Centro Cultural Parque de Espa\u00f1a\/AECID","article_publisher":"https:\/\/www.facebook.com\/CCPErosario\/","article_modified_time":"2022-06-24T14:50:56+00:00","og_image":[{"width":980,"height":544,"url":"https:\/\/ccpe.org.ar\/web\/wp-content\/uploads\/2021\/11\/b_violencia_invisible.jpg","type":"image\/jpeg"}],"twitter_card":"summary_large_image","twitter_site":"@ccpe","twitter_misc":{"Tiempo de lectura":"3 minutos"},"schema":{"@context":"https:\/\/schema.org","@graph":[{"@type":"WebPage","@id":"https:\/\/ccpe.org.ar\/web\/actividades\/25n-la-violencia-invisible\/","url":"https:\/\/ccpe.org.ar\/web\/actividades\/25n-la-violencia-invisible\/","name":"La violencia invisible - Centro Cultural Parque de Espa\u00f1a\/AECID","isPartOf":{"@id":"https:\/\/ccpe.org.ar\/web\/#website"},"primaryImageOfPage":{"@id":"https:\/\/ccpe.org.ar\/web\/actividades\/25n-la-violencia-invisible\/#primaryimage"},"image":{"@id":"https:\/\/ccpe.org.ar\/web\/actividades\/25n-la-violencia-invisible\/#primaryimage"},"thumbnailUrl":"https:\/\/ccpe.org.ar\/web\/wp-content\/uploads\/2021\/11\/b_violencia_invisible.jpg","datePublished":"2021-11-15T12:15:59+00:00","dateModified":"2022-06-24T14:50:56+00:00","breadcrumb":{"@id":"https:\/\/ccpe.org.ar\/web\/actividades\/25n-la-violencia-invisible\/#breadcrumb"},"inLanguage":"es","potentialAction":[{"@type":"ReadAction","target":["https:\/\/ccpe.org.ar\/web\/actividades\/25n-la-violencia-invisible\/"]}]},{"@type":"ImageObject","inLanguage":"es","@id":"https:\/\/ccpe.org.ar\/web\/actividades\/25n-la-violencia-invisible\/#primaryimage","url":"https:\/\/ccpe.org.ar\/web\/wp-content\/uploads\/2021\/11\/b_violencia_invisible.jpg","contentUrl":"https:\/\/ccpe.org.ar\/web\/wp-content\/uploads\/2021\/11\/b_violencia_invisible.jpg","width":980,"height":544},{"@type":"BreadcrumbList","@id":"https:\/\/ccpe.org.ar\/web\/actividades\/25n-la-violencia-invisible\/#breadcrumb","itemListElement":[{"@type":"ListItem","position":1,"name":"Portada","item":"https:\/\/ccpe.org.ar\/web\/"},{"@type":"ListItem","position":2,"name":"La violencia invisible"}]},{"@type":"WebSite","@id":"https:\/\/ccpe.org.ar\/web\/#website","url":"https:\/\/ccpe.org.ar\/web\/","name":"Centro Cultural Parque de Espa\u00f1a\/AECID","description":"Sitio web del Centro Cultural Parque de Espa\u00f1a\/AECID","potentialAction":[{"@type":"SearchAction","target":{"@type":"EntryPoint","urlTemplate":"https:\/\/ccpe.org.ar\/web\/?s={search_term_string}"},"query-input":{"@type":"PropertyValueSpecification","valueRequired":true,"valueName":"search_term_string"}}],"inLanguage":"es"}]}},"_links":{"self":[{"href":"https:\/\/ccpe.org.ar\/web\/wp-json\/wp\/v2\/mec-events\/3460"}],"collection":[{"href":"https:\/\/ccpe.org.ar\/web\/wp-json\/wp\/v2\/mec-events"}],"about":[{"href":"https:\/\/ccpe.org.ar\/web\/wp-json\/wp\/v2\/types\/mec-events"}],"author":[{"embeddable":true,"href":"https:\/\/ccpe.org.ar\/web\/wp-json\/wp\/v2\/users\/2"}],"replies":[{"embeddable":true,"href":"https:\/\/ccpe.org.ar\/web\/wp-json\/wp\/v2\/comments?post=3460"}],"wp:featuredmedia":[{"embeddable":true,"href":"https:\/\/ccpe.org.ar\/web\/wp-json\/wp\/v2\/media\/3462"}],"wp:attachment":[{"href":"https:\/\/ccpe.org.ar\/web\/wp-json\/wp\/v2\/media?parent=3460"}],"wp:term":[{"taxonomy":"post_tag","embeddable":true,"href":"https:\/\/ccpe.org.ar\/web\/wp-json\/wp\/v2\/tags?post=3460"},{"taxonomy":"mec_category","embeddable":true,"href":"https:\/\/ccpe.org.ar\/web\/wp-json\/wp\/v2\/mec_category?post=3460"}],"curies":[{"name":"wp","href":"https:\/\/api.w.org\/{rel}","templated":true}]}}