{"id":3806,"date":"2022-04-27T11:13:11","date_gmt":"2022-04-27T14:13:11","guid":{"rendered":"https:\/\/ccpe.org.ar\/web\/?post_type=mec-events&#038;p=3806"},"modified":"2023-12-18T14:58:44","modified_gmt":"2023-12-18T17:58:44","slug":"parentesis-3","status":"publish","type":"mec-events","link":"https:\/\/ccpe.org.ar\/web\/actividades\/parentesis-3\/","title":{"rendered":"Par\u00e9ntesis"},"content":{"rendered":"<p>La exposici\u00f3n\u00a0<strong>Par\u00e9ntesis. Relatos desde la incertidumbre<\/strong>, es fruto de la convocatoria hom\u00f3nima lanzada en 2021, y muestra en Argentina 43 proyectos art\u00edsticos de los 18 pa\u00edses en los que est\u00e1 presente la Cooperaci\u00f3n espa\u00f1ola a trav\u00e9s de la Red de Centros Culturales (AECID), la Academia de Espa\u00f1a en Roma y el Centro de Formaci\u00f3n de Cartagena de Indias (Co).<\/p>\n<p><b>Inauguraci\u00f3n: Viernes 6\/5, 19 h. Gratis. Abierta hasta el 11\/6, de martes a s\u00e1bados de 15 a 19 h en Galer\u00edas del CCPE (Sarmiento y el r\u00edo).\u00a0<\/b><\/p>\n<p><strong>Par\u00e9ntesis. Relatos desde la incertidumbre<\/strong>\u00a0ofrece un amplio espectro de reflexiones personales y colectivas, que relatan las plurales experiencias de la pandemia en distintos contextos geopol\u00edticos. Estos proyectos art\u00edsticos \u2013 de Latinoam\u00e9rica, Guinea Ecuatorial y Espa\u00f1a \u2013 nos aproximan a las incertidumbres de un tiempo presente atravesado por las crisis pol\u00edticas, sociales y econ\u00f3micas derivadas de la excepcional situaci\u00f3n global vivida por la pandemia y abordan el complejo horizonte existencial post-COVID desde los territorios de la est\u00e9tica, la poes\u00eda y el discurso cr\u00edtico.<\/p>\n<p>Miedos, denuncias, pero tambi\u00e9n esperanza y perspectivas de futuro asoman en estos 43 relatos desde la incertidumbre, narrados con distintos lenguajes y formatos que pasan por la fotograf\u00eda documental, la novela gr\u00e1fica, las bit\u00e1coras, los paisajes sonoros, el gui\u00f3n teatral y la poes\u00eda entre otros.<\/p>\n<p>Tienen especial relevancia las piezas audiovisuales en las que disciplinas como las artes esc\u00e9nicas, la danza contempor\u00e1nea y las pr\u00e1cticas performativas han sido adaptadas al dispositivo pantalla con sugerente habilidad, transmitiendo toda la intensidad y conflicto de los cuerpos.<\/p>\n<p>El equipo curatorial para la selecci\u00f3n de obras de la convocatoria y el montaje expositivo estuvo formado por la curadora\u00a0<strong>Suset S\u00e1nchez<\/strong>\u00a0y las gestoras culturales\u00a0<strong>Nur Banzi<\/strong>\u00a0y\u00a0<strong>Macarena P\u00e9rez.<\/strong><\/p>\n<p>La convocatoria cuenta con el apoyo del\u00a0<strong>Programa Ventana<\/strong>\u00a0de la\u00a0<strong>AECID<\/strong>, que durante el contexto de crisis sanitaria gener\u00f3 conexiones y di\u00e1logos a trav\u00e9s del arte y la cultura.<\/p>\n<p><img loading=\"lazy\" decoding=\"async\" class=\"alignnone wp-image-3808 size-large\" src=\"https:\/\/ccpe.org.ar\/web\/wp-content\/uploads\/2022\/04\/LISTADO-PARE\u0301NTESIS-671x1024.png\" alt=\"\" width=\"671\" height=\"1024\" srcset=\"https:\/\/ccpe.org.ar\/web\/wp-content\/uploads\/2022\/04\/LISTADO-PARE\u0301NTESIS-671x1024.png 671w, https:\/\/ccpe.org.ar\/web\/wp-content\/uploads\/2022\/04\/LISTADO-PARE\u0301NTESIS-197x300.png 197w, https:\/\/ccpe.org.ar\/web\/wp-content\/uploads\/2022\/04\/LISTADO-PARE\u0301NTESIS-480x733.png 480w, https:\/\/ccpe.org.ar\/web\/wp-content\/uploads\/2022\/04\/LISTADO-PARE\u0301NTESIS.png 693w\" sizes=\"(max-width: 671px) 100vw, 671px\" \/><\/p>\n<p>\u00a0<\/p>\n<p><strong>Suset S\u00e1nchez S\u00e1nchez<\/strong><br \/>Comisaria, cr\u00edtica de arte e investigadora residente en Madrid. Sus \u00e1mbitos de trabajo incluyen el arte moderno y contempor\u00e1neo, el cine y la cultura visual. Intereses centrales en sus investigaciones son las relaciones entre las narraciones de la naci\u00f3n postcolonial y las representaciones de g\u00e9nero y raza, enfocando el arte latinoamericano y caribe\u00f1o, el lenguaje video, la cr\u00edtica institucional y las producciones de la di\u00e1spora africana.<\/p>\n<p>Durante los \u00faltimos a\u00f1os ha estado vinculada profesionalmente al Museo Nacional Centro de Arte Reina Sof\u00eda con una Beca de Investigaci\u00f3n en el Departamento de Exposiciones (2017-2021, Madrid), donde ha realizado la asistencia curatorial y la coordinaci\u00f3n de m\u00faltiples exposiciones.<\/p>\n<p>Recientemente ha formado parte del equipo curatorial del I Encuentro de Arte Actual Las Palmas de Gran Canaria (2021). Como comisaria independiente ha realizado, entre otras, la exposici\u00f3n Cantos de griot. Im\u00e1genes y espiritualidad afrocubanas en la Colecci\u00f3n Luciano M\u00e9ndez (DA2, Salamanca, 2021). Trabaja como cr\u00edtica de arte y colabora con publicaciones especializadas en cultura contempor\u00e1nea, arte y cine.<\/p>\n<p>M\u00e1s informaci\u00f3n sobre la curadora\u00a0<a href=\"https:\/\/susetsanchez.wordpress.com\/\">AQU\u00cd<\/a>.<\/p>\n<p>\u00a0<\/p>\n<p><strong>ACTIVIDADES\u00a0<\/strong><\/p>\n<h1>Im\u00e1genes que encienden: fotoactivismo para nuestros territorios<\/h1>\n<p>A cargo de SADOCOLECTIVX<\/p>\n<div>\n<p><strong>S\u00e1bado 7\/5, de 10 a 13.30 hs\u00a0 y de 14.30 a 18 hs. en el T\u00fanel 4. Gratis. <a href=\"https:\/\/www.rosario.gob.ar\/form\/id\/imagenes-encienden-2022\">Con inscripci\u00f3n aqu\u00ed.<\/a> Cupos limitados.<\/strong><\/p>\n<div>\u00a0<\/div>\n<div>Espacio de intercambio y discusi\u00f3n alrededor de la pr\u00e1ctica fotogr\u00e1fica concebida como activismo \u2013intervenci\u00f3n pol\u00edtica- en el territorio, cuestionando los l\u00edmites y las posibilidades del lenguaje en torno a las nuevas tecnolog\u00edas y a las otras artes. Ejes tem\u00e1ticos: La ficcionalidad del arte: \u00bfla fotograf\u00eda como documento de lo real? &#8211; Hacer\/ver fotos como experiencia sensible: \u00bfel arte como b\u00fasqueda y construcci\u00f3n de belleza? &#8211; La performatividad de las im\u00e1genes: el imaginario del arte como transformaci\u00f3n social &#8211; Imagen y tiempo: fotograf\u00eda y memorias.<\/div>\n<div>\u00a0<\/div>\n<div>Destinado a colectivos, grupos o personas vinculadas a la fotograf\u00eda y\/o al activismo, cualquiera sea su inter\u00e9s, con deseos de abordar experiencias colectivas y explorar los fuera de l\u00edmites del lenguaje.<\/div>\n<div>\u00a0<\/div>\n<div><strong>SADOCOLECTIVX<\/strong> (fotoactivismo desde la amorosidad), es un colectivo fotogr\u00e1fico conformado en 2014 por fot\u00f3grafes del Gran La Plata. Actualmente, tambi\u00e9n cuentan con participantes en Miramar, Provincia de Buenos Aires. Reflexionan desde lo colectivo para relatar contextos sociales y pol\u00edticos y acercarse a las personas, sus historias y sus territorios, desde una mirada cr\u00edtica, genuina y horizontal.<\/div>\n<\/div>\n\n\n<hr class=\"wp-block-separator has-alpha-channel-opacity\"\/>\n\n\n\n<p>Archivo Fotogr\u00e1fico<\/p>\n\n\n\n<figure class=\"wp-block-gallery columns-3 is-cropped\">\n  <ul class=\"blocks-gallery-grid\">\n\n    <li class=\"blocks-gallery-item\">\n      <figure>\n        <a href=\"https:\/\/upload.wikimedia.org\/wikipedia\/commons\/a\/a7\/Parentesis-53_5478.jpg\" target=\"_blank\" rel=\"noopener\">\n          <img decoding=\"async\"\n            src=\"https:\/\/upload.wikimedia.org\/wikipedia\/commons\/a\/a7\/Parentesis-53_5478.jpg\"\n            alt=\"\"\n            data-full-url=\"https:\/\/upload.wikimedia.org\/wikipedia\/commons\/a\/a7\/Parentesis-53_5478.jpg\"\n            data-link=\"https:\/\/upload.wikimedia.org\/wikipedia\/commons\/a\/a7\/Parentesis-53_5478.jpg\"\n        \/><\/a>\n        <figcaption class=\"blocks-gallery-item__caption\">\n          Par\u00e9ntesis. Relatos desde la incertidumbre\n        <\/figcaption>\n      <\/figure>\n    <\/li>  \n\n    <li class=\"blocks-gallery-item\">\n      <figure>\n        <a href=\"https:\/\/upload.wikimedia.org\/wikipedia\/commons\/5\/55\/Parentesis-53_5505.jpg\" target=\"_blank\" rel=\"noopener\">\n          <img decoding=\"async\"\n            src=\"https:\/\/upload.wikimedia.org\/wikipedia\/commons\/5\/55\/Parentesis-53_5505.jpg\"\n            alt=\"\"\n            data-full-url=\"https:\/\/upload.wikimedia.org\/wikipedia\/commons\/5\/55\/Parentesis-53_5505.jpg\"\n            data-link=\"https:\/\/upload.wikimedia.org\/wikipedia\/commons\/5\/55\/Parentesis-53_5505.jpg\"\n        \/><\/a>\n        <figcaption class=\"blocks-gallery-item__caption\">\n          Par\u00e9ntesis. Relatos desde la incertidumbre\n        <\/figcaption>\n      <\/figure>\n    <\/li>  \n\n    <li class=\"blocks-gallery-item\">\n      <figure>\n        <a href=\"https:\/\/upload.wikimedia.org\/wikipedia\/commons\/d\/d4\/Parentesis-53_5513.jpg\" target=\"_blank\" rel=\"noopener\">\n          <img decoding=\"async\"\n            src=\"https:\/\/upload.wikimedia.org\/wikipedia\/commons\/d\/d4\/Parentesis-53_5513.jpg\"\n            alt=\"\"\n            data-full-url=\"https:\/\/upload.wikimedia.org\/wikipedia\/commons\/d\/d4\/Parentesis-53_5513.jpg\"\n            data-link=\"https:\/\/upload.wikimedia.org\/wikipedia\/commons\/d\/d4\/Parentesis-53_5513.jpg\"\n        \/><\/a>\n        <figcaption class=\"blocks-gallery-item__caption\">\n          Par\u00e9ntesis. Relatos desde la incertidumbre\n        <\/figcaption>\n      <\/figure>\n    <\/li>  \n\n  <\/ul>\n<\/figure>\n","protected":false},"excerpt":{"rendered":"<p>La exposici\u00f3n re\u00fane reflexiones personales y colectivas que relatan las plurales experiencias de la pandemia en distintos contextos geopol\u00edticos.<\/p>\n","protected":false},"author":2,"featured_media":3809,"comment_status":"closed","ping_status":"closed","template":"","tags":[],"mec_category":[20],"yoast_head":"<!-- This site is optimized with the Yoast SEO plugin v23.5 - https:\/\/yoast.com\/wordpress\/plugins\/seo\/ -->\n<title>Par\u00e9ntesis - Centro Cultural Parque de Espa\u00f1a\/AECID<\/title>\n<meta name=\"robots\" content=\"index, follow, max-snippet:-1, max-image-preview:large, max-video-preview:-1\" \/>\n<link rel=\"canonical\" href=\"https:\/\/ccpe.org.ar\/web\/actividades\/parentesis-3\/\" \/>\n<meta property=\"og:locale\" content=\"es_ES\" \/>\n<meta property=\"og:type\" content=\"article\" \/>\n<meta property=\"og:title\" content=\"Par\u00e9ntesis - Centro Cultural Parque de Espa\u00f1a\/AECID\" \/>\n<meta property=\"og:description\" content=\"La exposici\u00f3n re\u00fane reflexiones personales y colectivas que relatan las plurales experiencias de la pandemia en distintos contextos geopol\u00edticos.\" \/>\n<meta property=\"og:url\" content=\"https:\/\/ccpe.org.ar\/web\/actividades\/parentesis-3\/\" \/>\n<meta property=\"og:site_name\" content=\"Centro Cultural Parque de Espa\u00f1a\/AECID\" \/>\n<meta property=\"article:publisher\" content=\"https:\/\/www.facebook.com\/CCPErosario\/\" \/>\n<meta property=\"article:modified_time\" content=\"2023-12-18T17:58:44+00:00\" \/>\n<meta property=\"og:image\" content=\"https:\/\/ccpe.org.ar\/web\/wp-content\/uploads\/2022\/04\/b_parentesis.jpg\" \/>\n\t<meta property=\"og:image:width\" content=\"980\" \/>\n\t<meta property=\"og:image:height\" content=\"544\" \/>\n\t<meta property=\"og:image:type\" content=\"image\/jpeg\" \/>\n<meta name=\"twitter:card\" content=\"summary_large_image\" \/>\n<meta name=\"twitter:site\" content=\"@ccpe\" \/>\n<meta name=\"twitter:label1\" content=\"Tiempo de lectura\" \/>\n\t<meta name=\"twitter:data1\" content=\"5 minutos\" \/>\n<script type=\"application\/ld+json\" class=\"yoast-schema-graph\">{\"@context\":\"https:\/\/schema.org\",\"@graph\":[{\"@type\":\"WebPage\",\"@id\":\"https:\/\/ccpe.org.ar\/web\/actividades\/parentesis-3\/\",\"url\":\"https:\/\/ccpe.org.ar\/web\/actividades\/parentesis-3\/\",\"name\":\"Par\u00e9ntesis - Centro Cultural Parque de Espa\u00f1a\/AECID\",\"isPartOf\":{\"@id\":\"https:\/\/ccpe.org.ar\/web\/#website\"},\"primaryImageOfPage\":{\"@id\":\"https:\/\/ccpe.org.ar\/web\/actividades\/parentesis-3\/#primaryimage\"},\"image\":{\"@id\":\"https:\/\/ccpe.org.ar\/web\/actividades\/parentesis-3\/#primaryimage\"},\"thumbnailUrl\":\"https:\/\/ccpe.org.ar\/web\/wp-content\/uploads\/2022\/04\/b_parentesis.jpg\",\"datePublished\":\"2022-04-27T14:13:11+00:00\",\"dateModified\":\"2023-12-18T17:58:44+00:00\",\"breadcrumb\":{\"@id\":\"https:\/\/ccpe.org.ar\/web\/actividades\/parentesis-3\/#breadcrumb\"},\"inLanguage\":\"es\",\"potentialAction\":[{\"@type\":\"ReadAction\",\"target\":[\"https:\/\/ccpe.org.ar\/web\/actividades\/parentesis-3\/\"]}]},{\"@type\":\"ImageObject\",\"inLanguage\":\"es\",\"@id\":\"https:\/\/ccpe.org.ar\/web\/actividades\/parentesis-3\/#primaryimage\",\"url\":\"https:\/\/ccpe.org.ar\/web\/wp-content\/uploads\/2022\/04\/b_parentesis.jpg\",\"contentUrl\":\"https:\/\/ccpe.org.ar\/web\/wp-content\/uploads\/2022\/04\/b_parentesis.jpg\",\"width\":980,\"height\":544},{\"@type\":\"BreadcrumbList\",\"@id\":\"https:\/\/ccpe.org.ar\/web\/actividades\/parentesis-3\/#breadcrumb\",\"itemListElement\":[{\"@type\":\"ListItem\",\"position\":1,\"name\":\"Portada\",\"item\":\"https:\/\/ccpe.org.ar\/web\/\"},{\"@type\":\"ListItem\",\"position\":2,\"name\":\"Par\u00e9ntesis\"}]},{\"@type\":\"WebSite\",\"@id\":\"https:\/\/ccpe.org.ar\/web\/#website\",\"url\":\"https:\/\/ccpe.org.ar\/web\/\",\"name\":\"Centro Cultural Parque de Espa\u00f1a\/AECID\",\"description\":\"Sitio web del Centro Cultural Parque de Espa\u00f1a\/AECID\",\"potentialAction\":[{\"@type\":\"SearchAction\",\"target\":{\"@type\":\"EntryPoint\",\"urlTemplate\":\"https:\/\/ccpe.org.ar\/web\/?s={search_term_string}\"},\"query-input\":{\"@type\":\"PropertyValueSpecification\",\"valueRequired\":true,\"valueName\":\"search_term_string\"}}],\"inLanguage\":\"es\"}]}<\/script>\n<!-- \/ Yoast SEO plugin. -->","yoast_head_json":{"title":"Par\u00e9ntesis - Centro Cultural Parque de Espa\u00f1a\/AECID","robots":{"index":"index","follow":"follow","max-snippet":"max-snippet:-1","max-image-preview":"max-image-preview:large","max-video-preview":"max-video-preview:-1"},"canonical":"https:\/\/ccpe.org.ar\/web\/actividades\/parentesis-3\/","og_locale":"es_ES","og_type":"article","og_title":"Par\u00e9ntesis - Centro Cultural Parque de Espa\u00f1a\/AECID","og_description":"La exposici\u00f3n re\u00fane reflexiones personales y colectivas que relatan las plurales experiencias de la pandemia en distintos contextos geopol\u00edticos.","og_url":"https:\/\/ccpe.org.ar\/web\/actividades\/parentesis-3\/","og_site_name":"Centro Cultural Parque de Espa\u00f1a\/AECID","article_publisher":"https:\/\/www.facebook.com\/CCPErosario\/","article_modified_time":"2023-12-18T17:58:44+00:00","og_image":[{"width":980,"height":544,"url":"https:\/\/ccpe.org.ar\/web\/wp-content\/uploads\/2022\/04\/b_parentesis.jpg","type":"image\/jpeg"}],"twitter_card":"summary_large_image","twitter_site":"@ccpe","twitter_misc":{"Tiempo de lectura":"5 minutos"},"schema":{"@context":"https:\/\/schema.org","@graph":[{"@type":"WebPage","@id":"https:\/\/ccpe.org.ar\/web\/actividades\/parentesis-3\/","url":"https:\/\/ccpe.org.ar\/web\/actividades\/parentesis-3\/","name":"Par\u00e9ntesis - Centro Cultural Parque de Espa\u00f1a\/AECID","isPartOf":{"@id":"https:\/\/ccpe.org.ar\/web\/#website"},"primaryImageOfPage":{"@id":"https:\/\/ccpe.org.ar\/web\/actividades\/parentesis-3\/#primaryimage"},"image":{"@id":"https:\/\/ccpe.org.ar\/web\/actividades\/parentesis-3\/#primaryimage"},"thumbnailUrl":"https:\/\/ccpe.org.ar\/web\/wp-content\/uploads\/2022\/04\/b_parentesis.jpg","datePublished":"2022-04-27T14:13:11+00:00","dateModified":"2023-12-18T17:58:44+00:00","breadcrumb":{"@id":"https:\/\/ccpe.org.ar\/web\/actividades\/parentesis-3\/#breadcrumb"},"inLanguage":"es","potentialAction":[{"@type":"ReadAction","target":["https:\/\/ccpe.org.ar\/web\/actividades\/parentesis-3\/"]}]},{"@type":"ImageObject","inLanguage":"es","@id":"https:\/\/ccpe.org.ar\/web\/actividades\/parentesis-3\/#primaryimage","url":"https:\/\/ccpe.org.ar\/web\/wp-content\/uploads\/2022\/04\/b_parentesis.jpg","contentUrl":"https:\/\/ccpe.org.ar\/web\/wp-content\/uploads\/2022\/04\/b_parentesis.jpg","width":980,"height":544},{"@type":"BreadcrumbList","@id":"https:\/\/ccpe.org.ar\/web\/actividades\/parentesis-3\/#breadcrumb","itemListElement":[{"@type":"ListItem","position":1,"name":"Portada","item":"https:\/\/ccpe.org.ar\/web\/"},{"@type":"ListItem","position":2,"name":"Par\u00e9ntesis"}]},{"@type":"WebSite","@id":"https:\/\/ccpe.org.ar\/web\/#website","url":"https:\/\/ccpe.org.ar\/web\/","name":"Centro Cultural Parque de Espa\u00f1a\/AECID","description":"Sitio web del Centro Cultural Parque de Espa\u00f1a\/AECID","potentialAction":[{"@type":"SearchAction","target":{"@type":"EntryPoint","urlTemplate":"https:\/\/ccpe.org.ar\/web\/?s={search_term_string}"},"query-input":{"@type":"PropertyValueSpecification","valueRequired":true,"valueName":"search_term_string"}}],"inLanguage":"es"}]}},"_links":{"self":[{"href":"https:\/\/ccpe.org.ar\/web\/wp-json\/wp\/v2\/mec-events\/3806"}],"collection":[{"href":"https:\/\/ccpe.org.ar\/web\/wp-json\/wp\/v2\/mec-events"}],"about":[{"href":"https:\/\/ccpe.org.ar\/web\/wp-json\/wp\/v2\/types\/mec-events"}],"author":[{"embeddable":true,"href":"https:\/\/ccpe.org.ar\/web\/wp-json\/wp\/v2\/users\/2"}],"replies":[{"embeddable":true,"href":"https:\/\/ccpe.org.ar\/web\/wp-json\/wp\/v2\/comments?post=3806"}],"wp:featuredmedia":[{"embeddable":true,"href":"https:\/\/ccpe.org.ar\/web\/wp-json\/wp\/v2\/media\/3809"}],"wp:attachment":[{"href":"https:\/\/ccpe.org.ar\/web\/wp-json\/wp\/v2\/media?parent=3806"}],"wp:term":[{"taxonomy":"post_tag","embeddable":true,"href":"https:\/\/ccpe.org.ar\/web\/wp-json\/wp\/v2\/tags?post=3806"},{"taxonomy":"mec_category","embeddable":true,"href":"https:\/\/ccpe.org.ar\/web\/wp-json\/wp\/v2\/mec_category?post=3806"}],"curies":[{"name":"wp","href":"https:\/\/api.w.org\/{rel}","templated":true}]}}