{"id":4044,"date":"2022-08-29T09:13:23","date_gmt":"2022-08-29T12:13:23","guid":{"rendered":"https:\/\/ccpe.org.ar\/web\/?post_type=mec-events&#038;p=4044"},"modified":"2023-12-29T15:48:53","modified_gmt":"2023-12-29T18:48:53","slug":"conexiones","status":"publish","type":"mec-events","link":"https:\/\/ccpe.org.ar\/web\/actividades\/conexiones\/","title":{"rendered":"Conexiones"},"content":{"rendered":"<p><span style=\"font-weight: 400;\">Un espacio para investigar y hacerse preguntas en torno al universo de la escucha. Una propuesta en el cruce de arte y tecnolog\u00eda que incluye talleres, un ciclo de conciertos, performances y laboratorios de experimentaci\u00f3n destinados a personas con o sin experiencia en pr\u00e1cticas sonoras y una muestra interactiva.<\/span><\/p>\n<p><span style=\"font-weight: 400;\">Un tiempo para encontrarse con el sonido y el silencio, encontrarnos, sentir, escuchar y sonar.<\/span><\/p>\n<p><b>Programa:<\/b><\/p>\n<p>\u00a0<\/p>\n<p><span style=\"font-weight: 400;\">Viernes 2\/9<\/span><\/p>\n<p><strong>Inauguraci\u00f3n de la muestra E.S.C.U.C.H.A. de Sebasti\u00e1n Rey<\/strong><\/p>\n<p>\u00a0<\/p>\n<p><span style=\"font-weight: 400;\">S\u00e1bado 3\/9<\/span><\/p>\n<p><span style=\"font-weight: 400;\">De 17 a 18 hs, en el T\u00fanel 3:<\/span><\/p>\n<p><b>Laboratorio de investigaci\u00f3n sonora para las infancias<\/b><span style=\"font-weight: 400;\"> &#8211; Sebasti\u00e1n Rey<\/span><\/p>\n<p><span style=\"font-weight: 400;\">Para ni\u00f1as y ni\u00f1os de 6 a 12 a\u00f1os. <\/span><span style=\"font-weight: 400;\">Con cupos limitados e <a href=\"https:\/\/www.rosario.gob.ar\/form\/id\/sonora-infancias\">inscripci\u00f3n previa <\/a><\/span><span style=\"font-weight: 400;\">ac\u00e1.<\/span><\/p>\n<p><span style=\"font-weight: 400;\">Un espacio de trabajo colectivo donde explorar el entorno y jugar con diferentes modos de acercarse desde la escucha. Mapeos colectivos y traducciones gr\u00e1ficas para poder as\u00ed compartir b\u00fasquedas y hallazgos. A partir del material obtenido se realizar\u00e1 un fanzine instant\u00e1neo que recopile los trabajos y que funcionar\u00e1 como una memoria gr\u00e1fica del proyecto.\u00a0<\/span><\/p>\n<p><span style=\"font-weight: 400;\">A las 15 hs, <\/span><span style=\"font-weight: 400;\">en el T\u00fanel 4<\/span><span style=\"font-weight: 400;\">:<\/span><b><\/b><\/p>\n<p><b>Di\u00e1logo sobre Escucha profunda de <\/b><b>Pauline Oliveros\u00a0<\/b><\/p>\n<p><span style=\"font-weight: 400;\">Con Pablo Reche y Sergio Sanchez\/Jazznoize (Espa\u00f1a)\u00a0<\/span><\/p>\n<p><span style=\"font-weight: 400;\">De 16 a 19 hs, <\/span><span style=\"font-weight: 400;\">en el T\u00fanel 4<\/span><span style=\"font-weight: 400;\">:<\/span><\/p>\n<p><b>Taller Escucha profunda<\/b><span style=\"font-weight: 400;\"> con Pablo Reche<\/span><\/p>\n<p><span style=\"font-weight: 400;\">Para todo p\u00fablico. No se necesita experiencia previa.<\/span><\/p>\n<p><span style=\"font-weight: 400;\">Con cupos limitados e <a href=\"https:\/\/www.rosario.gob.ar\/form\/id\/sonora-infancias-2\">inscripci\u00f3n previa <\/a><\/span><span style=\"font-weight: 400;\">ac\u00e1.<\/span><\/p>\n<p><span style=\"font-weight: 400;\">Taller dedicado al estudio musical y est\u00e9tico de la m\u00fasica <\/span><i><span style=\"font-weight: 400;\">Drone<\/span><\/i><span style=\"font-weight: 400;\"> y las formas de escucha. Se analizar\u00e1 su origen, desarrollo y expansi\u00f3n, sus distintas relaciones sonoras y de influencia musical a lo largo de la historia. Un espacio para promover otras formas de escucha y expandir las posibilidades perceptivas.\u00a0<\/span><\/p>\n<p>\u00a0<\/p>\n<p><span style=\"font-weight: 400;\">Viernes 9 o S\u00e1bado 10:\u00a0<\/span><\/p>\n<p><span style=\"font-weight: 400;\">De 15 a 18 hs, e<\/span><span style=\"font-weight: 400;\">n el T\u00fanel 3:<\/span><\/p>\n<p><b>Taller Otras escuchas alrededor de la \u201cM\u00e1quina de Kevin\u201d<\/b><\/p>\n<p><span style=\"font-weight: 400;\">con De La Puta Electronics\u00a0<\/span><\/p>\n<p><span style=\"font-weight: 400;\">Abierto a todo p\u00fablico, alentando a las experiencias familiares tanto de <\/span><span style=\"font-weight: 400;\">personas oyentes como no oyentes.<\/span><\/p>\n<p><span style=\"font-weight: 400;\">El taller contar\u00e1 con int\u00e9rprete de LSA.<\/span><\/p>\n<p><span style=\"font-weight: 400;\">Con cupos limitados e<a href=\"https:\/\/www.rosario.gob.ar\/form\/id\/sonora-infancias-3\"> inscripci\u00f3n para el viernes <\/a><\/span><span style=\"font-weight: 400;\">ac\u00e1. <a href=\"https:\/\/www.rosario.gob.ar\/form\/id\/sonora-infancias-4\">Inscripci\u00f3n para el s\u00e1bado ac\u00e1.<\/a><\/span><\/p>\n<p><span style=\"font-weight: 400;\">Laboratorio experimental que aborda la relaci\u00f3n de las personas sordas con el sonido. Mediante diferentes maneras de ver y sentir se plantea una exploraci\u00f3n directa con la vibraci\u00f3n y fisicalidad del sonido, en la b\u00fasqueda de escuchar con todo el cuerpo, desde todos los sentidos.<\/span><\/p>\n<p><span style=\"font-weight: 400;\">Propuesta basada en experiencias elaboradas con el proyecto INFRA realizado con diferentes grupos de personas sordas.\u00a0<\/span><\/p>\n<p>\u00a0<\/p>\n<p><span style=\"font-weight: 400;\">Viernes 16\/9<\/span><span style=\"font-weight: 400;\">:<\/span><\/p>\n<p><span style=\"font-weight: 400;\">A las 18, en el T\u00fanel 4:<\/span><\/p>\n<p><b>Conversatorio radiof\u00f3nico:\u00a0\u00a0<\/b><\/p>\n<p><span style=\"font-weight: 400;\">Presentaci\u00f3n de la Escuela Latinoamericana de Arte Sonoro de Chile, lanzamiento de la fanzinoteca y conversaci\u00f3n alrededor de diferentes proyectos en torno al universo de la escucha. Con Fernando Godoy (cl), Florencia Curci (ar) y Sebasti\u00e1n Rey (ar).<\/span><\/p>\n<p><span style=\"font-weight: 400;\">A las 19, en el Patio de los Cipreses:<\/span><\/p>\n<p><b>Conciertos\/performances sonoras:\u00a0\u00a0<\/b><\/p>\n<p><a href=\"http:\/\/www.javierarealvelez.com.ar\"><b>Javier Areal V\u00e9lez<\/b><\/a><span style=\"font-weight: 400;\"> (Buenos Aires, Argentina) 15\u2019\u00a0\u00a0<\/span><\/p>\n<p><b><i>qwKcuNg<\/i><\/b> <span style=\"font-weight: 400;\">para inteligencia artificial, samples y s\u00edntesis.<\/span><\/p>\n<p><span style=\"font-weight: 400;\">En este nuevo set, un robot aut\u00f3nomo que vive en mi computadora toma un mont\u00f3n de decisiones para generar patrones r\u00edtmicos de complejidades extra-humanas. El bicho crea cada sonido, definiendo samples, sintes, notas, duraciones y efectos. Este no-ser cada tanto decide si mantiene sus decisiones o las cambia. Durante el concierto, solo puedo modular algunos de sus comportamientos con un mini controlador.\u00a0<\/span><\/p>\n<p><span style=\"font-weight: 400;\">Estoy al servicio del robot.<\/span><\/p>\n<p><b>Rodrigo Araya <\/b><span style=\"font-weight: 400;\">(Santiago, Chile) &#8211; 25\u2019\u00a0\u00a0<\/span><\/p>\n<p><b>Coloides. <\/b><span style=\"font-weight: 400;\">Obra perform\u00e1tica e instalativa. Exploraci\u00f3n basada en fen\u00f3menos de causa y efecto que relacionan el sonido, la luz y diferentes fen\u00f3menos f\u00edsicos y materiales.<\/span><\/p>\n<p><span style=\"font-weight: 400;\">Se desarrolla mediante montajes espaciales con objetos de uso com\u00fan y diversos dispositivos electr\u00f3nicos convencionales, los cuales sometidos a operaciones simples y manipulaciones poco ortodoxas, despliegan un sin n\u00famero de fen\u00f3menos sonoros, relaciones f\u00edsicas y an\u00edmicas. Una exploraci\u00f3n y un intento por entender el impacto de estas relaciones en el comportamiento humano y nuestro lugar en la conformaci\u00f3n de din\u00e1micas sociales y ecosistemas contempor\u00e1neos. La duraci\u00f3n y desarrollo de cada performance involucra la arquitectura del lugar y a los asistentes como entidades participantes.\u00a0<\/span><\/p>\n<p><b>Fernando Godoy <\/b><span style=\"font-weight: 400;\">(Valpara\u00edso, Chile) \u201830<\/span><\/p>\n<p><span style=\"font-weight: 400;\"><b>Concierto Orientado a Objetos. <\/b>Instalaci\u00f3n que se activa perform\u00e1ticamente como un entorno de luz y sonido.\u00a0<\/span><\/p>\n<p><span style=\"font-weight: 400;\">La obra invita a una experiencia de inmersi\u00f3n en un espacio que es progresivamente animado por peque\u00f1os dispositivos cin\u00e9ticos, los que a partir de comportamientos aut\u00f3nomos generan una serie interacciones sonoro\/visuales con materialidades y objetos cotidianos.<\/span><\/p>\n<p>\u00a0<\/p>\n<p><span style=\"font-weight: 400;\">S\u00e1bado 17\/9<\/span><span style=\"font-weight: 400;\">\u00a0<\/span><\/p>\n<p><span style=\"font-weight: 400;\">De 16 a 18 hs, en el Hall del Teatro:<\/span><\/p>\n<p><b>Laboratorio de Telefon\u00eda Art\u00edstica <\/b><span style=\"font-weight: 400;\">con Fede Gloriani\u00a0<\/span><\/p>\n<p><span style=\"font-weight: 400;\">Para todo p\u00fablico. No se necesita experiencia previa.<\/span><\/p>\n<p><span style=\"font-weight: 400;\">Con cupos limitados e <a href=\"https:\/\/www.rosario.gob.ar\/form\/id\/sonora-infancias-5\">inscripci\u00f3n previa ac\u00e1<\/a><\/span><\/p>\n<p><span style=\"font-weight: 400;\">El Laboratorio de Telefon\u00eda Art\u00edstica es un espacio de encuentro para indagar en las posibilidades t\u00e9cnicas y est\u00e9ticas de la telefon\u00eda fija. Un espacio para aprender con otrxs a trav\u00e9s de la experimentaci\u00f3n y generar conocimiento colectivamente. Combina el lenguaje del laboratorio con los de instalaci\u00f3n y de performance colaborativa: montaremos una serie de aparatos telef\u00f3nicos comunicados entre s\u00ed, que quedar\u00e1n disponibles para quien quiera acercarse a jugar con ellos.<\/span><\/p>\n<p><span style=\"font-weight: 400;\">A las 18, en el T\u00fanel 4:<\/span><\/p>\n<p><b>Conversatorio radiof\u00f3nico:\u00a0\u00a0<\/b><\/p>\n<p><span style=\"font-weight: 400;\">PARLANTE: La radio, las comunicaciones y los inicios de la amplificaci\u00f3n del\u00a0 sonido.\u00a0<\/span><\/p>\n<p><span style=\"font-weight: 400;\">Con Fede Gloriani (ar), Rodrigo Araya (cl), B\u00e1rbara Gonz\u00e1lez (cl), Fernando Godoy (cl), Florencia Curci (ar), Agust\u00edn Genoud (ar) y Sebasti\u00e1n Rey (ar).<\/span><\/p>\n<p><span style=\"font-weight: 400;\">A las 19, en el Patio de los Cipreses:<\/span><\/p>\n<p><b>Conciertos\/performances:<\/b><\/p>\n<p><b>Acci\u00f3n 85 de B\u00e1rbara Gonz\u00e1lez Barrera<\/b><span style=\"font-weight: 400;\"> (Santiago, Chile)\u00a0<\/span><\/p>\n<p><span style=\"font-weight: 400;\">Un concierto lum\u00ednico-sonoro, una instalaci\u00f3n ef\u00edmera que se activa performativamente en un recorrido espacio-temporal. Se compone por una mixtura de ensambles sonoro-visuales, tales como: Instrumentos musicales, juguetes a cuerda, circuitos electr\u00f3nicos caseros, radios, grabadoras caseteras y otros electrodom\u00e9sticos que trascienden su cotidianeidad al ser conectados con la arquitectura y la energ\u00eda del lugar.<\/span><\/p>\n<p><b>Windkehre <\/b><span style=\"font-weight: 400;\">con <\/span><b>Florencia Curci y Agust\u00edn Genoud<\/b><span style=\"font-weight: 400;\"> (Buenos Aires)\u00a0<\/span><\/p>\n<p><span style=\"font-weight: 400;\">Performance de voz y procesos electr\u00f3nicos en tiempo real.<\/span><\/p>\n<p><span style=\"font-weight: 400;\">Con un bosque en la boca, miles de seres, con miles de bocas, con miles de bosques.<\/span><\/p>\n<p><span style=\"font-weight: 400;\">Todos los eventos ser\u00e1n transmitidos en vivo por <a href=\"https:\/\/centrodeartesonoro.cultura.gob.ar\/info\/radio-caso\/\">RADIO CASo\u00a0\u00a0<\/a><\/span><\/p>\n<p>\u00a0<\/p>\n<p><span style=\"font-weight: 400;\">S\u00e1bado 24\/9<\/span><\/p>\n<p><span style=\"font-weight: 400;\">De 15 a 18 hs, en<\/span><span style=\"font-weight: 400;\"> Espacio Lab (Complejo Astron\u00f3mico Municipal):<\/span><\/p>\n<p><b>Taller de Dise\u00f1o y construcci\u00f3n de receptores electromagn\u00e9ticos\u00a0<\/b><\/p>\n<p><b>con Micaela P\u00e9rez<\/b><\/p>\n<p><span style=\"font-weight: 400;\">Con cupos limitados e <a href=\"https:\/\/www.rosario.gob.ar\/form\/id\/sonora-infancias-6\">inscripci\u00f3n previa ac\u00e1.<\/a><\/span><\/p>\n<p><span style=\"font-weight: 400;\">El taller est\u00e1 enfocado en el dise\u00f1o y construcci\u00f3n de receptores electromagn\u00e9ticos.<\/span><span style=\"font-weight: 400;\"><br \/><\/span><span style=\"font-weight: 400;\">Cada participante construir\u00e1 su propio inductor\/transductor, con el cual\u00a0 podr\u00e1 participar de un recorrido o deriva colectiva, trazando un mapa espec\u00edfico por la ciudad en donde podremos escuchar las diversas frecuencias que nos brinda el amplio espectro electromagn\u00e9tico.<\/span><\/p>\n<p><b>Conciertos\/performances:<\/b><\/p>\n<p><span style=\"font-weight: 400;\">A las 19 hs, en el Patio de los Cipreses<\/span><b>:<\/b><\/p>\n<p><b>\u201cShis unusual\u201d. Micaela P\u00e9rez\u00a0\u00a0<\/b><\/p>\n<p><span style=\"font-weight: 400;\">En esta oportunidad \u201cshis unusual\u201d ofrece un concierto que combina m\u00fasica electr\u00f3nica industrial confeccionada en vivo con un sintetizador modular de elaboraci\u00f3n propia combinada con una base de samples obtenidos mediante el uso de diversos dispositivos de\u00a0<\/span><span style=\"font-weight: 400;\">detecci\u00f3n y recepci\u00f3n de radiaci\u00f3n electromagn\u00e9tica creados en el taller.<\/span><\/p>\n<p><span style=\"font-weight: 400;\">A las 20 hs, en el Patio de los Cipreses<\/span><b>:<\/b><\/p>\n<p><b>Dislexxxic \/\/ Krater &#8211; Set Audiovisual<\/b><\/p>\n<p><span style=\"font-weight: 400;\">Un grupo de improvisaci\u00f3n audiovisual con base en Rosario formado por cinco integrantes de barrio parque\/echesortu, m\u00e1s colaboradorxs e invitadxs proponen la alteraci\u00f3n de los sentidos a trav\u00e9s de la mezcla del ruido y distintas t\u00e9cnicas no tradicionales, inspiradas en nuestros propios recorridos dentro de las m\u00fasicas electr\u00f3nicas,la experimentaci\u00f3n sonora y visual, la amistad y la escucha compartida.<\/span><\/p>\n<p>\u00a0<\/p>\n<p><span style=\"font-weight: 400;\">Muestra e<\/span><span style=\"font-weight: 400;\">n el T\u00fanel 3:<\/span><\/p>\n<p><b>E.S.C.U.C.H.A.<\/b><\/p>\n<p><span style=\"font-weight: 400;\">Un ambiente para jugar, tocar y escuchar. Un Laboratorio que cuenta con estaciones para investigar distintas maneras de escuchar. Arpas piramidales para tocar al o\u00eddo, conos amplificadores para acostarse a escuchar el eco del t\u00fanel, una estaci\u00f3n de radio ac\u00fastica para inventar entrevistas. Un espacio para micro-conciertos donde tocar y cantar y una mesa de traducciones gr\u00e1ficas para dibujar aquello que escuchamos y descubrimos.<\/span><\/p>\n<p><span style=\"font-weight: 400;\">Instalaci\u00f3n e<\/span><span style=\"font-weight: 400;\">n el Patio de los Cipreses:<\/span><\/p>\n<p><b>VAYV\u00c9N instalaci\u00f3n sonora de Sebasti\u00e1n Salda\u00f1o\u00a0<\/b><\/p>\n<p><span style=\"font-weight: 400;\">Vayv\u00e9n es una instalaci\u00f3n sonora, una escultura, una fotograf\u00eda de la huella sonora de un espacio determinado, que se crea constantemente y en la cual se pueden percibir los momentos, instantes, segundos, d\u00edas y semanas.\u00a0<\/span><\/p>\n<p><span style=\"font-weight: 400;\">La obra se desarrolla a partir de una cinta magn\u00e9tica que recorre el per\u00edmetro del patio del CCPE a una altura que no es visible. Por medio de micr\u00f3fonos emplazados en diferentes lugares se van grabando en la cinta los sonidos que suceden.<\/span><\/p>\n<p><span style=\"font-weight: 400;\">Altavoces amplifican la grabaci\u00f3n devolvi\u00e9ndola al espacio sonoro y superponi\u00e9ndose.\u00a0<\/span><\/p>\n\n\n<hr class=\"wp-block-separator has-alpha-channel-opacity\"\/>\n\n\n\n<p>Archivo Fotogr\u00e1fico<\/p>\n\n\n\n<figure class=\"wp-block-gallery columns-3 is-cropped\">\n  <ul class=\"blocks-gallery-grid\">\n\n    <li class=\"blocks-gallery-item\">\n      <figure>\n        <a href=\"https:\/\/upload.wikimedia.org\/wikipedia\/commons\/0\/07\/Conexiones_-_taller.jpg\" target=\"_blank\" rel=\"noopener\">\n          <img decoding=\"async\"\n            src=\"https:\/\/upload.wikimedia.org\/wikipedia\/commons\/0\/07\/Conexiones_-_taller.jpg\"\n            alt=\"\"\n            data-full-url=\"https:\/\/upload.wikimedia.org\/wikipedia\/commons\/0\/07\/Conexiones_-_taller.jpg\"\n            data-link=\"https:\/\/upload.wikimedia.org\/wikipedia\/commons\/0\/07\/Conexiones_-_taller.jpg\"\n        \/><\/a>\n        <figcaption class=\"blocks-gallery-item__caption\">\n          Laboratorio de investigaci\u00f3n sonora\n        <\/figcaption>\n      <\/figure>\n    <\/li>  \n\n    <li class=\"blocks-gallery-item\">\n      <figure>\n        <a href=\"https:\/\/upload.wikimedia.org\/wikipedia\/commons\/d\/db\/Taller_Escucha_profunda.jpg\" target=\"_blank\" rel=\"noopener\">\n          <img decoding=\"async\"\n            src=\"https:\/\/upload.wikimedia.org\/wikipedia\/commons\/d\/db\/Taller_Escucha_profunda.jpg\"\n            alt=\"\"\n            data-full-url=\"https:\/\/upload.wikimedia.org\/wikipedia\/commons\/d\/db\/Taller_Escucha_profunda.jpg\"\n            data-link=\"https:\/\/upload.wikimedia.org\/wikipedia\/commons\/d\/db\/Taller_Escucha_profunda.jpg\"\n        \/><\/a>\n        <figcaption class=\"blocks-gallery-item__caption\">\n          Taller Escucha profunda\n        <\/figcaption>\n      <\/figure>\n    <\/li>  \n\n    <li class=\"blocks-gallery-item\">\n      <figure>\n        <a href=\"https:\/\/upload.wikimedia.org\/wikipedia\/commons\/9\/9d\/PerfomanceWindkehere-56_3953.jpg\" target=\"_blank\" rel=\"noopener\">\n          <img decoding=\"async\"\n            src=\"https:\/\/upload.wikimedia.org\/wikipedia\/commons\/9\/9d\/PerfomanceWindkehere-56_3953.jpg\"\n            alt=\"\"\n            data-full-url=\"https:\/\/upload.wikimedia.org\/wikipedia\/commons\/9\/9d\/PerfomanceWindkehere-56_3953.jpg\"\n            data-link=\"https:\/\/upload.wikimedia.org\/wikipedia\/commons\/9\/9d\/PerfomanceWindkehere-56_3953.jpg\"\n        \/><\/a>\n        <figcaption class=\"blocks-gallery-item__caption\">\n          Conciertos\/performances sonoras\n        <\/figcaption>\n      <\/figure>\n    <\/li>  \n\n    <li class=\"blocks-gallery-item\">\n      <figure>\n        <a href=\"https:\/\/upload.wikimedia.org\/wikipedia\/commons\/f\/f2\/LabTelArtistica-56_3768.jpg\" target=\"_blank\" rel=\"noopener\">\n          <img decoding=\"async\"\n            src=\"https:\/\/upload.wikimedia.org\/wikipedia\/commons\/f\/f2\/LabTelArtistica-56_3768.jpg\"\n            alt=\"\"\n            data-full-url=\"https:\/\/upload.wikimedia.org\/wikipedia\/commons\/f\/f2\/LabTelArtistica-56_3768.jpg\"\n            data-link=\"https:\/\/upload.wikimedia.org\/wikipedia\/commons\/f\/f2\/LabTelArtistica-56_3768.jpg\"\n        \/><\/a>\n        <figcaption class=\"blocks-gallery-item__caption\">\n          Laboratorio de Telefon\u00eda Art\u00edstica\n        <\/figcaption>\n      <\/figure>\n    <\/li> \n\n    <li class=\"blocks-gallery-item\">\n      <figure>\n        <a href=\"https:\/\/upload.wikimedia.org\/wikipedia\/commons\/4\/44\/CCPE_T-_OTRAS_ESCUCHAS_10-09-22_3375.jpg\" target=\"_blank\" rel=\"noopener\">\n          <img decoding=\"async\"\n            src=\"https:\/\/upload.wikimedia.org\/wikipedia\/commons\/4\/44\/CCPE_T-_OTRAS_ESCUCHAS_10-09-22_3375.jpg\"\n            alt=\"\"\n            data-full-url=\"https:\/\/upload.wikimedia.org\/wikipedia\/commons\/4\/44\/CCPE_T-_OTRAS_ESCUCHAS_10-09-22_3375.jpg\"\n            data-link=\"https:\/\/upload.wikimedia.org\/wikipedia\/commons\/4\/44\/CCPE_T-_OTRAS_ESCUCHAS_10-09-22_3375.jpg\"\n        \/><\/a>\n        <figcaption class=\"blocks-gallery-item__caption\">\n          Taller Otras escuchas alrededor de la \u201cM\u00e1quina de Kevin\u201d\n        <\/figcaption>\n      <\/figure>\n    <\/li> \n\n  <\/ul>\n<\/figure>\n","protected":false},"excerpt":{"rendered":"<p>Un espacio para investigar y hacerse preguntas en torno al universo de la escucha.<\/p>\n","protected":false},"author":2,"featured_media":4045,"comment_status":"closed","ping_status":"closed","template":"","tags":[],"mec_category":[48],"yoast_head":"<!-- This site is optimized with the Yoast SEO plugin v23.5 - https:\/\/yoast.com\/wordpress\/plugins\/seo\/ -->\n<title>Conexiones - Centro Cultural Parque de Espa\u00f1a\/AECID<\/title>\n<meta name=\"robots\" content=\"index, follow, max-snippet:-1, max-image-preview:large, max-video-preview:-1\" \/>\n<link rel=\"canonical\" href=\"https:\/\/ccpe.org.ar\/web\/actividades\/conexiones\/\" \/>\n<meta property=\"og:locale\" content=\"es_ES\" \/>\n<meta property=\"og:type\" content=\"article\" \/>\n<meta property=\"og:title\" content=\"Conexiones - Centro Cultural Parque de Espa\u00f1a\/AECID\" \/>\n<meta property=\"og:description\" content=\"Un espacio para investigar y hacerse preguntas en torno al universo de la escucha.\" \/>\n<meta property=\"og:url\" content=\"https:\/\/ccpe.org.ar\/web\/actividades\/conexiones\/\" \/>\n<meta property=\"og:site_name\" content=\"Centro Cultural Parque de Espa\u00f1a\/AECID\" \/>\n<meta property=\"article:publisher\" content=\"https:\/\/www.facebook.com\/CCPErosario\/\" \/>\n<meta property=\"article:modified_time\" content=\"2023-12-29T18:48:53+00:00\" \/>\n<meta property=\"og:image\" content=\"https:\/\/ccpe.org.ar\/web\/wp-content\/uploads\/2022\/08\/01-conexiones-web.jpg\" \/>\n\t<meta property=\"og:image:width\" content=\"1920\" \/>\n\t<meta property=\"og:image:height\" content=\"1080\" \/>\n\t<meta property=\"og:image:type\" content=\"image\/jpeg\" \/>\n<meta name=\"twitter:card\" content=\"summary_large_image\" \/>\n<meta name=\"twitter:site\" content=\"@ccpe\" \/>\n<meta name=\"twitter:label1\" content=\"Tiempo de lectura\" \/>\n\t<meta name=\"twitter:data1\" content=\"7 minutos\" \/>\n<script type=\"application\/ld+json\" class=\"yoast-schema-graph\">{\"@context\":\"https:\/\/schema.org\",\"@graph\":[{\"@type\":\"WebPage\",\"@id\":\"https:\/\/ccpe.org.ar\/web\/actividades\/conexiones\/\",\"url\":\"https:\/\/ccpe.org.ar\/web\/actividades\/conexiones\/\",\"name\":\"Conexiones - Centro Cultural Parque de Espa\u00f1a\/AECID\",\"isPartOf\":{\"@id\":\"https:\/\/ccpe.org.ar\/web\/#website\"},\"primaryImageOfPage\":{\"@id\":\"https:\/\/ccpe.org.ar\/web\/actividades\/conexiones\/#primaryimage\"},\"image\":{\"@id\":\"https:\/\/ccpe.org.ar\/web\/actividades\/conexiones\/#primaryimage\"},\"thumbnailUrl\":\"https:\/\/ccpe.org.ar\/web\/wp-content\/uploads\/2022\/08\/01-conexiones-web.jpg\",\"datePublished\":\"2022-08-29T12:13:23+00:00\",\"dateModified\":\"2023-12-29T18:48:53+00:00\",\"breadcrumb\":{\"@id\":\"https:\/\/ccpe.org.ar\/web\/actividades\/conexiones\/#breadcrumb\"},\"inLanguage\":\"es\",\"potentialAction\":[{\"@type\":\"ReadAction\",\"target\":[\"https:\/\/ccpe.org.ar\/web\/actividades\/conexiones\/\"]}]},{\"@type\":\"ImageObject\",\"inLanguage\":\"es\",\"@id\":\"https:\/\/ccpe.org.ar\/web\/actividades\/conexiones\/#primaryimage\",\"url\":\"https:\/\/ccpe.org.ar\/web\/wp-content\/uploads\/2022\/08\/01-conexiones-web.jpg\",\"contentUrl\":\"https:\/\/ccpe.org.ar\/web\/wp-content\/uploads\/2022\/08\/01-conexiones-web.jpg\",\"width\":1920,\"height\":1080},{\"@type\":\"BreadcrumbList\",\"@id\":\"https:\/\/ccpe.org.ar\/web\/actividades\/conexiones\/#breadcrumb\",\"itemListElement\":[{\"@type\":\"ListItem\",\"position\":1,\"name\":\"Portada\",\"item\":\"https:\/\/ccpe.org.ar\/web\/\"},{\"@type\":\"ListItem\",\"position\":2,\"name\":\"Conexiones\"}]},{\"@type\":\"WebSite\",\"@id\":\"https:\/\/ccpe.org.ar\/web\/#website\",\"url\":\"https:\/\/ccpe.org.ar\/web\/\",\"name\":\"Centro Cultural Parque de Espa\u00f1a\/AECID\",\"description\":\"Sitio web del Centro Cultural Parque de Espa\u00f1a\/AECID\",\"potentialAction\":[{\"@type\":\"SearchAction\",\"target\":{\"@type\":\"EntryPoint\",\"urlTemplate\":\"https:\/\/ccpe.org.ar\/web\/?s={search_term_string}\"},\"query-input\":{\"@type\":\"PropertyValueSpecification\",\"valueRequired\":true,\"valueName\":\"search_term_string\"}}],\"inLanguage\":\"es\"}]}<\/script>\n<!-- \/ Yoast SEO plugin. -->","yoast_head_json":{"title":"Conexiones - Centro Cultural Parque de Espa\u00f1a\/AECID","robots":{"index":"index","follow":"follow","max-snippet":"max-snippet:-1","max-image-preview":"max-image-preview:large","max-video-preview":"max-video-preview:-1"},"canonical":"https:\/\/ccpe.org.ar\/web\/actividades\/conexiones\/","og_locale":"es_ES","og_type":"article","og_title":"Conexiones - Centro Cultural Parque de Espa\u00f1a\/AECID","og_description":"Un espacio para investigar y hacerse preguntas en torno al universo de la escucha.","og_url":"https:\/\/ccpe.org.ar\/web\/actividades\/conexiones\/","og_site_name":"Centro Cultural Parque de Espa\u00f1a\/AECID","article_publisher":"https:\/\/www.facebook.com\/CCPErosario\/","article_modified_time":"2023-12-29T18:48:53+00:00","og_image":[{"width":1920,"height":1080,"url":"https:\/\/ccpe.org.ar\/web\/wp-content\/uploads\/2022\/08\/01-conexiones-web.jpg","type":"image\/jpeg"}],"twitter_card":"summary_large_image","twitter_site":"@ccpe","twitter_misc":{"Tiempo de lectura":"7 minutos"},"schema":{"@context":"https:\/\/schema.org","@graph":[{"@type":"WebPage","@id":"https:\/\/ccpe.org.ar\/web\/actividades\/conexiones\/","url":"https:\/\/ccpe.org.ar\/web\/actividades\/conexiones\/","name":"Conexiones - Centro Cultural Parque de Espa\u00f1a\/AECID","isPartOf":{"@id":"https:\/\/ccpe.org.ar\/web\/#website"},"primaryImageOfPage":{"@id":"https:\/\/ccpe.org.ar\/web\/actividades\/conexiones\/#primaryimage"},"image":{"@id":"https:\/\/ccpe.org.ar\/web\/actividades\/conexiones\/#primaryimage"},"thumbnailUrl":"https:\/\/ccpe.org.ar\/web\/wp-content\/uploads\/2022\/08\/01-conexiones-web.jpg","datePublished":"2022-08-29T12:13:23+00:00","dateModified":"2023-12-29T18:48:53+00:00","breadcrumb":{"@id":"https:\/\/ccpe.org.ar\/web\/actividades\/conexiones\/#breadcrumb"},"inLanguage":"es","potentialAction":[{"@type":"ReadAction","target":["https:\/\/ccpe.org.ar\/web\/actividades\/conexiones\/"]}]},{"@type":"ImageObject","inLanguage":"es","@id":"https:\/\/ccpe.org.ar\/web\/actividades\/conexiones\/#primaryimage","url":"https:\/\/ccpe.org.ar\/web\/wp-content\/uploads\/2022\/08\/01-conexiones-web.jpg","contentUrl":"https:\/\/ccpe.org.ar\/web\/wp-content\/uploads\/2022\/08\/01-conexiones-web.jpg","width":1920,"height":1080},{"@type":"BreadcrumbList","@id":"https:\/\/ccpe.org.ar\/web\/actividades\/conexiones\/#breadcrumb","itemListElement":[{"@type":"ListItem","position":1,"name":"Portada","item":"https:\/\/ccpe.org.ar\/web\/"},{"@type":"ListItem","position":2,"name":"Conexiones"}]},{"@type":"WebSite","@id":"https:\/\/ccpe.org.ar\/web\/#website","url":"https:\/\/ccpe.org.ar\/web\/","name":"Centro Cultural Parque de Espa\u00f1a\/AECID","description":"Sitio web del Centro Cultural Parque de Espa\u00f1a\/AECID","potentialAction":[{"@type":"SearchAction","target":{"@type":"EntryPoint","urlTemplate":"https:\/\/ccpe.org.ar\/web\/?s={search_term_string}"},"query-input":{"@type":"PropertyValueSpecification","valueRequired":true,"valueName":"search_term_string"}}],"inLanguage":"es"}]}},"_links":{"self":[{"href":"https:\/\/ccpe.org.ar\/web\/wp-json\/wp\/v2\/mec-events\/4044"}],"collection":[{"href":"https:\/\/ccpe.org.ar\/web\/wp-json\/wp\/v2\/mec-events"}],"about":[{"href":"https:\/\/ccpe.org.ar\/web\/wp-json\/wp\/v2\/types\/mec-events"}],"author":[{"embeddable":true,"href":"https:\/\/ccpe.org.ar\/web\/wp-json\/wp\/v2\/users\/2"}],"replies":[{"embeddable":true,"href":"https:\/\/ccpe.org.ar\/web\/wp-json\/wp\/v2\/comments?post=4044"}],"wp:featuredmedia":[{"embeddable":true,"href":"https:\/\/ccpe.org.ar\/web\/wp-json\/wp\/v2\/media\/4045"}],"wp:attachment":[{"href":"https:\/\/ccpe.org.ar\/web\/wp-json\/wp\/v2\/media?parent=4044"}],"wp:term":[{"taxonomy":"post_tag","embeddable":true,"href":"https:\/\/ccpe.org.ar\/web\/wp-json\/wp\/v2\/tags?post=4044"},{"taxonomy":"mec_category","embeddable":true,"href":"https:\/\/ccpe.org.ar\/web\/wp-json\/wp\/v2\/mec_category?post=4044"}],"curies":[{"name":"wp","href":"https:\/\/api.w.org\/{rel}","templated":true}]}}