{"id":4131,"date":"2022-10-24T10:41:07","date_gmt":"2022-10-24T13:41:07","guid":{"rendered":"https:\/\/ccpe.org.ar\/web\/?post_type=mec-events&#038;p=4131"},"modified":"2022-10-26T14:08:22","modified_gmt":"2022-10-26T17:08:22","slug":"hacia-una-cultura-sostenible-2","status":"publish","type":"mec-events","link":"https:\/\/ccpe.org.ar\/web\/actividades\/hacia-una-cultura-sostenible-2\/","title":{"rendered":"Hacia una cultura sostenible"},"content":{"rendered":"<p>Modalidad: te\u00f3rico-pr\u00e1ctico<br \/>\nDuraci\u00f3n: 15 horas (5 m\u00f3dulos de 3 horas cada uno)<br \/>\nGratuito y con inscripci\u00f3n previa. Para inscribirte llena el formulario que se encuentra m\u00e1s abajo.<\/p>\n<p><strong>Fecha: <\/strong>14, 17, 21, 24 y 28 de noviembre de 2022. <strong>Horario: <\/strong>11:00 am (M\u00e9xico, Per\u00fa) \/ 1:00 pm (Argentina, Paraguay) \/ 5:00 pm (Espa\u00f1a)<\/p>\n<p><strong>Cierre de inscripciones: <\/strong>8 de noviembre de 2022<\/p>\n<p><strong>La pandemia y la crisis clim\u00e1tica, econ\u00f3mica y social definen un nuevo panorama para el ecosistema cultural. En este contexto, cabe preguntarse: \u00bfqu\u00e9 papel juega la cultura en el nuevo contrato social y en el marco de la Agenda 2030? A lo largo de cinco sesiones y de la mano de especialistas en Cultura y Agenda 2030, profundizaremos en los retos y en c\u00f3mo incorporar la dimensi\u00f3n cultural al desarrollo sostenible en nuestra pr\u00e1ctica profesional.<\/strong><\/p>\n<ul>\n<li>M\u00f3dulo 1. La contribuci\u00f3n de la cultura al desarrollo sostenible. Lunes, 14 de noviembre.<\/li>\n<li>M\u00f3dulo 2. Bases para adoptar el enfoque sostenible en el sector cultural. Jueves, 17 de noviembre.<\/li>\n<li>M\u00f3dulo 3. C\u00f3mo elaborar un plan de acci\u00f3n. Lunes, 21 de noviembre.<\/li>\n<li>M\u00f3dulo 4. Pr\u00e1cticas inspiradoras. Jueves, 24 de noviembre.<\/li>\n<li>M\u00f3dulo 5. El dise\u00f1o de un proyecto cultural sostenible. Lunes, 28 de noviembre.<\/li>\n<\/ul>\n<h3><a role=\"link\" href=\"https:\/\/ccelima.org\/wp-content\/uploads\/2022\/10\/Programa.pdf\">Programa completo<\/a><\/h3>\n<p><span dir=\"ltr\" role=\"presentation\">La<\/span>\u00a0<span dir=\"ltr\" role=\"presentation\">metodolog\u00eda<\/span>\u00a0<span dir=\"ltr\" role=\"presentation\">combina intervenciones de distintos expertos con debates, presentaciones de\u00a0<\/span><span dir=\"ltr\" role=\"presentation\">casos inspiradores contados por sus protagonistas y din\u00e1micas pr\u00e1cticas.<\/span><\/p>\n<h3><a role=\"link\" href=\"https:\/\/forms.gle\/gPPnPrBkyGsXzRAG8\"><strong>Formulario de inscripci\u00f3n<\/strong><\/a><\/h3>\n<h3><strong><span dir=\"ltr\" role=\"presentation\">Objetivos<\/span><\/strong><\/h3>\n<ul>\n<li><span dir=\"ltr\" role=\"presentation\">Ofrecer una formaci\u00f3n inicial acerca de los antecedentes, re<\/span><span class=\"markedContent\"><span dir=\"ltr\" role=\"presentation\">fl<\/span><\/span><span dir=\"ltr\" role=\"presentation\">exiones y\u00a0<\/span><span dir=\"ltr\" role=\"presentation\">relaciones entre cultura y desarrollo sostenible.<\/span><\/li>\n<li><span dir=\"ltr\" role=\"presentation\">Incorporar la cultura en la Agenda 2030, los Objetivos de Desarrollo\u00a0<\/span><span dir=\"ltr\" role=\"presentation\">Sostenible (ODS) y las distintas formas de implementaci\u00f3n actuales.<\/span><\/li>\n<li><span dir=\"ltr\" role=\"presentation\">Facilitar a los profesionales del sector herramientas \u00fatiles y adaptadas\u00a0<\/span><span dir=\"ltr\" role=\"presentation\">que les permitan adoptar un enfoque sostenible e incorporar criterios e\u00a0<\/span><span dir=\"ltr\" role=\"presentation\">indicadores de sostenibilidad.<\/span><\/li>\n<li><span dir=\"ltr\" role=\"presentation\">Integrar la dimensi\u00f3n de desarrollo sostenible en el dise\u00f1o de proyectos\u00a0<\/span><span dir=\"ltr\" role=\"presentation\">culturales.<\/span><\/li>\n<li><span dir=\"ltr\" role=\"presentation\">Promover<\/span>\u00a0<span dir=\"ltr\" role=\"presentation\">una<\/span>\u00a0<span dir=\"ltr\" role=\"presentation\">gesti\u00f3n<\/span>\u00a0<span dir=\"ltr\" role=\"presentation\">cultural<\/span>\u00a0<span dir=\"ltr\" role=\"presentation\">m\u00e1s<\/span>\u00a0<span dir=\"ltr\" role=\"presentation\">sostenible<\/span>\u00a0<span dir=\"ltr\" role=\"presentation\">y<\/span>\u00a0<span dir=\"ltr\" role=\"presentation\">animar<\/span>\u00a0<span dir=\"ltr\" role=\"presentation\">a<\/span>\u00a0<span dir=\"ltr\" role=\"presentation\">las\u00a0<\/span><span dir=\"ltr\" role=\"presentation\">instituciones y agentes de la cultura a asumir su responsabilidad en la\u00a0<\/span><span dir=\"ltr\" role=\"presentation\">consecuci\u00f3n de la Agenda 2030.<\/span><\/li>\n<li><span dir=\"ltr\" role=\"presentation\">Incorporar buenas pr\u00e1cticas de la mano de agentes culturales y actores\u00a0<\/span><span dir=\"ltr\" role=\"presentation\">de la administraci\u00f3n p\u00fablica que ya est\u00e1n trabajando en la intersecci\u00f3n\u00a0<\/span><span dir=\"ltr\" role=\"presentation\">de la cultura y el desarrollo sostenible.<\/span><\/li>\n<\/ul>\n<h3><strong><span dir=\"ltr\" role=\"presentation\">P\u00fablico destinatario<\/span><\/strong><\/h3>\n<ul>\n<li><span dir=\"ltr\" role=\"presentation\">Gestores culturales del sector p\u00fablico, privado e independiente.<\/span><\/li>\n<li><span dir=\"ltr\" role=\"presentation\">Promotores, programadores, compa\u00f1\u00edas, creadores, artistas, int\u00e9rpretes, etc.<\/span><\/li>\n<li>Docentes y estudiantes de carreras art\u00edsticas y \u00e1mbitos relacionados.<\/li>\n<li>Representantes de organizaciones y asociaciones vinculadas al sector cultural.<\/li>\n<li>Agentes culturales en general.<\/li>\n<\/ul>\n<p>&nbsp;<\/p>\n<p><strong>Organizamos con:<\/strong><\/p>\n<p>Red Espa\u00f1ola para el Desarrollo Sostenible &#8211; Red de Centros Culturales de la Cooperaci\u00f3n Espa\u00f1ola<\/p>\n","protected":false},"excerpt":{"rendered":"<p>\u00bfQu\u00e9 papel juega la cultura en el nuevo contrato social y en el marco de la Agenda 2030?. Cierre de inscripciones: 8 de noviembre de 2022<\/p>\n","protected":false},"author":2,"featured_media":4132,"comment_status":"closed","ping_status":"closed","template":"","tags":[],"mec_category":[20,19,47],"yoast_head":"<!-- This site is optimized with the Yoast SEO plugin v23.5 - https:\/\/yoast.com\/wordpress\/plugins\/seo\/ -->\n<title>Hacia una cultura sostenible - Centro Cultural Parque de Espa\u00f1a\/AECID<\/title>\n<meta name=\"robots\" content=\"index, follow, max-snippet:-1, max-image-preview:large, max-video-preview:-1\" \/>\n<link rel=\"canonical\" href=\"https:\/\/ccpe.org.ar\/web\/actividades\/hacia-una-cultura-sostenible-2\/\" \/>\n<meta property=\"og:locale\" content=\"es_ES\" \/>\n<meta property=\"og:type\" content=\"article\" \/>\n<meta property=\"og:title\" content=\"Hacia una cultura sostenible - Centro Cultural Parque de Espa\u00f1a\/AECID\" \/>\n<meta property=\"og:description\" content=\"\u00bfQu\u00e9 papel juega la cultura en el nuevo contrato social y en el marco de la Agenda 2030?. Cierre de inscripciones: 8 de noviembre de 2022\" \/>\n<meta property=\"og:url\" content=\"https:\/\/ccpe.org.ar\/web\/actividades\/hacia-una-cultura-sostenible-2\/\" \/>\n<meta property=\"og:site_name\" content=\"Centro Cultural Parque de Espa\u00f1a\/AECID\" \/>\n<meta property=\"article:publisher\" content=\"https:\/\/www.facebook.com\/CCPErosario\/\" \/>\n<meta property=\"article:modified_time\" content=\"2022-10-26T17:08:22+00:00\" \/>\n<meta property=\"og:image\" content=\"https:\/\/ccpe.org.ar\/web\/wp-content\/uploads\/2022\/10\/a_hacia_una_cultura.jpg\" \/>\n\t<meta property=\"og:image:width\" content=\"845\" \/>\n\t<meta property=\"og:image:height\" content=\"710\" \/>\n\t<meta property=\"og:image:type\" content=\"image\/jpeg\" \/>\n<meta name=\"twitter:card\" content=\"summary_large_image\" \/>\n<meta name=\"twitter:site\" content=\"@ccpe\" \/>\n<meta name=\"twitter:label1\" content=\"Tiempo de lectura\" \/>\n\t<meta name=\"twitter:data1\" content=\"2 minutos\" \/>\n<script type=\"application\/ld+json\" class=\"yoast-schema-graph\">{\"@context\":\"https:\/\/schema.org\",\"@graph\":[{\"@type\":\"WebPage\",\"@id\":\"https:\/\/ccpe.org.ar\/web\/actividades\/hacia-una-cultura-sostenible-2\/\",\"url\":\"https:\/\/ccpe.org.ar\/web\/actividades\/hacia-una-cultura-sostenible-2\/\",\"name\":\"Hacia una cultura sostenible - Centro Cultural Parque de Espa\u00f1a\/AECID\",\"isPartOf\":{\"@id\":\"https:\/\/ccpe.org.ar\/web\/#website\"},\"primaryImageOfPage\":{\"@id\":\"https:\/\/ccpe.org.ar\/web\/actividades\/hacia-una-cultura-sostenible-2\/#primaryimage\"},\"image\":{\"@id\":\"https:\/\/ccpe.org.ar\/web\/actividades\/hacia-una-cultura-sostenible-2\/#primaryimage\"},\"thumbnailUrl\":\"https:\/\/ccpe.org.ar\/web\/wp-content\/uploads\/2022\/10\/a_hacia_una_cultura.jpg\",\"datePublished\":\"2022-10-24T13:41:07+00:00\",\"dateModified\":\"2022-10-26T17:08:22+00:00\",\"breadcrumb\":{\"@id\":\"https:\/\/ccpe.org.ar\/web\/actividades\/hacia-una-cultura-sostenible-2\/#breadcrumb\"},\"inLanguage\":\"es\",\"potentialAction\":[{\"@type\":\"ReadAction\",\"target\":[\"https:\/\/ccpe.org.ar\/web\/actividades\/hacia-una-cultura-sostenible-2\/\"]}]},{\"@type\":\"ImageObject\",\"inLanguage\":\"es\",\"@id\":\"https:\/\/ccpe.org.ar\/web\/actividades\/hacia-una-cultura-sostenible-2\/#primaryimage\",\"url\":\"https:\/\/ccpe.org.ar\/web\/wp-content\/uploads\/2022\/10\/a_hacia_una_cultura.jpg\",\"contentUrl\":\"https:\/\/ccpe.org.ar\/web\/wp-content\/uploads\/2022\/10\/a_hacia_una_cultura.jpg\",\"width\":845,\"height\":710},{\"@type\":\"BreadcrumbList\",\"@id\":\"https:\/\/ccpe.org.ar\/web\/actividades\/hacia-una-cultura-sostenible-2\/#breadcrumb\",\"itemListElement\":[{\"@type\":\"ListItem\",\"position\":1,\"name\":\"Portada\",\"item\":\"https:\/\/ccpe.org.ar\/web\/\"},{\"@type\":\"ListItem\",\"position\":2,\"name\":\"Hacia una cultura sostenible\"}]},{\"@type\":\"WebSite\",\"@id\":\"https:\/\/ccpe.org.ar\/web\/#website\",\"url\":\"https:\/\/ccpe.org.ar\/web\/\",\"name\":\"Centro Cultural Parque de Espa\u00f1a\/AECID\",\"description\":\"Sitio web del Centro Cultural Parque de Espa\u00f1a\/AECID\",\"potentialAction\":[{\"@type\":\"SearchAction\",\"target\":{\"@type\":\"EntryPoint\",\"urlTemplate\":\"https:\/\/ccpe.org.ar\/web\/?s={search_term_string}\"},\"query-input\":{\"@type\":\"PropertyValueSpecification\",\"valueRequired\":true,\"valueName\":\"search_term_string\"}}],\"inLanguage\":\"es\"}]}<\/script>\n<!-- \/ Yoast SEO plugin. -->","yoast_head_json":{"title":"Hacia una cultura sostenible - Centro Cultural Parque de Espa\u00f1a\/AECID","robots":{"index":"index","follow":"follow","max-snippet":"max-snippet:-1","max-image-preview":"max-image-preview:large","max-video-preview":"max-video-preview:-1"},"canonical":"https:\/\/ccpe.org.ar\/web\/actividades\/hacia-una-cultura-sostenible-2\/","og_locale":"es_ES","og_type":"article","og_title":"Hacia una cultura sostenible - Centro Cultural Parque de Espa\u00f1a\/AECID","og_description":"\u00bfQu\u00e9 papel juega la cultura en el nuevo contrato social y en el marco de la Agenda 2030?. Cierre de inscripciones: 8 de noviembre de 2022","og_url":"https:\/\/ccpe.org.ar\/web\/actividades\/hacia-una-cultura-sostenible-2\/","og_site_name":"Centro Cultural Parque de Espa\u00f1a\/AECID","article_publisher":"https:\/\/www.facebook.com\/CCPErosario\/","article_modified_time":"2022-10-26T17:08:22+00:00","og_image":[{"width":845,"height":710,"url":"https:\/\/ccpe.org.ar\/web\/wp-content\/uploads\/2022\/10\/a_hacia_una_cultura.jpg","type":"image\/jpeg"}],"twitter_card":"summary_large_image","twitter_site":"@ccpe","twitter_misc":{"Tiempo de lectura":"2 minutos"},"schema":{"@context":"https:\/\/schema.org","@graph":[{"@type":"WebPage","@id":"https:\/\/ccpe.org.ar\/web\/actividades\/hacia-una-cultura-sostenible-2\/","url":"https:\/\/ccpe.org.ar\/web\/actividades\/hacia-una-cultura-sostenible-2\/","name":"Hacia una cultura sostenible - Centro Cultural Parque de Espa\u00f1a\/AECID","isPartOf":{"@id":"https:\/\/ccpe.org.ar\/web\/#website"},"primaryImageOfPage":{"@id":"https:\/\/ccpe.org.ar\/web\/actividades\/hacia-una-cultura-sostenible-2\/#primaryimage"},"image":{"@id":"https:\/\/ccpe.org.ar\/web\/actividades\/hacia-una-cultura-sostenible-2\/#primaryimage"},"thumbnailUrl":"https:\/\/ccpe.org.ar\/web\/wp-content\/uploads\/2022\/10\/a_hacia_una_cultura.jpg","datePublished":"2022-10-24T13:41:07+00:00","dateModified":"2022-10-26T17:08:22+00:00","breadcrumb":{"@id":"https:\/\/ccpe.org.ar\/web\/actividades\/hacia-una-cultura-sostenible-2\/#breadcrumb"},"inLanguage":"es","potentialAction":[{"@type":"ReadAction","target":["https:\/\/ccpe.org.ar\/web\/actividades\/hacia-una-cultura-sostenible-2\/"]}]},{"@type":"ImageObject","inLanguage":"es","@id":"https:\/\/ccpe.org.ar\/web\/actividades\/hacia-una-cultura-sostenible-2\/#primaryimage","url":"https:\/\/ccpe.org.ar\/web\/wp-content\/uploads\/2022\/10\/a_hacia_una_cultura.jpg","contentUrl":"https:\/\/ccpe.org.ar\/web\/wp-content\/uploads\/2022\/10\/a_hacia_una_cultura.jpg","width":845,"height":710},{"@type":"BreadcrumbList","@id":"https:\/\/ccpe.org.ar\/web\/actividades\/hacia-una-cultura-sostenible-2\/#breadcrumb","itemListElement":[{"@type":"ListItem","position":1,"name":"Portada","item":"https:\/\/ccpe.org.ar\/web\/"},{"@type":"ListItem","position":2,"name":"Hacia una cultura sostenible"}]},{"@type":"WebSite","@id":"https:\/\/ccpe.org.ar\/web\/#website","url":"https:\/\/ccpe.org.ar\/web\/","name":"Centro Cultural Parque de Espa\u00f1a\/AECID","description":"Sitio web del Centro Cultural Parque de Espa\u00f1a\/AECID","potentialAction":[{"@type":"SearchAction","target":{"@type":"EntryPoint","urlTemplate":"https:\/\/ccpe.org.ar\/web\/?s={search_term_string}"},"query-input":{"@type":"PropertyValueSpecification","valueRequired":true,"valueName":"search_term_string"}}],"inLanguage":"es"}]}},"_links":{"self":[{"href":"https:\/\/ccpe.org.ar\/web\/wp-json\/wp\/v2\/mec-events\/4131"}],"collection":[{"href":"https:\/\/ccpe.org.ar\/web\/wp-json\/wp\/v2\/mec-events"}],"about":[{"href":"https:\/\/ccpe.org.ar\/web\/wp-json\/wp\/v2\/types\/mec-events"}],"author":[{"embeddable":true,"href":"https:\/\/ccpe.org.ar\/web\/wp-json\/wp\/v2\/users\/2"}],"replies":[{"embeddable":true,"href":"https:\/\/ccpe.org.ar\/web\/wp-json\/wp\/v2\/comments?post=4131"}],"wp:featuredmedia":[{"embeddable":true,"href":"https:\/\/ccpe.org.ar\/web\/wp-json\/wp\/v2\/media\/4132"}],"wp:attachment":[{"href":"https:\/\/ccpe.org.ar\/web\/wp-json\/wp\/v2\/media?parent=4131"}],"wp:term":[{"taxonomy":"post_tag","embeddable":true,"href":"https:\/\/ccpe.org.ar\/web\/wp-json\/wp\/v2\/tags?post=4131"},{"taxonomy":"mec_category","embeddable":true,"href":"https:\/\/ccpe.org.ar\/web\/wp-json\/wp\/v2\/mec_category?post=4131"}],"curies":[{"name":"wp","href":"https:\/\/api.w.org\/{rel}","templated":true}]}}