{"id":4133,"date":"2022-10-24T11:09:01","date_gmt":"2022-10-24T14:09:01","guid":{"rendered":"https:\/\/ccpe.org.ar\/web\/?post_type=mec-events&#038;p=4133"},"modified":"2024-01-12T11:15:05","modified_gmt":"2024-01-12T14:15:05","slug":"en-comun-2","status":"publish","type":"mec-events","link":"https:\/\/ccpe.org.ar\/web\/actividades\/en-comun-2\/","title":{"rendered":"En com\u00fan"},"content":{"rendered":"<p><span style=\"font-weight: 400;\">En el marco del D\u00eda Mundial de las Ciudades el Centro Cultural Parque de Espa\u00f1a invita a participar de <\/span><b>En Com\u00fan<\/b><span style=\"font-weight: 400;\">, un espacio para pensarnos en torno a la ciudad y las formas de convivir en ella. Este a\u00f1o el encuentro se plantea a partir de dos muestras que, desde la arquitectura, invitan a reflexionar sobre el desaf\u00edo que significa concebir el tejido urbano como un proyecto com\u00fan.<\/span><\/p>\n<p><span style=\"font-weight: 400;\">Se trata de \u201c<\/span><b>Tenemos algo en com\u00fan<\/b><span style=\"font-weight: 400;\">\u201d de Gerardo Caballero (Argentina) y Paola Gallino (Argentina); y \u201c<\/span><b>Microprocesos, coreograf\u00eda de la integraci\u00f3n urbana<\/b><span style=\"font-weight: 400;\">\u201d de Elisa Silva (Venezuela), dos exposiciones que invitan a pensar c\u00f3mo se construye la ciudad como espacio colectivo y lugar de conexiones vivas entre sus habitantes, las diversas culturas de modo de poder mirarla como una gran casa llena de habitaciones: barrios, viviendas, parques y esquinas, donde lo com\u00fan pone en relaci\u00f3n la escala de lo individual con lo colectivo. <\/span><span style=\"font-weight: 400;\">En el marco de Noche de Museos de la Quinta Quincena del Arte de Rosario (5\u00b0QAR).<\/span><\/p>\n<p><span style=\"font-weight: 400;\">Adem\u00e1s, <\/span><span style=\"font-weight: 400;\">se llevar\u00e1 a cabo el conversatorio<\/span><b> Habitar lo com\u00fan <\/b><span style=\"font-weight: 400;\">entre Gerardo Caballero (presencial), Paola Gallino (virtual) y\u00a0 Elisa Silva (virtual). Modera: Javier Mendiondo.<\/span><\/p>\n<p><strong>Reapertura: jueves 9\/2 hasta el s\u00e1bado 4\/3,<\/strong><b> jueves, viernes y s\u00e1bados, de 17 a 20 h, con entrada libre y gratuita.\u00a0<\/b><\/p>\n<h2>\u00a0<\/h2>\n<h2>Tenemos algo en com\u00fan<\/h2>\n<p><span style=\"font-weight: 400;\">Esta nueva obra replantea el significado de lo com\u00fan, que nos atrae y nos acerca como habitantes de una casa m\u00ednima, pero al mismo tiempo de una casa mayor, la ciudad donde lo colectivo es mucho m\u00e1s importante que lo individual. La muestra propone una selecci\u00f3n de proyectos de vivienda colectiva tendidos \u201csobre la mesa\u201d de una casa, como s\u00edmbolo de lo compartido entre sus habitantes.<\/span><\/p>\n<h2>Microprocesos: una coreograf\u00eda de la integraci\u00f3n urbana<\/h2>\n<p><span style=\"font-weight: 400;\">Parte del proyecto exhibido en la Bienal de Arquitectura de Chicago \u201c<\/span><i><span style=\"font-weight: 400;\">Ciudad disponible\u201d<\/span><\/i><span style=\"font-weight: 400;\"> que en 2021 present\u00f3 la arquitecta Silva junto a Enlace Arquitectura y Ciudad Laboratorio, como experiencia de las conexiones ciudadanas realizadas en los barrios perif\u00e9ricos en Caracas. Estas pr\u00e1cticas urbanas llamadas \u201cmicroprocesos\u201d han producido un gran reservorio de metodolog\u00edas y experiencias, que incluyeron celebraciones, paseos, bailes, conciertos, exposiciones, manifiestos, juegos, mapeos y nuevas formas de pensar la ciudad m\u00e1s integrada y completa.<\/span><\/p>\n<h2>Noche de Museos abiertos. Quincena del Arte Rosario<\/h2>\n<p>Pensando la\u00a0Quincena\u00a0del\u00a0arte\u00a0como una quinta en la que crecen los\u00a0encuentros, el 28 de octubre desde las 18 hs, el Centro Cultural Parque de Espa\u00f1a propone sus espacios como\u00a0puntos de convergencia:<\/p>\n<ul>\n<li>Intervenci\u00f3n lum\u00ednica en el Patio\u00a0de los Cipreses que resignifica el espacio compartido.<\/li>\n<li>Dos muestras en\u00a0Galer\u00edas que,\u00a0desde\u00a0la arquitectura, invitan a reflexionar sobre las\u00a0pr\u00e1cticas urbanas como un proyecto com\u00fan.<\/li>\n<li>Concierto\u00a0del\u00a0Quinteto\u00a0del\u00a0T\u00fanel, que surge como un se\u00f1alamiento a la experiencia de la Calle\u00a0Recreativa.<\/li>\n<\/ul>\n<p><strong>Semilla de convivencia<br \/><\/strong>El proyecto Patio Vivo propone resignificar los v\u00ednculos entre cultura y naturaleza a trav\u00e9s del contacto con la tierra, sus saberes ancestrales y sus problem\u00e1ticas contempor\u00e1neas. A trav\u00e9s de un programa que cruza\u00a0espacios de formaci\u00f3n vinculados al cuidado del medio ambiente con momentos de disfrute cultural, el Patio de los\u00a0Cipreses se convierte as\u00ed en un escenario m\u00e1s del CCPE para alojar el encuentro ciudadano. Se presentar\u00e1 una intervenci\u00f3n lum\u00ednica del espacio a las 18 hs.<\/p>\n<p><strong>Quinteto del t\u00fanel<br \/><\/strong>En un se\u00f1alamiento a la experiencia de los domingos a la ma\u00f1ana en Calle Recreativa, el CCPE invita al Quinteto del T\u00fanel a tocar en los T\u00faneles del CCPE.<\/p>\n<p>El Quinteto\u00a0del\u00a0T\u00fanel es una agrupaci\u00f3n independiente, integrada por In\u00e9s\u00a0L\u00f3pez de Tejada y Maia Bozikovic (violines), Federico Vivani (viola),\u00a0Kathleen Siebenrock (violonchelo) y Pablo C\u00e1ndido (guitarra).<\/p>\n<p>El repertorio incluye una amplia variedad de g\u00e9neros musicales, que abarcan\u00a0desde\u00a0pop internacional, m\u00fasica de series y pel\u00edculas, tango, m\u00fasica\u00a0cl\u00e1sica y rock nacional.<\/p>\n<p><i><span style=\"font-weight: 400;\">*Im\u00e1genes ilustrativas del cat\u00e1logo La Casa infinita<\/span><\/i><\/p>\n\n\n<hr class=\"wp-block-separator has-alpha-channel-opacity\"\/>\n\n\n\n<p>Archivo Fotogr\u00e1fico<\/p>\n\n\n\n<figure class=\"wp-block-gallery columns-3 is-cropped\">\n  <ul class=\"blocks-gallery-grid\">\n\n    <li class=\"blocks-gallery-item\">\n      <figure>\n        <a href=\"https:\/\/upload.wikimedia.org\/wikipedia\/commons\/d\/d6\/TenemosAlgoEnCom%C3%BAn-58_6609.jpg\" target=\"_blank\" rel=\"noopener\">\n          <img decoding=\"async\" src=\"https:\/\/upload.wikimedia.org\/wikipedia\/commons\/d\/d6\/TenemosAlgoEnCom%C3%BAn-58_6609.jpg\" alt=\"\"\n            data-full-url=\"https:\/\/upload.wikimedia.org\/wikipedia\/commons\/d\/d6\/TenemosAlgoEnCom%C3%BAn-58_6609.jpg\"\n            data-link=\"https:\/\/upload.wikimedia.org\/wikipedia\/commons\/d\/d6\/TenemosAlgoEnCom%C3%BAn-58_6609.jpg\" \/><\/a>\n        <figcaption class=\"blocks-gallery-item__caption\">\n          \u00abTenemos algo en com\u00fan\u00bb\n        <\/figcaption>\n      <\/figure>\n    <\/li>\n\n    <li class=\"blocks-gallery-item\">\n      <figure>\n        <a href=\"https:\/\/upload.wikimedia.org\/wikipedia\/commons\/4\/4c\/TenemosAlgoEnCom%C3%BAn-58_6536.jpg\" target=\"_blank\" rel=\"noopener\">\n          <img decoding=\"async\" src=\"https:\/\/upload.wikimedia.org\/wikipedia\/commons\/4\/4c\/TenemosAlgoEnCom%C3%BAn-58_6536.jpg\" alt=\"\"\n            data-full-url=\"https:\/\/upload.wikimedia.org\/wikipedia\/commons\/4\/4c\/TenemosAlgoEnCom%C3%BAn-58_6536.jpg\"\n            data-link=\"https:\/\/upload.wikimedia.org\/wikipedia\/commons\/4\/4c\/TenemosAlgoEnCom%C3%BAn-58_6536.jpg\" \/><\/a>\n        <figcaption class=\"blocks-gallery-item__caption\">\n          \u00abTenemos algo en com\u00fan\u00bb\n        <\/figcaption>\n      <\/figure>\n    <\/li>\n\n    <li class=\"blocks-gallery-item\">\n      <figure>\n        <a href=\"https:\/\/upload.wikimedia.org\/wikipedia\/commons\/6\/6a\/TenemosAlgoEnCom%C3%BAn-58_6566.jpg\" target=\"_blank\" rel=\"noopener\">\n          <img decoding=\"async\" src=\"https:\/\/upload.wikimedia.org\/wikipedia\/commons\/6\/6a\/TenemosAlgoEnCom%C3%BAn-58_6566.jpg\" alt=\"\"\n            data-full-url=\"https:\/\/upload.wikimedia.org\/wikipedia\/commons\/6\/6a\/TenemosAlgoEnCom%C3%BAn-58_6566.jpg\"\n            data-link=\"https:\/\/upload.wikimedia.org\/wikipedia\/commons\/6\/6a\/TenemosAlgoEnCom%C3%BAn-58_6566.jpg\" \/><\/a>\n        <figcaption class=\"blocks-gallery-item__caption\">\n          \u00abTenemos algo en com\u00fan\u00bb\n        <\/figcaption>\n      <\/figure>\n    <\/li>\n\n<li class=\"blocks-gallery-item\">\n      <figure>\n        <a href=\"https:\/\/upload.wikimedia.org\/wikipedia\/commons\/4\/46\/Microprocesos-3350.jpg\" target=\"_blank\" rel=\"noopener\">\n          <img decoding=\"async\" src=\"https:\/\/upload.wikimedia.org\/wikipedia\/commons\/4\/46\/Microprocesos-3350.jpg\" alt=\"\"\n            data-full-url=\"https:\/\/upload.wikimedia.org\/wikipedia\/commons\/4\/46\/Microprocesos-3350.jpg\"\n            data-link=\"https:\/\/upload.wikimedia.org\/wikipedia\/commons\/4\/46\/Microprocesos-3350.jpg\" \/><\/a>\n        <figcaption class=\"blocks-gallery-item__caption\">\n         Microprocesos \n        <\/figcaption>\n      <\/figure>\n    <\/li>\n\n    <li class=\"blocks-gallery-item\">\n      <figure>\n        <a href=\"https:\/\/upload.wikimedia.org\/wikipedia\/commons\/a\/ab\/Microprocesos-3307.jpg\" target=\"_blank\" rel=\"noopener\">\n          <img decoding=\"async\" src=\"https:\/\/upload.wikimedia.org\/wikipedia\/commons\/a\/ab\/Microprocesos-3307.jpg\" alt=\"\"\n            data-full-url=\"https:\/\/upload.wikimedia.org\/wikipedia\/commons\/a\/ab\/Microprocesos-3307.jpg\"\n            data-link=\"https:\/\/upload.wikimedia.org\/wikipedia\/commons\/a\/ab\/Microprocesos-3307.jpg\" \/><\/a>\n        <figcaption class=\"blocks-gallery-item__caption\">\n         Microprocesos \n        <\/figcaption>\n      <\/figure>\n    <\/li>\n\n    <li class=\"blocks-gallery-item\">\n      <figure>\n        <a href=\"https:\/\/upload.wikimedia.org\/wikipedia\/commons\/e\/ec\/Microprocesos_-323-0.jpg\" target=\"_blank\" rel=\"noopener\">\n          <img decoding=\"async\" src=\"https:\/\/upload.wikimedia.org\/wikipedia\/commons\/e\/ec\/Microprocesos_-323-0.jpg\" alt=\"\"\n            data-full-url=\"https:\/\/upload.wikimedia.org\/wikipedia\/commons\/e\/ec\/Microprocesos_-323-0.jpg\"\n            data-link=\"https:\/\/upload.wikimedia.org\/wikipedia\/commons\/e\/ec\/Microprocesos_-323-0.jpg\" \/><\/a>\n        <figcaption class=\"blocks-gallery-item__caption\">\n         Microprocesos \n        <\/figcaption>\n      <\/figure>\n    <\/li>\n\n  <\/ul>\n<\/figure>\n","protected":false},"excerpt":{"rendered":"<p>Dos muestras que invitan a reflexionar sobre el desaf\u00edo que significa concebir el tejido urbano como un proyecto com\u00fan. Reapertura el 7\/2.<\/p>\n","protected":false},"author":2,"featured_media":4134,"comment_status":"closed","ping_status":"closed","template":"","tags":[],"mec_category":[20],"yoast_head":"<!-- This site is optimized with the Yoast SEO plugin v23.5 - https:\/\/yoast.com\/wordpress\/plugins\/seo\/ -->\n<title>En com\u00fan - Centro Cultural Parque de Espa\u00f1a\/AECID<\/title>\n<meta name=\"robots\" content=\"index, follow, max-snippet:-1, max-image-preview:large, max-video-preview:-1\" \/>\n<link rel=\"canonical\" href=\"https:\/\/ccpe.org.ar\/web\/actividades\/en-comun-2\/\" \/>\n<meta property=\"og:locale\" content=\"es_ES\" \/>\n<meta property=\"og:type\" content=\"article\" \/>\n<meta property=\"og:title\" content=\"En com\u00fan - Centro Cultural Parque de Espa\u00f1a\/AECID\" \/>\n<meta property=\"og:description\" content=\"Dos muestras que invitan a reflexionar sobre el desaf\u00edo que significa concebir el tejido urbano como un proyecto com\u00fan. Reapertura el 7\/2.\" \/>\n<meta property=\"og:url\" content=\"https:\/\/ccpe.org.ar\/web\/actividades\/en-comun-2\/\" \/>\n<meta property=\"og:site_name\" content=\"Centro Cultural Parque de Espa\u00f1a\/AECID\" \/>\n<meta property=\"article:publisher\" content=\"https:\/\/www.facebook.com\/CCPErosario\/\" \/>\n<meta property=\"article:modified_time\" content=\"2024-01-12T14:15:05+00:00\" \/>\n<meta property=\"og:image\" content=\"https:\/\/ccpe.org.ar\/web\/wp-content\/uploads\/2022\/10\/imagen-encomun-web.png\" \/>\n\t<meta property=\"og:image:width\" content=\"1920\" \/>\n\t<meta property=\"og:image:height\" content=\"1080\" \/>\n\t<meta property=\"og:image:type\" content=\"image\/png\" \/>\n<meta name=\"twitter:card\" content=\"summary_large_image\" \/>\n<meta name=\"twitter:site\" content=\"@ccpe\" \/>\n<meta name=\"twitter:label1\" content=\"Tiempo de lectura\" \/>\n\t<meta name=\"twitter:data1\" content=\"4 minutos\" \/>\n<script type=\"application\/ld+json\" class=\"yoast-schema-graph\">{\"@context\":\"https:\/\/schema.org\",\"@graph\":[{\"@type\":\"WebPage\",\"@id\":\"https:\/\/ccpe.org.ar\/web\/actividades\/en-comun-2\/\",\"url\":\"https:\/\/ccpe.org.ar\/web\/actividades\/en-comun-2\/\",\"name\":\"En com\u00fan - Centro Cultural Parque de Espa\u00f1a\/AECID\",\"isPartOf\":{\"@id\":\"https:\/\/ccpe.org.ar\/web\/#website\"},\"primaryImageOfPage\":{\"@id\":\"https:\/\/ccpe.org.ar\/web\/actividades\/en-comun-2\/#primaryimage\"},\"image\":{\"@id\":\"https:\/\/ccpe.org.ar\/web\/actividades\/en-comun-2\/#primaryimage\"},\"thumbnailUrl\":\"https:\/\/ccpe.org.ar\/web\/wp-content\/uploads\/2022\/10\/imagen-encomun-web.png\",\"datePublished\":\"2022-10-24T14:09:01+00:00\",\"dateModified\":\"2024-01-12T14:15:05+00:00\",\"breadcrumb\":{\"@id\":\"https:\/\/ccpe.org.ar\/web\/actividades\/en-comun-2\/#breadcrumb\"},\"inLanguage\":\"es\",\"potentialAction\":[{\"@type\":\"ReadAction\",\"target\":[\"https:\/\/ccpe.org.ar\/web\/actividades\/en-comun-2\/\"]}]},{\"@type\":\"ImageObject\",\"inLanguage\":\"es\",\"@id\":\"https:\/\/ccpe.org.ar\/web\/actividades\/en-comun-2\/#primaryimage\",\"url\":\"https:\/\/ccpe.org.ar\/web\/wp-content\/uploads\/2022\/10\/imagen-encomun-web.png\",\"contentUrl\":\"https:\/\/ccpe.org.ar\/web\/wp-content\/uploads\/2022\/10\/imagen-encomun-web.png\",\"width\":1920,\"height\":1080},{\"@type\":\"BreadcrumbList\",\"@id\":\"https:\/\/ccpe.org.ar\/web\/actividades\/en-comun-2\/#breadcrumb\",\"itemListElement\":[{\"@type\":\"ListItem\",\"position\":1,\"name\":\"Portada\",\"item\":\"https:\/\/ccpe.org.ar\/web\/\"},{\"@type\":\"ListItem\",\"position\":2,\"name\":\"En com\u00fan\"}]},{\"@type\":\"WebSite\",\"@id\":\"https:\/\/ccpe.org.ar\/web\/#website\",\"url\":\"https:\/\/ccpe.org.ar\/web\/\",\"name\":\"Centro Cultural Parque de Espa\u00f1a\/AECID\",\"description\":\"Sitio web del Centro Cultural Parque de Espa\u00f1a\/AECID\",\"potentialAction\":[{\"@type\":\"SearchAction\",\"target\":{\"@type\":\"EntryPoint\",\"urlTemplate\":\"https:\/\/ccpe.org.ar\/web\/?s={search_term_string}\"},\"query-input\":{\"@type\":\"PropertyValueSpecification\",\"valueRequired\":true,\"valueName\":\"search_term_string\"}}],\"inLanguage\":\"es\"}]}<\/script>\n<!-- \/ Yoast SEO plugin. -->","yoast_head_json":{"title":"En com\u00fan - Centro Cultural Parque de Espa\u00f1a\/AECID","robots":{"index":"index","follow":"follow","max-snippet":"max-snippet:-1","max-image-preview":"max-image-preview:large","max-video-preview":"max-video-preview:-1"},"canonical":"https:\/\/ccpe.org.ar\/web\/actividades\/en-comun-2\/","og_locale":"es_ES","og_type":"article","og_title":"En com\u00fan - Centro Cultural Parque de Espa\u00f1a\/AECID","og_description":"Dos muestras que invitan a reflexionar sobre el desaf\u00edo que significa concebir el tejido urbano como un proyecto com\u00fan. Reapertura el 7\/2.","og_url":"https:\/\/ccpe.org.ar\/web\/actividades\/en-comun-2\/","og_site_name":"Centro Cultural Parque de Espa\u00f1a\/AECID","article_publisher":"https:\/\/www.facebook.com\/CCPErosario\/","article_modified_time":"2024-01-12T14:15:05+00:00","og_image":[{"width":1920,"height":1080,"url":"https:\/\/ccpe.org.ar\/web\/wp-content\/uploads\/2022\/10\/imagen-encomun-web.png","type":"image\/png"}],"twitter_card":"summary_large_image","twitter_site":"@ccpe","twitter_misc":{"Tiempo de lectura":"4 minutos"},"schema":{"@context":"https:\/\/schema.org","@graph":[{"@type":"WebPage","@id":"https:\/\/ccpe.org.ar\/web\/actividades\/en-comun-2\/","url":"https:\/\/ccpe.org.ar\/web\/actividades\/en-comun-2\/","name":"En com\u00fan - Centro Cultural Parque de Espa\u00f1a\/AECID","isPartOf":{"@id":"https:\/\/ccpe.org.ar\/web\/#website"},"primaryImageOfPage":{"@id":"https:\/\/ccpe.org.ar\/web\/actividades\/en-comun-2\/#primaryimage"},"image":{"@id":"https:\/\/ccpe.org.ar\/web\/actividades\/en-comun-2\/#primaryimage"},"thumbnailUrl":"https:\/\/ccpe.org.ar\/web\/wp-content\/uploads\/2022\/10\/imagen-encomun-web.png","datePublished":"2022-10-24T14:09:01+00:00","dateModified":"2024-01-12T14:15:05+00:00","breadcrumb":{"@id":"https:\/\/ccpe.org.ar\/web\/actividades\/en-comun-2\/#breadcrumb"},"inLanguage":"es","potentialAction":[{"@type":"ReadAction","target":["https:\/\/ccpe.org.ar\/web\/actividades\/en-comun-2\/"]}]},{"@type":"ImageObject","inLanguage":"es","@id":"https:\/\/ccpe.org.ar\/web\/actividades\/en-comun-2\/#primaryimage","url":"https:\/\/ccpe.org.ar\/web\/wp-content\/uploads\/2022\/10\/imagen-encomun-web.png","contentUrl":"https:\/\/ccpe.org.ar\/web\/wp-content\/uploads\/2022\/10\/imagen-encomun-web.png","width":1920,"height":1080},{"@type":"BreadcrumbList","@id":"https:\/\/ccpe.org.ar\/web\/actividades\/en-comun-2\/#breadcrumb","itemListElement":[{"@type":"ListItem","position":1,"name":"Portada","item":"https:\/\/ccpe.org.ar\/web\/"},{"@type":"ListItem","position":2,"name":"En com\u00fan"}]},{"@type":"WebSite","@id":"https:\/\/ccpe.org.ar\/web\/#website","url":"https:\/\/ccpe.org.ar\/web\/","name":"Centro Cultural Parque de Espa\u00f1a\/AECID","description":"Sitio web del Centro Cultural Parque de Espa\u00f1a\/AECID","potentialAction":[{"@type":"SearchAction","target":{"@type":"EntryPoint","urlTemplate":"https:\/\/ccpe.org.ar\/web\/?s={search_term_string}"},"query-input":{"@type":"PropertyValueSpecification","valueRequired":true,"valueName":"search_term_string"}}],"inLanguage":"es"}]}},"_links":{"self":[{"href":"https:\/\/ccpe.org.ar\/web\/wp-json\/wp\/v2\/mec-events\/4133"}],"collection":[{"href":"https:\/\/ccpe.org.ar\/web\/wp-json\/wp\/v2\/mec-events"}],"about":[{"href":"https:\/\/ccpe.org.ar\/web\/wp-json\/wp\/v2\/types\/mec-events"}],"author":[{"embeddable":true,"href":"https:\/\/ccpe.org.ar\/web\/wp-json\/wp\/v2\/users\/2"}],"replies":[{"embeddable":true,"href":"https:\/\/ccpe.org.ar\/web\/wp-json\/wp\/v2\/comments?post=4133"}],"wp:featuredmedia":[{"embeddable":true,"href":"https:\/\/ccpe.org.ar\/web\/wp-json\/wp\/v2\/media\/4134"}],"wp:attachment":[{"href":"https:\/\/ccpe.org.ar\/web\/wp-json\/wp\/v2\/media?parent=4133"}],"wp:term":[{"taxonomy":"post_tag","embeddable":true,"href":"https:\/\/ccpe.org.ar\/web\/wp-json\/wp\/v2\/tags?post=4133"},{"taxonomy":"mec_category","embeddable":true,"href":"https:\/\/ccpe.org.ar\/web\/wp-json\/wp\/v2\/mec_category?post=4133"}],"curies":[{"name":"wp","href":"https:\/\/api.w.org\/{rel}","templated":true}]}}