{"id":4282,"date":"2023-03-13T09:51:07","date_gmt":"2023-03-13T12:51:07","guid":{"rendered":"https:\/\/ccpe.org.ar\/web\/?post_type=mec-events&#038;p=4282"},"modified":"2023-04-14T12:01:37","modified_gmt":"2023-04-14T15:01:37","slug":"revueltas-conversaciones-que-van-para-donde-quieren","status":"publish","type":"mec-events","link":"https:\/\/ccpe.org.ar\/web\/actividades\/revueltas-conversaciones-que-van-para-donde-quieren\/","title":{"rendered":"Esther D\u00edaz y Morena Pardo estar\u00e1n en la tercera edici\u00f3n de Revueltas"},"content":{"rendered":"<p>El mi\u00e9rcoles 19 de abril, a las 19, se llevar\u00e1 a cabo en el T\u00fanel 4 del CCPE un nuevo encuentro del ciclo Revueltas, con la participaci\u00f3n de la fil\u00f3sofa, pensadora, epistem\u00f3loga y escritora Esther D\u00edaz, bajo el t\u00edtulo \u00abEl deseo mueve a la lengua\u201d. Entrada gratuita. Capacidad limitada.<\/p>\n<p>En el marco del ciclo #MarzoDeMujeres que organiza la Municipalidad de Rosario, a trav\u00e9s de las secretar\u00edas de G\u00e9nero y Derechos Humanos y Cultura y Educaci\u00f3n, el pr\u00f3ximo mi\u00e9rcoles 19 de abril, desde las 19,\u00a0la fil\u00f3sofa y epistem\u00f3loga Esther D\u00edaz dialogar\u00e1 con la periodista y guionista Morena Pardo en el marco del ciclo\u00a0\u00abRevueltas. Conversaciones que van para donde quieren\u00bb, en el T\u00fanel 4 del Centro Cultural Parque Espa\u00f1a (Sarmiento y el r\u00edo).\u00a0La entrada es libre y gratuita, con capacidad limitada.<\/p>\n<p>El ciclo, que en esta oportunidad cuenta con el acompa\u00f1amiento del Ente Tur\u00edstico Rosario (Etur), tiene como objetivo irrumpir con conversaciones a trav\u00e9s de disparadores que se apoyan en las capas de sentido de la cotidianidad contempor\u00e1nea y tambi\u00e9n la futura.<\/p>\n<p>En esta ocasi\u00f3n, la charla se titula\u00a0\u00abEl deseo mueve a la lengua\u00bb, y tratar\u00e1 el uso de la palabra como manifestaci\u00f3n del universo propio, la reflexi\u00f3n te\u00f3rica, el an\u00e1lisis del presente y la posibilidad de nombrarse en la b\u00fasqueda por una voz propia.<\/p>\n<p>La perspectiva y la cuesti\u00f3n de g\u00e9nero como cambio cultural y sus derivas en el trabajo, las desigualdades, la lucha colectiva, la conquista de derechos, el deseo, la intimidad, la vida dom\u00e9stica, las tareas de cuidado, la palabra, el poder, la b\u00fasqueda. Conversaciones para darle vuelta al asunto en la b\u00fasqueda de vivenciar un presente m\u00e1s justo.<\/p>\n<p>Esther D\u00edaz es doctora en filosof\u00eda, epistem\u00f3loga y acad\u00e9mica. Entre sus numerosos libros se encuentran &#8216;La filosof\u00eda de Michel Foucault&#8217;, &#8216;La posciencia: el conocimiento cient\u00edfico en las postrimer\u00edas de la modernidad&#8217;, &#8216;Las grietas del poder&#8217;, &#8216;Posmodernidad&#8217;\u00a0e &#8216;Ideas robadas al atardecer&#8217;, entre otros.<\/p>\n<p>Es autora de la ficci\u00f3n &#8216;El himen como obst\u00e1culo epistemol\u00f3gico: relatos sexuales de una fil\u00f3sofa&#8217;, de la autobiograf\u00eda \u00a1Fil\u00f3sofa punk\u00a1, y en coautor\u00eda con Albertina Carri, del libro epistolar &#8216;Las posesas&#8217;. Adem\u00e1s, publica en forma peri\u00f3dica en el suplemento Mujer\u00a0Las 12, de P\u00e1gina\/12.<\/p>\n<p>Morena Pardo es licenciada en Comunicaci\u00f3n Social (UNR) y M\u00e1ster en Estudios de G\u00e9nero. Como periodista e investigadora, escribe sobre feminismos, disidencias sexuales y narrativas LGBTI+ en ficciones. Es una de las guionistas y creadoras de la serie web &#8216;Quien Pudiera&#8217;. En 2019, public\u00f3 la novela &#8216;Ya no pienso en el invierno&#8217;. Ante todo, es lesbiana y peliculera.<\/p>\n<p>\u201cRevueltas\u00a0me remite a su vez a lo \u00ednfimo y a lo masivo, a las grandes revueltas sociales y a las procesiones que van por dentro. A la vez, pienso en cierta sensaci\u00f3n de incomodidad visceral, de algo que se revuelve dentro ante las injusticias y los atropellos de todos los d\u00edas\u201d, dijo Pardo.<\/p>\n<p>Esther D\u00edaz explica que la noci\u00f3n de\u00a0Revueltas\u00a0la \u201cinterpela como mujer en general y como mujer que ha sido golpeada y tratada de mala madre, por el patriarcado en particular y de mala profesora por el machismo universitario (y el hegem\u00f3nico) en general. Tambi\u00e9n desde la hibridaci\u00f3n de diferentes feminismos y de haber dado vuelta las visibilidades para despejar el camino hac\u00eda la equidad de derechos\u201d.<\/p>\n<p>El ciclo ya tuvo dos actividades previas. La primera fue una conversaci\u00f3n entre la periodista y escritora Ingrid Beck y la actriz y escritora Romina Tamburello; y el segundo conversatorio fue entre la periodista Marta Dillon y la activista travesti Karla Ojeda.<\/p>\n","protected":false},"excerpt":{"rendered":"<p>El 19 de abril se llevar\u00e1 a cabo un nuevo encuentro, con la participaci\u00f3n de la\u00a0fil\u00f3sofa, pensadora, epistem\u00f3loga y escritora Esther Diaz.<\/p>\n","protected":false},"author":2,"featured_media":4283,"comment_status":"closed","ping_status":"closed","template":"","tags":[],"mec_category":[20],"yoast_head":"<!-- This site is optimized with the Yoast SEO plugin v23.5 - https:\/\/yoast.com\/wordpress\/plugins\/seo\/ -->\n<title>Esther D\u00edaz y Morena Pardo estar\u00e1n en la tercera edici\u00f3n de Revueltas - Centro Cultural Parque de Espa\u00f1a\/AECID<\/title>\n<meta name=\"robots\" content=\"index, follow, max-snippet:-1, max-image-preview:large, max-video-preview:-1\" \/>\n<link rel=\"canonical\" href=\"https:\/\/ccpe.org.ar\/web\/actividades\/revueltas-conversaciones-que-van-para-donde-quieren\/\" \/>\n<meta property=\"og:locale\" content=\"es_ES\" \/>\n<meta property=\"og:type\" content=\"article\" \/>\n<meta property=\"og:title\" content=\"Esther D\u00edaz y Morena Pardo estar\u00e1n en la tercera edici\u00f3n de Revueltas - Centro Cultural Parque de Espa\u00f1a\/AECID\" \/>\n<meta property=\"og:description\" content=\"El 19 de abril se llevar\u00e1 a cabo un nuevo encuentro, con la participaci\u00f3n de la\u00a0fil\u00f3sofa, pensadora, epistem\u00f3loga y escritora Esther Diaz.\" \/>\n<meta property=\"og:url\" content=\"https:\/\/ccpe.org.ar\/web\/actividades\/revueltas-conversaciones-que-van-para-donde-quieren\/\" \/>\n<meta property=\"og:site_name\" content=\"Centro Cultural Parque de Espa\u00f1a\/AECID\" \/>\n<meta property=\"article:publisher\" content=\"https:\/\/www.facebook.com\/CCPErosario\/\" \/>\n<meta property=\"article:modified_time\" content=\"2023-04-14T15:01:37+00:00\" \/>\n<meta property=\"og:image\" content=\"https:\/\/ccpe.org.ar\/web\/wp-content\/uploads\/2023\/03\/b_revueltas.jpg\" \/>\n\t<meta property=\"og:image:width\" content=\"980\" \/>\n\t<meta property=\"og:image:height\" content=\"544\" \/>\n\t<meta property=\"og:image:type\" content=\"image\/jpeg\" \/>\n<meta name=\"twitter:card\" content=\"summary_large_image\" \/>\n<meta name=\"twitter:site\" content=\"@ccpe\" \/>\n<script type=\"application\/ld+json\" class=\"yoast-schema-graph\">{\"@context\":\"https:\/\/schema.org\",\"@graph\":[{\"@type\":\"WebPage\",\"@id\":\"https:\/\/ccpe.org.ar\/web\/actividades\/revueltas-conversaciones-que-van-para-donde-quieren\/\",\"url\":\"https:\/\/ccpe.org.ar\/web\/actividades\/revueltas-conversaciones-que-van-para-donde-quieren\/\",\"name\":\"Esther D\u00edaz y Morena Pardo estar\u00e1n en la tercera edici\u00f3n de Revueltas - Centro Cultural Parque de Espa\u00f1a\/AECID\",\"isPartOf\":{\"@id\":\"https:\/\/ccpe.org.ar\/web\/#website\"},\"primaryImageOfPage\":{\"@id\":\"https:\/\/ccpe.org.ar\/web\/actividades\/revueltas-conversaciones-que-van-para-donde-quieren\/#primaryimage\"},\"image\":{\"@id\":\"https:\/\/ccpe.org.ar\/web\/actividades\/revueltas-conversaciones-que-van-para-donde-quieren\/#primaryimage\"},\"thumbnailUrl\":\"https:\/\/ccpe.org.ar\/web\/wp-content\/uploads\/2023\/03\/b_revueltas.jpg\",\"datePublished\":\"2023-03-13T12:51:07+00:00\",\"dateModified\":\"2023-04-14T15:01:37+00:00\",\"breadcrumb\":{\"@id\":\"https:\/\/ccpe.org.ar\/web\/actividades\/revueltas-conversaciones-que-van-para-donde-quieren\/#breadcrumb\"},\"inLanguage\":\"es\",\"potentialAction\":[{\"@type\":\"ReadAction\",\"target\":[\"https:\/\/ccpe.org.ar\/web\/actividades\/revueltas-conversaciones-que-van-para-donde-quieren\/\"]}]},{\"@type\":\"ImageObject\",\"inLanguage\":\"es\",\"@id\":\"https:\/\/ccpe.org.ar\/web\/actividades\/revueltas-conversaciones-que-van-para-donde-quieren\/#primaryimage\",\"url\":\"https:\/\/ccpe.org.ar\/web\/wp-content\/uploads\/2023\/03\/b_revueltas.jpg\",\"contentUrl\":\"https:\/\/ccpe.org.ar\/web\/wp-content\/uploads\/2023\/03\/b_revueltas.jpg\",\"width\":980,\"height\":544},{\"@type\":\"BreadcrumbList\",\"@id\":\"https:\/\/ccpe.org.ar\/web\/actividades\/revueltas-conversaciones-que-van-para-donde-quieren\/#breadcrumb\",\"itemListElement\":[{\"@type\":\"ListItem\",\"position\":1,\"name\":\"Portada\",\"item\":\"https:\/\/ccpe.org.ar\/web\/\"},{\"@type\":\"ListItem\",\"position\":2,\"name\":\"Esther D\u00edaz y Morena Pardo estar\u00e1n en la tercera edici\u00f3n de Revueltas\"}]},{\"@type\":\"WebSite\",\"@id\":\"https:\/\/ccpe.org.ar\/web\/#website\",\"url\":\"https:\/\/ccpe.org.ar\/web\/\",\"name\":\"Centro Cultural Parque de Espa\u00f1a\/AECID\",\"description\":\"Sitio web del Centro Cultural Parque de Espa\u00f1a\/AECID\",\"potentialAction\":[{\"@type\":\"SearchAction\",\"target\":{\"@type\":\"EntryPoint\",\"urlTemplate\":\"https:\/\/ccpe.org.ar\/web\/?s={search_term_string}\"},\"query-input\":{\"@type\":\"PropertyValueSpecification\",\"valueRequired\":true,\"valueName\":\"search_term_string\"}}],\"inLanguage\":\"es\"}]}<\/script>\n<!-- \/ Yoast SEO plugin. -->","yoast_head_json":{"title":"Esther D\u00edaz y Morena Pardo estar\u00e1n en la tercera edici\u00f3n de Revueltas - Centro Cultural Parque de Espa\u00f1a\/AECID","robots":{"index":"index","follow":"follow","max-snippet":"max-snippet:-1","max-image-preview":"max-image-preview:large","max-video-preview":"max-video-preview:-1"},"canonical":"https:\/\/ccpe.org.ar\/web\/actividades\/revueltas-conversaciones-que-van-para-donde-quieren\/","og_locale":"es_ES","og_type":"article","og_title":"Esther D\u00edaz y Morena Pardo estar\u00e1n en la tercera edici\u00f3n de Revueltas - Centro Cultural Parque de Espa\u00f1a\/AECID","og_description":"El 19 de abril se llevar\u00e1 a cabo un nuevo encuentro, con la participaci\u00f3n de la\u00a0fil\u00f3sofa, pensadora, epistem\u00f3loga y escritora Esther Diaz.","og_url":"https:\/\/ccpe.org.ar\/web\/actividades\/revueltas-conversaciones-que-van-para-donde-quieren\/","og_site_name":"Centro Cultural Parque de Espa\u00f1a\/AECID","article_publisher":"https:\/\/www.facebook.com\/CCPErosario\/","article_modified_time":"2023-04-14T15:01:37+00:00","og_image":[{"width":980,"height":544,"url":"https:\/\/ccpe.org.ar\/web\/wp-content\/uploads\/2023\/03\/b_revueltas.jpg","type":"image\/jpeg"}],"twitter_card":"summary_large_image","twitter_site":"@ccpe","schema":{"@context":"https:\/\/schema.org","@graph":[{"@type":"WebPage","@id":"https:\/\/ccpe.org.ar\/web\/actividades\/revueltas-conversaciones-que-van-para-donde-quieren\/","url":"https:\/\/ccpe.org.ar\/web\/actividades\/revueltas-conversaciones-que-van-para-donde-quieren\/","name":"Esther D\u00edaz y Morena Pardo estar\u00e1n en la tercera edici\u00f3n de Revueltas - Centro Cultural Parque de Espa\u00f1a\/AECID","isPartOf":{"@id":"https:\/\/ccpe.org.ar\/web\/#website"},"primaryImageOfPage":{"@id":"https:\/\/ccpe.org.ar\/web\/actividades\/revueltas-conversaciones-que-van-para-donde-quieren\/#primaryimage"},"image":{"@id":"https:\/\/ccpe.org.ar\/web\/actividades\/revueltas-conversaciones-que-van-para-donde-quieren\/#primaryimage"},"thumbnailUrl":"https:\/\/ccpe.org.ar\/web\/wp-content\/uploads\/2023\/03\/b_revueltas.jpg","datePublished":"2023-03-13T12:51:07+00:00","dateModified":"2023-04-14T15:01:37+00:00","breadcrumb":{"@id":"https:\/\/ccpe.org.ar\/web\/actividades\/revueltas-conversaciones-que-van-para-donde-quieren\/#breadcrumb"},"inLanguage":"es","potentialAction":[{"@type":"ReadAction","target":["https:\/\/ccpe.org.ar\/web\/actividades\/revueltas-conversaciones-que-van-para-donde-quieren\/"]}]},{"@type":"ImageObject","inLanguage":"es","@id":"https:\/\/ccpe.org.ar\/web\/actividades\/revueltas-conversaciones-que-van-para-donde-quieren\/#primaryimage","url":"https:\/\/ccpe.org.ar\/web\/wp-content\/uploads\/2023\/03\/b_revueltas.jpg","contentUrl":"https:\/\/ccpe.org.ar\/web\/wp-content\/uploads\/2023\/03\/b_revueltas.jpg","width":980,"height":544},{"@type":"BreadcrumbList","@id":"https:\/\/ccpe.org.ar\/web\/actividades\/revueltas-conversaciones-que-van-para-donde-quieren\/#breadcrumb","itemListElement":[{"@type":"ListItem","position":1,"name":"Portada","item":"https:\/\/ccpe.org.ar\/web\/"},{"@type":"ListItem","position":2,"name":"Esther D\u00edaz y Morena Pardo estar\u00e1n en la tercera edici\u00f3n de Revueltas"}]},{"@type":"WebSite","@id":"https:\/\/ccpe.org.ar\/web\/#website","url":"https:\/\/ccpe.org.ar\/web\/","name":"Centro Cultural Parque de Espa\u00f1a\/AECID","description":"Sitio web del Centro Cultural Parque de Espa\u00f1a\/AECID","potentialAction":[{"@type":"SearchAction","target":{"@type":"EntryPoint","urlTemplate":"https:\/\/ccpe.org.ar\/web\/?s={search_term_string}"},"query-input":{"@type":"PropertyValueSpecification","valueRequired":true,"valueName":"search_term_string"}}],"inLanguage":"es"}]}},"_links":{"self":[{"href":"https:\/\/ccpe.org.ar\/web\/wp-json\/wp\/v2\/mec-events\/4282"}],"collection":[{"href":"https:\/\/ccpe.org.ar\/web\/wp-json\/wp\/v2\/mec-events"}],"about":[{"href":"https:\/\/ccpe.org.ar\/web\/wp-json\/wp\/v2\/types\/mec-events"}],"author":[{"embeddable":true,"href":"https:\/\/ccpe.org.ar\/web\/wp-json\/wp\/v2\/users\/2"}],"replies":[{"embeddable":true,"href":"https:\/\/ccpe.org.ar\/web\/wp-json\/wp\/v2\/comments?post=4282"}],"wp:featuredmedia":[{"embeddable":true,"href":"https:\/\/ccpe.org.ar\/web\/wp-json\/wp\/v2\/media\/4283"}],"wp:attachment":[{"href":"https:\/\/ccpe.org.ar\/web\/wp-json\/wp\/v2\/media?parent=4282"}],"wp:term":[{"taxonomy":"post_tag","embeddable":true,"href":"https:\/\/ccpe.org.ar\/web\/wp-json\/wp\/v2\/tags?post=4282"},{"taxonomy":"mec_category","embeddable":true,"href":"https:\/\/ccpe.org.ar\/web\/wp-json\/wp\/v2\/mec_category?post=4282"}],"curies":[{"name":"wp","href":"https:\/\/api.w.org\/{rel}","templated":true}]}}