{"id":4317,"date":"2023-04-05T12:01:31","date_gmt":"2023-04-05T15:01:31","guid":{"rendered":"https:\/\/ccpe.org.ar\/web\/?post_type=mec-events&#038;p=4317"},"modified":"2024-01-08T11:09:42","modified_gmt":"2024-01-08T14:09:42","slug":"cuentos-de-la-selva","status":"publish","type":"mec-events","link":"https:\/\/ccpe.org.ar\/web\/actividades\/cuentos-de-la-selva\/","title":{"rendered":"Cuentos de la selva"},"content":{"rendered":"<p><span style=\"font-weight: 400;\">En el marco de la Semana del Libro y la Lectura, el Centro Cultural Parque de Espa\u00f1a invita a la<\/span> <span style=\"font-weight: 400;\">proyecci\u00f3n de \u201cCuentos de la selva\u201d (parte l) de Liliana Romero y Norman Ruiz. Al finalizar la proyecci\u00f3n se llevar\u00e1 a cabo un recorrido por la muestra \u201cHoracio Quiroga. Del banquete a la selva. Fotos de una vida\u201d de la Biblioteca Nacional Mariano Moreno, y habr\u00e1 un debate y propuestas l\u00fadicas con tem\u00e1tica ambiental coordinadas por Melina Pezzoto -articuladora especializada en infancias del equipo del Museo de la Memoria- y el equipo educativo de la Biblioteca Estrada.<\/span><\/p>\n<p><b>Jueves 20 de abril, de 14 a 16 h en la Biblioteca P\u00fablica Municipal Jos\u00e9 Manuel Estrada (Servando Bayo 799).<\/b> <b>Actividad gratuita para infancias y docentes.<\/b><\/p>\n<p>En el marco de la \u201cSemana del Libro y la Lectura\u201d, la Naturaleza y las infancias ser\u00e1n protagonistas en esta ocasi\u00f3n. Un aporte m\u00e1s en el camino hacia otro tipo de paradigma que tenga como eje a la Naturaleza de la que formamos parte, valorando los derechos de la misma y reconoci\u00e9ndola como sujeto. La propuesta es la de compartir registros fotogr\u00e1ficos y audiovisuales que sirvan como disparadores para un posterior intercambio con el p\u00fablico infantil que participe de la actividad: recorrido por la muestra itinerante \u201cHoracio Quiroga. Del banquete a la selva. Fotos de una vida\u201d de la Biblioteca Nacional Mariano Moreno y proyecci\u00f3n de \u201cCuentos de la selva\u201d (parte l) de Liliana Romero y Norman Ruiz, con propuestas l\u00fadicas con tem\u00e1tica ambiental y material pedag\u00f3gico para docentes.<\/p>\n<p>Sobre la muestra:<br \/>Retrata la vida del reconocido escritor Horacio Quiroga (Salto, Uruguay, 1878 &#8211; Buenos Aires, 1937) en la selva misionera. Fascinado por el paisaje, adquiri\u00f3 varias hect\u00e1reas cerca de San Ignacio y se estableci\u00f3 con su familia en el lugar que fue su laboratorio literario y fotogr\u00e1fico. Es la ambientaci\u00f3n de Cuentos de la selva. Este fondo fotogr\u00e1fico ingresa sin firma de autor, ya que se presume que las tomas fueron realizadas por el propio Horacio Quiroga y tambi\u00e9n por su primera esposa. Curador: Abel Alexander (Fototeca Benito Panunzi de la Biblioteca Nacional).<\/p>\n<p>Sinopsis de la proyecci\u00f3n de \u201cCuentos de la selva\u201d (parte I) basada en el libro de Horacio Quiroga:<br \/>Oncade, es un hombre obsesionado con su trabajo y preocupado por su hijo \u00fanico. Trabaja para el se\u00f1or Davius, un millonario que s\u00f3lo tiene un objetivo: destruir la selva tropical. El yaguaret\u00e9 advierte a los dem\u00e1s del peligro por venir. Los animales no creen lo que dice el yaguaret\u00e9, pero el coat\u00ed -que ha visto las m\u00e1quinas- tiene miedo. Esto dar\u00e1 inicio a una lucha muy grande: algunos animales resisten, pero otros tratan\u00a0de\u00a0escapar.<\/p>\n<p><strong>Organizamos con Ojo Verde. Cine Socioambiental.<\/strong><\/p>\n<p><span style=\"font-weight: 400;\">Integran Ojo verde: <\/span><span style=\"font-weight: 400;\">Centro Cultural Parque de Espa\u00f1a \/ AMTRAM Asociaci\u00f3n Mutual de Trabajadores Municipales de Rosario\u00a0 \/ Propuesta Sur \/ Multisectorial Paren de Fumigarnos \/ Biblioteca P\u00fablica Municipal Jos\u00e9 Manuel Estrada\/ Taller de Comunicaci\u00f3n Ambiental \/ Galp\u00f3n 11\/ Museo de la Memoria \/ Centro de Estudios Interdisciplinarios sobre Humanidades, Artes y <\/span><span style=\"font-weight: 400;\">Problem\u00e1ticas Ambientales (UNR) \/ Costanera Rosario<\/span><\/p>\n<p>\u00a0<\/p>\n\n\n<hr class=\"wp-block-separator has-alpha-channel-opacity\"\/>\n\n\n\n<p>Archivo Fotogr\u00e1fico<\/p>\n\n\n\n<figure class=\"wp-block-gallery columns-3 is-cropped\">\n  <ul class=\"blocks-gallery-grid\">\n\n    <li class=\"blocks-gallery-item\">\n      <figure>\n        <a href=\"https:\/\/upload.wikimedia.org\/wikipedia\/commons\/0\/0f\/OJOV_Quiroga_20423-1130.jpg\" target=\"_blank\" rel=\"noopener\">\n          <img decoding=\"async\" src=\"https:\/\/upload.wikimedia.org\/wikipedia\/commons\/0\/0f\/OJOV_Quiroga_20423-1130.jpg\" alt=\"\"\n            data-full-url=\"https:\/\/upload.wikimedia.org\/wikipedia\/commons\/0\/0f\/OJOV_Quiroga_20423-1130.jpg\"\n            data-link=\"https:\/\/upload.wikimedia.org\/wikipedia\/commons\/0\/0f\/OJOV_Quiroga_20423-1130.jpg\" \/><\/a>\n        <figcaption class=\"blocks-gallery-item__caption\">\n          Ojo Verde &#8211; Horacio Quiroga\n        <\/figcaption>\n      <\/figure>\n    <\/li>\n\n    <li class=\"blocks-gallery-item\">\n      <figure>\n        <a href=\"https:\/\/upload.wikimedia.org\/wikipedia\/commons\/d\/d7\/OJOV_Quiroga_20423-1105.jpg\" target=\"_blank\" rel=\"noopener\">\n          <img decoding=\"async\" src=\"https:\/\/upload.wikimedia.org\/wikipedia\/commons\/d\/d7\/OJOV_Quiroga_20423-1105.jpg\" alt=\"\"\n            data-full-url=\"https:\/\/upload.wikimedia.org\/wikipedia\/commons\/d\/d7\/OJOV_Quiroga_20423-1105.jpg\"\n            data-link=\"https:\/\/upload.wikimedia.org\/wikipedia\/commons\/d\/d7\/OJOV_Quiroga_20423-1105.jpg\" \/><\/a>\n        <figcaption class=\"blocks-gallery-item__caption\">\n          Ojo Verde &#8211; Horacio Quiroga\n        <\/figcaption>\n      <\/figure>\n    <\/li>\n\n    <li class=\"blocks-gallery-item\">\n      <figure>\n        <a href=\"https:\/\/upload.wikimedia.org\/wikipedia\/commons\/e\/e1\/OJOV_Quiroga_20423-1158.jpg\" target=\"_blank\" rel=\"noopener\">\n          <img decoding=\"async\" src=\"https:\/\/upload.wikimedia.org\/wikipedia\/commons\/e\/e1\/OJOV_Quiroga_20423-1158.jpg\" alt=\"\"\n            data-full-url=\"https:\/\/upload.wikimedia.org\/wikipedia\/commons\/e\/e1\/OJOV_Quiroga_20423-1158.jpg\"\n            data-link=\"https:\/\/upload.wikimedia.org\/wikipedia\/commons\/e\/e1\/OJOV_Quiroga_20423-1158.jpg\" \/><\/a>\n        <figcaption class=\"blocks-gallery-item__caption\">\n          Ojo Verde &#8211; Horacio Quiroga\n        <\/figcaption>\n      <\/figure>\n    <\/li>\n\n  <\/ul>\n<\/figure>\n","protected":false},"excerpt":{"rendered":"<p>En la Semana del Libro y la Lectura, el Centro Cultural Parque de Espa\u00f1a invita a esta actividad organizada por Ojo Verde. Cine socioambiental.<\/p>\n","protected":false},"author":2,"featured_media":4318,"comment_status":"closed","ping_status":"closed","template":"","tags":[],"mec_category":[20,19],"yoast_head":"<!-- This site is optimized with the Yoast SEO plugin v23.5 - https:\/\/yoast.com\/wordpress\/plugins\/seo\/ -->\n<title>Cuentos de la selva - Centro Cultural Parque de Espa\u00f1a\/AECID<\/title>\n<meta name=\"robots\" content=\"index, follow, max-snippet:-1, max-image-preview:large, max-video-preview:-1\" \/>\n<link rel=\"canonical\" href=\"https:\/\/ccpe.org.ar\/web\/actividades\/cuentos-de-la-selva\/\" \/>\n<meta property=\"og:locale\" content=\"es_ES\" \/>\n<meta property=\"og:type\" content=\"article\" \/>\n<meta property=\"og:title\" content=\"Cuentos de la selva - Centro Cultural Parque de Espa\u00f1a\/AECID\" \/>\n<meta property=\"og:description\" content=\"En la Semana del Libro y la Lectura, el Centro Cultural Parque de Espa\u00f1a invita a esta actividad organizada por Ojo Verde. Cine socioambiental.\" \/>\n<meta property=\"og:url\" content=\"https:\/\/ccpe.org.ar\/web\/actividades\/cuentos-de-la-selva\/\" \/>\n<meta property=\"og:site_name\" content=\"Centro Cultural Parque de Espa\u00f1a\/AECID\" \/>\n<meta property=\"article:publisher\" content=\"https:\/\/www.facebook.com\/CCPErosario\/\" \/>\n<meta property=\"article:modified_time\" content=\"2024-01-08T14:09:42+00:00\" \/>\n<meta property=\"og:image\" content=\"https:\/\/ccpe.org.ar\/web\/wp-content\/uploads\/2023\/04\/b_cuentos_de_la_selva.jpg\" \/>\n\t<meta property=\"og:image:width\" content=\"980\" \/>\n\t<meta property=\"og:image:height\" content=\"544\" \/>\n\t<meta property=\"og:image:type\" content=\"image\/jpeg\" \/>\n<meta name=\"twitter:card\" content=\"summary_large_image\" \/>\n<meta name=\"twitter:site\" content=\"@ccpe\" \/>\n<meta name=\"twitter:label1\" content=\"Tiempo de lectura\" \/>\n\t<meta name=\"twitter:data1\" content=\"4 minutos\" \/>\n<script type=\"application\/ld+json\" class=\"yoast-schema-graph\">{\"@context\":\"https:\/\/schema.org\",\"@graph\":[{\"@type\":\"WebPage\",\"@id\":\"https:\/\/ccpe.org.ar\/web\/actividades\/cuentos-de-la-selva\/\",\"url\":\"https:\/\/ccpe.org.ar\/web\/actividades\/cuentos-de-la-selva\/\",\"name\":\"Cuentos de la selva - Centro Cultural Parque de Espa\u00f1a\/AECID\",\"isPartOf\":{\"@id\":\"https:\/\/ccpe.org.ar\/web\/#website\"},\"primaryImageOfPage\":{\"@id\":\"https:\/\/ccpe.org.ar\/web\/actividades\/cuentos-de-la-selva\/#primaryimage\"},\"image\":{\"@id\":\"https:\/\/ccpe.org.ar\/web\/actividades\/cuentos-de-la-selva\/#primaryimage\"},\"thumbnailUrl\":\"https:\/\/ccpe.org.ar\/web\/wp-content\/uploads\/2023\/04\/b_cuentos_de_la_selva.jpg\",\"datePublished\":\"2023-04-05T15:01:31+00:00\",\"dateModified\":\"2024-01-08T14:09:42+00:00\",\"breadcrumb\":{\"@id\":\"https:\/\/ccpe.org.ar\/web\/actividades\/cuentos-de-la-selva\/#breadcrumb\"},\"inLanguage\":\"es\",\"potentialAction\":[{\"@type\":\"ReadAction\",\"target\":[\"https:\/\/ccpe.org.ar\/web\/actividades\/cuentos-de-la-selva\/\"]}]},{\"@type\":\"ImageObject\",\"inLanguage\":\"es\",\"@id\":\"https:\/\/ccpe.org.ar\/web\/actividades\/cuentos-de-la-selva\/#primaryimage\",\"url\":\"https:\/\/ccpe.org.ar\/web\/wp-content\/uploads\/2023\/04\/b_cuentos_de_la_selva.jpg\",\"contentUrl\":\"https:\/\/ccpe.org.ar\/web\/wp-content\/uploads\/2023\/04\/b_cuentos_de_la_selva.jpg\",\"width\":980,\"height\":544},{\"@type\":\"BreadcrumbList\",\"@id\":\"https:\/\/ccpe.org.ar\/web\/actividades\/cuentos-de-la-selva\/#breadcrumb\",\"itemListElement\":[{\"@type\":\"ListItem\",\"position\":1,\"name\":\"Portada\",\"item\":\"https:\/\/ccpe.org.ar\/web\/\"},{\"@type\":\"ListItem\",\"position\":2,\"name\":\"Cuentos de la selva\"}]},{\"@type\":\"WebSite\",\"@id\":\"https:\/\/ccpe.org.ar\/web\/#website\",\"url\":\"https:\/\/ccpe.org.ar\/web\/\",\"name\":\"Centro Cultural Parque de Espa\u00f1a\/AECID\",\"description\":\"Sitio web del Centro Cultural Parque de Espa\u00f1a\/AECID\",\"potentialAction\":[{\"@type\":\"SearchAction\",\"target\":{\"@type\":\"EntryPoint\",\"urlTemplate\":\"https:\/\/ccpe.org.ar\/web\/?s={search_term_string}\"},\"query-input\":{\"@type\":\"PropertyValueSpecification\",\"valueRequired\":true,\"valueName\":\"search_term_string\"}}],\"inLanguage\":\"es\"}]}<\/script>\n<!-- \/ Yoast SEO plugin. -->","yoast_head_json":{"title":"Cuentos de la selva - Centro Cultural Parque de Espa\u00f1a\/AECID","robots":{"index":"index","follow":"follow","max-snippet":"max-snippet:-1","max-image-preview":"max-image-preview:large","max-video-preview":"max-video-preview:-1"},"canonical":"https:\/\/ccpe.org.ar\/web\/actividades\/cuentos-de-la-selva\/","og_locale":"es_ES","og_type":"article","og_title":"Cuentos de la selva - Centro Cultural Parque de Espa\u00f1a\/AECID","og_description":"En la Semana del Libro y la Lectura, el Centro Cultural Parque de Espa\u00f1a invita a esta actividad organizada por Ojo Verde. Cine socioambiental.","og_url":"https:\/\/ccpe.org.ar\/web\/actividades\/cuentos-de-la-selva\/","og_site_name":"Centro Cultural Parque de Espa\u00f1a\/AECID","article_publisher":"https:\/\/www.facebook.com\/CCPErosario\/","article_modified_time":"2024-01-08T14:09:42+00:00","og_image":[{"width":980,"height":544,"url":"https:\/\/ccpe.org.ar\/web\/wp-content\/uploads\/2023\/04\/b_cuentos_de_la_selva.jpg","type":"image\/jpeg"}],"twitter_card":"summary_large_image","twitter_site":"@ccpe","twitter_misc":{"Tiempo de lectura":"4 minutos"},"schema":{"@context":"https:\/\/schema.org","@graph":[{"@type":"WebPage","@id":"https:\/\/ccpe.org.ar\/web\/actividades\/cuentos-de-la-selva\/","url":"https:\/\/ccpe.org.ar\/web\/actividades\/cuentos-de-la-selva\/","name":"Cuentos de la selva - Centro Cultural Parque de Espa\u00f1a\/AECID","isPartOf":{"@id":"https:\/\/ccpe.org.ar\/web\/#website"},"primaryImageOfPage":{"@id":"https:\/\/ccpe.org.ar\/web\/actividades\/cuentos-de-la-selva\/#primaryimage"},"image":{"@id":"https:\/\/ccpe.org.ar\/web\/actividades\/cuentos-de-la-selva\/#primaryimage"},"thumbnailUrl":"https:\/\/ccpe.org.ar\/web\/wp-content\/uploads\/2023\/04\/b_cuentos_de_la_selva.jpg","datePublished":"2023-04-05T15:01:31+00:00","dateModified":"2024-01-08T14:09:42+00:00","breadcrumb":{"@id":"https:\/\/ccpe.org.ar\/web\/actividades\/cuentos-de-la-selva\/#breadcrumb"},"inLanguage":"es","potentialAction":[{"@type":"ReadAction","target":["https:\/\/ccpe.org.ar\/web\/actividades\/cuentos-de-la-selva\/"]}]},{"@type":"ImageObject","inLanguage":"es","@id":"https:\/\/ccpe.org.ar\/web\/actividades\/cuentos-de-la-selva\/#primaryimage","url":"https:\/\/ccpe.org.ar\/web\/wp-content\/uploads\/2023\/04\/b_cuentos_de_la_selva.jpg","contentUrl":"https:\/\/ccpe.org.ar\/web\/wp-content\/uploads\/2023\/04\/b_cuentos_de_la_selva.jpg","width":980,"height":544},{"@type":"BreadcrumbList","@id":"https:\/\/ccpe.org.ar\/web\/actividades\/cuentos-de-la-selva\/#breadcrumb","itemListElement":[{"@type":"ListItem","position":1,"name":"Portada","item":"https:\/\/ccpe.org.ar\/web\/"},{"@type":"ListItem","position":2,"name":"Cuentos de la selva"}]},{"@type":"WebSite","@id":"https:\/\/ccpe.org.ar\/web\/#website","url":"https:\/\/ccpe.org.ar\/web\/","name":"Centro Cultural Parque de Espa\u00f1a\/AECID","description":"Sitio web del Centro Cultural Parque de Espa\u00f1a\/AECID","potentialAction":[{"@type":"SearchAction","target":{"@type":"EntryPoint","urlTemplate":"https:\/\/ccpe.org.ar\/web\/?s={search_term_string}"},"query-input":{"@type":"PropertyValueSpecification","valueRequired":true,"valueName":"search_term_string"}}],"inLanguage":"es"}]}},"_links":{"self":[{"href":"https:\/\/ccpe.org.ar\/web\/wp-json\/wp\/v2\/mec-events\/4317"}],"collection":[{"href":"https:\/\/ccpe.org.ar\/web\/wp-json\/wp\/v2\/mec-events"}],"about":[{"href":"https:\/\/ccpe.org.ar\/web\/wp-json\/wp\/v2\/types\/mec-events"}],"author":[{"embeddable":true,"href":"https:\/\/ccpe.org.ar\/web\/wp-json\/wp\/v2\/users\/2"}],"replies":[{"embeddable":true,"href":"https:\/\/ccpe.org.ar\/web\/wp-json\/wp\/v2\/comments?post=4317"}],"wp:featuredmedia":[{"embeddable":true,"href":"https:\/\/ccpe.org.ar\/web\/wp-json\/wp\/v2\/media\/4318"}],"wp:attachment":[{"href":"https:\/\/ccpe.org.ar\/web\/wp-json\/wp\/v2\/media?parent=4317"}],"wp:term":[{"taxonomy":"post_tag","embeddable":true,"href":"https:\/\/ccpe.org.ar\/web\/wp-json\/wp\/v2\/tags?post=4317"},{"taxonomy":"mec_category","embeddable":true,"href":"https:\/\/ccpe.org.ar\/web\/wp-json\/wp\/v2\/mec_category?post=4317"}],"curies":[{"name":"wp","href":"https:\/\/api.w.org\/{rel}","templated":true}]}}