{"id":4381,"date":"2023-05-09T10:40:29","date_gmt":"2023-05-09T13:40:29","guid":{"rendered":"https:\/\/ccpe.org.ar\/web\/?post_type=mec-events&#038;p=4381"},"modified":"2023-05-09T10:44:59","modified_gmt":"2023-05-09T13:44:59","slug":"residencias-eystudio-air","status":"publish","type":"mec-events","link":"https:\/\/ccpe.org.ar\/web\/actividades\/residencias-eystudio-air\/","title":{"rendered":"Residencias Ey!Studio AiR"},"content":{"rendered":"<p>Ey!Studio AiR ofrece dos becas de Residencias Internacionales de Creaci\u00f3n performativa para artistas no residentes ni nacidos en Espa\u00f1a procedentes de los pa\u00edses que forman parte de Iberescena:\u00a0Argentina, Bolivia, Brasil, Chile, Colombia, Costa Rica, Cuba, Ecuador, El Salvador, Guatemala, M\u00e9xico, Panam\u00e1, Paraguay, Per\u00fa, Portugal y Uruguay.<\/p>\n<p>La fecha l\u00edmite de solicitud es el 15 de junio de 2023 a las 23:59 (hora espa\u00f1ola) del mismo d\u00eda.<\/p>\n<p><a href=\"https:\/\/www.eystudio.es\/Convocatorias\">M\u00e1s informaci\u00f3n ac\u00e1\u00a0<\/a><\/p>\n","protected":false},"excerpt":{"rendered":"<p>Ey!Studio AiR ofrece dos becas de Residencias Internacionales de Creaci\u00f3n performativa para artistas no residentes ni nacidos en Espa\u00f1a.<\/p>\n","protected":false},"author":2,"featured_media":4364,"comment_status":"closed","ping_status":"closed","template":"","tags":[],"mec_category":[47],"yoast_head":"<!-- This site is optimized with the Yoast SEO plugin v23.5 - https:\/\/yoast.com\/wordpress\/plugins\/seo\/ -->\n<title>Residencias Ey!Studio AiR - Centro Cultural Parque de Espa\u00f1a\/AECID<\/title>\n<meta name=\"robots\" content=\"index, follow, max-snippet:-1, max-image-preview:large, max-video-preview:-1\" \/>\n<link rel=\"canonical\" href=\"https:\/\/ccpe.org.ar\/web\/actividades\/residencias-eystudio-air\/\" \/>\n<meta property=\"og:locale\" content=\"es_ES\" \/>\n<meta property=\"og:type\" content=\"article\" \/>\n<meta property=\"og:title\" content=\"Residencias Ey!Studio AiR - Centro Cultural Parque de Espa\u00f1a\/AECID\" \/>\n<meta property=\"og:description\" content=\"Ey!Studio AiR ofrece dos becas de Residencias Internacionales de Creaci\u00f3n performativa para artistas no residentes ni nacidos en Espa\u00f1a.\" \/>\n<meta property=\"og:url\" content=\"https:\/\/ccpe.org.ar\/web\/actividades\/residencias-eystudio-air\/\" \/>\n<meta property=\"og:site_name\" content=\"Centro Cultural Parque de Espa\u00f1a\/AECID\" \/>\n<meta property=\"article:publisher\" content=\"https:\/\/www.facebook.com\/CCPErosario\/\" \/>\n<meta property=\"article:modified_time\" content=\"2023-05-09T13:44:59+00:00\" \/>\n<meta property=\"og:image\" content=\"https:\/\/ccpe.org.ar\/web\/wp-content\/uploads\/2023\/05\/Becas_de_Residencias_Internacionales_de_Creacion_Performativa_EyStudio_hipermedula_15_junio_2023.jpg\" \/>\n\t<meta property=\"og:image:width\" content=\"550\" \/>\n\t<meta property=\"og:image:height\" content=\"377\" \/>\n\t<meta property=\"og:image:type\" content=\"image\/jpeg\" \/>\n<meta name=\"twitter:card\" content=\"summary_large_image\" \/>\n<meta name=\"twitter:site\" content=\"@ccpe\" \/>\n<meta name=\"twitter:label1\" content=\"Tiempo de lectura\" \/>\n\t<meta name=\"twitter:data1\" content=\"1 minuto\" \/>\n<script type=\"application\/ld+json\" class=\"yoast-schema-graph\">{\"@context\":\"https:\/\/schema.org\",\"@graph\":[{\"@type\":\"WebPage\",\"@id\":\"https:\/\/ccpe.org.ar\/web\/actividades\/residencias-eystudio-air\/\",\"url\":\"https:\/\/ccpe.org.ar\/web\/actividades\/residencias-eystudio-air\/\",\"name\":\"Residencias Ey!Studio AiR - Centro Cultural Parque de Espa\u00f1a\/AECID\",\"isPartOf\":{\"@id\":\"https:\/\/ccpe.org.ar\/web\/#website\"},\"primaryImageOfPage\":{\"@id\":\"https:\/\/ccpe.org.ar\/web\/actividades\/residencias-eystudio-air\/#primaryimage\"},\"image\":{\"@id\":\"https:\/\/ccpe.org.ar\/web\/actividades\/residencias-eystudio-air\/#primaryimage\"},\"thumbnailUrl\":\"https:\/\/ccpe.org.ar\/web\/wp-content\/uploads\/2023\/05\/Becas_de_Residencias_Internacionales_de_Creacion_Performativa_EyStudio_hipermedula_15_junio_2023.jpg\",\"datePublished\":\"2023-05-09T13:40:29+00:00\",\"dateModified\":\"2023-05-09T13:44:59+00:00\",\"breadcrumb\":{\"@id\":\"https:\/\/ccpe.org.ar\/web\/actividades\/residencias-eystudio-air\/#breadcrumb\"},\"inLanguage\":\"es\",\"potentialAction\":[{\"@type\":\"ReadAction\",\"target\":[\"https:\/\/ccpe.org.ar\/web\/actividades\/residencias-eystudio-air\/\"]}]},{\"@type\":\"ImageObject\",\"inLanguage\":\"es\",\"@id\":\"https:\/\/ccpe.org.ar\/web\/actividades\/residencias-eystudio-air\/#primaryimage\",\"url\":\"https:\/\/ccpe.org.ar\/web\/wp-content\/uploads\/2023\/05\/Becas_de_Residencias_Internacionales_de_Creacion_Performativa_EyStudio_hipermedula_15_junio_2023.jpg\",\"contentUrl\":\"https:\/\/ccpe.org.ar\/web\/wp-content\/uploads\/2023\/05\/Becas_de_Residencias_Internacionales_de_Creacion_Performativa_EyStudio_hipermedula_15_junio_2023.jpg\",\"width\":550,\"height\":377},{\"@type\":\"BreadcrumbList\",\"@id\":\"https:\/\/ccpe.org.ar\/web\/actividades\/residencias-eystudio-air\/#breadcrumb\",\"itemListElement\":[{\"@type\":\"ListItem\",\"position\":1,\"name\":\"Portada\",\"item\":\"https:\/\/ccpe.org.ar\/web\/\"},{\"@type\":\"ListItem\",\"position\":2,\"name\":\"Residencias Ey!Studio AiR\"}]},{\"@type\":\"WebSite\",\"@id\":\"https:\/\/ccpe.org.ar\/web\/#website\",\"url\":\"https:\/\/ccpe.org.ar\/web\/\",\"name\":\"Centro Cultural Parque de Espa\u00f1a\/AECID\",\"description\":\"Sitio web del Centro Cultural Parque de Espa\u00f1a\/AECID\",\"potentialAction\":[{\"@type\":\"SearchAction\",\"target\":{\"@type\":\"EntryPoint\",\"urlTemplate\":\"https:\/\/ccpe.org.ar\/web\/?s={search_term_string}\"},\"query-input\":{\"@type\":\"PropertyValueSpecification\",\"valueRequired\":true,\"valueName\":\"search_term_string\"}}],\"inLanguage\":\"es\"}]}<\/script>\n<!-- \/ Yoast SEO plugin. -->","yoast_head_json":{"title":"Residencias Ey!Studio AiR - Centro Cultural Parque de Espa\u00f1a\/AECID","robots":{"index":"index","follow":"follow","max-snippet":"max-snippet:-1","max-image-preview":"max-image-preview:large","max-video-preview":"max-video-preview:-1"},"canonical":"https:\/\/ccpe.org.ar\/web\/actividades\/residencias-eystudio-air\/","og_locale":"es_ES","og_type":"article","og_title":"Residencias Ey!Studio AiR - Centro Cultural Parque de Espa\u00f1a\/AECID","og_description":"Ey!Studio AiR ofrece dos becas de Residencias Internacionales de Creaci\u00f3n performativa para artistas no residentes ni nacidos en Espa\u00f1a.","og_url":"https:\/\/ccpe.org.ar\/web\/actividades\/residencias-eystudio-air\/","og_site_name":"Centro Cultural Parque de Espa\u00f1a\/AECID","article_publisher":"https:\/\/www.facebook.com\/CCPErosario\/","article_modified_time":"2023-05-09T13:44:59+00:00","og_image":[{"width":550,"height":377,"url":"https:\/\/ccpe.org.ar\/web\/wp-content\/uploads\/2023\/05\/Becas_de_Residencias_Internacionales_de_Creacion_Performativa_EyStudio_hipermedula_15_junio_2023.jpg","type":"image\/jpeg"}],"twitter_card":"summary_large_image","twitter_site":"@ccpe","twitter_misc":{"Tiempo de lectura":"1 minuto"},"schema":{"@context":"https:\/\/schema.org","@graph":[{"@type":"WebPage","@id":"https:\/\/ccpe.org.ar\/web\/actividades\/residencias-eystudio-air\/","url":"https:\/\/ccpe.org.ar\/web\/actividades\/residencias-eystudio-air\/","name":"Residencias Ey!Studio AiR - Centro Cultural Parque de Espa\u00f1a\/AECID","isPartOf":{"@id":"https:\/\/ccpe.org.ar\/web\/#website"},"primaryImageOfPage":{"@id":"https:\/\/ccpe.org.ar\/web\/actividades\/residencias-eystudio-air\/#primaryimage"},"image":{"@id":"https:\/\/ccpe.org.ar\/web\/actividades\/residencias-eystudio-air\/#primaryimage"},"thumbnailUrl":"https:\/\/ccpe.org.ar\/web\/wp-content\/uploads\/2023\/05\/Becas_de_Residencias_Internacionales_de_Creacion_Performativa_EyStudio_hipermedula_15_junio_2023.jpg","datePublished":"2023-05-09T13:40:29+00:00","dateModified":"2023-05-09T13:44:59+00:00","breadcrumb":{"@id":"https:\/\/ccpe.org.ar\/web\/actividades\/residencias-eystudio-air\/#breadcrumb"},"inLanguage":"es","potentialAction":[{"@type":"ReadAction","target":["https:\/\/ccpe.org.ar\/web\/actividades\/residencias-eystudio-air\/"]}]},{"@type":"ImageObject","inLanguage":"es","@id":"https:\/\/ccpe.org.ar\/web\/actividades\/residencias-eystudio-air\/#primaryimage","url":"https:\/\/ccpe.org.ar\/web\/wp-content\/uploads\/2023\/05\/Becas_de_Residencias_Internacionales_de_Creacion_Performativa_EyStudio_hipermedula_15_junio_2023.jpg","contentUrl":"https:\/\/ccpe.org.ar\/web\/wp-content\/uploads\/2023\/05\/Becas_de_Residencias_Internacionales_de_Creacion_Performativa_EyStudio_hipermedula_15_junio_2023.jpg","width":550,"height":377},{"@type":"BreadcrumbList","@id":"https:\/\/ccpe.org.ar\/web\/actividades\/residencias-eystudio-air\/#breadcrumb","itemListElement":[{"@type":"ListItem","position":1,"name":"Portada","item":"https:\/\/ccpe.org.ar\/web\/"},{"@type":"ListItem","position":2,"name":"Residencias Ey!Studio AiR"}]},{"@type":"WebSite","@id":"https:\/\/ccpe.org.ar\/web\/#website","url":"https:\/\/ccpe.org.ar\/web\/","name":"Centro Cultural Parque de Espa\u00f1a\/AECID","description":"Sitio web del Centro Cultural Parque de Espa\u00f1a\/AECID","potentialAction":[{"@type":"SearchAction","target":{"@type":"EntryPoint","urlTemplate":"https:\/\/ccpe.org.ar\/web\/?s={search_term_string}"},"query-input":{"@type":"PropertyValueSpecification","valueRequired":true,"valueName":"search_term_string"}}],"inLanguage":"es"}]}},"_links":{"self":[{"href":"https:\/\/ccpe.org.ar\/web\/wp-json\/wp\/v2\/mec-events\/4381"}],"collection":[{"href":"https:\/\/ccpe.org.ar\/web\/wp-json\/wp\/v2\/mec-events"}],"about":[{"href":"https:\/\/ccpe.org.ar\/web\/wp-json\/wp\/v2\/types\/mec-events"}],"author":[{"embeddable":true,"href":"https:\/\/ccpe.org.ar\/web\/wp-json\/wp\/v2\/users\/2"}],"replies":[{"embeddable":true,"href":"https:\/\/ccpe.org.ar\/web\/wp-json\/wp\/v2\/comments?post=4381"}],"wp:featuredmedia":[{"embeddable":true,"href":"https:\/\/ccpe.org.ar\/web\/wp-json\/wp\/v2\/media\/4364"}],"wp:attachment":[{"href":"https:\/\/ccpe.org.ar\/web\/wp-json\/wp\/v2\/media?parent=4381"}],"wp:term":[{"taxonomy":"post_tag","embeddable":true,"href":"https:\/\/ccpe.org.ar\/web\/wp-json\/wp\/v2\/tags?post=4381"},{"taxonomy":"mec_category","embeddable":true,"href":"https:\/\/ccpe.org.ar\/web\/wp-json\/wp\/v2\/mec_category?post=4381"}],"curies":[{"name":"wp","href":"https:\/\/api.w.org\/{rel}","templated":true}]}}