{"id":4686,"date":"2023-10-11T09:47:13","date_gmt":"2023-10-11T12:47:13","guid":{"rendered":"https:\/\/ccpe.org.ar\/web\/?post_type=mec-events&#038;p=4686"},"modified":"2023-10-13T17:43:05","modified_gmt":"2023-10-13T20:43:05","slug":"dionisos-aut","status":"publish","type":"mec-events","link":"https:\/\/ccpe.org.ar\/web\/actividades\/dionisos-aut\/","title":{"rendered":"Dionisos Aut"},"content":{"rendered":"<p><span style=\"font-weight: 400;\">El CCPE presenta Dionisos Aut, del grupo Laboratorio de Teatro El Rayo Misterioso, con texto, dramaturgia y direcci\u00f3n de Aldo El-Jatib, en el marco del ciclo Derivas Teatrales 2023. Obra seleccionada para representar a la provincia de Santa Fe en la 25\u00ba Fiesta Nacional del Teatro (La Plata 2010).<\/span><\/p>\n<p><b>Jueves 19\/10, 20.30 h en el Teatro del CCPE (Sarmiento y el r\u00edo). Entrada: $ 2.000, a la venta en boleter\u00edas (s\u00f3lo efectivo): jueves, viernes y s\u00e1bados, de 15 a 19 y 1 hora antes de la funci\u00f3n. Promoci\u00f3n: 2&#215;1 estudiantes y jubilados. Venta online en <\/b><a href=\"https:\/\/1000tickets.com.ar\/concierto.php?id_evento=1149&amp;dionisos-aut\"><b>www.1000tickets.com.ar<\/b><\/a><\/p>\n<p><span style=\"font-weight: 400;\">Derivas teatrales es un ciclo que propone una mirada retrospectiva sobre la obra de quienes dirigen, escriben, act\u00faan y le ponen nombre a la historia del teatro en la ciudad. En el marco del aniversario n\u00famero 30 del CCPE, y la cuarta edici\u00f3n del ciclo Derivas teatrales deseamos homenajear al Grupo Laboratorio de Teatro \u00abEl Rayo Misterioso\u00bb, compa\u00f1ero generacional, con el que se desarrollaron m\u00faltiples colaboraciones a lo largo de estas d\u00e9cadas.\u00a0<\/span><\/p>\n<p><span style=\"font-weight: 400;\">La Obra<\/span><\/p>\n<p><i><span style=\"font-weight: 400;\">\u201cIgual que su sucesor Jes\u00fas, Dionisos tambi\u00e9n demoli\u00f3 las tradiciones fan\u00e1ticas y las tiran\u00edas restrictivas. Fue el poder encarnado de la revuelta y el renacimiento espiritual\u201d.<\/span><\/i><\/p>\n<p><span style=\"font-weight: 400;\">Paul Huson<\/span><\/p>\n<p><i><span style=\"font-weight: 400;\">Dionisos la Puerta de la imaginaci\u00f3n de la intuici\u00f3n de lo no dicho y por ende de la creaci\u00f3n est\u00e1 bajo cuatro cadenas su guardi\u00e1n es el inconsciente colectivo de una sociedad seducida por Apolo que gobierna con las armas de la mentira instalada.<\/span><\/i><\/p>\n<p><i><span style=\"font-weight: 400;\">Dionisos es un sistema de fuerzas que est\u00e1 en el hombre y deviene en Dios.<\/span><\/i><\/p>\n<p><span style=\"font-weight: 400;\">Aldo El-Jatib<\/span><\/p>\n<p><i><span style=\"font-weight: 400;\">Si ya en su anterior propuesta \u201cLa Consagraci\u00f3n de las furias\u201d, el Rayo lograba una s\u00edntesis exacta de su propia po\u00e9tica, condensando su b\u00fasqueda y sus ejes tem\u00e1ticos, en \u201cDionisos Aut\u201d va m\u00e1s all\u00e1 tensando la cuerda po\u00e9tica a partir de un aut\u00e9ntico friso de im\u00e1genes en movimiento que nos invitan a m\u00faltiples y desgarradas lecturas donde est\u00e1 en juego una visi\u00f3n apocal\u00edptica de la humanidad. All\u00ed quedar\u00e1 entre las im\u00e1genes m\u00e1s terriblemente bellas de este inacabado viaje que es el descenso a los infiernos de nuestra historia m\u00e1s reciente.<\/span><\/i><br \/>\n<span style=\"font-weight: 400;\">Julio Cejas, \u201cDiario Rosario 12\u201d (18 de Octubre de 2009 \u2013 Rosario).<\/span><\/p>\n<p><i><span style=\"font-weight: 400;\">Dionisos Aut entre las mejores del a\u00f1o Cuando todo parec\u00eda indicar que con \u201cLa Consagraci\u00f3n de las Furias\u201d (2004-2005) El-Jatib hab\u00eda llegado a un l\u00edmite est\u00e9tico, el nuevo espect\u00e1culo confirma todo lo contrario. Tomando como punto de partida la mitolog\u00eda griega, pero confrontando su po\u00e9tica con discursos y personajes contempor\u00e1neos, El-Jatib logra otro prodigioso espect\u00e1culo en el que se conjugan el entrenamiento f\u00e9rreo de sus actores, la claridad ideol\u00f3gica y el funcionamiento de un dispositivo esc\u00e9nico que m\u00e1s all\u00e1 de su aparente simpleza se multiplica en escena creando im\u00e1genes que provocan gran conmoci\u00f3n.<\/span><\/i><br \/>\n<span style=\"font-weight: 400;\">Miguel Passarini, \u201cDiario El Ciudadano\u201d (2 de Enero de 2010 \u2013 Rosario).<\/span><\/p>\n<p>&nbsp;<\/p>\n<p><span style=\"font-weight: 400;\">FICHA:<\/span><br \/>\n<span style=\"font-weight: 400;\">DIONISOS: Sebasti\u00e1n Arriete.<\/span><br \/>\n<span style=\"font-weight: 400;\">TIRESIAS-BACANTE: Ada Cottu.<\/span><br \/>\n<span style=\"font-weight: 400;\">LICURGO-HADES-ZEUS: Exequiel Orteu.<\/span><br \/>\n<span style=\"font-weight: 400;\">S\u00c9MELE-APOLO-BACANTE: Victoria Guercetti.<\/span><br \/>\n<span style=\"font-weight: 400;\">CIBELES-BACANTE: Mar\u00eda de los \u00c1ngeles Oliver.<\/span><br \/>\n<span style=\"font-weight: 400;\">Operaci\u00f3n T\u00e9cnica: Maywa Vargas.<\/span><br \/>\n<span style=\"font-weight: 400;\">Duraci\u00f3n: 60 min.<\/span><br \/>\n<span style=\"font-weight: 400;\">Producci\u00f3n: \u201cEL RAYO MISTERIOSO\u201d<\/span><br \/>\n<span style=\"font-weight: 400;\">Texto, Dramaturgia y Direcci\u00f3n: Aldo El-Jatib.<\/span><\/p>\n<p>&nbsp;<\/p>\n","protected":false},"excerpt":{"rendered":"<p>Obra del grupo Laboratorio de Teatro El Rayo Misterioso, con texto, dramaturgia y direcci\u00f3n de Aldo El-Jatib.<\/p>\n","protected":false},"author":2,"featured_media":4709,"comment_status":"closed","ping_status":"closed","template":"","tags":[],"mec_category":[20],"yoast_head":"<!-- This site is optimized with the Yoast SEO plugin v23.5 - https:\/\/yoast.com\/wordpress\/plugins\/seo\/ -->\n<title>Dionisos Aut - Centro Cultural Parque de Espa\u00f1a\/AECID<\/title>\n<meta name=\"robots\" content=\"index, follow, max-snippet:-1, max-image-preview:large, max-video-preview:-1\" \/>\n<link rel=\"canonical\" href=\"https:\/\/ccpe.org.ar\/web\/actividades\/dionisos-aut\/\" \/>\n<meta property=\"og:locale\" content=\"es_ES\" \/>\n<meta property=\"og:type\" content=\"article\" \/>\n<meta property=\"og:title\" content=\"Dionisos Aut - Centro Cultural Parque de Espa\u00f1a\/AECID\" \/>\n<meta property=\"og:description\" content=\"Obra del grupo Laboratorio de Teatro El Rayo Misterioso, con texto, dramaturgia y direcci\u00f3n de Aldo El-Jatib.\" \/>\n<meta property=\"og:url\" content=\"https:\/\/ccpe.org.ar\/web\/actividades\/dionisos-aut\/\" \/>\n<meta property=\"og:site_name\" content=\"Centro Cultural Parque de Espa\u00f1a\/AECID\" \/>\n<meta property=\"article:publisher\" content=\"https:\/\/www.facebook.com\/CCPErosario\/\" \/>\n<meta property=\"article:modified_time\" content=\"2023-10-13T20:43:05+00:00\" \/>\n<meta property=\"og:image\" content=\"https:\/\/ccpe.org.ar\/web\/wp-content\/uploads\/2023\/10\/b_dionisios-1.jpg\" \/>\n\t<meta property=\"og:image:width\" content=\"980\" \/>\n\t<meta property=\"og:image:height\" content=\"544\" \/>\n\t<meta property=\"og:image:type\" content=\"image\/jpeg\" \/>\n<meta name=\"twitter:card\" content=\"summary_large_image\" \/>\n<meta name=\"twitter:site\" content=\"@ccpe\" \/>\n<meta name=\"twitter:label1\" content=\"Tiempo de lectura\" \/>\n\t<meta name=\"twitter:data1\" content=\"3 minutos\" \/>\n<script type=\"application\/ld+json\" class=\"yoast-schema-graph\">{\"@context\":\"https:\/\/schema.org\",\"@graph\":[{\"@type\":\"WebPage\",\"@id\":\"https:\/\/ccpe.org.ar\/web\/actividades\/dionisos-aut\/\",\"url\":\"https:\/\/ccpe.org.ar\/web\/actividades\/dionisos-aut\/\",\"name\":\"Dionisos Aut - Centro Cultural Parque de Espa\u00f1a\/AECID\",\"isPartOf\":{\"@id\":\"https:\/\/ccpe.org.ar\/web\/#website\"},\"primaryImageOfPage\":{\"@id\":\"https:\/\/ccpe.org.ar\/web\/actividades\/dionisos-aut\/#primaryimage\"},\"image\":{\"@id\":\"https:\/\/ccpe.org.ar\/web\/actividades\/dionisos-aut\/#primaryimage\"},\"thumbnailUrl\":\"https:\/\/ccpe.org.ar\/web\/wp-content\/uploads\/2023\/10\/b_dionisios-1.jpg\",\"datePublished\":\"2023-10-11T12:47:13+00:00\",\"dateModified\":\"2023-10-13T20:43:05+00:00\",\"breadcrumb\":{\"@id\":\"https:\/\/ccpe.org.ar\/web\/actividades\/dionisos-aut\/#breadcrumb\"},\"inLanguage\":\"es\",\"potentialAction\":[{\"@type\":\"ReadAction\",\"target\":[\"https:\/\/ccpe.org.ar\/web\/actividades\/dionisos-aut\/\"]}]},{\"@type\":\"ImageObject\",\"inLanguage\":\"es\",\"@id\":\"https:\/\/ccpe.org.ar\/web\/actividades\/dionisos-aut\/#primaryimage\",\"url\":\"https:\/\/ccpe.org.ar\/web\/wp-content\/uploads\/2023\/10\/b_dionisios-1.jpg\",\"contentUrl\":\"https:\/\/ccpe.org.ar\/web\/wp-content\/uploads\/2023\/10\/b_dionisios-1.jpg\",\"width\":980,\"height\":544},{\"@type\":\"BreadcrumbList\",\"@id\":\"https:\/\/ccpe.org.ar\/web\/actividades\/dionisos-aut\/#breadcrumb\",\"itemListElement\":[{\"@type\":\"ListItem\",\"position\":1,\"name\":\"Portada\",\"item\":\"https:\/\/ccpe.org.ar\/web\/\"},{\"@type\":\"ListItem\",\"position\":2,\"name\":\"Dionisos Aut\"}]},{\"@type\":\"WebSite\",\"@id\":\"https:\/\/ccpe.org.ar\/web\/#website\",\"url\":\"https:\/\/ccpe.org.ar\/web\/\",\"name\":\"Centro Cultural Parque de Espa\u00f1a\/AECID\",\"description\":\"Sitio web del Centro Cultural Parque de Espa\u00f1a\/AECID\",\"potentialAction\":[{\"@type\":\"SearchAction\",\"target\":{\"@type\":\"EntryPoint\",\"urlTemplate\":\"https:\/\/ccpe.org.ar\/web\/?s={search_term_string}\"},\"query-input\":{\"@type\":\"PropertyValueSpecification\",\"valueRequired\":true,\"valueName\":\"search_term_string\"}}],\"inLanguage\":\"es\"}]}<\/script>\n<!-- \/ Yoast SEO plugin. -->","yoast_head_json":{"title":"Dionisos Aut - Centro Cultural Parque de Espa\u00f1a\/AECID","robots":{"index":"index","follow":"follow","max-snippet":"max-snippet:-1","max-image-preview":"max-image-preview:large","max-video-preview":"max-video-preview:-1"},"canonical":"https:\/\/ccpe.org.ar\/web\/actividades\/dionisos-aut\/","og_locale":"es_ES","og_type":"article","og_title":"Dionisos Aut - Centro Cultural Parque de Espa\u00f1a\/AECID","og_description":"Obra del grupo Laboratorio de Teatro El Rayo Misterioso, con texto, dramaturgia y direcci\u00f3n de Aldo El-Jatib.","og_url":"https:\/\/ccpe.org.ar\/web\/actividades\/dionisos-aut\/","og_site_name":"Centro Cultural Parque de Espa\u00f1a\/AECID","article_publisher":"https:\/\/www.facebook.com\/CCPErosario\/","article_modified_time":"2023-10-13T20:43:05+00:00","og_image":[{"width":980,"height":544,"url":"https:\/\/ccpe.org.ar\/web\/wp-content\/uploads\/2023\/10\/b_dionisios-1.jpg","type":"image\/jpeg"}],"twitter_card":"summary_large_image","twitter_site":"@ccpe","twitter_misc":{"Tiempo de lectura":"3 minutos"},"schema":{"@context":"https:\/\/schema.org","@graph":[{"@type":"WebPage","@id":"https:\/\/ccpe.org.ar\/web\/actividades\/dionisos-aut\/","url":"https:\/\/ccpe.org.ar\/web\/actividades\/dionisos-aut\/","name":"Dionisos Aut - Centro Cultural Parque de Espa\u00f1a\/AECID","isPartOf":{"@id":"https:\/\/ccpe.org.ar\/web\/#website"},"primaryImageOfPage":{"@id":"https:\/\/ccpe.org.ar\/web\/actividades\/dionisos-aut\/#primaryimage"},"image":{"@id":"https:\/\/ccpe.org.ar\/web\/actividades\/dionisos-aut\/#primaryimage"},"thumbnailUrl":"https:\/\/ccpe.org.ar\/web\/wp-content\/uploads\/2023\/10\/b_dionisios-1.jpg","datePublished":"2023-10-11T12:47:13+00:00","dateModified":"2023-10-13T20:43:05+00:00","breadcrumb":{"@id":"https:\/\/ccpe.org.ar\/web\/actividades\/dionisos-aut\/#breadcrumb"},"inLanguage":"es","potentialAction":[{"@type":"ReadAction","target":["https:\/\/ccpe.org.ar\/web\/actividades\/dionisos-aut\/"]}]},{"@type":"ImageObject","inLanguage":"es","@id":"https:\/\/ccpe.org.ar\/web\/actividades\/dionisos-aut\/#primaryimage","url":"https:\/\/ccpe.org.ar\/web\/wp-content\/uploads\/2023\/10\/b_dionisios-1.jpg","contentUrl":"https:\/\/ccpe.org.ar\/web\/wp-content\/uploads\/2023\/10\/b_dionisios-1.jpg","width":980,"height":544},{"@type":"BreadcrumbList","@id":"https:\/\/ccpe.org.ar\/web\/actividades\/dionisos-aut\/#breadcrumb","itemListElement":[{"@type":"ListItem","position":1,"name":"Portada","item":"https:\/\/ccpe.org.ar\/web\/"},{"@type":"ListItem","position":2,"name":"Dionisos Aut"}]},{"@type":"WebSite","@id":"https:\/\/ccpe.org.ar\/web\/#website","url":"https:\/\/ccpe.org.ar\/web\/","name":"Centro Cultural Parque de Espa\u00f1a\/AECID","description":"Sitio web del Centro Cultural Parque de Espa\u00f1a\/AECID","potentialAction":[{"@type":"SearchAction","target":{"@type":"EntryPoint","urlTemplate":"https:\/\/ccpe.org.ar\/web\/?s={search_term_string}"},"query-input":{"@type":"PropertyValueSpecification","valueRequired":true,"valueName":"search_term_string"}}],"inLanguage":"es"}]}},"_links":{"self":[{"href":"https:\/\/ccpe.org.ar\/web\/wp-json\/wp\/v2\/mec-events\/4686"}],"collection":[{"href":"https:\/\/ccpe.org.ar\/web\/wp-json\/wp\/v2\/mec-events"}],"about":[{"href":"https:\/\/ccpe.org.ar\/web\/wp-json\/wp\/v2\/types\/mec-events"}],"author":[{"embeddable":true,"href":"https:\/\/ccpe.org.ar\/web\/wp-json\/wp\/v2\/users\/2"}],"replies":[{"embeddable":true,"href":"https:\/\/ccpe.org.ar\/web\/wp-json\/wp\/v2\/comments?post=4686"}],"wp:featuredmedia":[{"embeddable":true,"href":"https:\/\/ccpe.org.ar\/web\/wp-json\/wp\/v2\/media\/4709"}],"wp:attachment":[{"href":"https:\/\/ccpe.org.ar\/web\/wp-json\/wp\/v2\/media?parent=4686"}],"wp:term":[{"taxonomy":"post_tag","embeddable":true,"href":"https:\/\/ccpe.org.ar\/web\/wp-json\/wp\/v2\/tags?post=4686"},{"taxonomy":"mec_category","embeddable":true,"href":"https:\/\/ccpe.org.ar\/web\/wp-json\/wp\/v2\/mec_category?post=4686"}],"curies":[{"name":"wp","href":"https:\/\/api.w.org\/{rel}","templated":true}]}}