{"id":4734,"date":"2023-10-27T10:30:25","date_gmt":"2023-10-27T13:30:25","guid":{"rendered":"https:\/\/ccpe.org.ar\/web\/?post_type=mec-events&#038;p=4734"},"modified":"2023-11-01T11:30:33","modified_gmt":"2023-11-01T14:30:33","slug":"cuerpo-medidado","status":"publish","type":"mec-events","link":"https:\/\/ccpe.org.ar\/web\/actividades\/cuerpo-medidado\/","title":{"rendered":"Cuerpo Mediado"},"content":{"rendered":"<p><strong>Del lunes 30 de octubre al domingo 5 de noviembre. Organizado por COBAI Rosario<\/strong><\/p>\n<p><strong>RESUMEN DE PROGRAMACI\u00d2N<\/strong><br \/>\n3 proyecciones abiertas a la comunidad<br \/>\n7 d\u00edas de proyecciones en la plataforma cine El Cairo on line<br \/>\n1 residencia iberoamericana on line<br \/>\n1 taller residencia presencial<br \/>\n1 obra de danza multimedia<br \/>\n1 retrospectiva de artista<br \/>\n1 cortometraje invitado<br \/>\n3 charlas abiertas presenciales<\/p>\n<p>___________________________________________________________________<\/p>\n<p><strong>INVITADOS<\/strong><\/p>\n<ul>\n<li>Artistas de Argentina, Brasil, Colombia, Costa Rica, Cuba, Chile, Ecuador, El Salvador, Espa\u00f1a, M\u00e9xico, Rep\u00fablica Dominicana, Per\u00fa, Uruguay y Venezuela, integrantes de la residencia <strong>DESBORDAMIENTOS &#8211; Mujer y Territorio<\/strong> &#8211; en cogesti\u00f3n con REDIV Red Iberoamericana de Videodanza que cuenta con el apoyo de Iberescena.<\/li>\n<li>Productora Histeria CinemaDanza (Colombia)<\/li>\n<li>Plataforma Videodan\u00e7a+ (Brasil)<\/li>\n<li>Festival C\u00e1mara Corporizada &#8211; Buenos Aires (Argentina)<\/li>\n<li>L \u0301Abri (Suiza) &#8211; Residencia Futuros Emergentes, a\u00f1o 2 en Ginebra, Organizado por REDIV y Fundaci\u00f3n L \u0301Abri y con apoyo de Pro Helvetia.<\/li>\n<li>Festival C\u00e1mara Corporizada (Argentina) Buenos Aires &#8211; Festival audiovisual de danza folkl\u00f3rica, popular y de ra\u00edz del mundo.<\/li>\n<\/ul>\n<p><strong>___________________________________________________________________<\/strong><\/p>\n<p>&nbsp;<\/p>\n<h1>Programaci\u00f3n en el CCPE Centro Cultural Parque Espa\u00f1a<\/h1>\n<p><strong>\u00a0<\/strong><\/p>\n<p><strong>PROYECCIONES\u00a0 de CUERPO MEDIADO<\/strong><\/p>\n<p><strong>\u201cSELECCI\u00d3N OFICIAL\u201d<\/strong> de CUERPO MEDIADO de la convocatoria de car\u00e1cter local, nacional e internacional y enmarcada en el lenguaje del videodanza \/ coreo cinema \/ pel\u00edculas de danza \/ video performance\/ videominuto. M\u00e1s colaboraciones e invitades especiales, programas y proyectos vinculados a CUERPO MEDIADO.<\/p>\n<p><strong>-CATEGOR\u00cdAS CURATORIALES \u201cSELECCI\u00d3N OFICIAL\u201d\u00a0 EDICI\u00d3N ALERTA<\/strong><\/p>\n<p><strong>-REALIDAD MEDIADA<\/strong> &#8211; Videodanza documental. Cuerpos como testigo, archivo y memoria. La danza nos remite a realidades documentadas a trav\u00e9s de la imagen.<\/p>\n<p><strong>-CUERPOS MEDIADOS<\/strong> &#8211; Danza para la pantalla. Videodanza, un lenguaje en el que cuerpo, imagen y relato se entrecruzan y se vuelven inseparables.<\/p>\n<p><strong>-MINUTO MEDIADO<\/strong> &#8211; Videominuto. Obras breves de videodanza. Audiovisuales que concentran la acci\u00f3n en este periodo de tiempo.<\/p>\n<p><strong>-AMBIENTE MEDIADO &#8211; <\/strong>La danza interact\u00faa en escenarios naturales comprometida con las historias que narran \/ que subyacen.<\/p>\n<p><strong>Dirigido a:<\/strong> artistas, creadores, docentes, estudiantes y p\u00fablico en general.<br \/>\n<strong>Fecha:<\/strong> Del lunes 30 de octubre al domingo 5 de noviembre<br \/>\n<strong>Horario: <\/strong>Asincr\u00f3nico \/ on line<br \/>\n<strong>Espacio: <\/strong>Plataforma on line Cine P\u00fablico El Cairo<\/p>\n<ul>\n<li><strong>PROYECCIONES PRESENCIALES en el t\u00fanel 4<\/strong><\/li>\n<\/ul>\n<p><strong>Mi\u00e9rcoles 1\/11 desde las 15 hs<\/strong><\/p>\n<p><strong>Jueves 2\/11 de 17 a 19<\/strong><\/p>\n<p><strong>DE LA REALIDAD A LA ACCI\u00d2N<\/strong><\/p>\n<p>-Charla con la presencia de la realizadora y productora colombiana <strong>Soraya Vargas Rojas <\/strong>en torno a su trabajo pionero en videodanza social y documental. <a href=\"https:\/\/www.instagram.com\/histeriacinemadanza\/\"><strong>https:\/\/www.instagram.com\/histeriacinemadanza\/<\/strong><\/a><\/p>\n<p><strong>Dirigida a: <\/strong>\u00a0artistas, creadores, docentes, estudiantes, trabajadores sociales y p\u00fablico en general.<\/p>\n<p><strong>Soraya Vargas Rojas <\/strong>ha realizado y producido m\u00e1s de 20 obras enmarcadas en la videodanza social y documental, que han llevado a dar a conocer el trabajo de los pioneros, core\u00f3grafos y bailarines de lugares apartados y de comunidades minoritarias y excluidas de Colombia, y que han ayudado a visibilizar proyectos de emprendimiento cultural, esfuerzo que la han llevado a exponer su trabajo en diferentes partes del mundo. Es bailarina, Core\u00f3grafa, Licenciada en Educaci\u00f3n Art\u00edstica, Artista interdisciplinar. Directora de la Fundaci\u00f3n Imagen en Movimiento desde el a\u00f1o 2004 y del Festival Internacional de Videodanza de Colombia VIDEOMOVIMIENTO. Miembro de REDIV &#8211; Red Iberoamericana de Videodanza.<\/p>\n<p><strong>Fecha:<\/strong> Mi\u00e9rcoles 1 de noviembre<\/p>\n<p><strong>Horario: <\/strong>15:30hs.<\/p>\n<p><strong>Espacio: <\/strong>CCPE &#8211; Centro Cultural Parque de Espa\u00f1a &#8211; T\u00fanel 4<\/p>\n<p>Proyecci\u00f2n de sus obras:<\/p>\n<p><strong>&#8211; LES BARBARES<\/strong><\/p>\n<p>Videodanza Documental &#8211; Direcci\u00f3n General: Soraya Vargas Rojas<\/p>\n<p>Cuatro protagonistxs sin experiencia espec\u00edfica en danza, pertenecen al sector LGBTQI+, y cada une pertenece a otras comunidades a la vez: poblaci\u00f3n afrodescendiente, con discapacidad, mujeres, trabajadores sexuales, adultos mayores, algunas iletradas.<\/p>\n<p><strong>&#8211; P\u00c1RAMO SUYAY- P\u00c1RAMO ESPERANZA <\/strong><\/p>\n<p>Videodanza Comunitario &#8211; Direcci\u00f3n General: Soraya Vargas Rojas<\/p>\n<p>Videodanza con mujeres campesinas de la zona rural de la localidad de Usme, realizando un proceso de creaci\u00f3n hacia el formato Videodanza, con la Agrupaci\u00f3n Suyay de la Vereda Los Soches, de la localidad de Usme, Bogot\u00e1, Colombia. Pensando en el contexto de territorio, generando una nueva creaci\u00f3n en videodanza, como laboratorio de formaci\u00f3n, investigaci\u00f3n y creaci\u00f3n.<\/p>\n<p><strong>Fecha:<\/strong> Del lunes 30 de octubre al domingo 5 de noviembre<br \/>\n<strong>Horario: <\/strong>Asincr\u00f3nico<br \/>\n<strong>Espacio: <\/strong>Plataforma on line Cine P\u00fablico El Cairo<\/p>\n<p><strong>________________________________________________________________________________<\/strong><\/p>\n<p><strong>ACTIVISMO CURATORIAL EN VIDEODANZA<\/strong><\/p>\n<p>Charla con la presencia de la curadora e investigadora Sarah Ferreira (Brasil) coordinadora de <strong>VIDEODAN\u00c7A+<\/strong><\/p>\n<p><a href=\"https:\/\/www.youtube.com\/@Videodancamais\">https:\/\/www.youtube.com\/@Videodancamais<\/a><\/p>\n<p><strong>Sarah Ferreira (Brasil) <\/strong>es performer, educadora y artista multimedia Miembro de la Red Iberoamericana de Videodanza (REDIV). Actualmente estudiante de doctorado en Artes en el Programa de Posgrado de la Universidade Federal Fluminense (UFF). Como formaci\u00f3n acad\u00e9mica, complet\u00f3 su carrera en la Lic. en Artes Esc\u00e9nicas de la Universidad Estadual de Santa Catarina (UDESC). Maestr\u00eda en Teatro en esta misma universidad con la investigaci\u00f3n Activismo Curatorial de Videodan\u00e7a (2018-2020), discutiendo la curadur\u00eda en l\u00ednea de los ejes propuestos en el canal de investigaci\u00f3n<\/p>\n<p><strong>VIDEODAN\u00c7A+<\/strong> Creada en 2007, la p\u00e1gina VIDEODAN\u00c7A+ es una plataforma digital de videos de danza que actualmente concentra en su cuerpo 50 ejes curatoriales diferentes, organizados a trav\u00e9s de diferentes cortes: nombre de los core\u00f3grafos que investigan la relaci\u00f3n entre video y danza; por pa\u00eds; fecha; t\u00e9cnica de danza; t\u00e9cnica audiovisual; contexto social o movimiento minoritario; temas po\u00e9ticos y est\u00e9ticos que tomaron forma y se convirtieron en un archivo con m\u00e1s de tres mil videodanzas mantenido a trav\u00e9s de una comunidad en l\u00ednea. El canal tambi\u00e9n cuenta con enlaces a textos, sitios web de artistas, centros de investigaci\u00f3n y redes sociales en constante movimiento para actualizar la informaci\u00f3n disponible en internet sobre esta forma de arte.<\/p>\n<p><strong>Fecha:<\/strong> Jueves 2 de noviembre<br \/>\n<strong>Horario: <\/strong>17:30hs.<br \/>\n<strong>Espacio: <\/strong>CCPE &#8211; Centro Cultural Parque de Espa\u00f1a &#8211; T\u00fanel 4<\/p>\n<p><strong>__________________________________________________________________________________________<\/strong><\/p>\n<p><strong>Taller residencia presencial \u00a0DESBORDAMIENTOS \u201cMujer y Territorio\u201d <\/strong><\/p>\n<p>Luego de dos meses de trabajo constante, intenso y colaborativo, que cont\u00f2 con la participaci\u00f3n de m\u00e1s de 70 artistas de Iberoamericanas, bajo el formato de residencia de creaci\u00f3n y encaminada a arribar a una danza multimedia. artistas locales y de la regi\u00f2n se encontrar\u00e0n en la presencialidad en CUERPO MEDIADO.<\/p>\n<p>En esta segunda etapa de residencia presencial los encuentros abordar\u00e0n la preproducci\u00f3n con el material generado durante toda la residencia online, arriba mencionada, y los ensayos pertinentes para el\u00a0 trabajo final que se presentar\u00e0<\/p>\n<p><strong>Dirigido a: <\/strong>Artistas residentes de DESBORDAMIENTOS \u201cMujer y Territorio\u201d que se encuentren en la ciudad de Rosario y la regi\u00f2n.<\/p>\n<p><strong>Fecha:<\/strong> Del 30 de octubre al\u00a0 2 de noviembre.<br \/>\n<strong>Horario: <\/strong>10 a 12 hs.<br \/>\n<strong>Espacio: <\/strong>CCPE Centro Cultural Parque Espa\u00f1a &#8211;\u00a0 T\u00fanel 4<\/p>\n<p><strong>________________________________________________________________________________<\/strong><\/p>\n<p><strong>Obra de danza multimedia DESBORDAMIENTOS \u201cMujer y Territorio\u201d<\/strong><\/p>\n<p>Performance de danza Interactiva donde artistas de Argentina, Brasil, Colombia, Costa Rica, Cuba, Chile, Ecuador, El Salvador, Espa\u00f1a, M\u00e9xico, Rep\u00fablica Dominicana, Per\u00fa, Uruguay y Venezuela\u00a0 integrantes de la residencia DESBORDAMIENTOS \u201cMujer y Territorio\u201d interact\u00faan con bailarines de Rosario y la regi\u00f2n de manera sincr\u00f3nica y asincr\u00f3nica; sumergiendo al espectador en un rol activo y a un recorrido de creaci\u00f2n en vivo, a distancia, de manera sincr\u00f3nica y asincr\u00f3nica en m\u00f9tiples pantallas y acciones.<\/p>\n<p>Proyecto en congesti\u00f3n con REDIV -Red Iberoamericana de Videodanza y Multimedia- coordinado por los miembrxs de REDIV Mar\u00eca Fernanda Vallejos, Sarah Ferreira y Soraya Vargas Rojas con el apoyo del Programa Iberescena.<\/p>\n<p><strong>Fecha:<\/strong> Jueves 2 de noviembre<br \/>\n<strong>Horario: <\/strong>19hs.<br \/>\n<strong>Espacio: <\/strong>CCPE Centro Cultural Parque Espa\u00f1a &#8211; Patio de los Cipreses<\/p>\n<p><strong>___________________________________________________________________________<\/strong><\/p>\n<p><strong>&#8211; \u201cSelecci\u00f3n Oficial\u201d del Festival de Videodanza CUERPO MEDIADO &#8211; EDICI\u00d3N ALERTA<\/strong><\/p>\n<p>Con convocatoria abierta de car\u00e1cter local, nacional e internacional y enmarcada en el lenguaje del videodanza \/ coreo cinema \/ pel\u00edculas de danza \/ video performance\/ videominuto.<\/p>\n<p><strong>&#8211; 39 videodanzas<\/strong> de\u00a0 Argentina, Alemania, Brasil, Chile, Colombia, Espa\u00f1a, Estados Unidos, Francia, Hungr\u00eda, Italia, M\u00e9xico, Rep\u00fablica de Corea, Turqu\u00eda, Uruguay.<\/p>\n<p>Tiempo de ejecuci\u00f3n total: 3:36:56.<\/p>\n<p><strong>-CATEGOR\u00cdAS CURATORIALES \u201cSELECCI\u00d3N OFICIAL\u201d\u00a0 EDICI\u00d3N ALERTA<\/strong><\/p>\n<p><strong>Nombre de la secci\u00f3n &#8211;\u00a0 Descripci\u00f3n <\/strong><\/p>\n<p><strong>Nombre de la obra &#8211; T\u00edtulo original &#8211; Nombre del director &#8211; Pa\u00eds de origen &#8211; Duraci\u00f3n<\/strong><\/p>\n<p>Minuto Mediado &#8211; Videominuto<\/p>\n<p><strong>Obras breves de videodanza que concentran la acci\u00f3n en este periodo de tiempo.<\/strong><\/p>\n<p><strong>8 Videodanzas <\/strong><\/p>\n<p>Innerself &#8211; Roberta di Martino \u2013 Argentina &#8211; 00:01:50<br \/>\nDeriva \u2013 Drift &#8211; Ann Robideaux, Andrea Cote \u2013 Estados Unidos &#8211; 00:01:00<br \/>\nAlas \u2013 ASAS &#8211; Diego Mac \u2013 Brasil &#8211; 00:02:19<br \/>\nLos siete umbrales &#8211; The Seven Thresholds &#8211; Blas Payri &#8211; Espa\u00f1a &#8211; 00:01:15<br \/>\nSimulaci\u00f3n #1 (1min) &#8211; Simulation #1 (1min) &#8211; Jungkyun SHIN \u2013 Rep\u00fablica de Corea &#8211; 00:01:00<br \/>\nElla llevaba su silencio como un sudario &#8211;\u00a0 She wore her silence like a shroud &#8211; Elizabeth Stich &#8211; Estados Unidos &#8211; 00:01:37<br \/>\nMUKA &#8211; Brenda Ayel\u00e9n Burgos &#8211; Argentina &#8211; 00:01:24<br \/>\nContigo y sin ti &#8211; Elena Vazintaris &#8211; Estados Unidos &#8211; 00:01:15<br \/>\nRealidad Mediada &#8211; Videodanza documental<br \/>\n<strong>Cuerpo testigo, archivo y memoria. La danza nos remite a realidades documentadas a trav\u00e9s de la imagen en movimiento.<\/strong><\/p>\n<p><strong>8 Videodanzas<\/strong><\/p>\n<p>G\u00e9nesis urbana &#8211;\u00a0 Urban Genesis &#8211; Fu Le &#8211; Francia &#8211; 00:18:00<br \/>\nDevenir &#8211; Becoming &#8211; Anabella Lenzu \u2013 Estados Unidos &#8211; 00:05:34<br \/>\nGEARS, un cuento de hadas de f\u00e1brica &#8211; GEARS, a factory fairy tale &#8211; Carlo Magr\u00ec \u2013Italia &#8211; 00:02:11<br \/>\n\u00bfPor qu\u00e9 bailamos? &#8211; Why do we dance? &#8211; Sonja Ortiz \u2013 Alemania &#8211; 00:09:29<br \/>\nLas chamanas del ntonagak-gozo &#8211; Silvia Citro, Soledad Torres Ag\u00fcero \u2013 Argentina &#8211; 00:12:22<br \/>\nO\u00f1irico \u00abCajita Musical &#8211; Paula Romina Pantano \u2013 Argentina- 00:06:00<br \/>\nDe Pie &#8211; Sof\u00eda Castro \u2013 Argentina &#8211; 00:06:37<br \/>\nHYDRA &#8211; Gabriel Cupaiolo- Brasil &#8211; 00:05:00<br \/>\n<strong>Ambiente Mediado <\/strong><br \/>\n<strong>La danza interact\u00faa en escenarios naturales comprometida con las historias que narran \/ que subyacen.<\/strong><br \/>\n<strong>9 Videodanzas<\/strong><br \/>\nInteligencia Artificial n\u00ba1: Cuerpo Programado &#8211; H\u00e9ctor Maya \u2013 M\u00e9xico &#8211; 00:06:09<br \/>\nResurrecci\u00f3n bajo el oc\u00e9ano &#8211; Resurrection under the Ocean &#8211; Serkan Akta\u015f &#8211; Turqu\u00eda \u00a0 &#8211; 00:02:57<br \/>\nBICHOS &#8211; Ann Robideaux \u2013 Argentina &#8211; 00:04:53<br \/>\nAcerca de una desolaci\u00f3n &#8211; Mart\u00edn Alonso A. Reyes, Catalina Balc\u00e0zar &#8211; Chile &#8211; 00:10:00<br \/>\nDespertar &#8211; Albertina Daniela Andr\u00e9s &#8211; Argentina &#8211; 00:06:13<br \/>\nPara sacarte de la lluvia &#8211; Pra tirar voc\u00ea da chuva &#8211; Mayara Helena Alvim &#8211; Brasil &#8211; 00:13:30<br \/>\nAguas enredadas &#8211; Entangled Waters &#8211; Robin Lancaster Bisio &#8211; Estados Unidos &#8211; 00:06:01<br \/>\nLunita &#8211; Bartolome Shanahan, Mauricio Maest\u00fa, Irina Gastaud Bentevea, Nicol\u00e1s Delpr\u00e9stito &#8211; Argentina &#8211; 00:05:06<br \/>\n&#8211; Bio (de) Construcci\u00f3n &#8211; Carolina Jakas, La Pacho Audiovisual &#8211; Argentina &#8211; 00:03:15<br \/>\nCuerpos Mediados &#8211; Danza para la pantalla<\/p>\n<p><strong>Videodanza, un lenguaje en el que cuerpo, imagen y relato se entrecruzan y se vuelven inseparables.<\/strong><\/p>\n<p><strong>14 Videodanzas<\/strong> &#8211; Tiempo de ejecuci\u00f3n total: 1:25:14<\/p>\n<p>II &#8211; Felipe Reutter, Sof\u00eda Jaeger\u00a0 &#8211; Chile &#8211; 00:04:00<br \/>\nPasos &#8211; Genoveva Clari\u00e1\u00a0 &#8211; Argentina &#8211; 00:13:10<br \/>\nA plan simple\u00a0 &#8211; Arturo Marinho &#8211; Argentina &#8211; 00:03:02<br \/>\nLos Sue\u00f1os &#8211; Videodanza &#8211; Mar\u00eda Fernanda Vallejos &#8211;\u00a0 Argentina &#8211; 00:07:00<br \/>\nFicticia, pr\u00e1cticas en delay &#8211; Colectivo Back to Back \u2013 Uruguay &#8211; 00:04:58<br \/>\nEntre orix\u00e1s &#8211; Dinah Schonhaut\u00a0 &#8211; Argentina &#8211; 00:08:39<br \/>\nDesasir (Release) &#8211; Daissy P\u00e9rez, Elizabeth P\u00e9rez &#8211; Colombia &#8211; 00:07:00<br \/>\nAtrav\u00e9s &#8211; Catharina Gl\u00f3ria, Emilia Ferrari, Giullia Kelly, Maria Palazzin &#8211; Brasil &#8211; 00:06:26<br \/>\nLuna y Tierra &#8211; Eluney Julian Taganone &#8211; Argentina &#8211; 00:04:02<br \/>\nHabitantes &#8211; Agust\u00edn Detzel &#8211; Argentina &#8211; 00:06:34<br \/>\nPrefiero ser Evita &#8211; Jes\u00fas del Cruz, Elizabeth Paula Monteagudo &#8211; Argentina &#8211; 00:04:18<br \/>\nDespojo &#8211; Diego Alejandro S\u00e1nchez &#8211; Argentina &#8211; 00:06:03<br \/>\nMuros&amp;Laberintos &#8211; Natalia Ferreira &#8211; Argentina &#8211; 00:05:13<br \/>\nAroma de Primavera \u2013 Tavaszillat &#8211; Erika \u00c1gnes Bujdos\u00f3 &#8211; Hungria &#8211; 00:04:49<\/p>\n<p><strong>___________________________________________________________________________<\/strong><\/p>\n<p><strong>&#8211; Artista Invitada: <\/strong><\/p>\n<p><strong>SORAYA VARGAS ROJAS \/ BOGOT\u00c1 &#8211; COLOMBIA <\/strong><a href=\"https:\/\/www.instagram.com\/histeriacinemadanza\/\"><strong>https:\/\/www.instagram.com\/histeriacinemadanza\/<\/strong><\/a><\/p>\n<p>Bailarina, Core\u00f3grafa, Licenciada en Educaci\u00f3n Art\u00edstica, Artista interdisciplinar. Postulante al Doctorado en Ciencias del Arte. Co &#8211; Directora de la Fundaci\u00f3n Imagen en Movimiento desde el a\u00f1o 2004 y del Festival Internacional de Videodanza de Colombia VIDEOMOVIMIENTO. Pionera de la Videodanza en Colombia, recibiendo varios premios como creadora, int\u00e9rprete y directora, a nivel nacional e internacional. Reconocida por su gesti\u00f3n de la danza, del Videodanza y de la danza multimedia, a nivel Colombia e internacionalmente. Forma parte de la Red Iberoamericana de Videodanza REDIV, de la Red internacional DANCE FILM GROUP. Curadora y jurado de danza y videodanza a nivel nacional e internacional.<\/p>\n<p><strong>OBRAS (en una torta):<\/strong><\/p>\n<p><strong>&#8211; LES BARBARES<\/strong><\/p>\n<p>Videodanza Documental<br \/>\nDirecci\u00f3n General: Soraya Vargas Rojas<br \/>\nM\u00fasica original: Jos\u00e9 Miguel Vargas<br \/>\nProducci\u00f3n: HISTERIA CINEMADANZA<br \/>\nDuraci\u00f3n: 18:47<\/p>\n<p>Cuatro protagonistxs sin experiencia espec\u00edfica en danza, pertenecen al sector LGBTQI+, y cada une pertenece a otras comunidades a la vez: poblaci\u00f3n afrodescendiente, con discapacidad, mujeres, trabajadores sexuales, adultos mayores, algunas iletradas.<\/p>\n<p>El objetivo principal fue crear una pieza audiovisual en formato Videodanza documental, que reflejara, como dentro de nuestra sociedad, hemos pensado, visualizado, dictaminado un cuerpo estigmatizado, una corporalidad suscitada por los medios; del mismo modo, a trav\u00e9s de la historia, hemos percibido cuerpos que se esconden por miedo, por dolor, por \u201cverg\u00fcenza\u201d condiciones establecidas socialmente, culturalmente.<\/p>\n<p>Argumentamos con esta pieza audiovisual, ampliar la perspectiva sesgada del cuerpo en la sociedad, la sustentaci\u00f3n de aportar desde el arte a la construcci\u00f3n de cuerpo como territorio, a la liberaci\u00f3n de la corporalidad, al acercamiento del p\u00fablico a visualizar y vislumbrarse con historias que conmueven, tachadas socialmente, acercando a estxs protagonistxs a \u201cdes-cubrirse\u201d abiertamente, metaf\u00f3rica y sublimemente, desde el arte, desde la videodanza documental.<\/p>\n<p>Ha recibido varios premios y menciones destacadas, en diferentes Festivales Internacionales y en Colombia.<\/p>\n<p><strong>&#8211; P\u00c1RAMO SUYAY- P\u00c1RAMO ESPERANZA<\/strong><\/p>\n<p>Direcci\u00f3n General: Soraya Vargas Rojas<br \/>\nM\u00fasica original: Jos\u00e9 Miguel Vargas<br \/>\nDise\u00f1o Gr\u00e1fico: Villy Glez<br \/>\nProducci\u00f3n: HISTERIA CINEMADANZA<\/p>\n<p>Videodanza resultado de la Beca Residencias Rurales Territorios Conexos de IDARTES 2022, con mujeres campesinas de la zona rural de la localidad de Usme, realizando un proceso de creaci\u00f3n hacia el formato Videodanza, con la Agrupaci\u00f3n Suyay de la Vereda Los Soches, de la localidad de Usme, Bogot\u00e1, Colombia.<\/p>\n<p>Pensando en el contexto de territorio, exploramos lugares de La Vereda y de la regi\u00f3n,\u00a0 en donde se ubica el movimiento y la relaci\u00f3n con la c\u00e1mara, desde esa creaci\u00f3n de historia, inspirada por el territorio, por el quehacer de las mujeres de la Vereda Los Soches, por el que hacer de las mujeres campesinas y por el de quienes integran la Agrupaci\u00f3n. La intenci\u00f3n de este proceso, converge entre el di\u00e1logo de estas mujeres campesinas y de la realizadora, generando una nueva creaci\u00f3n en videodanza, como laboratorio de formaci\u00f3n, investigaci\u00f3n y creaci\u00f3n.<\/p>\n<p>Duraci\u00f3n: 10: 50<\/p>\n<p><strong>___________________________________________________________________________<\/strong><\/p>\n<p><strong>PERFORMANCES DEL JUEVES 2\/11 EN EL PATIO DE LOS CIPRESES A LAS 19HS<\/strong><\/p>\n<p>Obra de danza multimedia<\/p>\n<p>DESBORDAMIENTOS &#8211; Mujer y Territorio<\/p>\n<p>Performance de danza Interactiva donde artistas de Argentina, Brasil, Colombia, Costa Rica, Cuba, Chile, Ecuador, El Salvador, Espa\u00f1a, M\u00e9xico, Rep\u00fablica Dominicana, Per\u00fa, Uruguay y Venezuela integrantes de la residencia DESBORDAMIENTOS \u201cMujer y Territorio\u201d interact\u00faan con bailarines de Rosario y la regi\u00f3n de manera sincr\u00f3nica y asincr\u00f3nica; sumergiendo al espectador en un rol activo y a un recorrido de creaci\u00f3n en vivo, a distancia, de manera sincr\u00f3nica y asincr\u00f3nica en m\u00faltiples pantallas y acciones.<\/p>\n<p>Proyecto en congesti\u00f3n con REDIV -Red Iberoamericana de Videodanza y Multimediacoordinado por los miembrxs de REDIV Mar\u00eda Fernanda Vallejos, Sarah Ferreira y<\/p>\n<p>Soraya Vargas Rojas con el apoyo del Programa Iberescena.<\/p>\n<p>2) Performance : Sicko<\/p>\n<p>Puca Nela, Flory \u00c1lvarez, Maxu y Julieta Traferri<\/p>\n<p>3) Performance: CRUCES EN ACCI\u00d3N<\/p>\n<p>A cargo de Elencos y estudiantes del ISP Danzas Isabel Taboga. Dirigen Ver\u00f3nica Mensegues, Julieta Almir\u00f3n, Carolina Lorenzatti, Mar\u00eda Caila.<\/p>\n<p>Una intervenci\u00f3n que conjuga el di\u00e1logo abierto entre la danza cl\u00e1sica, contempor\u00e1nea, folkl\u00f3rica y expresi\u00f3n corporal. Acciones sensibles inspiradas en el espacio arquitect\u00f3nico acompa\u00f1ado de m\u00fasica en vivo<\/p>\n","protected":false},"excerpt":{"rendered":"<p>Edici\u00f3n ALERTA. Organizado por COBAI Rosario.<\/p>\n","protected":false},"author":2,"featured_media":4735,"comment_status":"closed","ping_status":"closed","template":"","tags":[],"mec_category":[20,19],"yoast_head":"<!-- This site is optimized with the Yoast SEO plugin v23.5 - https:\/\/yoast.com\/wordpress\/plugins\/seo\/ -->\n<title>Cuerpo Mediado - Centro Cultural Parque de Espa\u00f1a\/AECID<\/title>\n<meta name=\"robots\" content=\"index, follow, max-snippet:-1, max-image-preview:large, max-video-preview:-1\" \/>\n<link rel=\"canonical\" href=\"https:\/\/ccpe.org.ar\/web\/actividades\/cuerpo-medidado\/\" \/>\n<meta property=\"og:locale\" content=\"es_ES\" \/>\n<meta property=\"og:type\" content=\"article\" \/>\n<meta property=\"og:title\" content=\"Cuerpo Mediado - Centro Cultural Parque de Espa\u00f1a\/AECID\" \/>\n<meta property=\"og:description\" content=\"Edici\u00f3n ALERTA. Organizado por COBAI Rosario.\" \/>\n<meta property=\"og:url\" content=\"https:\/\/ccpe.org.ar\/web\/actividades\/cuerpo-medidado\/\" \/>\n<meta property=\"og:site_name\" content=\"Centro Cultural Parque de Espa\u00f1a\/AECID\" \/>\n<meta property=\"article:publisher\" content=\"https:\/\/www.facebook.com\/CCPErosario\/\" \/>\n<meta property=\"article:modified_time\" content=\"2023-11-01T14:30:33+00:00\" \/>\n<meta property=\"og:image\" content=\"https:\/\/ccpe.org.ar\/web\/wp-content\/uploads\/2023\/10\/b_cuerpo_mediado.jpg\" \/>\n\t<meta property=\"og:image:width\" content=\"980\" \/>\n\t<meta property=\"og:image:height\" content=\"544\" \/>\n\t<meta property=\"og:image:type\" content=\"image\/jpeg\" \/>\n<meta name=\"twitter:card\" content=\"summary_large_image\" \/>\n<meta name=\"twitter:site\" content=\"@ccpe\" \/>\n<meta name=\"twitter:label1\" content=\"Tiempo de lectura\" \/>\n\t<meta name=\"twitter:data1\" content=\"11 minutos\" \/>\n<script type=\"application\/ld+json\" class=\"yoast-schema-graph\">{\"@context\":\"https:\/\/schema.org\",\"@graph\":[{\"@type\":\"WebPage\",\"@id\":\"https:\/\/ccpe.org.ar\/web\/actividades\/cuerpo-medidado\/\",\"url\":\"https:\/\/ccpe.org.ar\/web\/actividades\/cuerpo-medidado\/\",\"name\":\"Cuerpo Mediado - Centro Cultural Parque de Espa\u00f1a\/AECID\",\"isPartOf\":{\"@id\":\"https:\/\/ccpe.org.ar\/web\/#website\"},\"primaryImageOfPage\":{\"@id\":\"https:\/\/ccpe.org.ar\/web\/actividades\/cuerpo-medidado\/#primaryimage\"},\"image\":{\"@id\":\"https:\/\/ccpe.org.ar\/web\/actividades\/cuerpo-medidado\/#primaryimage\"},\"thumbnailUrl\":\"https:\/\/ccpe.org.ar\/web\/wp-content\/uploads\/2023\/10\/b_cuerpo_mediado.jpg\",\"datePublished\":\"2023-10-27T13:30:25+00:00\",\"dateModified\":\"2023-11-01T14:30:33+00:00\",\"breadcrumb\":{\"@id\":\"https:\/\/ccpe.org.ar\/web\/actividades\/cuerpo-medidado\/#breadcrumb\"},\"inLanguage\":\"es\",\"potentialAction\":[{\"@type\":\"ReadAction\",\"target\":[\"https:\/\/ccpe.org.ar\/web\/actividades\/cuerpo-medidado\/\"]}]},{\"@type\":\"ImageObject\",\"inLanguage\":\"es\",\"@id\":\"https:\/\/ccpe.org.ar\/web\/actividades\/cuerpo-medidado\/#primaryimage\",\"url\":\"https:\/\/ccpe.org.ar\/web\/wp-content\/uploads\/2023\/10\/b_cuerpo_mediado.jpg\",\"contentUrl\":\"https:\/\/ccpe.org.ar\/web\/wp-content\/uploads\/2023\/10\/b_cuerpo_mediado.jpg\",\"width\":980,\"height\":544},{\"@type\":\"BreadcrumbList\",\"@id\":\"https:\/\/ccpe.org.ar\/web\/actividades\/cuerpo-medidado\/#breadcrumb\",\"itemListElement\":[{\"@type\":\"ListItem\",\"position\":1,\"name\":\"Portada\",\"item\":\"https:\/\/ccpe.org.ar\/web\/\"},{\"@type\":\"ListItem\",\"position\":2,\"name\":\"Cuerpo Mediado\"}]},{\"@type\":\"WebSite\",\"@id\":\"https:\/\/ccpe.org.ar\/web\/#website\",\"url\":\"https:\/\/ccpe.org.ar\/web\/\",\"name\":\"Centro Cultural Parque de Espa\u00f1a\/AECID\",\"description\":\"Sitio web del Centro Cultural Parque de Espa\u00f1a\/AECID\",\"potentialAction\":[{\"@type\":\"SearchAction\",\"target\":{\"@type\":\"EntryPoint\",\"urlTemplate\":\"https:\/\/ccpe.org.ar\/web\/?s={search_term_string}\"},\"query-input\":{\"@type\":\"PropertyValueSpecification\",\"valueRequired\":true,\"valueName\":\"search_term_string\"}}],\"inLanguage\":\"es\"}]}<\/script>\n<!-- \/ Yoast SEO plugin. -->","yoast_head_json":{"title":"Cuerpo Mediado - Centro Cultural Parque de Espa\u00f1a\/AECID","robots":{"index":"index","follow":"follow","max-snippet":"max-snippet:-1","max-image-preview":"max-image-preview:large","max-video-preview":"max-video-preview:-1"},"canonical":"https:\/\/ccpe.org.ar\/web\/actividades\/cuerpo-medidado\/","og_locale":"es_ES","og_type":"article","og_title":"Cuerpo Mediado - Centro Cultural Parque de Espa\u00f1a\/AECID","og_description":"Edici\u00f3n ALERTA. Organizado por COBAI Rosario.","og_url":"https:\/\/ccpe.org.ar\/web\/actividades\/cuerpo-medidado\/","og_site_name":"Centro Cultural Parque de Espa\u00f1a\/AECID","article_publisher":"https:\/\/www.facebook.com\/CCPErosario\/","article_modified_time":"2023-11-01T14:30:33+00:00","og_image":[{"width":980,"height":544,"url":"https:\/\/ccpe.org.ar\/web\/wp-content\/uploads\/2023\/10\/b_cuerpo_mediado.jpg","type":"image\/jpeg"}],"twitter_card":"summary_large_image","twitter_site":"@ccpe","twitter_misc":{"Tiempo de lectura":"11 minutos"},"schema":{"@context":"https:\/\/schema.org","@graph":[{"@type":"WebPage","@id":"https:\/\/ccpe.org.ar\/web\/actividades\/cuerpo-medidado\/","url":"https:\/\/ccpe.org.ar\/web\/actividades\/cuerpo-medidado\/","name":"Cuerpo Mediado - Centro Cultural Parque de Espa\u00f1a\/AECID","isPartOf":{"@id":"https:\/\/ccpe.org.ar\/web\/#website"},"primaryImageOfPage":{"@id":"https:\/\/ccpe.org.ar\/web\/actividades\/cuerpo-medidado\/#primaryimage"},"image":{"@id":"https:\/\/ccpe.org.ar\/web\/actividades\/cuerpo-medidado\/#primaryimage"},"thumbnailUrl":"https:\/\/ccpe.org.ar\/web\/wp-content\/uploads\/2023\/10\/b_cuerpo_mediado.jpg","datePublished":"2023-10-27T13:30:25+00:00","dateModified":"2023-11-01T14:30:33+00:00","breadcrumb":{"@id":"https:\/\/ccpe.org.ar\/web\/actividades\/cuerpo-medidado\/#breadcrumb"},"inLanguage":"es","potentialAction":[{"@type":"ReadAction","target":["https:\/\/ccpe.org.ar\/web\/actividades\/cuerpo-medidado\/"]}]},{"@type":"ImageObject","inLanguage":"es","@id":"https:\/\/ccpe.org.ar\/web\/actividades\/cuerpo-medidado\/#primaryimage","url":"https:\/\/ccpe.org.ar\/web\/wp-content\/uploads\/2023\/10\/b_cuerpo_mediado.jpg","contentUrl":"https:\/\/ccpe.org.ar\/web\/wp-content\/uploads\/2023\/10\/b_cuerpo_mediado.jpg","width":980,"height":544},{"@type":"BreadcrumbList","@id":"https:\/\/ccpe.org.ar\/web\/actividades\/cuerpo-medidado\/#breadcrumb","itemListElement":[{"@type":"ListItem","position":1,"name":"Portada","item":"https:\/\/ccpe.org.ar\/web\/"},{"@type":"ListItem","position":2,"name":"Cuerpo Mediado"}]},{"@type":"WebSite","@id":"https:\/\/ccpe.org.ar\/web\/#website","url":"https:\/\/ccpe.org.ar\/web\/","name":"Centro Cultural Parque de Espa\u00f1a\/AECID","description":"Sitio web del Centro Cultural Parque de Espa\u00f1a\/AECID","potentialAction":[{"@type":"SearchAction","target":{"@type":"EntryPoint","urlTemplate":"https:\/\/ccpe.org.ar\/web\/?s={search_term_string}"},"query-input":{"@type":"PropertyValueSpecification","valueRequired":true,"valueName":"search_term_string"}}],"inLanguage":"es"}]}},"_links":{"self":[{"href":"https:\/\/ccpe.org.ar\/web\/wp-json\/wp\/v2\/mec-events\/4734"}],"collection":[{"href":"https:\/\/ccpe.org.ar\/web\/wp-json\/wp\/v2\/mec-events"}],"about":[{"href":"https:\/\/ccpe.org.ar\/web\/wp-json\/wp\/v2\/types\/mec-events"}],"author":[{"embeddable":true,"href":"https:\/\/ccpe.org.ar\/web\/wp-json\/wp\/v2\/users\/2"}],"replies":[{"embeddable":true,"href":"https:\/\/ccpe.org.ar\/web\/wp-json\/wp\/v2\/comments?post=4734"}],"wp:featuredmedia":[{"embeddable":true,"href":"https:\/\/ccpe.org.ar\/web\/wp-json\/wp\/v2\/media\/4735"}],"wp:attachment":[{"href":"https:\/\/ccpe.org.ar\/web\/wp-json\/wp\/v2\/media?parent=4734"}],"wp:term":[{"taxonomy":"post_tag","embeddable":true,"href":"https:\/\/ccpe.org.ar\/web\/wp-json\/wp\/v2\/tags?post=4734"},{"taxonomy":"mec_category","embeddable":true,"href":"https:\/\/ccpe.org.ar\/web\/wp-json\/wp\/v2\/mec_category?post=4734"}],"curies":[{"name":"wp","href":"https:\/\/api.w.org\/{rel}","templated":true}]}}