{"id":5243,"date":"2024-03-25T10:25:50","date_gmt":"2024-03-25T13:25:50","guid":{"rendered":"https:\/\/ccpe.org.ar\/web\/?post_type=mec-events&#038;p=5243"},"modified":"2024-03-26T09:05:13","modified_gmt":"2024-03-26T12:05:13","slug":"esto-es-cine","status":"publish","type":"mec-events","link":"https:\/\/ccpe.org.ar\/web\/actividades\/esto-es-cine\/","title":{"rendered":"Esto es cine"},"content":{"rendered":"<p><span style=\"font-weight: 400;\">Franchi, <\/span><span style=\"font-weight: 400;\">artista multifac\u00e9tico, m\u00fasico y comediante rosarino,<\/span><span style=\"font-weight: 400;\"> abre las puertas de su mundo y nos invita a disfrutar de un show de m\u00fasica y humor para encontrar la belleza en las peque\u00f1as cosas de la vida cotidiana.<\/span><\/p>\n<p><span style=\"font-weight: 400;\">Franchi despliega en el escenario un espect\u00e1culo de ficciones desopilantes a partir de fragmentos de la realidad, acompa\u00f1ado de invitados especiales.<\/span><\/p>\n<p><span style=\"font-weight: 400;\">Rosario es la primera estaci\u00f3n en un recorrido que llevar\u00e1 al artista por diferentes escenarios del continente durante 2024.<\/span><\/p>\n<p><iframe loading=\"lazy\" title=\"YouTube video player\" src=\"https:\/\/www.youtube.com\/embed\/TqeQ-FkITow?si=WYmXneD3Z5LZ7-4k&amp;controls=0\" width=\"560\" height=\"315\" frameborder=\"0\" allowfullscreen=\"allowfullscreen\"><\/iframe><\/p>\n<p><b>S\u00e1bado 6\/4, 20.30 h en el <\/b><b>T\u00fanel 4<\/b><b> del CCPE (Sarmiento y el r\u00edo). No se suspende por lluvia.<\/b><\/p>\n<p><span style=\"font-weight: 400;\">Entradas generales $10.000 (en la puerta). Anticipadas: $6.000, $8.000 y $10.000 hasta agotar stock de cada una. En venta en<\/span><a href=\"https:\/\/1000tickets.com.ar\/evento?id_evento=1203&amp;esto-es-cine\"><span style=\"font-weight: 400;\"> www.1000tickets.com.ar <\/span><\/a><span style=\"font-weight: 400;\">y en el CCPE (efectivo y transferencia): de lunes a viernes de 9 a 15 (administraci\u00f3n); jueves, viernes y s\u00e1bados, de 16 a 20 h y 1 hora antes del espect\u00e1culo (Galer\u00edas). <\/span><span style=\"font-weight: 400;\">\u00a0<\/span><\/p>\n<p><span style=\"font-weight: 400;\">Si necesit\u00e1s asistencia personalizada para inscribirte o asistir, pod\u00e9s comunicarte a <\/span><a href=\"mailto:info@ccpe.org.ar\"><span style=\"font-weight: 400;\">info@ccpe.org.ar<\/span><\/a><span style=\"font-weight: 400;\"> o consultar nuestra <\/span><a href=\"https:\/\/ccpe.org.ar\/web\/accesibilidad\/\"><span style=\"font-weight: 400;\">secci\u00f3n de accesibilidad.<\/span><\/a><\/p>\n","protected":false},"excerpt":{"rendered":"<p>El artista multifac\u00e9tico Franchi presenta un show de m\u00fasica y humor para encontrar la belleza en las peque\u00f1as cosas de la vida cotidiana.<\/p>\n","protected":false},"author":2,"featured_media":5244,"comment_status":"closed","ping_status":"closed","template":"","tags":[],"mec_category":[20,19],"yoast_head":"<!-- This site is optimized with the Yoast SEO plugin v23.5 - https:\/\/yoast.com\/wordpress\/plugins\/seo\/ -->\n<title>Esto es cine - Centro Cultural Parque de Espa\u00f1a\/AECID<\/title>\n<meta name=\"robots\" content=\"index, follow, max-snippet:-1, max-image-preview:large, max-video-preview:-1\" \/>\n<link rel=\"canonical\" href=\"https:\/\/ccpe.org.ar\/web\/actividades\/esto-es-cine\/\" \/>\n<meta property=\"og:locale\" content=\"es_ES\" \/>\n<meta property=\"og:type\" content=\"article\" \/>\n<meta property=\"og:title\" content=\"Esto es cine - Centro Cultural Parque de Espa\u00f1a\/AECID\" \/>\n<meta property=\"og:description\" content=\"El artista multifac\u00e9tico Franchi presenta un show de m\u00fasica y humor para encontrar la belleza en las peque\u00f1as cosas de la vida cotidiana.\" \/>\n<meta property=\"og:url\" content=\"https:\/\/ccpe.org.ar\/web\/actividades\/esto-es-cine\/\" \/>\n<meta property=\"og:site_name\" content=\"Centro Cultural Parque de Espa\u00f1a\/AECID\" \/>\n<meta property=\"article:publisher\" content=\"https:\/\/www.facebook.com\/CCPErosario\/\" \/>\n<meta property=\"article:modified_time\" content=\"2024-03-26T12:05:13+00:00\" \/>\n<meta property=\"og:image\" content=\"https:\/\/ccpe.org.ar\/web\/wp-content\/uploads\/2024\/03\/b_estoescine.jpg\" \/>\n\t<meta property=\"og:image:width\" content=\"980\" \/>\n\t<meta property=\"og:image:height\" content=\"544\" \/>\n\t<meta property=\"og:image:type\" content=\"image\/jpeg\" \/>\n<meta name=\"twitter:card\" content=\"summary_large_image\" \/>\n<meta name=\"twitter:site\" content=\"@ccpe\" \/>\n<meta name=\"twitter:label1\" content=\"Tiempo de lectura\" \/>\n\t<meta name=\"twitter:data1\" content=\"1 minuto\" \/>\n<script type=\"application\/ld+json\" class=\"yoast-schema-graph\">{\"@context\":\"https:\/\/schema.org\",\"@graph\":[{\"@type\":\"WebPage\",\"@id\":\"https:\/\/ccpe.org.ar\/web\/actividades\/esto-es-cine\/\",\"url\":\"https:\/\/ccpe.org.ar\/web\/actividades\/esto-es-cine\/\",\"name\":\"Esto es cine - Centro Cultural Parque de Espa\u00f1a\/AECID\",\"isPartOf\":{\"@id\":\"https:\/\/ccpe.org.ar\/web\/#website\"},\"primaryImageOfPage\":{\"@id\":\"https:\/\/ccpe.org.ar\/web\/actividades\/esto-es-cine\/#primaryimage\"},\"image\":{\"@id\":\"https:\/\/ccpe.org.ar\/web\/actividades\/esto-es-cine\/#primaryimage\"},\"thumbnailUrl\":\"https:\/\/ccpe.org.ar\/web\/wp-content\/uploads\/2024\/03\/b_estoescine.jpg\",\"datePublished\":\"2024-03-25T13:25:50+00:00\",\"dateModified\":\"2024-03-26T12:05:13+00:00\",\"breadcrumb\":{\"@id\":\"https:\/\/ccpe.org.ar\/web\/actividades\/esto-es-cine\/#breadcrumb\"},\"inLanguage\":\"es\",\"potentialAction\":[{\"@type\":\"ReadAction\",\"target\":[\"https:\/\/ccpe.org.ar\/web\/actividades\/esto-es-cine\/\"]}]},{\"@type\":\"ImageObject\",\"inLanguage\":\"es\",\"@id\":\"https:\/\/ccpe.org.ar\/web\/actividades\/esto-es-cine\/#primaryimage\",\"url\":\"https:\/\/ccpe.org.ar\/web\/wp-content\/uploads\/2024\/03\/b_estoescine.jpg\",\"contentUrl\":\"https:\/\/ccpe.org.ar\/web\/wp-content\/uploads\/2024\/03\/b_estoescine.jpg\",\"width\":980,\"height\":544},{\"@type\":\"BreadcrumbList\",\"@id\":\"https:\/\/ccpe.org.ar\/web\/actividades\/esto-es-cine\/#breadcrumb\",\"itemListElement\":[{\"@type\":\"ListItem\",\"position\":1,\"name\":\"Portada\",\"item\":\"https:\/\/ccpe.org.ar\/web\/\"},{\"@type\":\"ListItem\",\"position\":2,\"name\":\"Esto es cine\"}]},{\"@type\":\"WebSite\",\"@id\":\"https:\/\/ccpe.org.ar\/web\/#website\",\"url\":\"https:\/\/ccpe.org.ar\/web\/\",\"name\":\"Centro Cultural Parque de Espa\u00f1a\/AECID\",\"description\":\"Sitio web del Centro Cultural Parque de Espa\u00f1a\/AECID\",\"potentialAction\":[{\"@type\":\"SearchAction\",\"target\":{\"@type\":\"EntryPoint\",\"urlTemplate\":\"https:\/\/ccpe.org.ar\/web\/?s={search_term_string}\"},\"query-input\":{\"@type\":\"PropertyValueSpecification\",\"valueRequired\":true,\"valueName\":\"search_term_string\"}}],\"inLanguage\":\"es\"}]}<\/script>\n<!-- \/ Yoast SEO plugin. -->","yoast_head_json":{"title":"Esto es cine - Centro Cultural Parque de Espa\u00f1a\/AECID","robots":{"index":"index","follow":"follow","max-snippet":"max-snippet:-1","max-image-preview":"max-image-preview:large","max-video-preview":"max-video-preview:-1"},"canonical":"https:\/\/ccpe.org.ar\/web\/actividades\/esto-es-cine\/","og_locale":"es_ES","og_type":"article","og_title":"Esto es cine - Centro Cultural Parque de Espa\u00f1a\/AECID","og_description":"El artista multifac\u00e9tico Franchi presenta un show de m\u00fasica y humor para encontrar la belleza en las peque\u00f1as cosas de la vida cotidiana.","og_url":"https:\/\/ccpe.org.ar\/web\/actividades\/esto-es-cine\/","og_site_name":"Centro Cultural Parque de Espa\u00f1a\/AECID","article_publisher":"https:\/\/www.facebook.com\/CCPErosario\/","article_modified_time":"2024-03-26T12:05:13+00:00","og_image":[{"width":980,"height":544,"url":"https:\/\/ccpe.org.ar\/web\/wp-content\/uploads\/2024\/03\/b_estoescine.jpg","type":"image\/jpeg"}],"twitter_card":"summary_large_image","twitter_site":"@ccpe","twitter_misc":{"Tiempo de lectura":"1 minuto"},"schema":{"@context":"https:\/\/schema.org","@graph":[{"@type":"WebPage","@id":"https:\/\/ccpe.org.ar\/web\/actividades\/esto-es-cine\/","url":"https:\/\/ccpe.org.ar\/web\/actividades\/esto-es-cine\/","name":"Esto es cine - Centro Cultural Parque de Espa\u00f1a\/AECID","isPartOf":{"@id":"https:\/\/ccpe.org.ar\/web\/#website"},"primaryImageOfPage":{"@id":"https:\/\/ccpe.org.ar\/web\/actividades\/esto-es-cine\/#primaryimage"},"image":{"@id":"https:\/\/ccpe.org.ar\/web\/actividades\/esto-es-cine\/#primaryimage"},"thumbnailUrl":"https:\/\/ccpe.org.ar\/web\/wp-content\/uploads\/2024\/03\/b_estoescine.jpg","datePublished":"2024-03-25T13:25:50+00:00","dateModified":"2024-03-26T12:05:13+00:00","breadcrumb":{"@id":"https:\/\/ccpe.org.ar\/web\/actividades\/esto-es-cine\/#breadcrumb"},"inLanguage":"es","potentialAction":[{"@type":"ReadAction","target":["https:\/\/ccpe.org.ar\/web\/actividades\/esto-es-cine\/"]}]},{"@type":"ImageObject","inLanguage":"es","@id":"https:\/\/ccpe.org.ar\/web\/actividades\/esto-es-cine\/#primaryimage","url":"https:\/\/ccpe.org.ar\/web\/wp-content\/uploads\/2024\/03\/b_estoescine.jpg","contentUrl":"https:\/\/ccpe.org.ar\/web\/wp-content\/uploads\/2024\/03\/b_estoescine.jpg","width":980,"height":544},{"@type":"BreadcrumbList","@id":"https:\/\/ccpe.org.ar\/web\/actividades\/esto-es-cine\/#breadcrumb","itemListElement":[{"@type":"ListItem","position":1,"name":"Portada","item":"https:\/\/ccpe.org.ar\/web\/"},{"@type":"ListItem","position":2,"name":"Esto es cine"}]},{"@type":"WebSite","@id":"https:\/\/ccpe.org.ar\/web\/#website","url":"https:\/\/ccpe.org.ar\/web\/","name":"Centro Cultural Parque de Espa\u00f1a\/AECID","description":"Sitio web del Centro Cultural Parque de Espa\u00f1a\/AECID","potentialAction":[{"@type":"SearchAction","target":{"@type":"EntryPoint","urlTemplate":"https:\/\/ccpe.org.ar\/web\/?s={search_term_string}"},"query-input":{"@type":"PropertyValueSpecification","valueRequired":true,"valueName":"search_term_string"}}],"inLanguage":"es"}]}},"_links":{"self":[{"href":"https:\/\/ccpe.org.ar\/web\/wp-json\/wp\/v2\/mec-events\/5243"}],"collection":[{"href":"https:\/\/ccpe.org.ar\/web\/wp-json\/wp\/v2\/mec-events"}],"about":[{"href":"https:\/\/ccpe.org.ar\/web\/wp-json\/wp\/v2\/types\/mec-events"}],"author":[{"embeddable":true,"href":"https:\/\/ccpe.org.ar\/web\/wp-json\/wp\/v2\/users\/2"}],"replies":[{"embeddable":true,"href":"https:\/\/ccpe.org.ar\/web\/wp-json\/wp\/v2\/comments?post=5243"}],"wp:featuredmedia":[{"embeddable":true,"href":"https:\/\/ccpe.org.ar\/web\/wp-json\/wp\/v2\/media\/5244"}],"wp:attachment":[{"href":"https:\/\/ccpe.org.ar\/web\/wp-json\/wp\/v2\/media?parent=5243"}],"wp:term":[{"taxonomy":"post_tag","embeddable":true,"href":"https:\/\/ccpe.org.ar\/web\/wp-json\/wp\/v2\/tags?post=5243"},{"taxonomy":"mec_category","embeddable":true,"href":"https:\/\/ccpe.org.ar\/web\/wp-json\/wp\/v2\/mec_category?post=5243"}],"curies":[{"name":"wp","href":"https:\/\/api.w.org\/{rel}","templated":true}]}}