{"id":5920,"date":"2024-08-14T09:57:36","date_gmt":"2024-08-14T12:57:36","guid":{"rendered":"https:\/\/ccpe.org.ar\/web\/?post_type=mec-events&#038;p=5920"},"modified":"2026-04-19T16:37:58","modified_gmt":"2026-04-19T19:37:58","slug":"5920","status":"publish","type":"mec-events","link":"https:\/\/ccpe.org.ar\/web\/actividades\/5920\/","title":{"rendered":"Patrimonio cultural para el desarrollo"},"content":{"rendered":"<p><span style=\"font-weight: 400;\">El Centro Cultural Parque de Espa\u00f1a abre la inscripci\u00f3n al curso de formaci\u00f3n Patrimonio cultural para el desarrollo. Puesta en valor, gesti\u00f3n sostenible e impacto sobre el desarrollo. En el marco del Programa ACERCA de Capacitaci\u00f3n para el Sector Cultural de la Cooperaci\u00f3n Espa\u00f1ola. Organizan: Centro Cultural Parque de Espa\u00f1a \/ Museo Hist\u00f3rico Provincial de Rosario Dr. Julio Marc + Sitio Arqueol\u00f3gico Sancti Spiritus Puerto Gaboto (Ministerio de Cultura de Santa Fe).<\/span><\/p>\n<p><span style=\"font-weight: 400;\">Destinado a gestores culturales, funcionarios p\u00fablicos, agentes culturales institucionales, estudiantes de carreras afines.\u00a0<\/span><\/p>\n<p><span style=\"font-weight: 400;\">Docentes: Pedro Delheye, Luc\u00eda Pesci, Juan de la Serna, Patricia San Mart\u00edn, \u00c1ngel Portol\u00e9s Gorriz, Alicia Castillo Mena, Alicia Gartner, Viviana Usubiaga, Johana Palmeyro, Feda Baeza, Sergio Escribano Ruiz, Juan Ignacio Mu\u00f1oz, Luciano Rey Zapata, Soledad Biasatti.<\/span><\/p>\n<p><b>Del 11 al 13\/9 en el Centro Cultural Parque de Espa\u00f1a, Museo Julio Marc y\u00a0 Fuerte Sancti Spiritus (Gaboto). Gratis, con<\/b><a href=\"https:\/\/docs.google.com\/forms\/d\/1q5_ADuwdgHQ5kSfgcgnEBcgIlNzMg-TXw6IBFcfpIA4\/edit\"><b> inscripci\u00f3n hasta el 6\/9 a las 14hs, ac\u00e1.<\/b><\/a><b> Cupos limitados. Se entregar\u00e1n certificados. Modalidad: presencial<\/b><\/p>\n<p><span style=\"font-weight: 400;\">El desaf\u00edo colectivo de velar por la conservaci\u00f3n, la salvaguardia y la promoci\u00f3n de todo el sector cultural, incluido el patrimonio cultural material e inmaterial representa hoy un imperativo \u00e9tico impulsor del desarrollo sostenible. Alineado con el ODS 11.4 sobre la protecci\u00f3n del patrimonio cultural y natural del mundo y en concordancia con la Declaraci\u00f3n MONDIACULT 2022, que describe al patrimonio cultural como valor conformado y nutrido por el respeto de la dignidad humana y de todos los derechos humanos, proponemos esta capacitaci\u00f3n ACERCA.<\/span><\/p>\n<p><b>PROGRAMA\u00a0<\/b><\/p>\n<p><span style=\"font-weight: 400;\">Mi\u00e9rcoles 11\/9 (CCPE)<\/span><br \/><b>Jornada I:<\/b> <b>Derecho al Patrimonio: identidad y memoria. Panorama iberoamericano<\/b><br \/><span style=\"font-weight: 400;\">El patrimonio cultural como valor que reafirma el respeto a la interculturalidad, la salvaguarda y promoci\u00f3n de todo el sector cultural, incluido el patrimonio material e inmaterial como imperativo \u00e9tico.<\/span><\/p>\n<p><span style=\"font-weight: 400;\">9.00 a 10.30 h.<\/span><br \/><span style=\"font-weight: 400;\">Palabras de bienvenida.<\/span><br \/><b>Charla Inaugural: Gesti\u00f3n del Patrimonio Cultural basada en Derechos.\u00a0<\/b><br \/><span style=\"font-weight: 400;\">Pedro Delheye: \u201cEl Patrimonio cultural en Argentina. Nuevos abordajes\u201d.<\/span><br \/><span style=\"font-weight: 400;\">Luc\u00eda Pesci: \u201cSustentabilidad, patrimonio y paisaje. Nuevos enfoques para el futuro\u201d.\u00a0<\/span><br \/><span style=\"font-weight: 400;\">Modera: Pablo Montini<\/span><\/p>\n<p><span style=\"font-weight: 400;\">10.30 a 11 h Break<\/span><\/p>\n<p><span style=\"font-weight: 400;\">11.00\u00a0 a 12.30 h<\/span><br \/><b>Charla: Patrimonio: contribuci\u00f3n e impulso al desarrollo sostenible<\/b><br \/><span style=\"font-weight: 400;\">Juan de la Serna: Patrimonio Cultural y Desarrollo Sostenible<\/span><br \/><span style=\"font-weight: 400;\">Patricia San Mart\u00edn: Hacia un modelo anal\u00edtico multidimensional de sostenibilidad del PCI<\/span><br \/><span style=\"font-weight: 400;\">Modera: Pablo Platas\u00a0<\/span><\/p>\n<p><span style=\"font-weight: 400;\">12.30 a 13.30h Break<\/span><\/p>\n<p><span style=\"font-weight: 400;\">13.30 a 15.00 h\u00a0<\/span><br \/><b>Charla: Patrimonio, comunidad y construcci\u00f3n de ciudadan\u00eda.\u00a0<\/b><br \/><span style=\"font-weight: 400;\">\u00c1ngel Portol\u00e9s Gorriz (U. Jaume I): \u00a0Redes son amores. Las comunidades patrimoniales como medio para generar una gobernanza ciudadana desde el patrimonio. (on line)<\/span><br \/><span style=\"font-weight: 400;\">Alicia Castillo Mena (UCM): El tratamiento del Patrimonio cultural desde un enfoque basado en personas. (on line)<\/span><br \/><span style=\"font-weight: 400;\">Modera: Mar\u00eda Eugenia Prece (ALMAPIEDRA Restauraciones)<\/span><\/p>\n<p><span style=\"font-weight: 400;\">Jueves 12\/9\/2024 (MUSEO MARC)<\/span><br \/><b>Jornada II: El patrimonio tiene historia. La d\u00e9bil institucionalidad argentina. An\u00e1lisis para una innovaci\u00f3n de pol\u00edticas futuras.<\/b><\/p>\n<p><span style=\"font-weight: 400;\">9.00\u00a0 a 10.30 h<\/span><br \/><b>Charla &#8211; Conversatorio: Gesti\u00f3n del patrimonio, innovaci\u00f3n en pol\u00edticas p\u00fablicas de patrimonio, memoria y diversidad cultural en clave patrimonial.\u00a0<\/b><br \/><span style=\"font-weight: 400;\">Pedro Delheye, Miriam Carabajal y Lucino Rey.<\/span><br \/><span style=\"font-weight: 400;\">Modera: Susana Rueda (Ministra de Cultura de Santa Fe)<\/span><br \/>Charla abierta al p\u00fablico en general<\/p>\n<p><span style=\"font-weight: 400;\">10.30 a 11.00\u00a0 h Break<\/span><\/p>\n<p><span style=\"font-weight: 400;\">11.00\u00a0 a 12.30\u00a0 h<\/span><br \/><b>Las dimensiones significativas del Patrimonio Cultural. Historia, naturaleza e identidad.\u00a0<\/b><br \/><span style=\"font-weight: 400;\">Alicia Gartner: La Historia oral y sus aportes a la democratizaci\u00f3n del patrimonio. (on line)<\/span><br \/><span style=\"font-weight: 400;\">Viviana Usubiaga: Activar los patrimonios, una tarea colectiva.\u00a0<\/span><br \/><span style=\"font-weight: 400;\">Juan Mu\u00f1oz: Una locomotora es la fuckin Gioconda &#8211; Museos, patrimonio y colapso<\/span><br \/>Modera: Guillermo R\u00edos<\/p>\n<p><span style=\"font-weight: 400;\">12.30 a 14.00 h Break\u00a0<\/span><\/p>\n<p><span style=\"font-weight: 400;\">14.00 a 15.00 h<\/span><br \/><b>Charla:<\/b> <b>Patrimonio cr\u00edtico. Decolonialidad, g\u00e9nero y pol\u00edtica.<\/b><br \/><span style=\"font-weight: 400;\">Johana Palmeyro: Habitar la incomodidad. Pr\u00e1cticas de justicia museal (on line)\u00a0<\/span><br \/><span style=\"font-weight: 400;\">Modera: Mus. Mario Amattielo (Galpones del Paran\u00e1)<\/span><\/p>\n<p><span style=\"font-weight: 400;\">16.00 a 18.00 h\u00a0<\/span><br \/><span style=\"font-weight: 400;\">Feda Baeza: Cultura y formas de vida. Patrimonio y reconocimiento comunitario.<\/span><br \/><span style=\"font-weight: 400;\">Charla abierta al p\u00fablico en general<\/span><\/p>\n<p>Viernes 13\/9. Sitio Arqueol\u00f3gico Fuerte Sancti Spiritus<br \/><strong>Jornada III\u00a0<\/strong><\/p>\n<p>8.30 h. Traslado a la ciudad de Gaboto, Santa Fe.<br \/>La jornada se desarrolla en el Sitio Arqueol\u00f3gico Fuerte Sancti Spiritus en la localidad de Puerto Gaboto dependiente del Ministerio de Cultura de la Provincia de Santa Fe.<br \/>Eje de trabajo. Patrimonio, Identidad y Territorio. Gesti\u00f3n participativa del patrimonio.<br \/>10 h \/ Llegada a Sancti Spiritus. Palabras de presentaci\u00f3n<\/p>\n<p>10.15 h Charla: La Puesta en Valor de Sancti Spiritus, la memoria persistente de un fuerte ef\u00edmero<br \/>Sergio Escribano Ruiz \/ Universidad del Pa\u00eds Vasco (UPV\/EHU), C\u00e1tedra UNESCO Paisajes Culturales y Patrimonio (on line).<br \/>AGUSTIN AZKARATE \/ Profesor Em\u00e9rito de la Universidad del Pa\u00eds Vasco (UPV\/EHU) es doctor en Arqueolog\u00eda por la Universidad del Pa\u00eds Vasco (UPV\/EHU) y Licenciado en Filosof\u00eda y Letras (Historia) por la Universidad de Zaragoza.<\/p>\n<p>11 h Charla \u00abRelato de la construcci\u00f3n de un sitio arqueol\u00f3gico\u00bb<br \/>Luciano Rey Zapata y Soledad Biasatti \u2013 Subsecretar\u00eda de Identidad y Territorio, Ministerio de Cultura de Santa Fe<\/p>\n<p>Charla: <b>La Puesta en Valor de Sancti Spiritus, la memoria persistente de un fuerte ef\u00edmero<\/b><br \/><span style=\"font-weight: 400;\">Sergio Escribano Ruiz \/ Universidad del Pa\u00eds Vasco (UPV\/EHU), C\u00e1tedra UNESCO Paisajes Culturales y Patrimonio (on line)<\/span><\/p>\n<p>\u00a0<\/p>\n<p>\u00a0<\/p>\n<h2>Biograf\u00edas<\/h2>\n<p><b>Pedro Delheye<\/b><\/p>\n<p><span style=\"font-weight: 400;\">Arquitecto (FAU UNLP 1990), M\u00e1ster en gesti\u00f3n cultural (Universidad de Barcelona 2008). Se ha desempe\u00f1ado como Director General de Cultura de La Plata (1998 &#8211; 2004); Director General de la Comisi\u00f3n de Cultura y Director de la Comisi\u00f3n de Patrimonio Cultural de la Legislatura porte\u00f1a (2005 &#8211; 2009 y 2017-2019); Asesor del Directorio del Teatro Col\u00f3n y responsable del Centro de Documentaci\u00f3n del Teatro (2010-2013); Regente de la Escuela Nacional de Museolog\u00eda (2013-2015).<\/span><br \/><span style=\"font-weight: 400;\">Presidente de ICOMOS Argentina (2015- 2021), Presidente de la Fundaci\u00f3n Ciudad de La Plata (2008-2014) y Presidente de la C\u00e1mara Regional de Turismo La Plata ( 2016-2018).\u00a0\u00a0<\/span><br \/><span style=\"font-weight: 400;\">Coordinador Acad\u00e9mico y docente del Programa de Posgrado en Gesti\u00f3n y Pol\u00edticas Culturales, \/(FCE UNLP 2011-2018); Coordinador Acad\u00e9mico y docente del Programa de Destinos Tur\u00edsticos Inteligentes (FCE UNLP 2020.2023). Docente en UNLP, UBA, UNTref, UDESA, Enam, UBA.\u00a0<\/span><br \/><span style=\"font-weight: 400;\">De 2020 a 2024 Director Provincial de Patrimonio Cultural de la Provincia de Buenos Aires y desde 2022 Vocal Secretario de la Comisi\u00f3n Nacional de Monumentos, de Lugares y de Bienes Hist\u00f3ricos. Autor de libros y art\u00edculos relacionados con su especialidad.<\/span><\/p>\n<p><b>Luc\u00eda Pesci\u00a0<\/b><br \/><span style=\"font-weight: 400;\">Ge\u00f3grafa (UNLP, Argentina). Mag\u00edster en Desarrollo Sustentable (UNLa, Argentina).\u00a0<\/span><br \/><span style=\"font-weight: 400;\">Presidenta de la Fundaci\u00f3n CEPA (Centros de Estudios y Proyectos del Ambiente) y Directora Consultora CEPA.\u00a0<\/span><br \/><span style=\"font-weight: 400;\">Vicepresidenta FLACAM \/ Foro Latinoamericano de Ciencias Ambientales &#8211; C\u00e1tedra UNESCO para el Desarrollo Sustentable<\/span><br \/><span style=\"font-weight: 400;\">Consultora del BID Banco Interamericano de Desarrollo para el an\u00e1lisis de Buenas Pr\u00e1cticas en gesti\u00f3n del patrimonio en Am\u00e9rica Latina y el Caribe. <\/span><span style=\"font-weight: 400;\">Miembro de Our World Heritage y de la Sociedad Heritopolis UN-H\u00e1bitat UNI MetroHub Consortium. Tambi\u00e9n es Miembro Nodo Gesti\u00f3n Pol\u00edtica del Paisaje LALI Iniciativa Latinoamericana del Paisaje y del Grupo Especial Di\u00e1logos interculturales para una resistencia pac\u00edfica de CLACSO (Consejo Latinoamericano de Ciencias Sociales) \/ ReLEEI (Red Latinoamericana de Estudios y experiencias interculturales). Experta en patrimonio y paisaje.<\/span><\/p>\n<p><b>Juan De La Serna Torroba\u00a0<\/b><br \/><span style=\"font-weight: 400;\">Arquitecto y Urbanista (UPM). M\u00e1ster en Intervenci\u00f3n del Patrimonio Arquitect\u00f3nico por la UPM.Especialista en programas y proyectos de Gesti\u00f3n, Conservaci\u00f3n y puesta en valor del Patrimonio Cultural en el \u00e1mbito de la cooperaci\u00f3n al desarrollo.Responsable del Programa Patrimonio para el Desarrollo de AECID en Per\u00fa en (1993-2002 y 2002-2024) y en Guatemala (2003-2004).<\/span><br \/><span style=\"font-weight: 400;\">Responsable de m\u00e1s de 300 proyectos de conservaci\u00f3n, puesta en valor y gesti\u00f3n del patrimonio cultural, planeamiento y gesti\u00f3n urbana de centros hist\u00f3ricos, paisaje cultural, sitios arqueol\u00f3gicos, restauraci\u00f3n de monumentos, renovaci\u00f3n urbana y vivienda, intervenci\u00f3n de espacios p\u00fablicos, vivienda rural, escuelas taller, patrimonio inmaterial, etc.<\/span><br \/><span style=\"font-weight: 400;\">Algunos proyectos fueron premiados u obtuvieron reconocimientos del Colegio de Arquitectos del Per\u00fa, Bienal de Quito, BID, PNUD, etc.<\/span><br \/><span style=\"font-weight: 400;\">Autor de publicaciones relacionadas con la intervenci\u00f3n y gesti\u00f3n del patrimonio cultural como estrategia de desarrollo.<\/span><\/p>\n<p><b>Patricia Silvana San Mart\u00edn<\/b><span style=\"font-weight: 400;\">\u00a0<\/span><br \/><span style=\"font-weight: 400;\">Doctora en Humanidades y Artes. UNR. Investigadora Principal CONICET.\u00a0 Directora del Instituto Rosario de Investigaciones en Ciencias de la Educaci\u00f3n\u00a0 (IRICE CONICET-UNR).\u00a0 Docente Investigadora cat. I y Prof. Titular Facultad de Humanidades y Artes UNR. Representante por UNR de la Red Interuniversitaria en Patrimonio Cultural Inmaterial de Latinoam\u00e9rica y el Caribe. (Programa UNITWIN de c\u00e1tedras y redes UNESCO).\u00a0<\/span><\/p>\n<p><b>Alicia Castillo Mena\u00a0<\/b><br \/><span style=\"font-weight: 400;\">Profesora titular del Departamento de Prehistoria, Historia Antigua y Arqueolog\u00eda de la Facultad de Geograf\u00eda e Historia de la Universidad Complutense de Madrid. Arque\u00f3loga especialista en Gesti\u00f3n de Patrimonio Cultural y Directora del grupo de investigaci\u00f3n con el mismo nombre desde 2015. Directora de publicaciones de la UCM desde 2022. Anteriormente fue Coordinadora del M\u00e1ster Interuniversitario Patrimonio Cultural en el S.XXI: Gesti\u00f3n e Investigaci\u00f3n (2018-2023) UCM y Universidad Polit\u00e9cnica de Madrid. Cuenta con m\u00e1s de 20 a\u00f1os de experiencia docente habitualmente en grados y posgrados oficiales en la UCM y con participaci\u00f3n en otros centros como la Univ. de la Sorbona, de la Habana, UNAM, BUAP, CONYCET Argentina, Universidad de Barcelona, Univ. De Padua, Univ. Helsinki, etc. Sus principales trabajos han estado centrados en aspectos sociales, las relaciones del urbanismo con la Arqueolog\u00eda hasta los temas del Patrimonio Mundial en Europa y Latinoam\u00e9rica. Entre sus intereses y proyectos m\u00e1s recientes se encuentran trabajos vinculados a procesos participativos, estudios de percepci\u00f3n social y resoluci\u00f3n de conflictos en la gesti\u00f3n patrimonial, as\u00ed como la innovaci\u00f3n docente. Ha sido presidenta ICOMOS Espa\u00f1a, cuerpo asesor de la UNESCO para Patrimonio Mundial (CNE-ICOMOS 2018-2021) y es miembro experto, formando parte del Comit\u00e9 Cient\u00edfico Internacional de Gesti\u00f3n del Patrimonio Arqueol\u00f3gico (del que fue Vicepresidenta\u00a0 por Europa 2017-2021), as\u00ed como del grupo de trabajo Nuestra Dignidad Com\u00fan, aproximaci\u00f3n basada en derechos.\u00a0\u00a0<\/span><\/p>\n<p><strong>Alicia Gartner <\/strong><br \/><span style=\"font-weight: 400;\">Es Profesora en Historia, egresada de la Facultad de Filosof\u00eda y Letras, UBA. Docente de Metodolog\u00eda de las Ciencias Sociales, CBC, UBA. Profesora de Metodolog\u00eda de la investigaci\u00f3n Social e Hist\u00f3rica en la Universidad Nacional de Avellaneda \u2013 UNDAV -. Profesora de Historia Mundial del siglo XX y de Investigaci\u00f3n Hist\u00f3rica I en el ISFD N\u00b0 1 de Avellaneda.<\/span><br \/><span style=\"font-weight: 400;\">Miembro de la Asociaci\u00f3n de Historia Oral de la Rep\u00fablica Argentina (AHORA) y presidente por el periodo 2016-2019.<\/span><br \/><span style=\"font-weight: 400;\">Ha participado como investigadora y capacitadora del Programa de Historia Oral, INDEAL, F F y L, UBA, en diferentes proyectos de investigaci\u00f3n UBACyT y de extensi\u00f3n UBANEX referidos a la historia oral.<\/span><br \/><span style=\"font-weight: 400;\">Ha dictado diferentes talleres y cursos de capacitaci\u00f3n referidos a Historia oral y educaci\u00f3n en la UBA, en universidades, en Institutos de Formaci\u00f3n Docente y en educaci\u00f3n no formal. Es autora del libro Historia oral, memoria y patrimonio. Aportes para un abordaje pedag\u00f3gico. Ha publicado art\u00edculos en revistas cient\u00edficas especializadas en Historia Oral. Ha participado en congresos de historia oral en calidad de ponente y\/o coordinadora.<\/span><\/p>\n<p><b>Viviana Usubiaga<\/b><br \/><span style=\"font-weight: 400;\">Especialista en arte contempor\u00e1neo, museos y patrimonio cultural. Es Investigadora del Consejo Nacional de Investigaciones Cient\u00edficas y T\u00e9cnicas en el Centro de Investigaciones en Arte y Patrimonio (CIAP) de CONICET-Universidad Nacional de San Mart\u00edn. Es docente en la carrera de Artes de la Facultad de Filosof\u00eda y Letras de la Universidad de Buenos Aires y profesora de posgrado en la Escuela Interdisciplinaria de Altos Estudios Sociales de la UNSAM.<\/span><br \/><span style=\"font-weight: 400;\">Entre 2019 y 2023 fue Directora Nacional de Gesti\u00f3n Patrimonial de la Secretar\u00eda de Patrimonio Cultural del Ministerio de Cultura de la Naci\u00f3n Argentina. Fue delegada del Comit\u00e9 Argentino de Patrimonio Mundial y del Comit\u00e9 T\u00e9cnico de Museos del Mercosur Cultural.<\/span><br \/><span style=\"font-weight: 400;\">Obtuvo becas y subsidios de CONICET, UBA, Fundaci\u00f3n Antorchas, Fundaci\u00f3n Telef\u00f3nica, Getty Foundation y Erasmus+ Programme.<\/span><br \/><span style=\"font-weight: 400;\">Ha dirigido diversos proyectos editoriales y es autora de los libros <\/span><i><span style=\"font-weight: 400;\">Im\u00e1genes inestables. Artes visuales, dictadura y democracia en Buenos Aires <\/span><\/i><span style=\"font-weight: 400;\">(Edhasa, 2012) y <\/span><i><span style=\"font-weight: 400;\">Activar Patrimonio: proyectos de investigaci\u00f3n e imaginaci\u00f3n de sentidos comunes<\/span><\/i><span style=\"font-weight: 400;\"> (Ministerio de Cultura, 2023) entre otras numerosas publicaciones.<\/span><br \/><span style=\"font-weight: 400;\">Es miembro del Centro Argentino de Investigadores de Arte (CAIA) y de la Asociaci\u00f3n Argentina de Cr\u00edticos de Arte (AACA).Doctora Historia y Teor\u00eda de las Artes por la Universidad de Buenos Aires, profesora y licenciada en Artes (UBA) y T\u00e9cnica en Restauraci\u00f3n de obras de arte por la Universidad Nacional de las Artes.<\/span><\/p>\n<p><strong>Juan Ignacio Mu\u00f1oz<\/strong><br \/><span style=\"font-weight: 400;\">Es Licenciado en Artes por la UNSaM. Hace m\u00e1s de 20 a\u00f1os que reside en el NOA y se dedica a la gesti\u00f3n cultural. Desde el 2013 se desempe\u00f1a en el \u00e1mbito p\u00fablico, en cargos ejecutivos nacionales y provinciales de Salta y Jujuy. Dirige el Museo Nacional Terry de Tilcara, perteneciente a la Secretar\u00eda de Cultura de la Naci\u00f3n, desde 2020. Coordina la comunicaci\u00f3n y la programaci\u00f3n cultural del espacio independiente CApEC, de Tilcara. Es subdelegado de la Comisi\u00f3n Nacional de Monumentos, de Lugares y de Bienes Hist\u00f3ricos. Es docente en la Facultad de Humanidades y Ciencias Sociales de la UNJu. Dicta clases y seminarios de gesti\u00f3n cultural en universidades nacionales como UNA, UNC y UNJu, y para organismos provinciales. Coordin\u00f3 la edici\u00f3n de 6 publicaciones sobre gesti\u00f3n cultural y patrimonial del Ministerio de Cultura de la Naci\u00f3n. Curs\u00f3 posgrados de gesti\u00f3n cultural en la UBA, FLACSO y UNC. Gan\u00f3 becas del Fondo Nacional de las Artes, Ibercultura Viva, Consejo Federal de Cultura e Ibermuseos, que le permitieron perfeccionarse en Argentina, Brasil, Bolivia y M\u00e9xico.<\/span><\/p>\n<p><b>Johanna Palmeyro<\/b><br \/><span style=\"font-weight: 400;\">Lic. en Museolog\u00eda y Gesti\u00f3n del Patrimonio Cultural. Coordina el proyecto de mediaci\u00f3n cultural y curadur\u00eda Movimiento Justicia Museal. Del 2014 al 2023 trabaj\u00f3 en el Ministerio de Cultura de la Naci\u00f3n en diversos proyectos, destac\u00e1ndose su rol m\u00e1s reciente como Coordinadora de Comunidades en el Museo Casa de Ricardo Rojas. Particip\u00f3 como docente, tallerista y moderadora en instituciones y espacios culturales, de las que se destacan el Museo de Am\u00e9rica, Universidad de Valencia, el Centro Cultural de Espa\u00f1a en C\u00f3rdoba, el Ministerio de Cultura de Per\u00fa, entre otros.<\/span><\/p>\n<p><b>Feda Baeza<\/b><br \/><span style=\"font-weight: 400;\">Investigadora y curadora especializada en arte contempor\u00e1neo. Dirigi\u00f3 el Palais de Glace &#8211; Palacio Nacional de las Artes y reorganiz\u00f3 el Sal\u00f3n Nacional de Artes Visuales entre el 2020 y 2023, anteriormente se desempe\u00f1\u00f3 en la direcci\u00f3n de la Licenciatura en Curadur\u00eda en Artes y del \u00e1rea Extensi\u00f3n Universitaria en el \u00c1rea Transdepartamental de Cr\u00edtica de Artes de la Universidad Nacional de las Artes (UNA), donde da clases de grado y posgrado. Es Licenciada en Artes y Doctora en Historia y Teor\u00eda de las Artes en la Facultad de Filosof\u00eda y Letras por la Universidad de Buenos Aires (UBA).<\/span><\/p>\n<p><strong>\u00c1ngel Portol\u00e9s G\u00f3rriz <\/strong><br \/>Es gestor y mediador cultural. Coordina el acompa\u00f1amiento t\u00e9cnico a procesos participativos basados en el patrimonio cultural del Programa de Extensi\u00f3n Universitaria\u2013PEU de la Universitat Jaume I de Castell\u00f3 (Espa\u00f1a). Investiga sobre la creaci\u00f3n, desarrollo e interacciones de las comunidades patrimoniales. Desde 2017 representa al proyecto Patrimoni-PEU en la Red de la Convenci\u00f3n de Faro (Faro Convention Network) del Consejo de Europa.<\/p>\n<p><strong>Soledad Biasatti<\/strong><br \/>Doctora en Antropolog\u00eda.<br \/>A cargo de patrimonio cultural y de la aplicaci\u00f3n de la Ley Nacional de patrimonio arqueol\u00f3gico paleontol\u00f3gico en Ministerio de Cultura de Santa Fe.<br \/>Integrante de la Red Patrimonio en Construcci\u00f3n.<br \/>Docente UNR.<\/p>\n<p><strong>Luciano Rey<\/strong><br \/>Subsecretario de Identidad y Territorio Ministerio de Cultura. Integrante de la red patrimonio en construcci\u00f3n. Trabajo en la aplicaci\u00f3n de la ley de patrimonio Arqueologico y Paleontologico de la provincia de Buenos Aires. Fue subdirector de Patrimonio de la provincia de Santa Fe. Es un aficionado de la historia y la arqueolog\u00eda de la regi\u00f3n Pampeana.<\/p>\n<p><strong>Sergio Escribano<\/strong><br \/>Licenciado en Historia y Doctor en Arqueolog\u00eda, es Profesor de Arqueolog\u00eda en el Departamento de Geograf\u00eda, Prehistoria y Arqueolog\u00eda de la Universidad del Pa\u00eds Vasco (UPV\/EHU). Ha impartido docencia a nivel internacional (Irlanda, Italia, Canad\u00e1, Finlandia), as\u00ed como en los M\u00e1steres Oficiales de las Universidades de Alicante, Ja\u00e9n y Pa\u00eds Vasco. Ha sido Secretario Acad\u00e9mico del Departamento de Geograf\u00eda, Prehistoria y Arqueolog\u00eda de la UPV\/EHU, y miembro del Consejo de la \u00abSociety for Post-Medieval Archaeology\u00bb. En la actualidad es miembro del Comit\u00e9 Internacional de la \u00abAssociation Internationale pour l\u2019\u00c9tude des C\u00e9ramiques M\u00e9di\u00e9vales et Modernes en M\u00e9diterran\u00e9e\u00bb y de la C\u00e1tedra UNESCO Paisajes Culturales y Patrimonio. Sus investigaciones actuales se centran en las pesquer\u00edas vascas del Atl\u00e1ntico, en el estudio del comercio vasco de \u00e9poca preindustrial y del colonialismo de la corona castellana.<\/p>\n<p><strong>AGUSTIN AZKARATE<\/strong><br \/>Profesor Em\u00e9rito de la Universidad del Pa\u00eds Vasco (UPV\/EHU) es doctor en Arqueolog\u00eda por la Universidad del Pa\u00eds Vasco (UPV\/EHU) y Licenciado en Filosof\u00eda y Letras (Historia) por la Universidad de Zaragoza. Adem\u00e1s de la UPV\/EHU, ha sido profesor en la Universidad Nacional de Educaci\u00f3n a Distancia y Mondrag\u00f3n Unibertsitatea. Ha sido director de GATMAA (Unidad Asociada al Consejo Superior de Investigaciones Cient\u00edficas); del Grupo de Investigaci\u00f3n Arqueolog\u00eda de la Arquitectura (GIAA) y del Grupo de Investigaci\u00f3n en Patrimonio Construido. Desde 2012 es miembro de Jakiunde, Academia de las Ciencias, las Artes y las Letras de Euskadi. Actualmente es director del \u00a0de la Universidad del Pa\u00eds Vasco y titular de la C\u00e1tedra UNESCO de Paisajes Culturales y Patrimonio.<br \/>En el desarrollo de su carrera, el patrimonio edificado ha sido un eje de especial importancia, destacando la labor realizada en la restauraci\u00f3n de la Catedral de Santa Mar\u00eda de Vitoria, los estudios hist\u00f3rico-arqueol\u00f3gicos sobre el yacimiento de Salinas de A\u00f1ana o el Casco Hist\u00f3rico de la ciudad de Vitoria-Gasteiz. En \u00e9poca m\u00e1s reciente, ha adquirido tambi\u00e9n gran relevancia social la participaci\u00f3n en el proyecto de puesta en valor de las Galer\u00edas de Punta Bego\u00f1a (Getxo), o las investigaciones arqueol\u00f3gicas para la localizaci\u00f3n del primer asentamiento en Argentina (Fuerte Sancti Spiritus, Puerto Gaboto).<\/p>\n<p>\u00a0<\/p>\n<p><i><span style=\"font-weight: 400;\">Si necesit\u00e1s asistencia personalizada para inscribirte o asistir, pod\u00e9s comunicarte a <\/span><\/i><a href=\"mailto:info@ccpe.org.ar\"><i><span style=\"font-weight: 400;\">info@ccpe.org.ar<\/span><\/i><\/a><i><span style=\"font-weight: 400;\"> o consultar nuestra <\/span><\/i><a href=\"https:\/\/ccpe.org.ar\/web\/accesibilidad\/\"><i><span style=\"font-weight: 400;\">secci\u00f3n de accesibilidad.<\/span><\/i><\/a><\/p>\n<p><b>Cr\u00e9dito de imagen: Muralista @aymi_lova en Barahunda de @ammura_rosario<\/b><\/p>\n<p>\u00a0<\/p>\n<p><img loading=\"lazy\" decoding=\"async\" class=\"alignnone size-medium wp-image-5580\" src=\"https:\/\/ccpe.org.ar\/web\/wp-content\/uploads\/2024\/06\/logo-acerca-300x100.jpg\" alt=\"\" width=\"300\" height=\"100\" srcset=\"https:\/\/ccpe.org.ar\/web\/wp-content\/uploads\/2024\/06\/logo-acerca-300x100.jpg 300w, https:\/\/ccpe.org.ar\/web\/wp-content\/uploads\/2024\/06\/logo-acerca.jpg 347w\" sizes=\"(max-width: 300px) 100vw, 300px\" \/><\/p>\n\n\n<hr class=\"wp-block-separator has-alpha-channel-opacity\"\/>\n\n\n\n<h3 class=\"wp-block-heading\">Archivo fotogr\u00e1fico<\/h3>\n\n\n\n<figure class=\"wp-block-gallery columns-3 is-cropped\">\n  <ul class=\"blocks-gallery-grid\">\n\n    <li class=\"blocks-gallery-item\">\n      <figure>\n        <a href=\"https:\/\/upload.wikimedia.org\/wikipedia\/commons\/3\/36\/Curso_de_formaci%C3%B3n_Patrimonio_cultural_para_el_desarrollo.jpg\" target=\"_blank\" rel=\"noopener\">\n          <img decoding=\"async\"\n            src=\"https:\/\/upload.wikimedia.org\/wikipedia\/commons\/3\/36\/Curso_de_formaci%C3%B3n_Patrimonio_cultural_para_el_desarrollo.jpg\"\n            alt=\"\"\n            data-full-url=\"https:\/\/upload.wikimedia.org\/wikipedia\/commons\/3\/36\/Curso_de_formaci%C3%B3n_Patrimonio_cultural_para_el_desarrollo.jpg\"\n            data-link=\"https:\/\/upload.wikimedia.org\/wikipedia\/commons\/3\/36\/Curso_de_formaci%C3%B3n_Patrimonio_cultural_para_el_desarrollo.jpg\"\n        \/><\/a>\n        <figcaption class=\"blocks-gallery-item__caption\">\n          Curso Patrimonio cultural para el desarrollo\n        <\/figcaption>\n      <\/figure>\n    <\/li>\n\n    <li class=\"blocks-gallery-item\">\n      <figure>\n        <a href=\"https:\/\/upload.wikimedia.org\/wikipedia\/commons\/f\/fc\/Curso_de_formaci%C3%B3n_Patrimonio_cultural_para_el_desarrollo_1.jpg\" target=\"_blank\" rel=\"noopener\">\n          <img decoding=\"async\"\n            src=\"https:\/\/upload.wikimedia.org\/wikipedia\/commons\/f\/fc\/Curso_de_formaci%C3%B3n_Patrimonio_cultural_para_el_desarrollo_1.jpg\"\n            alt=\"\"\n            data-full-url=\"https:\/\/upload.wikimedia.org\/wikipedia\/commons\/f\/fc\/Curso_de_formaci%C3%B3n_Patrimonio_cultural_para_el_desarrollo_1.jpg\"\n            data-link=\"https:\/\/upload.wikimedia.org\/wikipedia\/commons\/f\/fc\/Curso_de_formaci%C3%B3n_Patrimonio_cultural_para_el_desarrollo_1.jpg\"\n        \/><\/a>\n        <figcaption class=\"blocks-gallery-item__caption\">\n          Curso Patrimonio cultural para el desarrollo\n        <\/figcaption>\n      <\/figure>\n    <\/li>\n\n    <li class=\"blocks-gallery-item\">\n      <figure>\n        <a href=\"https:\/\/upload.wikimedia.org\/wikipedia\/commons\/9\/9e\/Curso_de_formaci%C3%B3n_Patrimonio_cultural_para_el_desarrollo_2.jpg\" target=\"_blank\" rel=\"noopener\">\n          <img decoding=\"async\"\n            src=\"https:\/\/upload.wikimedia.org\/wikipedia\/commons\/9\/9e\/Curso_de_formaci%C3%B3n_Patrimonio_cultural_para_el_desarrollo_2.jpg\"\n            alt=\"\"\n            data-full-url=\"https:\/\/upload.wikimedia.org\/wikipedia\/commons\/9\/9e\/Curso_de_formaci%C3%B3n_Patrimonio_cultural_para_el_desarrollo_2.jpg\"\n            data-link=\"https:\/\/upload.wikimedia.org\/wikipedia\/commons\/9\/9e\/Curso_de_formaci%C3%B3n_Patrimonio_cultural_para_el_desarrollo_2.jpg\"\n        \/><\/a>\n        <figcaption class=\"blocks-gallery-item__caption\">\n          Curso Patrimonio cultural para el desarrollo\n        <\/figcaption>\n      <\/figure>\n    <\/li>\n\n    <li class=\"blocks-gallery-item\">\n      <figure>\n        <a href=\"https:\/\/upload.wikimedia.org\/wikipedia\/commons\/9\/92\/Curso_de_formaci%C3%B3n_Patrimonio_cultural_para_el_desarrollo_3.jpg\" target=\"_blank\" rel=\"noopener\">\n          <img decoding=\"async\"\n            src=\"https:\/\/upload.wikimedia.org\/wikipedia\/commons\/9\/92\/Curso_de_formaci%C3%B3n_Patrimonio_cultural_para_el_desarrollo_3.jpg\"\n            alt=\"\"\n            data-full-url=\"https:\/\/upload.wikimedia.org\/wikipedia\/commons\/9\/92\/Curso_de_formaci%C3%B3n_Patrimonio_cultural_para_el_desarrollo_3.jpg\"\n            data-link=\"https:\/\/upload.wikimedia.org\/wikipedia\/commons\/9\/92\/Curso_de_formaci%C3%B3n_Patrimonio_cultural_para_el_desarrollo_3.jpg\"\n        \/><\/a>\n        <figcaption class=\"blocks-gallery-item__caption\">\n          Curso Patrimonio cultural para el desarrollo\n        <\/figcaption>\n      <\/figure>\n    <\/li>\n\n    <li class=\"blocks-gallery-item\">\n      <figure>\n        <a href=\"https:\/\/upload.wikimedia.org\/wikipedia\/commons\/3\/3f\/Curso_de_formaci%C3%B3n_Patrimonio_cultural_para_el_desarrollo_4.jpg\" target=\"_blank\" rel=\"noopener\">\n          <img decoding=\"async\"\n            src=\"https:\/\/upload.wikimedia.org\/wikipedia\/commons\/3\/3f\/Curso_de_formaci%C3%B3n_Patrimonio_cultural_para_el_desarrollo_4.jpg\"\n            alt=\"\"\n            data-full-url=\"https:\/\/upload.wikimedia.org\/wikipedia\/commons\/3\/3f\/Curso_de_formaci%C3%B3n_Patrimonio_cultural_para_el_desarrollo_4.jpg\"\n            data-link=\"https:\/\/upload.wikimedia.org\/wikipedia\/commons\/3\/3f\/Curso_de_formaci%C3%B3n_Patrimonio_cultural_para_el_desarrollo_4.jpg\"\n        \/><\/a>\n        <figcaption class=\"blocks-gallery-item__caption\">\n          Curso Patrimonio cultural para el desarrollo\n        <\/figcaption>\n      <\/figure>\n    <\/li>\n  <\/ul>\n<\/figure>\n","protected":false},"excerpt":{"rendered":"<p>Puesta en valor, gesti\u00f3n sostenible e impacto sobre el desarrollo. Programa ACERCA de Capacitaci\u00f3n para el Sector Cultural de la Cooperaci\u00f3n Espa\u00f1ola.<\/p>\n","protected":false},"author":2,"featured_media":5921,"comment_status":"closed","ping_status":"closed","template":"","tags":[],"mec_category":[20],"yoast_head":"<!-- This site is optimized with the Yoast SEO plugin v23.5 - https:\/\/yoast.com\/wordpress\/plugins\/seo\/ -->\n<title>Patrimonio cultural para el desarrollo - Centro Cultural Parque de Espa\u00f1a\/AECID<\/title>\n<meta name=\"robots\" content=\"index, follow, max-snippet:-1, max-image-preview:large, max-video-preview:-1\" \/>\n<link rel=\"canonical\" href=\"https:\/\/ccpe.org.ar\/web\/actividades\/5920\/\" \/>\n<meta property=\"og:locale\" content=\"es_ES\" \/>\n<meta property=\"og:type\" content=\"article\" \/>\n<meta property=\"og:title\" content=\"Patrimonio cultural para el desarrollo - Centro Cultural Parque de Espa\u00f1a\/AECID\" \/>\n<meta property=\"og:description\" content=\"Puesta en valor, gesti\u00f3n sostenible e impacto sobre el desarrollo. Programa ACERCA de Capacitaci\u00f3n para el Sector Cultural de la Cooperaci\u00f3n Espa\u00f1ola.\" \/>\n<meta property=\"og:url\" content=\"https:\/\/ccpe.org.ar\/web\/actividades\/5920\/\" \/>\n<meta property=\"og:site_name\" content=\"Centro Cultural Parque de Espa\u00f1a\/AECID\" \/>\n<meta property=\"article:publisher\" content=\"https:\/\/www.facebook.com\/CCPErosario\/\" \/>\n<meta property=\"article:modified_time\" content=\"2026-04-19T19:37:58+00:00\" \/>\n<meta property=\"og:image\" content=\"https:\/\/ccpe.org.ar\/web\/wp-content\/uploads\/2024\/08\/b_acerca-patrimonio.jpg\" \/>\n\t<meta property=\"og:image:width\" content=\"980\" \/>\n\t<meta property=\"og:image:height\" content=\"544\" \/>\n\t<meta property=\"og:image:type\" content=\"image\/jpeg\" \/>\n<meta name=\"twitter:card\" content=\"summary_large_image\" \/>\n<meta name=\"twitter:site\" content=\"@ccpe\" \/>\n<meta name=\"twitter:label1\" content=\"Tiempo de lectura\" \/>\n\t<meta name=\"twitter:data1\" content=\"15 minutos\" \/>\n<script type=\"application\/ld+json\" class=\"yoast-schema-graph\">{\"@context\":\"https:\/\/schema.org\",\"@graph\":[{\"@type\":\"WebPage\",\"@id\":\"https:\/\/ccpe.org.ar\/web\/actividades\/5920\/\",\"url\":\"https:\/\/ccpe.org.ar\/web\/actividades\/5920\/\",\"name\":\"Patrimonio cultural para el desarrollo - Centro Cultural Parque de Espa\u00f1a\/AECID\",\"isPartOf\":{\"@id\":\"https:\/\/ccpe.org.ar\/web\/#website\"},\"primaryImageOfPage\":{\"@id\":\"https:\/\/ccpe.org.ar\/web\/actividades\/5920\/#primaryimage\"},\"image\":{\"@id\":\"https:\/\/ccpe.org.ar\/web\/actividades\/5920\/#primaryimage\"},\"thumbnailUrl\":\"https:\/\/ccpe.org.ar\/web\/wp-content\/uploads\/2024\/08\/b_acerca-patrimonio.jpg\",\"datePublished\":\"2024-08-14T12:57:36+00:00\",\"dateModified\":\"2026-04-19T19:37:58+00:00\",\"breadcrumb\":{\"@id\":\"https:\/\/ccpe.org.ar\/web\/actividades\/5920\/#breadcrumb\"},\"inLanguage\":\"es\",\"potentialAction\":[{\"@type\":\"ReadAction\",\"target\":[\"https:\/\/ccpe.org.ar\/web\/actividades\/5920\/\"]}]},{\"@type\":\"ImageObject\",\"inLanguage\":\"es\",\"@id\":\"https:\/\/ccpe.org.ar\/web\/actividades\/5920\/#primaryimage\",\"url\":\"https:\/\/ccpe.org.ar\/web\/wp-content\/uploads\/2024\/08\/b_acerca-patrimonio.jpg\",\"contentUrl\":\"https:\/\/ccpe.org.ar\/web\/wp-content\/uploads\/2024\/08\/b_acerca-patrimonio.jpg\",\"width\":980,\"height\":544},{\"@type\":\"BreadcrumbList\",\"@id\":\"https:\/\/ccpe.org.ar\/web\/actividades\/5920\/#breadcrumb\",\"itemListElement\":[{\"@type\":\"ListItem\",\"position\":1,\"name\":\"Portada\",\"item\":\"https:\/\/ccpe.org.ar\/web\/\"},{\"@type\":\"ListItem\",\"position\":2,\"name\":\"Patrimonio cultural para el desarrollo\"}]},{\"@type\":\"WebSite\",\"@id\":\"https:\/\/ccpe.org.ar\/web\/#website\",\"url\":\"https:\/\/ccpe.org.ar\/web\/\",\"name\":\"Centro Cultural Parque de Espa\u00f1a\/AECID\",\"description\":\"Sitio web del Centro Cultural Parque de Espa\u00f1a\/AECID\",\"potentialAction\":[{\"@type\":\"SearchAction\",\"target\":{\"@type\":\"EntryPoint\",\"urlTemplate\":\"https:\/\/ccpe.org.ar\/web\/?s={search_term_string}\"},\"query-input\":{\"@type\":\"PropertyValueSpecification\",\"valueRequired\":true,\"valueName\":\"search_term_string\"}}],\"inLanguage\":\"es\"}]}<\/script>\n<!-- \/ Yoast SEO plugin. -->","yoast_head_json":{"title":"Patrimonio cultural para el desarrollo - Centro Cultural Parque de Espa\u00f1a\/AECID","robots":{"index":"index","follow":"follow","max-snippet":"max-snippet:-1","max-image-preview":"max-image-preview:large","max-video-preview":"max-video-preview:-1"},"canonical":"https:\/\/ccpe.org.ar\/web\/actividades\/5920\/","og_locale":"es_ES","og_type":"article","og_title":"Patrimonio cultural para el desarrollo - Centro Cultural Parque de Espa\u00f1a\/AECID","og_description":"Puesta en valor, gesti\u00f3n sostenible e impacto sobre el desarrollo. Programa ACERCA de Capacitaci\u00f3n para el Sector Cultural de la Cooperaci\u00f3n Espa\u00f1ola.","og_url":"https:\/\/ccpe.org.ar\/web\/actividades\/5920\/","og_site_name":"Centro Cultural Parque de Espa\u00f1a\/AECID","article_publisher":"https:\/\/www.facebook.com\/CCPErosario\/","article_modified_time":"2026-04-19T19:37:58+00:00","og_image":[{"width":980,"height":544,"url":"https:\/\/ccpe.org.ar\/web\/wp-content\/uploads\/2024\/08\/b_acerca-patrimonio.jpg","type":"image\/jpeg"}],"twitter_card":"summary_large_image","twitter_site":"@ccpe","twitter_misc":{"Tiempo de lectura":"15 minutos"},"schema":{"@context":"https:\/\/schema.org","@graph":[{"@type":"WebPage","@id":"https:\/\/ccpe.org.ar\/web\/actividades\/5920\/","url":"https:\/\/ccpe.org.ar\/web\/actividades\/5920\/","name":"Patrimonio cultural para el desarrollo - Centro Cultural Parque de Espa\u00f1a\/AECID","isPartOf":{"@id":"https:\/\/ccpe.org.ar\/web\/#website"},"primaryImageOfPage":{"@id":"https:\/\/ccpe.org.ar\/web\/actividades\/5920\/#primaryimage"},"image":{"@id":"https:\/\/ccpe.org.ar\/web\/actividades\/5920\/#primaryimage"},"thumbnailUrl":"https:\/\/ccpe.org.ar\/web\/wp-content\/uploads\/2024\/08\/b_acerca-patrimonio.jpg","datePublished":"2024-08-14T12:57:36+00:00","dateModified":"2026-04-19T19:37:58+00:00","breadcrumb":{"@id":"https:\/\/ccpe.org.ar\/web\/actividades\/5920\/#breadcrumb"},"inLanguage":"es","potentialAction":[{"@type":"ReadAction","target":["https:\/\/ccpe.org.ar\/web\/actividades\/5920\/"]}]},{"@type":"ImageObject","inLanguage":"es","@id":"https:\/\/ccpe.org.ar\/web\/actividades\/5920\/#primaryimage","url":"https:\/\/ccpe.org.ar\/web\/wp-content\/uploads\/2024\/08\/b_acerca-patrimonio.jpg","contentUrl":"https:\/\/ccpe.org.ar\/web\/wp-content\/uploads\/2024\/08\/b_acerca-patrimonio.jpg","width":980,"height":544},{"@type":"BreadcrumbList","@id":"https:\/\/ccpe.org.ar\/web\/actividades\/5920\/#breadcrumb","itemListElement":[{"@type":"ListItem","position":1,"name":"Portada","item":"https:\/\/ccpe.org.ar\/web\/"},{"@type":"ListItem","position":2,"name":"Patrimonio cultural para el desarrollo"}]},{"@type":"WebSite","@id":"https:\/\/ccpe.org.ar\/web\/#website","url":"https:\/\/ccpe.org.ar\/web\/","name":"Centro Cultural Parque de Espa\u00f1a\/AECID","description":"Sitio web del Centro Cultural Parque de Espa\u00f1a\/AECID","potentialAction":[{"@type":"SearchAction","target":{"@type":"EntryPoint","urlTemplate":"https:\/\/ccpe.org.ar\/web\/?s={search_term_string}"},"query-input":{"@type":"PropertyValueSpecification","valueRequired":true,"valueName":"search_term_string"}}],"inLanguage":"es"}]}},"_links":{"self":[{"href":"https:\/\/ccpe.org.ar\/web\/wp-json\/wp\/v2\/mec-events\/5920"}],"collection":[{"href":"https:\/\/ccpe.org.ar\/web\/wp-json\/wp\/v2\/mec-events"}],"about":[{"href":"https:\/\/ccpe.org.ar\/web\/wp-json\/wp\/v2\/types\/mec-events"}],"author":[{"embeddable":true,"href":"https:\/\/ccpe.org.ar\/web\/wp-json\/wp\/v2\/users\/2"}],"replies":[{"embeddable":true,"href":"https:\/\/ccpe.org.ar\/web\/wp-json\/wp\/v2\/comments?post=5920"}],"wp:featuredmedia":[{"embeddable":true,"href":"https:\/\/ccpe.org.ar\/web\/wp-json\/wp\/v2\/media\/5921"}],"wp:attachment":[{"href":"https:\/\/ccpe.org.ar\/web\/wp-json\/wp\/v2\/media?parent=5920"}],"wp:term":[{"taxonomy":"post_tag","embeddable":true,"href":"https:\/\/ccpe.org.ar\/web\/wp-json\/wp\/v2\/tags?post=5920"},{"taxonomy":"mec_category","embeddable":true,"href":"https:\/\/ccpe.org.ar\/web\/wp-json\/wp\/v2\/mec_category?post=5920"}],"curies":[{"name":"wp","href":"https:\/\/api.w.org\/{rel}","templated":true}]}}