{"id":7074,"date":"2025-02-11T11:39:45","date_gmt":"2025-02-11T14:39:45","guid":{"rendered":"https:\/\/ccpe.org.ar\/web\/?post_type=mec-events&#038;p=7074"},"modified":"2025-02-11T11:39:45","modified_gmt":"2025-02-11T14:39:45","slug":"iii-premio-memoria-de-la-emigracion-espanola","status":"publish","type":"mec-events","link":"https:\/\/ccpe.org.ar\/web\/actividades\/iii-premio-memoria-de-la-emigracion-espanola\/","title":{"rendered":"III Premio Memoria de la Emigraci\u00f3n Espa\u00f1ola"},"content":{"rendered":"<p>La UNED, en colaboraci\u00f3n con la C\u00e1tedra\u00a0<em>Poblaci\u00f3n, Vinculaci\u00f3n y Desarrollo<\/em> del Centro de la UNED en Zamora, y el apoyo de la Secretar\u00eda de Estado de Migraciones del Ministerio de Inclusi\u00f3n, Seguridad Social y Migraciones, y la Secretar\u00eda General para el Reto Demogr\u00e1fico, del Ministerio para la Transici\u00f3n Ecol\u00f3gica y el Reto Demogr\u00e1fico de Espa\u00f1a, convoca el <a href=\"https:\/\/emigracioncastellanayleonesa.es\/index.php\/iii-premio-memoria-de-la-emigracion-espanola\/\">Premio<em>\u00a0Memoria de la Emigraci\u00f3n Espa\u00f1ola<\/em><\/a>\u00a0con el objeto de mantener y recuperar el testimonio de los emigrantes de nuestro pa\u00eds.<\/p>\n<p>Espa\u00f1a es un pa\u00eds en el que el fen\u00f3meno migratorio ha sido intenso. Sus \u00e1reas rurales, as\u00ed como los espacios menos urbanizados e industrializados, han registrado las consecuencias m\u00e1s negativas de este proceso de movilizaci\u00f3n poblacional, repercutiendo en su preocupante situaci\u00f3n socio-econ\u00f3mica actual. A pesar de ello, las cifras que conforman los censos demogr\u00e1ficos no reflejan la verdadera realidad asociativa configurada por la \u201cpoblaci\u00f3n vinculada\u201d. Esta la conforman aquellos que, residiendo lejos de su lugar de origen, as\u00ed como sus descendientes, mantienen una conexi\u00f3n que fomenta el desarrollo local, ayuda a paliar los estragos del \u00e9xodo y, por ende, han de ser tenidos en consideraci\u00f3n como parte fundamental del devenir futuro de nuestro pa\u00eds.<\/p>\n<p>Como respuesta, resulta necesario recuperar y mantener la \u201cmemoria\u201d individual y colectiva de los emigrantes, as\u00ed como sus mecanismos de relaci\u00f3n y cooperaci\u00f3n, cuyos testimonios, plasmados en cualquier soporte o formato (escrito, gr\u00e1fico, audiovisual), promuevan su conocimiento y conservaci\u00f3n, sirviendo al mismo tiempo como mecanismos de avance y progreso.<\/p>\n<p>El trabajo realizado por la UNED de Zamora durante m\u00e1s de dos d\u00e9cadas, con la creaci\u00f3n del Centro de Estudios de la Emigraci\u00f3n Castellana y Leonesa y la convocatoria de siete ediciones del premio \u201cMemoria de la Emigraci\u00f3n Castellana y Leonesa\u201d, ha permitido conformar un importante acervo documental que debe sostenerse y ampliarse en lo posible. Estos premios contribuyen a esta tarea en la que es fundamental la participaci\u00f3n de los emigrantes y sus familias, pero tambi\u00e9n de las numerosas asociaciones de emigrantes fundadas en los diferentes pa\u00edses y regiones de acogida, que atesoran la memoria institucional de la emigraci\u00f3n y constituyen una parte muy significativa de la misma.<\/p>\n<p>Recoger esa memoria, fomentarla, difundirla, archivarla y estudiarla supone un ejercicio de responsabilidad con nuestra historia m\u00e1s reciente, pero tambi\u00e9n con nuestro presente y nuestro futuro, a trav\u00e9s de la \u201cpoblaci\u00f3n vinculada\u201d, que sin duda es, y ser\u00e1, fundamental en el desarrollo de Espa\u00f1a.<\/p>\n<p>Plazo de entrega: 30 de junio de 2025.<\/p>\n<p><a href=\"https:\/\/emigracioncastellanayleonesa.es\/index.php\/iii-premio-memoria-de-la-emigracion-espanola\/\">M\u00e1s informaci\u00f3n<\/a><\/p>\n","protected":false},"excerpt":{"rendered":"<p>Para recuperar y mantener la memoria individual y colectiva de los emigrantes espa\u00f1oles. En cualquier soporte o formato (escrito, gr\u00e1fico, audiovisual).<\/p>\n","protected":false},"author":2,"featured_media":7075,"comment_status":"closed","ping_status":"closed","template":"","tags":[],"mec_category":[47],"yoast_head":"<!-- This site is optimized with the Yoast SEO plugin v23.5 - https:\/\/yoast.com\/wordpress\/plugins\/seo\/ -->\n<title>III Premio Memoria de la Emigraci\u00f3n Espa\u00f1ola - Centro Cultural Parque de Espa\u00f1a\/AECID<\/title>\n<meta name=\"robots\" content=\"index, follow, max-snippet:-1, max-image-preview:large, max-video-preview:-1\" \/>\n<link rel=\"canonical\" href=\"https:\/\/ccpe.org.ar\/web\/actividades\/iii-premio-memoria-de-la-emigracion-espanola\/\" \/>\n<meta property=\"og:locale\" content=\"es_ES\" \/>\n<meta property=\"og:type\" content=\"article\" \/>\n<meta property=\"og:title\" content=\"III Premio Memoria de la Emigraci\u00f3n Espa\u00f1ola - Centro Cultural Parque de Espa\u00f1a\/AECID\" \/>\n<meta property=\"og:description\" content=\"Para recuperar y mantener la memoria individual y colectiva de los emigrantes espa\u00f1oles. En cualquier soporte o formato (escrito, gr\u00e1fico, audiovisual).\" \/>\n<meta property=\"og:url\" content=\"https:\/\/ccpe.org.ar\/web\/actividades\/iii-premio-memoria-de-la-emigracion-espanola\/\" \/>\n<meta property=\"og:site_name\" content=\"Centro Cultural Parque de Espa\u00f1a\/AECID\" \/>\n<meta property=\"article:publisher\" content=\"https:\/\/www.facebook.com\/CCPErosario\/\" \/>\n<meta property=\"og:image\" content=\"https:\/\/ccpe.org.ar\/web\/wp-content\/uploads\/2025\/02\/b_convocatoria_memoria.jpg\" \/>\n\t<meta property=\"og:image:width\" content=\"980\" \/>\n\t<meta property=\"og:image:height\" content=\"544\" \/>\n\t<meta property=\"og:image:type\" content=\"image\/jpeg\" \/>\n<meta name=\"twitter:card\" content=\"summary_large_image\" \/>\n<meta name=\"twitter:site\" content=\"@ccpe\" \/>\n<meta name=\"twitter:label1\" content=\"Tiempo de lectura\" \/>\n\t<meta name=\"twitter:data1\" content=\"2 minutos\" \/>\n<script type=\"application\/ld+json\" class=\"yoast-schema-graph\">{\"@context\":\"https:\/\/schema.org\",\"@graph\":[{\"@type\":\"WebPage\",\"@id\":\"https:\/\/ccpe.org.ar\/web\/actividades\/iii-premio-memoria-de-la-emigracion-espanola\/\",\"url\":\"https:\/\/ccpe.org.ar\/web\/actividades\/iii-premio-memoria-de-la-emigracion-espanola\/\",\"name\":\"III Premio Memoria de la Emigraci\u00f3n Espa\u00f1ola - Centro Cultural Parque de Espa\u00f1a\/AECID\",\"isPartOf\":{\"@id\":\"https:\/\/ccpe.org.ar\/web\/#website\"},\"primaryImageOfPage\":{\"@id\":\"https:\/\/ccpe.org.ar\/web\/actividades\/iii-premio-memoria-de-la-emigracion-espanola\/#primaryimage\"},\"image\":{\"@id\":\"https:\/\/ccpe.org.ar\/web\/actividades\/iii-premio-memoria-de-la-emigracion-espanola\/#primaryimage\"},\"thumbnailUrl\":\"https:\/\/ccpe.org.ar\/web\/wp-content\/uploads\/2025\/02\/b_convocatoria_memoria.jpg\",\"datePublished\":\"2025-02-11T14:39:45+00:00\",\"dateModified\":\"2025-02-11T14:39:45+00:00\",\"breadcrumb\":{\"@id\":\"https:\/\/ccpe.org.ar\/web\/actividades\/iii-premio-memoria-de-la-emigracion-espanola\/#breadcrumb\"},\"inLanguage\":\"es\",\"potentialAction\":[{\"@type\":\"ReadAction\",\"target\":[\"https:\/\/ccpe.org.ar\/web\/actividades\/iii-premio-memoria-de-la-emigracion-espanola\/\"]}]},{\"@type\":\"ImageObject\",\"inLanguage\":\"es\",\"@id\":\"https:\/\/ccpe.org.ar\/web\/actividades\/iii-premio-memoria-de-la-emigracion-espanola\/#primaryimage\",\"url\":\"https:\/\/ccpe.org.ar\/web\/wp-content\/uploads\/2025\/02\/b_convocatoria_memoria.jpg\",\"contentUrl\":\"https:\/\/ccpe.org.ar\/web\/wp-content\/uploads\/2025\/02\/b_convocatoria_memoria.jpg\",\"width\":980,\"height\":544},{\"@type\":\"BreadcrumbList\",\"@id\":\"https:\/\/ccpe.org.ar\/web\/actividades\/iii-premio-memoria-de-la-emigracion-espanola\/#breadcrumb\",\"itemListElement\":[{\"@type\":\"ListItem\",\"position\":1,\"name\":\"Portada\",\"item\":\"https:\/\/ccpe.org.ar\/web\/\"},{\"@type\":\"ListItem\",\"position\":2,\"name\":\"III Premio Memoria de la Emigraci\u00f3n Espa\u00f1ola\"}]},{\"@type\":\"WebSite\",\"@id\":\"https:\/\/ccpe.org.ar\/web\/#website\",\"url\":\"https:\/\/ccpe.org.ar\/web\/\",\"name\":\"Centro Cultural Parque de Espa\u00f1a\/AECID\",\"description\":\"Sitio web del Centro Cultural Parque de Espa\u00f1a\/AECID\",\"potentialAction\":[{\"@type\":\"SearchAction\",\"target\":{\"@type\":\"EntryPoint\",\"urlTemplate\":\"https:\/\/ccpe.org.ar\/web\/?s={search_term_string}\"},\"query-input\":{\"@type\":\"PropertyValueSpecification\",\"valueRequired\":true,\"valueName\":\"search_term_string\"}}],\"inLanguage\":\"es\"}]}<\/script>\n<!-- \/ Yoast SEO plugin. -->","yoast_head_json":{"title":"III Premio Memoria de la Emigraci\u00f3n Espa\u00f1ola - Centro Cultural Parque de Espa\u00f1a\/AECID","robots":{"index":"index","follow":"follow","max-snippet":"max-snippet:-1","max-image-preview":"max-image-preview:large","max-video-preview":"max-video-preview:-1"},"canonical":"https:\/\/ccpe.org.ar\/web\/actividades\/iii-premio-memoria-de-la-emigracion-espanola\/","og_locale":"es_ES","og_type":"article","og_title":"III Premio Memoria de la Emigraci\u00f3n Espa\u00f1ola - Centro Cultural Parque de Espa\u00f1a\/AECID","og_description":"Para recuperar y mantener la memoria individual y colectiva de los emigrantes espa\u00f1oles. En cualquier soporte o formato (escrito, gr\u00e1fico, audiovisual).","og_url":"https:\/\/ccpe.org.ar\/web\/actividades\/iii-premio-memoria-de-la-emigracion-espanola\/","og_site_name":"Centro Cultural Parque de Espa\u00f1a\/AECID","article_publisher":"https:\/\/www.facebook.com\/CCPErosario\/","og_image":[{"width":980,"height":544,"url":"https:\/\/ccpe.org.ar\/web\/wp-content\/uploads\/2025\/02\/b_convocatoria_memoria.jpg","type":"image\/jpeg"}],"twitter_card":"summary_large_image","twitter_site":"@ccpe","twitter_misc":{"Tiempo de lectura":"2 minutos"},"schema":{"@context":"https:\/\/schema.org","@graph":[{"@type":"WebPage","@id":"https:\/\/ccpe.org.ar\/web\/actividades\/iii-premio-memoria-de-la-emigracion-espanola\/","url":"https:\/\/ccpe.org.ar\/web\/actividades\/iii-premio-memoria-de-la-emigracion-espanola\/","name":"III Premio Memoria de la Emigraci\u00f3n Espa\u00f1ola - Centro Cultural Parque de Espa\u00f1a\/AECID","isPartOf":{"@id":"https:\/\/ccpe.org.ar\/web\/#website"},"primaryImageOfPage":{"@id":"https:\/\/ccpe.org.ar\/web\/actividades\/iii-premio-memoria-de-la-emigracion-espanola\/#primaryimage"},"image":{"@id":"https:\/\/ccpe.org.ar\/web\/actividades\/iii-premio-memoria-de-la-emigracion-espanola\/#primaryimage"},"thumbnailUrl":"https:\/\/ccpe.org.ar\/web\/wp-content\/uploads\/2025\/02\/b_convocatoria_memoria.jpg","datePublished":"2025-02-11T14:39:45+00:00","dateModified":"2025-02-11T14:39:45+00:00","breadcrumb":{"@id":"https:\/\/ccpe.org.ar\/web\/actividades\/iii-premio-memoria-de-la-emigracion-espanola\/#breadcrumb"},"inLanguage":"es","potentialAction":[{"@type":"ReadAction","target":["https:\/\/ccpe.org.ar\/web\/actividades\/iii-premio-memoria-de-la-emigracion-espanola\/"]}]},{"@type":"ImageObject","inLanguage":"es","@id":"https:\/\/ccpe.org.ar\/web\/actividades\/iii-premio-memoria-de-la-emigracion-espanola\/#primaryimage","url":"https:\/\/ccpe.org.ar\/web\/wp-content\/uploads\/2025\/02\/b_convocatoria_memoria.jpg","contentUrl":"https:\/\/ccpe.org.ar\/web\/wp-content\/uploads\/2025\/02\/b_convocatoria_memoria.jpg","width":980,"height":544},{"@type":"BreadcrumbList","@id":"https:\/\/ccpe.org.ar\/web\/actividades\/iii-premio-memoria-de-la-emigracion-espanola\/#breadcrumb","itemListElement":[{"@type":"ListItem","position":1,"name":"Portada","item":"https:\/\/ccpe.org.ar\/web\/"},{"@type":"ListItem","position":2,"name":"III Premio Memoria de la Emigraci\u00f3n Espa\u00f1ola"}]},{"@type":"WebSite","@id":"https:\/\/ccpe.org.ar\/web\/#website","url":"https:\/\/ccpe.org.ar\/web\/","name":"Centro Cultural Parque de Espa\u00f1a\/AECID","description":"Sitio web del Centro Cultural Parque de Espa\u00f1a\/AECID","potentialAction":[{"@type":"SearchAction","target":{"@type":"EntryPoint","urlTemplate":"https:\/\/ccpe.org.ar\/web\/?s={search_term_string}"},"query-input":{"@type":"PropertyValueSpecification","valueRequired":true,"valueName":"search_term_string"}}],"inLanguage":"es"}]}},"_links":{"self":[{"href":"https:\/\/ccpe.org.ar\/web\/wp-json\/wp\/v2\/mec-events\/7074"}],"collection":[{"href":"https:\/\/ccpe.org.ar\/web\/wp-json\/wp\/v2\/mec-events"}],"about":[{"href":"https:\/\/ccpe.org.ar\/web\/wp-json\/wp\/v2\/types\/mec-events"}],"author":[{"embeddable":true,"href":"https:\/\/ccpe.org.ar\/web\/wp-json\/wp\/v2\/users\/2"}],"replies":[{"embeddable":true,"href":"https:\/\/ccpe.org.ar\/web\/wp-json\/wp\/v2\/comments?post=7074"}],"wp:featuredmedia":[{"embeddable":true,"href":"https:\/\/ccpe.org.ar\/web\/wp-json\/wp\/v2\/media\/7075"}],"wp:attachment":[{"href":"https:\/\/ccpe.org.ar\/web\/wp-json\/wp\/v2\/media?parent=7074"}],"wp:term":[{"taxonomy":"post_tag","embeddable":true,"href":"https:\/\/ccpe.org.ar\/web\/wp-json\/wp\/v2\/tags?post=7074"},{"taxonomy":"mec_category","embeddable":true,"href":"https:\/\/ccpe.org.ar\/web\/wp-json\/wp\/v2\/mec_category?post=7074"}],"curies":[{"name":"wp","href":"https:\/\/api.w.org\/{rel}","templated":true}]}}