{"id":7421,"date":"2025-06-23T11:23:30","date_gmt":"2025-06-23T14:23:30","guid":{"rendered":"https:\/\/ccpe.org.ar\/web\/?post_type=mec-events&#038;p=7421"},"modified":"2025-07-16T09:37:32","modified_gmt":"2025-07-16T12:37:32","slug":"blancanieves","status":"publish","type":"mec-events","link":"https:\/\/ccpe.org.ar\/web\/actividades\/blancanieves\/","title":{"rendered":"Blancanieves"},"content":{"rendered":"<p><span style=\"font-weight: 400;\">Estas Vacaciones de Invierno el Centro Cultural Parque de Espa\u00f1a presenta una particular e hilarante reversi\u00f3n de la obra Blancanieves, contada con l\u00e1mparas y candelabros, a cargo de la compa\u00f1\u00eda espa\u00f1ola La Chana. Recomendado para p\u00fablico a partir de 6 a\u00f1os.<\/span><\/p>\n<p><b>S\u00e1bado 19 de julio a las 16 hs en el Teatro del CCPE (Sarmiento y el r\u00edo).<\/b><\/p>\n<p><strong>Gratis. ENTRADAS AGOTADAS.<\/strong><\/p>\n<p><span style=\"font-weight: 400;\">La Chana Teatro obtuvo el Premio al Mejor Espect\u00e1culo Infantil en la \u00faltima edici\u00f3n de la Feria de Teatro de Castilla y Le\u00f3n. Como es habitual en esta compa\u00f1\u00eda, el humor, la mirada po\u00e9tica y el original uso de los objetos convertidos en personajes est\u00e1n presentes en este luminoso trabajo.<\/span><\/p>\n<p><span style=\"font-weight: 400;\">Situada en un contexto rom\u00e1ntico y apta no solo para la infancia sino tambi\u00e9n para todo tipo de p\u00fablico, su relectura del cl\u00e1sico Blancanieves sucede \u00abhace muchos, muchos a\u00f1os \/ exactamente un mont\u00f3n \/ en una remota regi\u00f3n\u00bb y mantiene la t\u00e9cnica del teatro de objetos, en este caso l\u00e1mparas y candelabros que hacen las veces de t\u00edteres. Es una obra pensada para ni\u00f1os, por lo que no emplea muchas met\u00e1foras ni conceptos dif\u00edciles ya que \u00abme apetec\u00eda hacer algo de jugar mucho y pensar poco\u00bb, explica Jaime Santos, autor de la pieza e int\u00e9rprete que da vida a los personajes.<\/span><\/p>\n<p><span style=\"font-weight: 400;\">Estamos ante un espect\u00e1culo \u00abluminoso\u00bb para toda la familia en el que la cr\u00edtica especializada destaca la sencillez esc\u00e9nica, la calidad de los textos, la inteligencia en la puesta en escena, el minucioso trabajo con los objetos y la calidad interpretativa.<\/span><\/p>\n<p><b>La Chana Teatro<\/b><span style=\"font-weight: 400;\"> es una compa\u00f1\u00eda salmantina que desde 1987 mantiene una forma propia de contar historias tocando muchos palos pero teniendo siempre como protagonistas al objeto, la palabra, el espacio y la interpretaci\u00f3n, y que ha viajado por medio mundo con su peculiar concepto narrativo, con el humor siempre presente.<\/span><\/p>\n<p><iframe loading=\"lazy\" title=\"YouTube video player\" src=\"https:\/\/www.youtube.com\/embed\/BwGBUN8HOX8?si=NhhdixMlqcmQmJwu\" width=\"560\" height=\"315\" frameborder=\"0\" allowfullscreen=\"allowfullscreen\"><\/iframe><\/p>\n<p><span style=\"font-weight: 400;\">Hace muchos, muchos a\u00f1os,<\/span><br \/>\n<span style=\"font-weight: 400;\">Exactamente un monto\u0301n,<\/span><span style=\"font-weight: 400;\"><br \/>\n<\/span><span style=\"font-weight: 400;\">En una remota regio\u0301n<\/span><span style=\"font-weight: 400;\"><br \/>\n<\/span><span style=\"font-weight: 400;\">Cayo\u0301 una inmensa nevada.<\/span><br \/>\n<span style=\"font-weight: 400;\">Y hasta aqui\u0301, no pasa nada,<\/span><br \/>\n<span style=\"font-weight: 400;\">Pero ahora viene el li\u0301o:<\/span><br \/>\n<span style=\"font-weight: 400;\">Una reina caprichosa<\/span><br \/>\n<span style=\"font-weight: 400;\">Pensando en sus reales cosas<\/span><br \/>\n<span style=\"font-weight: 400;\">Muy distrai\u0301da cosi\u0301a.<\/span><span style=\"font-weight: 400;\"><br \/>\n<\/span><span style=\"font-weight: 400;\">\u201c\u00a1Ay, dios mi\u0301o, que\u0301 averi\u0301a!<\/span><span style=\"font-weight: 400;\"><br \/>\n<\/span><span style=\"font-weight: 400;\">Me he pinchado con la aguja.\u201d<\/span><\/p>\n<p><span style=\"font-weight: 400;\">Y sin ma\u0301s la reina estruja<\/span><br \/>\n<span style=\"font-weight: 400;\">Aquella herida sangrienta.<\/span><br \/>\n<span style=\"font-weight: 400;\">Oh, que\u0301 imagen tan violenta!<\/span><br \/>\n<span style=\"font-weight: 400;\">Pero ella no lo ve igual,<\/span><br \/>\n<span style=\"font-weight: 400;\">Le parece colosal<\/span><br \/>\n<span style=\"font-weight: 400;\">Aquel paisaje formado<\/span><br \/>\n<span style=\"font-weight: 400;\">Por su sangre, lo nevado,<\/span><br \/>\n<span style=\"font-weight: 400;\">La cu\u0301pula celestial<\/span><br \/>\n<span style=\"font-weight: 400;\">A trave\u0301s del ventanal,<\/span><br \/>\n<span style=\"font-weight: 400;\">Y la noche, negra noche,<\/span><br \/>\n<span style=\"font-weight: 400;\">Noche negra y estrellada.<\/span><br \/>\n<span style=\"font-weight: 400;\">\u200b<\/span><br \/>\n<span style=\"font-weight: 400;\">\u201c\u00a1Oh my god, que\u0301 monada!<\/span><br \/>\n<span style=\"font-weight: 400;\">Yo quiero una hija asi\u0301:<\/span><br \/>\n<span style=\"font-weight: 400;\">Que destelle en todo el cielo,<\/span><br \/>\n<span style=\"font-weight: 400;\">Con las nubes por sombrero<\/span><br \/>\n<span style=\"font-weight: 400;\">Y un corazo\u0301n luminoso,<\/span><span style=\"font-weight: 400;\"><br \/>\n<\/span><span style=\"font-weight: 400;\">Y ya no quiero ma\u0301s nada.\u201d<\/span><br \/>\n<span style=\"font-weight: 400;\">Y a los nueve meses justos,<\/span><br \/>\n<span style=\"font-weight: 400;\">Por ser deseo real,<\/span><br \/>\n<span style=\"font-weight: 400;\">Vino a este mundo mortal<\/span><br \/>\n<span style=\"font-weight: 400;\">Una preciosa nin\u0303a:<\/span><br \/>\nBlancanieves.<\/p>\n<p>&nbsp;<\/p>\n<p><strong>FICHA ART\u00cdSTICA\u00a0<\/strong><br \/>\n<span style=\"font-weight: 400;\">Creaci\u00f3n, direcci\u00f3n, texto e interpretaci\u00f3n: Jaime Santos M\u00fasica: Pep Pascual Escenograf\u00eda: Ana Luz de Andr\u00e9s Dise\u00f1o de iluminaci\u00f3n: Mar\u00eda Lesmes Producci\u00f3n: La Chana Teatro\u00a0<\/span><br \/>\n<span style=\"font-weight: 400;\">WEB: <a href=\"https:\/\/lachanateatro.es\/blancanieves\/\">https:\/\/lachanateatro.es\/blancanieves\/\u00a0<\/a><\/span><\/p>\n<p><strong>LA COMPA\u00d1\u00cdA\u00a0<\/strong><br \/>\n<span style=\"font-weight: 400;\">La Chana Teatro nace en 1987 como una aventura inconsciente y decidida. Una aventura en manos del desconocimiento y de la imperfecci\u00f3n. Mirando 37 a\u00f1os atr\u00e1s, en este momento, pensamos que estos dos talentos nos han impulsado principalmente a la b\u00fasqueda y el estudio de los pilares del ritual; todo gira en torno a eso, a la Ceremonia. Otra de las constantes, es que se construye con lo que se tiene a mano. Con los a\u00f1os, la sustancia po\u00e9tica nos ha animado a perseguir tesoros de los que no conoc\u00edamos nada, s\u00f3lo su valor, y de los que no ten\u00edamos ninguna pista sobre su paradero. Y una y otra vez ha sido as\u00ed. Desde La Virtuosa de Torresmenudas a Entre Diluvios y de ah\u00ed a Natalia. De \u00a1Gaudeamus! a La Osad\u00eda, de Vulgarcito a Blancanieves, o de un Quinqui en Versalles a Balada para una Revoluci\u00f3n.\u00a0<\/span><br \/>\n<span style=\"font-weight: 400;\">Un mont\u00f3n de pa\u00edses, un mont\u00f3n de paisajes, un mont\u00f3n de gente y un mont\u00f3n de aventuras. Llevamos casi cuatro d\u00e9cadas invent\u00e1ndonos d\u00f3nde y de d\u00f3nde podr\u00eda surgir la sustancia po\u00e9tica. Y esa sustancia siempre es distinta y su ritual no tiene copia. Am\u00e9n.<\/span><\/p>\n<p>&nbsp;<\/p>\n<h2><span style=\"font-weight: 400;\">PREMIOS<\/span><\/h2>\n<ul>\n<li><span style=\"font-weight: 400;\"> Premio de P\u00fablico a Mejor Espect\u00e1culo Infantil en la Feria de Teatro de Castilla y Le\u00f3n en 2020<\/span><span style=\"font-weight: 400;\"><br \/>\n<\/span><span style=\"font-weight: 400;\">\u00b7 Premio Titeremurcia al Mejor Espect\u00e1culo en 2021<\/span><\/li>\n<li><span style=\"font-weight: 400;\"> Premio Max al Mejor Espect\u00e1culo infantil, juvenil o para p\u00fablico familiar en la XXVI Edici\u00f3n en 2023<\/span><\/li>\n<li><span style=\"font-weight: 400;\"> Premio al Mejor Espect\u00e1culo del Parque de las Marionetas en 2023<\/span><\/li>\n<\/ul>\n<p>&nbsp;<\/p>\n<p><i><span style=\"font-weight: 400;\">Si necesit\u00e1s asistencia personalizada para inscribirte o asistir, pod\u00e9s comunicarte a <\/span><\/i><a href=\"mailto:info@ccpe.org.ar\"><i><span style=\"font-weight: 400;\">info@ccpe.org.ar<\/span><\/i><\/a><i><span style=\"font-weight: 400;\"> o consultar nuestra <\/span><\/i><a href=\"https:\/\/ccpe.org.ar\/web\/accesibilidad\/\"><i><span style=\"font-weight: 400;\">secci\u00f3n de accesibilidad.<\/span><\/i><\/a><\/p>\n<p><b>Con el apoyo de la Cooperaci\u00f3n Cultural Espa\u00f1ola (AECID)<\/b><\/p>\n<p><img loading=\"lazy\" decoding=\"async\" class=\"alignnone wp-image-7394 size-full\" src=\"https:\/\/ccpe.org.ar\/web\/wp-content\/uploads\/2025\/06\/logo-coop-arg-COLOR.png\" alt=\"\" width=\"3751\" height=\"594\" srcset=\"https:\/\/ccpe.org.ar\/web\/wp-content\/uploads\/2025\/06\/logo-coop-arg-COLOR.png 3751w, https:\/\/ccpe.org.ar\/web\/wp-content\/uploads\/2025\/06\/logo-coop-arg-COLOR-1280x203.png 1280w, https:\/\/ccpe.org.ar\/web\/wp-content\/uploads\/2025\/06\/logo-coop-arg-COLOR-980x155.png 980w, https:\/\/ccpe.org.ar\/web\/wp-content\/uploads\/2025\/06\/logo-coop-arg-COLOR-480x76.png 480w\" sizes=\"(min-width: 0px) and (max-width: 480px) 480px, (min-width: 481px) and (max-width: 980px) 980px, (min-width: 981px) and (max-width: 1280px) 1280px, (min-width: 1281px) 3751px, 100vw\" \/><\/p>\n","protected":false},"excerpt":{"rendered":"<p>Una particular e hilarante reversi\u00f3n de la obra Blancanieves, contada con l\u00e1mparas y candelabros, a cargo de la compa\u00f1\u00eda espa\u00f1ola La Chana.<\/p>\n","protected":false},"author":2,"featured_media":7422,"comment_status":"closed","ping_status":"closed","template":"","tags":[],"mec_category":[20,19],"yoast_head":"<!-- This site is optimized with the Yoast SEO plugin v23.5 - https:\/\/yoast.com\/wordpress\/plugins\/seo\/ -->\n<title>Blancanieves - Centro Cultural Parque de Espa\u00f1a\/AECID<\/title>\n<meta name=\"robots\" content=\"index, follow, max-snippet:-1, max-image-preview:large, max-video-preview:-1\" \/>\n<link rel=\"canonical\" href=\"https:\/\/ccpe.org.ar\/web\/actividades\/blancanieves\/\" \/>\n<meta property=\"og:locale\" content=\"es_ES\" \/>\n<meta property=\"og:type\" content=\"article\" \/>\n<meta property=\"og:title\" content=\"Blancanieves - Centro Cultural Parque de Espa\u00f1a\/AECID\" \/>\n<meta property=\"og:description\" content=\"Una particular e hilarante reversi\u00f3n de la obra Blancanieves, contada con l\u00e1mparas y candelabros, a cargo de la compa\u00f1\u00eda espa\u00f1ola La Chana.\" \/>\n<meta property=\"og:url\" content=\"https:\/\/ccpe.org.ar\/web\/actividades\/blancanieves\/\" \/>\n<meta property=\"og:site_name\" content=\"Centro Cultural Parque de Espa\u00f1a\/AECID\" \/>\n<meta property=\"article:publisher\" content=\"https:\/\/www.facebook.com\/CCPErosario\/\" \/>\n<meta property=\"article:modified_time\" content=\"2025-07-16T12:37:32+00:00\" \/>\n<meta property=\"og:image\" content=\"https:\/\/ccpe.org.ar\/web\/wp-content\/uploads\/2025\/06\/b_blancanieves.jpg\" \/>\n\t<meta property=\"og:image:width\" content=\"980\" \/>\n\t<meta property=\"og:image:height\" content=\"544\" \/>\n\t<meta property=\"og:image:type\" content=\"image\/jpeg\" \/>\n<meta name=\"twitter:card\" content=\"summary_large_image\" \/>\n<meta name=\"twitter:site\" content=\"@ccpe\" \/>\n<meta name=\"twitter:label1\" content=\"Tiempo de lectura\" \/>\n\t<meta name=\"twitter:data1\" content=\"4 minutos\" \/>\n<script type=\"application\/ld+json\" class=\"yoast-schema-graph\">{\"@context\":\"https:\/\/schema.org\",\"@graph\":[{\"@type\":\"WebPage\",\"@id\":\"https:\/\/ccpe.org.ar\/web\/actividades\/blancanieves\/\",\"url\":\"https:\/\/ccpe.org.ar\/web\/actividades\/blancanieves\/\",\"name\":\"Blancanieves - Centro Cultural Parque de Espa\u00f1a\/AECID\",\"isPartOf\":{\"@id\":\"https:\/\/ccpe.org.ar\/web\/#website\"},\"primaryImageOfPage\":{\"@id\":\"https:\/\/ccpe.org.ar\/web\/actividades\/blancanieves\/#primaryimage\"},\"image\":{\"@id\":\"https:\/\/ccpe.org.ar\/web\/actividades\/blancanieves\/#primaryimage\"},\"thumbnailUrl\":\"https:\/\/ccpe.org.ar\/web\/wp-content\/uploads\/2025\/06\/b_blancanieves.jpg\",\"datePublished\":\"2025-06-23T14:23:30+00:00\",\"dateModified\":\"2025-07-16T12:37:32+00:00\",\"breadcrumb\":{\"@id\":\"https:\/\/ccpe.org.ar\/web\/actividades\/blancanieves\/#breadcrumb\"},\"inLanguage\":\"es\",\"potentialAction\":[{\"@type\":\"ReadAction\",\"target\":[\"https:\/\/ccpe.org.ar\/web\/actividades\/blancanieves\/\"]}]},{\"@type\":\"ImageObject\",\"inLanguage\":\"es\",\"@id\":\"https:\/\/ccpe.org.ar\/web\/actividades\/blancanieves\/#primaryimage\",\"url\":\"https:\/\/ccpe.org.ar\/web\/wp-content\/uploads\/2025\/06\/b_blancanieves.jpg\",\"contentUrl\":\"https:\/\/ccpe.org.ar\/web\/wp-content\/uploads\/2025\/06\/b_blancanieves.jpg\",\"width\":980,\"height\":544},{\"@type\":\"BreadcrumbList\",\"@id\":\"https:\/\/ccpe.org.ar\/web\/actividades\/blancanieves\/#breadcrumb\",\"itemListElement\":[{\"@type\":\"ListItem\",\"position\":1,\"name\":\"Portada\",\"item\":\"https:\/\/ccpe.org.ar\/web\/\"},{\"@type\":\"ListItem\",\"position\":2,\"name\":\"Blancanieves\"}]},{\"@type\":\"WebSite\",\"@id\":\"https:\/\/ccpe.org.ar\/web\/#website\",\"url\":\"https:\/\/ccpe.org.ar\/web\/\",\"name\":\"Centro Cultural Parque de Espa\u00f1a\/AECID\",\"description\":\"Sitio web del Centro Cultural Parque de Espa\u00f1a\/AECID\",\"potentialAction\":[{\"@type\":\"SearchAction\",\"target\":{\"@type\":\"EntryPoint\",\"urlTemplate\":\"https:\/\/ccpe.org.ar\/web\/?s={search_term_string}\"},\"query-input\":{\"@type\":\"PropertyValueSpecification\",\"valueRequired\":true,\"valueName\":\"search_term_string\"}}],\"inLanguage\":\"es\"}]}<\/script>\n<!-- \/ Yoast SEO plugin. -->","yoast_head_json":{"title":"Blancanieves - Centro Cultural Parque de Espa\u00f1a\/AECID","robots":{"index":"index","follow":"follow","max-snippet":"max-snippet:-1","max-image-preview":"max-image-preview:large","max-video-preview":"max-video-preview:-1"},"canonical":"https:\/\/ccpe.org.ar\/web\/actividades\/blancanieves\/","og_locale":"es_ES","og_type":"article","og_title":"Blancanieves - Centro Cultural Parque de Espa\u00f1a\/AECID","og_description":"Una particular e hilarante reversi\u00f3n de la obra Blancanieves, contada con l\u00e1mparas y candelabros, a cargo de la compa\u00f1\u00eda espa\u00f1ola La Chana.","og_url":"https:\/\/ccpe.org.ar\/web\/actividades\/blancanieves\/","og_site_name":"Centro Cultural Parque de Espa\u00f1a\/AECID","article_publisher":"https:\/\/www.facebook.com\/CCPErosario\/","article_modified_time":"2025-07-16T12:37:32+00:00","og_image":[{"width":980,"height":544,"url":"https:\/\/ccpe.org.ar\/web\/wp-content\/uploads\/2025\/06\/b_blancanieves.jpg","type":"image\/jpeg"}],"twitter_card":"summary_large_image","twitter_site":"@ccpe","twitter_misc":{"Tiempo de lectura":"4 minutos"},"schema":{"@context":"https:\/\/schema.org","@graph":[{"@type":"WebPage","@id":"https:\/\/ccpe.org.ar\/web\/actividades\/blancanieves\/","url":"https:\/\/ccpe.org.ar\/web\/actividades\/blancanieves\/","name":"Blancanieves - Centro Cultural Parque de Espa\u00f1a\/AECID","isPartOf":{"@id":"https:\/\/ccpe.org.ar\/web\/#website"},"primaryImageOfPage":{"@id":"https:\/\/ccpe.org.ar\/web\/actividades\/blancanieves\/#primaryimage"},"image":{"@id":"https:\/\/ccpe.org.ar\/web\/actividades\/blancanieves\/#primaryimage"},"thumbnailUrl":"https:\/\/ccpe.org.ar\/web\/wp-content\/uploads\/2025\/06\/b_blancanieves.jpg","datePublished":"2025-06-23T14:23:30+00:00","dateModified":"2025-07-16T12:37:32+00:00","breadcrumb":{"@id":"https:\/\/ccpe.org.ar\/web\/actividades\/blancanieves\/#breadcrumb"},"inLanguage":"es","potentialAction":[{"@type":"ReadAction","target":["https:\/\/ccpe.org.ar\/web\/actividades\/blancanieves\/"]}]},{"@type":"ImageObject","inLanguage":"es","@id":"https:\/\/ccpe.org.ar\/web\/actividades\/blancanieves\/#primaryimage","url":"https:\/\/ccpe.org.ar\/web\/wp-content\/uploads\/2025\/06\/b_blancanieves.jpg","contentUrl":"https:\/\/ccpe.org.ar\/web\/wp-content\/uploads\/2025\/06\/b_blancanieves.jpg","width":980,"height":544},{"@type":"BreadcrumbList","@id":"https:\/\/ccpe.org.ar\/web\/actividades\/blancanieves\/#breadcrumb","itemListElement":[{"@type":"ListItem","position":1,"name":"Portada","item":"https:\/\/ccpe.org.ar\/web\/"},{"@type":"ListItem","position":2,"name":"Blancanieves"}]},{"@type":"WebSite","@id":"https:\/\/ccpe.org.ar\/web\/#website","url":"https:\/\/ccpe.org.ar\/web\/","name":"Centro Cultural Parque de Espa\u00f1a\/AECID","description":"Sitio web del Centro Cultural Parque de Espa\u00f1a\/AECID","potentialAction":[{"@type":"SearchAction","target":{"@type":"EntryPoint","urlTemplate":"https:\/\/ccpe.org.ar\/web\/?s={search_term_string}"},"query-input":{"@type":"PropertyValueSpecification","valueRequired":true,"valueName":"search_term_string"}}],"inLanguage":"es"}]}},"_links":{"self":[{"href":"https:\/\/ccpe.org.ar\/web\/wp-json\/wp\/v2\/mec-events\/7421"}],"collection":[{"href":"https:\/\/ccpe.org.ar\/web\/wp-json\/wp\/v2\/mec-events"}],"about":[{"href":"https:\/\/ccpe.org.ar\/web\/wp-json\/wp\/v2\/types\/mec-events"}],"author":[{"embeddable":true,"href":"https:\/\/ccpe.org.ar\/web\/wp-json\/wp\/v2\/users\/2"}],"replies":[{"embeddable":true,"href":"https:\/\/ccpe.org.ar\/web\/wp-json\/wp\/v2\/comments?post=7421"}],"wp:featuredmedia":[{"embeddable":true,"href":"https:\/\/ccpe.org.ar\/web\/wp-json\/wp\/v2\/media\/7422"}],"wp:attachment":[{"href":"https:\/\/ccpe.org.ar\/web\/wp-json\/wp\/v2\/media?parent=7421"}],"wp:term":[{"taxonomy":"post_tag","embeddable":true,"href":"https:\/\/ccpe.org.ar\/web\/wp-json\/wp\/v2\/tags?post=7421"},{"taxonomy":"mec_category","embeddable":true,"href":"https:\/\/ccpe.org.ar\/web\/wp-json\/wp\/v2\/mec_category?post=7421"}],"curies":[{"name":"wp","href":"https:\/\/api.w.org\/{rel}","templated":true}]}}