{"id":7504,"date":"2025-08-18T11:08:18","date_gmt":"2025-08-18T14:08:18","guid":{"rendered":"https:\/\/ccpe.org.ar\/web\/?post_type=mec-events&#038;p=7504"},"modified":"2025-08-28T09:29:32","modified_gmt":"2025-08-28T12:29:32","slug":"inteligencia-artificial-aplicada-a-proyectos-socio-culturales","status":"publish","type":"mec-events","link":"https:\/\/ccpe.org.ar\/web\/actividades\/inteligencia-artificial-aplicada-a-proyectos-socio-culturales\/","title":{"rendered":"Inteligencia Artificial aplicada a proyectos socio-culturales"},"content":{"rendered":"<p><span style=\"font-weight: 400;\">Su incidencia en la gesti\u00f3n y en el dise\u00f1o de pol\u00edticas p\u00fablicas.<\/span><\/p>\n<p><span style=\"font-weight: 400;\">El Centro Cultural Parque de Espa\u00f1a abre la inscripci\u00f3n para participar del\u00a0 <\/span><span style=\"font-weight: 400;\">Curso &#8211; Taller: \u201c<\/span><b>Inteligencia Artificial aplicada a proyectos socio-culturales. <\/b><span style=\"font-weight: 400;\">Su incidencia en la gesti\u00f3n y en el dise\u00f1o de pol\u00edticas p\u00fablicas.\u201d En el marco del Programa ACERCA de Capacitaci\u00f3n para el Desarrollo en el Sector Cultural de la Cooperaci\u00f3n Espa\u00f1ola. Docentes: Octavio Kulesz (AR), Agustina Brizio (AR), Mart\u00ed Perram\u00f3n (ES) y Laura Alonso Alemany (ES-AR).<\/span><\/p>\n<p><b>Del 8 al 12 de septiembre. Gratis. Modalidad h\u00edbrida: Trayecto virtual: abierto + Taller presencial: con cupo. Ambas instancias requieren inscripci\u00f3n previa, completando <\/b><a href=\"https:\/\/docs.google.com\/forms\/d\/1cEp68YeQKIUnZw3hc4vqlf6J3Du7Lglf9tkUnQ_UTkQ\/edit\"><b>este formulario hasta el 28\/8 a las 12 hs<\/b><\/a><b>. El 1\/9 se anuncian v\u00eda mail las personas seleccionadas a la instancia presencial. Se entregar\u00e1n certificados.\u00a0<\/b><\/p>\n<p><span style=\"font-weight: 400;\">Dirigido a gestores culturales, trabajadoras y trabajadores de la cultura, agentes p\u00fablicos, emprendedores socio-culturales.<\/span><\/p>\n<p><span style=\"font-weight: 400;\">La propuesta del curso tiene por objetivo analizar cr\u00edticamente el v\u00ednculo entre Cultura (en sus dimensiones transversales: cultura y ciudad, participaci\u00f3n ciudadana, inclusi\u00f3n social, entre otras) e Inteligencia Artificial, poniendo \u00e9nfasis en los cambios y transformaciones que la implementaci\u00f3n de la IA imprime al dise\u00f1o de proyectos socio-culturales.<\/span><\/p>\n<p><span style=\"font-weight: 400;\">Se propone generar un espacio de reflexi\u00f3n cr\u00edtica en torno a problem\u00e1ticas que la utilizaci\u00f3n de la IA puede traer aparejadas en temas como desequilibrios en la brecha digital, l\u00edmites \u00e9ticos, establecimiento de sesgos y derechos, entre otros, as\u00ed como considerar en profundidad el impacto que el uso de la IA produce sobre el sector cultural, tanto en su dimensi\u00f3n creativa como desde la perspectiva de las industrias culturales.\u00a0<\/span><\/p>\n<p><strong>PROGRAMA<\/strong><\/p>\n<p><span style=\"font-weight: 400;\">Lunes 8 de septiembre<\/span><\/p>\n<p><span style=\"font-weight: 400;\">10 a 12.30 h\u00a0\u00a0<\/span><br \/>\n<b>Clase virtual : El impacto cultural de la inteligencia artificial<\/b><br \/>\n<span style=\"font-weight: 400;\">Docente: Octavio Kulesz (Argentina)<\/span><br \/>\n<span style=\"font-weight: 400;\">Clase te\u00f3rica con din\u00e1mica de ejercicios pr\u00e1cticos con IA generativa: textos, im\u00e1genes, audio.\u00a0<\/span><\/p>\n<p><span style=\"font-weight: 400;\">15 a 18.30 h\u00a0\u00a0<\/span><br \/>\n<b>Taller presencial: Fundamentos y Diagn\u00f3stico Estrat\u00e9gico con IA\u00a0<\/b><br \/>\n<span style=\"font-weight: 400;\">Docente: Mart\u00ed Perram\u00f3n (Espa\u00f1a)\u00a0<\/span><br \/>\n<span style=\"font-weight: 400;\">M\u00f3dulo 1: El Nuevo Paradigma: Gesti\u00f3n Cultural, IA y Prop\u00f3sito, Contexto actual, conceptos b\u00e1sicos de la IA.\u00a0<\/span><br \/>\n<span style=\"font-weight: 400;\">Receso\u00a0<\/span><br \/>\n<span style=\"font-weight: 400;\">M\u00f3dulo 2 (Parte 1): Diagn\u00f3stico Potenciado por IA : Utilizaci\u00f3n de la IA para investigar tendencias culturales, an\u00e1lisis FODA y punto de partida del proyecto.<\/span><\/p>\n<p><span style=\"font-weight: 400;\">Martes 9 de septiembre\u00a0<\/span><\/p>\n<p><span style=\"font-weight: 400;\">15 a 18.30 h<\/span><br \/>\n<b>Taller presencial: Visi\u00f3n, Dise\u00f1o de Proyectos y Primeros Pasos con sus P\u00fablicos\u00a0<\/b><br \/>\n<span style=\"font-weight: 400;\">M\u00f3dulo 2 (Parte 2): Visi\u00f3n Estrat\u00e9gica con IA. Articulaci\u00f3n de visiones inspiradoras, definici\u00f3n de objetivos clave, herramientas para aprender a identificar y comprender a nuestros grupos de inter\u00e9s.\u00a0\u00a0<\/span><br \/>\n<span style=\"font-weight: 400;\">M\u00f3dulo 3: Dise\u00f1ando Proyectos Culturales Innovadores con IA. De la visi\u00f3n a la acci\u00f3n, utilizaci\u00f3n de la IA para la creatividad y la planificaci\u00f3n concreta.<\/span><br \/>\n<span style=\"font-weight: 400;\">Receso<\/span><br \/>\nM\u00f3dulo 4 (Parte 1): IA y Desarrollo de P\u00fablicos. C\u00f3mo la IA puede ayudarnos a segmentar audiencias, personalizar la comunicaci\u00f3n y conectar m\u00e1s profundamente con nuestros p\u00fablicos.<\/p>\n<p><span style=\"font-weight: 400;\">Mi\u00e9rcoles 10 de septiembre\u00a0<\/span><\/p>\n<p><span style=\"font-weight: 400;\">10 a 12.30 h\u00a0<\/span><br \/>\n<b>Clase Virtual: Pol\u00edticas P\u00fablicas con Inteligencias: Artificial, Humana y Colectiva para fortalecer la democracia.<\/b><br \/>\n<b>Docente: Agustina Brizio (Argentina)\u00a0<\/b><\/p>\n<p><span style=\"font-weight: 400;\">15 a 18.30 h\u00a0<\/span><br \/>\n<b>Taller presencial: Comunicaci\u00f3n, Marketing, Implementaci\u00f3n y Futuro\u00a0<\/b><br \/>\n<span style=\"font-weight: 400;\">M\u00f3dulo 4 (Parte 2): Comunicaci\u00f3n y Marketing Cultural con IA. Crear contenido atractivo, optimizar el SEO y comunicar de manera efectiva con la ayuda de la IA.<\/span><br \/>\n<span style=\"font-weight: 400;\">Receso<\/span><br \/>\n<span style=\"font-weight: 400;\">M\u00f3dulo 5: Implementaci\u00f3n, Medici\u00f3n con IA y Futuro Sostenible en la Cultura. Cierre del ciclo estrat\u00e9gico, fomentando la medici\u00f3n, la adaptaci\u00f3n continua, y proyectando un uso responsable de la IA.<\/span><\/p>\n<p><span style=\"font-weight: 400;\">Jueves 11 de septiembre\u00a0<\/span><\/p>\n<p><span style=\"font-weight: 400;\">10 h\u00a0<\/span><br \/>\n<b>Taller presencial: Cierre del taller, resumen de aprendizajes, preguntas y reflexiones finales.\u00a0<\/b><br \/>\n<span style=\"font-weight: 400;\">\u00a0<\/span><br \/>\n<span style=\"font-weight: 400;\">Viernes 12 de septiembre<\/span><\/p>\n<p><span style=\"font-weight: 400;\">10 a 12.30 h\u00a0<\/span><br \/>\n<b>Clase virtual:\u00a0 <\/b><b>IA y derechos humanos \u00bfC\u00f3mo<\/b><b> nos podemos posicionar ante la Inteligencia Artificial?<\/b><br \/>\nDocente: Laura Alonso Alemany (Espa\u00f1a-Argentina)<br \/>\nAlgoritmos Morales. Disertante: Rogelio Biazzi Solomonoff (Argentina)<br \/>\nModera: Aneley Berardo<\/p>\n<p>&nbsp;<\/p>\n<p><span style=\"font-weight: 400;\">En el T\u00fanel 4 del Centro Cultural Parque de Espa\u00f1a (Sarmiento y el r\u00edo).<\/span><\/p>\n<p>&nbsp;<\/p>\n<p><b>DOCENTES Y DISERTANTES<\/b><\/p>\n<p><b>Mart\u00ed Perram\u00f3n (Espa\u00f1a)\u00a0<\/b><br \/>\n<span style=\"font-weight: 400;\">Consultor de Marketing Cultural e IA, Ponente y Formador en Gesti\u00f3n Cultural Innovadora. Su trabajo se centra en la intersecci\u00f3n entre la gesti\u00f3n cultural, el marketing digital y la inteligencia artificial. A lo largo de su carrera ha trabajado con una amplia variedad de instituciones culturales, tanto p\u00fablicas como privadas, en Espa\u00f1a y Latinoam\u00e9rica, ayud\u00e1ndolas a aumentar su visibilidad online, atraer a nuevos p\u00fablicos y mejorar su impacto social y cultural.<\/span><\/p>\n<p><b>Octavio Kulesz (Argentina)<\/b><br \/>\n<span style=\"font-weight: 400;\">Fil\u00f3sofo, editor digital y director de Teseo. Como investigador, colabora con organizaciones internacionales como la UNESCO, la OIF, IFACCA y la Alianza Internacional de Editores Independientes. Su trabajo se centra en el impacto de la inteligencia artificial en las industrias creativas, en particular en el mundo del libro. En 2020 fue seleccionado por la UNESCO, junto con otros 23 expertos internacionales, para redactar el texto de la Recomendaci\u00f3n sobre la \u00e9tica de la inteligencia artificial, el primer instrumento normativo a nivel mundial sobre esta tem\u00e1tica.<\/span><\/p>\n<p><b>Agustina Brizio (Argentina)\u00a0<\/b><br \/>\n<span style=\"font-weight: 400;\">Abogada por la Universidad de Buenos Aires, Mag\u00edster en Pol\u00edticas P\u00fablicas por la Universidad Torcuato Di Tella y becaria Chevening en la University College London, donde realiz\u00f3 un Master in Public Administration en Digital Technologies and Policy.\u00a0\u00a0<\/span><br \/>\n<span style=\"font-weight: 400;\">Actualmente la coordinadora de Innovaci\u00f3n y Tecnolog\u00edas Digitales de Asuntos del Sur, cuenta con m\u00e1s de 15 a\u00f1os de experiencia diversificada entre el sector acad\u00e9mico, la sociedad civil y el gobierno nacional argentino, donde se desempe\u00f1\u00f3 como Directora de Est\u00e1ndares Tecnol\u00f3gicos y Subsecretaria de Tecnolog\u00edas de la Informaci\u00f3n.A nivel internacional ocup\u00f3 una de las dos Vicepresidencias por la regi\u00f3n de las Am\u00e9ricas del Grupo Asesor de Desarrollo de las Telecomunicaciones de la Uni\u00f3n Internacional de Telecomunicaciones y es una de las 12 expertas globales del Grupo sobre Iniciativas de Capacitaci\u00f3n de la misma organizaci\u00f3n.<\/span><br \/>\n<span style=\"font-weight: 400;\">Es cofundadora de la red de Cheveners in AI, miembro del Consejo Directo del Cap\u00edtulo Argentina de Internet Society, del Comit\u00e9 Ejecutivo del IGF Argentina y l\u00edder de un grupo de investigaci\u00f3n del Center for AI and Digital Technologies and Policy. Su investigaci\u00f3n se centra en la intersecci\u00f3n de tecnolog\u00eda y sociedad, con especial inter\u00e9s en gobernanza, derechos digitales e impacto de la tecnolog\u00eda en la construcci\u00f3n democr\u00e1tica.<\/span><\/p>\n<p><b>Laura Alonso Alemany (Espa\u00f1a &#8211; Argentina)<\/b><br \/>\n<span style=\"font-weight: 400;\">Doctora en Ling\u00fc\u00edstica Computacional por la Universidad de Barcelona, profesora de Ciencias de la Computaci\u00f3n en la Facultad de Matem\u00e1tica, Astronom\u00eda, F\u00edsica y Computaci\u00f3n de la Universidad Nacional de C\u00f3rdoba. Es especialista en Procesamiento del Lenguaje y \u00c9tica de la Inteligencia Artificial y miembro del board de la Liga del Bien por la Inteligencia Artificial. Tiene numerosos antecedentes en proyectos de investigaci\u00f3n nacionales, regionales e internacionales, y ha participado como consultora en numerosos proyectos de transferencia al sector socio-productivo. Le interesa c\u00f3mo los m\u00e9todos emp\u00edricos pueden ayudar a comprender los fen\u00f3menos del lenguaje natural y tratar de comprender las diferentes repercusiones de los distintos errores de los sistemas de Inteligencia Artificial.<\/span><\/p>\n<p><b>Rogelio Biazzi Solomonoff (Argentina)<\/b><br \/>\n<span style=\"font-weight: 400;\">Jurista, economista y tecn\u00f3logo, apasionado por la innovaci\u00f3n, la calidad y la gesti\u00f3n de proyectos, siempre poniendo el prop\u00f3sito y el impacto por delante.\u00a0<\/span><br \/>\n<span style=\"font-weight: 400;\">Actualmente se desempe\u00f1a como Jefe de Gabinete en el gobierno de Rosario, Argentina, donde dise\u00f1a estrategias y procesos, coordina al equipo de gobierno, supervisa el plan de gesti\u00f3n y monitorea el cumplimiento de metas. Desde la Agencia de Modernizaci\u00f3n de Rosario, dependiente de la Jefatura de Gabinete, promueve la digitalizaci\u00f3n y modernizaci\u00f3n del Estado, impulsando procesos m\u00e1s eficientes y orientados al ciudadano. Especial inter\u00e9s en el potencial de la inteligencia artificial para mejorar la gesti\u00f3n p\u00fablica, optimizar procesos y abrir nuevas oportunidades de innovaci\u00f3n al servicio de la sociedad.<\/span><br \/>\n<span style=\"font-weight: 400;\">Su formaci\u00f3n acad\u00e9mica incluye estudios de grado en Derecho en la Universidad Nacional de Rosario y de posgrado en econom\u00eda, derecho y pol\u00edticas p\u00fablicas en instituciones de prestigio internacional como Harvard University, Universidad Complutense de Madrid, ESADE Business School y Fundaci\u00f3n Ortega y Gasset, entre otras.<\/span><\/p>\n<p><b>Aneley Bibiana Berardo (Argentina)\u00a0<\/b><br \/>\n<span style=\"font-weight: 400;\">Licenciada en Ciencia Pol\u00edtica (UNR) Docente, Investigadora y Extensionista de la Facultad de Ciencia Pol\u00edtica y RRII de la Universidad Nacional de Rosario. Actualmente es secretar\u00eda de la Asociaci\u00f3n Argentina de Estudios en Administraci\u00f3n P\u00fablica y Miembro fundadora del Centro de Investigaciones en Liderazgo y Gesti\u00f3n del Cambio.<\/span><br \/>\n<span style=\"font-weight: 400;\">Coordinadora T\u00e9cnica del \u00c1rea de Planificaci\u00f3n Estrat\u00e9gica de la Jefatura de Gabinete de la Municipalidad de Rosario, en donde recoge una trayectoria de m\u00e1s de a\u00f1os de trabajo en la Gesti\u00f3n P\u00fablica Local, especializ\u00e1ndose en el dise\u00f1o, la implementaci\u00f3n y la evaluaci\u00f3n de proyectos y pol\u00edticas p\u00fablicas locales.<\/span><br \/>\n<span style=\"font-weight: 400;\">Consultora t\u00e9cnica especializada en el dise\u00f1o, desarrollo e implementaci\u00f3n de metodolog\u00edas de dise\u00f1o y desarrollo organizacional\u00a0 y metodolog\u00edas participativas y ciudadanas para la detecci\u00f3n de problemas p\u00fablicos focales y de sus estrategias de abordaje.<\/span><\/p>\n<p>&nbsp;<\/p>\n<p><i><span style=\"font-weight: 400;\">Si necesit\u00e1s asistencia personalizada para inscribirte o asistir, pod\u00e9s comunicarte a <\/span><\/i><a href=\"mailto:info@ccpe.org.ar\"><i><span style=\"font-weight: 400;\">info@ccpe.org.ar<\/span><\/i><\/a><i><span style=\"font-weight: 400;\"> o consultar nuestra <\/span><\/i><a href=\"https:\/\/ccpe.org.ar\/web\/accesibilidad\/\"><i><span style=\"font-weight: 400;\">secci\u00f3n de accesibilidad.<\/span><\/i><\/a><\/p>\n<p><b>Con el apoyo de la Cooperaci\u00f3n Cultural Espa\u00f1ola (AECID)<\/b><\/p>\n<p><img loading=\"lazy\" decoding=\"async\" class=\"alignnone wp-image-7505\" src=\"https:\/\/ccpe.org.ar\/web\/wp-content\/uploads\/2025\/08\/LOGO-ACERCA.jpg\" alt=\"\" width=\"329\" height=\"131\" \/><\/p>\n<p><img loading=\"lazy\" decoding=\"async\" class=\"alignnone size-full wp-image-7394\" src=\"https:\/\/ccpe.org.ar\/web\/wp-content\/uploads\/2025\/06\/logo-coop-arg-COLOR.png\" alt=\"\" width=\"3751\" height=\"594\" srcset=\"https:\/\/ccpe.org.ar\/web\/wp-content\/uploads\/2025\/06\/logo-coop-arg-COLOR.png 3751w, https:\/\/ccpe.org.ar\/web\/wp-content\/uploads\/2025\/06\/logo-coop-arg-COLOR-1280x203.png 1280w, https:\/\/ccpe.org.ar\/web\/wp-content\/uploads\/2025\/06\/logo-coop-arg-COLOR-980x155.png 980w, https:\/\/ccpe.org.ar\/web\/wp-content\/uploads\/2025\/06\/logo-coop-arg-COLOR-480x76.png 480w\" sizes=\"(min-width: 0px) and (max-width: 480px) 480px, (min-width: 481px) and (max-width: 980px) 980px, (min-width: 981px) and (max-width: 1280px) 1280px, (min-width: 1281px) 3751px, 100vw\" \/><\/p>\n","protected":false},"excerpt":{"rendered":"<p>Su incidencia en la gesti\u00f3n y en el dise\u00f1o de pol\u00edticas p\u00fablicas. Docentes: Octavio Kulesz (AR), Agustina Brizio (AR), Mart\u00ed Perram\u00f3n (ES) y Laura Alonso Alemany (ES-AR).<\/p>\n","protected":false},"author":2,"featured_media":7506,"comment_status":"closed","ping_status":"closed","template":"","tags":[],"mec_category":[20],"yoast_head":"<!-- This site is optimized with the Yoast SEO plugin v23.5 - https:\/\/yoast.com\/wordpress\/plugins\/seo\/ -->\n<title>Inteligencia Artificial aplicada a proyectos socio-culturales - Centro Cultural Parque de Espa\u00f1a\/AECID<\/title>\n<meta name=\"robots\" content=\"index, follow, max-snippet:-1, max-image-preview:large, max-video-preview:-1\" \/>\n<link rel=\"canonical\" href=\"https:\/\/ccpe.org.ar\/web\/actividades\/inteligencia-artificial-aplicada-a-proyectos-socio-culturales\/\" \/>\n<meta property=\"og:locale\" content=\"es_ES\" \/>\n<meta property=\"og:type\" content=\"article\" \/>\n<meta property=\"og:title\" content=\"Inteligencia Artificial aplicada a proyectos socio-culturales - Centro Cultural Parque de Espa\u00f1a\/AECID\" \/>\n<meta property=\"og:description\" content=\"Su incidencia en la gesti\u00f3n y en el dise\u00f1o de pol\u00edticas p\u00fablicas. Docentes: Octavio Kulesz (AR), Agustina Brizio (AR), Mart\u00ed Perram\u00f3n (ES) y Laura Alonso Alemany (ES-AR).\" \/>\n<meta property=\"og:url\" content=\"https:\/\/ccpe.org.ar\/web\/actividades\/inteligencia-artificial-aplicada-a-proyectos-socio-culturales\/\" \/>\n<meta property=\"og:site_name\" content=\"Centro Cultural Parque de Espa\u00f1a\/AECID\" \/>\n<meta property=\"article:publisher\" content=\"https:\/\/www.facebook.com\/CCPErosario\/\" \/>\n<meta property=\"article:modified_time\" content=\"2025-08-28T12:29:32+00:00\" \/>\n<meta property=\"og:image\" content=\"https:\/\/ccpe.org.ar\/web\/wp-content\/uploads\/2025\/08\/b_acerca_ai.jpg\" \/>\n\t<meta property=\"og:image:width\" content=\"980\" \/>\n\t<meta property=\"og:image:height\" content=\"544\" \/>\n\t<meta property=\"og:image:type\" content=\"image\/jpeg\" \/>\n<meta name=\"twitter:card\" content=\"summary_large_image\" \/>\n<meta name=\"twitter:site\" content=\"@ccpe\" \/>\n<meta name=\"twitter:label1\" content=\"Tiempo de lectura\" \/>\n\t<meta name=\"twitter:data1\" content=\"8 minutos\" \/>\n<script type=\"application\/ld+json\" class=\"yoast-schema-graph\">{\"@context\":\"https:\/\/schema.org\",\"@graph\":[{\"@type\":\"WebPage\",\"@id\":\"https:\/\/ccpe.org.ar\/web\/actividades\/inteligencia-artificial-aplicada-a-proyectos-socio-culturales\/\",\"url\":\"https:\/\/ccpe.org.ar\/web\/actividades\/inteligencia-artificial-aplicada-a-proyectos-socio-culturales\/\",\"name\":\"Inteligencia Artificial aplicada a proyectos socio-culturales - Centro Cultural Parque de Espa\u00f1a\/AECID\",\"isPartOf\":{\"@id\":\"https:\/\/ccpe.org.ar\/web\/#website\"},\"primaryImageOfPage\":{\"@id\":\"https:\/\/ccpe.org.ar\/web\/actividades\/inteligencia-artificial-aplicada-a-proyectos-socio-culturales\/#primaryimage\"},\"image\":{\"@id\":\"https:\/\/ccpe.org.ar\/web\/actividades\/inteligencia-artificial-aplicada-a-proyectos-socio-culturales\/#primaryimage\"},\"thumbnailUrl\":\"https:\/\/ccpe.org.ar\/web\/wp-content\/uploads\/2025\/08\/b_acerca_ai.jpg\",\"datePublished\":\"2025-08-18T14:08:18+00:00\",\"dateModified\":\"2025-08-28T12:29:32+00:00\",\"breadcrumb\":{\"@id\":\"https:\/\/ccpe.org.ar\/web\/actividades\/inteligencia-artificial-aplicada-a-proyectos-socio-culturales\/#breadcrumb\"},\"inLanguage\":\"es\",\"potentialAction\":[{\"@type\":\"ReadAction\",\"target\":[\"https:\/\/ccpe.org.ar\/web\/actividades\/inteligencia-artificial-aplicada-a-proyectos-socio-culturales\/\"]}]},{\"@type\":\"ImageObject\",\"inLanguage\":\"es\",\"@id\":\"https:\/\/ccpe.org.ar\/web\/actividades\/inteligencia-artificial-aplicada-a-proyectos-socio-culturales\/#primaryimage\",\"url\":\"https:\/\/ccpe.org.ar\/web\/wp-content\/uploads\/2025\/08\/b_acerca_ai.jpg\",\"contentUrl\":\"https:\/\/ccpe.org.ar\/web\/wp-content\/uploads\/2025\/08\/b_acerca_ai.jpg\",\"width\":980,\"height\":544},{\"@type\":\"BreadcrumbList\",\"@id\":\"https:\/\/ccpe.org.ar\/web\/actividades\/inteligencia-artificial-aplicada-a-proyectos-socio-culturales\/#breadcrumb\",\"itemListElement\":[{\"@type\":\"ListItem\",\"position\":1,\"name\":\"Portada\",\"item\":\"https:\/\/ccpe.org.ar\/web\/\"},{\"@type\":\"ListItem\",\"position\":2,\"name\":\"Inteligencia Artificial aplicada a proyectos socio-culturales\"}]},{\"@type\":\"WebSite\",\"@id\":\"https:\/\/ccpe.org.ar\/web\/#website\",\"url\":\"https:\/\/ccpe.org.ar\/web\/\",\"name\":\"Centro Cultural Parque de Espa\u00f1a\/AECID\",\"description\":\"Sitio web del Centro Cultural Parque de Espa\u00f1a\/AECID\",\"potentialAction\":[{\"@type\":\"SearchAction\",\"target\":{\"@type\":\"EntryPoint\",\"urlTemplate\":\"https:\/\/ccpe.org.ar\/web\/?s={search_term_string}\"},\"query-input\":{\"@type\":\"PropertyValueSpecification\",\"valueRequired\":true,\"valueName\":\"search_term_string\"}}],\"inLanguage\":\"es\"}]}<\/script>\n<!-- \/ Yoast SEO plugin. -->","yoast_head_json":{"title":"Inteligencia Artificial aplicada a proyectos socio-culturales - Centro Cultural Parque de Espa\u00f1a\/AECID","robots":{"index":"index","follow":"follow","max-snippet":"max-snippet:-1","max-image-preview":"max-image-preview:large","max-video-preview":"max-video-preview:-1"},"canonical":"https:\/\/ccpe.org.ar\/web\/actividades\/inteligencia-artificial-aplicada-a-proyectos-socio-culturales\/","og_locale":"es_ES","og_type":"article","og_title":"Inteligencia Artificial aplicada a proyectos socio-culturales - Centro Cultural Parque de Espa\u00f1a\/AECID","og_description":"Su incidencia en la gesti\u00f3n y en el dise\u00f1o de pol\u00edticas p\u00fablicas. Docentes: Octavio Kulesz (AR), Agustina Brizio (AR), Mart\u00ed Perram\u00f3n (ES) y Laura Alonso Alemany (ES-AR).","og_url":"https:\/\/ccpe.org.ar\/web\/actividades\/inteligencia-artificial-aplicada-a-proyectos-socio-culturales\/","og_site_name":"Centro Cultural Parque de Espa\u00f1a\/AECID","article_publisher":"https:\/\/www.facebook.com\/CCPErosario\/","article_modified_time":"2025-08-28T12:29:32+00:00","og_image":[{"width":980,"height":544,"url":"https:\/\/ccpe.org.ar\/web\/wp-content\/uploads\/2025\/08\/b_acerca_ai.jpg","type":"image\/jpeg"}],"twitter_card":"summary_large_image","twitter_site":"@ccpe","twitter_misc":{"Tiempo de lectura":"8 minutos"},"schema":{"@context":"https:\/\/schema.org","@graph":[{"@type":"WebPage","@id":"https:\/\/ccpe.org.ar\/web\/actividades\/inteligencia-artificial-aplicada-a-proyectos-socio-culturales\/","url":"https:\/\/ccpe.org.ar\/web\/actividades\/inteligencia-artificial-aplicada-a-proyectos-socio-culturales\/","name":"Inteligencia Artificial aplicada a proyectos socio-culturales - Centro Cultural Parque de Espa\u00f1a\/AECID","isPartOf":{"@id":"https:\/\/ccpe.org.ar\/web\/#website"},"primaryImageOfPage":{"@id":"https:\/\/ccpe.org.ar\/web\/actividades\/inteligencia-artificial-aplicada-a-proyectos-socio-culturales\/#primaryimage"},"image":{"@id":"https:\/\/ccpe.org.ar\/web\/actividades\/inteligencia-artificial-aplicada-a-proyectos-socio-culturales\/#primaryimage"},"thumbnailUrl":"https:\/\/ccpe.org.ar\/web\/wp-content\/uploads\/2025\/08\/b_acerca_ai.jpg","datePublished":"2025-08-18T14:08:18+00:00","dateModified":"2025-08-28T12:29:32+00:00","breadcrumb":{"@id":"https:\/\/ccpe.org.ar\/web\/actividades\/inteligencia-artificial-aplicada-a-proyectos-socio-culturales\/#breadcrumb"},"inLanguage":"es","potentialAction":[{"@type":"ReadAction","target":["https:\/\/ccpe.org.ar\/web\/actividades\/inteligencia-artificial-aplicada-a-proyectos-socio-culturales\/"]}]},{"@type":"ImageObject","inLanguage":"es","@id":"https:\/\/ccpe.org.ar\/web\/actividades\/inteligencia-artificial-aplicada-a-proyectos-socio-culturales\/#primaryimage","url":"https:\/\/ccpe.org.ar\/web\/wp-content\/uploads\/2025\/08\/b_acerca_ai.jpg","contentUrl":"https:\/\/ccpe.org.ar\/web\/wp-content\/uploads\/2025\/08\/b_acerca_ai.jpg","width":980,"height":544},{"@type":"BreadcrumbList","@id":"https:\/\/ccpe.org.ar\/web\/actividades\/inteligencia-artificial-aplicada-a-proyectos-socio-culturales\/#breadcrumb","itemListElement":[{"@type":"ListItem","position":1,"name":"Portada","item":"https:\/\/ccpe.org.ar\/web\/"},{"@type":"ListItem","position":2,"name":"Inteligencia Artificial aplicada a proyectos socio-culturales"}]},{"@type":"WebSite","@id":"https:\/\/ccpe.org.ar\/web\/#website","url":"https:\/\/ccpe.org.ar\/web\/","name":"Centro Cultural Parque de Espa\u00f1a\/AECID","description":"Sitio web del Centro Cultural Parque de Espa\u00f1a\/AECID","potentialAction":[{"@type":"SearchAction","target":{"@type":"EntryPoint","urlTemplate":"https:\/\/ccpe.org.ar\/web\/?s={search_term_string}"},"query-input":{"@type":"PropertyValueSpecification","valueRequired":true,"valueName":"search_term_string"}}],"inLanguage":"es"}]}},"_links":{"self":[{"href":"https:\/\/ccpe.org.ar\/web\/wp-json\/wp\/v2\/mec-events\/7504"}],"collection":[{"href":"https:\/\/ccpe.org.ar\/web\/wp-json\/wp\/v2\/mec-events"}],"about":[{"href":"https:\/\/ccpe.org.ar\/web\/wp-json\/wp\/v2\/types\/mec-events"}],"author":[{"embeddable":true,"href":"https:\/\/ccpe.org.ar\/web\/wp-json\/wp\/v2\/users\/2"}],"replies":[{"embeddable":true,"href":"https:\/\/ccpe.org.ar\/web\/wp-json\/wp\/v2\/comments?post=7504"}],"wp:featuredmedia":[{"embeddable":true,"href":"https:\/\/ccpe.org.ar\/web\/wp-json\/wp\/v2\/media\/7506"}],"wp:attachment":[{"href":"https:\/\/ccpe.org.ar\/web\/wp-json\/wp\/v2\/media?parent=7504"}],"wp:term":[{"taxonomy":"post_tag","embeddable":true,"href":"https:\/\/ccpe.org.ar\/web\/wp-json\/wp\/v2\/tags?post=7504"},{"taxonomy":"mec_category","embeddable":true,"href":"https:\/\/ccpe.org.ar\/web\/wp-json\/wp\/v2\/mec_category?post=7504"}],"curies":[{"name":"wp","href":"https:\/\/api.w.org\/{rel}","templated":true}]}}