{"id":7544,"date":"2025-09-04T11:15:38","date_gmt":"2025-09-04T14:15:38","guid":{"rendered":"https:\/\/ccpe.org.ar\/web\/?post_type=mec-events&#038;p=7544"},"modified":"2025-09-04T12:22:40","modified_gmt":"2025-09-04T15:22:40","slug":"yayo-herrero-en-argentina","status":"publish","type":"mec-events","link":"https:\/\/ccpe.org.ar\/web\/actividades\/yayo-herrero-en-argentina\/","title":{"rendered":"Yayo Herrero en Argentina"},"content":{"rendered":"<p><span style=\"font-weight: 400;\">Charla: Ecofeminismos para cambiarlo todo<\/span><i><span style=\"font-weight: 400;\"><br \/>\n<\/span><\/i><span style=\"font-weight: 400;\">Participan: Yayo Herrero, Melisa Argento (CIFEG), Luci Cavallero (Movida Ciudad) y Melisa Cabrapan Duarte (Confederaci\u00f3n Mapuche de Neuqu\u00e9n, Consejo Zonal Xawvn Ko) Moderaci\u00f3n: Florencia Puente.<\/span><\/p>\n<p><span style=\"font-weight: 400;\">Jueves 11 de septiembre \u2013 18 hs.\u00a0 Centro Cultural Parque de Espa\u00f1a (Sarmiento y el r\u00edo, Rosario). Gratis, con<\/span><a href=\"https:\/\/es.surveymonkey.com\/r\/MM3PPRP\"><span style=\"font-weight: 400;\"> inscripci\u00f3n ac\u00e1. <\/span><\/a><span style=\"font-weight: 400;\">Cupos limitados.<\/span><a href=\"https:\/\/docs.google.com\/forms\/d\/e\/1FAIpQLSd1s5I_u25C6rgxwHjVDiCBAPQPwHDz4ht6uRVyhkNPH9E2Yw\/viewform\"><span style=\"font-weight: 400;\"><br \/>\n<\/span><\/a><\/p>\n<p><span style=\"font-weight: 400;\">CIFEG, Fundaci\u00f3n Rosa Luxemburgo, InSSA y Centro Cultural Parque de Espa\u00f1a invitan a participar de una serie de actividades que se realizar\u00e1n en el marco de la visita a Argentina de <\/span><b>Yayo Herrero<\/b><span style=\"font-weight: 400;\">, antrop\u00f3loga, ingeniera y activista ecofeminista espa\u00f1ola. Referente clave del pensamiento cr\u00edtico sobre la crisis ecosocial, su obra articula ecolog\u00eda pol\u00edtica, feminismo y justicia social, cuestionando el modelo capitalista y proponiendo una reorganizaci\u00f3n radical de la vida basada en el cuidado, los l\u00edmites ecol\u00f3gicos y la sostenibilidad de la vida. Es, sin duda, una de las voces m\u00e1s influyentes del ecofeminismo en el mundo hispanohablante.<\/span><\/p>\n<p><span style=\"font-weight: 400;\">Nuestra civilizaci\u00f3n atraviesa una crisis ambiental, social y humana sin precedentes. Frente a este colapso m\u00faltiple, se vuelve urgente y necesario construir colectivamente nuevas formas de pensar, sentir y habitar el mundo. El ecofeminismo, como marco pol\u00edtico y \u00e9tico, nos permite comprender c\u00f3mo las l\u00f3gicas de explotaci\u00f3n de la naturaleza est\u00e1n profundamente entrelazadas con las opresiones de g\u00e9nero, clase y colonialidad. Desde all\u00ed, es necesario poner la vida \u2014humana y no humana\u2014 en el centro, reconociendo la interdependencia y la ecodependencia como principios vitales.<\/span><\/p>\n<p><span style=\"font-weight: 400;\">Transformar el mundo tambi\u00e9n implica transformar los imaginarios: reconfigurar nuestras hegemon\u00edas culturales, reconstruir los v\u00ednculos entre personas y naturaleza, e imaginar salidas desde abajo, desde los territorios. Con esta convicci\u00f3n, diferentes organizaciones y espacios acad\u00e9micos impulsamos un ciclo de charlas y talleres con Yayo Herrero en distintas ciudades del pa\u00eds.<\/span><\/p>\n<p>&nbsp;<\/p>\n<h3><b>PROGRAMA DE ACTIVIDADES EN ROSARIO<\/b><\/h3>\n<p><span style=\"font-weight: 400;\">Jueves 11 de septiembre \u2013 Centro Cultural Parque de Espa\u00f1a<\/span><\/p>\n<p><span style=\"font-weight: 400;\"><br \/>\n<\/span><span style=\"font-weight: 400;\">14:30 a 17:30 hs \u2013 <\/span><b>Taller de formaci\u00f3n \u201cFeminismos Ecoterritoriales y transiciones ecosociales\u201d <\/b><span style=\"font-weight: 400;\">con Yayo Herrero. Con invitaci\u00f3n previa.<\/span><\/p>\n<p><span style=\"font-weight: 400;\">18:00 20:00 hs \u2013 Charla: <\/span><b>\u00a0Feminismos Ecoterritoriales para transformarlo todo.\u00a0 <a href=\"https:\/\/es.surveymonkey.com\/r\/MM3PPRP\">Con inscripci\u00f3n ac\u00e1. Cupos limitados.<\/a><\/b><\/p>\n<p>&nbsp;<\/p>\n<p>&nbsp;<\/p>\n<p>&nbsp;<\/p>\n<h3><b>PROGRAMA DE ACTIVIDADES EN ARGENTINA<\/b><\/h3>\n<p><b>C\u00d3RDOBA<\/b><b><br \/>\n<\/b><span style=\"font-weight: 400;\">Mi\u00e9rcoles 10 de septiembre \u2013 18 hs.<\/span><span style=\"font-weight: 400;\"><br \/>\n<\/span><span style=\"font-weight: 400;\">Facultad de Ciencias Sociales \u2013 UNC (Av. Valpara\u00edso s\/n, Ciudad Universitaria)<\/span><span style=\"font-weight: 400;\"><br \/>\n<\/span><b>Charla:<\/b> <i><span style=\"font-weight: 400;\">Feminismos territoriales para una ecolog\u00eda popular<\/span><\/i><i><span style=\"font-weight: 400;\"><br \/>\n<\/span><\/i><b>Participan:<\/b><span style=\"font-weight: 400;\"> Yayo Herrero, Francisca Fern\u00e1ndez Droguett y Carolina Llorens<\/span><span style=\"font-weight: 400;\"><br \/>\n<\/span><b>Moderaci\u00f3n:<\/b><span style=\"font-weight: 400;\"> Florencia Puente<\/span><span style=\"font-weight: 400;\"><br \/>\n<\/span><b>Organizan:<\/b><span style=\"font-weight: 400;\"> Movimiento Campesino de C\u00f3rdoba \u2013 MNCI Somos Tierra, C\u00f3rdoba Comunidad, Fundaci\u00f3n Rosa Luxemburgo<\/span><\/p>\n<p><b>ROSARIO<\/b><b><br \/>\n<\/b><span style=\"font-weight: 400;\">Jueves 11 de septiembre \u2013 18 hs.<\/span><span style=\"font-weight: 400;\"><br \/>\n<\/span><span style=\"font-weight: 400;\">Centro Cultural Parque de Espa\u00f1a (Sarmiento y el r\u00edo, Rosario)<\/span><span style=\"font-weight: 400;\"><br \/>\n<\/span><b>Charla:<\/b> <i><span style=\"font-weight: 400;\">Ecofeminismos para cambiarlo todo<\/span><\/i><i><span style=\"font-weight: 400;\"><br \/>\n<\/span><\/i><b>Participan:<\/b><span style=\"font-weight: 400;\"> Yayo Herrero, Melisa Argento (CIFEG), Luci Cavallero (Movida Ciudad) y Melisa Cabrapan Duarte (Confederaci\u00f3n Mapuche de Neuqu\u00e9n, Consejo Zonal Xawvn Ko)<\/span><span style=\"font-weight: 400;\"><br \/>\n<\/span><b>Moderaci\u00f3n:<\/b><span style=\"font-weight: 400;\"> Florencia Puente<\/span><span style=\"font-weight: 400;\"><br \/>\n<\/span><b>Organizan:<\/b><span style=\"font-weight: 400;\"> CIFEG, Fundaci\u00f3n Rosa Luxemburgo, Centro Cultural Parque de Espa\u00f1a, InSSA<\/span><\/p>\n<p><b>CABA<\/b><b><br \/>\n<\/b><span style=\"font-weight: 400;\">Viernes 12 de septiembre \u2013 18 hs.<\/span><span style=\"font-weight: 400;\"><br \/>\n<\/span><span style=\"font-weight: 400;\">Fundaci\u00f3n Rosa Luxemburgo (Santiago del Estero 1148, CABA)<\/span><span style=\"font-weight: 400;\"><br \/>\n<\/span> <b>Charla:<\/b> <i><span style=\"font-weight: 400;\">\u00bfEs posible construir un futuro feminista y ecosocial?<\/span><\/i><i><span style=\"font-weight: 400;\"><br \/>\n<\/span><\/i> <b>Participan:<\/b><span style=\"font-weight: 400;\"> Yayo Herrero, Maristella Svampa, Ver\u00f3nica Gago y Corina Rodr\u00edguez Enr\u00edquez<\/span><span style=\"font-weight: 400;\"><br \/>\n<\/span> <b>Presentaci\u00f3n:<\/b><span style=\"font-weight: 400;\"> Torge L\u00f6ding<\/span><span style=\"font-weight: 400;\"><br \/>\n<\/span> <b>Moderaci\u00f3n:<\/b><span style=\"font-weight: 400;\"> Candelaria Botto<\/span><span style=\"font-weight: 400;\"><br \/>\n<\/span> <b>Organiza:<\/b><span style=\"font-weight: 400;\"> Fundaci\u00f3n Rosa Luxemburgo<\/span><\/p>\n","protected":false},"excerpt":{"rendered":"<p>Participan: Yayo Herrero, Melisa Argento, Luci Cavallero y Melisa Cabrapan Duarte. Modera: Florencia Puente.<\/p>\n","protected":false},"author":2,"featured_media":7545,"comment_status":"closed","ping_status":"closed","template":"","tags":[],"mec_category":[20,19],"yoast_head":"<!-- This site is optimized with the Yoast SEO plugin v23.5 - https:\/\/yoast.com\/wordpress\/plugins\/seo\/ -->\n<title>Yayo Herrero en Argentina - Centro Cultural Parque de Espa\u00f1a\/AECID<\/title>\n<meta name=\"robots\" content=\"index, follow, max-snippet:-1, max-image-preview:large, max-video-preview:-1\" \/>\n<link rel=\"canonical\" href=\"https:\/\/ccpe.org.ar\/web\/actividades\/yayo-herrero-en-argentina\/\" \/>\n<meta property=\"og:locale\" content=\"es_ES\" \/>\n<meta property=\"og:type\" content=\"article\" \/>\n<meta property=\"og:title\" content=\"Yayo Herrero en Argentina - Centro Cultural Parque de Espa\u00f1a\/AECID\" \/>\n<meta property=\"og:description\" content=\"Participan: Yayo Herrero, Melisa Argento, Luci Cavallero y Melisa Cabrapan Duarte. Modera: Florencia Puente.\" \/>\n<meta property=\"og:url\" content=\"https:\/\/ccpe.org.ar\/web\/actividades\/yayo-herrero-en-argentina\/\" \/>\n<meta property=\"og:site_name\" content=\"Centro Cultural Parque de Espa\u00f1a\/AECID\" \/>\n<meta property=\"article:publisher\" content=\"https:\/\/www.facebook.com\/CCPErosario\/\" \/>\n<meta property=\"article:modified_time\" content=\"2025-09-04T15:22:40+00:00\" \/>\n<meta property=\"og:image\" content=\"https:\/\/ccpe.org.ar\/web\/wp-content\/uploads\/2025\/09\/b_yayo_herrero.jpg\" \/>\n\t<meta property=\"og:image:width\" content=\"980\" \/>\n\t<meta property=\"og:image:height\" content=\"544\" \/>\n\t<meta property=\"og:image:type\" content=\"image\/jpeg\" \/>\n<meta name=\"twitter:card\" content=\"summary_large_image\" \/>\n<meta name=\"twitter:site\" content=\"@ccpe\" \/>\n<meta name=\"twitter:label1\" content=\"Tiempo de lectura\" \/>\n\t<meta name=\"twitter:data1\" content=\"3 minutos\" \/>\n<script type=\"application\/ld+json\" class=\"yoast-schema-graph\">{\"@context\":\"https:\/\/schema.org\",\"@graph\":[{\"@type\":\"WebPage\",\"@id\":\"https:\/\/ccpe.org.ar\/web\/actividades\/yayo-herrero-en-argentina\/\",\"url\":\"https:\/\/ccpe.org.ar\/web\/actividades\/yayo-herrero-en-argentina\/\",\"name\":\"Yayo Herrero en Argentina - Centro Cultural Parque de Espa\u00f1a\/AECID\",\"isPartOf\":{\"@id\":\"https:\/\/ccpe.org.ar\/web\/#website\"},\"primaryImageOfPage\":{\"@id\":\"https:\/\/ccpe.org.ar\/web\/actividades\/yayo-herrero-en-argentina\/#primaryimage\"},\"image\":{\"@id\":\"https:\/\/ccpe.org.ar\/web\/actividades\/yayo-herrero-en-argentina\/#primaryimage\"},\"thumbnailUrl\":\"https:\/\/ccpe.org.ar\/web\/wp-content\/uploads\/2025\/09\/b_yayo_herrero.jpg\",\"datePublished\":\"2025-09-04T14:15:38+00:00\",\"dateModified\":\"2025-09-04T15:22:40+00:00\",\"breadcrumb\":{\"@id\":\"https:\/\/ccpe.org.ar\/web\/actividades\/yayo-herrero-en-argentina\/#breadcrumb\"},\"inLanguage\":\"es\",\"potentialAction\":[{\"@type\":\"ReadAction\",\"target\":[\"https:\/\/ccpe.org.ar\/web\/actividades\/yayo-herrero-en-argentina\/\"]}]},{\"@type\":\"ImageObject\",\"inLanguage\":\"es\",\"@id\":\"https:\/\/ccpe.org.ar\/web\/actividades\/yayo-herrero-en-argentina\/#primaryimage\",\"url\":\"https:\/\/ccpe.org.ar\/web\/wp-content\/uploads\/2025\/09\/b_yayo_herrero.jpg\",\"contentUrl\":\"https:\/\/ccpe.org.ar\/web\/wp-content\/uploads\/2025\/09\/b_yayo_herrero.jpg\",\"width\":980,\"height\":544},{\"@type\":\"BreadcrumbList\",\"@id\":\"https:\/\/ccpe.org.ar\/web\/actividades\/yayo-herrero-en-argentina\/#breadcrumb\",\"itemListElement\":[{\"@type\":\"ListItem\",\"position\":1,\"name\":\"Portada\",\"item\":\"https:\/\/ccpe.org.ar\/web\/\"},{\"@type\":\"ListItem\",\"position\":2,\"name\":\"Yayo Herrero en Argentina\"}]},{\"@type\":\"WebSite\",\"@id\":\"https:\/\/ccpe.org.ar\/web\/#website\",\"url\":\"https:\/\/ccpe.org.ar\/web\/\",\"name\":\"Centro Cultural Parque de Espa\u00f1a\/AECID\",\"description\":\"Sitio web del Centro Cultural Parque de Espa\u00f1a\/AECID\",\"potentialAction\":[{\"@type\":\"SearchAction\",\"target\":{\"@type\":\"EntryPoint\",\"urlTemplate\":\"https:\/\/ccpe.org.ar\/web\/?s={search_term_string}\"},\"query-input\":{\"@type\":\"PropertyValueSpecification\",\"valueRequired\":true,\"valueName\":\"search_term_string\"}}],\"inLanguage\":\"es\"}]}<\/script>\n<!-- \/ Yoast SEO plugin. -->","yoast_head_json":{"title":"Yayo Herrero en Argentina - Centro Cultural Parque de Espa\u00f1a\/AECID","robots":{"index":"index","follow":"follow","max-snippet":"max-snippet:-1","max-image-preview":"max-image-preview:large","max-video-preview":"max-video-preview:-1"},"canonical":"https:\/\/ccpe.org.ar\/web\/actividades\/yayo-herrero-en-argentina\/","og_locale":"es_ES","og_type":"article","og_title":"Yayo Herrero en Argentina - Centro Cultural Parque de Espa\u00f1a\/AECID","og_description":"Participan: Yayo Herrero, Melisa Argento, Luci Cavallero y Melisa Cabrapan Duarte. Modera: Florencia Puente.","og_url":"https:\/\/ccpe.org.ar\/web\/actividades\/yayo-herrero-en-argentina\/","og_site_name":"Centro Cultural Parque de Espa\u00f1a\/AECID","article_publisher":"https:\/\/www.facebook.com\/CCPErosario\/","article_modified_time":"2025-09-04T15:22:40+00:00","og_image":[{"width":980,"height":544,"url":"https:\/\/ccpe.org.ar\/web\/wp-content\/uploads\/2025\/09\/b_yayo_herrero.jpg","type":"image\/jpeg"}],"twitter_card":"summary_large_image","twitter_site":"@ccpe","twitter_misc":{"Tiempo de lectura":"3 minutos"},"schema":{"@context":"https:\/\/schema.org","@graph":[{"@type":"WebPage","@id":"https:\/\/ccpe.org.ar\/web\/actividades\/yayo-herrero-en-argentina\/","url":"https:\/\/ccpe.org.ar\/web\/actividades\/yayo-herrero-en-argentina\/","name":"Yayo Herrero en Argentina - Centro Cultural Parque de Espa\u00f1a\/AECID","isPartOf":{"@id":"https:\/\/ccpe.org.ar\/web\/#website"},"primaryImageOfPage":{"@id":"https:\/\/ccpe.org.ar\/web\/actividades\/yayo-herrero-en-argentina\/#primaryimage"},"image":{"@id":"https:\/\/ccpe.org.ar\/web\/actividades\/yayo-herrero-en-argentina\/#primaryimage"},"thumbnailUrl":"https:\/\/ccpe.org.ar\/web\/wp-content\/uploads\/2025\/09\/b_yayo_herrero.jpg","datePublished":"2025-09-04T14:15:38+00:00","dateModified":"2025-09-04T15:22:40+00:00","breadcrumb":{"@id":"https:\/\/ccpe.org.ar\/web\/actividades\/yayo-herrero-en-argentina\/#breadcrumb"},"inLanguage":"es","potentialAction":[{"@type":"ReadAction","target":["https:\/\/ccpe.org.ar\/web\/actividades\/yayo-herrero-en-argentina\/"]}]},{"@type":"ImageObject","inLanguage":"es","@id":"https:\/\/ccpe.org.ar\/web\/actividades\/yayo-herrero-en-argentina\/#primaryimage","url":"https:\/\/ccpe.org.ar\/web\/wp-content\/uploads\/2025\/09\/b_yayo_herrero.jpg","contentUrl":"https:\/\/ccpe.org.ar\/web\/wp-content\/uploads\/2025\/09\/b_yayo_herrero.jpg","width":980,"height":544},{"@type":"BreadcrumbList","@id":"https:\/\/ccpe.org.ar\/web\/actividades\/yayo-herrero-en-argentina\/#breadcrumb","itemListElement":[{"@type":"ListItem","position":1,"name":"Portada","item":"https:\/\/ccpe.org.ar\/web\/"},{"@type":"ListItem","position":2,"name":"Yayo Herrero en Argentina"}]},{"@type":"WebSite","@id":"https:\/\/ccpe.org.ar\/web\/#website","url":"https:\/\/ccpe.org.ar\/web\/","name":"Centro Cultural Parque de Espa\u00f1a\/AECID","description":"Sitio web del Centro Cultural Parque de Espa\u00f1a\/AECID","potentialAction":[{"@type":"SearchAction","target":{"@type":"EntryPoint","urlTemplate":"https:\/\/ccpe.org.ar\/web\/?s={search_term_string}"},"query-input":{"@type":"PropertyValueSpecification","valueRequired":true,"valueName":"search_term_string"}}],"inLanguage":"es"}]}},"_links":{"self":[{"href":"https:\/\/ccpe.org.ar\/web\/wp-json\/wp\/v2\/mec-events\/7544"}],"collection":[{"href":"https:\/\/ccpe.org.ar\/web\/wp-json\/wp\/v2\/mec-events"}],"about":[{"href":"https:\/\/ccpe.org.ar\/web\/wp-json\/wp\/v2\/types\/mec-events"}],"author":[{"embeddable":true,"href":"https:\/\/ccpe.org.ar\/web\/wp-json\/wp\/v2\/users\/2"}],"replies":[{"embeddable":true,"href":"https:\/\/ccpe.org.ar\/web\/wp-json\/wp\/v2\/comments?post=7544"}],"wp:featuredmedia":[{"embeddable":true,"href":"https:\/\/ccpe.org.ar\/web\/wp-json\/wp\/v2\/media\/7545"}],"wp:attachment":[{"href":"https:\/\/ccpe.org.ar\/web\/wp-json\/wp\/v2\/media?parent=7544"}],"wp:term":[{"taxonomy":"post_tag","embeddable":true,"href":"https:\/\/ccpe.org.ar\/web\/wp-json\/wp\/v2\/tags?post=7544"},{"taxonomy":"mec_category","embeddable":true,"href":"https:\/\/ccpe.org.ar\/web\/wp-json\/wp\/v2\/mec_category?post=7544"}],"curies":[{"name":"wp","href":"https:\/\/api.w.org\/{rel}","templated":true}]}}