{"id":761,"date":"2019-07-05T17:02:38","date_gmt":"2019-07-05T20:02:38","guid":{"rendered":"http:\/\/ccpe.org.ar\/web\/?post_type=mec-events&#038;p=761"},"modified":"2019-07-05T18:53:29","modified_gmt":"2019-07-05T21:53:29","slug":"festival-ojo-al-piojo-proyecciones-para-grandes-y-chicos","status":"publish","type":"mec-events","link":"https:\/\/ccpe.org.ar\/web\/actividades\/festival-ojo-al-piojo-proyecciones-para-grandes-y-chicos\/","title":{"rendered":"Festival Ojo al Piojo. PROYECCIONES PARA GRANDES Y CHICOS"},"content":{"rendered":"<p>Del 16 al 20 de julio se llevar\u00e1 a cabo en diferentes salas de la ciudad el Festival Internacional de Cine Infantil Ojo al Piojo!, un evento anual en el que participan cortometrajes de todo el mundo realizados por ni\u00f1as, ni\u00f1os y j\u00f3venes, y cortometrajes realizados por adultos para p\u00fablico infantil. El CCPE ser\u00e1 sede de este evento con proyecciones y dos charlas: <a href=\"http:\/\/ccpe.org.ar\/web\/actividades\/festival-ojo-al-piojo-leer-entre-lineas\/\" target=\"_blank\" rel=\"noopener noreferrer\">Juan Sklar <\/a>dar\u00e1 una charla para descubrir desde el hacer y mirar, y leer entre l\u00edneas desbaratando mitos en el cine infantil, y <a href=\"http:\/\/ccpe.org.ar\/web\/actividades\/festival-ojo-al-piojo-narrar-la-infancia\/\">Fernando Salem <\/a>dar\u00e1 una charla sobre la narrativa para la infancia y la construcci\u00f3n del relato.<\/p>\n<h3><strong>Proyecciones<\/strong><\/h3>\n<p><strong><a href=\"http:\/\/festivalojoalpiojo.gob.ar\/page\/fuera_de_competencia\/id\/20\/title\/La-Matatena%2C-Asociaci%C3%B3n-de-Cine-para-Ni%C3%B1as-y-Ni%C3%B1os%2C-A.-C.\" target=\"_blank\" rel=\"noopener noreferrer\">Festival Internacional de Cine para Ni\u00f1os (\u2026y no tan Ni\u00f1os) La Matatena (M\u00e9xico)<\/a><\/strong><\/p>\n<p>La Matatena, A.C. es una asociaci\u00f3n creada con el prop\u00f3sito de acercar a la poblaci\u00f3n infantil a una cinematograf\u00eda de calidad mediante materiales realizados en M\u00e9xico y en otras partes del mundo que se proyectan en el Festival Internacional de Cine para Ni\u00f1os (\u2026y no tan ni\u00f1os). La Matatena, A.C. promueve el acercamiento a ni\u00f1as y ni\u00f1os a los diferentes medios audiovisuales de una manera creativa, a trav\u00e9s de diversas actividades culturales en el marco del Festival y a lo largo del a\u00f1o.<\/p>\n<p><em><strong>La familia silencio<br \/>\n<\/strong><\/em>Animaci\u00f3n en plastilina cuadro por cuadro | 6\u00b439\u00b4\u00b4 | M\u00e9xico | 2007<br \/>\nAlex es sordo y vive con su familia. Cuando se sientan a comer todos platican animosamente, pero Alex no sabe lo que dicen, no entiende y se a\u00edsla. Esto lo entristece. Su hermana a veces abusa de esto. Es mentirosa y lo acusa de cosas que \u00e9l no ha hecho. Un d\u00eda llega a comer la abuela, que sabe comunicarse a se\u00f1as con \u00e9l. Entiende el problema y pone remedio a la marginaci\u00f3n de Alex.<\/p>\n<p><em><strong>Mi historia en el mundo oyente<\/strong><\/em><br \/>\nAnimaci\u00f3n en plastilina cuadro por cuadro | 6\u00b428\u00b4\u00b4 | M\u00e9xico | 2007<br \/>\nPaloma y Blanca, por medio de lenguaje de se\u00f1as nos explican las dificultades que vive una persona sorda en un mundo de oyentes, a trav\u00e9s de tres ejemplos: ir a la escuela de oyentes, ir al m\u00e9dico y circular por las calles de la ciudad. La conclusi\u00f3n: \u00ab\u00a1ay\u00fadenos! por favor aprendan un poco de lenguaje de se\u00f1as\u00bb.<\/p>\n<p>Ni\u00f1as y ni\u00f1os realizadores: Blanca Garc\u00eda Vicente, Paloma Palacios Mart\u00ednez, Oscar Gerardo Carrizales Cort\u00e9s, Jes\u00fas Salvador Hern\u00e1ndez, Fabiola Jim\u00e9nez Hern\u00e1ndez, Miguel \u00c1ngel Jim\u00e9nez Reyes, Tania Ladr\u00f3n de Guevara Centeno, Adriana L\u00f3pez Garc\u00eda, Tatsumi Morales Hern\u00e1ndez, Andrea Olivo Camarillo, Juan Jos\u00e9 Pe\u00f1a Covarrubias, Lourdes P\u00e9rez Mart\u00ednez, Alejandro Ram\u00edrez Bonilla, Jos\u00e9 Rivera Flores, Clarisa Rivera Flores, C\u00e9sar Rodr\u00edguez Hern\u00e1ndez, Luis Enrique Soto Vela, Yazm\u00edn Zavala Jim\u00e9nez, Isaac De \u00c1vila Basurto, Juan Fernando Hern\u00e1ndez Barajas, Jazm\u00edn L\u00f3pez Garc\u00eda, Irving Iv\u00e1n Manzo Ortega, Ivonne Berenice Trejo Far\u00edas.<\/p>\n<p>Producci\u00f3n: La Matatena, Asociaci\u00f3n de Cine para Ni\u00f1as y Ni\u00f1os, A.C., dentro del Programa de Coinversi\u00f3n de Indesol y la Comisi\u00f3n de Derechos Humanos del Distrito Federal correspondiente a la Convocatoria de fomento a iniciativas ciudadanas en materia de educaci\u00f3n y promoci\u00f3n de los derechos humanos en el Distrito Federal, con el proyecto: Los derechos del coraz\u00f3n y con el valioso apoyo de Equipment &amp; Film Design.<\/p>\n<p><em><strong>La fiesta del ma\u00edz<\/strong><\/em><br \/>\nAnimaci\u00f3n en plastilina cuadro por cuadro | 6\u00b433\u00b4\u00b4 | M\u00e9xico | 2016<br \/>\nAnte las burlas y descalificaciones de unos cuervos, una cuervita se prepara para darles una gran lecci\u00f3n.<\/p>\n<p>Ni\u00f1as y ni\u00f1os realizadores: Amairani Marisol Santiba\u00f1ez Barajas, Jos\u00e9 Francisco Garc\u00eda Melgar, Fernanda de Jes\u00fas Guzm\u00e1n, Mildred Ayesha D\u00edaz Gonz\u00e1lez, Luis Felipe Pe\u00f1a Hern\u00e1ndez, Angelique Carballo Sotelo, Erika Lara T\u00e9llez, Isaac Muruato Rojas, Leslie Anayanzy Del Toro Mart\u00ednez, Eduardo Rivera Ram\u00edrez, Valeria Ortega Bautista, Emilio Espinosa Nava, Megan Renata Camacho Garc\u00eda, Irving Yahir Camacho Gasca, Frida Ximena S\u00e1nchez Merlos, Roberto Caleb Mart\u00ednez Mel\u00e9ndez y Yaretzi Guadalupe Bustos Luna. Direcci\u00f3n del taller: Agust\u00edn Gir\u00f3n Rivas<\/p>\n<p>Producci\u00f3n: La Matatena, Asociaci\u00f3n de Cine para Ni\u00f1as y Ni\u00f1os, A.C. con el apoyo del Programa Coinversi\u00f3n para el Desarrollo Social de la Ciudad de M\u00e9xico, 2016, con recursos p\u00fablicos del Instituto de las Mujeres del Distrito Federal.<\/p>\n<hr \/>\n<p><strong><a href=\"http:\/\/festivalojoalpiojo.gob.ar\/page\/fuera_de_competencia\/id\/17\/title\/Festival-Internacional-Pequeno-Cineasta\" target=\"_blank\" rel=\"noopener noreferrer\">Festival Internacional Pequeno Cineasta (Brasil)<\/a><\/strong><br \/>\nEl festival presenta un panorama de cortos producidos por ni\u00f1os y j\u00f3venes de 8 a 17 a\u00f1os de todo el mundo. El objetivo es brindar a los j\u00f3venes la oportunidad de expresarse a trav\u00e9s del lenguaje cinematogr\u00e1fico.<\/p>\n<p><strong><em>Amor pr\u00f3prio \/ Amor propio<br \/>\n<\/em><\/strong>Ficci\u00f3n | 2&#8217;13\u00bb | Brasil<br \/>\nGui\u00f3n y direcci\u00f3n: Catarina Dias (14 a\u00f1os)<br \/>\nLa ni\u00f1a se juzga fea por no encajar con los patrones de belleza de su entorno cotidiano.<\/p>\n<p><em><strong>Cartas para vida \/ Cartas para la vida<\/strong><\/em><br \/>\nFicci\u00f3n | 6&#8217;15\u00bb | Brasil<br \/>\nDirecci\u00f3n: J\u00falia Muniz y Laura Nogueira Susskind<br \/>\nGui\u00f3n: Laura Nogueira Susskind (12 a\u00f1os)<br \/>\nUna ni\u00f1a, hu\u00e9rfana, recibe cartas an\u00f3nimas durante algunos a\u00f1os, hasta que un d\u00eda&#8230;<\/p>\n<p><em><strong>Um dia de Chaplin \/ Un d\u00eda de Chaplin<\/strong><\/em><br \/>\nFicci\u00f3n | 3&#8242; | Brasil<br \/>\nDirecci\u00f3n: Rafael Valen\u00e7a y Jliana Zalfa (12 y 13 a\u00f1os)<br \/>\nGui\u00f3n: Rafael Valen\u00e7a<br \/>\nUn hombre vive la experiencia de ser como Chaplin.<\/p>\n<hr \/>\n<p><strong><a href=\"http:\/\/festivalojoalpiojo.gob.ar\/page\/fuera_de_competencia\/id\/22\/title\/Escuela-para-Animadores-Rosario\" target=\"_blank\" rel=\"noopener noreferrer\">Escuela para Animadores (Argentina) &#8211; Programa 1<\/a><\/strong><\/p>\n<p>La <a href=\"http:\/\/www.escuelaanimadores.gob.ar\/\" target=\"_blank\" rel=\"noopener noreferrer\">Escuela para Animadores Rosario<\/a> es una propuesta de educaci\u00f3n no formal del <a href=\"http:\/\/www.centroaudiovisual.gob.ar\/\" target=\"_blank\" rel=\"noopener noreferrer\">Centro Audiovisual Rosario<\/a>. La escuela ofrece un curso de 2 a\u00f1os destinado a dibujantes, ilustradores, artistas pl\u00e1sticos, dise\u00f1adores y realizadores audiovisuales. Es, desde 2006, una de las tres opciones p\u00fablicas para estudiar animaci\u00f3n en el pa\u00eds y cuenta con m\u00e1s de 300 animadores egresados.<\/p>\n<p><em><strong>Apantallados<\/strong><\/em><br \/>\n3&#8242; 10\u00bb |2015<br \/>\nDirecci\u00f3n: Jesica Rodr\u00edguez<\/p>\n<p><em><strong>Chapita<\/strong><\/em><br \/>\n3&#8242; 30\u00bb | 2015<br \/>\nDirecci\u00f3n: Amadeo Mezza<\/p>\n<p><em><strong>Primer campamento<\/strong><\/em><br \/>\n1&#8242; 30\u00bb | 2015<br \/>\nDirecci\u00f3n: Jos\u00e9 Aroca<\/p>\n<p><strong><em>Al horno<\/em><\/strong><br \/>\n1:30 | 2015<br \/>\nDirecci\u00f3n: Nicol\u00e1s Barreiro<\/p>\n<p><em><strong>Vieja de antes<\/strong><\/em><br \/>\n2&#8242; | 2015<br \/>\nDirecci\u00f3n: Soledad Dalessandro<\/p>\n<p><em><strong>Ligado al pasado<\/strong><\/em><br \/>\n2&#8217;30\u00bb | 2015<br \/>\nDirecci\u00f3n: Raquel De Simone<\/p>\n","protected":false},"excerpt":{"rendered":"<p>Del 16 al 20 de julio se llevar\u00e1 a cabo en diferentes salas de la ciudad el Festival Internacional de Cine Infantil Ojo al Piojo!<\/p>\n","protected":false},"author":1,"featured_media":762,"comment_status":"closed","ping_status":"closed","template":"","tags":[],"mec_category":[20],"yoast_head":"<!-- This site is optimized with the Yoast SEO plugin v23.5 - https:\/\/yoast.com\/wordpress\/plugins\/seo\/ -->\n<title>Festival Ojo al Piojo. PROYECCIONES PARA GRANDES Y CHICOS - Centro Cultural Parque de Espa\u00f1a\/AECID<\/title>\n<meta name=\"robots\" content=\"index, follow, max-snippet:-1, max-image-preview:large, max-video-preview:-1\" \/>\n<link rel=\"canonical\" href=\"https:\/\/ccpe.org.ar\/web\/actividades\/festival-ojo-al-piojo-proyecciones-para-grandes-y-chicos\/\" \/>\n<meta property=\"og:locale\" content=\"es_ES\" \/>\n<meta property=\"og:type\" content=\"article\" \/>\n<meta property=\"og:title\" content=\"Festival Ojo al Piojo. PROYECCIONES PARA GRANDES Y CHICOS - Centro Cultural Parque de Espa\u00f1a\/AECID\" \/>\n<meta property=\"og:description\" content=\"Del 16 al 20 de julio se llevar\u00e1 a cabo en diferentes salas de la ciudad el Festival Internacional de Cine Infantil Ojo al Piojo!\" \/>\n<meta property=\"og:url\" content=\"https:\/\/ccpe.org.ar\/web\/actividades\/festival-ojo-al-piojo-proyecciones-para-grandes-y-chicos\/\" \/>\n<meta property=\"og:site_name\" content=\"Centro Cultural Parque de Espa\u00f1a\/AECID\" \/>\n<meta property=\"article:publisher\" content=\"https:\/\/www.facebook.com\/CCPErosario\/\" \/>\n<meta property=\"article:modified_time\" content=\"2019-07-05T21:53:29+00:00\" \/>\n<meta property=\"og:image\" content=\"https:\/\/ccpe.org.ar\/web\/wp-content\/uploads\/2019\/07\/b_ojo_al_piojo_proyecciones_jueves.jpg\" \/>\n\t<meta property=\"og:image:width\" content=\"1080\" \/>\n\t<meta property=\"og:image:height\" content=\"600\" \/>\n\t<meta property=\"og:image:type\" content=\"image\/jpeg\" \/>\n<meta name=\"twitter:card\" content=\"summary_large_image\" \/>\n<meta name=\"twitter:site\" content=\"@ccpe\" \/>\n<meta name=\"twitter:label1\" content=\"Tiempo de lectura\" \/>\n\t<meta name=\"twitter:data1\" content=\"5 minutos\" \/>\n<script type=\"application\/ld+json\" class=\"yoast-schema-graph\">{\"@context\":\"https:\/\/schema.org\",\"@graph\":[{\"@type\":\"WebPage\",\"@id\":\"https:\/\/ccpe.org.ar\/web\/actividades\/festival-ojo-al-piojo-proyecciones-para-grandes-y-chicos\/\",\"url\":\"https:\/\/ccpe.org.ar\/web\/actividades\/festival-ojo-al-piojo-proyecciones-para-grandes-y-chicos\/\",\"name\":\"Festival Ojo al Piojo. PROYECCIONES PARA GRANDES Y CHICOS - Centro Cultural Parque de Espa\u00f1a\/AECID\",\"isPartOf\":{\"@id\":\"https:\/\/ccpe.org.ar\/web\/#website\"},\"primaryImageOfPage\":{\"@id\":\"https:\/\/ccpe.org.ar\/web\/actividades\/festival-ojo-al-piojo-proyecciones-para-grandes-y-chicos\/#primaryimage\"},\"image\":{\"@id\":\"https:\/\/ccpe.org.ar\/web\/actividades\/festival-ojo-al-piojo-proyecciones-para-grandes-y-chicos\/#primaryimage\"},\"thumbnailUrl\":\"https:\/\/ccpe.org.ar\/web\/wp-content\/uploads\/2019\/07\/b_ojo_al_piojo_proyecciones_jueves.jpg\",\"datePublished\":\"2019-07-05T20:02:38+00:00\",\"dateModified\":\"2019-07-05T21:53:29+00:00\",\"breadcrumb\":{\"@id\":\"https:\/\/ccpe.org.ar\/web\/actividades\/festival-ojo-al-piojo-proyecciones-para-grandes-y-chicos\/#breadcrumb\"},\"inLanguage\":\"es\",\"potentialAction\":[{\"@type\":\"ReadAction\",\"target\":[\"https:\/\/ccpe.org.ar\/web\/actividades\/festival-ojo-al-piojo-proyecciones-para-grandes-y-chicos\/\"]}]},{\"@type\":\"ImageObject\",\"inLanguage\":\"es\",\"@id\":\"https:\/\/ccpe.org.ar\/web\/actividades\/festival-ojo-al-piojo-proyecciones-para-grandes-y-chicos\/#primaryimage\",\"url\":\"https:\/\/ccpe.org.ar\/web\/wp-content\/uploads\/2019\/07\/b_ojo_al_piojo_proyecciones_jueves.jpg\",\"contentUrl\":\"https:\/\/ccpe.org.ar\/web\/wp-content\/uploads\/2019\/07\/b_ojo_al_piojo_proyecciones_jueves.jpg\",\"width\":1080,\"height\":600,\"caption\":\"Ojo al Piojo\"},{\"@type\":\"BreadcrumbList\",\"@id\":\"https:\/\/ccpe.org.ar\/web\/actividades\/festival-ojo-al-piojo-proyecciones-para-grandes-y-chicos\/#breadcrumb\",\"itemListElement\":[{\"@type\":\"ListItem\",\"position\":1,\"name\":\"Portada\",\"item\":\"https:\/\/ccpe.org.ar\/web\/\"},{\"@type\":\"ListItem\",\"position\":2,\"name\":\"Festival Ojo al Piojo. PROYECCIONES PARA GRANDES Y CHICOS\"}]},{\"@type\":\"WebSite\",\"@id\":\"https:\/\/ccpe.org.ar\/web\/#website\",\"url\":\"https:\/\/ccpe.org.ar\/web\/\",\"name\":\"Centro Cultural Parque de Espa\u00f1a\/AECID\",\"description\":\"Sitio web del Centro Cultural Parque de Espa\u00f1a\/AECID\",\"potentialAction\":[{\"@type\":\"SearchAction\",\"target\":{\"@type\":\"EntryPoint\",\"urlTemplate\":\"https:\/\/ccpe.org.ar\/web\/?s={search_term_string}\"},\"query-input\":{\"@type\":\"PropertyValueSpecification\",\"valueRequired\":true,\"valueName\":\"search_term_string\"}}],\"inLanguage\":\"es\"}]}<\/script>\n<!-- \/ Yoast SEO plugin. -->","yoast_head_json":{"title":"Festival Ojo al Piojo. PROYECCIONES PARA GRANDES Y CHICOS - Centro Cultural Parque de Espa\u00f1a\/AECID","robots":{"index":"index","follow":"follow","max-snippet":"max-snippet:-1","max-image-preview":"max-image-preview:large","max-video-preview":"max-video-preview:-1"},"canonical":"https:\/\/ccpe.org.ar\/web\/actividades\/festival-ojo-al-piojo-proyecciones-para-grandes-y-chicos\/","og_locale":"es_ES","og_type":"article","og_title":"Festival Ojo al Piojo. PROYECCIONES PARA GRANDES Y CHICOS - Centro Cultural Parque de Espa\u00f1a\/AECID","og_description":"Del 16 al 20 de julio se llevar\u00e1 a cabo en diferentes salas de la ciudad el Festival Internacional de Cine Infantil Ojo al Piojo!","og_url":"https:\/\/ccpe.org.ar\/web\/actividades\/festival-ojo-al-piojo-proyecciones-para-grandes-y-chicos\/","og_site_name":"Centro Cultural Parque de Espa\u00f1a\/AECID","article_publisher":"https:\/\/www.facebook.com\/CCPErosario\/","article_modified_time":"2019-07-05T21:53:29+00:00","og_image":[{"width":1080,"height":600,"url":"https:\/\/ccpe.org.ar\/web\/wp-content\/uploads\/2019\/07\/b_ojo_al_piojo_proyecciones_jueves.jpg","type":"image\/jpeg"}],"twitter_card":"summary_large_image","twitter_site":"@ccpe","twitter_misc":{"Tiempo de lectura":"5 minutos"},"schema":{"@context":"https:\/\/schema.org","@graph":[{"@type":"WebPage","@id":"https:\/\/ccpe.org.ar\/web\/actividades\/festival-ojo-al-piojo-proyecciones-para-grandes-y-chicos\/","url":"https:\/\/ccpe.org.ar\/web\/actividades\/festival-ojo-al-piojo-proyecciones-para-grandes-y-chicos\/","name":"Festival Ojo al Piojo. PROYECCIONES PARA GRANDES Y CHICOS - Centro Cultural Parque de Espa\u00f1a\/AECID","isPartOf":{"@id":"https:\/\/ccpe.org.ar\/web\/#website"},"primaryImageOfPage":{"@id":"https:\/\/ccpe.org.ar\/web\/actividades\/festival-ojo-al-piojo-proyecciones-para-grandes-y-chicos\/#primaryimage"},"image":{"@id":"https:\/\/ccpe.org.ar\/web\/actividades\/festival-ojo-al-piojo-proyecciones-para-grandes-y-chicos\/#primaryimage"},"thumbnailUrl":"https:\/\/ccpe.org.ar\/web\/wp-content\/uploads\/2019\/07\/b_ojo_al_piojo_proyecciones_jueves.jpg","datePublished":"2019-07-05T20:02:38+00:00","dateModified":"2019-07-05T21:53:29+00:00","breadcrumb":{"@id":"https:\/\/ccpe.org.ar\/web\/actividades\/festival-ojo-al-piojo-proyecciones-para-grandes-y-chicos\/#breadcrumb"},"inLanguage":"es","potentialAction":[{"@type":"ReadAction","target":["https:\/\/ccpe.org.ar\/web\/actividades\/festival-ojo-al-piojo-proyecciones-para-grandes-y-chicos\/"]}]},{"@type":"ImageObject","inLanguage":"es","@id":"https:\/\/ccpe.org.ar\/web\/actividades\/festival-ojo-al-piojo-proyecciones-para-grandes-y-chicos\/#primaryimage","url":"https:\/\/ccpe.org.ar\/web\/wp-content\/uploads\/2019\/07\/b_ojo_al_piojo_proyecciones_jueves.jpg","contentUrl":"https:\/\/ccpe.org.ar\/web\/wp-content\/uploads\/2019\/07\/b_ojo_al_piojo_proyecciones_jueves.jpg","width":1080,"height":600,"caption":"Ojo al Piojo"},{"@type":"BreadcrumbList","@id":"https:\/\/ccpe.org.ar\/web\/actividades\/festival-ojo-al-piojo-proyecciones-para-grandes-y-chicos\/#breadcrumb","itemListElement":[{"@type":"ListItem","position":1,"name":"Portada","item":"https:\/\/ccpe.org.ar\/web\/"},{"@type":"ListItem","position":2,"name":"Festival Ojo al Piojo. PROYECCIONES PARA GRANDES Y CHICOS"}]},{"@type":"WebSite","@id":"https:\/\/ccpe.org.ar\/web\/#website","url":"https:\/\/ccpe.org.ar\/web\/","name":"Centro Cultural Parque de Espa\u00f1a\/AECID","description":"Sitio web del Centro Cultural Parque de Espa\u00f1a\/AECID","potentialAction":[{"@type":"SearchAction","target":{"@type":"EntryPoint","urlTemplate":"https:\/\/ccpe.org.ar\/web\/?s={search_term_string}"},"query-input":{"@type":"PropertyValueSpecification","valueRequired":true,"valueName":"search_term_string"}}],"inLanguage":"es"}]}},"_links":{"self":[{"href":"https:\/\/ccpe.org.ar\/web\/wp-json\/wp\/v2\/mec-events\/761"}],"collection":[{"href":"https:\/\/ccpe.org.ar\/web\/wp-json\/wp\/v2\/mec-events"}],"about":[{"href":"https:\/\/ccpe.org.ar\/web\/wp-json\/wp\/v2\/types\/mec-events"}],"author":[{"embeddable":true,"href":"https:\/\/ccpe.org.ar\/web\/wp-json\/wp\/v2\/users\/1"}],"replies":[{"embeddable":true,"href":"https:\/\/ccpe.org.ar\/web\/wp-json\/wp\/v2\/comments?post=761"}],"wp:featuredmedia":[{"embeddable":true,"href":"https:\/\/ccpe.org.ar\/web\/wp-json\/wp\/v2\/media\/762"}],"wp:attachment":[{"href":"https:\/\/ccpe.org.ar\/web\/wp-json\/wp\/v2\/media?parent=761"}],"wp:term":[{"taxonomy":"post_tag","embeddable":true,"href":"https:\/\/ccpe.org.ar\/web\/wp-json\/wp\/v2\/tags?post=761"},{"taxonomy":"mec_category","embeddable":true,"href":"https:\/\/ccpe.org.ar\/web\/wp-json\/wp\/v2\/mec_category?post=761"}],"curies":[{"name":"wp","href":"https:\/\/api.w.org\/{rel}","templated":true}]}}