{"id":7821,"date":"2026-03-13T12:18:43","date_gmt":"2026-03-13T15:18:43","guid":{"rendered":"https:\/\/ccpe.org.ar\/web\/?post_type=mec-events&#038;p=7821"},"modified":"2026-03-20T10:51:41","modified_gmt":"2026-03-20T13:51:41","slug":"panfleto-n-4-formas-de-la-memoria-en-imagenes-archivos-y-pancartas","status":"publish","type":"mec-events","link":"https:\/\/ccpe.org.ar\/web\/actividades\/panfleto-n-4-formas-de-la-memoria-en-imagenes-archivos-y-pancartas\/","title":{"rendered":"Panfleto N\u00b0 4. Formas de la memoria en im\u00e1genes, archivos y pancartas"},"content":{"rendered":"<p><span style=\"font-weight: 400;\">En el marco del 50\u00ba aniversario del Golpe de Estado del 24 de marzo de 1976, fecha de <\/span><span style=\"font-weight: 400;\">inicio de la \u00faltima dictadura militar argentina (1976-1983), conmemorado como D\u00eda de la <\/span><span style=\"font-weight: 400;\">Memoria por la Verdad y la Justicia, el Centro Cultural Parque de Espa\u00f1a, MUNTREF, y BIENALSUR presentan la muestr<\/span><span style=\"font-weight: 400;\">a<\/span><i><span style=\"font-weight: 400;\"> Panfleto N\u00b0 4. Formas de la memoria en im\u00e1genes, archivos y pancartas, <\/span><\/i><span style=\"font-weight: 400;\">con la participaci\u00f3n de <\/span><span style=\"font-weight: 400;\">Mario Espliego (ES) &amp; Carlos Mart\u00edn Rodr\u00edguez (ES), Ejercicios de Memoria (MUNTREF) y Trabajadores del arte Rosario. Curadur\u00eda: <\/span><span style=\"font-weight: 400;\">Clarisa Appendino<\/span><\/p>\n<p><b>Inauguraci\u00f3n: S\u00e1bado 28\/3, 19 hs. Abierta hasta el 23\/5, jueves, viernes y s\u00e1bados de 15 a 19 hs en Galer\u00edas del CCPE (Sarmiento y el r\u00edo). Gratis.<\/b><\/p>\n<p><span style=\"font-weight: 400;\">Panfleto N\u00b0 4 propone tres proyectos que articulan, de manera singular, la relaci\u00f3n entre producci\u00f3n art\u00edstica y acci\u00f3n pol\u00edtica. La exposici\u00f3n incluye una obra colaborativa de los artistas espa\u00f1oles Mario Espliego y Carlos Mart\u00edn Rodr\u00edguez, quienes desarrollan de una investigaci\u00f3n sobre los restos y vestigios presentes en cierta zona de Espa\u00f1a conocida por ser un enclave estrat\u00e9gico de resistencia antifascista durante la Guerra Civil Espa\u00f1ola (1936\u20131939).<\/span><\/p>\n<p><span style=\"font-weight: 400;\">Adem\u00e1s, se exhibe Ejercicios de memoria, un proyecto impulsado en 2006 por MUNTREF y curado por Gabriela Golder y Andr\u00e9s Denegri. Este proyecto incluye una selecci\u00f3n de videos de artistas argentinos y chilenos con motivo de los 30 a\u00f1os del inicio de la \u00faltima dictadura militar argentina, que coincide, adem\u00e1s, con la reapertura de los juicios a los responsables del terrorismo de Estado.<\/span><\/p>\n<p><span style=\"font-weight: 400;\">Finalmente, en di\u00e1logo con estas pr\u00e1cticas y ejercicios de memoria, el colectivo Trabajadores del Arte (Rosario) expone una serie de piezas (pancartas, banderas, registros fotogr\u00e1ficos y f\u00edlmicos, textos y otros materiales) producidas para acompa\u00f1ar diversas manifestaciones y movilizaciones p\u00fablicas acontecidas en el pa\u00eds desde 2016.<\/span><\/p>\n<p><span style=\"font-weight: 400;\">Los tres proyectos establecen una relaci\u00f3n con el pasado a partir del archivo, como materiales de uso y, adem\u00e1s, tensionan la discursividad est\u00e9tica en relaci\u00f3n con los enunciados pol\u00edticos. A trav\u00e9s de su t\u00edtulo, la exposici\u00f3n recupera una palabra que ha ca\u00eddo en desuso o que suele emplearse en un sentido peyorativo. Sin embargo, aqu\u00ed se reivindican algunas de sus cualidades fundamentales: brevedad, circulaci\u00f3n r\u00e1pida y p\u00fablica, y un lenguaje directo sin neutralidad ideol\u00f3gica. Subrayando estas caracter\u00edsticas tanto en las producciones art\u00edsticas como en las pr\u00e1cticas expositivas, el proyecto se inscribe tambi\u00e9n en una secuencia que tiene su origen en tres panfletos que el artista rosarino Juan Pablo Renzi realiz\u00f3 entre 1968 y 1971.<\/span><\/p>\n<p><span style=\"font-weight: 400;\">Vivimos en un tiempo en el que debemos confiar y desconfiar de las im\u00e1genes. En este contexto, los proyectos reunidos se sumergen en la historia del arte, los hechos hist\u00f3ricos, la producci\u00f3n de archivos y la circulaci\u00f3n de im\u00e1genes, y transitan ese campo embarrado que hace vacilar entre la reflexi\u00f3n y la acci\u00f3n.<\/span><\/p>\n<p>&nbsp;<\/p>\n<p><i><span style=\"font-weight: 400;\">Si necesit\u00e1s asistencia personalizada para inscribirte o asistir, pod\u00e9s comunicarte a <\/span><\/i><a href=\"mailto:info@ccpe.org.ar\"><i><span style=\"font-weight: 400;\">info@ccpe.org.ar<\/span><\/i><\/a><i><span style=\"font-weight: 400;\"> o consultar nuestra <\/span><\/i><a href=\"https:\/\/ccpe.org.ar\/web\/accesibilidad\/\"><i><span style=\"font-weight: 400;\">secci\u00f3n de accesibilidad.<\/span><\/i><\/a><\/p>\n<p><b>Con el apoyo de la Cooperaci\u00f3n Cultural Espa\u00f1ola (AECID)<\/b><\/p>\n<p><img loading=\"lazy\" decoding=\"async\" class=\"alignnone size-full wp-image-7670\" src=\"https:\/\/ccpe.org.ar\/web\/wp-content\/uploads\/2025\/11\/logo-cooperacion-baja.jpg\" alt=\"\" width=\"790\" height=\"121\" srcset=\"https:\/\/ccpe.org.ar\/web\/wp-content\/uploads\/2025\/11\/logo-cooperacion-baja.jpg 790w, https:\/\/ccpe.org.ar\/web\/wp-content\/uploads\/2025\/11\/logo-cooperacion-baja-480x74.jpg 480w\" sizes=\"(min-width: 0px) and (max-width: 480px) 480px, (min-width: 481px) 790px, 100vw\" \/><\/p>\n","protected":false},"excerpt":{"rendered":"<p>Mario Espliego (ES) &#038; Carlos Mart\u00edn Rodr\u00edguez (ES) \/ Ejercicios de Memoria (MUNTREF) \/ Trabajadores del arte (Rosario). Curadur\u00eda: Clarisa Appendino.<\/p>\n","protected":false},"author":2,"featured_media":7822,"comment_status":"closed","ping_status":"closed","template":"","tags":[],"mec_category":[20,19],"yoast_head":"<!-- This site is optimized with the Yoast SEO plugin v23.5 - https:\/\/yoast.com\/wordpress\/plugins\/seo\/ -->\n<title>Panfleto N\u00b0 4. Formas de la memoria en im\u00e1genes, archivos y pancartas - Centro Cultural Parque de Espa\u00f1a\/AECID<\/title>\n<meta name=\"robots\" content=\"index, follow, max-snippet:-1, max-image-preview:large, max-video-preview:-1\" \/>\n<link rel=\"canonical\" href=\"https:\/\/ccpe.org.ar\/web\/actividades\/panfleto-n-4-formas-de-la-memoria-en-imagenes-archivos-y-pancartas\/\" \/>\n<meta property=\"og:locale\" content=\"es_ES\" \/>\n<meta property=\"og:type\" content=\"article\" \/>\n<meta property=\"og:title\" content=\"Panfleto N\u00b0 4. Formas de la memoria en im\u00e1genes, archivos y pancartas - Centro Cultural Parque de Espa\u00f1a\/AECID\" \/>\n<meta property=\"og:description\" content=\"Mario Espliego (ES) &amp; Carlos Mart\u00edn Rodr\u00edguez (ES) \/ Ejercicios de Memoria (MUNTREF) \/ Trabajadores del arte (Rosario). Curadur\u00eda: Clarisa Appendino.\" \/>\n<meta property=\"og:url\" content=\"https:\/\/ccpe.org.ar\/web\/actividades\/panfleto-n-4-formas-de-la-memoria-en-imagenes-archivos-y-pancartas\/\" \/>\n<meta property=\"og:site_name\" content=\"Centro Cultural Parque de Espa\u00f1a\/AECID\" \/>\n<meta property=\"article:publisher\" content=\"https:\/\/www.facebook.com\/CCPErosario\/\" \/>\n<meta property=\"article:modified_time\" content=\"2026-03-20T13:51:41+00:00\" \/>\n<meta property=\"og:image\" content=\"https:\/\/ccpe.org.ar\/web\/wp-content\/uploads\/2026\/03\/b_panfleto_n_4.jpg\" \/>\n\t<meta property=\"og:image:width\" content=\"980\" \/>\n\t<meta property=\"og:image:height\" content=\"544\" \/>\n\t<meta property=\"og:image:type\" content=\"image\/jpeg\" \/>\n<meta name=\"twitter:card\" content=\"summary_large_image\" \/>\n<meta name=\"twitter:site\" content=\"@ccpe\" \/>\n<meta name=\"twitter:label1\" content=\"Tiempo de lectura\" \/>\n\t<meta name=\"twitter:data1\" content=\"3 minutos\" \/>\n<script type=\"application\/ld+json\" class=\"yoast-schema-graph\">{\"@context\":\"https:\/\/schema.org\",\"@graph\":[{\"@type\":\"WebPage\",\"@id\":\"https:\/\/ccpe.org.ar\/web\/actividades\/panfleto-n-4-formas-de-la-memoria-en-imagenes-archivos-y-pancartas\/\",\"url\":\"https:\/\/ccpe.org.ar\/web\/actividades\/panfleto-n-4-formas-de-la-memoria-en-imagenes-archivos-y-pancartas\/\",\"name\":\"Panfleto N\u00b0 4. Formas de la memoria en im\u00e1genes, archivos y pancartas - Centro Cultural Parque de Espa\u00f1a\/AECID\",\"isPartOf\":{\"@id\":\"https:\/\/ccpe.org.ar\/web\/#website\"},\"primaryImageOfPage\":{\"@id\":\"https:\/\/ccpe.org.ar\/web\/actividades\/panfleto-n-4-formas-de-la-memoria-en-imagenes-archivos-y-pancartas\/#primaryimage\"},\"image\":{\"@id\":\"https:\/\/ccpe.org.ar\/web\/actividades\/panfleto-n-4-formas-de-la-memoria-en-imagenes-archivos-y-pancartas\/#primaryimage\"},\"thumbnailUrl\":\"https:\/\/ccpe.org.ar\/web\/wp-content\/uploads\/2026\/03\/b_panfleto_n_4.jpg\",\"datePublished\":\"2026-03-13T15:18:43+00:00\",\"dateModified\":\"2026-03-20T13:51:41+00:00\",\"breadcrumb\":{\"@id\":\"https:\/\/ccpe.org.ar\/web\/actividades\/panfleto-n-4-formas-de-la-memoria-en-imagenes-archivos-y-pancartas\/#breadcrumb\"},\"inLanguage\":\"es\",\"potentialAction\":[{\"@type\":\"ReadAction\",\"target\":[\"https:\/\/ccpe.org.ar\/web\/actividades\/panfleto-n-4-formas-de-la-memoria-en-imagenes-archivos-y-pancartas\/\"]}]},{\"@type\":\"ImageObject\",\"inLanguage\":\"es\",\"@id\":\"https:\/\/ccpe.org.ar\/web\/actividades\/panfleto-n-4-formas-de-la-memoria-en-imagenes-archivos-y-pancartas\/#primaryimage\",\"url\":\"https:\/\/ccpe.org.ar\/web\/wp-content\/uploads\/2026\/03\/b_panfleto_n_4.jpg\",\"contentUrl\":\"https:\/\/ccpe.org.ar\/web\/wp-content\/uploads\/2026\/03\/b_panfleto_n_4.jpg\",\"width\":980,\"height\":544,\"caption\":\"foto de manifestaci\u00f3n\"},{\"@type\":\"BreadcrumbList\",\"@id\":\"https:\/\/ccpe.org.ar\/web\/actividades\/panfleto-n-4-formas-de-la-memoria-en-imagenes-archivos-y-pancartas\/#breadcrumb\",\"itemListElement\":[{\"@type\":\"ListItem\",\"position\":1,\"name\":\"Portada\",\"item\":\"https:\/\/ccpe.org.ar\/web\/\"},{\"@type\":\"ListItem\",\"position\":2,\"name\":\"Panfleto N\u00b0 4. Formas de la memoria en im\u00e1genes, archivos y pancartas\"}]},{\"@type\":\"WebSite\",\"@id\":\"https:\/\/ccpe.org.ar\/web\/#website\",\"url\":\"https:\/\/ccpe.org.ar\/web\/\",\"name\":\"Centro Cultural Parque de Espa\u00f1a\/AECID\",\"description\":\"Sitio web del Centro Cultural Parque de Espa\u00f1a\/AECID\",\"potentialAction\":[{\"@type\":\"SearchAction\",\"target\":{\"@type\":\"EntryPoint\",\"urlTemplate\":\"https:\/\/ccpe.org.ar\/web\/?s={search_term_string}\"},\"query-input\":{\"@type\":\"PropertyValueSpecification\",\"valueRequired\":true,\"valueName\":\"search_term_string\"}}],\"inLanguage\":\"es\"}]}<\/script>\n<!-- \/ Yoast SEO plugin. -->","yoast_head_json":{"title":"Panfleto N\u00b0 4. Formas de la memoria en im\u00e1genes, archivos y pancartas - Centro Cultural Parque de Espa\u00f1a\/AECID","robots":{"index":"index","follow":"follow","max-snippet":"max-snippet:-1","max-image-preview":"max-image-preview:large","max-video-preview":"max-video-preview:-1"},"canonical":"https:\/\/ccpe.org.ar\/web\/actividades\/panfleto-n-4-formas-de-la-memoria-en-imagenes-archivos-y-pancartas\/","og_locale":"es_ES","og_type":"article","og_title":"Panfleto N\u00b0 4. Formas de la memoria en im\u00e1genes, archivos y pancartas - Centro Cultural Parque de Espa\u00f1a\/AECID","og_description":"Mario Espliego (ES) & Carlos Mart\u00edn Rodr\u00edguez (ES) \/ Ejercicios de Memoria (MUNTREF) \/ Trabajadores del arte (Rosario). Curadur\u00eda: Clarisa Appendino.","og_url":"https:\/\/ccpe.org.ar\/web\/actividades\/panfleto-n-4-formas-de-la-memoria-en-imagenes-archivos-y-pancartas\/","og_site_name":"Centro Cultural Parque de Espa\u00f1a\/AECID","article_publisher":"https:\/\/www.facebook.com\/CCPErosario\/","article_modified_time":"2026-03-20T13:51:41+00:00","og_image":[{"width":980,"height":544,"url":"https:\/\/ccpe.org.ar\/web\/wp-content\/uploads\/2026\/03\/b_panfleto_n_4.jpg","type":"image\/jpeg"}],"twitter_card":"summary_large_image","twitter_site":"@ccpe","twitter_misc":{"Tiempo de lectura":"3 minutos"},"schema":{"@context":"https:\/\/schema.org","@graph":[{"@type":"WebPage","@id":"https:\/\/ccpe.org.ar\/web\/actividades\/panfleto-n-4-formas-de-la-memoria-en-imagenes-archivos-y-pancartas\/","url":"https:\/\/ccpe.org.ar\/web\/actividades\/panfleto-n-4-formas-de-la-memoria-en-imagenes-archivos-y-pancartas\/","name":"Panfleto N\u00b0 4. Formas de la memoria en im\u00e1genes, archivos y pancartas - Centro Cultural Parque de Espa\u00f1a\/AECID","isPartOf":{"@id":"https:\/\/ccpe.org.ar\/web\/#website"},"primaryImageOfPage":{"@id":"https:\/\/ccpe.org.ar\/web\/actividades\/panfleto-n-4-formas-de-la-memoria-en-imagenes-archivos-y-pancartas\/#primaryimage"},"image":{"@id":"https:\/\/ccpe.org.ar\/web\/actividades\/panfleto-n-4-formas-de-la-memoria-en-imagenes-archivos-y-pancartas\/#primaryimage"},"thumbnailUrl":"https:\/\/ccpe.org.ar\/web\/wp-content\/uploads\/2026\/03\/b_panfleto_n_4.jpg","datePublished":"2026-03-13T15:18:43+00:00","dateModified":"2026-03-20T13:51:41+00:00","breadcrumb":{"@id":"https:\/\/ccpe.org.ar\/web\/actividades\/panfleto-n-4-formas-de-la-memoria-en-imagenes-archivos-y-pancartas\/#breadcrumb"},"inLanguage":"es","potentialAction":[{"@type":"ReadAction","target":["https:\/\/ccpe.org.ar\/web\/actividades\/panfleto-n-4-formas-de-la-memoria-en-imagenes-archivos-y-pancartas\/"]}]},{"@type":"ImageObject","inLanguage":"es","@id":"https:\/\/ccpe.org.ar\/web\/actividades\/panfleto-n-4-formas-de-la-memoria-en-imagenes-archivos-y-pancartas\/#primaryimage","url":"https:\/\/ccpe.org.ar\/web\/wp-content\/uploads\/2026\/03\/b_panfleto_n_4.jpg","contentUrl":"https:\/\/ccpe.org.ar\/web\/wp-content\/uploads\/2026\/03\/b_panfleto_n_4.jpg","width":980,"height":544,"caption":"foto de manifestaci\u00f3n"},{"@type":"BreadcrumbList","@id":"https:\/\/ccpe.org.ar\/web\/actividades\/panfleto-n-4-formas-de-la-memoria-en-imagenes-archivos-y-pancartas\/#breadcrumb","itemListElement":[{"@type":"ListItem","position":1,"name":"Portada","item":"https:\/\/ccpe.org.ar\/web\/"},{"@type":"ListItem","position":2,"name":"Panfleto N\u00b0 4. Formas de la memoria en im\u00e1genes, archivos y pancartas"}]},{"@type":"WebSite","@id":"https:\/\/ccpe.org.ar\/web\/#website","url":"https:\/\/ccpe.org.ar\/web\/","name":"Centro Cultural Parque de Espa\u00f1a\/AECID","description":"Sitio web del Centro Cultural Parque de Espa\u00f1a\/AECID","potentialAction":[{"@type":"SearchAction","target":{"@type":"EntryPoint","urlTemplate":"https:\/\/ccpe.org.ar\/web\/?s={search_term_string}"},"query-input":{"@type":"PropertyValueSpecification","valueRequired":true,"valueName":"search_term_string"}}],"inLanguage":"es"}]}},"_links":{"self":[{"href":"https:\/\/ccpe.org.ar\/web\/wp-json\/wp\/v2\/mec-events\/7821"}],"collection":[{"href":"https:\/\/ccpe.org.ar\/web\/wp-json\/wp\/v2\/mec-events"}],"about":[{"href":"https:\/\/ccpe.org.ar\/web\/wp-json\/wp\/v2\/types\/mec-events"}],"author":[{"embeddable":true,"href":"https:\/\/ccpe.org.ar\/web\/wp-json\/wp\/v2\/users\/2"}],"replies":[{"embeddable":true,"href":"https:\/\/ccpe.org.ar\/web\/wp-json\/wp\/v2\/comments?post=7821"}],"wp:featuredmedia":[{"embeddable":true,"href":"https:\/\/ccpe.org.ar\/web\/wp-json\/wp\/v2\/media\/7822"}],"wp:attachment":[{"href":"https:\/\/ccpe.org.ar\/web\/wp-json\/wp\/v2\/media?parent=7821"}],"wp:term":[{"taxonomy":"post_tag","embeddable":true,"href":"https:\/\/ccpe.org.ar\/web\/wp-json\/wp\/v2\/tags?post=7821"},{"taxonomy":"mec_category","embeddable":true,"href":"https:\/\/ccpe.org.ar\/web\/wp-json\/wp\/v2\/mec_category?post=7821"}],"curies":[{"name":"wp","href":"https:\/\/api.w.org\/{rel}","templated":true}]}}