{"id":7845,"date":"2026-03-26T10:19:50","date_gmt":"2026-03-26T13:19:50","guid":{"rendered":"https:\/\/ccpe.org.ar\/web\/?post_type=mec-events&#038;p=7845"},"modified":"2026-04-15T11:21:20","modified_gmt":"2026-04-15T14:21:20","slug":"chispa","status":"publish","type":"mec-events","link":"https:\/\/ccpe.org.ar\/web\/actividades\/chispa\/","title":{"rendered":"CHISPA"},"content":{"rendered":"<p><span style=\"font-weight: 400;\">El Centro Cultural Parque de Espa\u00f1a presenta <\/span><b>CHISPA | Encuentro de animaci\u00f3n contempor\u00e1nea en peque\u00f1o formato,<\/b><span style=\"font-weight: 400;\"> un espacio para conocer el panorama actual de la producci\u00f3n audiovisual de cortometrajes animados a nivel nacional e internacional. Curadora: Estefan\u00eda Clotti.<\/span><\/p>\n<p><b>S\u00e1bado 18 y domingo 19 de abril en el Centro Cultural Parque de Espa\u00f1a (Sarmiento y el r\u00edo). Gratis.<\/b><\/p>\n<p><span style=\"font-weight: 400;\">En esta primera edici\u00f3n, el programa de CHISPA incluir\u00e1 la exhibici\u00f3n de cortometrajes de animaci\u00f3n del Festival Internacional PLUM! (Tucum\u00e1n), lo mejor del festival Punto y Raya Festival (Espa\u00f1a), una selecci\u00f3n de piezas pertenecientes al proyecto audiovisual de poes\u00eda Lenguamadre (Rosario)<\/span><span style=\"font-weight: 400;\"> y muestras de la Escuela para animadores Rosario (EPA) y de la Esc. Nacional de experimentaci\u00f3n cinematogr\u00e1fica (ENERC). <\/span><span style=\"font-weight: 400;\">Adem\u00e1s, se desarrollar\u00e1n talleres, mesas colectivas de dibujo y animaci\u00f3n, y charlas vinculadas a la disciplina. En simult\u00e1neo se podr\u00e1 disfrutar de una feria de dise\u00f1o organizada por NIMIA y un show musical a cargo de Ani Books.<\/span><\/p>\n<p>Auspicia <a href=\"https:\/\/rtsmedios.com.ar\/\">RTS Medios<\/a><\/p>\n<h2><\/h2>\n<h2>PROGRAMACI\u00d3N<\/h2>\n<p><b>S\u00c1BADO 18\/4<\/b><\/p>\n<p><b>T\u00fanel 3<\/b><\/p>\n<p><span style=\"font-weight: 400;\">10 a 12 h &#8211; Taller Los peque\u00f1os esc\u00e1ndalos, a cargo de <\/span><a href=\"https:\/\/www.instagram.com\/paolasantikremer\/\"><span style=\"font-weight: 400;\">Paola Santi Kremer<\/span><\/a><span style=\"font-weight: 400;\">. Inscripci\u00f3n finalizada.<\/span><\/p>\n<p><span style=\"font-weight: 400;\">14 a 16 h\u00a0 &#8211; Taller Los materiales est\u00e1n vivos. Laboratorio intensivo de dibujo experimental\u00a0 a cargo de <\/span><a href=\"https:\/\/www.instagram.com\/perseguirlalinea\/\"><span style=\"font-weight: 400;\">Roberta Di Paolo (Perseguir La L\u00ednea)<\/span><\/a><span style=\"font-weight: 400;\">. Inscripci\u00f3n finalizada.<\/span><\/p>\n<p><span style=\"font-weight: 400;\">16 a 18 h &#8211; Mesa de animaci\u00f3n colectiva \u201cAnimaci\u00f3n sin registro\u201d a cargo del <\/span><a href=\"https:\/\/www.instagram.com\/epaclubdedibujo\/\"><span style=\"font-weight: 400;\">EPA Club<\/span><\/a>. <a href=\"https:\/\/www.rosario.gob.ar\/inicio\/webform\/animacion_sin_registro_ccpe_2026\">Inscripci\u00f3n ac\u00e1.<\/a><\/p>\n<p><span style=\"font-weight: 400;\">16 a\u00a0 20 h &#8211; <\/span><a href=\"https:\/\/www.instagram.com\/ferianimia\/\"><span style=\"font-weight: 400;\">Feria Nimia<\/span><\/a><\/p>\n<p><b>T\u00fanel 4<\/b><\/p>\n<p><span style=\"font-weight: 400;\">18 a 18.30 h &#8211; Apertura del encuentro CHISPA + Proyecci\u00f3n de <\/span><a href=\"https:\/\/www.instagram.com\/el.circo.de.los.bigotones\/\"><span style=\"font-weight: 400;\">\u201cEl circo de los payasos bigotones\u201d<\/span><\/a><span style=\"font-weight: 400;\"> (C\u00f3rdoba). Apto para mayores de 13 a\u00f1os.<\/span><\/p>\n<p><span style=\"font-weight: 400;\">18.30 a 19.30 h &#8211; Muestra <\/span><a href=\"https:\/\/www.puntoyrayafestival.com\/\"><span style=\"font-weight: 400;\">\u201cLo mejor de Punto y Raya Festival 2025\u201d<\/span><\/a><span style=\"font-weight: 400;\"> (Espa\u00f1a)<\/span><\/p>\n<p><span style=\"font-weight: 400;\">19.30 a 20.30 h &#8211; \u00a0Selecci\u00f3n de cortometrajes de la <a href=\"https:\/\/www.enerc.gob.ar\/\">ENERC <\/a>(Argentina) <\/span><\/p>\n<p>&nbsp;<\/p>\n<p><b>Patio de los Cipreses<\/b><\/p>\n<p><span style=\"font-weight: 400;\">16 a 23 h &#8211; Cardamomo Pasteler\u00eda<\/span><\/p>\n<p><span style=\"font-weight: 400;\">20.30 a 23 h\u00a0 &#8211; <\/span><a href=\"https:\/\/www.instagram.com\/ani_bookx\/\"><span style=\"font-weight: 400;\">Ani Book<\/span><\/a><a href=\"https:\/\/www.instagram.com\/ani_bookx\/\"><span style=\"font-weight: 400;\">x<\/span><\/a><\/p>\n<p>&nbsp;<\/p>\n<p><b>DOMINGO 19\/4<\/b><\/p>\n<p><b>T\u00fanel 3<\/b><\/p>\n<p><span style=\"font-weight: 400;\">16 a 18 h &#8211; Mesa de animaci\u00f3n colectiva a cargo de <\/span><a href=\"https:\/\/plumanimationfest.com\/\"><span style=\"font-weight: 400;\">\u201cPLUM! Festival Internacional de Animaci\u00f3n\u201d<\/span><\/a><span style=\"font-weight: 400;\"> (Tucum\u00e1n). <a href=\"https:\/\/www.rosario.gob.ar\/inicio\/webform\/competencia_de_dibujar_personaje\">Inscripci\u00f3n ac\u00e1.<\/a><\/span><\/p>\n<p><span style=\"font-weight: 400;\">16 a 21 &#8211; <\/span><a href=\"https:\/\/www.instagram.com\/ferianimia\/\"><span style=\"font-weight: 400;\">Feria Nimia<\/span><\/a><span style=\"font-weight: 400;\">\u00a0<\/span><\/p>\n<p><b>T\u00fanel 4<\/b><\/p>\n<p><span style=\"font-weight: 400;\">18 a 19 h &#8211; Muestra <\/span><a href=\"https:\/\/plumanimationfest.com\/\"><span style=\"font-weight: 400;\">\u201cPLUM! Festival Internacional de Animaci\u00f3n\u201d<\/span><\/a><span style=\"font-weight: 400;\"> (Tucum\u00e1n)<\/span><\/p>\n<p><span style=\"font-weight: 400;\">19 a 20 h &#8211; <\/span><span style=\"font-weight: 400;\">\u00a0Selecci\u00f3n de <\/span><a href=\"https:\/\/ccpe.org.ar\/web\/actividades\/lenguamadre-4\/?highlight=lenguamadre\"><span style=\"font-weight: 400;\">Proyecto Lenguamadre <\/span><\/a><span style=\"font-weight: 400;\">(Rosario)<\/span><\/p>\n<p><span style=\"font-weight: 400;\">20 a 21 h &#8211; <\/span><span style=\"font-weight: 400;\">\u00a0Selecci\u00f3n de cortometrajes de la <\/span><a href=\"https:\/\/www.escuelaanimadores.gob.ar\/\"><span style=\"font-weight: 400;\">Escuela para Animadores de Rosario<\/span><\/a><\/p>\n<p><b>Patio de los Cipreses<\/b><\/p>\n<p><span style=\"font-weight: 400;\">16 a 21 h &#8211; Cardamomo Pasteler\u00eda<\/span><\/p>\n<p>&nbsp;<\/p>\n<p>&nbsp;<\/p>\n<h2><span style=\"font-weight: 400;\">Texto curatorial<\/span><\/h2>\n<p><span style=\"font-weight: 400;\">\u00bfQu\u00e9 es la animaci\u00f3n contempor\u00e1nea? \u00bfqu\u00e9 inspira a sus creadores? \u00bfc\u00f3mo conviven las nuevas tecnolog\u00edas de generaci\u00f3n de im\u00e1genes con la mec\u00e1nica del movimiento? Chispa se plantea como un encuentro improbable para activar nuevas ideas, una celebraci\u00f3n donde la animaci\u00f3n se cruza con la poes\u00eda, con las artes pl\u00e1sticas, para poder pensar otras formas de representar el mundo.<\/span><\/p>\n<p><span style=\"font-weight: 400;\">Animadores con trayectoria, estudiantes, festivales y escuelas, se dar\u00e1n cita para mostrar las producciones m\u00e1s recientes en donde podremos ver obras tradicionales como trabajos que desaf\u00edan el canon de creaci\u00f3n, producci\u00f3n y distribuci\u00f3n.<\/span><span style=\"font-weight: 400;\">\u00a0<\/span><\/p>\n<p><span style=\"font-weight: 400;\">Partiendo de las t\u00e9cnicas originales como el rayado de pel\u00edculas, pasando por la generaci\u00f3n de c\u00f3digos y la animaci\u00f3n 3D, se tratar\u00e1 de pensar c\u00f3mo y para qu\u00e9 se construyen las im\u00e1genes y los relatos, y c\u00f3mo desde all\u00ed se pueden crear formas nuevas de narrar. Pensado como un espacio de encuentro para quienes hacen y disfrutan del g\u00e9nero, Chispa ser\u00e1 el lugar ideal para sumergirse en el panorama actual de la animaci\u00f3n.<\/span><\/p>\n<p>&nbsp;<\/p>\n<h2>MESAS COLECTIVAS DE DIBUJO<\/h2>\n<p>&nbsp;<\/p>\n<p><b>Animaci\u00f3n sin registro<\/b><br \/>\n<span style=\"font-weight: 400;\">por EPA Club &#8211; Ruth Alegre\u00a0<\/span><br \/>\n<span style=\"font-weight: 400;\">S\u00e1bado 18\/04 &#8211; 16 a 18 hs en el T\u00fanel 3 del CCPE. Gratis, con <\/span><a href=\"https:\/\/www.rosario.gob.ar\/inicio\/webform\/animacion_sin_registro_ccpe_2026\"><span style=\"font-weight: 400;\">inscripci\u00f3n previa ac\u00e1.<\/span><\/a><br \/>\n<span style=\"font-weight: 400;\">La animaci\u00f3n sin registro consiste en generar movimiento entre los dibujos sin necesidad de un registro previo ni exacto. Priorizaremos el movimiento de las im\u00e1genes para lograr una animaci\u00f3n colectiva que ser\u00e1 proyectada esa misma noche.\u00a0<\/span><br \/>\n<span style=\"font-weight: 400;\">\u00a1Trae tu cartuchera! <\/span><span style=\"font-weight: 400;\">Actividad apta para todo p\u00fablico. (Los menores deber\u00e1n estar acompa\u00f1ados de un adulto)<\/span><\/p>\n<p><b>Competencia de dibujar personajes de memoria<\/b><br \/>\n<span style=\"font-weight: 400;\">por Nai Neder y Duilio Gatti del Festival PLUM! (Tucum\u00e1n)<\/span><br \/>\n<span style=\"font-weight: 400;\">Domingo 19\/04 &#8211; 16 a 18 hs <\/span><span style=\"font-weight: 400;\">en el T\u00fanel 3 del CCPE. Gratis, <\/span><a href=\"https:\/\/www.rosario.gob.ar\/inicio\/webform\/competencia_de_dibujar_personaje\"><span style=\"font-weight: 400;\">con inscripci\u00f3n previa ac\u00e1.<\/span><\/a><br \/>\n<span style=\"font-weight: 400;\">La <\/span><i><span style=\"font-weight: 400;\">Competencia de dibujar personajes de memoria <\/span><\/i><span style=\"font-weight: 400;\">es una propuesta para encontrarnos a dibujar y jugar apelando a los recuerdos y\/o a nuestra imaginaci\u00f3n de los personajes animados que acompa\u00f1aron nuestra vida.<\/span><br \/>\n<span style=\"font-weight: 400;\">El desaf\u00edo es tratar de dibujar personajes de todas las \u00e9pocas, la historia de la televisi\u00f3n y el cine animado pero, sobre todo, se trata de un espacio para relajarnos y divertirnos.<\/span><br \/>\n<span style=\"font-weight: 400;\">No s\u00f3lo se valora la memoria y la capacidad de reproducir fielmente un personaje sino tambi\u00e9n la creatividad para imaginar de nuevo aquellos que no recordamos o incluso que no conocemos.<\/span><br \/>\n<span style=\"font-weight: 400;\">\u00a1Trae tu cartuchera!\u00a0<\/span><br \/>\n<span style=\"font-weight: 400;\">Actividad apta para todo p\u00fablico. (Los menores deber\u00e1n estar acompa\u00f1ados de un adulto)<\/span><\/p>\n<p>&nbsp;<\/p>\n<h2>TALLERES<\/h2>\n<p>&nbsp;<\/p>\n<p><b>Los peque\u00f1os esc\u00e1ndalos: taller para jugar a escribir, a cargo de Paola Santi Kremer<\/b><br \/>\n<span style=\"font-weight: 400;\"><strong>S\u00e1bado 18\/4 de 10 a 12 h en el T\u00fanel 3. Gratis.\u00a0<\/strong><\/span><br \/>\n<strong><a href=\"https:\/\/gestorpic.rosario.gob.ar\/inicio\/webform\/los_pequenos_escandalos_taller_p\">Pre-inscripci\u00f3n ac\u00e1<\/a>, con cupos limitados, se comunicar\u00e1 v\u00eda mail a las personas seleccionadas el d\u00eda martes 14 de abril.\u00a0<\/strong><\/p>\n<p><span style=\"font-weight: 400;\">La propuesta del encuentro es jugar a partir de textos cortos que hacen sentir el impacto de un gesto o de peque\u00f1os acontecimientos, o que de alg\u00fan modo los transforman a trav\u00e9s de la escritura. Un beso, un sonido, algo que vemos y genera un terremoto en nuestra subjetividad; un viaje en el tiempo o el poder de re\u00edrnos de <\/span><span style=\"font-weight: 400;\">nosotrxs<\/span> <span style=\"font-weight: 400;\">mismxs<\/span><span style=\"font-weight: 400;\"> y compartir nuestra monstruosidad. Vamos a experimentar modos de contagiarnos a partir de la escucha y de la lectura, observando tambi\u00e9n algunas relaciones entre la escritura y el dibujo.<\/span><\/p>\n<p><span style=\"font-weight: 400;\">Paola Santi Kremer\u00a0<\/span><br \/>\n<span style=\"font-weight: 400;\">Es de Porto Alegre, Brasil, y vive en Rosario. Est\u00e1 por publicar su tercer libro de poemas. Investig\u00f3 micropol\u00edticas del humor en las obras de N\u00e9stor Perlongher y Waly Salom\u00e3o para la Maestr\u00eda en Literatura Argentina (UNR). Fue curadora y coordin\u00f3 la residencia para j\u00f3venes poetas del Festival Internacional de Poes\u00eda de Rosario. Particip\u00f3 como poeta invitada del Festival de Poes\u00eda Latinoamericana de Bah\u00eda Blanca y el Festival de Poes\u00eda de ac\u00e1 (Mar del Plata), entre otros. Coordina cl\u00ednicas de obra y en el \u00faltimo a\u00f1o dict\u00f3 un taller sobre escucha y oralidad en el marco del FIPR.<\/span><\/p>\n<p>&nbsp;<\/p>\n<p><b>Los materiales est\u00e1n vivos. Laboratorio intensivo de dibujo experimental <\/b><strong>por Roberta Di Paolo (Perseguir La L\u00ednea)<\/strong><br \/>\n<strong>S\u00e1bado 18\/4 de 14 a 16 h en el T\u00fanel 3. Gratis.<\/strong><br \/>\n<strong><a href=\"https:\/\/gestorpic.rosario.gob.ar\/inicio\/webform\/los_materiales_estan_vivos\">Pre-inscripci\u00f3n ac\u00e1<\/a>, con cupos limitados, se comunicar\u00e1 v\u00eda mail a las personas seleccionadas el d\u00eda martes 14 de abril.\u00a0Duraci\u00f3n: 1 encuentro intensivo de 2 horas.<\/strong><\/p>\n<p><span style=\"font-weight: 400;\">En este laboratorio trabajaremos a partir de una serie de experimentos de dibujo guiados, con el prop\u00f3sito de descubrir aquello que tienen para decirnos los materiales y c\u00f3mo podemos, en conversaci\u00f3n con ellos, encontrar nuestra l\u00ednea singular, m\u00e1s all\u00e1 de la t\u00e9cnica, el virtuosismo o la representaci\u00f3n. <\/span><span style=\"font-weight: 400;\">Anclados en el dibujo como experiencia sensible del cuerpo, atravesaremos ejercicios gestuales y perceptivos, explorando el dibujo de manera colectiva e individual desde la atenci\u00f3n plena, el movimiento, la escucha atenta, la percepci\u00f3n, la intuici\u00f3n y la sabidur\u00eda de las manos en acci\u00f3n. <\/span>Dirigido a<span style=\"font-weight: 400;\">: personas con o sin experiencia en dibujo mayores de 18 a\u00f1os, interesadas en investigar el dibujo desde un enfoque experimental.<\/span><\/p>\n<p>Roberta DI Paolo<br \/>\n<span style=\"font-weight: 400;\">Dibujante, artista y docente. Trabaja con el dibujo como una forma de conocimiento que va m\u00e1s all\u00e1 de la representaci\u00f3n. Su obra se despliega en visiones y sue\u00f1os que toman la forma de s\u00edmbolos, arquetipos y figuras org\u00e1nicas que evocan insectos o plantas extra\u00f1as. Con l\u00e1piz de color y grafito hace aparecer paisajes internos y externos, donde lo visible se encuentra con lo invisible. <\/span><span style=\"font-weight: 400;\">Particip\u00f3 en muestras colectivas en MALBA (Luz y Fuerza, 2023) y en galer\u00edas como Cecilia Caballero y Miranda Bosch. En 2022 tuvo su muestra individual en PM Galer\u00eda. <\/span><span style=\"font-weight: 400;\">Desde 2022 coordina Perseguir La L\u00ednea, un espacio de clases, laboratorio y cl\u00ednica de dibujo, con foco en el dibujo como pr\u00e1ctica art\u00edstica contempor\u00e1nea desde una perspectiva expandida y vital.<\/span><\/p>\n<p>&nbsp;<\/p>\n<p>&nbsp;<\/p>\n","protected":false},"excerpt":{"rendered":"<p>Animaci\u00f3n contempor\u00e1nea en peque\u00f1o formato. <\/p>\n","protected":false},"author":2,"featured_media":7846,"comment_status":"closed","ping_status":"closed","template":"","tags":[],"mec_category":[20,19],"yoast_head":"<!-- This site is optimized with the Yoast SEO plugin v23.5 - https:\/\/yoast.com\/wordpress\/plugins\/seo\/ -->\n<title>CHISPA - Centro Cultural Parque de Espa\u00f1a\/AECID<\/title>\n<meta name=\"robots\" content=\"index, follow, max-snippet:-1, max-image-preview:large, max-video-preview:-1\" \/>\n<link rel=\"canonical\" href=\"https:\/\/ccpe.org.ar\/web\/actividades\/chispa\/\" \/>\n<meta property=\"og:locale\" content=\"es_ES\" \/>\n<meta property=\"og:type\" content=\"article\" \/>\n<meta property=\"og:title\" content=\"CHISPA - Centro Cultural Parque de Espa\u00f1a\/AECID\" \/>\n<meta property=\"og:description\" content=\"Animaci\u00f3n contempor\u00e1nea en peque\u00f1o formato.\" \/>\n<meta property=\"og:url\" content=\"https:\/\/ccpe.org.ar\/web\/actividades\/chispa\/\" \/>\n<meta property=\"og:site_name\" content=\"Centro Cultural Parque de Espa\u00f1a\/AECID\" \/>\n<meta property=\"article:publisher\" content=\"https:\/\/www.facebook.com\/CCPErosario\/\" \/>\n<meta property=\"article:modified_time\" content=\"2026-04-15T14:21:20+00:00\" \/>\n<meta property=\"og:image\" content=\"https:\/\/ccpe.org.ar\/web\/wp-content\/uploads\/2026\/03\/b_chispa.jpg\" \/>\n\t<meta property=\"og:image:width\" content=\"980\" \/>\n\t<meta property=\"og:image:height\" content=\"544\" \/>\n\t<meta property=\"og:image:type\" content=\"image\/jpeg\" \/>\n<meta name=\"twitter:card\" content=\"summary_large_image\" \/>\n<meta name=\"twitter:site\" content=\"@ccpe\" \/>\n<meta name=\"twitter:label1\" content=\"Tiempo de lectura\" \/>\n\t<meta name=\"twitter:data1\" content=\"7 minutos\" \/>\n<script type=\"application\/ld+json\" class=\"yoast-schema-graph\">{\"@context\":\"https:\/\/schema.org\",\"@graph\":[{\"@type\":\"WebPage\",\"@id\":\"https:\/\/ccpe.org.ar\/web\/actividades\/chispa\/\",\"url\":\"https:\/\/ccpe.org.ar\/web\/actividades\/chispa\/\",\"name\":\"CHISPA - Centro Cultural Parque de Espa\u00f1a\/AECID\",\"isPartOf\":{\"@id\":\"https:\/\/ccpe.org.ar\/web\/#website\"},\"primaryImageOfPage\":{\"@id\":\"https:\/\/ccpe.org.ar\/web\/actividades\/chispa\/#primaryimage\"},\"image\":{\"@id\":\"https:\/\/ccpe.org.ar\/web\/actividades\/chispa\/#primaryimage\"},\"thumbnailUrl\":\"https:\/\/ccpe.org.ar\/web\/wp-content\/uploads\/2026\/03\/b_chispa.jpg\",\"datePublished\":\"2026-03-26T13:19:50+00:00\",\"dateModified\":\"2026-04-15T14:21:20+00:00\",\"breadcrumb\":{\"@id\":\"https:\/\/ccpe.org.ar\/web\/actividades\/chispa\/#breadcrumb\"},\"inLanguage\":\"es\",\"potentialAction\":[{\"@type\":\"ReadAction\",\"target\":[\"https:\/\/ccpe.org.ar\/web\/actividades\/chispa\/\"]}]},{\"@type\":\"ImageObject\",\"inLanguage\":\"es\",\"@id\":\"https:\/\/ccpe.org.ar\/web\/actividades\/chispa\/#primaryimage\",\"url\":\"https:\/\/ccpe.org.ar\/web\/wp-content\/uploads\/2026\/03\/b_chispa.jpg\",\"contentUrl\":\"https:\/\/ccpe.org.ar\/web\/wp-content\/uploads\/2026\/03\/b_chispa.jpg\",\"width\":980,\"height\":544,\"caption\":\"Ilustraci\u00f3n de una chispa animada\"},{\"@type\":\"BreadcrumbList\",\"@id\":\"https:\/\/ccpe.org.ar\/web\/actividades\/chispa\/#breadcrumb\",\"itemListElement\":[{\"@type\":\"ListItem\",\"position\":1,\"name\":\"Portada\",\"item\":\"https:\/\/ccpe.org.ar\/web\/\"},{\"@type\":\"ListItem\",\"position\":2,\"name\":\"CHISPA\"}]},{\"@type\":\"WebSite\",\"@id\":\"https:\/\/ccpe.org.ar\/web\/#website\",\"url\":\"https:\/\/ccpe.org.ar\/web\/\",\"name\":\"Centro Cultural Parque de Espa\u00f1a\/AECID\",\"description\":\"Sitio web del Centro Cultural Parque de Espa\u00f1a\/AECID\",\"potentialAction\":[{\"@type\":\"SearchAction\",\"target\":{\"@type\":\"EntryPoint\",\"urlTemplate\":\"https:\/\/ccpe.org.ar\/web\/?s={search_term_string}\"},\"query-input\":{\"@type\":\"PropertyValueSpecification\",\"valueRequired\":true,\"valueName\":\"search_term_string\"}}],\"inLanguage\":\"es\"}]}<\/script>\n<!-- \/ Yoast SEO plugin. -->","yoast_head_json":{"title":"CHISPA - Centro Cultural Parque de Espa\u00f1a\/AECID","robots":{"index":"index","follow":"follow","max-snippet":"max-snippet:-1","max-image-preview":"max-image-preview:large","max-video-preview":"max-video-preview:-1"},"canonical":"https:\/\/ccpe.org.ar\/web\/actividades\/chispa\/","og_locale":"es_ES","og_type":"article","og_title":"CHISPA - Centro Cultural Parque de Espa\u00f1a\/AECID","og_description":"Animaci\u00f3n contempor\u00e1nea en peque\u00f1o formato.","og_url":"https:\/\/ccpe.org.ar\/web\/actividades\/chispa\/","og_site_name":"Centro Cultural Parque de Espa\u00f1a\/AECID","article_publisher":"https:\/\/www.facebook.com\/CCPErosario\/","article_modified_time":"2026-04-15T14:21:20+00:00","og_image":[{"width":980,"height":544,"url":"https:\/\/ccpe.org.ar\/web\/wp-content\/uploads\/2026\/03\/b_chispa.jpg","type":"image\/jpeg"}],"twitter_card":"summary_large_image","twitter_site":"@ccpe","twitter_misc":{"Tiempo de lectura":"7 minutos"},"schema":{"@context":"https:\/\/schema.org","@graph":[{"@type":"WebPage","@id":"https:\/\/ccpe.org.ar\/web\/actividades\/chispa\/","url":"https:\/\/ccpe.org.ar\/web\/actividades\/chispa\/","name":"CHISPA - Centro Cultural Parque de Espa\u00f1a\/AECID","isPartOf":{"@id":"https:\/\/ccpe.org.ar\/web\/#website"},"primaryImageOfPage":{"@id":"https:\/\/ccpe.org.ar\/web\/actividades\/chispa\/#primaryimage"},"image":{"@id":"https:\/\/ccpe.org.ar\/web\/actividades\/chispa\/#primaryimage"},"thumbnailUrl":"https:\/\/ccpe.org.ar\/web\/wp-content\/uploads\/2026\/03\/b_chispa.jpg","datePublished":"2026-03-26T13:19:50+00:00","dateModified":"2026-04-15T14:21:20+00:00","breadcrumb":{"@id":"https:\/\/ccpe.org.ar\/web\/actividades\/chispa\/#breadcrumb"},"inLanguage":"es","potentialAction":[{"@type":"ReadAction","target":["https:\/\/ccpe.org.ar\/web\/actividades\/chispa\/"]}]},{"@type":"ImageObject","inLanguage":"es","@id":"https:\/\/ccpe.org.ar\/web\/actividades\/chispa\/#primaryimage","url":"https:\/\/ccpe.org.ar\/web\/wp-content\/uploads\/2026\/03\/b_chispa.jpg","contentUrl":"https:\/\/ccpe.org.ar\/web\/wp-content\/uploads\/2026\/03\/b_chispa.jpg","width":980,"height":544,"caption":"Ilustraci\u00f3n de una chispa animada"},{"@type":"BreadcrumbList","@id":"https:\/\/ccpe.org.ar\/web\/actividades\/chispa\/#breadcrumb","itemListElement":[{"@type":"ListItem","position":1,"name":"Portada","item":"https:\/\/ccpe.org.ar\/web\/"},{"@type":"ListItem","position":2,"name":"CHISPA"}]},{"@type":"WebSite","@id":"https:\/\/ccpe.org.ar\/web\/#website","url":"https:\/\/ccpe.org.ar\/web\/","name":"Centro Cultural Parque de Espa\u00f1a\/AECID","description":"Sitio web del Centro Cultural Parque de Espa\u00f1a\/AECID","potentialAction":[{"@type":"SearchAction","target":{"@type":"EntryPoint","urlTemplate":"https:\/\/ccpe.org.ar\/web\/?s={search_term_string}"},"query-input":{"@type":"PropertyValueSpecification","valueRequired":true,"valueName":"search_term_string"}}],"inLanguage":"es"}]}},"_links":{"self":[{"href":"https:\/\/ccpe.org.ar\/web\/wp-json\/wp\/v2\/mec-events\/7845"}],"collection":[{"href":"https:\/\/ccpe.org.ar\/web\/wp-json\/wp\/v2\/mec-events"}],"about":[{"href":"https:\/\/ccpe.org.ar\/web\/wp-json\/wp\/v2\/types\/mec-events"}],"author":[{"embeddable":true,"href":"https:\/\/ccpe.org.ar\/web\/wp-json\/wp\/v2\/users\/2"}],"replies":[{"embeddable":true,"href":"https:\/\/ccpe.org.ar\/web\/wp-json\/wp\/v2\/comments?post=7845"}],"wp:featuredmedia":[{"embeddable":true,"href":"https:\/\/ccpe.org.ar\/web\/wp-json\/wp\/v2\/media\/7846"}],"wp:attachment":[{"href":"https:\/\/ccpe.org.ar\/web\/wp-json\/wp\/v2\/media?parent=7845"}],"wp:term":[{"taxonomy":"post_tag","embeddable":true,"href":"https:\/\/ccpe.org.ar\/web\/wp-json\/wp\/v2\/tags?post=7845"},{"taxonomy":"mec_category","embeddable":true,"href":"https:\/\/ccpe.org.ar\/web\/wp-json\/wp\/v2\/mec_category?post=7845"}],"curies":[{"name":"wp","href":"https:\/\/api.w.org\/{rel}","templated":true}]}}