{"id":7847,"date":"2026-03-26T11:15:23","date_gmt":"2026-03-26T14:15:23","guid":{"rendered":"https:\/\/ccpe.org.ar\/web\/?post_type=mec-events&#038;p=7847"},"modified":"2026-04-20T11:23:46","modified_gmt":"2026-04-20T14:23:46","slug":"naum-krass","status":"publish","type":"mec-events","link":"https:\/\/ccpe.org.ar\/web\/actividades\/naum-krass\/","title":{"rendered":"Derivas teatrales: Naum Krass"},"content":{"rendered":"<p><span style=\"font-weight: 400;\">El Centro Cultural Parque de Espa\u00f1a presenta la quinta edici\u00f3n del ciclo Derivas Teatrales,\u00a0 en homenaje a la trayectoria del <\/span><span style=\"font-weight: 400;\">actor rosarino N<\/span><span style=\"font-weight: 400;\">aum Krass.<\/span><\/p>\n<p><span style=\"font-weight: 400;\">Las obras hablan del momento que los actores viven en su propia vida, pocas veces tenemos la oportunidad de ver el trabajo de un actor de m\u00e1s de noventa a\u00f1os, es esto un hecho excepcional. <\/span><span style=\"font-weight: 400;\">En toda su trayectoria, Krass ha sido coherente con su sentir: poder compartir la cultura y el arte con todos y para todos. En sus propias palabras, \u00abEl mayor premio y regalo es poder conmover a un coraz\u00f3n humano\u00bb. Durante los meses de abril, mayo, agosto y septiembre en el CCPE podr\u00e1 verse una selecci\u00f3n de tres obras protagonizadas por el actor, incluyendo un estreno y un ensayo abierto al p\u00fablico.\u00a0 <\/span><\/p>\n<p><span style=\"font-weight: 400;\">Derivas teatrales es un ciclo que propone una mirada retrospectiva sobre la obra de quienes dirigen, escriben, act\u00faan y le ponen nombre a la historia del teatro en la ciudad. <\/span><span style=\"font-weight: 400;\">La primera edici\u00f3n, en el a\u00f1o 2019, homenaje\u00f3 al actor, director, autor y docente<\/span><a href=\"https:\/\/ccpe.org.ar\/web\/actividades\/derivas-teatrales-matias-martinez\/?highlight=derivas\"><span style=\"font-weight: 400;\"> Mat\u00edas Martinez<\/span><\/a><span style=\"font-weight: 400;\">; en 2021 se presentaron obras y una <a href=\"https:\/\/ccpe.org.ar\/web\/actividades\/seudonimo-masculino-de-patricia-suarez\/\">audioserie<\/a> de la narradora y dramaturga <\/span><a href=\"https:\/\/ccpe.org.ar\/web\/actividades\/derivas-teatrales-patricia-suarez\/?highlight=derivas\"><span style=\"font-weight: 400;\">Patricia Su\u00e1rez<\/span><\/a><span style=\"font-weight: 400;\">; en\u00a0 2022 se celebr\u00f3 la trayectoria del <\/span><a href=\"https:\/\/ccpe.org.ar\/web\/actividades\/sobre-angeles-demonios-y-fantasmas\/\"><span style=\"font-weight: 400;\">Centro Experimental Rosario<\/span><\/a><span style=\"font-weight: 400;\">; y en 2023 el homenaje estuvo dedicado al Grupo Laboratorio de Teatro <\/span><a href=\"https:\/\/ccpe.org.ar\/web\/actividades\/derivas-teatrales-teatro-del-rayo-misterioso\/?highlight=derivas\"><span style=\"font-weight: 400;\">El Rayo Misterioso<\/span><\/a><span style=\"font-weight: 400;\">.\u00a0<\/span><\/p>\n<p><b>Funciones en el Teatro:\u00a0<\/b><\/p>\n<p><span style=\"font-weight: 400;\">Entradas: $ 16.800 (incluye costo de emisi\u00f3n) a la venta en <a href=\"http:\/\/www.1000tickets.com.ar\">www.1000tickets.com.ar<\/a> y en el CCPE (Sarmiento y el r\u00edo) en efectivo, d\u00e9bito o cr\u00e9dito: de lunes a viernes de 9 a 15 (administraci\u00f3n); jueves, viernes y s\u00e1bados, de 15 a 19 (Galer\u00edas). Tambi\u00e9n una hora antes del espect\u00e1culo. Sin ubicaci\u00f3n.\u00a0<\/span><\/p>\n<p><a href=\"https:\/\/ccpe.org.ar\/web\/actividades\/dos-viejos-judios\/\"><b>Dos viejos jud\u00edos\u00a0<\/b><\/a><br \/>\n<span style=\"font-weight: 400;\">Viernes 10 de abril, 20.30 h\u00a0<\/span><br \/>\n<b><\/b><\/p>\n<p><a href=\"https:\/\/ccpe.org.ar\/web\/actividades\/curriculum-de-un-comunista\/\"><b>Curr\u00edculum de un comunista<\/b><\/a><br \/>\n<span style=\"font-weight: 400;\">S\u00e1bado 2 de mayo, 20.30 h<\/span><br \/>\n<b><\/b><\/p>\n<p><a href=\"https:\/\/ccpe.org.ar\/web\/actividades\/yo-quiero-ser-japones\/\"><b>Yo quiero ser japon\u00e9s\u00a0<\/b><\/a><br \/>\n<span style=\"font-weight: 400;\">S\u00e1bado 5 de septiembre, 20.30 h<\/span><br \/>\n<b><\/b><\/p>\n<p><a href=\"https:\/\/ccpe.org.ar\/web\/actividades\/ensayo-abierto\/\"><b>Ensayo abierto<\/b><\/a><br \/>\n<span style=\"font-weight: 400;\">Jueves 27 de agosto, de 19 a 20 h, en el T\u00fanel 4 del CCPE.\u00a0<\/span><br \/>\n<span style=\"font-weight: 400;\">Entrada gratis.<\/span><\/p>\n<p>&nbsp;<\/p>\n<p><iframe loading=\"lazy\" title=\"YouTube video player\" src=\"https:\/\/www.youtube.com\/embed\/HXlM6ZQhKBg?si=2QZnQR2WUDcvT0kU\" width=\"560\" height=\"315\" frameborder=\"0\" allowfullscreen=\"allowfullscreen\"><\/iframe><\/p>\n<p>&nbsp;<\/p>\n<h2>Naum Krass<\/h2>\n<p><span style=\"font-weight: 400;\">Naum Krasniaski Mortcovich, m\u00e1s conocido como Naum Krass, naci\u00f3 en Estaci\u00f3n Sosa (Entre R\u00edos) el 5 de septiembre de 1934. Es el hijo menor de ocho hermanos. Sus padres, Abraham y Berta, se trasladan a Buenos Aires cuando \u00e9l ten\u00eda cinco a\u00f1os. Tempranamente se involucra con el teatro y culmina su formaci\u00f3n en el Idisher Folks Theater (IFT), participando en la obra La casa de Ana Frank. Participa en obras de teatro, cine y TV. En 1959 llega a Rosario a dirigir El pan de la locura en el Teatro El Faro. Pero es en 1986 cuando se traslada definitivamente a Rosario, ciudad que elige para vivir. Crea el grupo Tiempo, con el que construye la Sala UDECOOP. Es cofundador de la Escuela de Teatro y T\u00edteres. Crea grupos de teatro en Rosario, Bigand, Casilda y Alcorta. Act\u00faa, dirige, escribe y coordina m\u00faltiples actividades culturales. En su amplio recorrido se destacan las siguientes producciones: Paralelo 34 (director), Los salvadores de la patria (int\u00e9rprete), El otro Galileo (actor y director), Bienvenido Le\u00f3n de Francia (actor), Comedia sin t\u00edtulo (actor),\u00a0 Dos viejos jud\u00edos (actor) y Curriculum de un Comunista (actor). Ha sido reconocido y distinguido por entidades p\u00fablicas y privadas.\u00a0 En toda su trayectoria ha sido coherente con su sentir: poder compartir la cultura y el arte con todos y para todos. En sus propias palabras, \u00abEl mayor premio y regalo es poder conmover a un coraz\u00f3n humano\u00bb.<\/span><\/p>\n<p>&nbsp;<\/p>\n<p><i><span style=\"font-weight: 400;\">Si necesit\u00e1s asistencia personalizada para inscribirte o asistir, pod\u00e9s comunicarte a <\/span><\/i><a href=\"mailto:info@ccpe.org.ar\"><i><span style=\"font-weight: 400;\">info@ccpe.org.ar<\/span><\/i><\/a><i><span style=\"font-weight: 400;\"> o consultar nuestra <\/span><\/i><a href=\"https:\/\/ccpe.org.ar\/web\/accesibilidad\/\"><i><span style=\"font-weight: 400;\">secci\u00f3n de accesibilidad.<\/span><\/i><\/a><\/p>\n<p><b>Con el apoyo de la Cooperaci\u00f3n Cultural Espa\u00f1ola (AECID)<\/b><\/p>\n<p><img loading=\"lazy\" decoding=\"async\" class=\"alignnone size-full wp-image-7670\" src=\"https:\/\/ccpe.org.ar\/web\/wp-content\/uploads\/2025\/11\/logo-cooperacion-baja.jpg\" alt=\"\" width=\"790\" height=\"121\" srcset=\"https:\/\/ccpe.org.ar\/web\/wp-content\/uploads\/2025\/11\/logo-cooperacion-baja.jpg 790w, https:\/\/ccpe.org.ar\/web\/wp-content\/uploads\/2025\/11\/logo-cooperacion-baja-480x74.jpg 480w\" sizes=\"(min-width: 0px) and (max-width: 480px) 480px, (min-width: 481px) 790px, 100vw\" \/><\/p>\n","protected":false},"excerpt":{"rendered":"<p>Una selecci\u00f3n de tres obras protagonizadas por Krass, incluyendo un estreno y un ensayo abierto al p\u00fablico. <\/p>\n","protected":false},"author":2,"featured_media":7848,"comment_status":"closed","ping_status":"closed","template":"","tags":[],"mec_category":[48],"yoast_head":"<!-- This site is optimized with the Yoast SEO plugin v23.5 - https:\/\/yoast.com\/wordpress\/plugins\/seo\/ -->\n<title>Derivas teatrales: Naum Krass - Centro Cultural Parque de Espa\u00f1a\/AECID<\/title>\n<meta name=\"robots\" content=\"index, follow, max-snippet:-1, max-image-preview:large, max-video-preview:-1\" \/>\n<link rel=\"canonical\" href=\"https:\/\/ccpe.org.ar\/web\/actividades\/naum-krass\/\" \/>\n<meta property=\"og:locale\" content=\"es_ES\" \/>\n<meta property=\"og:type\" content=\"article\" \/>\n<meta property=\"og:title\" content=\"Derivas teatrales: Naum Krass - Centro Cultural Parque de Espa\u00f1a\/AECID\" \/>\n<meta property=\"og:description\" content=\"Una selecci\u00f3n de tres obras protagonizadas por Krass, incluyendo un estreno y un ensayo abierto al p\u00fablico.\" \/>\n<meta property=\"og:url\" content=\"https:\/\/ccpe.org.ar\/web\/actividades\/naum-krass\/\" \/>\n<meta property=\"og:site_name\" content=\"Centro Cultural Parque de Espa\u00f1a\/AECID\" \/>\n<meta property=\"article:publisher\" content=\"https:\/\/www.facebook.com\/CCPErosario\/\" \/>\n<meta property=\"article:modified_time\" content=\"2026-04-20T14:23:46+00:00\" \/>\n<meta property=\"og:image\" content=\"https:\/\/ccpe.org.ar\/web\/wp-content\/uploads\/2026\/03\/b_derivas_teatrales_2026.jpg\" \/>\n\t<meta property=\"og:image:width\" content=\"980\" \/>\n\t<meta property=\"og:image:height\" content=\"544\" \/>\n\t<meta property=\"og:image:type\" content=\"image\/jpeg\" \/>\n<meta name=\"twitter:card\" content=\"summary_large_image\" \/>\n<meta name=\"twitter:site\" content=\"@ccpe\" \/>\n<meta name=\"twitter:label1\" content=\"Tiempo de lectura\" \/>\n\t<meta name=\"twitter:data1\" content=\"4 minutos\" \/>\n<script type=\"application\/ld+json\" class=\"yoast-schema-graph\">{\"@context\":\"https:\/\/schema.org\",\"@graph\":[{\"@type\":\"WebPage\",\"@id\":\"https:\/\/ccpe.org.ar\/web\/actividades\/naum-krass\/\",\"url\":\"https:\/\/ccpe.org.ar\/web\/actividades\/naum-krass\/\",\"name\":\"Derivas teatrales: Naum Krass - Centro Cultural Parque de Espa\u00f1a\/AECID\",\"isPartOf\":{\"@id\":\"https:\/\/ccpe.org.ar\/web\/#website\"},\"primaryImageOfPage\":{\"@id\":\"https:\/\/ccpe.org.ar\/web\/actividades\/naum-krass\/#primaryimage\"},\"image\":{\"@id\":\"https:\/\/ccpe.org.ar\/web\/actividades\/naum-krass\/#primaryimage\"},\"thumbnailUrl\":\"https:\/\/ccpe.org.ar\/web\/wp-content\/uploads\/2026\/03\/b_derivas_teatrales_2026.jpg\",\"datePublished\":\"2026-03-26T14:15:23+00:00\",\"dateModified\":\"2026-04-20T14:23:46+00:00\",\"breadcrumb\":{\"@id\":\"https:\/\/ccpe.org.ar\/web\/actividades\/naum-krass\/#breadcrumb\"},\"inLanguage\":\"es\",\"potentialAction\":[{\"@type\":\"ReadAction\",\"target\":[\"https:\/\/ccpe.org.ar\/web\/actividades\/naum-krass\/\"]}]},{\"@type\":\"ImageObject\",\"inLanguage\":\"es\",\"@id\":\"https:\/\/ccpe.org.ar\/web\/actividades\/naum-krass\/#primaryimage\",\"url\":\"https:\/\/ccpe.org.ar\/web\/wp-content\/uploads\/2026\/03\/b_derivas_teatrales_2026.jpg\",\"contentUrl\":\"https:\/\/ccpe.org.ar\/web\/wp-content\/uploads\/2026\/03\/b_derivas_teatrales_2026.jpg\",\"width\":980,\"height\":544},{\"@type\":\"BreadcrumbList\",\"@id\":\"https:\/\/ccpe.org.ar\/web\/actividades\/naum-krass\/#breadcrumb\",\"itemListElement\":[{\"@type\":\"ListItem\",\"position\":1,\"name\":\"Portada\",\"item\":\"https:\/\/ccpe.org.ar\/web\/\"},{\"@type\":\"ListItem\",\"position\":2,\"name\":\"Derivas teatrales: Naum Krass\"}]},{\"@type\":\"WebSite\",\"@id\":\"https:\/\/ccpe.org.ar\/web\/#website\",\"url\":\"https:\/\/ccpe.org.ar\/web\/\",\"name\":\"Centro Cultural Parque de Espa\u00f1a\/AECID\",\"description\":\"Sitio web del Centro Cultural Parque de Espa\u00f1a\/AECID\",\"potentialAction\":[{\"@type\":\"SearchAction\",\"target\":{\"@type\":\"EntryPoint\",\"urlTemplate\":\"https:\/\/ccpe.org.ar\/web\/?s={search_term_string}\"},\"query-input\":{\"@type\":\"PropertyValueSpecification\",\"valueRequired\":true,\"valueName\":\"search_term_string\"}}],\"inLanguage\":\"es\"}]}<\/script>\n<!-- \/ Yoast SEO plugin. -->","yoast_head_json":{"title":"Derivas teatrales: Naum Krass - Centro Cultural Parque de Espa\u00f1a\/AECID","robots":{"index":"index","follow":"follow","max-snippet":"max-snippet:-1","max-image-preview":"max-image-preview:large","max-video-preview":"max-video-preview:-1"},"canonical":"https:\/\/ccpe.org.ar\/web\/actividades\/naum-krass\/","og_locale":"es_ES","og_type":"article","og_title":"Derivas teatrales: Naum Krass - Centro Cultural Parque de Espa\u00f1a\/AECID","og_description":"Una selecci\u00f3n de tres obras protagonizadas por Krass, incluyendo un estreno y un ensayo abierto al p\u00fablico.","og_url":"https:\/\/ccpe.org.ar\/web\/actividades\/naum-krass\/","og_site_name":"Centro Cultural Parque de Espa\u00f1a\/AECID","article_publisher":"https:\/\/www.facebook.com\/CCPErosario\/","article_modified_time":"2026-04-20T14:23:46+00:00","og_image":[{"width":980,"height":544,"url":"https:\/\/ccpe.org.ar\/web\/wp-content\/uploads\/2026\/03\/b_derivas_teatrales_2026.jpg","type":"image\/jpeg"}],"twitter_card":"summary_large_image","twitter_site":"@ccpe","twitter_misc":{"Tiempo de lectura":"4 minutos"},"schema":{"@context":"https:\/\/schema.org","@graph":[{"@type":"WebPage","@id":"https:\/\/ccpe.org.ar\/web\/actividades\/naum-krass\/","url":"https:\/\/ccpe.org.ar\/web\/actividades\/naum-krass\/","name":"Derivas teatrales: Naum Krass - Centro Cultural Parque de Espa\u00f1a\/AECID","isPartOf":{"@id":"https:\/\/ccpe.org.ar\/web\/#website"},"primaryImageOfPage":{"@id":"https:\/\/ccpe.org.ar\/web\/actividades\/naum-krass\/#primaryimage"},"image":{"@id":"https:\/\/ccpe.org.ar\/web\/actividades\/naum-krass\/#primaryimage"},"thumbnailUrl":"https:\/\/ccpe.org.ar\/web\/wp-content\/uploads\/2026\/03\/b_derivas_teatrales_2026.jpg","datePublished":"2026-03-26T14:15:23+00:00","dateModified":"2026-04-20T14:23:46+00:00","breadcrumb":{"@id":"https:\/\/ccpe.org.ar\/web\/actividades\/naum-krass\/#breadcrumb"},"inLanguage":"es","potentialAction":[{"@type":"ReadAction","target":["https:\/\/ccpe.org.ar\/web\/actividades\/naum-krass\/"]}]},{"@type":"ImageObject","inLanguage":"es","@id":"https:\/\/ccpe.org.ar\/web\/actividades\/naum-krass\/#primaryimage","url":"https:\/\/ccpe.org.ar\/web\/wp-content\/uploads\/2026\/03\/b_derivas_teatrales_2026.jpg","contentUrl":"https:\/\/ccpe.org.ar\/web\/wp-content\/uploads\/2026\/03\/b_derivas_teatrales_2026.jpg","width":980,"height":544},{"@type":"BreadcrumbList","@id":"https:\/\/ccpe.org.ar\/web\/actividades\/naum-krass\/#breadcrumb","itemListElement":[{"@type":"ListItem","position":1,"name":"Portada","item":"https:\/\/ccpe.org.ar\/web\/"},{"@type":"ListItem","position":2,"name":"Derivas teatrales: Naum Krass"}]},{"@type":"WebSite","@id":"https:\/\/ccpe.org.ar\/web\/#website","url":"https:\/\/ccpe.org.ar\/web\/","name":"Centro Cultural Parque de Espa\u00f1a\/AECID","description":"Sitio web del Centro Cultural Parque de Espa\u00f1a\/AECID","potentialAction":[{"@type":"SearchAction","target":{"@type":"EntryPoint","urlTemplate":"https:\/\/ccpe.org.ar\/web\/?s={search_term_string}"},"query-input":{"@type":"PropertyValueSpecification","valueRequired":true,"valueName":"search_term_string"}}],"inLanguage":"es"}]}},"_links":{"self":[{"href":"https:\/\/ccpe.org.ar\/web\/wp-json\/wp\/v2\/mec-events\/7847"}],"collection":[{"href":"https:\/\/ccpe.org.ar\/web\/wp-json\/wp\/v2\/mec-events"}],"about":[{"href":"https:\/\/ccpe.org.ar\/web\/wp-json\/wp\/v2\/types\/mec-events"}],"author":[{"embeddable":true,"href":"https:\/\/ccpe.org.ar\/web\/wp-json\/wp\/v2\/users\/2"}],"replies":[{"embeddable":true,"href":"https:\/\/ccpe.org.ar\/web\/wp-json\/wp\/v2\/comments?post=7847"}],"wp:featuredmedia":[{"embeddable":true,"href":"https:\/\/ccpe.org.ar\/web\/wp-json\/wp\/v2\/media\/7848"}],"wp:attachment":[{"href":"https:\/\/ccpe.org.ar\/web\/wp-json\/wp\/v2\/media?parent=7847"}],"wp:term":[{"taxonomy":"post_tag","embeddable":true,"href":"https:\/\/ccpe.org.ar\/web\/wp-json\/wp\/v2\/tags?post=7847"},{"taxonomy":"mec_category","embeddable":true,"href":"https:\/\/ccpe.org.ar\/web\/wp-json\/wp\/v2\/mec_category?post=7847"}],"curies":[{"name":"wp","href":"https:\/\/api.w.org\/{rel}","templated":true}]}}