{"id":7892,"date":"2026-04-29T13:41:22","date_gmt":"2026-04-29T16:41:22","guid":{"rendered":"https:\/\/ccpe.org.ar\/web\/?post_type=mec-events&#038;p=7892"},"modified":"2026-04-29T13:41:22","modified_gmt":"2026-04-29T16:41:22","slug":"tintas-salvajes","status":"publish","type":"mec-events","link":"https:\/\/ccpe.org.ar\/web\/actividades\/tintas-salvajes\/","title":{"rendered":"Tintas Salvajes"},"content":{"rendered":"<p><span style=\"font-weight: 400;\">El Centro Cultural Parque de Espa\u00f1a abre la inscripci\u00f3n para participar del taller Tintas Salvajes, un proyecto coordinado por la artista Dinamita, creado a partir de su exploraci\u00f3n personal del r\u00edo Paran\u00e1, sus paisajes cambiantes y sus islas.<\/span><\/p>\n<p><b>S\u00e1bados 16 y 23 de mayo, de 15 a 19 h en Mediateca del CCPE (sarmiento y el r\u00edo). Gratis, <\/b><a href=\"https:\/\/www.rosario.gob.ar\/inicio\/webform\/taller_de_fabricacion_de_tintas\"><b>preinscripci\u00f3n ac\u00e1<\/b><span style=\"font-weight: 400;\">. <\/span><\/a><b>A<\/b><b>bierta hasta: lunes 11 de mayo. <\/b><b>Cupos limitados.<\/b><b> Los resultados se comunicar\u00e1n el d\u00eda martes 12 de mayo por correo electr\u00f3nico.<\/b><b>\u00a0<\/b><\/p>\n<p><span style=\"font-weight: 400;\">A trav\u00e9s de estas jornadas aprenderemos a reconocer especies con capacidades para generar colorantes y a transformar esos colores en tintas aptas para dibujo y pintura sobre papel.\u00a0 Vamos a experimentar con bayas, cortezas, flores y holl\u00edn abriendo el potencial de nuestra paleta local.<\/span><\/p>\n<p><span style=\"font-weight: 400;\">El color vive a nuestro alrededor.<\/span><\/p>\n<p><span style=\"font-weight: 400;\">Sustancias naturales originarias de este ecosistema son convertidas en colorantes, reconstruyendo un v\u00ednculo olvidado: mano, coraz\u00f3n y tierra. Comprendiendo la esencia que transforma cada elemento, descubriremos y aprenderemos a valorar nuestro patrimonio viviente: una oportunidad enorme para conocer nuestro entorno siendo parte de \u00e9l.<\/span><\/p>\n<p><span style=\"font-weight: 400;\">Contenidos:<\/span><\/p>\n<p><strong>D\u00eda 1<\/strong><br \/>\n<span style=\"font-weight: 400;\">Reconocimiento de plantas tint\u00f3reas<\/span><br \/>\n<span style=\"font-weight: 400;\">C\u00f3mo y qu\u00e9 puede almacenarse<\/span><br \/>\n<span style=\"font-weight: 400;\">M\u00e9todos para concentrar el color<\/span><br \/>\n<span style=\"font-weight: 400;\">Creaci\u00f3n de medios y fijadores<\/span><br \/>\n<span style=\"font-weight: 400;\">Dibujo parte uno<\/span><\/p>\n<p><strong>D\u00eda 2<\/strong><br \/>\n<span style=\"font-weight: 400;\">Filtrado de tintas<\/span><br \/>\n<span style=\"font-weight: 400;\">Fijadores y aglutinantes<\/span><br \/>\n<span style=\"font-weight: 400;\">Ampliaci\u00f3n de paleta. Espesantes<\/span><br \/>\n<span style=\"font-weight: 400;\">Conservaci\u00f3n<\/span><br \/>\n<span style=\"font-weight: 400;\">Dibujo parte dos<\/span><\/p>\n<p><span style=\"font-weight: 400;\">En el marco del proyecto Patio vivo. Proyecto del CCPE que promueve la participaci\u00f3n ciudadana, la construcci\u00f3n colectiva de conocimientos, cultivos y experiencias sustentables y moviliza, mediante la resignificaci\u00f3n de los v\u00ednculos entre naturaleza y cultura, acciones de cambio y transformaci\u00f3n socioambiental.<\/span><\/p>\n<p>&nbsp;<\/p>\n<p><b>Dinamita:<\/b><\/p>\n<p><span style=\"font-weight: 400;\">Dinamita\/Anal\u00eda Regu\u00e9 se form\u00f3 en la Escuela de Bellas Artes de UNR y en talleres y residencias para artistas.<\/span><\/p>\n<p><span style=\"font-weight: 400;\">Desde 2006 se dedic\u00f3 a proponer la ciudad como soporte del arte urbano, cre\u00f3 un proyecto al que llam\u00f3 Stickboxing, gener\u00f3 festivales, coordin\u00f3 talleres nacionales e internacionales y obtuvo una beca del FNA.<\/span><\/p>\n<p><span style=\"font-weight: 400;\">Posteriormente gener\u00f3 muestras y talleres de pegatinas sobre igualdad de g\u00e9nero. La intervenci\u00f3n feminista del Pasaje Juramento junto a sus compa\u00f1eras fue declarada de inter\u00e9s cultural por el Concejo Municipal de Rosario. Poco antes de comenzar la pandemia cambi\u00f3 su domicilio en la ciudad por un espacio cercano al r\u00edo donde vive y trabaja, all\u00ed desde 2020 estudia especies tint\u00f3reas e investiga la elaboraci\u00f3n de un amplio abanico de aplicaciones sustentables.<\/span><\/p>\n<p>&nbsp;<\/p>\n<p><i><span style=\"font-weight: 400;\">Si necesit\u00e1s asistencia personalizada para inscribirte o asistir, pod\u00e9s comunicarte a <\/span><\/i><a href=\"mailto:info@ccpe.org.ar\"><i><span style=\"font-weight: 400;\">info@ccpe.org.ar<\/span><\/i><\/a><i><span style=\"font-weight: 400;\"> o consultar nuestra <\/span><\/i><a href=\"https:\/\/ccpe.org.ar\/web\/accesibilidad\/\"><i><span style=\"font-weight: 400;\">secci\u00f3n de accesibilidad.<\/span><\/i><\/a><\/p>\n<p><b>Con el apoyo de la Cooperaci\u00f3n Cultural Espa\u00f1ola (AECID)<\/b><\/p>\n<p><img loading=\"lazy\" decoding=\"async\" class=\"alignnone size-full wp-image-7670\" src=\"https:\/\/ccpe.org.ar\/web\/wp-content\/uploads\/2025\/11\/logo-cooperacion-baja.jpg\" alt=\"\" width=\"790\" height=\"121\" srcset=\"https:\/\/ccpe.org.ar\/web\/wp-content\/uploads\/2025\/11\/logo-cooperacion-baja.jpg 790w, https:\/\/ccpe.org.ar\/web\/wp-content\/uploads\/2025\/11\/logo-cooperacion-baja-480x74.jpg 480w\" sizes=\"(min-width: 0px) and (max-width: 480px) 480px, (min-width: 481px) 790px, 100vw\" \/><\/p>\n","protected":false},"excerpt":{"rendered":"<p>Taller de fabricaci\u00f3n de tintas bot\u00e1nicas a cargo de Dinamita.<\/p>\n","protected":false},"author":2,"featured_media":7893,"comment_status":"closed","ping_status":"closed","template":"","tags":[],"mec_category":[20,19],"yoast_head":"<!-- This site is optimized with the Yoast SEO plugin v23.5 - https:\/\/yoast.com\/wordpress\/plugins\/seo\/ -->\n<title>Tintas Salvajes - Centro Cultural Parque de Espa\u00f1a\/AECID<\/title>\n<meta name=\"robots\" content=\"index, follow, max-snippet:-1, max-image-preview:large, max-video-preview:-1\" \/>\n<link rel=\"canonical\" href=\"https:\/\/ccpe.org.ar\/web\/actividades\/tintas-salvajes\/\" \/>\n<meta property=\"og:locale\" content=\"es_ES\" \/>\n<meta property=\"og:type\" content=\"article\" \/>\n<meta property=\"og:title\" content=\"Tintas Salvajes - Centro Cultural Parque de Espa\u00f1a\/AECID\" \/>\n<meta property=\"og:description\" content=\"Taller de fabricaci\u00f3n de tintas bot\u00e1nicas a cargo de Dinamita.\" \/>\n<meta property=\"og:url\" content=\"https:\/\/ccpe.org.ar\/web\/actividades\/tintas-salvajes\/\" \/>\n<meta property=\"og:site_name\" content=\"Centro Cultural Parque de Espa\u00f1a\/AECID\" \/>\n<meta property=\"article:publisher\" content=\"https:\/\/www.facebook.com\/CCPErosario\/\" \/>\n<meta property=\"og:image\" content=\"https:\/\/ccpe.org.ar\/web\/wp-content\/uploads\/2026\/04\/b_tintas_salvajes.jpg\" \/>\n\t<meta property=\"og:image:width\" content=\"980\" \/>\n\t<meta property=\"og:image:height\" content=\"544\" \/>\n\t<meta property=\"og:image:type\" content=\"image\/jpeg\" \/>\n<meta name=\"twitter:card\" content=\"summary_large_image\" \/>\n<meta name=\"twitter:site\" content=\"@ccpe\" \/>\n<meta name=\"twitter:label1\" content=\"Tiempo de lectura\" \/>\n\t<meta name=\"twitter:data1\" content=\"3 minutos\" \/>\n<script type=\"application\/ld+json\" class=\"yoast-schema-graph\">{\"@context\":\"https:\/\/schema.org\",\"@graph\":[{\"@type\":\"WebPage\",\"@id\":\"https:\/\/ccpe.org.ar\/web\/actividades\/tintas-salvajes\/\",\"url\":\"https:\/\/ccpe.org.ar\/web\/actividades\/tintas-salvajes\/\",\"name\":\"Tintas Salvajes - Centro Cultural Parque de Espa\u00f1a\/AECID\",\"isPartOf\":{\"@id\":\"https:\/\/ccpe.org.ar\/web\/#website\"},\"primaryImageOfPage\":{\"@id\":\"https:\/\/ccpe.org.ar\/web\/actividades\/tintas-salvajes\/#primaryimage\"},\"image\":{\"@id\":\"https:\/\/ccpe.org.ar\/web\/actividades\/tintas-salvajes\/#primaryimage\"},\"thumbnailUrl\":\"https:\/\/ccpe.org.ar\/web\/wp-content\/uploads\/2026\/04\/b_tintas_salvajes.jpg\",\"datePublished\":\"2026-04-29T16:41:22+00:00\",\"dateModified\":\"2026-04-29T16:41:22+00:00\",\"breadcrumb\":{\"@id\":\"https:\/\/ccpe.org.ar\/web\/actividades\/tintas-salvajes\/#breadcrumb\"},\"inLanguage\":\"es\",\"potentialAction\":[{\"@type\":\"ReadAction\",\"target\":[\"https:\/\/ccpe.org.ar\/web\/actividades\/tintas-salvajes\/\"]}]},{\"@type\":\"ImageObject\",\"inLanguage\":\"es\",\"@id\":\"https:\/\/ccpe.org.ar\/web\/actividades\/tintas-salvajes\/#primaryimage\",\"url\":\"https:\/\/ccpe.org.ar\/web\/wp-content\/uploads\/2026\/04\/b_tintas_salvajes.jpg\",\"contentUrl\":\"https:\/\/ccpe.org.ar\/web\/wp-content\/uploads\/2026\/04\/b_tintas_salvajes.jpg\",\"width\":980,\"height\":544},{\"@type\":\"BreadcrumbList\",\"@id\":\"https:\/\/ccpe.org.ar\/web\/actividades\/tintas-salvajes\/#breadcrumb\",\"itemListElement\":[{\"@type\":\"ListItem\",\"position\":1,\"name\":\"Portada\",\"item\":\"https:\/\/ccpe.org.ar\/web\/\"},{\"@type\":\"ListItem\",\"position\":2,\"name\":\"Tintas Salvajes\"}]},{\"@type\":\"WebSite\",\"@id\":\"https:\/\/ccpe.org.ar\/web\/#website\",\"url\":\"https:\/\/ccpe.org.ar\/web\/\",\"name\":\"Centro Cultural Parque de Espa\u00f1a\/AECID\",\"description\":\"Sitio web del Centro Cultural Parque de Espa\u00f1a\/AECID\",\"potentialAction\":[{\"@type\":\"SearchAction\",\"target\":{\"@type\":\"EntryPoint\",\"urlTemplate\":\"https:\/\/ccpe.org.ar\/web\/?s={search_term_string}\"},\"query-input\":{\"@type\":\"PropertyValueSpecification\",\"valueRequired\":true,\"valueName\":\"search_term_string\"}}],\"inLanguage\":\"es\"}]}<\/script>\n<!-- \/ Yoast SEO plugin. -->","yoast_head_json":{"title":"Tintas Salvajes - Centro Cultural Parque de Espa\u00f1a\/AECID","robots":{"index":"index","follow":"follow","max-snippet":"max-snippet:-1","max-image-preview":"max-image-preview:large","max-video-preview":"max-video-preview:-1"},"canonical":"https:\/\/ccpe.org.ar\/web\/actividades\/tintas-salvajes\/","og_locale":"es_ES","og_type":"article","og_title":"Tintas Salvajes - Centro Cultural Parque de Espa\u00f1a\/AECID","og_description":"Taller de fabricaci\u00f3n de tintas bot\u00e1nicas a cargo de Dinamita.","og_url":"https:\/\/ccpe.org.ar\/web\/actividades\/tintas-salvajes\/","og_site_name":"Centro Cultural Parque de Espa\u00f1a\/AECID","article_publisher":"https:\/\/www.facebook.com\/CCPErosario\/","og_image":[{"width":980,"height":544,"url":"https:\/\/ccpe.org.ar\/web\/wp-content\/uploads\/2026\/04\/b_tintas_salvajes.jpg","type":"image\/jpeg"}],"twitter_card":"summary_large_image","twitter_site":"@ccpe","twitter_misc":{"Tiempo de lectura":"3 minutos"},"schema":{"@context":"https:\/\/schema.org","@graph":[{"@type":"WebPage","@id":"https:\/\/ccpe.org.ar\/web\/actividades\/tintas-salvajes\/","url":"https:\/\/ccpe.org.ar\/web\/actividades\/tintas-salvajes\/","name":"Tintas Salvajes - Centro Cultural Parque de Espa\u00f1a\/AECID","isPartOf":{"@id":"https:\/\/ccpe.org.ar\/web\/#website"},"primaryImageOfPage":{"@id":"https:\/\/ccpe.org.ar\/web\/actividades\/tintas-salvajes\/#primaryimage"},"image":{"@id":"https:\/\/ccpe.org.ar\/web\/actividades\/tintas-salvajes\/#primaryimage"},"thumbnailUrl":"https:\/\/ccpe.org.ar\/web\/wp-content\/uploads\/2026\/04\/b_tintas_salvajes.jpg","datePublished":"2026-04-29T16:41:22+00:00","dateModified":"2026-04-29T16:41:22+00:00","breadcrumb":{"@id":"https:\/\/ccpe.org.ar\/web\/actividades\/tintas-salvajes\/#breadcrumb"},"inLanguage":"es","potentialAction":[{"@type":"ReadAction","target":["https:\/\/ccpe.org.ar\/web\/actividades\/tintas-salvajes\/"]}]},{"@type":"ImageObject","inLanguage":"es","@id":"https:\/\/ccpe.org.ar\/web\/actividades\/tintas-salvajes\/#primaryimage","url":"https:\/\/ccpe.org.ar\/web\/wp-content\/uploads\/2026\/04\/b_tintas_salvajes.jpg","contentUrl":"https:\/\/ccpe.org.ar\/web\/wp-content\/uploads\/2026\/04\/b_tintas_salvajes.jpg","width":980,"height":544},{"@type":"BreadcrumbList","@id":"https:\/\/ccpe.org.ar\/web\/actividades\/tintas-salvajes\/#breadcrumb","itemListElement":[{"@type":"ListItem","position":1,"name":"Portada","item":"https:\/\/ccpe.org.ar\/web\/"},{"@type":"ListItem","position":2,"name":"Tintas Salvajes"}]},{"@type":"WebSite","@id":"https:\/\/ccpe.org.ar\/web\/#website","url":"https:\/\/ccpe.org.ar\/web\/","name":"Centro Cultural Parque de Espa\u00f1a\/AECID","description":"Sitio web del Centro Cultural Parque de Espa\u00f1a\/AECID","potentialAction":[{"@type":"SearchAction","target":{"@type":"EntryPoint","urlTemplate":"https:\/\/ccpe.org.ar\/web\/?s={search_term_string}"},"query-input":{"@type":"PropertyValueSpecification","valueRequired":true,"valueName":"search_term_string"}}],"inLanguage":"es"}]}},"_links":{"self":[{"href":"https:\/\/ccpe.org.ar\/web\/wp-json\/wp\/v2\/mec-events\/7892"}],"collection":[{"href":"https:\/\/ccpe.org.ar\/web\/wp-json\/wp\/v2\/mec-events"}],"about":[{"href":"https:\/\/ccpe.org.ar\/web\/wp-json\/wp\/v2\/types\/mec-events"}],"author":[{"embeddable":true,"href":"https:\/\/ccpe.org.ar\/web\/wp-json\/wp\/v2\/users\/2"}],"replies":[{"embeddable":true,"href":"https:\/\/ccpe.org.ar\/web\/wp-json\/wp\/v2\/comments?post=7892"}],"wp:featuredmedia":[{"embeddable":true,"href":"https:\/\/ccpe.org.ar\/web\/wp-json\/wp\/v2\/media\/7893"}],"wp:attachment":[{"href":"https:\/\/ccpe.org.ar\/web\/wp-json\/wp\/v2\/media?parent=7892"}],"wp:term":[{"taxonomy":"post_tag","embeddable":true,"href":"https:\/\/ccpe.org.ar\/web\/wp-json\/wp\/v2\/tags?post=7892"},{"taxonomy":"mec_category","embeddable":true,"href":"https:\/\/ccpe.org.ar\/web\/wp-json\/wp\/v2\/mec_category?post=7892"}],"curies":[{"name":"wp","href":"https:\/\/api.w.org\/{rel}","templated":true}]}}