{"id":8058,"date":"2026-09-04T10:23:46","date_gmt":"2026-09-04T13:23:46","guid":{"rendered":"https:\/\/ccpe.org.ar\/web\/?post_type=mec-events&#038;p=8058"},"modified":"2026-09-04T10:23:46","modified_gmt":"2026-09-04T13:23:46","slug":"concierto-de-diana-baroni","status":"publish","type":"mec-events","link":"https:\/\/ccpe.org.ar\/web\/actividades\/concierto-de-diana-baroni\/","title":{"rendered":"CONCIERTO DE DIANA BARONI"},"content":{"rendered":"<p><span style=\"font-weight: 400;\">El Centro Cultural Parque de Espa\u00f1a presenta a la cantante, flautista y creadora Diana Baroni, artista argentina de proyecci\u00f3n internacional, que llega a Rosario con una obra que combina expresiones de tradici\u00f3n oral, m\u00fasicas afro-amerindianas antiguas y creaci\u00f3n contempor\u00e1nea.<\/span><\/p>\n<p><b>Viernes 25 de septiembre 20.30 h en el Teatro del Centro Cultural Parque de Espa\u00f1a (Sarmiento y el r\u00edo).<\/b><\/p>\n<p><span style=\"font-weight: 400;\">Entrada $23.000 (incluye costo de emisi\u00f3n) a la venta en www.1000tickets.com.ar y en el CCPE: de lunes a viernes de 9 a 15 (administraci\u00f3n); jueves, viernes y s\u00e1bados, de 15 a 19 (Galer\u00edas). Tambi\u00e9n una hora antes del espect\u00e1culo. Sin ubicaci\u00f3n. Promoci\u00f3n en boleter\u00eda del CCPE: 10% para jubilados y estudiantes.<\/span><\/p>\n<p><span style=\"font-weight: 400;\"><strong>Diana Baroni<\/strong> crea una propuesta singular donde las tradiciones latinoamericanas dialogan con la m\u00fasica barroca, la improvisaci\u00f3n y la creaci\u00f3n contempor\u00e1nea, con un repertorio que revisita las composiciones de su vinilo Apapacho y de su \u00faltimo disco Madre Selva. Editado en abril de este a\u00f1o junto al Ensemble Vedado, \u00abMadre Selva\u00bb fue destacado internacionalmente \u00abTop of the world\u00bb por la revista brit\u00e1nica Songlines, que la describe como el coraz\u00f3n de una obra que celebra la naturaleza y advierte sobre su fragilidad.<\/span><\/p>\n<p><span style=\"font-weight: 400;\">La acompa\u00f1an Mario del Valle Liz\u00e1rraga (guitarra el\u00e9ctrica, aer\u00f3fonos, ronroco) Isaac Garc\u00eda (percusi\u00f3n) y Manuel Mercado (cello),\u00a0 m\u00fasicos y creadores vinculados a una escena art\u00edstica juje\u00f1a de excelencia.<\/span><\/p>\n<p><span style=\"font-weight: 400;\">El espect\u00e1culo propone un recorrido por sus propias composiciones, repertorios de Am\u00e9rica Latina desde una mirada contempor\u00e1nea: m\u00fasica barroca afro-amerindiana, tradici\u00f3n popular, improvisaci\u00f3n dirigida, ensamble h\u00edbrido y creaci\u00f3n en tiempo real. La propuesta combina la potencia de las ra\u00edces latinoamericanas con una est\u00e9tica contempor\u00e1nea y una profunda dimensi\u00f3n esc\u00e9nica. El p\u00fablico es invitado a atravesar un universo sonoro donde conviven memoria, territorio, naturaleza, espiritualidad y creaci\u00f3n.<\/span><\/p>\n<p>&nbsp;<\/p>\n<p><i><span style=\"font-weight: 400;\">PAZION M\u00fasica Producciones con auspicio de la Secretar\u00eda de Cultura de la provincia de Jujuy<\/span><\/i><\/p>\n<p><i><span style=\"font-weight: 400;\">Si necesit\u00e1s asistencia personalizada para inscribirte o asistir, pod\u00e9s comunicarte a <\/span><\/i><a href=\"mailto:info@ccpe.org.ar\"><i><span style=\"font-weight: 400;\">info@ccpe.org.ar<\/span><\/i><\/a><i><span style=\"font-weight: 400;\"> o consultar nuestra <\/span><\/i><a href=\"https:\/\/ccpe.org.ar\/web\/accesibilidad\/\"><i><span style=\"font-weight: 400;\">secci\u00f3n de accesibilidad.<\/span><\/i><\/a><\/p>\n<p><b>Con el apoyo de la Cooperaci\u00f3n Cultural Espa\u00f1ola (AECID)<\/b><\/p>\n<p><img loading=\"lazy\" decoding=\"async\" class=\"alignnone size-full wp-image-7670\" src=\"https:\/\/ccpe.org.ar\/web\/wp-content\/uploads\/2025\/11\/logo-cooperacion-baja.jpg\" alt=\"\" width=\"790\" height=\"121\" srcset=\"https:\/\/ccpe.org.ar\/web\/wp-content\/uploads\/2025\/11\/logo-cooperacion-baja.jpg 790w, https:\/\/ccpe.org.ar\/web\/wp-content\/uploads\/2025\/11\/logo-cooperacion-baja-480x74.jpg 480w\" sizes=\"(min-width: 0px) and (max-width: 480px) 480px, (min-width: 481px) 790px, 100vw\" \/><\/p>\n","protected":false},"excerpt":{"rendered":"<p>Expresiones de tradici\u00f3n oral, m\u00fasicas afro-amerindianas antiguas y creaci\u00f3n contempor\u00e1nea.<\/p>\n","protected":false},"author":2,"featured_media":8059,"comment_status":"closed","ping_status":"closed","template":"","tags":[],"mec_category":[20,19],"yoast_head":"<!-- This site is optimized with the Yoast SEO plugin v23.5 - https:\/\/yoast.com\/wordpress\/plugins\/seo\/ -->\n<title>CONCIERTO DE DIANA BARONI - Centro Cultural Parque de Espa\u00f1a\/AECID<\/title>\n<meta name=\"robots\" content=\"index, follow, max-snippet:-1, max-image-preview:large, max-video-preview:-1\" \/>\n<link rel=\"canonical\" href=\"https:\/\/ccpe.org.ar\/web\/actividades\/concierto-de-diana-baroni\/\" \/>\n<meta property=\"og:locale\" content=\"es_ES\" \/>\n<meta property=\"og:type\" content=\"article\" \/>\n<meta property=\"og:title\" content=\"CONCIERTO DE DIANA BARONI - Centro Cultural Parque de Espa\u00f1a\/AECID\" \/>\n<meta property=\"og:description\" content=\"Expresiones de tradici\u00f3n oral, m\u00fasicas afro-amerindianas antiguas y creaci\u00f3n contempor\u00e1nea.\" \/>\n<meta property=\"og:url\" content=\"https:\/\/ccpe.org.ar\/web\/actividades\/concierto-de-diana-baroni\/\" \/>\n<meta property=\"og:site_name\" content=\"Centro Cultural Parque de Espa\u00f1a\/AECID\" \/>\n<meta property=\"article:publisher\" content=\"https:\/\/www.facebook.com\/CCPErosario\/\" \/>\n<meta property=\"og:image\" content=\"https:\/\/ccpe.org.ar\/web\/wp-content\/uploads\/2026\/09\/b_diana_baroni.jpg\" \/>\n\t<meta property=\"og:image:width\" content=\"980\" \/>\n\t<meta property=\"og:image:height\" content=\"544\" \/>\n\t<meta property=\"og:image:type\" content=\"image\/jpeg\" \/>\n<meta name=\"twitter:card\" content=\"summary_large_image\" \/>\n<meta name=\"twitter:site\" content=\"@ccpe\" \/>\n<meta name=\"twitter:label1\" content=\"Tiempo de lectura\" \/>\n\t<meta name=\"twitter:data1\" content=\"2 minutos\" \/>\n<script type=\"application\/ld+json\" class=\"yoast-schema-graph\">{\"@context\":\"https:\/\/schema.org\",\"@graph\":[{\"@type\":\"WebPage\",\"@id\":\"https:\/\/ccpe.org.ar\/web\/actividades\/concierto-de-diana-baroni\/\",\"url\":\"https:\/\/ccpe.org.ar\/web\/actividades\/concierto-de-diana-baroni\/\",\"name\":\"CONCIERTO DE DIANA BARONI - Centro Cultural Parque de Espa\u00f1a\/AECID\",\"isPartOf\":{\"@id\":\"https:\/\/ccpe.org.ar\/web\/#website\"},\"primaryImageOfPage\":{\"@id\":\"https:\/\/ccpe.org.ar\/web\/actividades\/concierto-de-diana-baroni\/#primaryimage\"},\"image\":{\"@id\":\"https:\/\/ccpe.org.ar\/web\/actividades\/concierto-de-diana-baroni\/#primaryimage\"},\"thumbnailUrl\":\"https:\/\/ccpe.org.ar\/web\/wp-content\/uploads\/2026\/09\/b_diana_baroni.jpg\",\"datePublished\":\"2026-09-04T13:23:46+00:00\",\"dateModified\":\"2026-09-04T13:23:46+00:00\",\"breadcrumb\":{\"@id\":\"https:\/\/ccpe.org.ar\/web\/actividades\/concierto-de-diana-baroni\/#breadcrumb\"},\"inLanguage\":\"es\",\"potentialAction\":[{\"@type\":\"ReadAction\",\"target\":[\"https:\/\/ccpe.org.ar\/web\/actividades\/concierto-de-diana-baroni\/\"]}]},{\"@type\":\"ImageObject\",\"inLanguage\":\"es\",\"@id\":\"https:\/\/ccpe.org.ar\/web\/actividades\/concierto-de-diana-baroni\/#primaryimage\",\"url\":\"https:\/\/ccpe.org.ar\/web\/wp-content\/uploads\/2026\/09\/b_diana_baroni.jpg\",\"contentUrl\":\"https:\/\/ccpe.org.ar\/web\/wp-content\/uploads\/2026\/09\/b_diana_baroni.jpg\",\"width\":980,\"height\":544},{\"@type\":\"BreadcrumbList\",\"@id\":\"https:\/\/ccpe.org.ar\/web\/actividades\/concierto-de-diana-baroni\/#breadcrumb\",\"itemListElement\":[{\"@type\":\"ListItem\",\"position\":1,\"name\":\"Portada\",\"item\":\"https:\/\/ccpe.org.ar\/web\/\"},{\"@type\":\"ListItem\",\"position\":2,\"name\":\"CONCIERTO DE DIANA BARONI\"}]},{\"@type\":\"WebSite\",\"@id\":\"https:\/\/ccpe.org.ar\/web\/#website\",\"url\":\"https:\/\/ccpe.org.ar\/web\/\",\"name\":\"Centro Cultural Parque de Espa\u00f1a\/AECID\",\"description\":\"Sitio web del Centro Cultural Parque de Espa\u00f1a\/AECID\",\"potentialAction\":[{\"@type\":\"SearchAction\",\"target\":{\"@type\":\"EntryPoint\",\"urlTemplate\":\"https:\/\/ccpe.org.ar\/web\/?s={search_term_string}\"},\"query-input\":{\"@type\":\"PropertyValueSpecification\",\"valueRequired\":true,\"valueName\":\"search_term_string\"}}],\"inLanguage\":\"es\"}]}<\/script>\n<!-- \/ Yoast SEO plugin. -->","yoast_head_json":{"title":"CONCIERTO DE DIANA BARONI - Centro Cultural Parque de Espa\u00f1a\/AECID","robots":{"index":"index","follow":"follow","max-snippet":"max-snippet:-1","max-image-preview":"max-image-preview:large","max-video-preview":"max-video-preview:-1"},"canonical":"https:\/\/ccpe.org.ar\/web\/actividades\/concierto-de-diana-baroni\/","og_locale":"es_ES","og_type":"article","og_title":"CONCIERTO DE DIANA BARONI - Centro Cultural Parque de Espa\u00f1a\/AECID","og_description":"Expresiones de tradici\u00f3n oral, m\u00fasicas afro-amerindianas antiguas y creaci\u00f3n contempor\u00e1nea.","og_url":"https:\/\/ccpe.org.ar\/web\/actividades\/concierto-de-diana-baroni\/","og_site_name":"Centro Cultural Parque de Espa\u00f1a\/AECID","article_publisher":"https:\/\/www.facebook.com\/CCPErosario\/","og_image":[{"width":980,"height":544,"url":"https:\/\/ccpe.org.ar\/web\/wp-content\/uploads\/2026\/09\/b_diana_baroni.jpg","type":"image\/jpeg"}],"twitter_card":"summary_large_image","twitter_site":"@ccpe","twitter_misc":{"Tiempo de lectura":"2 minutos"},"schema":{"@context":"https:\/\/schema.org","@graph":[{"@type":"WebPage","@id":"https:\/\/ccpe.org.ar\/web\/actividades\/concierto-de-diana-baroni\/","url":"https:\/\/ccpe.org.ar\/web\/actividades\/concierto-de-diana-baroni\/","name":"CONCIERTO DE DIANA BARONI - Centro Cultural Parque de Espa\u00f1a\/AECID","isPartOf":{"@id":"https:\/\/ccpe.org.ar\/web\/#website"},"primaryImageOfPage":{"@id":"https:\/\/ccpe.org.ar\/web\/actividades\/concierto-de-diana-baroni\/#primaryimage"},"image":{"@id":"https:\/\/ccpe.org.ar\/web\/actividades\/concierto-de-diana-baroni\/#primaryimage"},"thumbnailUrl":"https:\/\/ccpe.org.ar\/web\/wp-content\/uploads\/2026\/09\/b_diana_baroni.jpg","datePublished":"2026-09-04T13:23:46+00:00","dateModified":"2026-09-04T13:23:46+00:00","breadcrumb":{"@id":"https:\/\/ccpe.org.ar\/web\/actividades\/concierto-de-diana-baroni\/#breadcrumb"},"inLanguage":"es","potentialAction":[{"@type":"ReadAction","target":["https:\/\/ccpe.org.ar\/web\/actividades\/concierto-de-diana-baroni\/"]}]},{"@type":"ImageObject","inLanguage":"es","@id":"https:\/\/ccpe.org.ar\/web\/actividades\/concierto-de-diana-baroni\/#primaryimage","url":"https:\/\/ccpe.org.ar\/web\/wp-content\/uploads\/2026\/09\/b_diana_baroni.jpg","contentUrl":"https:\/\/ccpe.org.ar\/web\/wp-content\/uploads\/2026\/09\/b_diana_baroni.jpg","width":980,"height":544},{"@type":"BreadcrumbList","@id":"https:\/\/ccpe.org.ar\/web\/actividades\/concierto-de-diana-baroni\/#breadcrumb","itemListElement":[{"@type":"ListItem","position":1,"name":"Portada","item":"https:\/\/ccpe.org.ar\/web\/"},{"@type":"ListItem","position":2,"name":"CONCIERTO DE DIANA BARONI"}]},{"@type":"WebSite","@id":"https:\/\/ccpe.org.ar\/web\/#website","url":"https:\/\/ccpe.org.ar\/web\/","name":"Centro Cultural Parque de Espa\u00f1a\/AECID","description":"Sitio web del Centro Cultural Parque de Espa\u00f1a\/AECID","potentialAction":[{"@type":"SearchAction","target":{"@type":"EntryPoint","urlTemplate":"https:\/\/ccpe.org.ar\/web\/?s={search_term_string}"},"query-input":{"@type":"PropertyValueSpecification","valueRequired":true,"valueName":"search_term_string"}}],"inLanguage":"es"}]}},"_links":{"self":[{"href":"https:\/\/ccpe.org.ar\/web\/wp-json\/wp\/v2\/mec-events\/8058"}],"collection":[{"href":"https:\/\/ccpe.org.ar\/web\/wp-json\/wp\/v2\/mec-events"}],"about":[{"href":"https:\/\/ccpe.org.ar\/web\/wp-json\/wp\/v2\/types\/mec-events"}],"author":[{"embeddable":true,"href":"https:\/\/ccpe.org.ar\/web\/wp-json\/wp\/v2\/users\/2"}],"replies":[{"embeddable":true,"href":"https:\/\/ccpe.org.ar\/web\/wp-json\/wp\/v2\/comments?post=8058"}],"wp:featuredmedia":[{"embeddable":true,"href":"https:\/\/ccpe.org.ar\/web\/wp-json\/wp\/v2\/media\/8059"}],"wp:attachment":[{"href":"https:\/\/ccpe.org.ar\/web\/wp-json\/wp\/v2\/media?parent=8058"}],"wp:term":[{"taxonomy":"post_tag","embeddable":true,"href":"https:\/\/ccpe.org.ar\/web\/wp-json\/wp\/v2\/tags?post=8058"},{"taxonomy":"mec_category","embeddable":true,"href":"https:\/\/ccpe.org.ar\/web\/wp-json\/wp\/v2\/mec_category?post=8058"}],"curies":[{"name":"wp","href":"https:\/\/api.w.org\/{rel}","templated":true}]}}