{"id":885,"date":"2019-08-08T10:08:35","date_gmt":"2019-08-08T13:08:35","guid":{"rendered":"http:\/\/ccpe.org.ar\/web\/?post_type=mec-events&#038;p=885"},"modified":"2019-08-22T10:25:24","modified_gmt":"2019-08-22T13:25:24","slug":"convocatoria-madrid-grafica-2019-ciudades-sostenibles","status":"publish","type":"mec-events","link":"https:\/\/ccpe.org.ar\/web\/actividades\/convocatoria-madrid-grafica-2019-ciudades-sostenibles\/","title":{"rendered":"Convocatoria. Madrid Gr\u00e1fica 2019. Ciudades sostenibles"},"content":{"rendered":"<p>Despu\u00e9s del \u00e9xito de las dos primeras ediciones de\u00a0<a href=\"https:\/\/bid-dimad.us8.list-manage.com\/track\/click?u=a145ad500408fb697de85be27&amp;id=ca172dfeb4&amp;e=4274e22ace\" target=\"_blank\" rel=\"noopener noreferrer\" data-saferedirecturl=\"https:\/\/www.google.com\/url?q=https:\/\/bid-dimad.us8.list-manage.com\/track\/click?u%3Da145ad500408fb697de85be27%26id%3Dca172dfeb4%26e%3D4274e22ace&amp;source=gmail&amp;ust=1565351877907000&amp;usg=AFQjCNEOXyOpBUjYxqhSU59nFc5i5G3sHw\">Madrid Gr\u00e1fica<\/a>,\u00a0<a href=\"https:\/\/bid-dimad.us8.list-manage.com\/track\/click?u=a145ad500408fb697de85be27&amp;id=6f58b38370&amp;e=4274e22ace\" target=\"_blank\" rel=\"noopener noreferrer\" data-saferedirecturl=\"https:\/\/www.google.com\/url?q=https:\/\/bid-dimad.us8.list-manage.com\/track\/click?u%3Da145ad500408fb697de85be27%26id%3D6f58b38370%26e%3D4274e22ace&amp;source=gmail&amp;ust=1565351877907000&amp;usg=AFQjCNG4hycrdbWn8uPvBg51wGmEgtCp2A\">DIMAD<\/a>\u00a0y el\u00a0<a href=\"https:\/\/bid-dimad.us8.list-manage.com\/track\/click?u=a145ad500408fb697de85be27&amp;id=d73c690377&amp;e=4274e22ace\" target=\"_blank\" rel=\"noopener noreferrer\" data-saferedirecturl=\"https:\/\/www.google.com\/url?q=https:\/\/bid-dimad.us8.list-manage.com\/track\/click?u%3Da145ad500408fb697de85be27%26id%3Dd73c690377%26e%3D4274e22ace&amp;source=gmail&amp;ust=1565351877907000&amp;usg=AFQjCNGw_bkaV-NVdDZBNVE42xNXOzVEqg\">Ayuntamiento de Madrid<\/a>, con el apoyo del<a href=\"https:\/\/bid-dimad.us8.list-manage.com\/track\/click?u=a145ad500408fb697de85be27&amp;id=4d0be51d53&amp;e=4274e22ace\" target=\"_blank\" rel=\"noopener noreferrer\" data-saferedirecturl=\"https:\/\/www.google.com\/url?q=https:\/\/bid-dimad.us8.list-manage.com\/track\/click?u%3Da145ad500408fb697de85be27%26id%3D4d0be51d53%26e%3D4274e22ace&amp;source=gmail&amp;ust=1565351877907000&amp;usg=AFQjCNEut2KCfz1oQuZEGKTJbzeSJscYLw\">\u00a0Foro de Empresas por Madrid<\/a>, convocan a todas las dise\u00f1adoras y dise\u00f1adores gr\u00e1ficos a participar en la gran exposici\u00f3n tem\u00e1tica de carteles de 2019 bajo el lema\u00a0<strong>Ciudades Sostenibles<\/strong>, que resume los siguientes\u00a0<strong>desaf\u00edos<\/strong>:<\/p>\n<p>Reequilibrar las necesidades de la alta concentraci\u00f3n demogr\u00e1fica de las ciudades con el\u00a0<strong>bienestar social<\/strong>; aplicar nuestra\u00a0<strong>capacidad tecnol\u00f3gica<\/strong>\u00a0en la organizaci\u00f3n urbana, en la l\u00ednea de lo que se ha llamado\u00a0<strong>\u201csmart cities\u201d<\/strong>; mostrar nuestra\u00a0<strong>capacidad innovadora<\/strong>\u00a0para reducir la\u00a0<strong>contaminaci\u00f3n ambiental <\/strong>y la\u00a0<strong>gesti\u00f3n de los residuos<\/strong>; compatibilizar la\u00a0<strong>actividad econ\u00f3mica<\/strong>\u00a0con el imprescindible freno al\u00a0<strong>calentamiento global<\/strong>, son desaf\u00edos de m\u00e1xima prioridad para mantener y aumentar la calidad de vida en nuestras ciudades.<\/p>\n<p><a href=\"https:\/\/bid-dimad.us8.list-manage.com\/track\/click?u=a145ad500408fb697de85be27&amp;id=0ea4fc1ecc&amp;e=4274e22ace\" target=\"_blank\" rel=\"noopener noreferrer\" data-saferedirecturl=\"https:\/\/www.google.com\/url?q=https:\/\/bid-dimad.us8.list-manage.com\/track\/click?u%3Da145ad500408fb697de85be27%26id%3D0ea4fc1ecc%26e%3D4274e22ace&amp;source=gmail&amp;ust=1565351877907000&amp;usg=AFQjCNFhiComPorGJGwPgaSnOdP8_SHLYw\">Madrid Gr\u00e1fica<\/a>\u00a0es la cita anual con el mejor dise\u00f1o gr\u00e1fico internacional en Madrid, con el objetivo de mostrar la capacidad creativa y de comunicaci\u00f3n de gr\u00e1fica, incorporando, en una gran exposici\u00f3n, m\u00e1s de 500 carteles.\u00a0Este a\u00f1o se presenta con el tema de la\u00a0<strong>Innovaci\u00f3n y Sostenibilidad en la ciudad futura<\/strong>, y con el lema\u00a0<strong>Ciudades Sostenibles<\/strong>.<\/p>\n<div><u><strong>CONVOCATORIA<\/strong><\/u><\/div>\n<p><strong>Convocatoria abierta hasta el 20 de Agosto.\u00a0<\/strong>Cada participante podr\u00e1 presentar un \u00fanico cartel con el lema \u201cCiudades Sostenibles\u201d figurando en el idioma elegido por el participante. El contenido puede ser interpretado desde una perspectiva personal, social, pol\u00edtica, cr\u00edtica o cualquier otra que el autor considere oportuna.<\/p>\n<p><strong>Bases de la convocatoria disponibles\u00a0<\/strong><a href=\"https:\/\/bid-dimad.us8.list-manage.com\/track\/click?u=a145ad500408fb697de85be27&amp;id=c850d6ac07&amp;e=4274e22ace\" target=\"_blank\" rel=\"noopener noreferrer\" data-saferedirecturl=\"https:\/\/www.google.com\/url?q=https:\/\/bid-dimad.us8.list-manage.com\/track\/click?u%3Da145ad500408fb697de85be27%26id%3Dc850d6ac07%26e%3D4274e22ace&amp;source=gmail&amp;ust=1565351877908000&amp;usg=AFQjCNEovsM_xQ6VkgToLwjp2FKO-z3H4A\"><strong>aqu\u00ed<\/strong><\/a><strong>.<br \/>\nEl plazo finaliza el\u00a0<u>20 de agosto de 2019<\/u>.<\/strong><\/p>\n<div>Un comit\u00e9 de selecci\u00f3n profesional elegir\u00e1 los 100 carteles recibidos m\u00e1s creativos y originales que se mostrar\u00e1n en la\u00a0<strong>Central de Dise\u00f1o de Matadero Madrid<\/strong>\u00a0y en dos enclaves emblem\u00e1ticos de la ciudad: las\u00a0<strong>plazas de Oriente y Juan Goytisolo<\/strong>\u00a0(Museo Reina Sof\u00eda).<\/div>\n","protected":false},"excerpt":{"rendered":"<p>Cada participante podr\u00e1 presentar un \u00fanico cartel con el lema \u201cCiudades Sostenibles\u201d figurando en el idioma elegido por el participante.<\/p>\n","protected":false},"author":2,"featured_media":886,"comment_status":"closed","ping_status":"closed","template":"","tags":[],"mec_category":[29],"yoast_head":"<!-- This site is optimized with the Yoast SEO plugin v23.5 - https:\/\/yoast.com\/wordpress\/plugins\/seo\/ -->\n<title>Convocatoria. Madrid Gr\u00e1fica 2019. Ciudades sostenibles - Centro Cultural Parque de Espa\u00f1a\/AECID<\/title>\n<meta name=\"robots\" content=\"index, follow, max-snippet:-1, max-image-preview:large, max-video-preview:-1\" \/>\n<link rel=\"canonical\" href=\"https:\/\/ccpe.org.ar\/web\/actividades\/convocatoria-madrid-grafica-2019-ciudades-sostenibles\/\" \/>\n<meta property=\"og:locale\" content=\"es_ES\" \/>\n<meta property=\"og:type\" content=\"article\" \/>\n<meta property=\"og:title\" content=\"Convocatoria. Madrid Gr\u00e1fica 2019. Ciudades sostenibles - Centro Cultural Parque de Espa\u00f1a\/AECID\" \/>\n<meta property=\"og:description\" content=\"Cada participante podr\u00e1 presentar un \u00fanico cartel con el lema \u201cCiudades Sostenibles\u201d figurando en el idioma elegido por el participante.\" \/>\n<meta property=\"og:url\" content=\"https:\/\/ccpe.org.ar\/web\/actividades\/convocatoria-madrid-grafica-2019-ciudades-sostenibles\/\" \/>\n<meta property=\"og:site_name\" content=\"Centro Cultural Parque de Espa\u00f1a\/AECID\" \/>\n<meta property=\"article:publisher\" content=\"https:\/\/www.facebook.com\/CCPErosario\/\" \/>\n<meta property=\"article:modified_time\" content=\"2019-08-22T13:25:24+00:00\" \/>\n<meta property=\"og:image\" content=\"https:\/\/ccpe.org.ar\/web\/wp-content\/uploads\/2019\/08\/b_ciudades-.jpg\" \/>\n\t<meta property=\"og:image:width\" content=\"1080\" \/>\n\t<meta property=\"og:image:height\" content=\"600\" \/>\n\t<meta property=\"og:image:type\" content=\"image\/jpeg\" \/>\n<meta name=\"twitter:card\" content=\"summary_large_image\" \/>\n<meta name=\"twitter:site\" content=\"@ccpe\" \/>\n<meta name=\"twitter:label1\" content=\"Tiempo de lectura\" \/>\n\t<meta name=\"twitter:data1\" content=\"2 minutos\" \/>\n<script type=\"application\/ld+json\" class=\"yoast-schema-graph\">{\"@context\":\"https:\/\/schema.org\",\"@graph\":[{\"@type\":\"WebPage\",\"@id\":\"https:\/\/ccpe.org.ar\/web\/actividades\/convocatoria-madrid-grafica-2019-ciudades-sostenibles\/\",\"url\":\"https:\/\/ccpe.org.ar\/web\/actividades\/convocatoria-madrid-grafica-2019-ciudades-sostenibles\/\",\"name\":\"Convocatoria. Madrid Gr\u00e1fica 2019. Ciudades sostenibles - Centro Cultural Parque de Espa\u00f1a\/AECID\",\"isPartOf\":{\"@id\":\"https:\/\/ccpe.org.ar\/web\/#website\"},\"primaryImageOfPage\":{\"@id\":\"https:\/\/ccpe.org.ar\/web\/actividades\/convocatoria-madrid-grafica-2019-ciudades-sostenibles\/#primaryimage\"},\"image\":{\"@id\":\"https:\/\/ccpe.org.ar\/web\/actividades\/convocatoria-madrid-grafica-2019-ciudades-sostenibles\/#primaryimage\"},\"thumbnailUrl\":\"https:\/\/ccpe.org.ar\/web\/wp-content\/uploads\/2019\/08\/b_ciudades-.jpg\",\"datePublished\":\"2019-08-08T13:08:35+00:00\",\"dateModified\":\"2019-08-22T13:25:24+00:00\",\"breadcrumb\":{\"@id\":\"https:\/\/ccpe.org.ar\/web\/actividades\/convocatoria-madrid-grafica-2019-ciudades-sostenibles\/#breadcrumb\"},\"inLanguage\":\"es\",\"potentialAction\":[{\"@type\":\"ReadAction\",\"target\":[\"https:\/\/ccpe.org.ar\/web\/actividades\/convocatoria-madrid-grafica-2019-ciudades-sostenibles\/\"]}]},{\"@type\":\"ImageObject\",\"inLanguage\":\"es\",\"@id\":\"https:\/\/ccpe.org.ar\/web\/actividades\/convocatoria-madrid-grafica-2019-ciudades-sostenibles\/#primaryimage\",\"url\":\"https:\/\/ccpe.org.ar\/web\/wp-content\/uploads\/2019\/08\/b_ciudades-.jpg\",\"contentUrl\":\"https:\/\/ccpe.org.ar\/web\/wp-content\/uploads\/2019\/08\/b_ciudades-.jpg\",\"width\":1080,\"height\":600},{\"@type\":\"BreadcrumbList\",\"@id\":\"https:\/\/ccpe.org.ar\/web\/actividades\/convocatoria-madrid-grafica-2019-ciudades-sostenibles\/#breadcrumb\",\"itemListElement\":[{\"@type\":\"ListItem\",\"position\":1,\"name\":\"Portada\",\"item\":\"https:\/\/ccpe.org.ar\/web\/\"},{\"@type\":\"ListItem\",\"position\":2,\"name\":\"Convocatoria. Madrid Gr\u00e1fica 2019. Ciudades sostenibles\"}]},{\"@type\":\"WebSite\",\"@id\":\"https:\/\/ccpe.org.ar\/web\/#website\",\"url\":\"https:\/\/ccpe.org.ar\/web\/\",\"name\":\"Centro Cultural Parque de Espa\u00f1a\/AECID\",\"description\":\"Sitio web del Centro Cultural Parque de Espa\u00f1a\/AECID\",\"potentialAction\":[{\"@type\":\"SearchAction\",\"target\":{\"@type\":\"EntryPoint\",\"urlTemplate\":\"https:\/\/ccpe.org.ar\/web\/?s={search_term_string}\"},\"query-input\":{\"@type\":\"PropertyValueSpecification\",\"valueRequired\":true,\"valueName\":\"search_term_string\"}}],\"inLanguage\":\"es\"}]}<\/script>\n<!-- \/ Yoast SEO plugin. -->","yoast_head_json":{"title":"Convocatoria. Madrid Gr\u00e1fica 2019. Ciudades sostenibles - Centro Cultural Parque de Espa\u00f1a\/AECID","robots":{"index":"index","follow":"follow","max-snippet":"max-snippet:-1","max-image-preview":"max-image-preview:large","max-video-preview":"max-video-preview:-1"},"canonical":"https:\/\/ccpe.org.ar\/web\/actividades\/convocatoria-madrid-grafica-2019-ciudades-sostenibles\/","og_locale":"es_ES","og_type":"article","og_title":"Convocatoria. Madrid Gr\u00e1fica 2019. Ciudades sostenibles - Centro Cultural Parque de Espa\u00f1a\/AECID","og_description":"Cada participante podr\u00e1 presentar un \u00fanico cartel con el lema \u201cCiudades Sostenibles\u201d figurando en el idioma elegido por el participante.","og_url":"https:\/\/ccpe.org.ar\/web\/actividades\/convocatoria-madrid-grafica-2019-ciudades-sostenibles\/","og_site_name":"Centro Cultural Parque de Espa\u00f1a\/AECID","article_publisher":"https:\/\/www.facebook.com\/CCPErosario\/","article_modified_time":"2019-08-22T13:25:24+00:00","og_image":[{"width":1080,"height":600,"url":"https:\/\/ccpe.org.ar\/web\/wp-content\/uploads\/2019\/08\/b_ciudades-.jpg","type":"image\/jpeg"}],"twitter_card":"summary_large_image","twitter_site":"@ccpe","twitter_misc":{"Tiempo de lectura":"2 minutos"},"schema":{"@context":"https:\/\/schema.org","@graph":[{"@type":"WebPage","@id":"https:\/\/ccpe.org.ar\/web\/actividades\/convocatoria-madrid-grafica-2019-ciudades-sostenibles\/","url":"https:\/\/ccpe.org.ar\/web\/actividades\/convocatoria-madrid-grafica-2019-ciudades-sostenibles\/","name":"Convocatoria. Madrid Gr\u00e1fica 2019. Ciudades sostenibles - Centro Cultural Parque de Espa\u00f1a\/AECID","isPartOf":{"@id":"https:\/\/ccpe.org.ar\/web\/#website"},"primaryImageOfPage":{"@id":"https:\/\/ccpe.org.ar\/web\/actividades\/convocatoria-madrid-grafica-2019-ciudades-sostenibles\/#primaryimage"},"image":{"@id":"https:\/\/ccpe.org.ar\/web\/actividades\/convocatoria-madrid-grafica-2019-ciudades-sostenibles\/#primaryimage"},"thumbnailUrl":"https:\/\/ccpe.org.ar\/web\/wp-content\/uploads\/2019\/08\/b_ciudades-.jpg","datePublished":"2019-08-08T13:08:35+00:00","dateModified":"2019-08-22T13:25:24+00:00","breadcrumb":{"@id":"https:\/\/ccpe.org.ar\/web\/actividades\/convocatoria-madrid-grafica-2019-ciudades-sostenibles\/#breadcrumb"},"inLanguage":"es","potentialAction":[{"@type":"ReadAction","target":["https:\/\/ccpe.org.ar\/web\/actividades\/convocatoria-madrid-grafica-2019-ciudades-sostenibles\/"]}]},{"@type":"ImageObject","inLanguage":"es","@id":"https:\/\/ccpe.org.ar\/web\/actividades\/convocatoria-madrid-grafica-2019-ciudades-sostenibles\/#primaryimage","url":"https:\/\/ccpe.org.ar\/web\/wp-content\/uploads\/2019\/08\/b_ciudades-.jpg","contentUrl":"https:\/\/ccpe.org.ar\/web\/wp-content\/uploads\/2019\/08\/b_ciudades-.jpg","width":1080,"height":600},{"@type":"BreadcrumbList","@id":"https:\/\/ccpe.org.ar\/web\/actividades\/convocatoria-madrid-grafica-2019-ciudades-sostenibles\/#breadcrumb","itemListElement":[{"@type":"ListItem","position":1,"name":"Portada","item":"https:\/\/ccpe.org.ar\/web\/"},{"@type":"ListItem","position":2,"name":"Convocatoria. Madrid Gr\u00e1fica 2019. Ciudades sostenibles"}]},{"@type":"WebSite","@id":"https:\/\/ccpe.org.ar\/web\/#website","url":"https:\/\/ccpe.org.ar\/web\/","name":"Centro Cultural Parque de Espa\u00f1a\/AECID","description":"Sitio web del Centro Cultural Parque de Espa\u00f1a\/AECID","potentialAction":[{"@type":"SearchAction","target":{"@type":"EntryPoint","urlTemplate":"https:\/\/ccpe.org.ar\/web\/?s={search_term_string}"},"query-input":{"@type":"PropertyValueSpecification","valueRequired":true,"valueName":"search_term_string"}}],"inLanguage":"es"}]}},"_links":{"self":[{"href":"https:\/\/ccpe.org.ar\/web\/wp-json\/wp\/v2\/mec-events\/885"}],"collection":[{"href":"https:\/\/ccpe.org.ar\/web\/wp-json\/wp\/v2\/mec-events"}],"about":[{"href":"https:\/\/ccpe.org.ar\/web\/wp-json\/wp\/v2\/types\/mec-events"}],"author":[{"embeddable":true,"href":"https:\/\/ccpe.org.ar\/web\/wp-json\/wp\/v2\/users\/2"}],"replies":[{"embeddable":true,"href":"https:\/\/ccpe.org.ar\/web\/wp-json\/wp\/v2\/comments?post=885"}],"wp:featuredmedia":[{"embeddable":true,"href":"https:\/\/ccpe.org.ar\/web\/wp-json\/wp\/v2\/media\/886"}],"wp:attachment":[{"href":"https:\/\/ccpe.org.ar\/web\/wp-json\/wp\/v2\/media?parent=885"}],"wp:term":[{"taxonomy":"post_tag","embeddable":true,"href":"https:\/\/ccpe.org.ar\/web\/wp-json\/wp\/v2\/tags?post=885"},{"taxonomy":"mec_category","embeddable":true,"href":"https:\/\/ccpe.org.ar\/web\/wp-json\/wp\/v2\/mec_category?post=885"}],"curies":[{"name":"wp","href":"https:\/\/api.w.org\/{rel}","templated":true}]}}