{"id":15,"date":"2019-04-03T20:55:19","date_gmt":"2019-04-03T20:55:19","guid":{"rendered":"http:\/\/ccpe.org.ar\/web\/?page_id=15"},"modified":"2026-03-24T19:01:39","modified_gmt":"2026-03-24T22:01:39","slug":"conocenos","status":"publish","type":"page","link":"https:\/\/ccpe.org.ar\/web\/conocenos\/","title":{"rendered":"Conocenos"},"content":{"rendered":"<p>[et_pb_section fb_built=\u00bb1&#8243; _builder_version=\u00bb3.22&#8243; custom_padding=\u00bb0|0px|3px|0px|false|false\u00bb][et_pb_row _builder_version=\u00bb3.25&#8243; custom_padding=\u00bb1px|0px|0|0px|false|false\u00bb][et_pb_column type=\u00bb4_4&#8243; _builder_version=\u00bb3.25&#8243; custom_padding=\u00bb|||\u00bb custom_padding__hover=\u00bb|||\u00bb][et_pb_text _builder_version=\u00bb3.27.4&#8243; text_font=\u00bb||||||||\u00bb text_text_color=\u00bb#000000&#8243; header_font=\u00bb|700||on|||||\u00bb header_font_size=\u00bb50px\u00bb header_font_size_tablet=\u00bb\u00bb header_font_size_phone=\u00bb38px\u00bb header_font_size_last_edited=\u00bbon|tablet\u00bb]<\/p>\n<h1 style=\"text-align: left;\">CONOCENOS<\/h1>\n<p>[\/et_pb_text][\/et_pb_column][\/et_pb_row][\/et_pb_section][et_pb_section fb_built=\u00bb1&#8243; fullwidth=\u00bbon\u00bb _builder_version=\u00bb3.22&#8243; background_image=\u00bbhttps:\/\/ccpe.org.ar\/web\/wp-content\/uploads\/2019\/07\/aereaccpe.jpeg\u00bb parallax=\u00bbon\u00bb parallax_method=\u00bboff\u00bb custom_padding=\u00bb0|0px|265px|0px|false|false\u00bb][et_pb_fullwidth_image _builder_version=\u00bb3.11&#8243;][\/et_pb_fullwidth_image][\/et_pb_section][et_pb_section fb_built=\u00bb1&#8243; _builder_version=\u00bb3.22&#8243; custom_padding=\u00bb36px|0px|27px|0px|false|false\u00bb][et_pb_row _builder_version=\u00bb3.25&#8243; custom_padding=\u00bb0|0px|0|0px|false|false\u00bb][et_pb_column type=\u00bb4_4&#8243; _builder_version=\u00bb3.25&#8243; custom_padding=\u00bb|||\u00bb custom_padding__hover=\u00bb|||\u00bb][et_pb_code _builder_version=\u00bb4.4.9&#8243;]<iframe loading=\"lazy\" width=\"560\" height=\"315\" src=\"https:\/\/www.youtube.com\/embed\/jxylvqO2rJM\" title=\"YouTube video player\" frameborder=\"0\" allow=\"accelerometer; autoplay; clipboard-write; encrypted-media; gyroscope; picture-in-picture\" allowfullscreen><\/iframe>[\/et_pb_code][et_pb_text _builder_version=\u00bb3.27.4&#8243; text_font=\u00bb||||||||\u00bb text_text_color=\u00bb#000000&#8243; text_font_size=\u00bb18px\u00bb text_font_size_tablet=\u00bb\u00bb text_font_size_phone=\u00bb\u00bb text_font_size_last_edited=\u00bbon|phone\u00bb]<\/p>\n<p><span style=\"font-size: 18px;\">Ubicado en la franja de mayor movimiento de la ciudad, en un entorno privilegiado, junto al r\u00edo pero a metros del casco hist\u00f3rico de Rosario, el Centro Cultural Parque de Espa\u00f1a es un referente de la cultura contempor\u00e1nea, un espacio abierto al di\u00e1logo internacional a trav\u00e9s del arte, el pensamiento y la participaci\u00f3n ciudadana.<\/span><\/p>\n<p>Hito fundamental en la concreci\u00f3n de la transformaci\u00f3n urbana de la costa central, desde 1993 el CCPE acompa\u00f1a el crecimiento de la ciudad con una nutrida y variada agenda de acciones culturales entre las que se cuentan exposiciones, festivales, congresos, ferias, talleres y actividades de extensi\u00f3n y trayectos de formaci\u00f3n.<\/p>\n<p>\u00a0A trav\u00e9s de m\u00faltiples lenguajes y formatos, contribuye a potenciar la acci\u00f3n cultural de gesti\u00f3n independiente, a visibilizar el trabajo de colectivos y organizaciones emergentes, a propiciar el encuentro entre creadores y p\u00fablico, as\u00ed como apoyar el desarrollo de proyectos colaborativos junto a otras instituciones locales, nacionales e internacionales.<\/p>\n<p>Su excepcional espacialidad -dise\u00f1ada por el arquitecto catal\u00e1n Oriol Bohigas-, propicia el encuentro plural y diverso, brindando \u00e1mbitos vers\u00e1tiles aptos para el desarrollo de las m\u00e1s variadas experiencias.<\/p>\n<p>En el \u00e1mbito local consolida una posici\u00f3n decisiva como agente cultural activo del Plan Estrat\u00e9gico Rosario 2030, as\u00ed como actor de la Cooperaci\u00f3n Cultural Espa\u00f1ola, potenciando el posicionamiento de la ciudad como metr\u00f3poli moderna, territorialmente integrada y socialmente inclusiva, sustentada en la cultura, la innovaci\u00f3n y las industrias creativas.<\/p>\n<p>Como la primera y \u00fanica experiencia de cooperaci\u00f3n cultural internacional sostenida en la ciudad, el CCPE articula las pol\u00edticas culturales de la ciudad con la Estrategia C+D de la Cooperaci\u00f3n Espa\u00f1ola, ubicando su accionar en el marco de la Agenda 2030 para el Desarrollo Sostenible.<\/p>\n<p>Por ser una instituci\u00f3n de car\u00e1cter mixto tiene como misi\u00f3n fortalecer la acci\u00f3n cultural como factor para el desarrollo, apoyar la acci\u00f3n cultural espa\u00f1ola en el exterior, as\u00ed como, potenciar la agenda cultural de la ciudad junto a otras organizaciones p\u00fablicas y privadas rosarinas, dando cabida y asistiendo en la instalaci\u00f3n y fortalecimiento del talento local a trav\u00e9s de la profesionalizaci\u00f3n del sector.<\/p>\n<p>&nbsp;<\/p>\n<p>[\/et_pb_text][\/et_pb_column][\/et_pb_row][\/et_pb_section][et_pb_section fb_built=\u00bb1&#8243; disabled_on=\u00bboff|off|off\u00bb _builder_version=\u00bb3.22&#8243; custom_padding=\u00bb0|0px|54px|0|false|false\u00bb][et_pb_row _builder_version=\u00bb3.25&#8243; custom_padding=\u00bb0|0px|0|0px|false|false\u00bb][et_pb_column type=\u00bb4_4&#8243; _builder_version=\u00bb3.25&#8243; custom_padding=\u00bb|||\u00bb custom_padding__hover=\u00bb|||\u00bb][et_pb_text _builder_version=\u00bb3.27.4&#8243; text_font=\u00bb||||||||\u00bb header_font=\u00bb|700|||||||\u00bb header_font_size=\u00bb50px\u00bb header_line_height=\u00bb0em\u00bb]<\/p>\n<h1 style=\"text-align: left;\">ESPACIOS<\/h1>\n<p>[\/et_pb_text][\/et_pb_column][\/et_pb_row][et_pb_row _builder_version=\u00bb3.25&#8243; custom_padding=\u00bb0|0px|0|0px|false|false\u00bb][et_pb_column type=\u00bb4_4&#8243; _builder_version=\u00bb3.25&#8243; custom_padding=\u00bb|||\u00bb custom_padding__hover=\u00bb|||\u00bb][et_pb_text _builder_version=\u00bb3.27.4&#8243; text_font=\u00bb||||||||\u00bb header_font=\u00bb||||||||\u00bb header_2_font=\u00bb|||on|||||\u00bb header_2_font_size=\u00bb46px\u00bb custom_margin=\u00bb||5px|\u00bb]<\/p>\n<h2>Galer\u00edas<\/h2>\n<p>[\/et_pb_text][\/et_pb_column][\/et_pb_row][et_pb_row column_structure=\u00bb3_4,1_4&#8243; _builder_version=\u00bb3.25&#8243; custom_padding=\u00bb0|0px|27px|0px|false|false\u00bb][et_pb_column type=\u00bb3_4&#8243; _builder_version=\u00bb3.25&#8243; custom_padding=\u00bb|||\u00bb custom_padding__hover=\u00bb|||\u00bb][et_pb_image src=\u00bbhttps:\/\/ccpe.org.ar\/web\/wp-content\/uploads\/2019\/07\/1galerias.jpeg\u00bb _builder_version=\u00bb3.23&#8243; max_width=\u00bb95%\u00bb always_center_on_mobile=\u00bboff\u00bb][\/et_pb_image][et_pb_text _builder_version=\u00bb3.27.4&#8243; text_font=\u00bb||||||||\u00bb text_font_size=\u00bb18px\u00bb]Espacio expositivo que cuenta con 180 metros lineales y m\u00e1s de 500 metros cuadrados de superficie dispuestos en tres t\u00faneles interconectados.[\/et_pb_text][\/et_pb_column][et_pb_column type=\u00bb1_4&#8243; _builder_version=\u00bb3.25&#8243; custom_padding=\u00bb|||\u00bb custom_padding__hover=\u00bb|||\u00bb][\/et_pb_column][\/et_pb_row][et_pb_row _builder_version=\u00bb3.25&#8243; custom_padding=\u00bb0|0px|0|0px|false|false\u00bb][et_pb_column type=\u00bb4_4&#8243; _builder_version=\u00bb3.25&#8243; custom_padding=\u00bb|||\u00bb custom_padding__hover=\u00bb|||\u00bb][et_pb_text _builder_version=\u00bb3.27.4&#8243; text_font=\u00bb||||||||\u00bb header_font=\u00bb||||||||\u00bb header_2_font=\u00bb|||on|||||\u00bb header_2_font_size=\u00bb46px\u00bb custom_margin=\u00bb||5px|\u00bb]<\/p>\n<h2>T\u00fanel 4<\/h2>\n<p>[\/et_pb_text][\/et_pb_column][\/et_pb_row][et_pb_row column_structure=\u00bb3_4,1_4&#8243; _builder_version=\u00bb3.25&#8243; custom_padding=\u00bb0|0px|27px|0px|false|false\u00bb][et_pb_column type=\u00bb3_4&#8243; _builder_version=\u00bb3.25&#8243; custom_padding=\u00bb|||\u00bb custom_padding__hover=\u00bb|||\u00bb][et_pb_image src=\u00bbhttps:\/\/ccpe.org.ar\/web\/wp-content\/uploads\/2019\/07\/2tunel4.jpeg\u00bb _builder_version=\u00bb3.23&#8243; max_width=\u00bb95%\u00bb always_center_on_mobile=\u00bboff\u00bb][\/et_pb_image][et_pb_text _builder_version=\u00bb3.27.4&#8243; text_font=\u00bb||||||||\u00bb text_font_size=\u00bb18px\u00bb]Sala equipada con 133 butacas apta para desarrollar conferencias, espect\u00e1culos de m\u00fasica y teatro de peque\u00f1o formato y proyecciones.[\/et_pb_text][\/et_pb_column][et_pb_column type=\u00bb1_4&#8243; _builder_version=\u00bb3.25&#8243; custom_padding=\u00bb|||\u00bb custom_padding__hover=\u00bb|||\u00bb][\/et_pb_column][\/et_pb_row][et_pb_row _builder_version=\u00bb3.25&#8243; custom_padding=\u00bb27px|0px|0|0px|false|false\u00bb][et_pb_column type=\u00bb4_4&#8243; _builder_version=\u00bb3.25&#8243; custom_padding=\u00bb|||\u00bb custom_padding__hover=\u00bb|||\u00bb][et_pb_text _builder_version=\u00bb3.27.4&#8243; text_font=\u00bb||||||||\u00bb header_font=\u00bb||||||||\u00bb header_2_font=\u00bb|||on|||||\u00bb header_2_font_size=\u00bb46px\u00bb custom_margin=\u00bb||5px|\u00bb]<\/p>\n<h2>Mediateca<\/h2>\n<p>[\/et_pb_text][\/et_pb_column][\/et_pb_row][et_pb_row column_structure=\u00bb3_4,1_4&#8243; _builder_version=\u00bb3.25&#8243; custom_padding=\u00bb0|0px|27px|0px|false|false\u00bb][et_pb_column type=\u00bb3_4&#8243; _builder_version=\u00bb3.25&#8243; custom_padding=\u00bb|||\u00bb custom_padding__hover=\u00bb|||\u00bb][et_pb_image src=\u00bbhttps:\/\/ccpe.org.ar\/web\/wp-content\/uploads\/2019\/07\/3mediateca.jpeg\u00bb _builder_version=\u00bb3.23&#8243; max_width=\u00bb95%\u00bb always_center_on_mobile=\u00bboff\u00bb][\/et_pb_image][et_pb_text _builder_version=\u00bb3.27.4&#8243; text_font=\u00bb||||||||\u00bb text_font_size=\u00bb18px\u00bb]Espacio multimedia que aloja un rico y singular archivo bibliogr\u00e1fico, cinematogr\u00e1fico y sonoro, equipado con mobiliario modular que permite la realizaci\u00f3n de charlas y talleres para hasta 30 personas.[\/et_pb_text][\/et_pb_column][et_pb_column type=\u00bb1_4&#8243; _builder_version=\u00bb3.25&#8243; custom_padding=\u00bb|||\u00bb custom_padding__hover=\u00bb|||\u00bb][\/et_pb_column][\/et_pb_row][et_pb_row _builder_version=\u00bb3.25&#8243; custom_padding=\u00bb27px|0px|0|0px|false|false\u00bb collapsed=\u00bboff\u00bb][et_pb_column type=\u00bb4_4&#8243; _builder_version=\u00bb3.25&#8243; custom_padding=\u00bb|||\u00bb custom_padding__hover=\u00bb|||\u00bb][et_pb_text _builder_version=\u00bb3.27.4&#8243; text_font=\u00bb||||||||\u00bb header_font=\u00bb||||||||\u00bb header_2_font=\u00bb|||on|||||\u00bb header_2_font_size=\u00bb46px\u00bb custom_margin=\u00bb||5px|\u00bb]<\/p>\n<h2>Teatro<\/h2>\n<p>[\/et_pb_text][\/et_pb_column][\/et_pb_row][et_pb_row column_structure=\u00bb3_4,1_4&#8243; _builder_version=\u00bb3.25&#8243; custom_padding=\u00bb0|0px|27px|0px|false|false\u00bb][et_pb_column type=\u00bb3_4&#8243; _builder_version=\u00bb3.25&#8243; custom_padding=\u00bb|||\u00bb custom_padding__hover=\u00bb|||\u00bb][et_pb_image src=\u00bbhttps:\/\/ccpe.org.ar\/web\/wp-content\/uploads\/2019\/07\/4teatro.jpeg\u00bb _builder_version=\u00bb3.23&#8243; max_width=\u00bb95%\u00bb always_center_on_mobile=\u00bboff\u00bb][\/et_pb_image][et_pb_text _builder_version=\u00bb3.27.4&#8243; text_font=\u00bb||||||||\u00bb text_font_size=\u00bb18px\u00bb]Con un aforo para 518 personas el auditorio cuenta con moderno equipamiento y un innovador sistema de paneler\u00eda ac\u00fastica que permite ajustar la reverberancia de la sala en funci\u00f3n del tipo de espect\u00e1culo.[\/et_pb_text][\/et_pb_column][et_pb_column type=\u00bb1_4&#8243; _builder_version=\u00bb3.25&#8243; custom_padding=\u00bb|||\u00bb custom_padding__hover=\u00bb|||\u00bb][\/et_pb_column][\/et_pb_row][et_pb_row _builder_version=\u00bb3.25&#8243; custom_padding=\u00bb27px|0px|4px|0px|false|false\u00bb][et_pb_column type=\u00bb4_4&#8243; _builder_version=\u00bb3.25&#8243; custom_padding=\u00bb|||\u00bb custom_padding__hover=\u00bb|||\u00bb][et_pb_text _builder_version=\u00bb3.27.4&#8243; text_font=\u00bb||||||||\u00bb header_font=\u00bb||||||||\u00bb header_2_font=\u00bb|||on|||||\u00bb header_2_font_size=\u00bb46px\u00bb custom_margin=\u00bb||5px|\u00bb]<\/p>\n<h2>Anfiteatro<\/h2>\n<p>[\/et_pb_text][\/et_pb_column][\/et_pb_row][et_pb_row column_structure=\u00bb3_4,1_4&#8243; _builder_version=\u00bb3.25&#8243; custom_padding=\u00bb0|0px|27px|0px|false|false\u00bb][et_pb_column type=\u00bb3_4&#8243; _builder_version=\u00bb3.25&#8243; custom_padding=\u00bb|||\u00bb custom_padding__hover=\u00bb|||\u00bb][et_pb_image src=\u00bbhttps:\/\/ccpe.org.ar\/web\/wp-content\/uploads\/2019\/07\/5anfiteatro.jpeg\u00bb _builder_version=\u00bb3.23&#8243; max_width=\u00bb95%\u00bb always_center_on_mobile=\u00bboff\u00bb][\/et_pb_image][et_pb_text _builder_version=\u00bb3.27.4&#8243; text_font=\u00bb||||||||\u00bb text_font_size=\u00bb18px\u00bb]Con el r\u00edo Paran\u00e1 como tel\u00f3n de fondo, este magn\u00edfico foro a cielo abierto cuenta con una capacidad para 300 personas.[\/et_pb_text][\/et_pb_column][et_pb_column type=\u00bb1_4&#8243; _builder_version=\u00bb3.25&#8243; custom_padding=\u00bb|||\u00bb custom_padding__hover=\u00bb|||\u00bb][\/et_pb_column][\/et_pb_row][et_pb_row _builder_version=\u00bb3.25&#8243; custom_padding=\u00bb27px|0px|0|0px|false|false\u00bb][et_pb_column type=\u00bb4_4&#8243; _builder_version=\u00bb3.25&#8243; custom_padding=\u00bb|||\u00bb custom_padding__hover=\u00bb|||\u00bb][et_pb_text _builder_version=\u00bb3.27.4&#8243; text_font=\u00bb||||||||\u00bb header_font=\u00bb||||||||\u00bb header_2_font=\u00bb|||on|||||\u00bb header_2_font_size=\u00bb46px\u00bb custom_margin=\u00bb||5px|\u00bb]<\/p>\n<h2>Patio de los Cipreses<\/h2>\n<p>[\/et_pb_text][\/et_pb_column][\/et_pb_row][et_pb_row column_structure=\u00bb3_4,1_4&#8243; _builder_version=\u00bb3.25&#8243; custom_padding=\u00bb0|0px|27px|0px|false|false\u00bb][et_pb_column type=\u00bb3_4&#8243; _builder_version=\u00bb3.25&#8243; custom_padding=\u00bb|||\u00bb custom_padding__hover=\u00bb|||\u00bb][et_pb_image src=\u00bbhttps:\/\/ccpe.org.ar\/web\/wp-content\/uploads\/2019\/07\/6patiocipreses.jpeg\u00bb _builder_version=\u00bb3.23&#8243; max_width=\u00bb95%\u00bb always_center_on_mobile=\u00bboff\u00bb][\/et_pb_image][et_pb_text _builder_version=\u00bb3.27.4&#8243; text_font=\u00bb||||||||\u00bb text_font_size=\u00bb18px\u00bb]Un c\u00e1lido espacio al aire libre que permite la realizaci\u00f3n de una variedad de actividades, desde conciertos a eventos gastron\u00f3micos.[\/et_pb_text][\/et_pb_column][et_pb_column type=\u00bb1_4&#8243; _builder_version=\u00bb3.25&#8243; custom_padding=\u00bb|||\u00bb custom_padding__hover=\u00bb|||\u00bb][\/et_pb_column][\/et_pb_row][et_pb_row _builder_version=\u00bb3.25&#8243;][et_pb_column type=\u00bb4_4&#8243; _builder_version=\u00bb3.25&#8243; custom_padding=\u00bb|||\u00bb custom_padding__hover=\u00bb|||\u00bb][et_pb_text _builder_version=\u00bb3.27.4&#8243; text_font=\u00bb||||||||\u00bb header_font=\u00bb||||||||\u00bb header_2_font=\u00bb|||on|||||\u00bb header_2_font_size=\u00bb46px\u00bb custom_margin=\u00bb||5px|\u00bb]<\/p>\n<h2>Escalinatas<\/h2>\n<p>[\/et_pb_text][\/et_pb_column][\/et_pb_row][et_pb_row column_structure=\u00bb3_4,1_4&#8243; _builder_version=\u00bb3.25&#8243; custom_padding=\u00bb0|0px|27px|0px|false|false\u00bb][et_pb_column type=\u00bb3_4&#8243; _builder_version=\u00bb3.25&#8243; custom_padding=\u00bb|||\u00bb custom_padding__hover=\u00bb|||\u00bb][et_pb_image src=\u00bbhttps:\/\/ccpe.org.ar\/web\/wp-content\/uploads\/2019\/07\/7escalinatas.jpeg\u00bb _builder_version=\u00bb3.23&#8243; max_width=\u00bb95%\u00bb always_center_on_mobile=\u00bboff\u00bb][\/et_pb_image][et_pb_text _builder_version=\u00bb3.27.4&#8243; text_font=\u00bb||||||||\u00bb text_font_size=\u00bb18px\u00bb]Con una capacidad de hasta 5000 personas sentadas este espacio abierto alberga espect\u00e1culos de gan escala.[\/et_pb_text][\/et_pb_column][et_pb_column type=\u00bb1_4&#8243; _builder_version=\u00bb3.25&#8243; custom_padding=\u00bb|||\u00bb custom_padding__hover=\u00bb|||\u00bb][\/et_pb_column][\/et_pb_row][et_pb_row _builder_version=\u00bb3.25&#8243; custom_padding=\u00bb27px|0px|0|0px|false|false\u00bb][et_pb_column type=\u00bb4_4&#8243; _builder_version=\u00bb3.25&#8243; custom_padding=\u00bb|||\u00bb custom_padding__hover=\u00bb|||\u00bb][et_pb_text _builder_version=\u00bb3.27.4&#8243; text_font=\u00bb||||||||\u00bb header_font=\u00bb||||||||\u00bb header_2_font=\u00bb|||on|||||\u00bb header_2_font_size=\u00bb46px\u00bb custom_margin=\u00bb||5px|\u00bb]<\/p>\n<h2>Explanada<\/h2>\n<p>[\/et_pb_text][\/et_pb_column][\/et_pb_row][et_pb_row column_structure=\u00bb3_4,1_4&#8243; _builder_version=\u00bb3.25&#8243; custom_padding=\u00bb0|0px|27px|0px|false|false\u00bb][et_pb_column type=\u00bb3_4&#8243; _builder_version=\u00bb3.25&#8243; custom_padding=\u00bb|||\u00bb custom_padding__hover=\u00bb|||\u00bb][et_pb_image src=\u00bbhttps:\/\/ccpe.org.ar\/web\/wp-content\/uploads\/2019\/07\/8explanada.jpeg\u00bb _builder_version=\u00bb3.23&#8243; max_width=\u00bb95%\u00bb always_center_on_mobile=\u00bboff\u00bb][\/et_pb_image][et_pb_text _builder_version=\u00bb3.27.4&#8243; text_font=\u00bb||||||||\u00bb text_font_size=\u00bb18px\u00bb]Fant\u00e1stico balc\u00f3n al r\u00edo con capacidad para 3000 personas.[\/et_pb_text][\/et_pb_column][et_pb_column type=\u00bb1_4&#8243; _builder_version=\u00bb3.25&#8243; custom_padding=\u00bb|||\u00bb custom_padding__hover=\u00bb|||\u00bb][\/et_pb_column][\/et_pb_row][\/et_pb_section]<\/p>\n","protected":false},"excerpt":{"rendered":"<p>[et_pb_section fb_built=\u00bb1&#8243; _builder_version=\u00bb3.22&#8243; custom_padding=\u00bb0|0px|3px|0px|false|false\u00bb][et_pb_row _builder_version=\u00bb3.25&#8243; custom_padding=\u00bb1px|0px|0|0px|false|false\u00bb][et_pb_column type=\u00bb4_4&#8243; _builder_version=\u00bb3.25&#8243; custom_padding=\u00bb|||\u00bb custom_padding__hover=\u00bb|||\u00bb][et_pb_text _builder_version=\u00bb3.27.4&#8243; text_font=\u00bb||||||||\u00bb text_text_color=\u00bb#000000&#8243; header_font=\u00bb|700||on|||||\u00bb header_font_size=\u00bb50px\u00bb header_font_size_tablet=\u00bb\u00bb header_font_size_phone=\u00bb38px\u00bb header_font_size_last_edited=\u00bbon|tablet\u00bb] CONOCENOS [\/et_pb_text][\/et_pb_column][\/et_pb_row][\/et_pb_section][et_pb_section fb_built=\u00bb1&#8243; fullwidth=\u00bbon\u00bb _builder_version=\u00bb3.22&#8243; background_image=\u00bbhttps:\/\/ccpe.org.ar\/web\/wp-content\/uploads\/2019\/07\/aereaccpe.jpeg\u00bb parallax=\u00bbon\u00bb parallax_method=\u00bboff\u00bb custom_padding=\u00bb0|0px|265px|0px|false|false\u00bb][et_pb_fullwidth_image _builder_version=\u00bb3.11&#8243;][\/et_pb_fullwidth_image][\/et_pb_section][et_pb_section fb_built=\u00bb1&#8243; _builder_version=\u00bb3.22&#8243; custom_padding=\u00bb36px|0px|27px|0px|false|false\u00bb][et_pb_row _builder_version=\u00bb3.25&#8243; custom_padding=\u00bb0|0px|0|0px|false|false\u00bb][et_pb_column type=\u00bb4_4&#8243; _builder_version=\u00bb3.25&#8243; custom_padding=\u00bb|||\u00bb custom_padding__hover=\u00bb|||\u00bb][et_pb_code _builder_version=\u00bb4.4.9&#8243;][\/et_pb_code][et_pb_text _builder_version=\u00bb3.27.4&#8243; text_font=\u00bb||||||||\u00bb text_text_color=\u00bb#000000&#8243; text_font_size=\u00bb18px\u00bb text_font_size_tablet=\u00bb\u00bb text_font_size_phone=\u00bb\u00bb text_font_size_last_edited=\u00bbon|phone\u00bb] Ubicado en la franja de mayor movimiento de la ciudad, [&hellip;]<\/p>\n","protected":false},"author":1,"featured_media":0,"parent":0,"menu_order":0,"comment_status":"closed","ping_status":"closed","template":"","meta":{"_et_pb_use_builder":"on","_et_pb_old_content":"","_et_gb_content_width":"","_exactmetrics_skip_tracking":false,"_exactmetrics_sitenote_active":false,"_exactmetrics_sitenote_note":"","_exactmetrics_sitenote_category":0,"footnotes":""},"yoast_head":"<!-- This site is optimized with the Yoast SEO plugin v23.5 - https:\/\/yoast.com\/wordpress\/plugins\/seo\/ -->\n<title>Conocenos - Centro Cultural Parque de Espa\u00f1a\/AECID<\/title>\n<meta name=\"robots\" content=\"index, follow, max-snippet:-1, max-image-preview:large, max-video-preview:-1\" \/>\n<link rel=\"canonical\" href=\"https:\/\/ccpe.org.ar\/web\/conocenos\/\" \/>\n<meta property=\"og:locale\" content=\"es_ES\" \/>\n<meta property=\"og:type\" content=\"article\" \/>\n<meta property=\"og:title\" content=\"Conocenos - Centro Cultural Parque de Espa\u00f1a\/AECID\" \/>\n<meta property=\"og:description\" content=\"[et_pb_section fb_built=\u00bb1&#8243; _builder_version=\u00bb3.22&#8243; custom_padding=\u00bb0|0px|3px|0px|false|false\u00bb][et_pb_row _builder_version=\u00bb3.25&#8243; custom_padding=\u00bb1px|0px|0|0px|false|false\u00bb][et_pb_column type=\u00bb4_4&#8243; _builder_version=\u00bb3.25&#8243; custom_padding=\u00bb|||\u00bb custom_padding__hover=\u00bb|||\u00bb][et_pb_text _builder_version=\u00bb3.27.4&#8243; text_font=\u00bb||||||||\u00bb text_text_color=\u00bb#000000&#8243; header_font=\u00bb|700||on|||||\u00bb header_font_size=\u00bb50px\u00bb header_font_size_tablet=\u00bb\u00bb header_font_size_phone=\u00bb38px\u00bb header_font_size_last_edited=\u00bbon|tablet\u00bb] CONOCENOS [\/et_pb_text][\/et_pb_column][\/et_pb_row][\/et_pb_section][et_pb_section fb_built=\u00bb1&#8243; fullwidth=\u00bbon\u00bb _builder_version=\u00bb3.22&#8243; background_image=\u00bbhttps:\/\/ccpe.org.ar\/web\/wp-content\/uploads\/2019\/07\/aereaccpe.jpeg\u00bb parallax=\u00bbon\u00bb parallax_method=\u00bboff\u00bb custom_padding=\u00bb0|0px|265px|0px|false|false\u00bb][et_pb_fullwidth_image _builder_version=\u00bb3.11&#8243;][\/et_pb_fullwidth_image][\/et_pb_section][et_pb_section fb_built=\u00bb1&#8243; _builder_version=\u00bb3.22&#8243; custom_padding=\u00bb36px|0px|27px|0px|false|false\u00bb][et_pb_row _builder_version=\u00bb3.25&#8243; custom_padding=\u00bb0|0px|0|0px|false|false\u00bb][et_pb_column type=\u00bb4_4&#8243; _builder_version=\u00bb3.25&#8243; custom_padding=\u00bb|||\u00bb custom_padding__hover=\u00bb|||\u00bb][et_pb_code _builder_version=\u00bb4.4.9&#8243;][\/et_pb_code][et_pb_text _builder_version=\u00bb3.27.4&#8243; text_font=\u00bb||||||||\u00bb text_text_color=\u00bb#000000&#8243; text_font_size=\u00bb18px\u00bb text_font_size_tablet=\u00bb\u00bb text_font_size_phone=\u00bb\u00bb text_font_size_last_edited=\u00bbon|phone\u00bb] Ubicado en la franja de mayor movimiento de la ciudad, [&hellip;]\" \/>\n<meta property=\"og:url\" content=\"https:\/\/ccpe.org.ar\/web\/conocenos\/\" \/>\n<meta property=\"og:site_name\" content=\"Centro Cultural Parque de Espa\u00f1a\/AECID\" \/>\n<meta property=\"article:publisher\" content=\"https:\/\/www.facebook.com\/CCPErosario\/\" \/>\n<meta property=\"article:modified_time\" content=\"2026-03-24T22:01:39+00:00\" \/>\n<meta name=\"twitter:card\" content=\"summary_large_image\" \/>\n<meta name=\"twitter:site\" content=\"@ccpe\" \/>\n<meta name=\"twitter:label1\" content=\"Tiempo de lectura\" \/>\n\t<meta name=\"twitter:data1\" content=\"10 minutos\" \/>\n<script type=\"application\/ld+json\" class=\"yoast-schema-graph\">{\"@context\":\"https:\/\/schema.org\",\"@graph\":[{\"@type\":\"WebPage\",\"@id\":\"https:\/\/ccpe.org.ar\/web\/conocenos\/\",\"url\":\"https:\/\/ccpe.org.ar\/web\/conocenos\/\",\"name\":\"Conocenos - Centro Cultural Parque de Espa\u00f1a\/AECID\",\"isPartOf\":{\"@id\":\"https:\/\/ccpe.org.ar\/web\/#website\"},\"datePublished\":\"2019-04-03T20:55:19+00:00\",\"dateModified\":\"2026-03-24T22:01:39+00:00\",\"breadcrumb\":{\"@id\":\"https:\/\/ccpe.org.ar\/web\/conocenos\/#breadcrumb\"},\"inLanguage\":\"es\",\"potentialAction\":[{\"@type\":\"ReadAction\",\"target\":[\"https:\/\/ccpe.org.ar\/web\/conocenos\/\"]}]},{\"@type\":\"BreadcrumbList\",\"@id\":\"https:\/\/ccpe.org.ar\/web\/conocenos\/#breadcrumb\",\"itemListElement\":[{\"@type\":\"ListItem\",\"position\":1,\"name\":\"Portada\",\"item\":\"https:\/\/ccpe.org.ar\/web\/\"},{\"@type\":\"ListItem\",\"position\":2,\"name\":\"Conocenos\"}]},{\"@type\":\"WebSite\",\"@id\":\"https:\/\/ccpe.org.ar\/web\/#website\",\"url\":\"https:\/\/ccpe.org.ar\/web\/\",\"name\":\"Centro Cultural Parque de Espa\u00f1a\/AECID\",\"description\":\"Sitio web del Centro Cultural Parque de Espa\u00f1a\/AECID\",\"potentialAction\":[{\"@type\":\"SearchAction\",\"target\":{\"@type\":\"EntryPoint\",\"urlTemplate\":\"https:\/\/ccpe.org.ar\/web\/?s={search_term_string}\"},\"query-input\":{\"@type\":\"PropertyValueSpecification\",\"valueRequired\":true,\"valueName\":\"search_term_string\"}}],\"inLanguage\":\"es\"}]}<\/script>\n<!-- \/ Yoast SEO plugin. -->","yoast_head_json":{"title":"Conocenos - Centro Cultural Parque de Espa\u00f1a\/AECID","robots":{"index":"index","follow":"follow","max-snippet":"max-snippet:-1","max-image-preview":"max-image-preview:large","max-video-preview":"max-video-preview:-1"},"canonical":"https:\/\/ccpe.org.ar\/web\/conocenos\/","og_locale":"es_ES","og_type":"article","og_title":"Conocenos - Centro Cultural Parque de Espa\u00f1a\/AECID","og_description":"[et_pb_section fb_built=\u00bb1&#8243; _builder_version=\u00bb3.22&#8243; custom_padding=\u00bb0|0px|3px|0px|false|false\u00bb][et_pb_row _builder_version=\u00bb3.25&#8243; custom_padding=\u00bb1px|0px|0|0px|false|false\u00bb][et_pb_column type=\u00bb4_4&#8243; _builder_version=\u00bb3.25&#8243; custom_padding=\u00bb|||\u00bb custom_padding__hover=\u00bb|||\u00bb][et_pb_text _builder_version=\u00bb3.27.4&#8243; text_font=\u00bb||||||||\u00bb text_text_color=\u00bb#000000&#8243; header_font=\u00bb|700||on|||||\u00bb header_font_size=\u00bb50px\u00bb header_font_size_tablet=\u00bb\u00bb header_font_size_phone=\u00bb38px\u00bb header_font_size_last_edited=\u00bbon|tablet\u00bb] CONOCENOS [\/et_pb_text][\/et_pb_column][\/et_pb_row][\/et_pb_section][et_pb_section fb_built=\u00bb1&#8243; fullwidth=\u00bbon\u00bb _builder_version=\u00bb3.22&#8243; background_image=\u00bbhttps:\/\/ccpe.org.ar\/web\/wp-content\/uploads\/2019\/07\/aereaccpe.jpeg\u00bb parallax=\u00bbon\u00bb parallax_method=\u00bboff\u00bb custom_padding=\u00bb0|0px|265px|0px|false|false\u00bb][et_pb_fullwidth_image _builder_version=\u00bb3.11&#8243;][\/et_pb_fullwidth_image][\/et_pb_section][et_pb_section fb_built=\u00bb1&#8243; _builder_version=\u00bb3.22&#8243; custom_padding=\u00bb36px|0px|27px|0px|false|false\u00bb][et_pb_row _builder_version=\u00bb3.25&#8243; custom_padding=\u00bb0|0px|0|0px|false|false\u00bb][et_pb_column type=\u00bb4_4&#8243; _builder_version=\u00bb3.25&#8243; custom_padding=\u00bb|||\u00bb custom_padding__hover=\u00bb|||\u00bb][et_pb_code _builder_version=\u00bb4.4.9&#8243;][\/et_pb_code][et_pb_text _builder_version=\u00bb3.27.4&#8243; text_font=\u00bb||||||||\u00bb text_text_color=\u00bb#000000&#8243; text_font_size=\u00bb18px\u00bb text_font_size_tablet=\u00bb\u00bb text_font_size_phone=\u00bb\u00bb text_font_size_last_edited=\u00bbon|phone\u00bb] Ubicado en la franja de mayor movimiento de la ciudad, [&hellip;]","og_url":"https:\/\/ccpe.org.ar\/web\/conocenos\/","og_site_name":"Centro Cultural Parque de Espa\u00f1a\/AECID","article_publisher":"https:\/\/www.facebook.com\/CCPErosario\/","article_modified_time":"2026-03-24T22:01:39+00:00","twitter_card":"summary_large_image","twitter_site":"@ccpe","twitter_misc":{"Tiempo de lectura":"10 minutos"},"schema":{"@context":"https:\/\/schema.org","@graph":[{"@type":"WebPage","@id":"https:\/\/ccpe.org.ar\/web\/conocenos\/","url":"https:\/\/ccpe.org.ar\/web\/conocenos\/","name":"Conocenos - Centro Cultural Parque de Espa\u00f1a\/AECID","isPartOf":{"@id":"https:\/\/ccpe.org.ar\/web\/#website"},"datePublished":"2019-04-03T20:55:19+00:00","dateModified":"2026-03-24T22:01:39+00:00","breadcrumb":{"@id":"https:\/\/ccpe.org.ar\/web\/conocenos\/#breadcrumb"},"inLanguage":"es","potentialAction":[{"@type":"ReadAction","target":["https:\/\/ccpe.org.ar\/web\/conocenos\/"]}]},{"@type":"BreadcrumbList","@id":"https:\/\/ccpe.org.ar\/web\/conocenos\/#breadcrumb","itemListElement":[{"@type":"ListItem","position":1,"name":"Portada","item":"https:\/\/ccpe.org.ar\/web\/"},{"@type":"ListItem","position":2,"name":"Conocenos"}]},{"@type":"WebSite","@id":"https:\/\/ccpe.org.ar\/web\/#website","url":"https:\/\/ccpe.org.ar\/web\/","name":"Centro Cultural Parque de Espa\u00f1a\/AECID","description":"Sitio web del Centro Cultural Parque de Espa\u00f1a\/AECID","potentialAction":[{"@type":"SearchAction","target":{"@type":"EntryPoint","urlTemplate":"https:\/\/ccpe.org.ar\/web\/?s={search_term_string}"},"query-input":{"@type":"PropertyValueSpecification","valueRequired":true,"valueName":"search_term_string"}}],"inLanguage":"es"}]}},"_links":{"self":[{"href":"https:\/\/ccpe.org.ar\/web\/wp-json\/wp\/v2\/pages\/15"}],"collection":[{"href":"https:\/\/ccpe.org.ar\/web\/wp-json\/wp\/v2\/pages"}],"about":[{"href":"https:\/\/ccpe.org.ar\/web\/wp-json\/wp\/v2\/types\/page"}],"author":[{"embeddable":true,"href":"https:\/\/ccpe.org.ar\/web\/wp-json\/wp\/v2\/users\/1"}],"replies":[{"embeddable":true,"href":"https:\/\/ccpe.org.ar\/web\/wp-json\/wp\/v2\/comments?post=15"}],"version-history":[{"count":1,"href":"https:\/\/ccpe.org.ar\/web\/wp-json\/wp\/v2\/pages\/15\/revisions"}],"predecessor-version":[{"id":7838,"href":"https:\/\/ccpe.org.ar\/web\/wp-json\/wp\/v2\/pages\/15\/revisions\/7838"}],"wp:attachment":[{"href":"https:\/\/ccpe.org.ar\/web\/wp-json\/wp\/v2\/media?parent=15"}],"curies":[{"name":"wp","href":"https:\/\/api.w.org\/{rel}","templated":true}]}}