{"id":2922,"date":"2021-05-26T15:11:51","date_gmt":"2021-05-26T18:11:51","guid":{"rendered":"https:\/\/ccpe.org.ar\/web\/?page_id=2922"},"modified":"2021-05-26T15:11:51","modified_gmt":"2021-05-26T18:11:51","slug":"fugas-los-feminismos-como-medida-de-transformacion-de-la-vida-contemporanea-2","status":"publish","type":"page","link":"https:\/\/ccpe.org.ar\/web\/fugas-los-feminismos-como-medida-de-transformacion-de-la-vida-contemporanea-2\/","title":{"rendered":"FUGAS. LOS FEMINISMOS COMO MEDIDA DE TRANSFORMACI\u00d3N DE LA VIDA CONTEMPOR\u00c1NEA"},"content":{"rendered":"<section id=\"main-content\" class=\"mec-container\">\n<div id=\"mec_skin_1868\" class=\"mec-wrap colorskin-custom clearfix\">\n<article class=\"row mec-single-event\">\n<div class=\"col-md-8\">\n<div class=\"mec-event-content\">\n<div class=\"mec-single-event-description mec-events-content\">\n<p>A lo largo del mes de marzo en el CCPE se desarroll\u00f3\u00a0<strong>Fugas. Los feminismos como medida de transformaci\u00f3n y reescritura de las formas de la vida contempor\u00e1nea<\/strong>, una conmemoraci\u00f3n at\u00edpica, que con curadur\u00eda de Nancy Rojas, a partir de una exposici\u00f3n y una serie de se\u00f1alamientos se postul\u00f3 como una muestra viva, din\u00e1mica, permeable, abierta y disparadora de la acci\u00f3n.<\/p>\n<p>Durante todo un mes, artistas, activistas y artivistas, individual o colectivamente, compartieron sus itinerarios de lucha, su obra, su trabajo diario, sus proyectos, sus sue\u00f1os, dando vida a una plataforma interdisciplinar donde se pudo dialogar, mirar, escuchar, escribir, registrar, producir, un escenario plural que permita impulsar la transformaci\u00f3n.<\/p>\n<p>&nbsp;<\/p>\n<p><strong><a href=\"https:\/\/ccpe.org.ar\/web\/fugas-los-feminismos-como-medida-de-transformacion-de-la-vida-contemporanea\/\">Texto curatorial<\/a><\/strong><\/p>\n<p>&nbsp;<\/p>\n<h2><strong>En Galer\u00edas<\/strong><\/h2>\n<ul class=\"et_post_gallery clearfix\">\n<li class=\"et_gallery_item et_pb_gallery_image\"><a title=\"Fugas\" href=\"https:\/\/ccpe.org.ar\/web\/wp-content\/uploads\/2021\/02\/Fugas-50_1271-baja-scaled.jpg\"><span class=\"et_portfolio_image\"><img loading=\"lazy\" decoding=\"async\" class=\"attachment-et-pb-portfolio-image size-et-pb-portfolio-image lazyloaded\" src=\"https:\/\/ccpe.org.ar\/web\/wp-content\/uploads\/2021\/02\/Fugas-50_1271-baja-400x284.jpg\" alt=\"Fugas\" width=\"400\" height=\"284\" data-src=\"https:\/\/ccpe.org.ar\/web\/wp-content\/uploads\/2021\/02\/Fugas-50_1271-baja-400x284.jpg\" \/><\/span><\/a>\n<p class=\"et_pb_gallery_caption\">Fugas<\/p>\n<\/li>\n<li class=\"et_gallery_item et_pb_gallery_image\"><a title=\"Fugas-50_1332 baja\" href=\"https:\/\/ccpe.org.ar\/web\/wp-content\/uploads\/2021\/02\/Fugas-50_1332-baja-scaled.jpg\"><span class=\"et_portfolio_image\"><img loading=\"lazy\" decoding=\"async\" class=\"attachment-et-pb-portfolio-image size-et-pb-portfolio-image lazyloaded\" src=\"https:\/\/ccpe.org.ar\/web\/wp-content\/uploads\/2021\/02\/Fugas-50_1332-baja-400x284.jpg\" alt=\"\" width=\"400\" height=\"284\" data-src=\"https:\/\/ccpe.org.ar\/web\/wp-content\/uploads\/2021\/02\/Fugas-50_1332-baja-400x284.jpg\" \/><\/span><\/a><\/li>\n<li class=\"et_gallery_item et_pb_gallery_image\"><a title=\"Fugas-50_1601 baja\" href=\"https:\/\/ccpe.org.ar\/web\/wp-content\/uploads\/2021\/02\/Fugas-50_1601-baja-scaled.jpg\"><span class=\"et_portfolio_image\"><img loading=\"lazy\" decoding=\"async\" class=\"attachment-et-pb-portfolio-image size-et-pb-portfolio-image lazyloaded\" src=\"https:\/\/ccpe.org.ar\/web\/wp-content\/uploads\/2021\/02\/Fugas-50_1601-baja-400x284.jpg\" alt=\"\" width=\"400\" height=\"284\" data-src=\"https:\/\/ccpe.org.ar\/web\/wp-content\/uploads\/2021\/02\/Fugas-50_1601-baja-400x284.jpg\" \/><\/span><\/a><\/li>\n<li class=\"et_gallery_item et_pb_gallery_image\"><a title=\"Fugas-50_1616-1 baja\" href=\"https:\/\/ccpe.org.ar\/web\/wp-content\/uploads\/2021\/02\/Fugas-50_1616-1-baja-scaled.jpg\"><span class=\"et_portfolio_image\"><img loading=\"lazy\" decoding=\"async\" class=\"attachment-et-pb-portfolio-image size-et-pb-portfolio-image lazyloaded\" src=\"https:\/\/ccpe.org.ar\/web\/wp-content\/uploads\/2021\/02\/Fugas-50_1616-1-baja-400x284.jpg\" alt=\"\" width=\"400\" height=\"284\" data-src=\"https:\/\/ccpe.org.ar\/web\/wp-content\/uploads\/2021\/02\/Fugas-50_1616-1-baja-400x284.jpg\" \/><\/span><\/a><\/li>\n<li class=\"et_gallery_item et_pb_gallery_image\"><a title=\"Fugas-50_1640 baja\" href=\"https:\/\/ccpe.org.ar\/web\/wp-content\/uploads\/2021\/02\/Fugas-50_1640-baja-scaled.jpg\"><span class=\"et_portfolio_image\"><img loading=\"lazy\" decoding=\"async\" class=\"attachment-et-pb-portfolio-image size-et-pb-portfolio-image lazyloaded\" src=\"https:\/\/ccpe.org.ar\/web\/wp-content\/uploads\/2021\/02\/Fugas-50_1640-baja-400x284.jpg\" alt=\"\" width=\"400\" height=\"284\" data-src=\"https:\/\/ccpe.org.ar\/web\/wp-content\/uploads\/2021\/02\/Fugas-50_1640-baja-400x284.jpg\" \/><\/span><\/a><\/li>\n<li class=\"et_gallery_item et_pb_gallery_image\"><a title=\"Fugas-50_1686 baja\" href=\"https:\/\/ccpe.org.ar\/web\/wp-content\/uploads\/2021\/02\/Fugas-50_1686-baja-scaled.jpg\"><span class=\"et_portfolio_image\"><img loading=\"lazy\" decoding=\"async\" class=\"attachment-et-pb-portfolio-image size-et-pb-portfolio-image lazyloaded\" src=\"https:\/\/ccpe.org.ar\/web\/wp-content\/uploads\/2021\/02\/Fugas-50_1686-baja-400x284.jpg\" alt=\"\" width=\"400\" height=\"284\" data-src=\"https:\/\/ccpe.org.ar\/web\/wp-content\/uploads\/2021\/02\/Fugas-50_1686-baja-400x284.jpg\" \/><\/span><\/a><\/li>\n<li class=\"et_gallery_item et_pb_gallery_image\"><a title=\"Fugas-50_1730 baja\" href=\"https:\/\/ccpe.org.ar\/web\/wp-content\/uploads\/2021\/02\/Fugas-50_1730-baja-scaled.jpg\"><span class=\"et_portfolio_image\"><img loading=\"lazy\" decoding=\"async\" class=\"attachment-et-pb-portfolio-image size-et-pb-portfolio-image lazyloaded\" src=\"https:\/\/ccpe.org.ar\/web\/wp-content\/uploads\/2021\/02\/Fugas-50_1730-baja-400x284.jpg\" alt=\"\" width=\"400\" height=\"284\" data-src=\"https:\/\/ccpe.org.ar\/web\/wp-content\/uploads\/2021\/02\/Fugas-50_1730-baja-400x284.jpg\" \/><\/span><\/a><\/li>\n<li class=\"et_gallery_item et_pb_gallery_image\"><a title=\"Fugas-50_1760 baja\" href=\"https:\/\/ccpe.org.ar\/web\/wp-content\/uploads\/2021\/02\/Fugas-50_1760-baja-scaled.jpg\"><span class=\"et_portfolio_image\"><img loading=\"lazy\" decoding=\"async\" class=\"attachment-et-pb-portfolio-image size-et-pb-portfolio-image lazyloaded\" src=\"https:\/\/ccpe.org.ar\/web\/wp-content\/uploads\/2021\/02\/Fugas-50_1760-baja-400x284.jpg\" alt=\"\" width=\"400\" height=\"284\" data-src=\"https:\/\/ccpe.org.ar\/web\/wp-content\/uploads\/2021\/02\/Fugas-50_1760-baja-400x284.jpg\" \/><\/span><\/a><\/li>\n<li class=\"et_gallery_item et_pb_gallery_image\"><a title=\"Fugas\" href=\"https:\/\/ccpe.org.ar\/web\/wp-content\/uploads\/2021\/02\/Fugas-50_1723-baja-scaled.jpg\"><span class=\"et_portfolio_image\"><img loading=\"lazy\" decoding=\"async\" class=\"attachment-et-pb-portfolio-image size-et-pb-portfolio-image lazyloaded\" src=\"https:\/\/ccpe.org.ar\/web\/wp-content\/uploads\/2021\/02\/Fugas-50_1723-baja-400x284.jpg\" alt=\"Fugas\" width=\"400\" height=\"284\" data-src=\"https:\/\/ccpe.org.ar\/web\/wp-content\/uploads\/2021\/02\/Fugas-50_1723-baja-400x284.jpg\" \/><\/span><\/a>\n<p class=\"et_pb_gallery_caption\">Fugas<\/p>\n<\/li>\n<\/ul>\n<p><a href=\"https:\/\/ccpe.org.ar\/web\/taller-flotante\/\"><strong>Taller Flotante +\u00a0<\/strong><strong>Orilleras<\/strong><\/a><\/p>\n<p><strong><a href=\"https:\/\/ccpe.org.ar\/web\/ceramiqueras-del-barrio\/\">Ceramiqueras del Barr(i)o<\/a><\/strong><\/p>\n<p><a href=\"https:\/\/ccpe.org.ar\/web\/thigra-multisectorial-humedales-tu-fuego-es-complice\/\"><strong>Thigra\u00a0<\/strong><\/a><strong>(Ximena Pereyra y Silvina Amoy)<\/strong><a href=\"https:\/\/ccpe.org.ar\/web\/thigra-multisectorial-humedales-tu-fuego-es-complice\/\"><strong>\u00a0+ Multisectorial Humedales<\/strong><\/a><\/p>\n<p><strong><a href=\"https:\/\/ccpe.org.ar\/web\/rio-parana-una-tonelada-memoria-ancestral-viva\/\">R\u00edo Paran\u00e1: Una tonelada \u2013 memoria ancestral viva<\/a>\u00a0(Duen Sacchi-Mag de Santo)<\/strong><\/p>\n<p><strong><a href=\"https:\/\/ccpe.org.ar\/web\/claudia-del-rio\/\">Claudia del R\u00edo<\/a><\/strong><\/p>\n<p><strong><a href=\"https:\/\/ccpe.org.ar\/web\/mantera-ossobuco-pao-lunch\/\">Mantera + Ossobuco + Pao Lunch<\/a><\/strong><\/p>\n<p><strong><a href=\"https:\/\/ccpe.org.ar\/web\/escuela-de-envejecer-ana-gallardo\/\">Ana Gallardo.\u00a0<em>Escuela de envejecer<\/em><\/a><\/strong><\/p>\n<p><strong><a href=\"https:\/\/ccpe.org.ar\/web\/mujeres-qom\/\">Mujeres QOM<\/a>\u00a0(Referentes: Ruperta P\u00e9rez, Filomena Talero, Roberta Catori)<\/strong><\/p>\n<p><strong>QOMI colectivo de tejedoras (Ruperta P\u00e9rez, Margarita Genes, Roberta Catori)<\/strong><\/p>\n<p><a href=\"https:\/\/ccpe.org.ar\/web\/mujeres-tras-las-rejas\/\"><strong>ONG Mujeres tras las rejas<\/strong>\u00a0<\/a><strong>(El enredo, taller de experiencias creativas en el penal n\u00ba 5 de Rosario)<\/strong><\/p>\n<p><a href=\"https:\/\/ccpe.org.ar\/web\/la-que-soy\/\"><strong>La que soy<\/strong><\/a><\/p>\n<p><strong><a href=\"https:\/\/ccpe.org.ar\/web\/mujeres-de-negro-rosario\/\">Mujeres de Negro Rosario<\/a><\/strong><\/p>\n<h2><\/h2>\n<h2><strong>Talleres<\/strong><\/h2>\n<p>&nbsp;<\/p>\n<h3>Palabras desobedientes<\/h3>\n<ul class=\"et_post_gallery clearfix\">\n<li class=\"et_gallery_item et_pb_gallery_image\"><a title=\"PalabrasDesobedientes-50_1430 baja\" href=\"https:\/\/ccpe.org.ar\/web\/wp-content\/uploads\/2021\/02\/PalabrasDesobedientes-50_1430-baja-scaled.jpg\"><span class=\"et_portfolio_image\"><img loading=\"lazy\" decoding=\"async\" class=\"attachment-et-pb-portfolio-image size-et-pb-portfolio-image lazyloaded\" src=\"https:\/\/ccpe.org.ar\/web\/wp-content\/uploads\/2021\/02\/PalabrasDesobedientes-50_1430-baja-400x284.jpg\" alt=\"\" width=\"400\" height=\"284\" data-src=\"https:\/\/ccpe.org.ar\/web\/wp-content\/uploads\/2021\/02\/PalabrasDesobedientes-50_1430-baja-400x284.jpg\" \/><\/span><\/a><\/li>\n<li class=\"et_gallery_item et_pb_gallery_image\"><a title=\"PalabrasDesobedientes-50_1455 baja\" href=\"https:\/\/ccpe.org.ar\/web\/wp-content\/uploads\/2021\/02\/PalabrasDesobedientes-50_1455-baja-scaled.jpg\"><span class=\"et_portfolio_image\"><img loading=\"lazy\" decoding=\"async\" class=\"attachment-et-pb-portfolio-image size-et-pb-portfolio-image lazyloaded\" src=\"https:\/\/ccpe.org.ar\/web\/wp-content\/uploads\/2021\/02\/PalabrasDesobedientes-50_1455-baja-400x284.jpg\" alt=\"\" width=\"400\" height=\"284\" data-src=\"https:\/\/ccpe.org.ar\/web\/wp-content\/uploads\/2021\/02\/PalabrasDesobedientes-50_1455-baja-400x284.jpg\" \/><\/span><\/a><\/li>\n<li class=\"et_gallery_item et_pb_gallery_image\"><a title=\"PalabrasDesobedientes-50_1468 baja\" href=\"https:\/\/ccpe.org.ar\/web\/wp-content\/uploads\/2021\/02\/PalabrasDesobedientes-50_1468-baja-scaled.jpg\"><span class=\"et_portfolio_image\"><img loading=\"lazy\" decoding=\"async\" class=\"attachment-et-pb-portfolio-image size-et-pb-portfolio-image lazyloaded\" src=\"https:\/\/ccpe.org.ar\/web\/wp-content\/uploads\/2021\/02\/PalabrasDesobedientes-50_1468-baja-400x284.jpg\" alt=\"\" width=\"400\" height=\"284\" data-src=\"https:\/\/ccpe.org.ar\/web\/wp-content\/uploads\/2021\/02\/PalabrasDesobedientes-50_1468-baja-400x284.jpg\" \/><\/span><\/a><\/li>\n<\/ul>\n<p>y el deseo de cambiarlo todo. Taller de impresi\u00f3n tipogr\u00e1fica a cargo de\u00a0<a href=\"https:\/\/tallercapitana.com.ar\/\">Capitana<\/a>\u00a0\u2013 Taller de impresi\u00f3n<br \/>\nEl lenguaje est\u00e1 en constante movimiento, evoluciona de acuerdo a la \u00e9poca. Las palabras retratan un momento y muchas veces son una gran herramienta de resistencia y transformaci\u00f3n.<br \/>\nEn este taller\u00a0 se propuso un acercamiento al oficio de la imprenta, la idea es lograr un registro gr\u00e1fico de palabras instaladas en la vida contempor\u00e1nea a partir del estallido feminista.<\/p>\n<p>&nbsp;<\/p>\n<h3>Las calles son nuestras<\/h3>\n<ul class=\"et_post_gallery clearfix\">\n<li class=\"et_gallery_item et_pb_gallery_image\"><a title=\"Las calles son nuestras\" href=\"https:\/\/ccpe.org.ar\/web\/wp-content\/uploads\/2021\/02\/LasCallesSonNuestras-50_2325-baja-scaled.jpg\"><span class=\"et_portfolio_image\"><img loading=\"lazy\" decoding=\"async\" class=\"attachment-et-pb-portfolio-image size-et-pb-portfolio-image lazyloaded\" src=\"https:\/\/ccpe.org.ar\/web\/wp-content\/uploads\/2021\/02\/LasCallesSonNuestras-50_2325-baja-400x284.jpg\" alt=\"Las calles son nuestras\" width=\"400\" height=\"284\" data-src=\"https:\/\/ccpe.org.ar\/web\/wp-content\/uploads\/2021\/02\/LasCallesSonNuestras-50_2325-baja-400x284.jpg\" \/><\/span><\/a>\n<p class=\"et_pb_gallery_caption\">Las calles son nuestras<\/p>\n<\/li>\n<li class=\"et_gallery_item et_pb_gallery_image\"><a title=\"LasCallesSonNuestras-50_2329 baja\" href=\"https:\/\/ccpe.org.ar\/web\/wp-content\/uploads\/2021\/02\/LasCallesSonNuestras-50_2329-baja-scaled.jpg\"><span class=\"et_portfolio_image\"><img loading=\"lazy\" decoding=\"async\" class=\"attachment-et-pb-portfolio-image size-et-pb-portfolio-image lazyloaded\" src=\"https:\/\/ccpe.org.ar\/web\/wp-content\/uploads\/2021\/02\/LasCallesSonNuestras-50_2329-baja-400x284.jpg\" alt=\"\" width=\"400\" height=\"284\" data-src=\"https:\/\/ccpe.org.ar\/web\/wp-content\/uploads\/2021\/02\/LasCallesSonNuestras-50_2329-baja-400x284.jpg\" \/><\/span><\/a><\/li>\n<li class=\"et_gallery_item et_pb_gallery_image\"><a title=\"LasCallesSonNuestras-50_2376 baja\" href=\"https:\/\/ccpe.org.ar\/web\/wp-content\/uploads\/2021\/02\/LasCallesSonNuestras-50_2376-baja-scaled.jpg\"><span class=\"et_portfolio_image\"><img loading=\"lazy\" decoding=\"async\" class=\"attachment-et-pb-portfolio-image size-et-pb-portfolio-image lazyloaded\" src=\"https:\/\/ccpe.org.ar\/web\/wp-content\/uploads\/2021\/02\/LasCallesSonNuestras-50_2376-baja-400x284.jpg\" alt=\"\" width=\"400\" height=\"284\" data-src=\"https:\/\/ccpe.org.ar\/web\/wp-content\/uploads\/2021\/02\/LasCallesSonNuestras-50_2376-baja-400x284.jpg\" \/><\/span><\/a><\/li>\n<\/ul>\n<p>Abordajes desde el feminismo en la fotograf\u00eda, a cargo de Roc\u00edo Pumar, Ornella Avedikian y Paula Sarkissian.<br \/>\nEl feminismo tambi\u00e9n se narra, se cuenta a trav\u00e9s del registro fotogr\u00e1fico cuando la mirada est\u00e1 anclada de forma colectiva en la perspectiva de g\u00e9nero y en las problem\u00e1ticas sociales.<br \/>\nEn este taller invitamos a trabajar y pensar el encuadre y las nociones generales de fotograf\u00eda necesarias para dar a la captura la dimensi\u00f3n buscada. En este caso, una dimensi\u00f3n biopol\u00edtica para un abordaje de las im\u00e1genes que oscile entre el archivo sensible y la narraci\u00f3n period\u00edstica.<br \/>\nOrnella Avedikian, Roc\u00edo Pumar Ram\u00edrez y Paula Sarkissian: militaron activamente en La Hoguera, colectiva de fot\u00f3grafas feministas nacida en la cuidad de Rosario al calor de la lucha por la legalizaci\u00f3n del aborto.<\/p>\n<p>&nbsp;<\/p>\n<h3>Taller de Lectura<\/h3>\n<div class=\"fluid-width-video-wrapper\"><iframe title=\"YouTube video player\" src=\"https:\/\/www.youtube.com\/embed\/uuCuQHZJDT4\" name=\"fitvid0\" frameborder=\"0\" allowfullscreen=\"allowfullscreen\" data-mce-fragment=\"1\"><\/iframe><\/div>\n<p>El ecofeminismo como alternativa a la crisis civilizatoria, a cargo del Taller Ecologista de Rosario<br \/>\nA partir de una lectura y reflexi\u00f3n previos al d\u00eda del encuentro, invitamos a compartir un espacio de di\u00e1logo e intercambio. La propuesta es pensar juntxs sobre qu\u00e9 es el ecofeminismo y qu\u00e9 propuestas plantea frente a la actual crisis civilizatoria, que implica tambi\u00e9n una crisis ecol\u00f3gica y una crisis de cuidados.<br \/>\nSobre el Taller Ecologista de Rosario:\u00a0<a href=\"https:\/\/tallerecologista.org.ar\/\">https:\/\/tallerecologista.org.ar<\/a>\u00a0\u00a0 IG: @tallerecologista<\/p>\n<p>&nbsp;<\/p>\n<p>&nbsp;<\/p>\n<h2><strong>Ferias<\/strong><\/h2>\n<p>&nbsp;<\/p>\n<h3><a href=\"https:\/\/www.instagram.com\/furiaferia\/\">Furia<\/a><a href=\"https:\/\/www.instagram.com\/furiaferia\/\">\u00a0Feria Feminista<\/a><\/h3>\n<ul class=\"et_post_gallery clearfix\">\n<li class=\"et_gallery_item et_pb_gallery_image\"><a title=\"FuriaFeriaFeminista-50_3160 baja\" href=\"https:\/\/ccpe.org.ar\/web\/wp-content\/uploads\/2021\/02\/FuriaFeriaFeminista-50_3160-baja-scaled.jpg\"><span class=\"et_portfolio_image\"><img loading=\"lazy\" decoding=\"async\" class=\"attachment-et-pb-portfolio-image size-et-pb-portfolio-image lazyloaded\" src=\"https:\/\/ccpe.org.ar\/web\/wp-content\/uploads\/2021\/02\/FuriaFeriaFeminista-50_3160-baja-400x284.jpg\" alt=\"\" width=\"400\" height=\"284\" data-src=\"https:\/\/ccpe.org.ar\/web\/wp-content\/uploads\/2021\/02\/FuriaFeriaFeminista-50_3160-baja-400x284.jpg\" \/><\/span><\/a><\/li>\n<li class=\"et_gallery_item et_pb_gallery_image\"><a title=\"FuriaFeriaFeminista-50_3153 baja\" href=\"https:\/\/ccpe.org.ar\/web\/wp-content\/uploads\/2021\/02\/FuriaFeriaFeminista-50_3153-baja-scaled.jpg\"><span class=\"et_portfolio_image\"><img loading=\"lazy\" decoding=\"async\" class=\"attachment-et-pb-portfolio-image size-et-pb-portfolio-image lazyloaded\" src=\"https:\/\/ccpe.org.ar\/web\/wp-content\/uploads\/2021\/02\/FuriaFeriaFeminista-50_3153-baja-400x284.jpg\" alt=\"\" width=\"400\" height=\"284\" data-src=\"https:\/\/ccpe.org.ar\/web\/wp-content\/uploads\/2021\/02\/FuriaFeriaFeminista-50_3153-baja-400x284.jpg\" \/><\/span><\/a><\/li>\n<li class=\"et_gallery_item et_pb_gallery_image\"><a title=\"FuriaFeriaFeminista-50_3179 baja\" href=\"https:\/\/ccpe.org.ar\/web\/wp-content\/uploads\/2021\/02\/FuriaFeriaFeminista-50_3179-baja-scaled.jpg\"><span class=\"et_portfolio_image\"><img loading=\"lazy\" decoding=\"async\" class=\"attachment-et-pb-portfolio-image size-et-pb-portfolio-image lazyloaded\" src=\"https:\/\/ccpe.org.ar\/web\/wp-content\/uploads\/2021\/02\/FuriaFeriaFeminista-50_3179-baja-400x284.jpg\" alt=\"\" width=\"400\" height=\"284\" data-src=\"https:\/\/ccpe.org.ar\/web\/wp-content\/uploads\/2021\/02\/FuriaFeriaFeminista-50_3179-baja-400x284.jpg\" \/><\/span><\/a><\/li>\n<\/ul>\n<p>Desde 2017, Furia Feminista es un espacio de producci\u00f3n y comercializaci\u00f3n a disposici\u00f3n de todxs lxs que apuestan a construir nuevos modos de producci\u00f3n y de consumo, basados en la cooperaci\u00f3n, la empat\u00eda y la sororidad.<br \/>\nFuria se anima a so\u00f1ar e inventar un mercado feminista, donde el valor del trabajo est\u00e1 atravesado por el amor, donde los saberes y los sabores circulen libremente.<br \/>\nLa Feria re\u00fane a trabajadoras autogestivas que apuestan por la construcci\u00f3n de una econom\u00eda popular, donde los v\u00ednculos sean solidarios y cooperativos para producir y comercializar.<br \/>\nFuria Feria cree en la potencia colectiva de este hermoso movimiento feminista del que somos parte, con la certeza de que la revoluci\u00f3n es ahora.<\/p>\n<p>M\u00fasica en vivo:\u00a0<a href=\"https:\/\/www.instagram.com\/triga.n.dj\/?hl=es-la\">DJ TrigaNigga\u00a0 \u00a0<\/a><br \/>\nEmprendedoras participantes:<br \/>\n<a href=\"http:\/\/instagam.com\/laciudaddelasmujeres\">@laciudaddelasmujeres<\/a><br \/>\n<a href=\"http:\/\/instagram.com\/cobra.rosario\">@cobra.rosario<\/a><br \/>\n<a href=\"http:\/\/instagram.com\/cumpari_rosario\">@cumpari_rosario<\/a><br \/>\n<a href=\"http:\/\/instagram.com\/muta_accesorios\">@muta_accesorios\u00a0<\/a><br \/>\n<a href=\"http:\/\/instagram.com\/verdeagua_ceramicas\">@verdeagua_ceramicas<\/a><br \/>\n<a href=\"http:\/\/instagram.com\/patri_arcadas\">@patri_arcadas<\/a><br \/>\n<a href=\"http:\/\/instagram.com\/alotropicajoyas\">@alotropicajoyas<\/a><br \/>\n<a href=\"http:\/\/instagam.com\/angiru.saludamiga\">@angiru.saludamiga<\/a><br \/>\n<a href=\"http:\/\/instagram.com\/cortahilacha.coop\">@cortahilacha.coop<\/a><br \/>\n<a href=\"http:\/\/instagram.com\/bioma_prendas_de_interior\">@<\/a><a href=\"http:\/\/instagram.com\/bioma_prendas_de_interior\">bioma_prendas_de_interior<\/a><br \/>\n<a href=\"http:\/\/instagram.com\/aeval.sexshop\">@aeval.sexshop<\/a><br \/>\n<a href=\"http:\/\/instagram.com\/somos_sakura\">@somos_sakura\u00a0<\/a><br \/>\n<a href=\"http:\/\/instagram.com\/delremanso.ceramica\">@delremanso.ceramica<\/a><br \/>\n<a href=\"http:\/\/instagram.com\/saxum.ar\">@saxum.ar<\/a><br \/>\n<a href=\"http:\/\/instagram.com\/eterica.yoga\">@eterica.yoga<\/a><br \/>\n<a href=\"http:\/\/instagram.com\/arabesca\">@arabesca<\/a><\/p>\n<p>&nbsp;<\/p>\n<p>&nbsp;<\/p>\n<h3><a href=\"https:\/\/www.instagram.com\/kittysitterosario\/\">La Kittyferia<\/a><\/h3>\n<ul class=\"et_post_gallery clearfix\">\n<li class=\"et_gallery_item et_pb_gallery_image\"><a title=\"KittyFeria-50_2799 baja\" href=\"https:\/\/ccpe.org.ar\/web\/wp-content\/uploads\/2021\/02\/KittyFeria-50_2799-baja-scaled.jpg\"><span class=\"et_portfolio_image\"><img loading=\"lazy\" decoding=\"async\" class=\"attachment-et-pb-portfolio-image size-et-pb-portfolio-image lazyloaded\" src=\"https:\/\/ccpe.org.ar\/web\/wp-content\/uploads\/2021\/02\/KittyFeria-50_2799-baja-400x284.jpg\" alt=\"\" width=\"400\" height=\"284\" data-src=\"https:\/\/ccpe.org.ar\/web\/wp-content\/uploads\/2021\/02\/KittyFeria-50_2799-baja-400x284.jpg\" \/><\/span><\/a><\/li>\n<li class=\"et_gallery_item et_pb_gallery_image\"><a title=\"KittyFeria-50_2820 baja\" href=\"https:\/\/ccpe.org.ar\/web\/wp-content\/uploads\/2021\/02\/KittyFeria-50_2820-baja-scaled.jpg\"><span class=\"et_portfolio_image\"><img loading=\"lazy\" decoding=\"async\" class=\"attachment-et-pb-portfolio-image size-et-pb-portfolio-image lazyloaded\" src=\"https:\/\/ccpe.org.ar\/web\/wp-content\/uploads\/2021\/02\/KittyFeria-50_2820-baja-400x284.jpg\" alt=\"\" width=\"400\" height=\"284\" data-src=\"https:\/\/ccpe.org.ar\/web\/wp-content\/uploads\/2021\/02\/KittyFeria-50_2820-baja-400x284.jpg\" \/><\/span><\/a><\/li>\n<li class=\"et_gallery_item et_pb_gallery_image\"><a title=\"KittyFeria-50_2880 baja\" href=\"https:\/\/ccpe.org.ar\/web\/wp-content\/uploads\/2021\/02\/KittyFeria-50_2880-baja-scaled.jpg\"><span class=\"et_portfolio_image\"><img loading=\"lazy\" decoding=\"async\" class=\"attachment-et-pb-portfolio-image size-et-pb-portfolio-image lazyloaded\" src=\"https:\/\/ccpe.org.ar\/web\/wp-content\/uploads\/2021\/02\/KittyFeria-50_2880-baja-400x284.jpg\" alt=\"\" width=\"400\" height=\"284\" data-src=\"https:\/\/ccpe.org.ar\/web\/wp-content\/uploads\/2021\/02\/KittyFeria-50_2880-baja-400x284.jpg\" \/><\/span><\/a><\/li>\n<\/ul>\n<p>La Kittyferia es una feria 100% felina. Re\u00fane a emprendedorxs, artistas locales y especialistas en la tem\u00e1tica que ofrecen sus productos, conocimientos y arte inspirados en estos seres tan especiales.<br \/>\nLos felinos han sido discriminados a lo largo de la historia y rechazados por su independencia. En los \u00faltimos a\u00f1os ha crecido el inter\u00e9s por entender sus comportamientos y se han abandonando supersticiones y falsas creencias.<br \/>\nEsta tercera edici\u00f3n de la feria de gatitos en el marco de la muestra FUGAS acompa\u00f1a con toda su revoluci\u00f3n felina.<br \/>\nLa Kittyferia\u00a0surgi\u00f3 como una deriva de Kittysitter, un proyecto autogestivo en el que un grupo de mujeres cuida gatitos a domicilio cuando sus due\u00f1os se van de viaje.<br \/>\nCuradur\u00eda: Orly Simbler \u2013 Kittysitter Rosario<br \/>\nM\u00fasica en vivo: DJ Guardiana de la Bah\u00eda \u00a0 IG: @guardianadelabahia.<br \/>\n@editorial_ivan_rosado<br \/>\n@elmalteslibros<br \/>\n@xallaboutcatsx<br \/>\n@il.giardiniere<br \/>\n@michi.catlovers<br \/>\n@tangocuchasrosario<br \/>\n@verdeagua_ceramicas<br \/>\n@laestampa.preterita.imperfecta<br \/>\n@babiamascotas<br \/>\n@rasgatto<br \/>\n@lalocadelosgatos.rosario<br \/>\n@alaisponele.stick<br \/>\n@marna.ediciones<br \/>\n@descartesreciclo<br \/>\n@noelle.lieber<br \/>\n@gaston_herrera_<br \/>\n@nalmus<br \/>\n@ine.ilustra<br \/>\n@bizarracontijeras<br \/>\n@andresyeah<\/p>\n<h2><\/h2>\n<p>&nbsp;<\/p>\n<h2><strong>Actividades virtuales<\/strong><\/h2>\n<h3><\/h3>\n<h3><a href=\"https:\/\/ccpe.org.ar\/web\/actividades\/desmontaremos\/\">Desmontaremos: ciclo de cine ensayo feminista<\/a><\/h3>\n<p>Obras audiovisuales contempor\u00e1neas que abordan distintos problemas vinculados con la producci\u00f3n de im\u00e1genes y con la representaci\u00f3n de las mujeres en Iberoam\u00e9rica. Curadur\u00eda de Carolina Rimini.<br \/>\n<strong><a href=\"https:\/\/ccpe.org.ar\/web\/actividades\/desmontaremos\/\">M\u00e1s info y texto curatorial aqu\u00ed.<\/a><\/strong><\/p>\n<h3><\/h3>\n<h3><a href=\"https:\/\/ccpe.org.ar\/web\/actividades\/editaton-arte-y-feminismo\/\">Editat\u00f3n Arte y feminismo<\/a><\/h3>\n<div class=\"fluid-width-video-wrapper\"><iframe title=\"YouTube video player\" src=\"https:\/\/www.youtube.com\/embed\/0l-Onc--vuI\" name=\"fitvid1\" frameborder=\"0\" allowfullscreen=\"allowfullscreen\" data-mce-fragment=\"1\"><\/iframe><\/div>\n<div>Encuentro virtual con representantes de Wikimedia Argentina para mejorar la informaci\u00f3n de g\u00e9nero, arte y feminismo disponible en la enciclopedia virtual Wikipedia.<\/div>\n<div><strong>Segundo encuentro: viernes 09\/04, 16 h. Gratis. A Trav\u00e9s de Zoom.<\/strong><\/div>\n<h3><\/h3>\n<p>&nbsp;<\/p>\n<h3>Podcasts<\/h3>\n<p>Dos proyectos diferentes que se articulan desde un lado y otro del oc\u00e9ano Atl\u00e1ntico. Ambos piensan al agua como figura inici\u00e1tica, pol\u00edtica y ling\u00fc\u00edstica, a trav\u00e9s de la concepci\u00f3n del r\u00edo como un espacio de lucha feminista, por un lado, y como un se\u00f1uelo para la proliferaci\u00f3n de sue\u00f1os presentes y futuros, por el otro.<br \/>\nEl proyecto\u00a0<i>R\u00edo de mujeres<\/i>, de las colectivas Taller Flotante, Orilleras y de la red R\u00edo Feminista se desarrolla actualmente en Victoria, Entre R\u00edos. Y la obra po\u00e9tico-sonora\u00a0<i>Salitre<\/i>, de Mar\u00eda Salgado y Erea Fern\u00e1ndez, fue producida en 2020 a partir del poemario hom\u00f3nimo de Salgado publicado por la editorial la u\u00f1a rota en Espa\u00f1a, en 2019.<br \/>\n<a href=\"https:\/\/ccpe.org.ar\/web\/actividades\/podcasts\/\"><strong>M\u00e1s info y enlaces aqu\u00ed.<\/strong><\/a><\/p>\n<p>&nbsp;<\/p>\n<p>&nbsp;<\/p>\n<h3>Escuela de envejecer<\/h3>\n<div class=\"fluid-width-video-wrapper\"><iframe title=\"YouTube video player\" src=\"https:\/\/www.youtube.com\/embed\/q08NZUR_s1k\" name=\"fitvid2\" frameborder=\"0\" allowfullscreen=\"allowfullscreen\" data-mce-fragment=\"1\"><\/iframe><\/div>\n<p>Conversaci\u00f3n entre Ana Gallardo y Mar\u00eda Cristina Urzaiz Mediz (Ciudad de M\u00e9xico, 1937)<br \/>\nEn el marco del proyecto\u00a0<i>Escuela de envejecer<\/i>, Ana Gallardo entabla una una conversaci\u00f3n con Mar\u00eda Cristina Urzaiz Mediz, narradora oral nacida en la ciudad de M\u00e9xico, en 1937.<br \/>\n<i>Escuela de envejecer\u00a0<\/i>es una obra en proceso, compuesta por distintas acciones. Parte de la consideraci\u00f3n del hecho de envejecer como un hecho violento, donde el cuerpo deviene invisible, con todo lo que esto conlleva, por no ser m\u00e1s \u00fatil a los sistemas productivos capitalistas.<br \/>\nAna Gallardo comprende que la violencia contra las mujeres mayores es consecuencia directa de la discriminaci\u00f3n de g\u00e9nero. Por eso en este proyecto trabaja con mujeres viejas que fueron y son hist\u00f3ricamente invisibles. Las invita a formar parte de su obra proponiendoles que sean maestras de labores que han aprendido en su vejez y a su manera.<br \/>\nSu propuesta es recuperar el saber impreso en aquellos quehaceres de estas mujeres, muchos de los cuales fueron un gran deseo de juventud que les fue negado por tener que ocuparse de las labores dom\u00e9sticas, sumando los prejuicios sociales, pol\u00edticos y religiosos de sus \u00e9pocas.<br \/>\n<strong>Mar\u00eda Cristina Urzaiz Mediz<\/strong>\u00a0(Ciudad de M\u00e9xico, 1937) es narradora oral desde hace m\u00e1s de una d\u00e9cada y\u00a0mediadora cultural acreditada por la UNAM (2014). Durante 8 a\u00f1os form\u00f3 parte del taller permanente del Foro Internacional de Narraci\u00f3n Oral (FINO) a cargo del maestro Armando Trejo. Ha participado en festivales en Am\u00e9rica Latina y ha desarrollado diferentes repertorios especializados para distintas audiencias en centros de readaptaci\u00f3n, as\u00ed como p\u00fablicos infantiles, juveniles y adultos.<br \/>\n<a href=\"https:\/\/ccpe.org.ar\/web\/escuela-de-envejecer-ana-gallardo\/\">M\u00e1s informaci\u00f3n sobre Escuela de envejecer aqu\u00ed.<\/a><\/p>\n<p>&nbsp;<\/p>\n<h3>Memoria Feminista<\/h3>\n<div class=\"fluid-width-video-wrapper\"><iframe title=\"YouTube video player\" src=\"https:\/\/www.youtube.com\/embed\/8guauZBdPLw\" name=\"fitvid3\" frameborder=\"0\" allowfullscreen=\"allowfullscreen\" data-mce-fragment=\"1\"><\/iframe><\/div>\n<p>Conferencia y conversaci\u00f3n.\u00a0Adriana Armando (Rosario), Georgina Gluzman (Buenos Aires) y Margarita Aizpuru (Madrid-Sevilla)<br \/>\nBajo las transformaciones medulares impulsadas por los feminismos hist\u00f3rica y contempor\u00e1neamente,\u00a0<i>Fugas\u00a0<\/i>presenta a tres especialistas en historia del arte y curadur\u00eda, referentes de los debates que suscitan los feminismos en la actualidad con relaci\u00f3n a las artes visuales en Argentina y Espa\u00f1a.<br \/>\nAdriana Armando, Georgina Gluzman y Margarita Aizpuru presentar\u00e1n tres perspectivas ancladas, por sus reconocidas trayectorias, en el impacto que han tenido los feminismos en el campo del arte, bajo la trama de una memoria feminista labrada al calor de este tiempo de reparaciones hist\u00f3ricas.<br \/>\n<strong>Adriana Armando<\/strong>\u00a0es historiadora del arte, profesora titular de Ideas Est\u00e9ticas Latinoamericanas en la Facultad de Humanidades y Artes de la Universidad Nacional de Rosario e investigadora del Centro de Investigaciones del Arte Argentino y Latinoamericano en dicha casa de estudios. Sus trabajos han sido publicados en libros y revistas cient\u00edficas y culturales del pa\u00eds y del exterior. Ha sido curadora de Figuras de mujeres, imaginarios masculinos. Pintores rosarinos de la primera mitad del siglo XX (2009), La naturaleza de las mujeres. Artistas rosarinas entre 1910 y 2010 (2010) y Un lugar en la Tierra. Obras de Aid Herrera (2017) en la Fundaci\u00f3n OSDE de Rosario. Co-cur\u00f3 exposiciones patrimoniales en el Museo Castagnino y en el Museo Est\u00e9vez de Rosario, y trabaj\u00f3 tambi\u00e9n curatorialmente con tapices, dibujos y pinturas de Rosa Aragone y con fotograf\u00edas de Ver\u00f3nica Orta en Subsuelo galer\u00eda de arte (2018 y en 2021 respectivamente). En 2018 fue curadora de la secci\u00f3n Gabinete del Sal\u00f3n Nacional de Rosario, instancia en la que reuni\u00f3 a nueve artistas mujeres bajo el t\u00edtulo de poco importa si es de noche\u2026.<br \/>\n<strong>Georgina Gluzman<\/strong>\u00a0es doctora en Historia y Teor\u00eda de las Artes por la Universidad de Buenos Aires. Actualmente es la curadora de la esperada muestra El canon accidental, que se inaugur\u00f3 la semana pasada en el Museo Nacional de Bellas Artes de Buenos Aires. Es autora del libro Trazos invisibles. Mujeres artistas en Buenos Aires (1890-1923) (Biblos, 2016) y de numerosos ensayos que buscan reforzar la visibilidad de las mujeres en el campo del arte desde una perspectiva feminista historiogr\u00e1fica y contempor\u00e1nea.<br \/>\n<strong>Margarita Aizpuru<\/strong>\u00a0es curadora independiente, cr\u00edtica de arte, investigadora y docente. Especialista en nuevas tendencias de arte contempor\u00e1neo, en arte y g\u00e9nero, performance y videoarte. Cur\u00f3 numerosas exposiciones y actividades art\u00edsticas desde inicios de los a\u00f1os 90 en clave feminista. Escribe habitualmente para cat\u00e1logos y publicaciones diversas. Este a\u00f1o cur\u00f3 la exposici\u00f3n monogr\u00e1fica Carmela Garc\u00eda. Autoras de utop\u00edas, en la sala Canal de Isabel II, gestionada por la Subdirecci\u00f3n General de Bellas Artes de la Comunidad de Madrid. Ha sido galardonada con el Premio MAV, Mujeres en las Artes Visuales 2018 en la categor\u00eda de te\u00f3rica y cr\u00edtica de arte.<\/p>\n<p>&nbsp;<\/p>\n<p>&nbsp;<\/p>\n<p>&nbsp;<\/p>\n<p><strong>Cr\u00e9ditos<\/strong><\/p>\n<p><em>Imagen: Collage conformado por fotos de las obras realizadas en el Taller de artivismo gr\u00e1fico\u00a0<a href=\"https:\/\/ccpe.org.ar\/web\/actividades\/fuega-taller-de-artivismo-grafico\/\">\u00a1FUEGA!<\/a>, coordinado por Dinamita, con asistencia de Claudio Gim\u00e9nez, en el marco del #25N del a\u00f1o 2019. Las participantes del taller y autoras de las obras son: Dinamita, Alejandrina Bravo, Anal\u00eda Pesentti, Ariana Palermo, Berenice Canet, Danisa B\u00e9len Monte, Erika Herrera, Joaqu\u00edn Corral, Julia Negri, Juliana Pera, Julieta Evangelisti, Lucia Fiorella, Maira S\u00e1nchez, Velquis Ram\u00edrez, Yanina Ledesma, Gabriela Chaia , Mabel Temporelli, Martha Greiner.<\/em><\/p>\n<\/div>\n<\/div>\n<div class=\"mec-event-info-mobile\"><\/div>\n<div class=\"mec-events-meta-group mec-events-meta-group-tags\"><\/div>\n<\/div>\n<\/article>\n<\/div>\n<section id=\"comment-wrap\">\n<div id=\"comment-section\" class=\"nocomments\"><\/div>\n<\/section>\n<\/section>\n","protected":false},"excerpt":{"rendered":"<p>A lo largo del mes de marzo en el CCPE se desarroll\u00f3\u00a0Fugas. Los feminismos como medida de transformaci\u00f3n y reescritura de las formas de la vida contempor\u00e1nea, una conmemoraci\u00f3n at\u00edpica, que con curadur\u00eda de Nancy Rojas, a partir de una exposici\u00f3n y una serie de se\u00f1alamientos se postul\u00f3 como una muestra viva, din\u00e1mica, permeable, abierta [&hellip;]<\/p>\n","protected":false},"author":2,"featured_media":2639,"parent":0,"menu_order":0,"comment_status":"closed","ping_status":"closed","template":"","meta":{"_et_pb_use_builder":"","_et_pb_old_content":"","_et_gb_content_width":"","_exactmetrics_skip_tracking":false,"_exactmetrics_sitenote_active":false,"_exactmetrics_sitenote_note":"","_exactmetrics_sitenote_category":0,"footnotes":""},"yoast_head":"<!-- This site is optimized with the Yoast SEO plugin v23.5 - https:\/\/yoast.com\/wordpress\/plugins\/seo\/ -->\n<title>FUGAS. LOS FEMINISMOS COMO MEDIDA DE TRANSFORMACI\u00d3N DE LA VIDA CONTEMPOR\u00c1NEA - Centro Cultural Parque de Espa\u00f1a\/AECID<\/title>\n<meta name=\"robots\" content=\"index, follow, max-snippet:-1, max-image-preview:large, max-video-preview:-1\" \/>\n<link rel=\"canonical\" href=\"https:\/\/ccpe.org.ar\/web\/fugas-los-feminismos-como-medida-de-transformacion-de-la-vida-contemporanea-2\/\" \/>\n<meta property=\"og:locale\" content=\"es_ES\" \/>\n<meta property=\"og:type\" content=\"article\" \/>\n<meta property=\"og:title\" content=\"FUGAS. LOS FEMINISMOS COMO MEDIDA DE TRANSFORMACI\u00d3N DE LA VIDA CONTEMPOR\u00c1NEA - Centro Cultural Parque de Espa\u00f1a\/AECID\" \/>\n<meta property=\"og:description\" content=\"A lo largo del mes de marzo en el CCPE se desarroll\u00f3\u00a0Fugas. Los feminismos como medida de transformaci\u00f3n y reescritura de las formas de la vida contempor\u00e1nea, una conmemoraci\u00f3n at\u00edpica, que con curadur\u00eda de Nancy Rojas, a partir de una exposici\u00f3n y una serie de se\u00f1alamientos se postul\u00f3 como una muestra viva, din\u00e1mica, permeable, abierta [&hellip;]\" \/>\n<meta property=\"og:url\" content=\"https:\/\/ccpe.org.ar\/web\/fugas-los-feminismos-como-medida-de-transformacion-de-la-vida-contemporanea-2\/\" \/>\n<meta property=\"og:site_name\" content=\"Centro Cultural Parque de Espa\u00f1a\/AECID\" \/>\n<meta property=\"article:publisher\" content=\"https:\/\/www.facebook.com\/CCPErosario\/\" \/>\n<meta property=\"og:image\" content=\"https:\/\/ccpe.org.ar\/web\/wp-content\/uploads\/2021\/02\/b_fugas.jpg\" \/>\n\t<meta property=\"og:image:width\" content=\"1478\" \/>\n\t<meta property=\"og:image:height\" content=\"824\" \/>\n\t<meta property=\"og:image:type\" content=\"image\/jpeg\" \/>\n<meta name=\"twitter:card\" content=\"summary_large_image\" \/>\n<meta name=\"twitter:site\" content=\"@ccpe\" \/>\n<meta name=\"twitter:label1\" content=\"Tiempo de lectura\" \/>\n\t<meta name=\"twitter:data1\" content=\"13 minutos\" \/>\n<script type=\"application\/ld+json\" class=\"yoast-schema-graph\">{\"@context\":\"https:\/\/schema.org\",\"@graph\":[{\"@type\":\"WebPage\",\"@id\":\"https:\/\/ccpe.org.ar\/web\/fugas-los-feminismos-como-medida-de-transformacion-de-la-vida-contemporanea-2\/\",\"url\":\"https:\/\/ccpe.org.ar\/web\/fugas-los-feminismos-como-medida-de-transformacion-de-la-vida-contemporanea-2\/\",\"name\":\"FUGAS. LOS FEMINISMOS COMO MEDIDA DE TRANSFORMACI\u00d3N DE LA VIDA CONTEMPOR\u00c1NEA - Centro Cultural Parque de Espa\u00f1a\/AECID\",\"isPartOf\":{\"@id\":\"https:\/\/ccpe.org.ar\/web\/#website\"},\"primaryImageOfPage\":{\"@id\":\"https:\/\/ccpe.org.ar\/web\/fugas-los-feminismos-como-medida-de-transformacion-de-la-vida-contemporanea-2\/#primaryimage\"},\"image\":{\"@id\":\"https:\/\/ccpe.org.ar\/web\/fugas-los-feminismos-como-medida-de-transformacion-de-la-vida-contemporanea-2\/#primaryimage\"},\"thumbnailUrl\":\"https:\/\/ccpe.org.ar\/web\/wp-content\/uploads\/2021\/02\/b_fugas.jpg\",\"datePublished\":\"2021-05-26T18:11:51+00:00\",\"dateModified\":\"2021-05-26T18:11:51+00:00\",\"breadcrumb\":{\"@id\":\"https:\/\/ccpe.org.ar\/web\/fugas-los-feminismos-como-medida-de-transformacion-de-la-vida-contemporanea-2\/#breadcrumb\"},\"inLanguage\":\"es\",\"potentialAction\":[{\"@type\":\"ReadAction\",\"target\":[\"https:\/\/ccpe.org.ar\/web\/fugas-los-feminismos-como-medida-de-transformacion-de-la-vida-contemporanea-2\/\"]}]},{\"@type\":\"ImageObject\",\"inLanguage\":\"es\",\"@id\":\"https:\/\/ccpe.org.ar\/web\/fugas-los-feminismos-como-medida-de-transformacion-de-la-vida-contemporanea-2\/#primaryimage\",\"url\":\"https:\/\/ccpe.org.ar\/web\/wp-content\/uploads\/2021\/02\/b_fugas.jpg\",\"contentUrl\":\"https:\/\/ccpe.org.ar\/web\/wp-content\/uploads\/2021\/02\/b_fugas.jpg\",\"width\":1478,\"height\":824},{\"@type\":\"BreadcrumbList\",\"@id\":\"https:\/\/ccpe.org.ar\/web\/fugas-los-feminismos-como-medida-de-transformacion-de-la-vida-contemporanea-2\/#breadcrumb\",\"itemListElement\":[{\"@type\":\"ListItem\",\"position\":1,\"name\":\"Portada\",\"item\":\"https:\/\/ccpe.org.ar\/web\/\"},{\"@type\":\"ListItem\",\"position\":2,\"name\":\"FUGAS. LOS FEMINISMOS COMO MEDIDA DE TRANSFORMACI\u00d3N DE LA VIDA CONTEMPOR\u00c1NEA\"}]},{\"@type\":\"WebSite\",\"@id\":\"https:\/\/ccpe.org.ar\/web\/#website\",\"url\":\"https:\/\/ccpe.org.ar\/web\/\",\"name\":\"Centro Cultural Parque de Espa\u00f1a\/AECID\",\"description\":\"Sitio web del Centro Cultural Parque de Espa\u00f1a\/AECID\",\"potentialAction\":[{\"@type\":\"SearchAction\",\"target\":{\"@type\":\"EntryPoint\",\"urlTemplate\":\"https:\/\/ccpe.org.ar\/web\/?s={search_term_string}\"},\"query-input\":{\"@type\":\"PropertyValueSpecification\",\"valueRequired\":true,\"valueName\":\"search_term_string\"}}],\"inLanguage\":\"es\"}]}<\/script>\n<!-- \/ Yoast SEO plugin. -->","yoast_head_json":{"title":"FUGAS. LOS FEMINISMOS COMO MEDIDA DE TRANSFORMACI\u00d3N DE LA VIDA CONTEMPOR\u00c1NEA - Centro Cultural Parque de Espa\u00f1a\/AECID","robots":{"index":"index","follow":"follow","max-snippet":"max-snippet:-1","max-image-preview":"max-image-preview:large","max-video-preview":"max-video-preview:-1"},"canonical":"https:\/\/ccpe.org.ar\/web\/fugas-los-feminismos-como-medida-de-transformacion-de-la-vida-contemporanea-2\/","og_locale":"es_ES","og_type":"article","og_title":"FUGAS. LOS FEMINISMOS COMO MEDIDA DE TRANSFORMACI\u00d3N DE LA VIDA CONTEMPOR\u00c1NEA - Centro Cultural Parque de Espa\u00f1a\/AECID","og_description":"A lo largo del mes de marzo en el CCPE se desarroll\u00f3\u00a0Fugas. Los feminismos como medida de transformaci\u00f3n y reescritura de las formas de la vida contempor\u00e1nea, una conmemoraci\u00f3n at\u00edpica, que con curadur\u00eda de Nancy Rojas, a partir de una exposici\u00f3n y una serie de se\u00f1alamientos se postul\u00f3 como una muestra viva, din\u00e1mica, permeable, abierta [&hellip;]","og_url":"https:\/\/ccpe.org.ar\/web\/fugas-los-feminismos-como-medida-de-transformacion-de-la-vida-contemporanea-2\/","og_site_name":"Centro Cultural Parque de Espa\u00f1a\/AECID","article_publisher":"https:\/\/www.facebook.com\/CCPErosario\/","og_image":[{"width":1478,"height":824,"url":"https:\/\/ccpe.org.ar\/web\/wp-content\/uploads\/2021\/02\/b_fugas.jpg","type":"image\/jpeg"}],"twitter_card":"summary_large_image","twitter_site":"@ccpe","twitter_misc":{"Tiempo de lectura":"13 minutos"},"schema":{"@context":"https:\/\/schema.org","@graph":[{"@type":"WebPage","@id":"https:\/\/ccpe.org.ar\/web\/fugas-los-feminismos-como-medida-de-transformacion-de-la-vida-contemporanea-2\/","url":"https:\/\/ccpe.org.ar\/web\/fugas-los-feminismos-como-medida-de-transformacion-de-la-vida-contemporanea-2\/","name":"FUGAS. LOS FEMINISMOS COMO MEDIDA DE TRANSFORMACI\u00d3N DE LA VIDA CONTEMPOR\u00c1NEA - Centro Cultural Parque de Espa\u00f1a\/AECID","isPartOf":{"@id":"https:\/\/ccpe.org.ar\/web\/#website"},"primaryImageOfPage":{"@id":"https:\/\/ccpe.org.ar\/web\/fugas-los-feminismos-como-medida-de-transformacion-de-la-vida-contemporanea-2\/#primaryimage"},"image":{"@id":"https:\/\/ccpe.org.ar\/web\/fugas-los-feminismos-como-medida-de-transformacion-de-la-vida-contemporanea-2\/#primaryimage"},"thumbnailUrl":"https:\/\/ccpe.org.ar\/web\/wp-content\/uploads\/2021\/02\/b_fugas.jpg","datePublished":"2021-05-26T18:11:51+00:00","dateModified":"2021-05-26T18:11:51+00:00","breadcrumb":{"@id":"https:\/\/ccpe.org.ar\/web\/fugas-los-feminismos-como-medida-de-transformacion-de-la-vida-contemporanea-2\/#breadcrumb"},"inLanguage":"es","potentialAction":[{"@type":"ReadAction","target":["https:\/\/ccpe.org.ar\/web\/fugas-los-feminismos-como-medida-de-transformacion-de-la-vida-contemporanea-2\/"]}]},{"@type":"ImageObject","inLanguage":"es","@id":"https:\/\/ccpe.org.ar\/web\/fugas-los-feminismos-como-medida-de-transformacion-de-la-vida-contemporanea-2\/#primaryimage","url":"https:\/\/ccpe.org.ar\/web\/wp-content\/uploads\/2021\/02\/b_fugas.jpg","contentUrl":"https:\/\/ccpe.org.ar\/web\/wp-content\/uploads\/2021\/02\/b_fugas.jpg","width":1478,"height":824},{"@type":"BreadcrumbList","@id":"https:\/\/ccpe.org.ar\/web\/fugas-los-feminismos-como-medida-de-transformacion-de-la-vida-contemporanea-2\/#breadcrumb","itemListElement":[{"@type":"ListItem","position":1,"name":"Portada","item":"https:\/\/ccpe.org.ar\/web\/"},{"@type":"ListItem","position":2,"name":"FUGAS. LOS FEMINISMOS COMO MEDIDA DE TRANSFORMACI\u00d3N DE LA VIDA CONTEMPOR\u00c1NEA"}]},{"@type":"WebSite","@id":"https:\/\/ccpe.org.ar\/web\/#website","url":"https:\/\/ccpe.org.ar\/web\/","name":"Centro Cultural Parque de Espa\u00f1a\/AECID","description":"Sitio web del Centro Cultural Parque de Espa\u00f1a\/AECID","potentialAction":[{"@type":"SearchAction","target":{"@type":"EntryPoint","urlTemplate":"https:\/\/ccpe.org.ar\/web\/?s={search_term_string}"},"query-input":{"@type":"PropertyValueSpecification","valueRequired":true,"valueName":"search_term_string"}}],"inLanguage":"es"}]}},"_links":{"self":[{"href":"https:\/\/ccpe.org.ar\/web\/wp-json\/wp\/v2\/pages\/2922"}],"collection":[{"href":"https:\/\/ccpe.org.ar\/web\/wp-json\/wp\/v2\/pages"}],"about":[{"href":"https:\/\/ccpe.org.ar\/web\/wp-json\/wp\/v2\/types\/page"}],"author":[{"embeddable":true,"href":"https:\/\/ccpe.org.ar\/web\/wp-json\/wp\/v2\/users\/2"}],"replies":[{"embeddable":true,"href":"https:\/\/ccpe.org.ar\/web\/wp-json\/wp\/v2\/comments?post=2922"}],"version-history":[{"count":0,"href":"https:\/\/ccpe.org.ar\/web\/wp-json\/wp\/v2\/pages\/2922\/revisions"}],"wp:featuredmedia":[{"embeddable":true,"href":"https:\/\/ccpe.org.ar\/web\/wp-json\/wp\/v2\/media\/2639"}],"wp:attachment":[{"href":"https:\/\/ccpe.org.ar\/web\/wp-json\/wp\/v2\/media?parent=2922"}],"curies":[{"name":"wp","href":"https:\/\/api.w.org\/{rel}","templated":true}]}}