{"id":360,"date":"2019-05-09T12:08:32","date_gmt":"2019-05-09T15:08:32","guid":{"rendered":"http:\/\/ccpe.org.ar\/web\/?page_id=360"},"modified":"2020-10-01T12:02:50","modified_gmt":"2020-10-01T15:02:50","slug":"archivo","status":"publish","type":"page","link":"https:\/\/ccpe.org.ar\/web\/archivo\/","title":{"rendered":"Archivo"},"content":{"rendered":"<p>[et_pb_section fb_built=\u00bb1&#8243; _builder_version=\u00bb3.22&#8243; custom_padding=\u00bb0|0px|54px|0px|false|false\u00bb][et_pb_row _builder_version=\u00bb3.25&#8243; custom_padding=\u00bb0|0px|0|0px|false|false\u00bb][et_pb_column type=\u00bb4_4&#8243; _builder_version=\u00bb3.25&#8243; custom_padding=\u00bb|||\u00bb custom_padding__hover=\u00bb|||\u00bb][et_pb_post_title meta=\u00bboff\u00bb _builder_version=\u00bb3.11&#8243; title_font=\u00bb|700||on|||||\u00bb title_text_align=\u00bbcenter\u00bb title_font_size=\u00bb50px\u00bb text_orientation=\u00bbcenter\u00bb custom_margin=\u00bb0px||-12px|\u00bb][\/et_pb_post_title][et_pb_text _builder_version=\u00bb3.27.4&#8243;]<div class=\"mec-wrap mec-skin-grid-container  \" id=\"mec_skin_362\">\r\n    \r\n    <div id=\"mec_search_form_362\" class=\"mec-search-form mec-totalcal-box\"><div class=\"mec-dropdown-wrap\" style=\"display: none;\"><\/div><div class=\"mec-date-search\"><input type=\"hidden\" id=\"mec-filter-none\" value=\"Elegir\">\r\n                    <i class=\"mec-sl-calendar\"><\/i>\r\n                    <select id=\"mec_sf_month_362\"><option class=\"mec-none-item\" value=\"none\" selected=\"selected\">Elegir<\/option><option value=\"01\" >enero<\/option><option value=\"02\" >febrero<\/option><option value=\"03\" >marzo<\/option><option value=\"04\" >abril<\/option><option value=\"05\" >mayo<\/option><option value=\"06\" >junio<\/option><option value=\"07\" >julio<\/option><option value=\"08\" >agosto<\/option><option value=\"09\" >septiembre<\/option><option value=\"10\" >octubre<\/option><option value=\"11\" >noviembre<\/option><option value=\"12\" >diciembre<\/option><\/select><select id=\"mec_sf_year_362\"><option class=\"mec-none-item\" value=\"none\" selected=\"selected\">Elegir<\/option><option value=\"2018\" >2018<\/option><option value=\"2019\" >2019<\/option><option value=\"2020\" >2020<\/option><option value=\"2021\" >2021<\/option><option value=\"2022\" >2022<\/option><option value=\"2023\" >2023<\/option><option value=\"2024\" >2024<\/option><option value=\"2025\" >2025<\/option><option value=\"2026\" >2026<\/option><option value=\"2027\" >2027<\/option><\/select><\/div><\/div>    \r\n            <div class=\"mec-skin-grid-events-container\" id=\"mec_skin_events_362\">\r\n        \n<div class=\"mec-wrap colorskin-custom\">\n\n    <div class=\"mec-event-grid-minimal\">\n\n        <div class=\"row\"><div class=\"col-md-3 col-sm-3\">        <script type=\"application\/ld+json\">\r\n        {\r\n            \"@context\": \"http:\/\/schema.org\",\r\n            \"@type\": \"Event\",\r\n            \"eventStatus\": \"https:\/\/schema.org\/EventScheduled\",\r\n            \"startDate\": \"2018-01-01\",\r\n            \"endDate\": \"2021-11-07\",\r\n            \"eventAttendanceMode\": \"https:\/\/schema.org\/OfflineEventAttendanceMode\",\r\n            \"location\":\r\n            {\r\n                \"@type\": \"Place\",\r\n                                \"name\": \"\",\r\n                \"image\": \"\",\r\n                \"address\": \"\"\r\n                            },\r\n            \"organizer\":\r\n            {\r\n                \"@type\": \"Person\",\r\n                \"name\": \"\",\r\n                \"url\": \"\"\r\n            },\r\n            \"offers\":\r\n            {\r\n                \"url\": \"https:\/\/ccpe.org.ar\/web\/actividades\/cruzar-el-rio-festival-de-artes-escenicas-rosario\/\",\r\n                \"price\": \"\",\r\n                \"priceCurrency\": \"ARS\",\r\n                \"availability\": \"https:\/\/schema.org\/InStock\",\r\n                \"validFrom\": \"2018-01-01T00:00\"\r\n            },\r\n            \"performer\": \"\",\r\n            \"description\": \"&lt;p&gt;&lt;span style=&quot;font-weight: 400;&quot;&gt;Desde el jueves 4 al domingo 7 de noviembre se desarrollar\u00e1 en Rosario la primera edici\u00f3n de &lt;a href=&quot;https:\/\/cruzarelrio.com.ar\/&quot;&gt;Cruzar el R\u00edo Festival Internacional de Artes Esc\u00e9nicas&lt;\/a&gt;. Durante cuatro d\u00edas Rosario se convertir\u00e1 en un gran escenario a la vera del r\u00edo para disfrutar de &lt;a href=&quot;https:\/\/www.youtube.com\/watch?v=IXUuhDKi_XE&amp;feature=youtu.be&quot;&gt;espect\u00e1culos&lt;\/a&gt; para todo p\u00fablico e intercambiar saberes y experiencias entre hacedores de las artes esc\u00e9nicas.&lt;\/span&gt;&lt;br style=&quot;font-weight: 400;&quot; \/&gt;&lt;br style=&quot;font-weight: 400;&quot; \/&gt;&lt;span style=&quot;font-weight: 400;&quot;&gt;Con el objetivo de expandir las producciones locales hacia el mundo y profesionalizar la tarea de quienes trabajan en el sector, &lt;a href=&quot;https:\/\/www.instagram.com\/cruzarelriofestival\/&quot;&gt;Cruzar el R\u00edo&lt;\/a&gt;&lt;a href=&quot;https:\/\/instagram.com\/cruzarelriofestival?utm_medium=copy_link&quot;&gt; Festival&lt;\/a&gt; se propone visibilizar las artes esc\u00e9nicas de la ciudad, potenciar su mercado y generar conocimiento sobre ese campo art\u00edstico. &lt;\/span&gt;&lt;br style=&quot;font-weight: 400;&quot; \/&gt;&lt;br style=&quot;font-weight: 400;&quot; \/&gt;&lt;span style=&quot;font-weight: 400;&quot;&gt;La apertura del festival, con conducci\u00f3n de la reconocida actriz Andrea Fiorino, ser\u00e1 el jueves 4 de noviembre a las 20 h en el Anfiteatro Parque de Espa\u00f1a. Ese mismo d\u00eda y hasta el domingo por la noche en distintas sedes, el p\u00fablico podr\u00e1 disfrutar de un &lt;\/span&gt;&lt;a href=&quot;https:\/\/cruzarelrio.com.ar\/&quot;&gt;circuito de nueve obras&lt;\/a&gt;&lt;span style=&quot;font-weight: 400;&quot;&gt; seleccionadas especialmente para esta primera edici\u00f3n, con un repertorio variado que incluye obras de teatro, teatro de objetos, danza, performances, teatro documental y espect\u00e1culos de circo para las infancias y para p\u00fablico adulto. &lt;\/span&gt;&lt;\/p&gt; &lt;p&gt;&lt;span style=&quot;font-weight: 400;&quot;&gt;Las funciones del festival se desarrollar\u00e1n en cuatro sedes: Galp\u00f3n 15 de la Franja del R\u00edo, Teatro del Centro Cultural Parque de Espa\u00f1a, Centro de Expresiones Contempor\u00e1neas y el Anfiteatro Parque de Espa\u00f1a. Las &lt;\/span&gt;&lt;a href=&quot;https:\/\/cruzarelrio.com.ar\/&quot;&gt;entradas&lt;\/a&gt;&lt;span style=&quot;font-weight: 400;&quot;&gt; para las obras, a precios accesibles, podr\u00e1n adquirirse de manera online a trav\u00e9s del &lt;\/span&gt;&lt;a href=&quot;https:\/\/cruzarelrio.com.ar\/&quot;&gt;sitio web del festival&lt;\/a&gt;&lt;span style=&quot;font-weight: 400;&quot;&gt;. &lt;\/span&gt;&lt;\/p&gt; &lt;p&gt;&lt;span style=&quot;font-weight: 400;&quot;&gt;Durante los cuatro d\u00edas, adem\u00e1s, se desarrollar\u00e1n &lt;a href=&quot;https:\/\/www.instagram.com\/p\/CUsgz6hsvcC\/&quot;&gt;charlas y conversatorios&lt;\/a&gt; para profesionales del sector, para reflexionar sobre la dimensi\u00f3n territorial de las artes esc\u00e9nicas y la expansi\u00f3n de los circuitos teatrales. Asimismo, habr\u00e1 un espacio destinado a potenciar el mercado local, donde realizadores esc\u00e9nicos de la ciudad podr\u00e1n generar encuentros e intercambios con programadores nacionales e internacionales, con el objetivo de impulsar la conquista de nuevas plazas, acceder a nuevos p\u00fablicos y generar m\u00e1s fuentes de trabajo para artistas de la ciudad. &lt;\/span&gt;&lt;br style=&quot;font-weight: 400;&quot; \/&gt;&lt;br style=&quot;font-weight: 400;&quot; \/&gt;&lt;span style=&quot;font-weight: 400;&quot;&gt;Cruzar el R\u00edo es un festival autogestivo creado por &lt;a href=&quot;https:\/\/cruzarelrio.com.ar\/&quot;&gt;cuatro realizadores esc\u00e9nicos locales&lt;\/a&gt; ante la crisis que atraviesan las artes esc\u00e9nicas de la ciudad durante la pandemia. Es salir al encuentro para generar un di\u00e1logo intercultural y promover que las producciones esc\u00e9nicas puedan salir de Rosario al resto del mundo.&lt;\/span&gt;&lt;\/p&gt; &lt;div class=&quot;figure&quot;&gt;&lt;\/div&gt; &lt;p&gt;&lt;strong&gt;En el Centro Cultural Parque de Espa\u00f1a:&lt;\/strong&gt;&lt;\/p&gt; &lt;div class=&quot;figure&quot;&gt;&lt;\/div&gt; &lt;h1&gt;Fausto, o la pasi\u00f3n seg\u00fan Margarita&lt;\/h1&gt; &lt;p&gt;&lt;strong&gt;Jueves 4\/11, 21 hs en el Teatro&lt;\/strong&gt;&lt;br \/&gt;&lt;span style=&quot;font-weight: 400;&quot;&gt;Fausto, viejo y enfermo, se enfrenta a Dios que lo ha olvidado, como olvida a todos los hombres. Lo que natura no da, Salamanca s\u00ed que provee. El Diablo es por un rato su servidor, le restituye la juventud perdida, le trae a una mujer bella y joven: Margarita. Pero al momento de acordar la entrega del alma por los servicios recibidos, Fausto no firma el contrato. &lt;\/span&gt;&lt;\/p&gt; &lt;p&gt;FICHA T\u00c9CNICA&lt;br \/&gt;&lt;span style=&quot;font-weight: 400;&quot;&gt;Act\u00faan: Paula Garc\u00eda Jurado, Anah\u00ed Gonzalez Gras y Edgardo Molinelli &lt;\/span&gt;&lt;br \/&gt;&lt;span style=&quot;font-weight: 400;&quot;&gt;Direcci\u00f3n de arte: Mauro Guzm\u00e1n&lt;\/span&gt;&lt;br \/&gt;&lt;span style=&quot;font-weight: 400;&quot;&gt;Vestuario: Ramiro Sorrequieta&lt;\/span&gt;&lt;br \/&gt;&lt;span style=&quot;font-weight: 400;&quot;&gt;Sonidos grabados: Corcho Corts&lt;\/span&gt;&lt;br \/&gt;&lt;span style=&quot;font-weight: 400;&quot;&gt;Entrenamiento vocal: Angie C\u00e1mpora&lt;\/span&gt;&lt;br \/&gt;&lt;span style=&quot;font-weight: 400;&quot;&gt;Dise\u00f1o gr\u00e1fico: Esteban Goicoechea&lt;\/span&gt;&lt;br \/&gt;&lt;span style=&quot;font-weight: 400;&quot;&gt;Fotograf\u00edas: Guillermo Turin Bootello &lt;\/span&gt;&lt;br \/&gt;&lt;span style=&quot;font-weight: 400;&quot;&gt;Direcci\u00f3n y versi\u00f3n: Gustavo Guirado &lt;\/span&gt;&lt;\/p&gt; &lt;div class=&quot;figure&quot;&gt;&lt;\/div&gt; &lt;h1&gt;Otras Tramas: Circuito comunitario&lt;\/h1&gt; &lt;p&gt;&lt;strong&gt;Viernes 5\/11, 17:30 hs en el T\u00fanel 4&lt;\/strong&gt;&lt;br \/&gt;&lt;span style=&quot;font-weight: 400;&quot;&gt;Este conversatorio propone un espacio de intercambio y reflexi\u00f3n en torno a la dimensi\u00f3n &lt;\/span&gt;&lt;br \/&gt;&lt;span style=&quot;font-weight: 400;&quot;&gt;territorial de las artes esc\u00e9nicas y la expansi\u00f3n de los circuitos teatrales. Pensar los desaf\u00edos de las pr\u00e1cticas culturales cuando buscan cruzar los l\u00edmites geogr\u00e1ficos e institucionales.&lt;\/span&gt;&lt;span style=&quot;font-weight: 400;&quot;&gt;&lt;br \/&gt;&lt;\/span&gt;&lt;span style=&quot;font-weight: 400;&quot;&gt;Estar\u00e1n presentes Hernan Pe\u00f1a y Cielo Pignatta del grupo La Comedia de Hacer Arte, Santiago de Jesus y Paula Drenkard  de \u201cCaravana Teatro\u201d , Mauricio Manchado y Mar\u00eda Chipone.&lt;\/span&gt;&lt;\/p&gt; &lt;div class=&quot;figure&quot;&gt;&lt;\/div&gt; &lt;h1&gt;Otras Tramas: Circuito profesional&lt;\/h1&gt; &lt;p&gt;&lt;strong&gt;S\u00e1bado 6\/11, 10 hs en el T\u00fanel 4&lt;\/strong&gt;&lt;\/p&gt; &lt;div class=&quot;figure&quot;&gt;&lt;\/div&gt; &lt;h1&gt;Cata Esc\u00e9nica&lt;\/h1&gt; &lt;p&gt;&lt;strong&gt;Domingo 7\/11, 11:00 hs en el T\u00fanel 4&lt;\/strong&gt;&lt;br \/&gt;&lt;span style=&quot;font-weight: 400;&quot;&gt;Es un espacio  destinado al encuentro entre realizadores esc\u00e9nicos de la ciudad con programadores y programadoras invitadas. Busca articular la oferta cultural local y la demanda de la regi\u00f3n centro litoral, promoviendo la creaci\u00f3n de  circuitos giras y ciclos de programaci\u00f3n. &lt;\/span&gt;&lt;\/p&gt; &lt;div class=&quot;figure&quot;&gt;&lt;\/div&gt; &lt;h1&gt;Concierto Clap&lt;\/h1&gt; &lt;p&gt;&lt;strong&gt;Domingo 7\/11, 20:00 hs en el Teatro&lt;\/strong&gt;&lt;br \/&gt;&lt;span style=&quot;font-weight: 400;&quot;&gt;Un concierto de c\u00e1mara fuera de lo com\u00fan. Un escenario libre de ornamentos, donde no hay&lt;\/span&gt;&lt;br \/&gt;&lt;span style=&quot;font-weight: 400;&quot;&gt;m\u00e1s instrumentos que los propios cuerpos. El director inicia la ceremonia dando la bienvenida a la audiencia, sin embargo poco dura su cometido. Sus dos compa\u00f1eros se encargar\u00e1n de echar todo a perder entre golpes y ca\u00eddas, desencuentros y melodramas, melod\u00edas y saltos mortales. As\u00ed avanza la velada, en este universo donde el delirio y la precisi\u00f3n se encuentran, arroj\u00e1ndolo todo a un caos irreparable.&lt;\/span&gt;&lt;br \/&gt;&lt;span style=&quot;font-weight: 400;&quot;&gt;\u201cConcierto Clap\u201d es un espect\u00e1culo de circo-teatro, que combina la percusi\u00f3n corporal y las&lt;\/span&gt;&lt;br \/&gt;&lt;span style=&quot;font-weight: 400;&quot;&gt;destrezas acrob\u00e1ticas a trav\u00e9s de la comedia. Una obra que prescinde de la palabra, potencia la expresividad de los cuerpos y logra as\u00ed un producto de entendimiento universal y de car\u00e1cter popular.&lt;\/span&gt;&lt;\/p&gt; &lt;p&gt;&lt;b&gt;FICHA T\u00c9CNICA&lt;\/b&gt;&lt;br \/&gt;&lt;span style=&quot;font-weight: 400;&quot;&gt;Direcci\u00f3n: Opera Clap&lt;\/span&gt;&lt;br \/&gt;&lt;span style=&quot;font-weight: 400;&quot;&gt;Act\u00faan: Manuel Carey, Mariano Gomez Grandis, Javier Casali&lt;\/span&gt;&lt;br \/&gt;&lt;span style=&quot;font-weight: 400;&quot;&gt;Asistencia de direcci\u00f3n: Raul Bruschini&lt;\/span&gt;&lt;br \/&gt;&lt;span style=&quot;font-weight: 400;&quot;&gt;Producci\u00f3n: Opera Clap&lt;\/span&gt;&lt;br \/&gt;&lt;span style=&quot;font-weight: 400;&quot;&gt;T\u00e9cnica en sonido e iluminaci\u00f3n: Francisco Bergamaschi&lt;\/span&gt;&lt;br \/&gt;&lt;span style=&quot;font-weight: 400;&quot;&gt;Dise\u00f1o Gr\u00e1fico: Lima, la imagen de los artistas&lt;\/span&gt;&lt;br \/&gt;&lt;span style=&quot;font-weight: 400;&quot;&gt;Vestuario: Liza Tanoni&lt;\/span&gt;&lt;br \/&gt;&lt;span style=&quot;font-weight: 400;&quot;&gt;M\u00fasica original: Gabriel Botti&lt;\/span&gt;&lt;\/p&gt; &lt;p&gt;&lt;strong&gt;&lt;a href=&quot;https:\/\/cruzarelrio.com.ar\/&quot;&gt;Toda la informaci\u00f3n ac\u00e1&lt;\/a&gt;&lt;\/strong&gt;&lt;\/p&gt; &lt;div class=&quot;figure&quot;&gt;&lt;\/div&gt;  &lt;!-- wp:separator --&gt; &lt;hr class=&quot;wp-block-separator&quot;\/&gt; &lt;!-- \/wp:separator --&gt;  &lt;!-- wp:paragraph {&quot;style&quot;:{&quot;typography&quot;:{&quot;fontSize&quot;:&quot;18px&quot;}}} --&gt; &lt;p style=&quot;font-size:18px&quot;&gt;&lt;strong&gt;Archivo Fotogr\u00e1fico&lt;\/strong&gt;&lt;\/p&gt; &lt;!-- \/wp:paragraph --&gt;  &lt;!-- wp:paragraph --&gt; &lt;div class=&quot;figure&quot;&gt;&lt;\/div&gt; &lt;!-- \/wp:paragraph --&gt;  &lt;!-- wp:html --&gt; &lt;figure class=&quot;wp-block-gallery columns-3 is-cropped&quot;&gt;   &lt;ul class=&quot;blocks-gallery-grid&quot;&gt;     &lt;li class=&quot;blocks-gallery-item&quot;&gt;         &lt;figure&gt;           &lt;a             href=&quot;https:\/\/upload.wikimedia.org\/wikipedia\/commons\/0\/03\/Cruzar_el_r%C3%ADo_-_Apertura.jpg&quot;             &gt;&lt;img               src=&quot;https:\/\/upload.wikimedia.org\/wikipedia\/commons\/0\/03\/Cruzar_el_r%C3%ADo_-_Apertura.jpg&quot;               alt=&quot;&quot;               data-full-url=&quot;https:\/\/upload.wikimedia.org\/wikipedia\/commons\/0\/03\/Cruzar_el_r%C3%ADo_-_Apertura.jpg&quot;               data-link=&quot;https:\/\/upload.wikimedia.org\/wikipedia\/commons\/0\/03\/Cruzar_el_r%C3%ADo_-_Apertura.jpg&quot;           \/&gt;&lt;\/a&gt;           &lt;figcaption class=&quot;blocks-gallery-item__caption&quot;&gt;               Apertura           &lt;\/figcaption&gt;         &lt;\/figure&gt;       &lt;\/li&gt;     &lt;li class=&quot;blocks-gallery-item&quot;&gt;       &lt;figure&gt;         &lt;a           href=&quot;https:\/\/upload.wikimedia.org\/wikipedia\/commons\/d\/d9\/Cruzar_el_r%C3%ADo_-_Fiesta.jpg&quot;           &gt;&lt;img             src=&quot;https:\/\/upload.wikimedia.org\/wikipedia\/commons\/d\/d9\/Cruzar_el_r%C3%ADo_-_Fiesta.jpg&quot;             alt=&quot;&quot;             data-full-url=&quot;https:\/\/upload.wikimedia.org\/wikipedia\/commons\/d\/d9\/Cruzar_el_r%C3%ADo_-_Fiesta.jpg&quot;             data-link=&quot;https:\/\/upload.wikimedia.org\/wikipedia\/commons\/d\/d9\/Cruzar_el_r%C3%ADo_-_Fiesta.jpg&quot;         \/&gt;&lt;\/a&gt;         &lt;figcaption class=&quot;blocks-gallery-item__caption&quot;&gt;             Fiesta         &lt;\/figcaption&gt;       &lt;\/figure&gt;     &lt;\/li&gt;     &lt;li class=&quot;blocks-gallery-item&quot;&gt;       &lt;figure&gt;         &lt;a           href=&quot;https:\/\/upload.wikimedia.org\/wikipedia\/commons\/f\/f9\/Cruzar_el_r%C3%ADo_-_Gauchos_Reversibles.jpg&quot;           &gt;&lt;img             src=&quot;https:\/\/upload.wikimedia.org\/wikipedia\/commons\/f\/f9\/Cruzar_el_r%C3%ADo_-_Gauchos_Reversibles.jpg&quot;             alt=&quot;&quot;             data-full-url=&quot;https:\/\/upload.wikimedia.org\/wikipedia\/commons\/f\/f9\/Cruzar_el_r%C3%ADo_-_Gauchos_Reversibles.jpg&quot;             data-link=&quot;https:\/\/upload.wikimedia.org\/wikipedia\/commons\/f\/f9\/Cruzar_el_r%C3%ADo_-_Gauchos_Reversibles.jpg&quot;         \/&gt;&lt;\/a&gt;         &lt;figcaption class=&quot;blocks-gallery-item__caption&quot;&gt;           Gauchos Reversibles         &lt;\/figcaption&gt;       &lt;\/figure&gt;     &lt;\/li&gt;     &lt;li class=&quot;blocks-gallery-item&quot;&gt;       &lt;figure&gt;         &lt;a           href=&quot;https:\/\/upload.wikimedia.org\/wikipedia\/commons\/6\/63\/Cruzar_el_r%C3%ADo_-_Laurita.jpg&quot;           &gt;&lt;img             src=&quot;https:\/\/upload.wikimedia.org\/wikipedia\/commons\/6\/63\/Cruzar_el_r%C3%ADo_-_Laurita.jpg&quot;             alt=&quot;&quot;             data-full-url=&quot;https:\/\/upload.wikimedia.org\/wikipedia\/commons\/6\/63\/Cruzar_el_r%C3%ADo_-_Laurita.jpg&quot;             data-link=&quot;https:\/\/upload.wikimedia.org\/wikipedia\/commons\/6\/63\/Cruzar_el_r%C3%ADo_-_Laurita.jpg&quot;         \/&gt;&lt;\/a&gt;         &lt;figcaption class=&quot;blocks-gallery-item__caption&quot;&gt;           Laurita         &lt;\/figcaption&gt;       &lt;\/figure&gt;     &lt;\/li&gt;     &lt;li class=&quot;blocks-gallery-item&quot;&gt;         &lt;figure&gt;           &lt;a             href=&quot;https:\/\/upload.wikimedia.org\/wikipedia\/commons\/0\/05\/Cruzar_el_r%C3%ADo_-_Les_nietes_de_marx.jpg&quot;             &gt;&lt;img               src=&quot;https:\/\/upload.wikimedia.org\/wikipedia\/commons\/0\/05\/Cruzar_el_r%C3%ADo_-_Les_nietes_de_marx.jpg&quot;               alt=&quot;&quot;               data-full-url=&quot;https:\/\/upload.wikimedia.org\/wikipedia\/commons\/0\/05\/Cruzar_el_r%C3%ADo_-_Les_nietes_de_marx.jpg&quot;               data-link=&quot;https:\/\/upload.wikimedia.org\/wikipedia\/commons\/0\/05\/Cruzar_el_r%C3%ADo_-_Les_nietes_de_marx.jpg&quot;           \/&gt;&lt;\/a&gt;           &lt;figcaption class=&quot;blocks-gallery-item__caption&quot;&gt;             Les nietes de marx           &lt;\/figcaption&gt;         &lt;\/figure&gt;       &lt;\/li&gt;       &lt;li class=&quot;blocks-gallery-item&quot;&gt;         &lt;figure&gt;           &lt;a             href=&quot;https:\/\/upload.wikimedia.org\/wikipedia\/commons\/9\/9d\/Cruzar_el_r%C3%ADo_-_Opera.jpg&quot;             &gt;&lt;img               src=&quot;https:\/\/upload.wikimedia.org\/wikipedia\/commons\/9\/9d\/Cruzar_el_r%C3%ADo_-_Opera.jpg&quot;               alt=&quot;&quot;               data-full-url=&quot;https:\/\/upload.wikimedia.org\/wikipedia\/commons\/9\/9d\/Cruzar_el_r%C3%ADo_-_Opera.jpg&quot;               data-link=&quot;https:\/\/upload.wikimedia.org\/wikipedia\/commons\/9\/9d\/Cruzar_el_r%C3%ADo_-_Opera.jpg&quot;           \/&gt;&lt;\/a&gt;           &lt;figcaption class=&quot;blocks-gallery-item__caption&quot;&gt;             \u00d3pera           &lt;\/figcaption&gt;         &lt;\/figure&gt;       &lt;\/li&gt;       &lt;li class=&quot;blocks-gallery-item&quot;&gt;         &lt;figure&gt;           &lt;a             href=&quot;https:\/\/upload.wikimedia.org\/wikipedia\/commons\/2\/23\/Cruzar_el_r%C3%ADo_-_Babka.jpg&quot;             &gt;&lt;img               src=&quot;https:\/\/upload.wikimedia.org\/wikipedia\/commons\/2\/23\/Cruzar_el_r%C3%ADo_-_Babka.jpg&quot;               alt=&quot;&quot;               data-full-url=&quot;https:\/\/upload.wikimedia.org\/wikipedia\/commons\/2\/23\/Cruzar_el_r%C3%ADo_-_Babka.jpg&quot;               data-link=&quot;https:\/\/upload.wikimedia.org\/wikipedia\/commons\/2\/23\/Cruzar_el_r%C3%ADo_-_Babka.jpg&quot;           \/&gt;&lt;\/a&gt;           &lt;figcaption class=&quot;blocks-gallery-item__caption&quot;&gt;             Babka           &lt;\/figcaption&gt;         &lt;\/figure&gt;       &lt;\/li&gt;       &lt;li class=&quot;blocks-gallery-item&quot;&gt;         &lt;figure&gt;           &lt;a             href=&quot;https:\/\/upload.wikimedia.org\/wikipedia\/commons\/1\/14\/Cruzar_el_r%C3%ADo_-_Ensayo_sobre_la_perdida.jpg&quot;             &gt;&lt;img               src=&quot;https:\/\/upload.wikimedia.org\/wikipedia\/commons\/1\/14\/Cruzar_el_r%C3%ADo_-_Ensayo_sobre_la_perdida.jpg&quot;               alt=&quot;&quot;               data-full-url=&quot;https:\/\/upload.wikimedia.org\/wikipedia\/commons\/1\/14\/Cruzar_el_r%C3%ADo_-_Ensayo_sobre_la_perdida.jpg&quot;               data-link=&quot;https:\/\/upload.wikimedia.org\/wikipedia\/commons\/1\/14\/Cruzar_el_r%C3%ADo_-_Ensayo_sobre_la_perdida.jpg&quot;           \/&gt;&lt;\/a&gt;           &lt;figcaption class=&quot;blocks-gallery-item__caption&quot;&gt;             Ensayo sobre la p\u00e9rdida           &lt;\/figcaption&gt;         &lt;\/figure&gt;       &lt;\/li&gt;       &lt;li class=&quot;blocks-gallery-item&quot;&gt;         &lt;figure&gt;           &lt;a             href=&quot;https:\/\/upload.wikimedia.org\/wikipedia\/commons\/a\/a8\/Cruzar_el_r%C3%ADo_-_Conversatorios.jpg&quot;             &gt;&lt;img               src=&quot;https:\/\/upload.wikimedia.org\/wikipedia\/commons\/a\/a8\/Cruzar_el_r%C3%ADo_-_Conversatorios.jpg&quot;               alt=&quot;&quot;               data-full-url=&quot;https:\/\/upload.wikimedia.org\/wikipedia\/commons\/a\/a8\/Cruzar_el_r%C3%ADo_-_Conversatorios.jpg&quot;               data-link=&quot;https:\/\/upload.wikimedia.org\/wikipedia\/commons\/a\/a8\/Cruzar_el_r%C3%ADo_-_Conversatorios.jpg&quot;           \/&gt;&lt;\/a&gt;           &lt;figcaption class=&quot;blocks-gallery-item__caption&quot;&gt;             Conversatorios           &lt;\/figcaption&gt;         &lt;\/figure&gt;       &lt;\/li&gt;       &lt;li class=&quot;blocks-gallery-item&quot;&gt;         &lt;figure&gt;           &lt;a             href=&quot;https:\/\/upload.wikimedia.org\/wikipedia\/commons\/6\/6b\/Cruzar_el_r%C3%ADo_-_Conversatorios_1.jpg&quot;             &gt;&lt;img               src=&quot;https:\/\/upload.wikimedia.org\/wikipedia\/commons\/6\/6b\/Cruzar_el_r%C3%ADo_-_Conversatorios_1.jpg&quot;               alt=&quot;&quot;               data-full-url=&quot;https:\/\/upload.wikimedia.org\/wikipedia\/commons\/6\/6b\/Cruzar_el_r%C3%ADo_-_Conversatorios_1.jpg&quot;               data-link=&quot;https:\/\/upload.wikimedia.org\/wikipedia\/commons\/6\/6b\/Cruzar_el_r%C3%ADo_-_Conversatorios_1.jpg&quot;           \/&gt;&lt;\/a&gt;           &lt;figcaption class=&quot;blocks-gallery-item__caption&quot;&gt;             Conversatorios           &lt;\/figcaption&gt;         &lt;\/figure&gt;       &lt;\/li&gt;   &lt;\/ul&gt; &lt;\/figure&gt;  &lt;!-- \/wp:html --&gt;\",\r\n            \"image\": \"https:\/\/ccpe.org.ar\/web\/wp-content\/uploads\/2021\/09\/b_cruzar_el_rio.jpg\",\r\n            \"name\": \"Cruzar el r\u00edo. Festival Internacional de Artes Esc\u00e9nicas Rosario\",\r\n            \"url\": \"https:\/\/ccpe.org.ar\/web\/actividades\/cruzar-el-rio-festival-de-artes-escenicas-rosario\/\"\r\n        }\r\n        <\/script>\r\n        <article data-style=\"\" class=\"mec-past-event mec-event-article mec-clear \" itemscope>\n        \n            <div class=\"mec-event-date mec-bg-color-hover mec-border-color-hover\"><span>01<\/span>Ene<\/div>\n\n            <div class=\"event-detail-wrap\">\n\n                <h4 class=\"mec-event-title\"><a class=\"mec-color-hover\" data-event-id=\"3246\" href=\"https:\/\/ccpe.org.ar\/web\/actividades\/cruzar-el-rio-festival-de-artes-escenicas-rosario\/\">Cruzar el r\u00edo. Festival Internacional de Artes Esc\u00e9nicas Rosario<\/a><span class=\"event-color\" style=\"background: #fdd700\"><\/span><\/h4>\n\n                \n                \n                <div class=\"mec-event-detail\"><div class=\"mec-event-loc-place\"><\/div><\/div>\n\n            <\/div>\n\n        <\/article><\/div>\n        <div class=\"col-md-3 col-sm-3\">        <script type=\"application\/ld+json\">\r\n        {\r\n            \"@context\": \"http:\/\/schema.org\",\r\n            \"@type\": \"Event\",\r\n            \"eventStatus\": \"https:\/\/schema.org\/EventScheduled\",\r\n            \"startDate\": \"2018-01-01\",\r\n            \"endDate\": \"2022-12-30\",\r\n            \"eventAttendanceMode\": \"https:\/\/schema.org\/OfflineEventAttendanceMode\",\r\n            \"location\":\r\n            {\r\n                \"@type\": \"Place\",\r\n                                \"name\": \"\",\r\n                \"image\": \"\",\r\n                \"address\": \"\"\r\n                            },\r\n            \"organizer\":\r\n            {\r\n                \"@type\": \"Person\",\r\n                \"name\": \"\",\r\n                \"url\": \"\"\r\n            },\r\n            \"offers\":\r\n            {\r\n                \"url\": \"https:\/\/ccpe.org.ar\/web\/actividades\/ojo-verde-cine-socioambiental\/\",\r\n                \"price\": \"\",\r\n                \"priceCurrency\": \"ARS\",\r\n                \"availability\": \"https:\/\/schema.org\/InStock\",\r\n                \"validFrom\": \"2018-01-01T00:00\"\r\n            },\r\n            \"performer\": \"\",\r\n            \"description\": \"El CCPE forma parte de la colectiva sin fines de lucro Ojo Verde. Cine socioambiental, integrada por un conjunto de organizaciones gubernamentales, de la sociedad civil y personas independientes que a trav\u00e9s de producciones audiovisuales tiene como objetivo generar un espacio de encuentros para la reflexi\u00f3n y discusi\u00f3n sobre problem\u00e1ticas socioambientales y de derechos humanos para fomentar el esp\u00edritu cr\u00edtico, el intercambio de saberes y difundir investigaciones cient\u00edficas y saberes populares que permitan producir y pensar maneras sustentables de habitar nuestros territorios.    Integran Ojo Verde: Centro Cultural Parque de Espa\u00f1a \/ AMTRAM \/ Museo Provincial de Ciencias Naturales \u201cDr. \u00c1ngel Gallardo\u201d \/ Propuesta Sur \/ Paren de Fumigarnos\/ Biblioteca P\u00fablica Municipal Jos\u00e9 Manuel Estrada\/ Taller de Comunicaci\u00f3n Ambiental \/ Galp\u00f3n 11 \/ Museo de la Memoria \/ y personas comprometidas con las problem\u00e1ticas socioambientales.    &nbsp;    &lt;strong&gt;ACTIVIDADES:&lt;\/strong&gt;  &lt;h5 class=&quot;mec-single-title&quot;&gt;&lt;a href=&quot;https:\/\/ccpe.org.ar\/web\/actividades\/agrotoxicos-una-problematica-socioambiental\/&quot;&gt;AGROT\u00d3XICOS: UNA PROBLEM\u00c1TICA SOCIOAMBIENTAL&lt;\/a&gt;&lt;\/h5&gt;  &lt;h5 class=&quot;mec-single-title&quot;&gt;&lt;a href=&quot;https:\/\/ccpe.org.ar\/web\/actividades\/viaje-fotografico-a-los-pueblos-fumigados\/&quot;&gt;VIAJE FOTOGR\u00c1FICO A LOS PUEBLOS FUMIGADOS&lt;\/a&gt;&lt;\/h5&gt;  &lt;h5 class=&quot;mec-single-title&quot;&gt;&lt;a href=&quot;https:\/\/ccpe.org.ar\/web\/actividades\/humedales-santuarios-esenciales-para-la-vida\/&quot;&gt;HUMEDALES, SANTUARIOS ESENCIALES PARA LA VIDA&lt;\/a&gt;&lt;\/h5&gt;  &lt;h5 class=&quot;mec-single-title&quot;&gt;&lt;a href=&quot;https:\/\/ccpe.org.ar\/web\/actividades\/pueblos-originarios-memoria-y-territorios-restituciones-que-urgen\/&quot;&gt;PUEBLOS ORIGINARIOS, MEMORIA Y TERRITORIOS. RESTITUCIONES QUE URGEN&lt;\/a&gt;&lt;\/h5&gt;  &lt;h5 class=&quot;mec-single-title&quot;&gt;&lt;a href=&quot;https:\/\/ccpe.org.ar\/web\/actividades\/la-vuelta-al-campo-camino-a-la-soberania-alimentaria\/&quot;&gt;LA VUELTA AL CAMPO. CAMINO A LA SOBERAN\u00cdA ALIMENTARIA &lt;\/a&gt;&lt;\/h5&gt;  &lt;h5 class=&quot;mec-single-title&quot;&gt;&lt;a href=&quot;https:\/\/ccpe.org.ar\/web\/aguas-en-conflicto-muestra-another-way\/&quot;&gt;AGUAS EN CONFLICTO. MUESTRA ANOTHER WAY&lt;\/a&gt;&lt;\/h5&gt;  &lt;h5 class=&quot;mec-single-title&quot;&gt;&lt;a href=&quot;https:\/\/ccpe.org.ar\/web\/actividades\/tiempo-de-labranza\/&quot;&gt;AGROECOLOG\u00cdA TIEMPO DE LABRANZA&lt;\/a&gt;&lt;\/h5&gt;  &lt;h5 class=&quot;mec-single-title&quot;&gt;&lt;a href=&quot;https:\/\/ccpe.org.ar\/web\/actividades\/los-huerfanos-del-poopo-cuentos-de-un-lago-desaparecido\/&quot;&gt;LOS HU\u00c9RFANOS DEL POOP\u00d3: CUENTOS DE UN LAGO DESAPARECIDO&lt;\/a&gt;&lt;\/h5&gt;  &lt;h5 class=&quot;mec-single-title&quot;&gt;&lt;a href=&quot;https:\/\/ccpe.org.ar\/web\/actividades\/aguita-y-pacha-pensando-el-cuidado-de-la-casa-comun\/&quot;&gt;AG\u00dcITA Y PACHA. PENSANDO EL CUIDADO DE LA CASA COM\u00daN&lt;\/a&gt;&lt;\/h5&gt;  &lt;h5&gt;&lt;a href=&quot;https:\/\/ccpe.org.ar\/web\/actividades\/gigantes-memorias-resistencias-y-recuperaciones\/&quot;&gt;GIGANTES: &lt;span style=&quot;font-weight: 400;&quot;&gt;MEMORIAS, RESISTENCIAS Y RECUPERACIONES&lt;\/span&gt;&lt;\/a&gt;&lt;\/h5&gt;\",\r\n            \"image\": \"https:\/\/ccpe.org.ar\/web\/wp-content\/uploads\/2021\/09\/b_ojo_verde.jpg\",\r\n            \"name\": \"Ojo Verde. Cine socioambiental\",\r\n            \"url\": \"https:\/\/ccpe.org.ar\/web\/actividades\/ojo-verde-cine-socioambiental\/\"\r\n        }\r\n        <\/script>\r\n        <article data-style=\"\" class=\"mec-past-event mec-event-article mec-clear \" itemscope>\n        \n            <div class=\"mec-event-date mec-bg-color-hover mec-border-color-hover\"><span>01<\/span>Ene<\/div>\n\n            <div class=\"event-detail-wrap\">\n\n                <h4 class=\"mec-event-title\"><a class=\"mec-color-hover\" data-event-id=\"3250\" href=\"https:\/\/ccpe.org.ar\/web\/actividades\/ojo-verde-cine-socioambiental\/\">Ojo Verde. Cine socioambiental<\/a><span class=\"event-color\" style=\"background: #fdd700\"><\/span><\/h4>\n\n                \n                \n                <div class=\"mec-event-detail\"><div class=\"mec-event-loc-place\"><\/div><\/div>\n\n            <\/div>\n\n        <\/article><\/div>\n        \n        <div class=\"col-md-3 col-sm-3\">        <script type=\"application\/ld+json\">\r\n        {\r\n            \"@context\": \"http:\/\/schema.org\",\r\n            \"@type\": \"Event\",\r\n            \"eventStatus\": \"https:\/\/schema.org\/EventScheduled\",\r\n            \"startDate\": \"2019-04-17\",\r\n            \"endDate\": \"2019-04-17\",\r\n            \"eventAttendanceMode\": \"https:\/\/schema.org\/OfflineEventAttendanceMode\",\r\n            \"location\":\r\n            {\r\n                \"@type\": \"Place\",\r\n                                \"name\": \"CCPE\",\r\n                \"image\": \"\",\r\n                \"address\": \"Sarmiento y el r\u00edo Sarmiento, S2000 AHQ, Santa Fe\"\r\n                            },\r\n            \"organizer\":\r\n            {\r\n                \"@type\": \"Person\",\r\n                \"name\": \"\",\r\n                \"url\": \"\"\r\n            },\r\n            \"offers\":\r\n            {\r\n                \"url\": \"https:\/\/ccpe.org.ar\/web\/actividades\/pixel-mapping-para-espectaculos\/\",\r\n                \"price\": \"5000\",\r\n                \"priceCurrency\": \"ARS\",\r\n                \"availability\": \"https:\/\/schema.org\/InStock\",\r\n                \"validFrom\": \"2019-04-17T00:00\"\r\n            },\r\n            \"performer\": \"\",\r\n            \"description\": \"&lt;p dir=&quot;ltr&quot;&gt;&lt;span style=&quot;color: #000000;&quot;&gt;Curso intensivo organizado por el Centro Argentino de la Luz, a cargo de Andr\u00e9s \u00c1lvarez (tambi\u00e9n conocido como C4) que abordar\u00e1 distintas aproximaciones te\u00f3ricas y pr\u00e1cticas imprescindibles para entender la tecnolog\u00eda de pixel mapping aplicada al espect\u00e1culo. Est\u00e1 destinado a todo aquel que est\u00e9 interesado en la disciplina, sin necesidad de contar con conocimientos previos.&lt;\/span&gt;&lt;\/p&gt;  &lt;p dir=&quot;ltr&quot;&gt;&lt;span style=&quot;color: #000000;&quot;&gt;Durante el taller los asistentes podr\u00e1n desarrollar un proyecto propio o uno propuesto por el capacitador. Se abordar\u00e1n los siguientes contenidos: teor\u00eda general sobre electr\u00f3nica b\u00e1sica; iluminaci\u00f3n b\u00e1sica, composici\u00f3n de colores; tipo de emisores de luz, diodos, mezclas de colores, p\u00edxeles digitales; programas para pixel mapping, resolume \/ jinx, protocolos DMX, artnet; pr\u00e1ctica con interfaces y leds WS2811.&lt;\/span&gt;&lt;\/p&gt;  &lt;p dir=&quot;ltr&quot;&gt;&lt;span style=&quot;color: #000000;&quot;&gt;Andr\u00e9s \u00c1lvarez trabaja en forma freelance en el \u00e1rea de video y new media arts. Desde el a\u00f1o 2003 se desempe\u00f1a como VJ lo que le permite experimentar e investigar constantemente el cruce entre m\u00fasica, iluminaci\u00f3n y video. El desarrollo continuo de esta actividad le ha permitido indagar y perfeccionar las t\u00e9cnicas de video utilizando diversas plataformas y softwares como vvvv, modul8, After Effects, 3dsMax, y hardware como wiimote, kinect y arduino.&lt;\/span&gt;&lt;\/p&gt;  &lt;span style=&quot;color: #000000;&quot;&gt;&lt;strong&gt;Duraci\u00f3n del taller: desde el 17 de abril al 12 de junio, 8 clases (una por semana) los d\u00edas mi\u00e9rcoles de 18 a 21 h.&lt;\/strong&gt;&lt;\/span&gt;  &lt;span style=&quot;color: #000000;&quot;&gt;&lt;strong&gt;Costo en cuotas: $5000. Descuento del 20% por pago \u00fanico.&lt;\/strong&gt;&lt;\/span&gt;  &lt;span style=&quot;color: #000000;&quot;&gt;Matr\u00edcula y certificaci\u00f3n bonificada.&lt;\/span&gt;  &lt;span style=&quot;color: #000000;&quot;&gt;Consultas por cuotas y modalidades de pago aqu\u00ed: centroargentinodelaluz@gmail.com o v\u00eda Whatsapp +54 9 341 3192484&lt;\/span&gt;    &lt;span style=&quot;color: #000000;&quot;&gt;&lt;strong&gt;El Centro Cultural Parque de Espa\u00f1a otorgar\u00e1 dos becas completas. Para solicitarlas, &lt;a style=&quot;color: #000000;&quot; href=&quot;https:\/\/docs.google.com\/forms\/d\/e\/1FAIpQLSe-HizBlmo6tulZor_DN0wpQrEIf6FluTcaFYNtzPZEY4bvpA\/viewform?usp=sf_link&quot; target=&quot;_blank&quot; rel=&quot;noopener noreferrer&quot;&gt;completar este formulario.&lt;\/a&gt;&lt;\/strong&gt;&lt;\/span&gt;  &lt;span style=&quot;color: #000000;&quot;&gt;La recepci\u00f3n de solicitudes de becas tiene como fecha l\u00edmite el domingo 7 de abril y el resultado de la selecci\u00f3n se informar\u00e1 en el curso de la semana siguiente.&lt;\/span&gt;  &lt;span style=&quot;color: #000000;&quot;&gt;Para m\u00e1s informaci\u00f3n escribir a info@ccpe.org.ar.&lt;\/span&gt;\",\r\n            \"image\": \"https:\/\/ccpe.org.ar\/web\/wp-content\/uploads\/2019\/04\/Pixel-Mapping-2018-3.jpg\",\r\n            \"name\": \"Pixel Mapping para espect\u00e1culos\",\r\n            \"url\": \"https:\/\/ccpe.org.ar\/web\/actividades\/pixel-mapping-para-espectaculos\/\"\r\n        }\r\n        <\/script>\r\n        <article data-style=\"\" class=\"mec-past-event mec-event-article mec-clear \" itemscope>\n        \n            <div class=\"mec-event-date mec-bg-color-hover mec-border-color-hover\"><span>17<\/span>Abr<\/div>\n\n            <div class=\"event-detail-wrap\">\n\n                <h4 class=\"mec-event-title\"><a class=\"mec-color-hover\" data-event-id=\"210\" href=\"https:\/\/ccpe.org.ar\/web\/actividades\/pixel-mapping-para-espectaculos\/\">Pixel Mapping para espect\u00e1culos<\/a><span class=\"event-color\" style=\"background: #fdd700\"><\/span><\/h4>\n\n                \n                \n                <div class=\"mec-event-detail\"><div class=\"mec-event-loc-place\">CCPE<\/div><\/div>\n\n            <\/div>\n\n        <\/article><\/div>\n        \n        <div class=\"col-md-3 col-sm-3\">        <script type=\"application\/ld+json\">\r\n        {\r\n            \"@context\": \"http:\/\/schema.org\",\r\n            \"@type\": \"Event\",\r\n            \"eventStatus\": \"https:\/\/schema.org\/EventScheduled\",\r\n            \"startDate\": \"2019-04-26\",\r\n            \"endDate\": \"2019-04-30\",\r\n            \"eventAttendanceMode\": \"https:\/\/schema.org\/OfflineEventAttendanceMode\",\r\n            \"location\":\r\n            {\r\n                \"@type\": \"Place\",\r\n                                \"name\": \"Rosario\",\r\n                \"image\": \"\",\r\n                \"address\": \"Rosario, Santa Fe\"\r\n                            },\r\n            \"organizer\":\r\n            {\r\n                \"@type\": \"Person\",\r\n                \"name\": \"\",\r\n                \"url\": \"\"\r\n            },\r\n            \"offers\":\r\n            {\r\n                \"url\": \"https:\/\/ccpe.org.ar\/web\/actividades\/comienza-a-circular-la-ronda-cultural-de-transporte-urbano\/\",\r\n                \"price\": \"\",\r\n                \"priceCurrency\": \"ARS\",\r\n                \"availability\": \"https:\/\/schema.org\/InStock\",\r\n                \"validFrom\": \"2019-04-26T00:00\"\r\n            },\r\n            \"performer\": \"\",\r\n            \"description\": \"Desde el viernes 26 de abril, a las 18, comenzar\u00e1 a circular la Ronda Cultural, un servicio que conectar\u00e1 numerosos puntos de inter\u00e9s de la cultura rosarina y de convocatoria masiva de ciudadanos tales como teatros, museos, el Anfiteatro, parques, la Franja del R\u00edo, el Monumento a la Bandera y la Estaci\u00f3n Fluvial, el Centro Cultural Parque de Espa\u00f1a, entre otros.    El funcionamiento estar\u00e1 a cargo de la empresa Movi con la intenci\u00f3n de acompa\u00f1ar las diferentes expresiones art\u00edsticas, educativas y culturales que tienen lugar en la ciudad, permitiendo conectar lugares emblem\u00e1ticos y de afluencia masiva de personas.    El recorrido de la Ronda atraviesa el \u00e1rea central, tomando calle Est\u00e9vez Boero, Paseo de las Artes, Brigadier L\u00f3pez, Balcarce, San Lorenzo, Paraguay, San Luis, Laprida, Montevideo, Diario La Capital, avenida de la Libertad, Belgrano, R. Dom\u00ednguez y Los Inmigrantes.    La Municipalidad de Rosario trabaja de forma constante y contin\u00faa en ampliar la cobertura y mejorar la conectividad del servicio p\u00fablico de transporte, acompa\u00f1ando nuevos desarrollos urbanos y el crecimiento de la ciudad. El nacimiento de la Franja del R\u00edo, un territorio m\u00faltiple e intenso de la cultura rosarina, gener\u00f3 que esta nueva prestaci\u00f3n se transforme en un requerimiento tanto por quienes habitan la ciudad, como por los miles turistas que visitan Rosario.    &lt;a href=&quot;https:\/\/www.rosario.gob.ar\/web\/servicios\/movilidad\/transportes\/transporte-urbano-de-pasajeros\/nuevos-coches-y-mas-paradas#cultural&quot;&gt;M\u00e1s informaci\u00f3n y recorridos aqu\u00ed&lt;\/a&gt;\",\r\n            \"image\": \"https:\/\/ccpe.org.ar\/web\/wp-content\/uploads\/2019\/05\/ronda-cultural-bus-750x364.jpg\",\r\n            \"name\": \"Comienza a circular la Ronda Cultural de transporte urbano\",\r\n            \"url\": \"https:\/\/ccpe.org.ar\/web\/actividades\/comienza-a-circular-la-ronda-cultural-de-transporte-urbano\/\"\r\n        }\r\n        <\/script>\r\n        <article data-style=\"\" class=\"mec-past-event mec-event-article mec-clear \" itemscope>\n        \n            <div class=\"mec-event-date mec-bg-color-hover mec-border-color-hover\"><span>26<\/span>Abr<\/div>\n\n            <div class=\"event-detail-wrap\">\n\n                <h4 class=\"mec-event-title\"><a class=\"mec-color-hover\" data-event-id=\"268\" href=\"https:\/\/ccpe.org.ar\/web\/actividades\/comienza-a-circular-la-ronda-cultural-de-transporte-urbano\/\">Comienza a circular la Ronda Cultural de transporte urbano<\/a><span class=\"event-color\" style=\"background: #fdd700\"><\/span><\/h4>\n\n                \n                \n                <div class=\"mec-event-detail\"><div class=\"mec-event-loc-place\">Rosario<\/div><\/div>\n\n            <\/div>\n\n        <\/article><\/div><\/div>\n        \n        <div class=\"row\"><div class=\"col-md-3 col-sm-3\">        <script type=\"application\/ld+json\">\r\n        {\r\n            \"@context\": \"http:\/\/schema.org\",\r\n            \"@type\": \"Event\",\r\n            \"eventStatus\": \"https:\/\/schema.org\/EventScheduled\",\r\n            \"startDate\": \"2019-05-08\",\r\n            \"endDate\": \"2019-05-08\",\r\n            \"eventAttendanceMode\": \"https:\/\/schema.org\/OfflineEventAttendanceMode\",\r\n            \"location\":\r\n            {\r\n                \"@type\": \"Place\",\r\n                                \"name\": \"Galer\u00edas\",\r\n                \"image\": \"\",\r\n                \"address\": \"Sarmiento y el r\u00edo Sarmiento, S2000 AHQ, Santa Fe\"\r\n                            },\r\n            \"organizer\":\r\n            {\r\n                \"@type\": \"Person\",\r\n                \"name\": \"\",\r\n                \"url\": \"\"\r\n            },\r\n            \"offers\":\r\n            {\r\n                \"url\": \"https:\/\/ccpe.org.ar\/web\/actividades\/n-puente-de-papel-edicion-a-dos-orillas-los-libros-del-zorro-rojo-2004-2019\/\",\r\n                \"price\": \"\",\r\n                \"priceCurrency\": \"ARS\",\r\n                \"availability\": \"https:\/\/schema.org\/InStock\",\r\n                \"validFrom\": \"2019-05-08T00:00\"\r\n            },\r\n            \"performer\": \"\",\r\n            \"description\": \"&lt;h5&gt;Un puente de papel: edici\u00f3n a dos orillas. Los Libros del Zorro Rojo (2004-2019)&lt;\/h5&gt;  El reconocido sello que une Espa\u00f1a y Argentina cumple 15 a\u00f1os y lo celebra con una muestra que sigue el derrotero de esta aventura ultramarina. La propuesta es un recorrido por los hitos de esta editorial de culto para grandes y chicos. Textos sorprendentes, ilustraciones \u00fanicas y la invitaci\u00f3n a vivir la lectura como una experiencia sensorial, para disfrutar con todos los sentidos.    Fundada en 2004 en Barcelona, Libros del Zorro Rojo es una editorial independiente especializada en libros ilustrados y libros-\u00e1lbum para ni\u00f1os, j\u00f3venes y adultos. En su cat\u00e1logo destacan reconocidos autores e ilustradores internacionales. Con m\u00e1s de 160 obras publicadas, sus directores, los argentinos Sebasti\u00e1n Garc\u00eda Schnetzer y Fernando Diego Garc\u00eda, recibieron en 2011 el Premio Nacional a la Mejor Labor Editorial, otorgado por el Ministerio de Cultura de Espa\u00f1a y en 2015 el Premio a la Mejor Editorial Europea en la Feria de Bolonia    &lt;strong&gt;Inauguraci\u00f3n: viernes 26\/04, 19 h.&lt;\/strong&gt;  &lt;strong&gt;Hasta el domingo 26\/05&lt;\/strong&gt;  &lt;strong&gt;De martes a domingo, de 15 a 19 h.&lt;\/strong&gt;  &lt;strong&gt;Mi\u00e9rcoles gratis. Jueves gratis para estudiantes&lt;\/strong&gt;\",\r\n            \"image\": \"https:\/\/ccpe.org.ar\/web\/wp-content\/uploads\/2019\/04\/IMG_1013.jpg\",\r\n            \"name\": \"Un puente de papel: edici\u00f3n a dos orillas.\",\r\n            \"url\": \"https:\/\/ccpe.org.ar\/web\/actividades\/n-puente-de-papel-edicion-a-dos-orillas-los-libros-del-zorro-rojo-2004-2019\/\"\r\n        }\r\n        <\/script>\r\n        <article data-style=\"\" class=\"mec-past-event mec-event-article mec-clear \" itemscope>\n        \n            <div class=\"mec-event-date mec-bg-color-hover mec-border-color-hover\"><span>08<\/span>May<\/div>\n\n            <div class=\"event-detail-wrap\">\n\n                <h4 class=\"mec-event-title\"><a class=\"mec-color-hover\" data-event-id=\"266\" href=\"https:\/\/ccpe.org.ar\/web\/actividades\/n-puente-de-papel-edicion-a-dos-orillas-los-libros-del-zorro-rojo-2004-2019\/\">Un puente de papel: edici\u00f3n a dos orillas.<\/a><span class=\"event-color\" style=\"background: #fdd700\"><\/span><\/h4>\n\n                \n                \n                <div class=\"mec-event-detail\"><div class=\"mec-event-loc-place\">Galer\u00edas<\/div><\/div>\n\n            <\/div>\n\n        <\/article><\/div>\n        \n        <div class=\"col-md-3 col-sm-3\">        <script type=\"application\/ld+json\">\r\n        {\r\n            \"@context\": \"http:\/\/schema.org\",\r\n            \"@type\": \"Event\",\r\n            \"eventStatus\": \"https:\/\/schema.org\/EventScheduled\",\r\n            \"startDate\": \"2019-05-12\",\r\n            \"endDate\": \"2019-05-12\",\r\n            \"eventAttendanceMode\": \"https:\/\/schema.org\/OfflineEventAttendanceMode\",\r\n            \"location\":\r\n            {\r\n                \"@type\": \"Place\",\r\n                                \"name\": \"CCPE\",\r\n                \"image\": \"\",\r\n                \"address\": \"Sarmiento y el r\u00edo Sarmiento, S2000 AHQ, Santa Fe\"\r\n                            },\r\n            \"organizer\":\r\n            {\r\n                \"@type\": \"Person\",\r\n                \"name\": \"\",\r\n                \"url\": \"\"\r\n            },\r\n            \"offers\":\r\n            {\r\n                \"url\": \"https:\/\/ccpe.org.ar\/web\/actividades\/descubriendo-el-ccpe-open-house-rosario\/\",\r\n                \"price\": \"\",\r\n                \"priceCurrency\": \"ARS\",\r\n                \"availability\": \"https:\/\/schema.org\/InStock\",\r\n                \"validFrom\": \"2019-05-12T00:00\"\r\n            },\r\n            \"performer\": \"\",\r\n            \"description\": \"&lt;p&gt;El Centro Cultural Parque de Espa\u00f1a formar\u00e1 parte de Open House Rosario, un festival anual de arquitectura nacido en Londres, presente hoy en 43 ciudades del mundo y que llega a esta ciudad por segunda vez. Este a\u00f1o, luego del \u00e9xito de la edici\u00f3n pasada, vuelve a abrir las puertas para que tengas la posibilidad de seguir conociendo y recorriendo, de forma gratuita, edificios de gran valor arquitect\u00f3nico que habitualmente est\u00e1n cerrados al p\u00fablico. &lt;strong&gt;El CCPE podr\u00e1 visitarse de 9 a 13 y de 14 a 18. Gratis.&lt;\/strong&gt;&lt;\/p&gt;  &lt;!-- \/wp:paragraph --&gt;    &lt;!-- wp:paragraph --&gt;  &lt;p&gt;El Complejo Cultural Parque de Espa\u00f1a es una instituci\u00f3n p\u00fablica de car\u00e1cter mixto que abri\u00f3 sus puertas en 1992. Proyecto del urbanista catal\u00e1n Oriol Bohigas el edificio fue desarrollado por el arquitecto rosarino Horacio Quiroga. Construido a partir de una serie de pasajes del ferrocarril del \u00faltimo tercio del siglo XIX, sobre el viejo puerto de la ciudad, el CCPE cuenta con un teatro con capacidad para 500 personas y cinco t\u00faneles; tres de ellos refuncionalizados como galer\u00edas de arte. El T\u00fanel 4, una confortable sala con un aforo de 130 personas, ideal para espect\u00e1culos de peque\u00f1o formato. En el \u00faltimo t\u00fanel funcionan las oficinas de administraci\u00f3n y la Mediateca, un hermoso y vers\u00e1til  espacio para actividades con formato de curso o taller.&lt;\/p&gt;  &lt;!-- \/wp:paragraph --&gt;    &lt;!-- wp:paragraph --&gt;  &lt;p&gt;De la obra arquitect\u00f3nica, que a la distancia se adivina como una gran embarcaci\u00f3n anclada a orillas del Paran\u00e1, se destaca ante todo la interesante ubicaci\u00f3n que propone, de frente al r\u00edo, lo que la convierte en instituci\u00f3n se\u00f1era en la pol\u00edtica de recuperaci\u00f3n de la costa como espacio p\u00fablico. El CCPE abri\u00f3 camino a un extenso proceso de transformaciones urbano-arquitect\u00f3nicos que Rosario viene llevando a cabo en su frente fluvial desde hace m\u00e1s de 20 a\u00f1os. &lt;\/p&gt;\",\r\n            \"image\": \"https:\/\/ccpe.org.ar\/web\/wp-content\/uploads\/2019\/07\/aereaccpe.jpeg\",\r\n            \"name\": \"Open House Rosario\",\r\n            \"url\": \"https:\/\/ccpe.org.ar\/web\/actividades\/descubriendo-el-ccpe-open-house-rosario\/\"\r\n        }\r\n        <\/script>\r\n        <article data-style=\"\" class=\"mec-past-event mec-event-article mec-clear \" itemscope>\n        \n            <div class=\"mec-event-date mec-bg-color-hover mec-border-color-hover\"><span>12<\/span>May<\/div>\n\n            <div class=\"event-detail-wrap\">\n\n                <h4 class=\"mec-event-title\"><a class=\"mec-color-hover\" data-event-id=\"211\" href=\"https:\/\/ccpe.org.ar\/web\/actividades\/descubriendo-el-ccpe-open-house-rosario\/\">Open House Rosario<\/a><span class=\"event-color\" style=\"background: #fdd700\"><\/span><\/h4>\n\n                \n                \n                <div class=\"mec-event-detail\"><div class=\"mec-event-loc-place\">CCPE<\/div><\/div>\n\n            <\/div>\n\n        <\/article><\/div>\n        \n        <div class=\"col-md-3 col-sm-3\">        <script type=\"application\/ld+json\">\r\n        {\r\n            \"@context\": \"http:\/\/schema.org\",\r\n            \"@type\": \"Event\",\r\n            \"eventStatus\": \"https:\/\/schema.org\/EventScheduled\",\r\n            \"startDate\": \"2019-05-15\",\r\n            \"endDate\": \"2019-05-15\",\r\n            \"eventAttendanceMode\": \"https:\/\/schema.org\/OfflineEventAttendanceMode\",\r\n            \"location\":\r\n            {\r\n                \"@type\": \"Place\",\r\n                                \"name\": \"CCPE\",\r\n                \"image\": \"\",\r\n                \"address\": \"Sarmiento y el r\u00edo Sarmiento, S2000 AHQ, Santa Fe\"\r\n                            },\r\n            \"organizer\":\r\n            {\r\n                \"@type\": \"Person\",\r\n                \"name\": \"\",\r\n                \"url\": \"\"\r\n            },\r\n            \"offers\":\r\n            {\r\n                \"url\": \"https:\/\/ccpe.org.ar\/web\/actividades\/hija-de-la-laguna-cine-debate-con-gafas-ecofeministas\/\",\r\n                \"price\": \"\",\r\n                \"priceCurrency\": \"ARS\",\r\n                \"availability\": \"https:\/\/schema.org\/InStock\",\r\n                \"validFrom\": \"2019-05-15T00:00\"\r\n            },\r\n            \"performer\": \"\",\r\n            \"description\": \"&lt;p dir=&quot;ltr&quot;&gt;Primer encuentro del ciclo anual que tiene el objetivo de rescatar y hacer visibles los testimonios y el trabajo de las mujeres por la defensa de la naturaleza y los territorios mediante la proyecci\u00f3n de cortometrajes, documentales y pel\u00edculas, enmarcados en luchas socioambientales que tienen a mujeres como protagonistas. Cada encuentro contar\u00e1 con un panel de especialistas en los temas abordados y un espacio de debate y reflexi\u00f3n colectiva. En esta ocasi\u00f3n, participar\u00e1n Claudia Gotta y Luc\u00eda Andreozzi.&lt;\/p&gt;  &lt;p dir=&quot;ltr&quot;&gt;&lt;strong&gt;&lt;em&gt;Hija de la Laguna&lt;\/em&gt;&lt;\/strong&gt; (2015, 87 min.), de Ernesto Cabellos, es un acercamiento a la lucha de la poblaci\u00f3n de Cajamarca (Per\u00fa) contra una empresa minera en defensa del agua y el territorio. Esta historia est\u00e1 protagonizada por N\u00e9lida, una campesina con una fuerte conexi\u00f3n con la naturaleza, que emigr\u00f3 a la ciudad para estudiar Derecho con el \u00fanico fin de defender a su comunidad y a las lagunas de la voracidad del modelo extractivista.&lt;\/p&gt;  &lt;p dir=&quot;ltr&quot;&gt;Organizamos con el \u00c1rea Ecofeminismo del Taller Ecologista.&lt;\/p&gt;  &lt;p dir=&quot;ltr&quot;&gt;&lt;strong&gt;Gratis.&lt;\/strong&gt;&lt;\/p&gt;  &lt;p dir=&quot;ltr&quot;&gt;&lt;strong&gt;Inscripci\u00f3n previa en el siguiente link: https:\/\/forms.gle\/Wh1S54GUdJoqaZeX7&lt;\/strong&gt;&lt;\/p&gt;  &lt;p dir=&quot;ltr&quot;&gt;&lt;strong&gt;Por consultas escribir a: ecofeminismo.tallerecologista@gmail.com&lt;\/strong&gt;&lt;\/p&gt;  &lt;p dir=&quot;ltr&quot;&gt;&lt;strong&gt;Claudia Gotta&lt;\/strong&gt; es Profesora de Ense\u00f1anza Media y Superior en Historia - Licenciada en Historia (UNR). Especialista en Educaci\u00f3n en Ambiente para el Desarrollo Sustentable (UNComahue). Tiene a su cargo la c\u00e1tedra: Historia de Am\u00e9rica I, y es profesora adjunta en la C\u00e1tedra: Extensi\u00f3n, Territorio y organizaciones sociales (UNR). Creadora y Coordinadora Acad\u00e9mica de la C\u00e1tedra Libre: \u201cSaberes, creencias y luchas de los Pueblos Originarios\u201d (UNR). Creadora y Asesora Acad\u00e9mica del Programa Intercultural para Estudiantes de Pueblos Originarios (UNR). Miembro fundador y Coordinadora General del Centro de Estudios: \u201cEspacio, Memoria e Identidad\u201d (CEEMI) (UNR). Presidenta de la Asamblea Permanente por los Derechos Humanos (APDH) Regional Rosario. Secretaria Nacional de Pueblos Originarios de la Asamblea Permanente por los Derechos Humanos (APDH Argentina).&lt;\/p&gt;  &lt;p dir=&quot;ltr&quot;&gt;&lt;strong&gt;Luc\u00eda Andreozzi&lt;\/strong&gt; es docente en el Taller de Estad\u00edsticas Oficiales de la Licenciatura en Estad\u00edstica y en el Seminario Sustentabilidad del Desarrollo. G\u00e9nero, Ecolog\u00eda e Igualdad Sociecon\u00f3mica de la Licenciatura en Econom\u00eda (UNR). Becaria Posdoctoral CONICET. Se gradu\u00f3 en Estad\u00edstica en el a\u00f1o 2009 y fue becaria de iniciaci\u00f3n en la investigaci\u00f3n del CIUNR.&lt;\/p&gt;  &lt;p dir=&quot;ltr&quot;&gt;&lt;strong&gt;Taller Ecologista&lt;\/strong&gt; es una organizaci\u00f3n socioambiental sin fines de lucro, aut\u00f3noma y autogestiva, con 33 a\u00f1os de trabajo ininterrumpido. Naci\u00f3 en 1985 en Rosario y trabaja desde una perspectiva socioambiental en la defensa y preservaci\u00f3n del ambiente de manera integral. Conjugando los problemas sociales, pol\u00edticos y econ\u00f3micos con el respeto por los derechos humanos, se propone promover sociedades sustentables y una cultura ecol\u00f3gica de la igualdad.&lt;\/p&gt;  &lt;p dir=&quot;ltr&quot;&gt;&lt;strong&gt;El \u00c1rea Ecofeminismo de Taller Ecologista&lt;\/strong&gt; nace en 2016 en el 31\u00ba Encuentro Nacional de Mujeres realizado en Rosario. Est\u00e1 conformada por mujeres militantes que tienen como horizonte la construcci\u00f3n de un feminismo popular, decolonial, anticapitalista y antipatriarcal. Por medio de diversas actividades y proyectos, en un di\u00e1logo constante entre feminismo y ecologismo, se propone desterrar el patriarcado de la mirada colectiva, desnaturalizar la divisi\u00f3n sexual del trabajo y poner en relieve la sostenibilidad de la vida para construir as\u00ed una vida que merezca ser vivida.&lt;\/p&gt;\",\r\n            \"image\": \"https:\/\/ccpe.org.ar\/web\/wp-content\/uploads\/2019\/05\/hija-de-la-laguna.jpg\",\r\n            \"name\": \"Hija de la laguna. Cine-debate con gafas ecofeministas.\",\r\n            \"url\": \"https:\/\/ccpe.org.ar\/web\/actividades\/hija-de-la-laguna-cine-debate-con-gafas-ecofeministas\/\"\r\n        }\r\n        <\/script>\r\n        <article data-style=\"\" class=\"mec-past-event mec-event-article mec-clear \" itemscope>\n        \n            <div class=\"mec-event-date mec-bg-color-hover mec-border-color-hover\"><span>15<\/span>May<\/div>\n\n            <div class=\"event-detail-wrap\">\n\n                <h4 class=\"mec-event-title\"><a class=\"mec-color-hover\" data-event-id=\"271\" href=\"https:\/\/ccpe.org.ar\/web\/actividades\/hija-de-la-laguna-cine-debate-con-gafas-ecofeministas\/\">Hija de la laguna. Cine-debate con gafas ecofeministas.<\/a><span class=\"event-color\" style=\"background: #fdd700\"><\/span><\/h4>\n\n                \n                \n                <div class=\"mec-event-detail\"><div class=\"mec-event-loc-place\">CCPE<\/div><\/div>\n\n            <\/div>\n\n        <\/article><\/div>\n        \n        <div class=\"col-md-3 col-sm-3\">        <script type=\"application\/ld+json\">\r\n        {\r\n            \"@context\": \"http:\/\/schema.org\",\r\n            \"@type\": \"Event\",\r\n            \"eventStatus\": \"https:\/\/schema.org\/EventScheduled\",\r\n            \"startDate\": \"2019-05-16\",\r\n            \"endDate\": \"2019-05-18\",\r\n            \"eventAttendanceMode\": \"https:\/\/schema.org\/OfflineEventAttendanceMode\",\r\n            \"location\":\r\n            {\r\n                \"@type\": \"Place\",\r\n                                \"name\": \"CCPE\",\r\n                \"image\": \"\",\r\n                \"address\": \"Sarmiento y el r\u00edo Sarmiento, S2000 AHQ, Santa Fe\"\r\n                            },\r\n            \"organizer\":\r\n            {\r\n                \"@type\": \"Person\",\r\n                \"name\": \"\",\r\n                \"url\": \"\"\r\n            },\r\n            \"offers\":\r\n            {\r\n                \"url\": \"https:\/\/ccpe.org.ar\/web\/actividades\/pensamiento-contemporaneo-un-festival-anfibio\/\",\r\n                \"price\": \"\",\r\n                \"priceCurrency\": \"ARS\",\r\n                \"availability\": \"https:\/\/schema.org\/InStock\",\r\n                \"validFrom\": \"2019-05-16T00:00\"\r\n            },\r\n            \"performer\": \"\",\r\n            \"description\": \"&lt;p dir=&quot;ltr&quot;&gt;El festival de esencia anfibia busca escapar de los formatos ret\u00f3ricos de las intervenciones p\u00fablicas. Las mesas compuestas por representantes de diversas disciplinas estar\u00e1n coordinadas por personalidades de la cultura capaces de poner en acci\u00f3n una conversaci\u00f3n \u00e1gil y vibrante sobre grandes temas del pensamiento contempor\u00e1neo.&lt;\/p&gt;\",\r\n            \"image\": \"https:\/\/ccpe.org.ar\/web\/wp-content\/uploads\/2019\/05\/a_anfibia-v-380x475.jpg\",\r\n            \"name\": \"Pensamiento Contempor\u00e1neo. Un festival anfibio\",\r\n            \"url\": \"https:\/\/ccpe.org.ar\/web\/actividades\/pensamiento-contemporaneo-un-festival-anfibio\/\"\r\n        }\r\n        <\/script>\r\n        <article data-style=\"\" class=\"mec-past-event mec-event-article mec-clear \" itemscope>\n        \n            <div class=\"mec-event-date mec-bg-color-hover mec-border-color-hover\"><span>16<\/span>May<\/div>\n\n            <div class=\"event-detail-wrap\">\n\n                <h4 class=\"mec-event-title\"><a class=\"mec-color-hover\" data-event-id=\"273\" href=\"https:\/\/ccpe.org.ar\/web\/actividades\/pensamiento-contemporaneo-un-festival-anfibio\/\">Pensamiento Contempor\u00e1neo. Un festival anfibio<\/a><span class=\"event-color\" style=\"background: #fdd700\"><\/span><\/h4>\n\n                \n                \n                <div class=\"mec-event-detail\"><div class=\"mec-event-loc-place\">CCPE<\/div><\/div>\n\n            <\/div>\n\n        <\/article><\/div><\/div>\n        <div class=\"row\"><div class=\"col-md-3 col-sm-3\">        <script type=\"application\/ld+json\">\r\n        {\r\n            \"@context\": \"http:\/\/schema.org\",\r\n            \"@type\": \"Event\",\r\n            \"eventStatus\": \"https:\/\/schema.org\/EventScheduled\",\r\n            \"startDate\": \"2019-05-16\",\r\n            \"endDate\": \"2019-05-18\",\r\n            \"eventAttendanceMode\": \"https:\/\/schema.org\/OfflineEventAttendanceMode\",\r\n            \"location\":\r\n            {\r\n                \"@type\": \"Place\",\r\n                                \"name\": \"CCPE\",\r\n                \"image\": \"\",\r\n                \"address\": \"Sarmiento y el r\u00edo Sarmiento, S2000 AHQ, Santa Fe\"\r\n                            },\r\n            \"organizer\":\r\n            {\r\n                \"@type\": \"Person\",\r\n                \"name\": \"\",\r\n                \"url\": \"\"\r\n            },\r\n            \"offers\":\r\n            {\r\n                \"url\": \"https:\/\/ccpe.org.ar\/web\/actividades\/pensamiento-contemporaneo-un-festival-anfibio\/\",\r\n                \"price\": \"\",\r\n                \"priceCurrency\": \"ARS\",\r\n                \"availability\": \"https:\/\/schema.org\/InStock\",\r\n                \"validFrom\": \"2019-05-16T00:00\"\r\n            },\r\n            \"performer\": \"\",\r\n            \"description\": \"&lt;p dir=&quot;ltr&quot;&gt;El festival de esencia anfibia busca escapar de los formatos ret\u00f3ricos de las intervenciones p\u00fablicas. Las mesas compuestas por representantes de diversas disciplinas estar\u00e1n coordinadas por personalidades de la cultura capaces de poner en acci\u00f3n una conversaci\u00f3n \u00e1gil y vibrante sobre grandes temas del pensamiento contempor\u00e1neo.&lt;\/p&gt;\",\r\n            \"image\": \"https:\/\/ccpe.org.ar\/web\/wp-content\/uploads\/2019\/05\/a_anfibia-v-380x475.jpg\",\r\n            \"name\": \"Pensamiento Contempor\u00e1neo. Un festival anfibio\",\r\n            \"url\": \"https:\/\/ccpe.org.ar\/web\/actividades\/pensamiento-contemporaneo-un-festival-anfibio\/\"\r\n        }\r\n        <\/script>\r\n        <article data-style=\"\" class=\"mec-past-event mec-event-article mec-clear \" itemscope>\n        \n            <div class=\"mec-event-date mec-bg-color-hover mec-border-color-hover\"><span>16<\/span>May<\/div>\n\n            <div class=\"event-detail-wrap\">\n\n                <h4 class=\"mec-event-title\"><a class=\"mec-color-hover\" data-event-id=\"273\" href=\"https:\/\/ccpe.org.ar\/web\/actividades\/pensamiento-contemporaneo-un-festival-anfibio\/\">Pensamiento Contempor\u00e1neo. Un festival anfibio<\/a><span class=\"event-color\" style=\"background: #fdd700\"><\/span><\/h4>\n\n                \n                \n                <div class=\"mec-event-detail\"><div class=\"mec-event-loc-place\">CCPE<\/div><\/div>\n\n            <\/div>\n\n        <\/article><\/div>\n        \n        <div class=\"col-md-3 col-sm-3\">        <script type=\"application\/ld+json\">\r\n        {\r\n            \"@context\": \"http:\/\/schema.org\",\r\n            \"@type\": \"Event\",\r\n            \"eventStatus\": \"https:\/\/schema.org\/EventScheduled\",\r\n            \"startDate\": \"2019-05-17\",\r\n            \"endDate\": \"2019-05-18\",\r\n            \"eventAttendanceMode\": \"https:\/\/schema.org\/OfflineEventAttendanceMode\",\r\n            \"location\":\r\n            {\r\n                \"@type\": \"Place\",\r\n                                \"name\": \"CCPE\",\r\n                \"image\": \"\",\r\n                \"address\": \"Sarmiento y el r\u00edo Sarmiento, S2000 AHQ, Santa Fe\"\r\n                            },\r\n            \"organizer\":\r\n            {\r\n                \"@type\": \"Person\",\r\n                \"name\": \"\",\r\n                \"url\": \"\"\r\n            },\r\n            \"offers\":\r\n            {\r\n                \"url\": \"https:\/\/ccpe.org.ar\/web\/actividades\/pensamiento-contemporaneo-un-festival-anfibio\/\",\r\n                \"price\": \"\",\r\n                \"priceCurrency\": \"ARS\",\r\n                \"availability\": \"https:\/\/schema.org\/InStock\",\r\n                \"validFrom\": \"2019-05-17T00:00\"\r\n            },\r\n            \"performer\": \"\",\r\n            \"description\": \"&lt;p dir=&quot;ltr&quot;&gt;El festival de esencia anfibia busca escapar de los formatos ret\u00f3ricos de las intervenciones p\u00fablicas. Las mesas compuestas por representantes de diversas disciplinas estar\u00e1n coordinadas por personalidades de la cultura capaces de poner en acci\u00f3n una conversaci\u00f3n \u00e1gil y vibrante sobre grandes temas del pensamiento contempor\u00e1neo.&lt;\/p&gt;\",\r\n            \"image\": \"https:\/\/ccpe.org.ar\/web\/wp-content\/uploads\/2019\/05\/a_anfibia-v-380x475.jpg\",\r\n            \"name\": \"Pensamiento Contempor\u00e1neo. Un festival anfibio\",\r\n            \"url\": \"https:\/\/ccpe.org.ar\/web\/actividades\/pensamiento-contemporaneo-un-festival-anfibio\/\"\r\n        }\r\n        <\/script>\r\n        <article data-style=\"\" class=\"mec-past-event mec-event-article mec-clear \" itemscope>\n        \n            <div class=\"mec-event-date mec-bg-color-hover mec-border-color-hover\"><span>17<\/span>May<\/div>\n\n            <div class=\"event-detail-wrap\">\n\n                <h4 class=\"mec-event-title\"><a class=\"mec-color-hover\" data-event-id=\"273\" href=\"https:\/\/ccpe.org.ar\/web\/actividades\/pensamiento-contemporaneo-un-festival-anfibio\/\">Pensamiento Contempor\u00e1neo. Un festival anfibio<\/a><span class=\"event-color\" style=\"background: #fdd700\"><\/span><\/h4>\n\n                \n                \n                <div class=\"mec-event-detail\"><div class=\"mec-event-loc-place\">CCPE<\/div><\/div>\n\n            <\/div>\n\n        <\/article><\/div>\n        \n        <div class=\"col-md-3 col-sm-3\">        <script type=\"application\/ld+json\">\r\n        {\r\n            \"@context\": \"http:\/\/schema.org\",\r\n            \"@type\": \"Event\",\r\n            \"eventStatus\": \"https:\/\/schema.org\/EventScheduled\",\r\n            \"startDate\": \"2019-05-18\",\r\n            \"endDate\": \"2019-05-18\",\r\n            \"eventAttendanceMode\": \"https:\/\/schema.org\/OfflineEventAttendanceMode\",\r\n            \"location\":\r\n            {\r\n                \"@type\": \"Place\",\r\n                                \"name\": \"CCPE\",\r\n                \"image\": \"\",\r\n                \"address\": \"Sarmiento y el r\u00edo Sarmiento, S2000 AHQ, Santa Fe\"\r\n                            },\r\n            \"organizer\":\r\n            {\r\n                \"@type\": \"Person\",\r\n                \"name\": \"\",\r\n                \"url\": \"\"\r\n            },\r\n            \"offers\":\r\n            {\r\n                \"url\": \"https:\/\/ccpe.org.ar\/web\/actividades\/pensamiento-contemporaneo-un-festival-anfibio\/\",\r\n                \"price\": \"\",\r\n                \"priceCurrency\": \"ARS\",\r\n                \"availability\": \"https:\/\/schema.org\/InStock\",\r\n                \"validFrom\": \"2019-05-18T00:00\"\r\n            },\r\n            \"performer\": \"\",\r\n            \"description\": \"&lt;p dir=&quot;ltr&quot;&gt;El festival de esencia anfibia busca escapar de los formatos ret\u00f3ricos de las intervenciones p\u00fablicas. Las mesas compuestas por representantes de diversas disciplinas estar\u00e1n coordinadas por personalidades de la cultura capaces de poner en acci\u00f3n una conversaci\u00f3n \u00e1gil y vibrante sobre grandes temas del pensamiento contempor\u00e1neo.&lt;\/p&gt;\",\r\n            \"image\": \"https:\/\/ccpe.org.ar\/web\/wp-content\/uploads\/2019\/05\/a_anfibia-v-380x475.jpg\",\r\n            \"name\": \"Pensamiento Contempor\u00e1neo. Un festival anfibio\",\r\n            \"url\": \"https:\/\/ccpe.org.ar\/web\/actividades\/pensamiento-contemporaneo-un-festival-anfibio\/\"\r\n        }\r\n        <\/script>\r\n        <article data-style=\"\" class=\"mec-past-event mec-event-article mec-clear \" itemscope>\n        \n            <div class=\"mec-event-date mec-bg-color-hover mec-border-color-hover\"><span>18<\/span>May<\/div>\n\n            <div class=\"event-detail-wrap\">\n\n                <h4 class=\"mec-event-title\"><a class=\"mec-color-hover\" data-event-id=\"273\" href=\"https:\/\/ccpe.org.ar\/web\/actividades\/pensamiento-contemporaneo-un-festival-anfibio\/\">Pensamiento Contempor\u00e1neo. Un festival anfibio<\/a><span class=\"event-color\" style=\"background: #fdd700\"><\/span><\/h4>\n\n                \n                \n                <div class=\"mec-event-detail\"><div class=\"mec-event-loc-place\">CCPE<\/div><\/div>\n\n            <\/div>\n\n        <\/article><\/div>\n        \n        <div class=\"col-md-3 col-sm-3\">        <script type=\"application\/ld+json\">\r\n        {\r\n            \"@context\": \"http:\/\/schema.org\",\r\n            \"@type\": \"Event\",\r\n            \"eventStatus\": \"https:\/\/schema.org\/EventScheduled\",\r\n            \"startDate\": \"2019-05-19\",\r\n            \"endDate\": \"2019-05-19\",\r\n            \"eventAttendanceMode\": \"https:\/\/schema.org\/OfflineEventAttendanceMode\",\r\n            \"location\":\r\n            {\r\n                \"@type\": \"Place\",\r\n                                \"name\": \"CCPE\",\r\n                \"image\": \"\",\r\n                \"address\": \"Sarmiento y el r\u00edo Sarmiento, S2000 AHQ, Santa Fe\"\r\n                            },\r\n            \"organizer\":\r\n            {\r\n                \"@type\": \"Person\",\r\n                \"name\": \"\",\r\n                \"url\": \"\"\r\n            },\r\n            \"offers\":\r\n            {\r\n                \"url\": \"https:\/\/ccpe.org.ar\/web\/actividades\/pensamiento-contemporaneo-un-festival-anfibio\/\",\r\n                \"price\": \"\",\r\n                \"priceCurrency\": \"ARS\",\r\n                \"availability\": \"https:\/\/schema.org\/InStock\",\r\n                \"validFrom\": \"2019-05-19T00:00\"\r\n            },\r\n            \"performer\": \"\",\r\n            \"description\": \"&lt;p dir=&quot;ltr&quot;&gt;El festival de esencia anfibia busca escapar de los formatos ret\u00f3ricos de las intervenciones p\u00fablicas. Las mesas compuestas por representantes de diversas disciplinas estar\u00e1n coordinadas por personalidades de la cultura capaces de poner en acci\u00f3n una conversaci\u00f3n \u00e1gil y vibrante sobre grandes temas del pensamiento contempor\u00e1neo.&lt;\/p&gt;\",\r\n            \"image\": \"https:\/\/ccpe.org.ar\/web\/wp-content\/uploads\/2019\/05\/a_anfibia-v-380x475.jpg\",\r\n            \"name\": \"Pensamiento Contempor\u00e1neo. Un festival anfibio\",\r\n            \"url\": \"https:\/\/ccpe.org.ar\/web\/actividades\/pensamiento-contemporaneo-un-festival-anfibio\/\"\r\n        }\r\n        <\/script>\r\n        <article data-style=\"\" class=\"mec-past-event mec-event-article mec-clear \" itemscope>\n        \n            <div class=\"mec-event-date mec-bg-color-hover mec-border-color-hover\"><span>19<\/span>May<\/div>\n\n            <div class=\"event-detail-wrap\">\n\n                <h4 class=\"mec-event-title\"><a class=\"mec-color-hover\" data-event-id=\"273\" href=\"https:\/\/ccpe.org.ar\/web\/actividades\/pensamiento-contemporaneo-un-festival-anfibio\/\">Pensamiento Contempor\u00e1neo. Un festival anfibio<\/a><span class=\"event-color\" style=\"background: #fdd700\"><\/span><\/h4>\n\n                \n                \n                <div class=\"mec-event-detail\"><div class=\"mec-event-loc-place\">CCPE<\/div><\/div>\n\n            <\/div>\n\n        <\/article><\/div><\/div>\n        \n        \n        \n\t<\/div>\n\n<\/div>\n\n\n\n    <\/div>\r\n    <div class=\"mec-skin-grid-no-events-container mec-util-hidden\" id=\"mec_skin_no_events_362\">\r\n        \u00a1No hay eventos!    <\/div>\r\n        \r\n        <div class=\"mec-load-more-wrap\"><div class=\"mec-load-more-button\" onclick=\"\">Cargar m\u00e1s<\/div><\/div>\r\n        \r\n<\/div>[\/et_pb_text][\/et_pb_column][\/et_pb_row][et_pb_row _builder_version=\u00bb3.25&#8243;][et_pb_column type=\u00bb4_4&#8243; _builder_version=\u00bb3.25&#8243; custom_padding=\u00bb|||\u00bb custom_padding__hover=\u00bb|||\u00bb][\/et_pb_column][\/et_pb_row][\/et_pb_section]<\/p>\n","protected":false},"excerpt":{"rendered":"<p>[et_pb_section fb_built=\u00bb1&#8243; _builder_version=\u00bb3.22&#8243; custom_padding=\u00bb0|0px|54px|0px|false|false\u00bb][et_pb_row _builder_version=\u00bb3.25&#8243; custom_padding=\u00bb0|0px|0|0px|false|false\u00bb][et_pb_column type=\u00bb4_4&#8243; _builder_version=\u00bb3.25&#8243; custom_padding=\u00bb|||\u00bb custom_padding__hover=\u00bb|||\u00bb][et_pb_post_title meta=\u00bboff\u00bb _builder_version=\u00bb3.11&#8243; title_font=\u00bb|700||on|||||\u00bb title_text_align=\u00bbcenter\u00bb title_font_size=\u00bb50px\u00bb text_orientation=\u00bbcenter\u00bb custom_margin=\u00bb0px||-12px|\u00bb][\/et_pb_post_title][et_pb_text _builder_version=\u00bb3.27.4&#8243;][\/et_pb_text][\/et_pb_column][\/et_pb_row][et_pb_row _builder_version=\u00bb3.25&#8243;][et_pb_column type=\u00bb4_4&#8243; _builder_version=\u00bb3.25&#8243; custom_padding=\u00bb|||\u00bb custom_padding__hover=\u00bb|||\u00bb][\/et_pb_column][\/et_pb_row][\/et_pb_section]<\/p>\n","protected":false},"author":1,"featured_media":0,"parent":0,"menu_order":0,"comment_status":"closed","ping_status":"closed","template":"","meta":{"_et_pb_use_builder":"on","_et_pb_old_content":"","_et_gb_content_width":"","_exactmetrics_skip_tracking":false,"_exactmetrics_sitenote_active":false,"_exactmetrics_sitenote_note":"","_exactmetrics_sitenote_category":0,"footnotes":""},"yoast_head":"<!-- This site is optimized with the Yoast SEO plugin v23.5 - https:\/\/yoast.com\/wordpress\/plugins\/seo\/ -->\n<title>Archivo - Centro Cultural Parque de Espa\u00f1a\/AECID<\/title>\n<meta name=\"robots\" content=\"index, follow, max-snippet:-1, max-image-preview:large, max-video-preview:-1\" \/>\n<link rel=\"canonical\" href=\"https:\/\/ccpe.org.ar\/web\/archivo\/\" \/>\n<meta property=\"og:locale\" content=\"es_ES\" \/>\n<meta property=\"og:type\" content=\"article\" \/>\n<meta property=\"og:title\" content=\"Archivo - Centro Cultural Parque de Espa\u00f1a\/AECID\" \/>\n<meta property=\"og:description\" content=\"[et_pb_section fb_built=\u00bb1&#8243; _builder_version=\u00bb3.22&#8243; custom_padding=\u00bb0|0px|54px|0px|false|false\u00bb][et_pb_row _builder_version=\u00bb3.25&#8243; custom_padding=\u00bb0|0px|0|0px|false|false\u00bb][et_pb_column type=\u00bb4_4&#8243; _builder_version=\u00bb3.25&#8243; custom_padding=\u00bb|||\u00bb custom_padding__hover=\u00bb|||\u00bb][et_pb_post_title meta=\u00bboff\u00bb _builder_version=\u00bb3.11&#8243; title_font=\u00bb|700||on|||||\u00bb title_text_align=\u00bbcenter\u00bb title_font_size=\u00bb50px\u00bb text_orientation=\u00bbcenter\u00bb custom_margin=\u00bb0px||-12px|\u00bb][\/et_pb_post_title][et_pb_text _builder_version=\u00bb3.27.4&#8243;][\/et_pb_text][\/et_pb_column][\/et_pb_row][et_pb_row _builder_version=\u00bb3.25&#8243;][et_pb_column type=\u00bb4_4&#8243; _builder_version=\u00bb3.25&#8243; custom_padding=\u00bb|||\u00bb custom_padding__hover=\u00bb|||\u00bb][\/et_pb_column][\/et_pb_row][\/et_pb_section]\" \/>\n<meta property=\"og:url\" content=\"https:\/\/ccpe.org.ar\/web\/archivo\/\" \/>\n<meta property=\"og:site_name\" content=\"Centro Cultural Parque de Espa\u00f1a\/AECID\" \/>\n<meta property=\"article:publisher\" content=\"https:\/\/www.facebook.com\/CCPErosario\/\" \/>\n<meta property=\"article:modified_time\" content=\"2020-10-01T15:02:50+00:00\" \/>\n<meta name=\"twitter:card\" content=\"summary_large_image\" \/>\n<meta name=\"twitter:site\" content=\"@ccpe\" \/>\n<meta name=\"twitter:label1\" content=\"Tiempo de lectura\" \/>\n\t<meta name=\"twitter:data1\" content=\"1 minuto\" \/>\n<script type=\"application\/ld+json\" class=\"yoast-schema-graph\">{\"@context\":\"https:\/\/schema.org\",\"@graph\":[{\"@type\":\"WebPage\",\"@id\":\"https:\/\/ccpe.org.ar\/web\/archivo\/\",\"url\":\"https:\/\/ccpe.org.ar\/web\/archivo\/\",\"name\":\"Archivo - Centro Cultural Parque de Espa\u00f1a\/AECID\",\"isPartOf\":{\"@id\":\"https:\/\/ccpe.org.ar\/web\/#website\"},\"datePublished\":\"2019-05-09T15:08:32+00:00\",\"dateModified\":\"2020-10-01T15:02:50+00:00\",\"breadcrumb\":{\"@id\":\"https:\/\/ccpe.org.ar\/web\/archivo\/#breadcrumb\"},\"inLanguage\":\"es\",\"potentialAction\":[{\"@type\":\"ReadAction\",\"target\":[\"https:\/\/ccpe.org.ar\/web\/archivo\/\"]}]},{\"@type\":\"BreadcrumbList\",\"@id\":\"https:\/\/ccpe.org.ar\/web\/archivo\/#breadcrumb\",\"itemListElement\":[{\"@type\":\"ListItem\",\"position\":1,\"name\":\"Portada\",\"item\":\"https:\/\/ccpe.org.ar\/web\/\"},{\"@type\":\"ListItem\",\"position\":2,\"name\":\"Archivo\"}]},{\"@type\":\"WebSite\",\"@id\":\"https:\/\/ccpe.org.ar\/web\/#website\",\"url\":\"https:\/\/ccpe.org.ar\/web\/\",\"name\":\"Centro Cultural Parque de Espa\u00f1a\/AECID\",\"description\":\"Sitio web del Centro Cultural Parque de Espa\u00f1a\/AECID\",\"potentialAction\":[{\"@type\":\"SearchAction\",\"target\":{\"@type\":\"EntryPoint\",\"urlTemplate\":\"https:\/\/ccpe.org.ar\/web\/?s={search_term_string}\"},\"query-input\":{\"@type\":\"PropertyValueSpecification\",\"valueRequired\":true,\"valueName\":\"search_term_string\"}}],\"inLanguage\":\"es\"}]}<\/script>\n<!-- \/ Yoast SEO plugin. -->","yoast_head_json":{"title":"Archivo - Centro Cultural Parque de Espa\u00f1a\/AECID","robots":{"index":"index","follow":"follow","max-snippet":"max-snippet:-1","max-image-preview":"max-image-preview:large","max-video-preview":"max-video-preview:-1"},"canonical":"https:\/\/ccpe.org.ar\/web\/archivo\/","og_locale":"es_ES","og_type":"article","og_title":"Archivo - Centro Cultural Parque de Espa\u00f1a\/AECID","og_description":"[et_pb_section fb_built=\u00bb1&#8243; _builder_version=\u00bb3.22&#8243; custom_padding=\u00bb0|0px|54px|0px|false|false\u00bb][et_pb_row _builder_version=\u00bb3.25&#8243; custom_padding=\u00bb0|0px|0|0px|false|false\u00bb][et_pb_column type=\u00bb4_4&#8243; _builder_version=\u00bb3.25&#8243; custom_padding=\u00bb|||\u00bb custom_padding__hover=\u00bb|||\u00bb][et_pb_post_title meta=\u00bboff\u00bb _builder_version=\u00bb3.11&#8243; title_font=\u00bb|700||on|||||\u00bb title_text_align=\u00bbcenter\u00bb title_font_size=\u00bb50px\u00bb text_orientation=\u00bbcenter\u00bb custom_margin=\u00bb0px||-12px|\u00bb][\/et_pb_post_title][et_pb_text _builder_version=\u00bb3.27.4&#8243;][\/et_pb_text][\/et_pb_column][\/et_pb_row][et_pb_row _builder_version=\u00bb3.25&#8243;][et_pb_column type=\u00bb4_4&#8243; _builder_version=\u00bb3.25&#8243; custom_padding=\u00bb|||\u00bb custom_padding__hover=\u00bb|||\u00bb][\/et_pb_column][\/et_pb_row][\/et_pb_section]","og_url":"https:\/\/ccpe.org.ar\/web\/archivo\/","og_site_name":"Centro Cultural Parque de Espa\u00f1a\/AECID","article_publisher":"https:\/\/www.facebook.com\/CCPErosario\/","article_modified_time":"2020-10-01T15:02:50+00:00","twitter_card":"summary_large_image","twitter_site":"@ccpe","twitter_misc":{"Tiempo de lectura":"1 minuto"},"schema":{"@context":"https:\/\/schema.org","@graph":[{"@type":"WebPage","@id":"https:\/\/ccpe.org.ar\/web\/archivo\/","url":"https:\/\/ccpe.org.ar\/web\/archivo\/","name":"Archivo - Centro Cultural Parque de Espa\u00f1a\/AECID","isPartOf":{"@id":"https:\/\/ccpe.org.ar\/web\/#website"},"datePublished":"2019-05-09T15:08:32+00:00","dateModified":"2020-10-01T15:02:50+00:00","breadcrumb":{"@id":"https:\/\/ccpe.org.ar\/web\/archivo\/#breadcrumb"},"inLanguage":"es","potentialAction":[{"@type":"ReadAction","target":["https:\/\/ccpe.org.ar\/web\/archivo\/"]}]},{"@type":"BreadcrumbList","@id":"https:\/\/ccpe.org.ar\/web\/archivo\/#breadcrumb","itemListElement":[{"@type":"ListItem","position":1,"name":"Portada","item":"https:\/\/ccpe.org.ar\/web\/"},{"@type":"ListItem","position":2,"name":"Archivo"}]},{"@type":"WebSite","@id":"https:\/\/ccpe.org.ar\/web\/#website","url":"https:\/\/ccpe.org.ar\/web\/","name":"Centro Cultural Parque de Espa\u00f1a\/AECID","description":"Sitio web del Centro Cultural Parque de Espa\u00f1a\/AECID","potentialAction":[{"@type":"SearchAction","target":{"@type":"EntryPoint","urlTemplate":"https:\/\/ccpe.org.ar\/web\/?s={search_term_string}"},"query-input":{"@type":"PropertyValueSpecification","valueRequired":true,"valueName":"search_term_string"}}],"inLanguage":"es"}]}},"_links":{"self":[{"href":"https:\/\/ccpe.org.ar\/web\/wp-json\/wp\/v2\/pages\/360"}],"collection":[{"href":"https:\/\/ccpe.org.ar\/web\/wp-json\/wp\/v2\/pages"}],"about":[{"href":"https:\/\/ccpe.org.ar\/web\/wp-json\/wp\/v2\/types\/page"}],"author":[{"embeddable":true,"href":"https:\/\/ccpe.org.ar\/web\/wp-json\/wp\/v2\/users\/1"}],"replies":[{"embeddable":true,"href":"https:\/\/ccpe.org.ar\/web\/wp-json\/wp\/v2\/comments?post=360"}],"version-history":[{"count":0,"href":"https:\/\/ccpe.org.ar\/web\/wp-json\/wp\/v2\/pages\/360\/revisions"}],"wp:attachment":[{"href":"https:\/\/ccpe.org.ar\/web\/wp-json\/wp\/v2\/media?parent=360"}],"curies":[{"name":"wp","href":"https:\/\/api.w.org\/{rel}","templated":true}]}}