{"id":413,"date":"2019-05-10T10:30:10","date_gmt":"2019-05-10T13:30:10","guid":{"rendered":"http:\/\/ccpe.org.ar\/web\/?page_id=413"},"modified":"2023-07-27T12:58:25","modified_gmt":"2023-07-27T15:58:25","slug":"agenda","status":"publish","type":"page","link":"https:\/\/ccpe.org.ar\/web\/agenda\/","title":{"rendered":"Agenda"},"content":{"rendered":"<p>[et_pb_section fb_built=\u00bb1&#8243; _builder_version=\u00bb3.22&#8243; custom_padding=\u00bb0|0px|54px|0px|false|false\u00bb][et_pb_row _builder_version=\u00bb3.25&#8243; custom_padding=\u00bb90px|0px|27px|0px|false|false\u00bb][et_pb_column type=\u00bb4_4&#8243; _builder_version=\u00bb3.25&#8243; custom_padding=\u00bb|||\u00bb custom_padding__hover=\u00bb|||\u00bb][et_pb_text _builder_version=\u00bb3.27.4&#8243; custom_margin=\u00bb-30px|||\u00bb custom_padding=\u00bb0px|||\u00bb]<div class=\"mec-wrap mec-skin-grid-container  \" id=\"mec_skin_414\">\r\n    \r\n        \r\n            <div class=\"mec-skin-grid-events-container\" id=\"mec_skin_events_414\">\r\n        \n<div class=\"mec-wrap colorskin-custom\">\n\n    <div class=\"mec-event-grid-classic\">\n\n        <div class=\"row\"><div class=\"col-md-6 col-sm-6\">        <script type=\"application\/ld+json\">\r\n        {\r\n            \"@context\": \"http:\/\/schema.org\",\r\n            \"@type\": \"Event\",\r\n            \"eventStatus\": \"https:\/\/schema.org\/EventScheduled\",\r\n            \"startDate\": \"2020-09-19\",\r\n            \"endDate\": \"2027-12-31\",\r\n            \"eventAttendanceMode\": \"https:\/\/schema.org\/OfflineEventAttendanceMode\",\r\n            \"location\":\r\n            {\r\n                \"@type\": \"Place\",\r\n                                \"name\": \"\",\r\n                \"image\": \"\",\r\n                \"address\": \"\"\r\n                            },\r\n            \"organizer\":\r\n            {\r\n                \"@type\": \"Person\",\r\n                \"name\": \"\",\r\n                \"url\": \"\"\r\n            },\r\n            \"offers\":\r\n            {\r\n                \"url\": \"https:\/\/ccpe.org.ar\/web\/actividades\/lenguamadre-4\/\",\r\n                \"price\": \"\",\r\n                \"priceCurrency\": \"ARS\",\r\n                \"availability\": \"https:\/\/schema.org\/InStock\",\r\n                \"validFrom\": \"2020-09-19T00:00\"\r\n            },\r\n            \"performer\": \"\",\r\n            \"description\": \"&lt;p dir=&quot;auto&quot;&gt;Las lenguas ind\u00edgenas han sido reconocidas por las Naciones Unidas como \u201cherramientas para el desarrollo, la protecci\u00f3n de los derechos humanos, la consolidaci\u00f3n de la paz y la reconciliaci\u00f3n de los pueblos\u201d. El derecho de una persona a utilizar el idioma de su preferencia es un requisito previo para la libertad de pensamiento, de opini\u00f3n y de expresi\u00f3n.&lt;\/p&gt;  &lt;p dir=&quot;auto&quot;&gt;A trav\u00e9s del lenguaje aprendemos y participamos en todos los aspectos de la sociedad. Las lenguas ayudan a preservar la historia, las costumbres, la memoria, las formas \u00fanicas de pensamiento, significado y expresi\u00f3n y una de las condiciones necesarias para el pleno ejercicio de los derechos culturales.&lt;\/p&gt;  &lt;p dir=&quot;auto&quot;&gt;La conservaci\u00f3n de estas lenguas es crucial puesto que representan otra forma de ver el mundo, guardan conocimientos amplios y complejos que se han desarrollado por miles de a\u00f1os, siendo fundamentales para la cultura e identidad de los pueblos originarios. Las lenguas contribuyen a la rica trama de la diversidad cultural mundial. Sin ellas, el mundo ser\u00eda definitivamente un lugar m\u00e1s pobre.&lt;\/p&gt;  &lt;p dir=&quot;auto&quot;&gt;Desde 2019, A\u00f1o Internacional de las Lenguas Ind\u00edgenas, el CCPE acompa\u00f1a el Festival Internacional de Poes\u00eda de Rosario con el cap\u00edtulo Lenguamadre, un espacio que re\u00fane a poetas ind\u00edgenas de toda Am\u00e9rica Latina en un punto de encuentro, reflexi\u00f3n y debate sobre el estado de situaci\u00f3n de las lenguas originarias. Pensado como una acci\u00f3n artivista, durante el foro los participantes leen poemas en sus lenguas y en espa\u00f1ol. Con este material se convoca a dibujantes, ilustradores y animadores locales para confeccionar piezas audiovisuales que buscan sensibilizar sobre el enorme patrimonio cultural que encierran las lenguas originarias y la importancia clave de su preservaci\u00f3n.&lt;\/p&gt;    &lt;div dir=&quot;auto&quot;&gt;  &lt;h2&gt;&lt;\/h2&gt;  &lt;h2&gt;Edici\u00f3n 2020&lt;\/h2&gt;  El Centro Cultural Parque de Espa\u00f1a acompa\u00f1\u00f3 con este proyecto, el Foro de Poes\u00eda Originaria\/Contempor\u00e1nea, La voz y sus huellas, en el marco del 27\u00ba Festival Internacional de Poes\u00eda de Rosario.    Como resultado de ese encuentro presentamos una serie de poemas en lengua originaria y castellano interpretados por sus propios autores: Liliana Ancalao, Jorge Vargas Prado, Miguel\u00e1ngel Meza y Mauro Alwa. Las lecturas est\u00e1n acompa\u00f1ada por animaciones realizadas por ilustradores de la ciudad de Rosario.    &lt;b&gt;Ki\u00f1e b\u00fafalo puko, de Liliana Ancalao. Ilustraciones de Estefan\u00eda Clotti&lt;\/b&gt;    [embed]https:\/\/www.youtube.com\/watch?v=_-ZrSrmV6UQ[\/embed]    &nbsp;  &lt;p class=&quot;title style-scope ytd-video-primary-info-renderer&quot;&gt;&lt;strong&gt;Mainumby, de Miguel\u00e1ngel Meza. Ilustraciones de Berenice G\u00e1ldiz Carlstein&lt;\/strong&gt;&lt;\/p&gt;  &lt;iframe title=&quot;YouTube video player&quot; src=&quot;https:\/\/www.youtube.com\/embed\/TQ7wTC3YXQ4?si=HoVITCudY-swV7SK&quot; width=&quot;560&quot; height=&quot;315&quot; frameborder=&quot;0&quot; allowfullscreen=&quot;allowfullscreen&quot;&gt;&lt;\/iframe&gt;  &lt;b&gt;Y\u2019ita Pereri \/ Delgada piedra de agua, de Miguel\u00e1ngel Meza&lt;\/b&gt;  &lt;div&gt;&lt;iframe title=&quot;YouTube video player&quot; src=&quot;https:\/\/www.youtube.com\/embed\/_TQi9ofSsUs?si=DJ4QMySzRprPPjdv&quot; width=&quot;560&quot; height=&quot;315&quot; frameborder=&quot;0&quot; allowfullscreen=&quot;allowfullscreen&quot;&gt;&lt;\/iframe&gt;&lt;\/div&gt;  &nbsp;  &lt;p class=&quot;title style-scope ytd-video-primary-info-renderer&quot;&gt;&lt;strong&gt;Akapachana, de Mauro Alwa&lt;\/strong&gt;&lt;\/p&gt;    &lt;div&gt;&lt;iframe title=&quot;YouTube video player&quot; src=&quot;https:\/\/www.youtube.com\/embed\/j15u4i_PGlQ?si=Mf6eJtbsPXfUyUQe&quot; width=&quot;560&quot; height=&quot;315&quot; frameborder=&quot;0&quot; allowfullscreen=&quot;allowfullscreen&quot;&gt;&lt;\/iframe&gt;&lt;\/div&gt;  &nbsp;    &lt;b&gt;XXXI, de Mauro Alwa&lt;\/b&gt;    &lt;iframe title=&quot;YouTube video player&quot; src=&quot;https:\/\/www.youtube.com\/embed\/h-v8KDch1kc?si=qlPrfFflIMsgHgyQ&quot; width=&quot;560&quot; height=&quot;315&quot; frameborder=&quot;0&quot; allowfullscreen=&quot;allowfullscreen&quot;&gt;&lt;\/iframe&gt;  &lt;div&gt;&lt;\/div&gt;  &lt;p class=&quot;title style-scope ytd-video-primary-info-renderer&quot;&gt;&lt;strong&gt;Ollantaypa Takin de Jorge Vargas Prado. Realizaci\u00f3n audiovisual de Alcides Izaguirre.&lt;\/strong&gt;&lt;\/p&gt;    &lt;div&gt;&lt;iframe title=&quot;YouTube video player&quot; src=&quot;https:\/\/www.youtube.com\/embed\/oAMW3o7jvRY?si=aRxf0ohl02SaqEnC&quot; width=&quot;560&quot; height=&quot;315&quot; frameborder=&quot;0&quot; allowfullscreen=&quot;allowfullscreen&quot;&gt;&lt;\/iframe&gt;&lt;\/div&gt;  &lt;div&gt;  &lt;h2&gt;&lt;\/h2&gt;  &lt;h2&gt;Edici\u00f3n 2021&lt;\/h2&gt;  El &lt;i&gt;Centro Cultural Parque de Espa\u00f1a&lt;\/i&gt; acompa\u00f1\u00f3 con este proyecto, el conversatorio Lenguamadre: Poetas de la tierra en el marco del 28\u00ba Festival Internacional de Poes\u00eda de Rosario realizado en el a\u00f1o 2020.    Como resultado de ese encuentro presentamos este a\u00f1o una serie de videos a partir de poemas en lengua originaria -subtitulados al castellano- interpretados por sus propios autores. Los videos fueron hechos en octubre de 2021 por animadores que viven en la ciudad de Rosario.    &lt;b&gt;\u00d1embyasy ha kane\u2019o \/ La tristeza y el cansancio&lt;\/b&gt; de Alba Eiragi Duarte (Paraguay)  Animaci\u00f3n: Andr\u00e9s Almasio  &lt;div&gt;&lt;iframe title=&quot;YouTube video player&quot; src=&quot;https:\/\/www.youtube.com\/embed\/v0i-4Q93y1Q?si=8a-UJIJ_nj_hMDYL&quot; width=&quot;560&quot; height=&quot;315&quot; frameborder=&quot;0&quot; allowfullscreen=&quot;allowfullscreen&quot;&gt;&lt;\/iframe&gt;&lt;\/div&gt;  &nbsp;    &lt;b&gt;Soy una mujer ch\u2019ol &lt;\/b&gt;de Juana Pe\u00f1ate Montejo (M\u00e9xico)  Animaci\u00f3n: Raquel Desy  &lt;div&gt;&lt;iframe title=&quot;YouTube video player&quot; src=&quot;https:\/\/www.youtube.com\/embed\/sTKEYGFMv-I?si=LrkUMMqash5X9F1D&quot; width=&quot;560&quot; height=&quot;315&quot; frameborder=&quot;0&quot; allowfullscreen=&quot;allowfullscreen&quot;&gt;&lt;\/iframe&gt;&lt;\/div&gt;  &lt;b&gt;Al\u00e9grate mientras escribo&lt;\/b&gt; de Karloz Atl (M\u00e9xico)  Animaci\u00f3n: Tephy Piedrahita  &lt;div&gt;&lt;iframe title=&quot;YouTube video player&quot; src=&quot;https:\/\/www.youtube.com\/embed\/S6A1GG7tZwY?si=uYVqirg1vd274T2V&quot; width=&quot;560&quot; height=&quot;315&quot; frameborder=&quot;0&quot; allowfullscreen=&quot;allowfullscreen&quot;&gt;&lt;\/iframe&gt;&lt;\/div&gt;  &lt;h2&gt;&lt;\/h2&gt;  &lt;\/div&gt;  &lt;div&gt;  &lt;h2 dir=&quot;auto&quot;&gt;Edici\u00f3n 2022&lt;\/h2&gt;  &lt;div dir=&quot;auto&quot;&gt;    Para conmemorar la Semana de los Pueblos Originarios el CCPE presenta un nuevo episodio del proyecto Lenguamadre. Se trata del poema Que no quiere -Qom-, de Yanko Gonz\u00e1lez (Chile), que fue le\u00eddo por Arsenio Borgez (Chaco) en el Centro Cultural El Obrador durante el 17\u00b0 Festival Internacional de Poes\u00eda de Rosario (2009)*. La animaci\u00f3n fue realizada por &lt;a href=&quot;http:\/\/sulkian\/&quot;&gt;Juli\u00e1n Sileiko&lt;\/a&gt;.    *Material extra\u00eddo del Archivo del Festival Internacional de Poes\u00eda de Rosario alojado en la mediateca del Centro Cultural Parque de Espa\u00f1a.  &lt;div class=&quot;fluid-width-video-wrapper&quot;&gt;&lt;\/div&gt;  &lt;div&gt;&lt;iframe title=&quot;YouTube video player&quot; src=&quot;https:\/\/www.youtube.com\/embed\/BCf__lTcrd0?si=c1ey6OLDEDkLAzkg&quot; width=&quot;560&quot; height=&quot;315&quot; frameborder=&quot;0&quot; allowfullscreen=&quot;allowfullscreen&quot;&gt;&lt;\/iframe&gt;&lt;\/div&gt;  &nbsp;    El CCPE acompa\u00f1\u00f3 con este proyecto el conversatorio Lenguamadre: Poes\u00eda y Lenguas Originarias desarrollado en el marco del 29\u00ba Festival Internacional de Poes\u00eda de Rosario. Como resultado de ese encuentro presentamos una serie de poemas en lengua originaria y castellano interpretados por sus propios autores David Ani\u00f1ir (mapuche) y Susy Delgado (guaran\u00ed). Las lecturas est\u00e1n acompa\u00f1ada por animaciones realizadas por las ilustradoras Carolina Rimini y Luc\u00eda Seisas.    &lt;iframe title=&quot;YouTube video player&quot; src=&quot;https:\/\/www.youtube.com\/embed\/oSxpdiepkqs?si=Jv3dS_bLCXbFTTig&quot; width=&quot;560&quot; height=&quot;315&quot; frameborder=&quot;0&quot; allowfullscreen=&quot;allowfullscreen&quot;&gt;&lt;\/iframe&gt;    &lt;iframe title=&quot;YouTube video player&quot; src=&quot;https:\/\/www.youtube.com\/embed\/nEcowjzpqbg?si=OMANkTG2zsSHJ73Z&quot; width=&quot;560&quot; height=&quot;315&quot; frameborder=&quot;0&quot; allowfullscreen=&quot;allowfullscreen&quot;&gt;&lt;\/iframe&gt;    &nbsp;  &lt;h2&gt;&lt;\/h2&gt;  &lt;\/div&gt;  &lt;\/div&gt;  &lt;div&gt;  &lt;h2 dir=&quot;auto&quot;&gt;Edici\u00f3n 2023&lt;\/h2&gt;  El Centro Cultural Parque de Espa\u00f1a y el Festival Internacional de Poes\u00eda Rosario presentan un nuevo episodio del proyecto Lenguamadre. Se trata del poema en lengua quechua \u00abIrup\u00e9\u00bb, de Sandro Rodr\u00edguez, que fue le\u00eddo en la edici\u00f3n 2023 del FIPR. La animaci\u00f3n fue realizada por Florencia Garat.    &lt;iframe title=&quot;YouTube video player&quot; src=&quot;https:\/\/www.youtube.com\/embed\/S6Qr0mP1ZA8?si=_gLxjjVus4X6VUvM&quot; width=&quot;560&quot; height=&quot;315&quot; frameborder=&quot;0&quot; allowfullscreen=&quot;allowfullscreen&quot;&gt;&lt;\/iframe&gt;    Adem\u00e1s, en 2023 tambi\u00e9n se present\u00f3 el poema en lengua guaran\u00ed \u00ab\u00d1e\u2019\u1ebdpoty \u00f1ar\u00f5\u00bb, de @dolotrenzadora, que fue le\u00eddo en la edici\u00f3n 2023 del FIPR . La animaci\u00f3n fue realizada por @cinta.acida    &lt;iframe title=&quot;YouTube video player&quot; src=&quot;https:\/\/www.youtube.com\/embed\/i5ResAmK7f0?si=prX3Zb-njdRylbYE&quot; width=&quot;560&quot; height=&quot;315&quot; frameborder=&quot;0&quot; allowfullscreen=&quot;allowfullscreen&quot;&gt;&lt;\/iframe&gt;    &nbsp;    &lt;\/div&gt;  &lt;div&gt;  &lt;h2&gt;Edici\u00f3n 2024&lt;\/h2&gt;  El Centro Cultural Parque de Espa\u00f1a y el Festival Internacional de Poes\u00eda Rosario presentan un nuevo episodio del proyecto Lenguamadre. Se trata del poema en lengua quechua \u00abIrup\u00e9\u00bb, de Sandro Rodr\u00edguez, que fue le\u00eddo en la edici\u00f3n 2023 del FIPR. La animaci\u00f3n fue realizada por Florencia Garat.    &nbsp;    &nbsp;    El Centro Cultural Parque de Espa\u00f1a y el Festival Internacional de Poes\u00eda Rosario presentan un nuevo episodio del proyecto Lenguamadre. Se trata del poema en lengua guaran\u00ed \u00ab\u00d1e\u2019\u1ebdpoty \u00f1ar\u00f5\u00bb, de @dolotrenzadora, que fue le\u00eddo en la edici\u00f3n 2023 del FIPR . La animaci\u00f3n fue realizada por @cinta.acida    &nbsp;    &nbsp;    &lt;\/div&gt;  &lt;h1 dir=&quot;auto&quot;&gt;Edici\u00f3n 2025&lt;\/h1&gt;  El CCPE conmemora el \u201cD\u00eda Internacional de la Lengua Materna\u201d con el poema La mauvaise conscience de la escritora vasca Miren Agur Meabe, recitado en su lengua original por la autora. Meabe es la primera poeta en recibir el Premio Nacional de Poes\u00eda de Espa\u00f1a (2021) por una obra escrita en euskera,&lt;em&gt; Nola gorde errautsa kolkoan&lt;\/em&gt; (Como guardar ceniza en el pecho). Original de Lekeitio (Vizcaya), fue una de las invitadas de honor del 32\u00ba Festival Internacional de Poes\u00eda de Rosario. La animaci\u00f3n es del ilustrador rosarino Diego Rolle La mauvaise conscience pasa as\u00ed a formar parte de Lenguamadre, proyecto del CCPE dentro del FIPR, que cada a\u00f1o se plantea como un punto de encuentro, reflexi\u00f3n y debate entre poetas de lenguas originarias. Lenguamadre tiene como objetivo sensibilizar sobre el valor de las lenguas nativas como veh\u00edculo de expresi\u00f3n y transmisi\u00f3n del patrimonio cultural de los pueblos, y concientizar sobre la importancia de su preservaci\u00f3n.    &lt;iframe title=&quot;YouTube video player&quot; src=&quot;https:\/\/www.youtube.com\/embed\/ufSa-7YOqxc?si=lrRzaJ3oqhlzDF9l&quot; width=&quot;560&quot; height=&quot;315&quot; frameborder=&quot;0&quot; allowfullscreen=&quot;allowfullscreen&quot;&gt;&lt;\/iframe&gt;    &nbsp;  &lt;h1 dir=&quot;auto&quot;&gt;Edici\u00f3n 2026&lt;\/h1&gt;  El CCPE conmemora el &lt;b&gt;\u201cD\u00eda Internacional de la Lengua Materna\u201d&lt;\/b&gt; con el poema &lt;b&gt;Curoza de palla&lt;\/b&gt; (Caperuza de paja) de la poeta gallega Luz Pichel*, recitado en su lengua original por la autora.    Luz Pichel fue una de las invitadas de honor del 33\u00ba Festival Internacional de Poes\u00eda de Rosario. La animaci\u00f3n es de Florencia Monza, &lt;b&gt;Curoza de palla&lt;\/b&gt; pasa as\u00ed a formar parte de Lenguamadre, proyecto del CCPE dentro del FIPR, que cada a\u00f1o se plantea como un punto de encuentro, reflexi\u00f3n y debate entre poetas de lenguas originarias. Lenguamadre tiene como objetivo sensibilizar sobre el valor de las lenguas nativas como veh\u00edculo de expresi\u00f3n y transmisi\u00f3n del patrimonio cultural de los pueblos, y concientizar sobre la importancia de su preservaci\u00f3n.  &lt;div class=&quot;fluid-width-video-wrapper&quot;&gt;&lt;iframe title=&quot;YouTube video player&quot; src=&quot;https:\/\/www.youtube.com\/embed\/u1u9szippsg?si=gd3YGztlna9Vmov4&quot; width=&quot;560&quot; height=&quot;315&quot; frameborder=&quot;0&quot; allowfullscreen=&quot;allowfullscreen&quot;&gt;&lt;\/iframe&gt;&lt;\/div&gt;  El subtitulado del presente video respeta la traducci\u00f3n original de gallego a la versi\u00f3n en castellano rural de una zona de \u00c1vila, hecha por \u00c1ngela Segovia (Espa\u00f1a).    &lt;b&gt;Curoza de palla (Caperuza de paja)**&lt;\/b&gt;    caperuza de paja hecha a medida pa ella    por la yaya manuela    corre el bichillo entre los robles huyendo huyendo    las espinillas todas ara\u00f1adas los tobillos    ch ch chillando a todo chillar ma\u00e1 mam\u00e1 me come    el lobo y llueve    mam\u00e1 mam\u00e1 me come el lobo y llueve    mail a mam\u00e1    nada    que est\u00e1 en barquisimeto    pues yo veo una muela de molino saliendo a la luz el reguero volviendo con su repicada y los vecinos    volviendo a la comunal encomienda de hacer el pan y repartirlo    ninguno est\u00e1 libre de un ataque de somnolencia    la mam\u00e1 nada y nada y nada    el atl\u00e1ntico desparr\u00e1mase tambi\u00e9n como la \u00e1rbola aquella de una punta a otra del mundo los eces    peque\u00f1itos no precisan zuecos ni escarpines    se ahogan desnudos?    completamente y br\u00edllales la muerte por el cuerpo adeante    &nbsp;    &lt;b&gt;*Luz Pichel &lt;\/b&gt;(Al\u00e9n, Espa\u00f1a, 1947)    Es poeta y profesora de Lengua y Literatura. Estudi\u00f3 Filolog\u00eda en la Universidad de Santiago de Compostela y en la Universidad Complutense de Madrid. Fue co-directora del Centro de Estudios de la Poes\u00eda de la Universidad Popular Jos\u00e9 Hierro de San Sebasti\u00e1n de los Reyes. Desde 2012 forma parte del espacio de investigaci\u00f3n Seminario Euraca, un experimento de aprendizaje colectivo sobre el patrimonio l\u00edrico, lenguas y dialectos, lecturas y procedimientos. Lleva publicados m\u00e1s de una decena de libros, entre ellos El p\u00e1jaro mudo y otros poemas (1990), La marca de los potros (Premio Internacional de Poes\u00eda Juan Ram\u00f3n Jim\u00e9nez, 2004), Tra(n)shumancias (2015), CO CO CO U (2017), Al\u00e9n al\u00e9n (2021), Din din don y m\u00e1s Hortensias azuis (2021), T\u00fa Existe (2023). La tensi\u00f3n entre lengua normada y oralidad rural, y la potencialidad de un uso no estabilizado del dialecto, la convierten en una poeta fundamental de la lengua gallega y de Espa\u00f1a.    **El poema Curoza de palla se encuentra en el libro CO CO CO U, editado por La u\u00d1a RoTa (2017).    La autora explica respecto al t\u00edtulo del libro: \u00abco u\u00bb quiere decir \u00abcon la u\u00bb en alusi\u00f3n a que en esta zona de Galicia se cierra mucho la \/o\/, hablamos \u00abcon la u\u00bb, y el tartamudeo que anda por todo el libro quiere representar el miedo de hablar, el complejo de inferioridad de quienes hablan una lengua que \u00abno sirve\u00bb.    A la vez, Luz sugiere leer &lt;a href=&quot;https:\/\/www.rtve.es\/play\/audios\/la-estacion-azul\/cativa-su-lughar-luz-pichel-20-12-25\/16866229\/&quot;&gt;una reciente entrevista donde explica de manera clara detalles sobre  de socioling\u00fc\u00edstica.&lt;\/a&gt;    &lt;\/div&gt;\",\r\n            \"image\": \"https:\/\/ccpe.org.ar\/web\/wp-content\/uploads\/2026\/03\/b_lenguamadre_seisas-980x544-1.jpg\",\r\n            \"name\": \"Lenguamadre\",\r\n            \"url\": \"https:\/\/ccpe.org.ar\/web\/actividades\/lenguamadre-4\/\"\r\n        }\r\n        <\/script>\r\n        <article data-style=\"\" class=\" mec-event-article mec-clear \" itemscope>\n        \n            <div class=\"mec-event-image\"><a data-event-id=\"7818\" href=\"https:\/\/ccpe.org.ar\/web\/actividades\/lenguamadre-4\/\"><img loading=\"lazy\" decoding=\"async\" width=\"980\" height=\"544\" src=\"https:\/\/ccpe.org.ar\/web\/wp-content\/uploads\/2026\/03\/b_lenguamadre_seisas-980x544-1.jpg\" class=\"attachment-full size-full wp-post-image\" alt=\"\" data-mec-postid=\"7818\" srcset=\"https:\/\/ccpe.org.ar\/web\/wp-content\/uploads\/2026\/03\/b_lenguamadre_seisas-980x544-1.jpg 980w, https:\/\/ccpe.org.ar\/web\/wp-content\/uploads\/2026\/03\/b_lenguamadre_seisas-980x544-1-480x266.jpg 480w\" sizes=\"(min-width: 0px) and (max-width: 480px) 480px, (min-width: 481px) 980px, 100vw\" \/><\/a>\n                <!--div class=\"ods-container\">\n                                    <\/div-->\n            <\/div>\n\n            \n            <div class=\"mec-event-content\">\n\n                \n                    <div class=\"mec-event-date mec-bg-color\">\n\n                        <span class=\"mec-start-date-label\" itemprop=\"startDate\">S\u00e1b 19\/09<\/span><span class=\"mec-end-date-label\" itemprop=\"endDate\"> - Vie 31\/12<\/span>\n                        \n                        \n                    <\/div>\n\n                \n                \n                \n                <h4 class=\"mec-event-title\">\n\n                    <!-- agregado-->\n\n                    <span style=\"text-transform:none; font-weight:500; font-size: 16px;\">\n\n                        Lenguas originarias<\/span><br>\n\n                    <!-- fin agregado-->\n\n                    <a class=\"mec-color-hover\" data-event-id=\"7818\" href=\"https:\/\/ccpe.org.ar\/web\/actividades\/lenguamadre-4\/\">Lenguamadre<\/a><span class=\"event-color\" style=\"background: #fdd700\"><\/span><\/h4>\n\n                 <!-- agregado-->   \n\n                <p class='bajada'>Un espacio de encuentro, reflexi\u00f3n y debate que re\u00fane a poetas ind\u00edgenas de toda Am\u00e9rica Latina.<\/p>\n                <p><\/p>\n\n\n\n                <!--fin agregado-->\n\n                \n\n                \n            <\/div>\n\n            <div class=\"mec-event-footer\">\n\n                \n                \n                <!-- agregado modificado-->\n\n               <a class=\"mec-booking-button\" data-event-id=\"7818\" href=\"https:\/\/ccpe.org.ar\/web\/actividades\/lenguamadre-4\/\" target=\"_self\">+ INFO<\/a>\n\n               <!-- fin agregado nodificado-->\n\n            <\/div>\n\n        <\/article><\/div>\n        \n        <div class=\"col-md-6 col-sm-6\">        <script type=\"application\/ld+json\">\r\n        {\r\n            \"@context\": \"http:\/\/schema.org\",\r\n            \"@type\": \"Event\",\r\n            \"eventStatus\": \"https:\/\/schema.org\/EventScheduled\",\r\n            \"startDate\": \"2026-03-24\",\r\n            \"endDate\": \"2027-03-24\",\r\n            \"eventAttendanceMode\": \"https:\/\/schema.org\/OfflineEventAttendanceMode\",\r\n            \"location\":\r\n            {\r\n                \"@type\": \"Place\",\r\n                                \"name\": \"\",\r\n                \"image\": \"\",\r\n                \"address\": \"\"\r\n                            },\r\n            \"organizer\":\r\n            {\r\n                \"@type\": \"Person\",\r\n                \"name\": \"\",\r\n                \"url\": \"\"\r\n            },\r\n            \"offers\":\r\n            {\r\n                \"url\": \"https:\/\/ccpe.org.ar\/web\/actividades\/memorias-de-exilio-espana-1939-1975-argentina-1976-1983\/\",\r\n                \"price\": \"\",\r\n                \"priceCurrency\": \"ARS\",\r\n                \"availability\": \"https:\/\/schema.org\/InStock\",\r\n                \"validFrom\": \"2026-03-24T00:00\"\r\n            },\r\n            \"performer\": \"\",\r\n            \"description\": \"&lt;span style=&quot;font-weight: 400;&quot;&gt;A trav\u00e9s de este proyecto el CCPE propone explorar las historias de exilio ocurridas durante las dos dictaduras del Siglo XX que atravesaron a Espa\u00f1a y Argentina, para poder pensar la memoria como una experiencia colectiva y situada, donde las voces del pasado se activan en el presente y permiten construir imaginarios futuros.&lt;\/span&gt;    &lt;span style=&quot;font-weight: 400;&quot;&gt;Se trata de encontrar las zonas comunes o puntos de encuentro entre los ciudadanos espa\u00f1oles que, perseguidos por el r\u00e9gimen franquista, se vieron obligados a emigrar de sus ciudades entre 1939 y 1975, y los argentinos que lograron escapar de la Dictadura c\u00edvico-militar que asol\u00f3 el pa\u00eds entre 1976 y 1983.&lt;\/span&gt;    &lt;span style=&quot;font-weight: 400;&quot;&gt;A 50 a\u00f1os de dos hechos hist\u00f3ricos coincidentes -la recuperaci\u00f3n de la democracia en Espa\u00f1a y el Golpe de Estado en la Argentina-, desmenuzar esos exilios, esas peque\u00f1as historias de desarraigos individuales, familiares, parece una clave para poder reconstruir la memoria del pasado reciente.&lt;\/span&gt;    &lt;span style=&quot;font-weight: 400;&quot;&gt;A trav\u00e9s de los archivos personales (fotos, cartas, peque\u00f1os objetos enviados a trav\u00e9s del mar como prueba de vida, como modo de acortar la distancia emocional, como forma de conjurar el olvido), se propone configurar un gran mosaico hecho de todas esas historias cotidianas, de todas esas vidas marcadas por la violencia pol\u00edtica para poner en perspectiva el valor intr\u00ednseco de la democracia.&lt;\/span&gt;    &lt;span style=&quot;font-weight: 400;&quot;&gt;A este fin convocamos a quienes quieran acercar sus archivos personales\/familiares a contactarnos inicialmente por correo a: memoriasdeexilio@ccpe.org.ar. El equipo del CCPE recibir\u00e1 a los interesados en participar de esta iniciativa de manera directa, para conversar sobre cada historia y recibir consultas e inquietudes.&lt;\/span&gt;    &lt;span style=&quot;font-weight: 400;&quot;&gt;Asimismo, durante el a\u00f1o el CCPE organizar\u00e1 una serie de talleres con profesionales de la conservaci\u00f3n, para que nos asistan en el abordaje del archivo o \u00e1lbum familiar, de modo de convertir el encuentro en una excusa para reflexionar sobre los recuerdos atesorados y sus historias. &lt;\/span&gt;    &lt;span style=&quot;font-weight: 400;&quot;&gt;En una etapa posterior, y en asociaci\u00f3n con el Centro de Estudios Hist\u00f3ricos Parque de Espa\u00f1a (CEHIPE), se desarrollar\u00e1 el proceso de digitalizaci\u00f3n de aquellos materiales que hayan sido cedidos en pr\u00e9stamo, a fin de generar un repositorio que aloje estas &lt;\/span&gt;&lt;b&gt;\u201cMemorias de exilio\u201d.&lt;\/b&gt;    &lt;span style=&quot;font-weight: 400;&quot;&gt; &lt;\/span&gt;\",\r\n            \"image\": \"https:\/\/ccpe.org.ar\/web\/wp-content\/uploads\/2026\/03\/b_memoria_del_exilio.jpg\",\r\n            \"name\": \"Memorias de exilio. Espa\u00f1a 1939\/1975 &#8211; Argentina 1976\/1983\",\r\n            \"url\": \"https:\/\/ccpe.org.ar\/web\/actividades\/memorias-de-exilio-espana-1939-1975-argentina-1976-1983\/\"\r\n        }\r\n        <\/script>\r\n        <article data-style=\"\" class=\" mec-event-article mec-clear \" itemscope>\n        \n            <div class=\"mec-event-image\"><a data-event-id=\"7842\" href=\"https:\/\/ccpe.org.ar\/web\/actividades\/memorias-de-exilio-espana-1939-1975-argentina-1976-1983\/\"><img loading=\"lazy\" decoding=\"async\" width=\"980\" height=\"544\" src=\"https:\/\/ccpe.org.ar\/web\/wp-content\/uploads\/2026\/03\/b_memoria_del_exilio.jpg\" class=\"attachment-full size-full wp-post-image\" alt=\"collage de fotos de valijas, barcos, postales antiguas\" data-mec-postid=\"7842\" srcset=\"https:\/\/ccpe.org.ar\/web\/wp-content\/uploads\/2026\/03\/b_memoria_del_exilio.jpg 980w, https:\/\/ccpe.org.ar\/web\/wp-content\/uploads\/2026\/03\/b_memoria_del_exilio-480x266.jpg 480w\" sizes=\"(min-width: 0px) and (max-width: 480px) 480px, (min-width: 481px) 980px, 100vw\" \/><\/a>\n                <!--div class=\"ods-container\">\n                                    <\/div-->\n            <\/div>\n\n            \n            <div class=\"mec-event-content\">\n\n                \n                    <div class=\"mec-event-date mec-bg-color\">\n\n                        <span class=\"mec-start-date-label\" itemprop=\"startDate\">Mar 24\/03<\/span><span class=\"mec-end-date-label\" itemprop=\"endDate\"> - Mi\u00e9 24\/03<\/span>\n                        \n                        \n                    <\/div>\n\n                \n                \n                \n                <h4 class=\"mec-event-title\">\n\n                    <!-- agregado-->\n\n                    <span style=\"text-transform:none; font-weight:500; font-size: 16px;\">\n\n                        Convocatoria<\/span><br>\n\n                    <!-- fin agregado-->\n\n                    <a class=\"mec-color-hover\" data-event-id=\"7842\" href=\"https:\/\/ccpe.org.ar\/web\/actividades\/memorias-de-exilio-espana-1939-1975-argentina-1976-1983\/\">Memorias de exilio. Espa\u00f1a 1939\/1975 &#8211; Argentina 1976\/1983<\/a><span class=\"event-color\" style=\"background: #fdd700\"><\/span><\/h4>\n\n                 <!-- agregado-->   \n\n                <p class='bajada'>A trav\u00e9s de los archivos personales se propone configurar un gran mosaico hecho de todas esas vidas marcadas por la violencia pol\u00edtica.<\/p>\n                <p><\/p>\n\n\n\n                <!--fin agregado-->\n\n                \n\n                \n            <\/div>\n\n            <div class=\"mec-event-footer\">\n\n                \n                \n                <!-- agregado modificado-->\n\n               <a class=\"mec-booking-button\" data-event-id=\"7842\" href=\"https:\/\/ccpe.org.ar\/web\/actividades\/memorias-de-exilio-espana-1939-1975-argentina-1976-1983\/\" target=\"_self\">+ INFO<\/a>\n\n               <!-- fin agregado nodificado-->\n\n            <\/div>\n\n        <\/article><\/div><\/div>\n        \n        <div class=\"row\"><div class=\"col-md-6 col-sm-6\">        <script type=\"application\/ld+json\">\r\n        {\r\n            \"@context\": \"http:\/\/schema.org\",\r\n            \"@type\": \"Event\",\r\n            \"eventStatus\": \"https:\/\/schema.org\/EventScheduled\",\r\n            \"startDate\": \"2026-05-06\",\r\n            \"endDate\": \"2026-09-26\",\r\n            \"eventAttendanceMode\": \"https:\/\/schema.org\/OfflineEventAttendanceMode\",\r\n            \"location\":\r\n            {\r\n                \"@type\": \"Place\",\r\n                                \"name\": \"\",\r\n                \"image\": \"\",\r\n                \"address\": \"\"\r\n                            },\r\n            \"organizer\":\r\n            {\r\n                \"@type\": \"Person\",\r\n                \"name\": \"\",\r\n                \"url\": \"\"\r\n            },\r\n            \"offers\":\r\n            {\r\n                \"url\": \"https:\/\/ccpe.org.ar\/web\/actividades\/un-pasaje-hasta-aqui-3\/\",\r\n                \"price\": \"\",\r\n                \"priceCurrency\": \"ARS\",\r\n                \"availability\": \"https:\/\/schema.org\/InStock\",\r\n                \"validFrom\": \"2026-05-06T00:00\"\r\n            },\r\n            \"performer\": \"\",\r\n            \"description\": \"&lt;span style=&quot;font-weight: 400;&quot;&gt;El Centro Cultural Parque de Espa\u00f1a presenta la edici\u00f3n 2026 del ciclo de artes esc\u00e9nicas &lt;\/span&gt;&lt;i&gt;&lt;span style=&quot;font-weight: 400;&quot;&gt;Un pasaje hasta aqu\u00ed&lt;\/span&gt;&lt;\/i&gt;&lt;span style=&quot;font-weight: 400;&quot;&gt;. El ciclo est\u00e1 conformado por 4 obras que fueron seleccionadas a partir de una convocatoria federal en la que se presentaron m\u00e1s de 250 proyectos provenientes de las provincias de C\u00f3rdoba, Entre R\u00edos, Buenos Aires y Santa Fe.&lt;\/span&gt;    &lt;span style=&quot;font-weight: 400;&quot;&gt;El ciclo busca promover el desarrollo de una programaci\u00f3n democr\u00e1tica y participativa desde una perspectiva que d\u00e9 visibilidad a la producci\u00f3n esc\u00e9nica regional. La propuesta surge con el objetivo de estimular la circulaci\u00f3n de obras de teatro entre diferentes ciudades y acercar la producci\u00f3n teatral de otros circuitos al p\u00fablico rosarino. &lt;\/span&gt;    &lt;span style=&quot;font-weight: 400;&quot;&gt;Las obras seleccionadas:&lt;\/span&gt;    &lt;span style=&quot;font-weight: 400;&quot;&gt;S\u00e1bado 25 de julio:&lt;\/span&gt;  &lt;a href=&quot;https:\/\/ccpe.org.ar\/web\/actividades\/la-teoria-del-desencanto-caba\/&quot;&gt;&lt;b&gt;La teor\u00eda del desencanto (CABA)&lt;\/b&gt;&lt;\/a&gt;  &lt;span style=&quot;font-weight: 400;&quot;&gt;Dramaturgia y direcci\u00f3n: Ana Julieta Otero &lt;\/span&gt;  &lt;span style=&quot;font-weight: 400;&quot;&gt;Act\u00faan: Ana Celentano, Juan Tupac Soler, Ra\u00fal Antonio Fern\u00e1ndez, Julia Di Ciocco&lt;\/span&gt;  &lt;span style=&quot;font-weight: 400;&quot;&gt;Asistente de direcci\u00f3n: Camila Sartorio&lt;\/span&gt;    &lt;span style=&quot;font-weight: 400;&quot;&gt;S\u00e1bado 8 de agosto:&lt;\/span&gt;  &lt;a href=&quot;https:\/\/ccpe.org.ar\/web\/actividades\/lengua-madre-cordoba\/&quot;&gt;&lt;b&gt;Lengua Madre (C\u00f3rdoba)&lt;\/b&gt;&lt;\/a&gt;  &lt;span style=&quot;font-weight: 400;&quot;&gt;Versi\u00f3n esc\u00e9nica de la novela de Mar\u00eda Teresa Andruetto&lt;\/span&gt;  &lt;span style=&quot;font-weight: 400;&quot;&gt;Direcci\u00f3n: Daniela Mart\u00edn y Nicol\u00e1s Ignacio Giovanna &lt;\/span&gt;  &lt;span style=&quot;font-weight: 400;&quot;&gt;Act\u00faan: Laura Noem\u00ed Ortiz y Diana Mar\u00eda Lerma &lt;\/span&gt;    &lt;span style=&quot;font-weight: 400;&quot;&gt;S\u00e1bado 26 de septiembre:&lt;\/span&gt;  &lt;a href=&quot;https:\/\/ccpe.org.ar\/web\/actividades\/mati-y-pablito\/&quot;&gt;&lt;b&gt;Mati y Pablito&lt;\/b&gt;&lt;\/a&gt;  &lt;span style=&quot;font-weight: 400;&quot;&gt;Dramaturgia y direcci\u00f3n: Micaela Irina Zaninovich &lt;\/span&gt;  &lt;span style=&quot;font-weight: 400;&quot;&gt;Act\u00faan: Pablo Racciatti y Mat\u00edas Rafael Marta &lt;\/span&gt;  &lt;span style=&quot;font-weight: 400;&quot;&gt;Dj e int\u00e9rprete: Nadia Agostina G\u00f3mez &lt;\/span&gt;  &lt;span style=&quot;font-weight: 400;&quot;&gt;Directora de coreograf\u00eda y autora: Guadalupe C\u00e1charo&lt;\/span&gt;  &lt;span style=&quot;font-weight: 400;&quot;&gt;Producci\u00f3n general: Mar\u00eda Silvia Caparr\u00f3s &lt;\/span&gt;    &lt;span style=&quot;font-weight: 400;&quot;&gt;Viernes 16 de junio:&lt;\/span&gt;  &lt;a href=&quot;https:\/\/ccpe.org.ar\/web\/actividades\/mama-mia-un-espectaculo-de-humor-y-cancer-villa-de-las-rosas\/&quot;&gt;&lt;b&gt;Mama m\u00eda, un espect\u00e1culo de humor y c\u00e1ncer (Villa de las Rosas)&lt;\/b&gt;&lt;\/a&gt;  &lt;span style=&quot;font-weight: 400;&quot;&gt;Direcci\u00f3n: Julieta Daga&lt;\/span&gt;  &lt;span style=&quot;font-weight: 400;&quot;&gt;Act\u00faa y produce: Mariana Cabrol&lt;\/span&gt;  &lt;span style=&quot;font-weight: 400;&quot;&gt;Asistente de direcci\u00f3n, escen\u00f3grafa y t\u00e9cnica de sonido: Tamara Medina &lt;\/span&gt;    &nbsp;    &lt;i&gt;&lt;span style=&quot;font-weight: 400;&quot;&gt;Si necesit\u00e1s asistencia personalizada para inscribirte o asistir, pod\u00e9s comunicarte a &lt;\/span&gt;&lt;\/i&gt;&lt;a href=&quot;mailto:info@ccpe.org.ar&quot;&gt;&lt;i&gt;&lt;span style=&quot;font-weight: 400;&quot;&gt;info@ccpe.org.ar&lt;\/span&gt;&lt;\/i&gt;&lt;\/a&gt;&lt;i&gt;&lt;span style=&quot;font-weight: 400;&quot;&gt; o consultar nuestra &lt;\/span&gt;&lt;\/i&gt;&lt;a href=&quot;https:\/\/ccpe.org.ar\/web\/accesibilidad\/&quot;&gt;&lt;i&gt;&lt;span style=&quot;font-weight: 400;&quot;&gt;secci\u00f3n de accesibilidad.&lt;\/span&gt;&lt;\/i&gt;&lt;\/a&gt;    &lt;b&gt;Con el apoyo de la Cooperaci\u00f3n Cultural Espa\u00f1ola (AECID)&lt;\/b&gt;    &lt;img class=&quot;alignnone size-full wp-image-7670&quot; src=&quot;https:\/\/ccpe.org.ar\/web\/wp-content\/uploads\/2025\/11\/logo-cooperacion-baja.jpg&quot; alt=&quot;&quot; width=&quot;790&quot; height=&quot;121&quot; \/&gt;\",\r\n            \"image\": \"https:\/\/ccpe.org.ar\/web\/wp-content\/uploads\/2026\/02\/b_un_pasaje_hasta_aqui_26.jpg\",\r\n            \"name\": \"Un pasaje hasta aqu\u00ed\",\r\n            \"url\": \"https:\/\/ccpe.org.ar\/web\/actividades\/un-pasaje-hasta-aqui-3\/\"\r\n        }\r\n        <\/script>\r\n        <article data-style=\"\" class=\" mec-event-article mec-clear \" itemscope>\n        \n            <div class=\"mec-event-image\"><a data-event-id=\"7897\" href=\"https:\/\/ccpe.org.ar\/web\/actividades\/un-pasaje-hasta-aqui-3\/\"><img loading=\"lazy\" decoding=\"async\" width=\"980\" height=\"544\" src=\"https:\/\/ccpe.org.ar\/web\/wp-content\/uploads\/2026\/02\/b_un_pasaje_hasta_aqui_26.jpg\" class=\"attachment-full size-full wp-post-image\" alt=\"\" data-mec-postid=\"7897\" srcset=\"https:\/\/ccpe.org.ar\/web\/wp-content\/uploads\/2026\/02\/b_un_pasaje_hasta_aqui_26.jpg 980w, https:\/\/ccpe.org.ar\/web\/wp-content\/uploads\/2026\/02\/b_un_pasaje_hasta_aqui_26-480x266.jpg 480w\" sizes=\"(min-width: 0px) and (max-width: 480px) 480px, (min-width: 481px) 980px, 100vw\" \/><\/a>\n                <!--div class=\"ods-container\">\n                                    <\/div-->\n            <\/div>\n\n            \n            <div class=\"mec-event-content\">\n\n                \n                    <div class=\"mec-event-date mec-bg-color\">\n\n                        <span class=\"mec-start-date-label\" itemprop=\"startDate\">Mi\u00e9 06\/05<\/span><span class=\"mec-end-date-label\" itemprop=\"endDate\"> - S\u00e1b 26\/09<\/span>\n                        \n                        \n                    <\/div>\n\n                \n                \n                \n                <h4 class=\"mec-event-title\">\n\n                    <!-- agregado-->\n\n                    <span style=\"text-transform:none; font-weight:500; font-size: 16px;\">\n\n                        Ciclo de teatro<\/span><br>\n\n                    <!-- fin agregado-->\n\n                    <a class=\"mec-color-hover\" data-event-id=\"7897\" href=\"https:\/\/ccpe.org.ar\/web\/actividades\/un-pasaje-hasta-aqui-3\/\">Un pasaje hasta aqu\u00ed<\/a><span class=\"event-color\" style=\"background: #fdd700\"><\/span><\/h4>\n\n                 <!-- agregado-->   \n\n                <p class='bajada'>Se presentaron m\u00e1s de 250 proyectos provenientes de las provincias de C\u00f3rdoba, Entre R\u00edos, Buenos Aires y Santa Fe.<\/p>\n                <p><\/p>\n\n\n\n                <!--fin agregado-->\n\n                \n\n                \n            <\/div>\n\n            <div class=\"mec-event-footer\">\n\n                \n                \n                <!-- agregado modificado-->\n\n               <a class=\"mec-booking-button\" data-event-id=\"7897\" href=\"https:\/\/ccpe.org.ar\/web\/actividades\/un-pasaje-hasta-aqui-3\/\" target=\"_self\">+ INFO<\/a>\n\n               <!-- fin agregado nodificado-->\n\n            <\/div>\n\n        <\/article><\/div>\n        \n        <div class=\"col-md-6 col-sm-6\">        <script type=\"application\/ld+json\">\r\n        {\r\n            \"@context\": \"http:\/\/schema.org\",\r\n            \"@type\": \"Event\",\r\n            \"eventStatus\": \"https:\/\/schema.org\/EventScheduled\",\r\n            \"startDate\": \"2026-06-13\",\r\n            \"endDate\": \"2026-10-31\",\r\n            \"eventAttendanceMode\": \"https:\/\/schema.org\/OfflineEventAttendanceMode\",\r\n            \"location\":\r\n            {\r\n                \"@type\": \"Place\",\r\n                                \"name\": \"\",\r\n                \"image\": \"\",\r\n                \"address\": \"\"\r\n                            },\r\n            \"organizer\":\r\n            {\r\n                \"@type\": \"Person\",\r\n                \"name\": \"\",\r\n                \"url\": \"\"\r\n            },\r\n            \"offers\":\r\n            {\r\n                \"url\": \"https:\/\/ccpe.org.ar\/web\/actividades\/club-de-lecturas-feministas\/\",\r\n                \"price\": \"\",\r\n                \"priceCurrency\": \"ARS\",\r\n                \"availability\": \"https:\/\/schema.org\/InStock\",\r\n                \"validFrom\": \"2026-06-13T00:00\"\r\n            },\r\n            \"performer\": \"\",\r\n            \"description\": \"&lt;span style=&quot;font-weight: 400;&quot;&gt;En el marco de su &lt;\/span&gt;&lt;a href=&quot;https:\/\/ccpe.org.ar\/web\/actividades\/lecturas-feministas\/&quot;&gt;&lt;span style=&quot;font-weight: 400;&quot;&gt;Programa anual de formaci\u00f3n feminista&lt;\/span&gt;&lt;\/a&gt;&lt;span style=&quot;font-weight: 400;&quot;&gt;, el Centro Cultural Parque de Espa\u00f1a abre la inscripci\u00f3n para participar del &lt;\/span&gt;&lt;b&gt;Club de lecturas feministas. &lt;\/b&gt;&lt;span style=&quot;font-weight: 400;&quot;&gt;Coordinado por Malena Oneglia y Pilar Escalante.&lt;\/span&gt;    &lt;b&gt;Frecuencia quincenal, de junio a octubre. S\u00e1bados, de 16 a 18 h, comienza el 13 de junio, en Mediateca del CCPE (Sarmiento y el r\u00edo). Gratis. Cupos limitados.&lt;\/b&gt;&lt;span style=&quot;font-weight: 400;&quot;&gt; &lt;\/span&gt;&lt;b&gt;Inscripci\u00f3n finalizada. Se comunica el lunes 1 de junio.&lt;\/b&gt;    &lt;span style=&quot;font-weight: 400;&quot;&gt;Inspirado en los C\u00edrculos de Concienciaci\u00f3n Feminista de los a\u00f1os 60\u2019,  a trav\u00e9s de la lectura compartida de textos te\u00f3ricos, literarios y militantes, el Club de Lecturas Feministas  invita a tramar debates entre pensamiento, pr\u00e1cticas y experiencias. &lt;\/span&gt;    &lt;span style=&quot;font-weight: 400;&quot;&gt;Lejos de los formatos acad\u00e9micos cl\u00e1sicos se propone como un espacio de pensamiento colectivo, accesible, creativo y afectivo que abre conversaciones como un gesto necesario para esta \u00e9poca. Porque no se puede ser feminista en soledad y porque es preciso y urgente acercarnos a las lecturas que articulan los debates contempor\u00e1neos y tejer puentes y conversaciones como herramientas de transformaci\u00f3n colectiva.&lt;\/span&gt;    &lt;b&gt;Itinerario lector:&lt;\/b&gt;    &lt;span style=&quot;font-weight: 400;&quot;&gt;Junio \u2014 Lenguaje, representaci\u00f3n y mirada&lt;\/span&gt;    &lt;span style=&quot;font-weight: 400;&quot;&gt;S\u00e1bados 13 y 27&lt;\/span&gt;    &lt;span style=&quot;font-weight: 400;&quot;&gt;Eje: feminismos queer, modos de ver y narrar. Objetivo: Interrogar qui\u00e9n habla, qui\u00e9n mira y c\u00f3mo se representa.&lt;\/span&gt;    &lt;span style=&quot;font-weight: 400;&quot;&gt;Julio \u2014 Goces y resistencias en el mundo actual&lt;\/span&gt;    &lt;span style=&quot;font-weight: 400;&quot;&gt;S\u00e1bados 11 y 25&lt;\/span&gt;    &lt;span style=&quot;font-weight: 400;&quot;&gt;Eje: Goces, derecho al disfrute y resistencias feministas. Objetivo: Pensar la dimensi\u00f3n pol\u00edtica de goce\/disfrute y tramar espacios de resistencia&lt;\/span&gt;    &lt;span style=&quot;font-weight: 400;&quot;&gt;Agosto \u2014 Imaginaciones pol\u00edticas y futuros posibles&lt;\/span&gt;    &lt;span style=&quot;font-weight: 400;&quot;&gt;S\u00e1bados 8 y 22&lt;\/span&gt;    &lt;span style=&quot;font-weight: 400;&quot;&gt;Eje: Utop\u00edas feministas, ciencia ficci\u00f3n, alianzas y horizontes pol\u00edticos. Objetivo: Explorar horizontes alternativos desde la imaginaci\u00f3n feminista.&lt;\/span&gt;    &lt;span style=&quot;font-weight: 400;&quot;&gt;Septiembre \u2014 Lecturas desde los m\u00e1rgenes &lt;\/span&gt;    &lt;span style=&quot;font-weight: 400;&quot;&gt;S\u00e1bados 5 y 19&lt;\/span&gt;    &lt;span style=&quot;font-weight: 400;&quot;&gt;Eje: Feminismos no hegem\u00f3nicos, luchas territoriales y saberes otros. Crip, interdependencia, cuidados, locos. Objetivo: Descentrar la mirada, explorar los bordes&lt;\/span&gt;    &lt;span style=&quot;font-weight: 400;&quot;&gt;Octubre \u2014 Cierre: genealog\u00edas y proyecciones colectivas&lt;\/span&gt;    &lt;span style=&quot;font-weight: 400;&quot;&gt;S\u00e1bados 3 y 17&lt;\/span&gt;    &lt;span style=&quot;font-weight: 400;&quot;&gt;Eje: Recuperar el camino recorrido, producir lecturas propias y proyectar futuros. Objetivo: Cierre colectivo que articule lecturas, experiencias y proyecciones.&lt;\/span&gt;    &lt;b&gt;Destinatarias\/os:&lt;\/b&gt;    &lt;span style=&quot;font-weight: 400;&quot;&gt;El Club de Lecturas Feministas est\u00e1 dirigido a las personas interesadas en los debates la literatura feminista, sin necesidad de detentar formaci\u00f3n acad\u00e9mica previa: lectorxs curiosxs, militantes, docentes, estudiantes, integrantes de colectivos, personas inquietas que quieran compartir lecturas y reflexiones en un entorno respetuoso.&lt;\/span&gt;    &lt;span style=&quot;font-weight: 400;&quot;&gt;Bios:&lt;\/span&gt;    &lt;b&gt;Malena Oneglia&lt;\/b&gt;&lt;span style=&quot;font-weight: 400;&quot;&gt;. Antrop\u00f3loga (UNR), doctoranda en Antropolog\u00eda (UBA). Docente de grado y posgrado y coordinadora de espacios de intercambio y lectura en voz alta. Editora de la Revista de la Escuela de Antropolog\u00eda. Integrante del Laboratorio de Antropolog\u00eda de las Corporalidades Situadas (CONICET-UNR) y miembro de la Asociaci\u00f3n Argentina de Historia de las Mujeres y los Estudios de G\u00e9nero (AAHIMEG). Autora de libros, art\u00edculos y producciones sobre pol\u00edticas p\u00fablicas en sexualidad, Estudios de G\u00e9nero y Feministas. &lt;\/span&gt;    &nbsp;    &lt;b&gt;Pilar Escalante. &lt;\/b&gt;&lt;span style=&quot;font-weight: 400;&quot;&gt;Polit\u00f3loga (UNR), Especialista en Educaci\u00f3n Sexual Integral (UNR). Docente en escuelas medias y posgrado. Militante feminista popular. Integrante de proyectos de investigaci\u00f3n y del equipo del primer Ministerio de las Mujeres, G\u00e9neros y Diversidad de la Naci\u00f3n (2019-22). Autora de art\u00edculos en sexualidades, g\u00e9nero y pol\u00edticas p\u00fablicas.&lt;\/span&gt;    &lt;i&gt;&lt;span style=&quot;font-weight: 400;&quot;&gt;Si necesit\u00e1s asistencia personalizada para inscribirte o asistir, pod\u00e9s comunicarte a &lt;\/span&gt;&lt;\/i&gt;&lt;a href=&quot;mailto:info@ccpe.org.ar&quot;&gt;&lt;i&gt;&lt;span style=&quot;font-weight: 400;&quot;&gt;info@ccpe.org.ar&lt;\/span&gt;&lt;\/i&gt;&lt;\/a&gt;&lt;i&gt;&lt;span style=&quot;font-weight: 400;&quot;&gt; o consultar nuestra &lt;\/span&gt;&lt;\/i&gt;&lt;a href=&quot;https:\/\/ccpe.org.ar\/web\/accesibilidad\/&quot;&gt;&lt;i&gt;&lt;span style=&quot;font-weight: 400;&quot;&gt;secci\u00f3n de accesibilidad.&lt;\/span&gt;&lt;\/i&gt;&lt;\/a&gt;    &lt;b&gt;Con el apoyo de la Cooperaci\u00f3n Cultural Espa\u00f1ola (AECID)&lt;\/b&gt;    &lt;img class=&quot;alignnone size-full wp-image-7670&quot; src=&quot;https:\/\/ccpe.org.ar\/web\/wp-content\/uploads\/2025\/11\/logo-cooperacion-baja.jpg&quot; alt=&quot;&quot; width=&quot;790&quot; height=&quot;121&quot; \/&gt;\",\r\n            \"image\": \"https:\/\/ccpe.org.ar\/web\/wp-content\/uploads\/2026\/03\/b_lecturas_feministas3.jpg\",\r\n            \"name\": \"Club de Lecturas Feministas\",\r\n            \"url\": \"https:\/\/ccpe.org.ar\/web\/actividades\/club-de-lecturas-feministas\/\"\r\n        }\r\n        <\/script>\r\n        <article data-style=\"\" class=\" mec-event-article mec-clear \" itemscope>\n        \n            <div class=\"mec-event-image\"><a data-event-id=\"7902\" href=\"https:\/\/ccpe.org.ar\/web\/actividades\/club-de-lecturas-feministas\/\"><img loading=\"lazy\" decoding=\"async\" width=\"980\" height=\"544\" src=\"https:\/\/ccpe.org.ar\/web\/wp-content\/uploads\/2026\/03\/b_lecturas_feministas3.jpg\" class=\"attachment-full size-full wp-post-image\" alt=\"\" data-mec-postid=\"7902\" srcset=\"https:\/\/ccpe.org.ar\/web\/wp-content\/uploads\/2026\/03\/b_lecturas_feministas3.jpg 980w, https:\/\/ccpe.org.ar\/web\/wp-content\/uploads\/2026\/03\/b_lecturas_feministas3-480x266.jpg 480w\" sizes=\"(min-width: 0px) and (max-width: 480px) 480px, (min-width: 481px) 980px, 100vw\" \/><\/a>\n                <!--div class=\"ods-container\">\n                                    <\/div-->\n            <\/div>\n\n            \n            <div class=\"mec-event-content\">\n\n                \n                    <div class=\"mec-event-date mec-bg-color\">\n\n                        <span class=\"mec-start-date-label\" itemprop=\"startDate\">S\u00e1b 13\/06<\/span><span class=\"mec-end-date-label\" itemprop=\"endDate\"> - S\u00e1b 31\/10<\/span>\n                        \n                        \n                    <\/div>\n\n                \n                \n                \n                <h4 class=\"mec-event-title\">\n\n                    <!-- agregado-->\n\n                    <span style=\"text-transform:none; font-weight:500; font-size: 16px;\">\n\n                        Feminismos e igualdad de g\u00e9neros<\/span><br>\n\n                    <!-- fin agregado-->\n\n                    <a class=\"mec-color-hover\" data-event-id=\"7902\" href=\"https:\/\/ccpe.org.ar\/web\/actividades\/club-de-lecturas-feministas\/\">Club de Lecturas Feministas<\/a><span class=\"event-color\" style=\"background: #fdd700\"><\/span><\/h4>\n\n                 <!-- agregado-->   \n\n                <p class='bajada'>Coordinado por Malena Oneglia y Pilar Escalante.\r\n<\/p>\n                <p><\/p>\n\n\n\n                <!--fin agregado-->\n\n                \n\n                \n            <\/div>\n\n            <div class=\"mec-event-footer\">\n\n                \n                \n                <!-- agregado modificado-->\n\n               <a class=\"mec-booking-button\" data-event-id=\"7902\" href=\"https:\/\/ccpe.org.ar\/web\/actividades\/club-de-lecturas-feministas\/\" target=\"_self\">+ INFO<\/a>\n\n               <!-- fin agregado nodificado-->\n\n            <\/div>\n\n        <\/article><\/div><\/div>\n        \n        <div class=\"row\"><div class=\"col-md-6 col-sm-6\">        <script type=\"application\/ld+json\">\r\n        {\r\n            \"@context\": \"http:\/\/schema.org\",\r\n            \"@type\": \"Event\",\r\n            \"eventStatus\": \"https:\/\/schema.org\/EventScheduled\",\r\n            \"startDate\": \"2026-06-27\",\r\n            \"endDate\": \"2026-10-02\",\r\n            \"eventAttendanceMode\": \"https:\/\/schema.org\/OfflineEventAttendanceMode\",\r\n            \"location\":\r\n            {\r\n                \"@type\": \"Place\",\r\n                                \"name\": \"\",\r\n                \"image\": \"\",\r\n                \"address\": \"\"\r\n                            },\r\n            \"organizer\":\r\n            {\r\n                \"@type\": \"Person\",\r\n                \"name\": \"\",\r\n                \"url\": \"\"\r\n            },\r\n            \"offers\":\r\n            {\r\n                \"url\": \"https:\/\/ccpe.org.ar\/web\/actividades\/curanderias-de-la-palabra-al-sortilegio\/\",\r\n                \"price\": \"\",\r\n                \"priceCurrency\": \"ARS\",\r\n                \"availability\": \"https:\/\/schema.org\/InStock\",\r\n                \"validFrom\": \"2026-06-27T00:00\"\r\n            },\r\n            \"performer\": \"\",\r\n            \"description\": \"&lt;span style=&quot;font-weight: 400;&quot;&gt;El Centro Cultural Parque de Espa\u00f1a abre la inscripci\u00f3n al taller CURANDER\u00cdAS\u2026 de la palabra al sortilegio. &lt;\/span&gt;    &lt;span style=&quot;font-weight: 400;&quot;&gt;En Curander\u00edas se propone leer y compartir ciertos textos literarios que nos permitan empezar a crear amuletos, hechizos, f\u00f3rmulas o peque\u00f1os poemas en di\u00e1logo con las artes pl\u00e1sticas. La literatura, las artes y la magia se cruzar\u00e1n  durante dos horas para poder inventar formas que activen la magia y la creatividad. &lt;\/span&gt;    &lt;span style=&quot;font-weight: 400;&quot;&gt;No se necesita tener ning\u00fan saber ni habilidad previa porque, en el trabajo compartido, se despertar\u00e1 lo que se ha dormido dentro nuestro. &lt;\/span&gt;    &lt;span style=&quot;font-weight: 400;&quot;&gt;Encuentro 1: Demorarse para ver&lt;\/span&gt;  &lt;span style=&quot;font-weight: 400;&quot;&gt;Encuentro 2: Leer el mundo&lt;\/span&gt;  &lt;span style=&quot;font-weight: 400;&quot;&gt;Encuentro 3: La recolecci\u00f3n po\u00e9tica&lt;\/span&gt;  &lt;span style=&quot;font-weight: 400;&quot;&gt;Encuentro 4: Velar y revelar&lt;\/span&gt;  &lt;span style=&quot;font-weight: 400;&quot;&gt;Encuentro 5: Convite po\u00e9tico (muestra con lecturas y exposici\u00f3n).&lt;\/span&gt;    &lt;span style=&quot;font-weight: 400;&quot;&gt;Dirigido a mayores de 18 a\u00f1os.&lt;\/span&gt;    &lt;span style=&quot;font-weight: 400;&quot;&gt;En el marco del Programa Abiertos de la Municipalidad de Rosario.&lt;\/span&gt;    &lt;b&gt;S\u00e1bados: 27 de junio, 18 de julio, 29 de agosto y 26 de septiembre, de 15 a 17 h; viernes 2 de octubre, de 17 a 19 h.  en el CCPE (Sarmiento y el r\u00edo). Arancel: $40.000 cada encuentro. Inscripci\u00f3n y consultas por descuentso especiales a: &lt;\/b&gt;&lt;a href=&quot;mailto:rguardala@gmail.com&quot;&gt;&lt;b&gt;rguardala@gmail.com&lt;\/b&gt;&lt;\/a&gt;&lt;b&gt; - 3416369898&lt;\/b&gt;    &lt;i&gt;&lt;span style=&quot;font-weight: 400;&quot;&gt;Si necesit\u00e1s asistencia personalizada para inscribirte o asistir, pod\u00e9s comunicarte a &lt;\/span&gt;&lt;\/i&gt;&lt;a href=&quot;mailto:info@ccpe.org.ar&quot;&gt;&lt;i&gt;&lt;span style=&quot;font-weight: 400;&quot;&gt;info@ccpe.org.ar&lt;\/span&gt;&lt;\/i&gt;&lt;\/a&gt;&lt;i&gt;&lt;span style=&quot;font-weight: 400;&quot;&gt; o consultar nuestra &lt;\/span&gt;&lt;\/i&gt;&lt;a href=&quot;https:\/\/ccpe.org.ar\/web\/accesibilidad\/&quot;&gt;&lt;i&gt;&lt;span style=&quot;font-weight: 400;&quot;&gt;secci\u00f3n de accesibil&lt;\/span&gt;&lt;\/i&gt;&lt;\/a&gt;&lt;span style=&quot;font-weight: 400;&quot;&gt;idad&lt;\/span&gt;\",\r\n            \"image\": \"https:\/\/ccpe.org.ar\/web\/wp-content\/uploads\/2026\/06\/b_curanderias.jpg\",\r\n            \"name\": \"CURANDER\u00cdAS\u2026 de la palabra al sortilegio\",\r\n            \"url\": \"https:\/\/ccpe.org.ar\/web\/actividades\/curanderias-de-la-palabra-al-sortilegio\/\"\r\n        }\r\n        <\/script>\r\n        <article data-style=\"\" class=\" mec-event-article mec-clear \" itemscope>\n        \n            <div class=\"mec-event-image\"><a data-event-id=\"7926\" href=\"https:\/\/ccpe.org.ar\/web\/actividades\/curanderias-de-la-palabra-al-sortilegio\/\"><img loading=\"lazy\" decoding=\"async\" width=\"980\" height=\"544\" src=\"https:\/\/ccpe.org.ar\/web\/wp-content\/uploads\/2026\/06\/b_curanderias.jpg\" class=\"attachment-full size-full wp-post-image\" alt=\"\" data-mec-postid=\"7926\" srcset=\"https:\/\/ccpe.org.ar\/web\/wp-content\/uploads\/2026\/06\/b_curanderias.jpg 980w, https:\/\/ccpe.org.ar\/web\/wp-content\/uploads\/2026\/06\/b_curanderias-480x266.jpg 480w\" sizes=\"(min-width: 0px) and (max-width: 480px) 480px, (min-width: 481px) 980px, 100vw\" \/><\/a>\n                <!--div class=\"ods-container\">\n                                    <\/div-->\n            <\/div>\n\n            \n            <div class=\"mec-event-content\">\n\n                \n                    <div class=\"mec-event-date mec-bg-color\">\n\n                        <span class=\"mec-start-date-label\" itemprop=\"startDate\">S\u00e1b 27\/06<\/span><span class=\"mec-end-date-label\" itemprop=\"endDate\"> - Vie 02\/10<\/span>\n                        \n                        \n                    <\/div>\n\n                \n                \n                \n                <h4 class=\"mec-event-title\">\n\n                    <!-- agregado-->\n\n                    <span style=\"text-transform:none; font-weight:500; font-size: 16px;\">\n\n                        Abiertos 2026<\/span><br>\n\n                    <!-- fin agregado-->\n\n                    <a class=\"mec-color-hover\" data-event-id=\"7926\" href=\"https:\/\/ccpe.org.ar\/web\/actividades\/curanderias-de-la-palabra-al-sortilegio\/\">CURANDER\u00cdAS\u2026 de la palabra al sortilegio<\/a><span class=\"event-color\" style=\"background: #fdd700\"><\/span><\/h4>\n\n                 <!-- agregado-->   \n\n                <p class='bajada'>Taller para ensayar escrituras vibrantes a cargo de Rosana Guardal\u00e1 y Natacha Gattarello.\r\n<\/p>\n                <p><\/p>\n\n\n\n                <!--fin agregado-->\n\n                \n\n                \n            <\/div>\n\n            <div class=\"mec-event-footer\">\n\n                \n                \n                <!-- agregado modificado-->\n\n               <a class=\"mec-booking-button\" data-event-id=\"7926\" href=\"https:\/\/ccpe.org.ar\/web\/actividades\/curanderias-de-la-palabra-al-sortilegio\/\" target=\"_self\">+ INFO<\/a>\n\n               <!-- fin agregado nodificado-->\n\n            <\/div>\n\n        <\/article><\/div>\n        \n        <div class=\"col-md-6 col-sm-6\">        <script type=\"application\/ld+json\">\r\n        {\r\n            \"@context\": \"http:\/\/schema.org\",\r\n            \"@type\": \"Event\",\r\n            \"eventStatus\": \"https:\/\/schema.org\/EventScheduled\",\r\n            \"startDate\": \"2026-07-06\",\r\n            \"endDate\": \"2026-09-04\",\r\n            \"eventAttendanceMode\": \"https:\/\/schema.org\/OfflineEventAttendanceMode\",\r\n            \"location\":\r\n            {\r\n                \"@type\": \"Place\",\r\n                                \"name\": \"\",\r\n                \"image\": \"\",\r\n                \"address\": \"\"\r\n                            },\r\n            \"organizer\":\r\n            {\r\n                \"@type\": \"Person\",\r\n                \"name\": \"\",\r\n                \"url\": \"\"\r\n            },\r\n            \"offers\":\r\n            {\r\n                \"url\": \"https:\/\/ccpe.org.ar\/web\/actividades\/nuestra-america-2026-de-la-diputacion-de-sevilla\/\",\r\n                \"price\": \"\",\r\n                \"priceCurrency\": \"ARS\",\r\n                \"availability\": \"https:\/\/schema.org\/InStock\",\r\n                \"validFrom\": \"2026-07-06T00:00\"\r\n            },\r\n            \"performer\": \"\",\r\n            \"description\": \"\u200bEl Consulado General de Espa\u00f1a en Buenos Aires comparte con la comunidad la convocatoria del concurso anual de monograf\u00edas &lt;strong&gt;\u201cNuestra Am\u00e9rica&quot;&lt;\/strong&gt;, organizado por la Diputaci\u00f3n Provincial de Sevilla para el a\u00f1o 2026. Esta iniciativa resulta especialmente significativa para quienes viven y trabajan en el \u00e1mbito cultural argentino, pues invita a profundizar en la &lt;strong&gt;larga y profunda relaci\u00f3n hist\u00f3rica, cultural y humana entre Espa\u00f1a y Argentina&lt;\/strong&gt;. Una relaci\u00f3n construida a lo largo de siglos de intercambio, migraciones, redes intelectuales y creaci\u00f3n art\u00edstica compartida, que sigue siendo un espacio vivo de investigaci\u00f3n y memoria.    El certamen promueve trabajos in\u00e9ditos de &lt;strong&gt;historia, literatura y arte&lt;\/strong&gt; relacionados con pa\u00edses o regiones que hayan mantenido v\u00ednculos con Espa\u00f1a y, de manera particular, con Andaluc\u00eda. La convocatoria se integra en el &lt;strong&gt;Plan &lt;\/strong&gt;Estrat\u00e9gico de Subvenciones del \u00c1rea de Cultura y Ciudadan\u00eda 2025\u20132028, que impulsa la vocaci\u00f3n americanista de Sevilla y el estudio de las conexiones entre ambas orillas del Atl\u00e1ntico.    El premio est\u00e1 dotado con 4.500 \u20ac, y el acc\u00e9sit con 2.000 \u20ac, con compromiso de publicaci\u00f3n y difusi\u00f3n de las obras seleccionadas. Pueden participar autores individuales o colectivos, y los trabajos deben ser in\u00e9ditos, redactados en castellano y presentados en formato de monograf\u00eda.    El &lt;strong&gt;plazo de presentaci\u00f3n&lt;\/strong&gt; finaliza el &lt;strong&gt;4 de septiembre de 2026&lt;\/strong&gt;.    Las bases completas pueden consultarse aqu\u00ed:    &lt;a href=&quot;https:\/\/archivoypublicaciones.dipusevilla.es\/publicaciones\/concursos\/concurso-nuestra-america\/&quot;&gt;https:\/\/archivoypublicaciones.dipusevilla.es\/publicaciones\/concursos\/concurso-nuestra-america\/&lt;\/a&gt;\",\r\n            \"image\": \"https:\/\/ccpe.org.ar\/web\/wp-content\/uploads\/2026\/07\/b_nuestra_america.jpg\",\r\n            \"name\": \"\u201cNuestra Am\u00e9rica\u201d 2026 de la Diputaci\u00f3n de Sevilla\",\r\n            \"url\": \"https:\/\/ccpe.org.ar\/web\/actividades\/nuestra-america-2026-de-la-diputacion-de-sevilla\/\"\r\n        }\r\n        <\/script>\r\n        <article data-style=\"\" class=\" mec-event-article mec-clear \" itemscope>\n        \n            <div class=\"mec-event-image\"><a data-event-id=\"7967\" href=\"https:\/\/ccpe.org.ar\/web\/actividades\/nuestra-america-2026-de-la-diputacion-de-sevilla\/\"><img loading=\"lazy\" decoding=\"async\" width=\"980\" height=\"544\" src=\"https:\/\/ccpe.org.ar\/web\/wp-content\/uploads\/2026\/07\/b_nuestra_america.jpg\" class=\"attachment-full size-full wp-post-image\" alt=\"\" data-mec-postid=\"7967\" srcset=\"https:\/\/ccpe.org.ar\/web\/wp-content\/uploads\/2026\/07\/b_nuestra_america.jpg 980w, https:\/\/ccpe.org.ar\/web\/wp-content\/uploads\/2026\/07\/b_nuestra_america-480x266.jpg 480w\" sizes=\"(min-width: 0px) and (max-width: 480px) 480px, (min-width: 481px) 980px, 100vw\" \/><\/a>\n                <!--div class=\"ods-container\">\n                                    <\/div-->\n            <\/div>\n\n            \n            <div class=\"mec-event-content\">\n\n                \n                    <div class=\"mec-event-date mec-bg-color\">\n\n                        <span class=\"mec-start-date-label\" itemprop=\"startDate\">Lun 06\/07<\/span><span class=\"mec-end-date-label\" itemprop=\"endDate\"> - Vie 04\/09<\/span>\n                        \n                        \n                    <\/div>\n\n                \n                \n                \n                <h4 class=\"mec-event-title\">\n\n                    <!-- agregado-->\n\n                    <span style=\"text-transform:none; font-weight:500; font-size: 16px;\">\n\n                        Concurso literario<\/span><br>\n\n                    <!-- fin agregado-->\n\n                    <a class=\"mec-color-hover\" data-event-id=\"7967\" href=\"https:\/\/ccpe.org.ar\/web\/actividades\/nuestra-america-2026-de-la-diputacion-de-sevilla\/\">\u201cNuestra Am\u00e9rica\u201d 2026 de la Diputaci\u00f3n de Sevilla<\/a><span class=\"event-color\" style=\"background: #fdd700\"><\/span><\/h4>\n\n                 <!-- agregado-->   \n\n                <p class='bajada'>Premio a monograf\u00edas sobre historia, literatura y arte con v\u00ednculos entre Espa\u00f1a y Am\u00e9rica.<\/p>\n                <p><\/p>\n\n\n\n                <!--fin agregado-->\n\n                \n\n                \n            <\/div>\n\n            <div class=\"mec-event-footer\">\n\n                \n                \n                <!-- agregado modificado-->\n\n               <a class=\"mec-booking-button\" data-event-id=\"7967\" href=\"https:\/\/ccpe.org.ar\/web\/actividades\/nuestra-america-2026-de-la-diputacion-de-sevilla\/\" target=\"_self\">+ INFO<\/a>\n\n               <!-- fin agregado nodificado-->\n\n            <\/div>\n\n        <\/article><\/div><\/div>\n        \n        <div class=\"row\"><div class=\"col-md-6 col-sm-6\">        <script type=\"application\/ld+json\">\r\n        {\r\n            \"@context\": \"http:\/\/schema.org\",\r\n            \"@type\": \"Event\",\r\n            \"eventStatus\": \"https:\/\/schema.org\/EventScheduled\",\r\n            \"startDate\": \"2026-08-03\",\r\n            \"endDate\": \"2026-09-18\",\r\n            \"eventAttendanceMode\": \"https:\/\/schema.org\/OfflineEventAttendanceMode\",\r\n            \"location\":\r\n            {\r\n                \"@type\": \"Place\",\r\n                                \"name\": \"\",\r\n                \"image\": \"\",\r\n                \"address\": \"\"\r\n                            },\r\n            \"organizer\":\r\n            {\r\n                \"@type\": \"Person\",\r\n                \"name\": \"\",\r\n                \"url\": \"\"\r\n            },\r\n            \"offers\":\r\n            {\r\n                \"url\": \"https:\/\/ccpe.org.ar\/web\/actividades\/circuitos-culturales-65-anos\/\",\r\n                \"price\": \"\",\r\n                \"priceCurrency\": \"ARS\",\r\n                \"availability\": \"https:\/\/schema.org\/InStock\",\r\n                \"validFrom\": \"2026-08-03T00:00\"\r\n            },\r\n            \"performer\": \"\",\r\n            \"description\": \"La Municipalidad de Rosario propone una serie de recorridos tem\u00e1ticos por instituciones culturales municipales y asociadas, articulando experiencias vinculadas al arte, la memoria, la m\u00fasica, el movimiento, la lectura, el juego, la ciencia y la tecnolog\u00eda. La propuesta est\u00e1 destinada a personas adultas mayores y se enmarca en el &lt;a href=&quot;https:\/\/www.rosario.gob.ar\/inicio\/mil-mas-65&quot; target=&quot;_blank&quot; rel=&quot;noopener&quot;&gt;Plan Mil 65&lt;\/a&gt;.    La iniciativa se desarrolla a trav\u00e9s de &lt;strong&gt;grupos estables con encuentros semanales&lt;\/strong&gt;, priorizando no s\u00f3lo el acceso cultural sino tambi\u00e9n la construcci\u00f3n de grupalidad, v\u00ednculos comunitarios y experiencias compartidas entre personas mayores de distintos barrios de la ciudad.    Las personas interesadas pueden optar por uno de los circuitos, que consiste en una visita semanal a distintas instituciones culturales hasta culminar el circuito elegido. &lt;strong&gt;Los recorridos comienzan la primera semana de agosto y finalizan en septiembre. &lt;\/strong&gt;  &lt;h3&gt;Pre inscripci\u00f3n&lt;\/h3&gt;  Para participar es necesario completar un formulario de pre inscripci\u00f3n. Luego, se contin\u00faa a trav\u00e9s de una comunicaci\u00f3n telef\u00f3nica para confirmar el inicio del circuito. La inscripci\u00f3n es gratuita.  &lt;p class=&quot;govuk-inset-text&quot;&gt;Inscripci\u00f3n abierta del 13 al 22 de julio mediante formulario de preinscripci\u00f3n. &lt;strong&gt;&lt;a href=&quot;https:\/\/www.rosario.gob.ar\/inicio\/circuitos-culturales-65-anos&quot;&gt;M\u00e1s informaci\u00f3n ac\u00e1&lt;\/a&gt;.&lt;\/strong&gt;&lt;\/p&gt;  &lt;strong&gt;Consultas&lt;\/strong&gt;: &lt;a href=&quot;mailto:circuitosculturalesmas65@rosario.gov.ar&quot;&gt;circuitosculturalesmas65@rosario.gov.ar&lt;\/a&gt;    &nbsp;  &lt;h2&gt;Circuitos&lt;\/h2&gt;  &lt;h3&gt;Arte e historia&lt;\/h3&gt;  Un recorrido para recuperar las vivencias del pasado por medio del arte y el patrimonio cultural, descubrir saberes, compartir experiencias y miradas, y reflexionar sobre los v\u00ednculos entre la historia y vida cotidiana, entre el pasado y el presente de la ciudad.  &lt;p class=&quot;govuk-inset-text&quot;&gt;Martes de 10 a 12 h&lt;\/p&gt;  &lt;strong&gt;Recorrido: &lt;\/strong&gt;  &lt;ul&gt;    &lt;li data-list-item-id=&quot;e320c34eacc310578c709dbd6aa04cebc&quot;&gt;&lt;strong&gt;Museo de la Ciudad de Rosario \u201cWladimir Mikielievich\u201d&lt;\/strong&gt; | Visita mediada por la muestra \u201cLa ruta de los azulejos\u201d&lt;\/li&gt;    &lt;li data-list-item-id=&quot;eed15378d15cc89ebd4e6855ad41f3fb1&quot;&gt;&lt;strong&gt;Museo de la Memoria&lt;\/strong&gt; | Visita mediada por la muestra &quot;50 veinticuatros. Sentidos y recorridos de las marchas por Memoria, Verdad y Justicia&quot;&lt;\/li&gt;    &lt;li data-list-item-id=&quot;e3a2215ab6c015dca7925ef83d65f5ec0&quot;&gt;&lt;strong&gt;Museo Municipal de Arte Decorativo \u201cFirma y Odilo Estevez\u201d&lt;\/strong&gt; | \u201cRonda de grandes\u201d, visita guiada por La casona y su entorno con intercambios de saberes.&lt;\/li&gt;    &lt;li data-list-item-id=&quot;e8c3e8184d17671062ddc342776915174&quot;&gt;&lt;strong&gt;Museo de Arte Contempor\u00e1neo de Rosario&lt;\/strong&gt; | Visita mediada por la muestra, actividad l\u00fadica con pictogramas y taller de dibujo.&lt;\/li&gt;  &lt;\/ul&gt;    &lt;hr \/&gt;    &lt;h3&gt;Ciencia y Tecnolog\u00eda&lt;\/h3&gt;  Un recorrido que propone desafiar a lo desconocido, recuperar el asombro y la imaginaci\u00f3n, por medio de experimentos cient\u00edficos, simulaciones y experiencias inmersivas, propiciando nuevas miradas, sinti\u00e9ndonos parte de un gran universo, que nos abraza y nos encuentra.  &lt;p class=&quot;govuk-inset-text&quot;&gt;Martes de 10 a 12 h&lt;\/p&gt;  &lt;strong&gt;Recorrido:&lt;\/strong&gt;  &lt;ul&gt;    &lt;li data-list-item-id=&quot;e45193d99c5fd5aa93faad6cbb4a8bc03&quot;&gt;&lt;strong&gt;Complejo Astron\u00f3mico Municipal&lt;\/strong&gt; | Visita a Experimental, donde la ciencia est\u00e1 siempre en juego, exploraci\u00f3n y creaci\u00f3n, donde experimentar es la tarea y la curiosidad la br\u00fajula.&lt;\/li&gt;    &lt;li data-list-item-id=&quot;eedc0f4120ba49244360c2a0d9fe8b657&quot;&gt;&lt;strong&gt;Estaci\u00f3n 300&lt;\/strong&gt; |Propuesta inmersiva que combina tecnolog\u00eda, arte e historia e invita a revivir los momentos m\u00e1s emblem\u00e1ticos de la ciudad a bordo de un tren.&lt;\/li&gt;    &lt;li data-list-item-id=&quot;ebbff9606e19864b467d1363c02b8e587&quot;&gt;&lt;strong&gt;Isla de los Inventos&lt;\/strong&gt; |Una antigua estaci\u00f3n de trenes convertida en juego y movimiento. Un espacio en el cruce de las ciencias, las artes y la tecnolog\u00eda a trav\u00e9s de dise\u00f1os, medios y formatos.&lt;\/li&gt;    &lt;li data-list-item-id=&quot;e9a2db99145fd90ac6222a5d57ebb6e8b&quot;&gt;&lt;strong&gt;Jard\u00edn de los Ni\u00f1os&lt;\/strong&gt; |Un parque como homenaje a la imaginaci\u00f3n y a la creaci\u00f3n, ofreciendo aventuras, misterios, construcciones y poes\u00eda.&lt;\/li&gt;  &lt;\/ul&gt;    &lt;hr \/&gt;    &lt;h3&gt;M\u00fasica y Movimiento&lt;\/h3&gt;  Una invitaci\u00f3n a redescubrir la magia de la m\u00fasica, el ritmo y los movimientos. Con la melod\u00eda de un acorde, con una pista y un poema, con un gui\u00f3n y la emoci\u00f3n a flor de piel, disfrutaremos de un corte y una quebrada, de la primera y segunda chacarera, de los colores del circo y los secretos del teatro.    Recorrido:  &lt;ul&gt;    &lt;li data-list-item-id=&quot;e3412737065c5eb341b7f9e104dc86583&quot;&gt;&lt;strong&gt;La Casa del Tango&lt;\/strong&gt; | Mi\u00e9rcoles de 14 a 16h. Visita guiada por la casa, tango - danza y cierre de caf\u00e9 y poes\u00eda.&lt;\/li&gt;    &lt;li data-list-item-id=&quot;e5d3b2bd1b8db64e8c8da24098c52eb0c&quot;&gt;&lt;strong&gt;Escuela Municipal de Artes Urbanas&lt;\/strong&gt; | Mi\u00e9rcoles de 10 a 12hs &quot;EnREDarte: circo en movimiento&quot;: Juegos corporales, percusi\u00f3n explorando distintos ritmos, ejercicios de equilibrios y dise\u00f1o de cartel de circo.&lt;\/li&gt;    &lt;li data-list-item-id=&quot;ecf00ed8fd76aef192727e6f0ac1b6181&quot;&gt;&lt;strong&gt;Galp\u00f3n 11&lt;\/strong&gt;| mi\u00e9rcoles de 10 a 12 hs clase abierta de danza folcl\u00f3rica.&lt;\/li&gt;    &lt;li data-list-item-id=&quot;ef6179faf6c21c35892d2a4ea3571b8e6&quot;&gt;&lt;strong&gt;Teatro La Comedia&lt;\/strong&gt; |mi\u00e9rcoles de 10 a 12hs. Carroussel Teatral: recorrido interactivo por la historia del teatro, los secretos del escenario, camarines y t\u00e9cnica, con juegos teatrales e improvisaciones.&lt;\/li&gt;    &lt;li data-list-item-id=&quot;eab3d1c47e63bb4e2640b5206b2784934&quot;&gt;&lt;strong&gt;Estaci\u00f3n Embarcaderos&lt;\/strong&gt; |mi\u00e9rcoles de 10 a 12hs. Una invitaci\u00f3n a recorrer los dispositivos, reconectar con la naturaleza, bordado, estaci\u00f3n de herbolaria, pic-nic con infusiones.&lt;\/li&gt;  &lt;\/ul&gt;    &lt;hr \/&gt;    &lt;h3&gt;Juegos y Palabras&lt;\/h3&gt;  Un circuito que nos invita a conectarnos a trav\u00e9s de las palabras, las historias, los relatos y el lenguaje l\u00fadico, para volver a emocionarnos con lo simple, para trabajar en equipo y divertirnos jugando.  &lt;p class=&quot;govuk-inset-text&quot;&gt;Mi\u00e9rcoles de 10 a 12 h&lt;\/p&gt;  &lt;strong&gt;Recorrido:   &lt;\/strong&gt;  &lt;ul&gt;    &lt;li data-list-item-id=&quot;e007f7a96ba13e1b259851ae800e1f39b&quot;&gt;&lt;strong&gt;Complejo Cultural Parque de Espa\u00f1a&lt;\/strong&gt; |Los t\u00faneles en el tiempo: Una invitaci\u00f3n especial a recorrer los m\u00edticos t\u00faneles frente al r\u00edo y desafiar los sentidos, desde la primera idea hasta su construcci\u00f3n, pasando por todos los usos y funciones que ha tenido a lo largo de su vida.&lt;\/li&gt;    &lt;li data-list-item-id=&quot;e1d4245f0ab2ebbc3f9cabe645bbc5c9d&quot;&gt;&lt;strong&gt;Biblioteca Argentina \u201cDr. Juan Alvarez\u201d&lt;\/strong&gt; |Al pie de la letra: Un recorrido por el mundo de los libros y la biblioteca, invitando al viaje y al juego a trav\u00e9s de las palabras.&lt;\/li&gt;    &lt;li data-list-item-id=&quot;e43f87efb06da1b5b20125b033da6ecba&quot;&gt;&lt;strong&gt;Casa Vanzo Wernicke &lt;\/strong&gt;|Una casa y tres protagonistas: Narrativa que recupera la historia de la Casa, desde su origen hasta su presente como espacio cultural p\u00fablico.&lt;\/li&gt;    &lt;li data-list-item-id=&quot;e5b94c2e55880a3063b05f0df3f6b48f8&quot;&gt;&lt;strong&gt;Cultural Fontanarrosa &lt;\/strong&gt;|Visita a la muestra de Hip-hop y a la sala inmersiva.&lt;\/li&gt;    &lt;li data-list-item-id=&quot;e07f2dd78ee46d5a21523f868a83fe127&quot;&gt;&lt;strong&gt;Biblioteca P\u00fablica Municipal \u201cJose Manuel Estrada\u201d&lt;\/strong&gt;|Visita guiada, taller, lecturas y proyecciones, \u201cPonele ficha\u201d: jornadas de juegos de mesa.&lt;\/li&gt;  &lt;\/ul&gt;  &nbsp;\",\r\n            \"image\": \"https:\/\/ccpe.org.ar\/web\/wp-content\/uploads\/2026\/07\/Copia-de-GuA_as-por-un-dA_a-016-Guillermo-Turin-Bootello.jpg.webp\",\r\n            \"name\": \"Circuitos culturales + 65 a\u00f1os\",\r\n            \"url\": \"https:\/\/ccpe.org.ar\/web\/actividades\/circuitos-culturales-65-anos\/\"\r\n        }\r\n        <\/script>\r\n        <article data-style=\"\" class=\" mec-event-article mec-clear \" itemscope>\n        \n            <div class=\"mec-event-image\"><a data-event-id=\"7982\" href=\"https:\/\/ccpe.org.ar\/web\/actividades\/circuitos-culturales-65-anos\/\"><img loading=\"lazy\" decoding=\"async\" width=\"900\" height=\"600\" src=\"https:\/\/ccpe.org.ar\/web\/wp-content\/uploads\/2026\/07\/Copia-de-GuA_as-por-un-dA_a-016-Guillermo-Turin-Bootello.jpg.webp\" class=\"attachment-full size-full wp-post-image\" alt=\"\" data-mec-postid=\"7982\" srcset=\"https:\/\/ccpe.org.ar\/web\/wp-content\/uploads\/2026\/07\/Copia-de-GuA_as-por-un-dA_a-016-Guillermo-Turin-Bootello.jpg.webp 900w, https:\/\/ccpe.org.ar\/web\/wp-content\/uploads\/2026\/07\/Copia-de-GuA_as-por-un-dA_a-016-Guillermo-Turin-Bootello.jpg-300x200.webp 300w, https:\/\/ccpe.org.ar\/web\/wp-content\/uploads\/2026\/07\/Copia-de-GuA_as-por-un-dA_a-016-Guillermo-Turin-Bootello.jpg-768x512.webp 768w, https:\/\/ccpe.org.ar\/web\/wp-content\/uploads\/2026\/07\/Copia-de-GuA_as-por-un-dA_a-016-Guillermo-Turin-Bootello.jpg-391x260.webp 391w, https:\/\/ccpe.org.ar\/web\/wp-content\/uploads\/2026\/07\/Copia-de-GuA_as-por-un-dA_a-016-Guillermo-Turin-Bootello.jpg-480x320.webp 480w\" sizes=\"(max-width: 900px) 100vw, 900px\" \/><\/a>\n                <!--div class=\"ods-container\">\n                                    <\/div-->\n            <\/div>\n\n            \n            <div class=\"mec-event-content\">\n\n                \n                    <div class=\"mec-event-date mec-bg-color\">\n\n                        <span class=\"mec-start-date-label\" itemprop=\"startDate\">Lun 03\/08<\/span><span class=\"mec-end-date-label\" itemprop=\"endDate\"> - Vie 18\/09<\/span>\n                        \n                        \n                    <\/div>\n\n                \n                \n                \n                <h4 class=\"mec-event-title\">\n\n                    <!-- agregado-->\n\n                    <span style=\"text-transform:none; font-weight:500; font-size: 16px;\">\n\n                        Personas mayores<\/span><br>\n\n                    <!-- fin agregado-->\n\n                    <a class=\"mec-color-hover\" data-event-id=\"7982\" href=\"https:\/\/ccpe.org.ar\/web\/actividades\/circuitos-culturales-65-anos\/\">Circuitos culturales + 65 a\u00f1os<\/a><span class=\"event-color\" style=\"background: #fdd700\"><\/span><\/h4>\n\n                 <!-- agregado-->   \n\n                <p class='bajada'>La Municipalidad de Rosario propone una serie de recorridos tem\u00e1ticos por instituciones culturales municipales y asociadas.<\/p>\n                <p><\/p>\n\n\n\n                <!--fin agregado-->\n\n                \n\n                \n            <\/div>\n\n            <div class=\"mec-event-footer\">\n\n                \n                \n                <!-- agregado modificado-->\n\n               <a class=\"mec-booking-button\" data-event-id=\"7982\" href=\"https:\/\/ccpe.org.ar\/web\/actividades\/circuitos-culturales-65-anos\/\" target=\"_self\">+ INFO<\/a>\n\n               <!-- fin agregado nodificado-->\n\n            <\/div>\n\n        <\/article><\/div>\n        \n        <div class=\"col-md-6 col-sm-6\">        <script type=\"application\/ld+json\">\r\n        {\r\n            \"@context\": \"http:\/\/schema.org\",\r\n            \"@type\": \"Event\",\r\n            \"eventStatus\": \"https:\/\/schema.org\/EventScheduled\",\r\n            \"startDate\": \"2026-08-10\",\r\n            \"endDate\": \"2026-09-30\",\r\n            \"eventAttendanceMode\": \"https:\/\/schema.org\/OfflineEventAttendanceMode\",\r\n            \"location\":\r\n            {\r\n                \"@type\": \"Place\",\r\n                                \"name\": \"\",\r\n                \"image\": \"\",\r\n                \"address\": \"\"\r\n                            },\r\n            \"organizer\":\r\n            {\r\n                \"@type\": \"Person\",\r\n                \"name\": \"\",\r\n                \"url\": \"\"\r\n            },\r\n            \"offers\":\r\n            {\r\n                \"url\": \"https:\/\/ccpe.org.ar\/web\/actividades\/ii-festival-iberoamerica-teatral-costa-rica-2026\/\",\r\n                \"price\": \"\",\r\n                \"priceCurrency\": \"ARS\",\r\n                \"availability\": \"https:\/\/schema.org\/InStock\",\r\n                \"validFrom\": \"2026-08-10T00:00\"\r\n            },\r\n            \"performer\": \"\",\r\n            \"description\": \"&lt;div dir=&quot;auto&quot;&gt;A partir del hoy lunes 10 de agosto est\u00e1n disponibles las bases de participaci\u00f3n para formar parte de la segunda edici\u00f3n del Festival Iberoam\u00e9rica Teatral Costa Rica, que se celebrar\u00e1 del 14 al 23 de mayo de 2027.&lt;\/div&gt;  &lt;div dir=&quot;auto&quot;&gt;&lt;\/div&gt;  &lt;div dir=&quot;auto&quot;&gt;&lt;a href=&quot;https:\/\/drive.google.com\/file\/d\/1mC_bXADmhPmJNNIgAsL_saQoJiiYenNC\/view?usp=drive_link&quot;&gt;Encontr\u00e1las aqu\u00ed &lt;\/a&gt;y preparate para ser parte de este gran encuentro de las artes esc\u00e9nicas&lt;\/div&gt;  &lt;div dir=&quot;auto&quot;&gt;&lt;\/div&gt;  &lt;div dir=&quot;auto&quot;&gt;&lt;\/div&gt;  &lt;div dir=&quot;auto&quot;&gt;Esta es una iniciativa del Ministerio de Cultura y Juventud, el Teatro Popular Melico Salazar, la Compa\u00f1\u00eda Nacional de Teatro y el Taller Nacional de Teatro, que contin\u00faa fortaleciendo el intercambio, la creaci\u00f3n y el di\u00e1logo esc\u00e9nico en la regi\u00f3n.&lt;\/div&gt;\",\r\n            \"image\": \"https:\/\/ccpe.org.ar\/web\/wp-content\/uploads\/2026\/08\/b_convo_teatro.jpg\",\r\n            \"name\": \"II Festival Iberoam\u00e9rica Teatral Costa Rica 2026\",\r\n            \"url\": \"https:\/\/ccpe.org.ar\/web\/actividades\/ii-festival-iberoamerica-teatral-costa-rica-2026\/\"\r\n        }\r\n        <\/script>\r\n        <article data-style=\"\" class=\" mec-event-article mec-clear \" itemscope>\n        \n            <div class=\"mec-event-image\"><a data-event-id=\"8026\" href=\"https:\/\/ccpe.org.ar\/web\/actividades\/ii-festival-iberoamerica-teatral-costa-rica-2026\/\"><img loading=\"lazy\" decoding=\"async\" width=\"980\" height=\"544\" src=\"https:\/\/ccpe.org.ar\/web\/wp-content\/uploads\/2026\/08\/b_convo_teatro.jpg\" class=\"attachment-full size-full wp-post-image\" alt=\"\" data-mec-postid=\"8026\" srcset=\"https:\/\/ccpe.org.ar\/web\/wp-content\/uploads\/2026\/08\/b_convo_teatro.jpg 980w, https:\/\/ccpe.org.ar\/web\/wp-content\/uploads\/2026\/08\/b_convo_teatro-480x266.jpg 480w\" sizes=\"(min-width: 0px) and (max-width: 480px) 480px, (min-width: 481px) 980px, 100vw\" \/><\/a>\n                <!--div class=\"ods-container\">\n                                    <\/div-->\n            <\/div>\n\n            \n            <div class=\"mec-event-content\">\n\n                \n                    <div class=\"mec-event-date mec-bg-color\">\n\n                        <span class=\"mec-start-date-label\" itemprop=\"startDate\">Lun 10\/08<\/span><span class=\"mec-end-date-label\" itemprop=\"endDate\"> - Mi\u00e9 30\/09<\/span>\n                        \n                        \n                    <\/div>\n\n                \n                \n                \n                <h4 class=\"mec-event-title\">\n\n                    <!-- agregado-->\n\n                    <span style=\"text-transform:none; font-weight:500; font-size: 16px;\">\n\n                        Convocatoria<\/span><br>\n\n                    <!-- fin agregado-->\n\n                    <a class=\"mec-color-hover\" data-event-id=\"8026\" href=\"https:\/\/ccpe.org.ar\/web\/actividades\/ii-festival-iberoamerica-teatral-costa-rica-2026\/\">II Festival Iberoam\u00e9rica Teatral Costa Rica 2026<\/a><span class=\"event-color\" style=\"background: #fdd700\"><\/span><\/h4>\n\n                 <!-- agregado-->   \n\n                <p class='bajada'>Se realizar\u00e1 del 14 al 23 de mayo de 2027 en diversas sedes teatrales de San Jos\u00e9.<\/p>\n                <p><\/p>\n\n\n\n                <!--fin agregado-->\n\n                \n\n                \n            <\/div>\n\n            <div class=\"mec-event-footer\">\n\n                \n                \n                <!-- agregado modificado-->\n\n               <a class=\"mec-booking-button\" data-event-id=\"8026\" href=\"https:\/\/ccpe.org.ar\/web\/actividades\/ii-festival-iberoamerica-teatral-costa-rica-2026\/\" target=\"_self\">+ INFO<\/a>\n\n               <!-- fin agregado nodificado-->\n\n            <\/div>\n\n        <\/article><\/div><\/div>\n        \n        <div class=\"row\"><div class=\"col-md-6 col-sm-6\">        <script type=\"application\/ld+json\">\r\n        {\r\n            \"@context\": \"http:\/\/schema.org\",\r\n            \"@type\": \"Event\",\r\n            \"eventStatus\": \"https:\/\/schema.org\/EventScheduled\",\r\n            \"startDate\": \"2026-08-27\",\r\n            \"endDate\": \"2026-10-31\",\r\n            \"eventAttendanceMode\": \"https:\/\/schema.org\/OfflineEventAttendanceMode\",\r\n            \"location\":\r\n            {\r\n                \"@type\": \"Place\",\r\n                                \"name\": \"\",\r\n                \"image\": \"\",\r\n                \"address\": \"\"\r\n                            },\r\n            \"organizer\":\r\n            {\r\n                \"@type\": \"Person\",\r\n                \"name\": \"\",\r\n                \"url\": \"\"\r\n            },\r\n            \"offers\":\r\n            {\r\n                \"url\": \"https:\/\/ccpe.org.ar\/web\/actividades\/siestario\/\",\r\n                \"price\": \"\",\r\n                \"priceCurrency\": \"ARS\",\r\n                \"availability\": \"https:\/\/schema.org\/InStock\",\r\n                \"validFrom\": \"2026-08-27T00:00\"\r\n            },\r\n            \"performer\": \"\",\r\n            \"description\": \"&lt;span style=&quot;font-weight: 400;&quot;&gt;El Centro Cultural Parque de Espa\u00f1a invita a visitar la muestra &lt;\/span&gt;&lt;b&gt;Siestario, &lt;\/b&gt;&lt;span style=&quot;font-weight: 400;&quot;&gt;propuesta representante de la Argentina en la 19\u00aa Exposici\u00f3n Internacional de Arquitectura de la Bienal de Venecia 2025, desarrollada por el estudio &lt;\/span&gt;&lt;span style=&quot;font-weight: 400;&quot;&gt;Cooperativa: Marco Zampieron y Juan Manuel Pachue.&lt;\/span&gt;    &lt;b&gt;Inauguraci\u00f3n: jueves 27\/8 a las 19 h. Abierta jueves, viernes y s\u00e1bados de 15 a 19 h en Galer\u00edas del CCPE (Sarmiento y el r\u00edo). Gratis. &lt;\/b&gt;    &lt;span style=&quot;font-weight: 400;&quot;&gt;La instalaci\u00f3n propone un tiempo sin utilidad, donde el descanso deja de ser un medio y vuelve a ser una experiencia capaz de abrir otros modos de percibir, recordar o imaginar.&lt;\/span&gt;    &lt;span style=&quot;font-weight: 400;&quot;&gt;Frente a una \u00e9poca que mide el valor de cada instante por su productividad, se busca reivindicar el tiempo suspendido y compartido. Porque solo all\u00ed, cuando la voluntad se aquieta y la atenci\u00f3n deja de perseguir objetivos, pueden aparecer momentos que todav\u00eda no tienen nombre y futuros que a\u00fan no encuentran su forma.&lt;\/span&gt;    &lt;span style=&quot;font-weight: 400;&quot;&gt;Autores:&lt;\/span&gt;  &lt;span style=&quot;font-weight: 400;&quot;&gt;Cooperativa &lt;\/span&gt;  &lt;span style=&quot;font-weight: 400;&quot;&gt;Marco Zampieron&lt;\/span&gt;  &lt;span style=&quot;font-weight: 400;&quot;&gt;Juan Manuel Pachue&lt;\/span&gt;    &lt;span style=&quot;font-weight: 400;&quot;&gt;Renders y video:&lt;\/span&gt;  &lt;span style=&quot;font-weight: 400;&quot;&gt;Brian Ejsmont&lt;\/span&gt;    &lt;span style=&quot;font-weight: 400;&quot;&gt;Equipo Curatorial:&lt;\/span&gt;  &lt;span style=&quot;font-weight: 400;&quot;&gt;Sof\u00eda Desuque&lt;\/span&gt;  &lt;span style=&quot;font-weight: 400;&quot;&gt;Bruno Turri&lt;\/span&gt;  &lt;span style=&quot;font-weight: 400;&quot;&gt;Sebasti\u00e1n Flosi&lt;\/span&gt;  &lt;span style=&quot;font-weight: 400;&quot;&gt;Nicolas Flosi&lt;\/span&gt;  &lt;span style=&quot;font-weight: 400;&quot;&gt;Matias Salom\u00f3n&lt;\/span&gt;  &lt;span style=&quot;font-weight: 400;&quot;&gt;Ana Babaya&lt;\/span&gt;    &lt;span style=&quot;font-weight: 400;&quot;&gt;Arte Sonoro:&lt;\/span&gt;  &lt;span style=&quot;font-weight: 400;&quot;&gt;Martin Virgili&lt;\/span&gt;    &nbsp;  &lt;h2&gt;La arquitectura santafesina se proyecta al mundo&lt;\/h2&gt;  En sinton\u00eda con el hito urban\u00edstico que signific\u00f3 su emplazamiento en la costa rosarina hace m\u00e1s de 30 a\u00f1os, desde su apertura en 1992 el Centro Cultural Parque de Espa\u00f1a ha sido caja de resonancia de reflexiones y debates internacionales medulares en torno al papel de la arquitectura en el desarrollo de las ciudades.    Desde que Oriol Bohigas pisara Rosario a finales de la d\u00e9cada del 70 y comenzara a perge\u00f1ar la idea de este espacio anclado a la vera del r\u00edo Paran\u00e1, el CCPE ha alojado infinidad de nombres ilustres de la arquitectura, as\u00ed como muestras, conferencias y congresos, adem\u00e1s de la circulaci\u00f3n permanente de estudiantes que llegan de todas partes de pa\u00eds para conocer y dibujar el edificio.    En este sentido, no parece casual que en las \u00faltimas cuatro ediciones de la famosa Bienal de Arquitectura de Venecia, el pabell\u00f3n argentino haya estado a cargo de arquitectos nacidos en territorio santafesino.    En 2018, los arquitectos Javier Mendiondo, Pablo Anzilutti, Francisco Garrido y Federico Cairoli presentaron &lt;strong&gt;V\u00e9rtigo horizontal&lt;\/strong&gt;, propuesta en la que planteaban la inmensidad de la llanura pampeana como territorio colectivo y la arquitectura democr\u00e1tica construida en el pa\u00eds tras el regreso de la democracia en 1983.    En 2021, Gerardo Caballero, con colaboraci\u00f3n de Paola Gallino, Sebasti\u00e1n Flosi y Franco Brachetta propusieron &lt;strong&gt;La Casa Infinita&lt;\/strong&gt; (que al a\u00f1o siguiente fue expuesta en esta misma sala, reactivando la consigna que movilizaba la propuesta: &quot;\u00bfc\u00f3mo viviremos juntos?    En 2023, el estudio rosarino de Diego Arraigada hizo lo propio con &lt;strong&gt;El futuro de agua&lt;\/strong&gt;, una instalaci\u00f3n que planteaba la relaci\u00f3n cr\u00edtica entre el h\u00e1bitat humano, el cambio clim\u00e1tico y el agua, para analizar c\u00f3mo este recurso moldea la geograf\u00eda y el porvenir de las ciudades.    En &lt;strong&gt;Siestario&lt;\/strong&gt; -ganadora del proyecto 2025 en la XIX edici\u00f3n de la BAV- Juan Manuel Pachu\u00e9 y Marco Zampier\u00f3n reivindican el derecho a la siesta, destacando el valor po\u00e9tico y pol\u00edtico que constituye la posibilidad de hacer una pausa en el bullicio urbano para compartir un momento de descanso, desparram\u00e1ndose sobre un enorme e ingenioso almohad\u00f3n de uso colectivo.    Bajo un paraguas conceptual que parece reunirla, de alguna manera la arquitectura santafesina parece poner en tensi\u00f3n problem\u00e1ticas comunes y hacer circular las ideas que la movilizan, la conmueven, la definen.    &lt;strong&gt; &lt;\/strong&gt;  &lt;h2&gt;&lt;\/h2&gt;  &lt;h2&gt;Siestario&lt;\/h2&gt;  El tiempo se detiene y el aire refresca. La luz se vuelve penumbra y el silencio, espeso. Un silo bolsa se extiende e invade la sala. Los visitantes son invitados a interrumpir el ritmo de la ciudad y deslizarse hacia la somnolencia. Lo que se busca no es la quietud del cuerpo, sino una quietud total: una oposici\u00f3n a la velocidad acelerada y a las demandas actuales.    Como experiencia colectiva de ocio, el silo bolsa se convierte en soporte para el reposo: un colch\u00f3n de pl\u00e1stico blando, inm\u00f3vil, donde los cuerpos se hunden. La siesta, pausa moment\u00e1nea de la rutina, se resignifica como acto de suspensi\u00f3n.    Con la acci\u00f3n de descansar comienza el tr\u00e1nsito hacia un tiempo indefinido. Dispersas en la oscuridad, una serie de im\u00e1genes se muestra difusa. Como una niebla que se desliza sobre la sala, las proyecciones impactan muros, fragmentos de suelo y techo: maquetas, ideas, fotograf\u00edas de distintas \u00e9pocas; pinturas, instalaciones y dibujos se mezclan sin temporalidad lineal ni l\u00f3gica aparente.    M\u00e1s de 300 im\u00e1genes conversan en un flujo aleatorio de ideales y ambiciones, entre lo que somos y lo que deseamos ser. La atm\u00f3sfera se transforma en paisaje, y lo individual se desvanece. Lo on\u00edrico impregna el espacio.    Los deseos ocupan las paredes, se filtran entre los cuerpos y quedan suspendidos en el aire. Son huellas dispersas y err\u00e1ticas de una base de datos fragmentada, de una memoria en construcci\u00f3n. Sue\u00f1os colectivos: recuerdos, ambiciones, anhelos de algo que no ocurri\u00f3 o que est\u00e1 por suceder.    Juan Manuel Pachu\u00e9 y Marco Zampier\u00f3n    &lt;span style=&quot;font-weight: 400;&quot;&gt;*foto de Federico Cairoli&lt;\/span&gt;    &nbsp;  &lt;h2&gt;Curadur\u00eda&lt;\/h2&gt;  En la muestra se proyectan obras de:    Autores\/as de obras exhibidas A. Antonini, G. Schon, E. Zemborain  A. Joselevich, E. Douillet Alfredo Spampinato  A. Sujoy, D. Miler  Adamo Faiden  Adamo Faiden, MOS  Adrian Sosa  Adri\u00e1n Villar Rojas  Adriana Lestido  Agustin Berzero  Agust\u00edn Zapata Goll\u00e1n  Agustina Triquell  Aid Herrera  Ainele\u0301n Bertotti Burket  Alarcia Ferrer  Albano Garcia  Alberico Isola  Albert Bourdon  Alberto Prebisch  Alejandra Montiel  Alejandro Bustillo A. Bustillo, \u00c1. Guido  Alejandro Martin  Alejandro Virasoro  Alejo Mart\u00ednez (H)  Alfredo Guido  Alfredo Guttero  Alonso &amp; Crippa  Amancio Williams  Ana Smud  Andr\u00e9s de Oyarvide  Andr\u00e9s Desuque \u00c1ngel Guido  Antonio Berni Antonio Bonet Castellana A. Bonet Castellana, H. Zalba A. Bonet Castellana, H. Vera Barros, A. Lopez Chas  Antonio Ubaldo Vilar  Ariel Costa  Arzubialde Arquitectos  Augusto Pantarotto  Ayl\u00e9n Bartolino Luna  B. Carrasco, E. Carrasco  Balsa Crosetto Piazzi, D. Avenda\u00f1o, D. Coffio, F. Astrain  Ben-Avid  Benito General Lagos  Bulla  C. Candia, C. Piazza  C. Testa, J. Fontana Calixto Mamani Campinini Sposito, It Met estudio  C\u00e1ndido L\u00f3pez  Carlo Zucchi  Carlos Andia  Carlos Mar\u00eda della Paolera  Carlos Thays  C\u00e9sar Bernardi  Charles Henri Pellegrini  Cintia Clara Romero  Claudia Del R\u00edo  Claudia Fontes  Clemente L\u00f3pez de Osornio Clorindo Testa  Colle Croce, Clusellas O\u00b4Connor  Cottet Lachetti  Cristian Osuna  D. Arraigada, G. Caballero Diego Arraigada  Dami\u00e1n Monti Falicoff  Daniel Garc\u00eda  David Santarelli  Dianela Paloque  Diego Caseros  Dignora Pastorello  Direcci\u00f3n Nacional de Ferrocarriles  E. Katzenstein, H. Baliero  Edmond Bigot de la Touanne  Eduardo Le Monnier Eduardo Sacriste  Eduardo S\u00edvori  Elba Villafa\u00f1e  Emeric Essex Vidal Enrico Tedeschi Enrique Montalvo  EPBA, J. E. Hardoy, A. Bonet Castellana, M. Roca, J. Vivanco Ermete De Lorenzi  Ernesto Pastrana  Ernesto Vautier  Espacio Pan  Estanislao Pirovano  Esteban Gaffuri Torrado Arquitectos, Tannenbaum Arquitectos  Esteban Pastorino  Esteras Perrote  Estudio Bechis  Eugenia Calvo  F. Craig, A. Redkwa, J. Moujan  Facundo S. L\u00f3pez  Federico Cairoli  Federico Knichnik  Fernando Fader  Fernando Schapochnik  Ferrad\u00e1s &amp; Nardi  Florencio Molina Campos  Florian Paucke  Francisco Ayerza  Francisco Escapil  Francisco Grimoldi  Francisco Vazquez Murillo Fuga  Fundaci\u00f3n Eva Per\u00f3n  G. S\u00e1nchez, E. Lagos, L. M. de la Torre Campos  GAA estudio  Gabriel Ramos Correa  Gaspar Augusto Oettli  Gerardo Andia  Gerardo Caballero G. Caballero, R. Iglesia, G. Sanchez Hermelo  Geronimo Luis de Cabrera  Giusto Van Campenhout  Grupo Austral  Grupo R Hector Oddone  H. Baliero, C. C\u00f3rdova H. Baliero, A. Casares Ocampo  H. Hernandez Larguia, J. M. Newton L. Herv\u00eda Paul, I. Van der Poll  H. Caminos, E. Catalano, D. Diaz Puertas, J. A. Le Pera, J. Liebich Carlos Manfort, R. Onetto, C. Pages, C. Robledo, E. Sacriste, E. Tedeschi  H\u00e9ctor Thedy  Hjalmar Fredrik Stavelius  Horacio Coppola  Horacio Zabala Humberto Pittaluga  Ines Tillous  IR Arquitectura  \u00cdtala Fulvia Villa Jan Abel Adriaan Waldorp  J. Borgato, C.A. Marquardt, R. Puerta, J. A. Thomas  J. C. Spirandelli, J.J.Erquicia  J. Campanini, J. Sposito  J. Echaide, D. Graschinsky J. Baudizzone, M. Lestard  J. L\u00e9on Palli\u00e8re, H. Sheridan  J. Viotti, M. Luetich  Javier Agust\u00edn Rojas  Jean Antoine Victor de Martin de Moussy  Jean Desire Dulin  Jimena Losada Lacerna  Jordan Czeslaw Wysocki  Jorge Martinez Ramseyer  Jorge Scrimaglio Jorge Spika Jos\u00e9 Berm\u00fades Jos\u00e9 Del Pozo  Jos\u00e9 Gatti  Jos\u00e9 Ignacio D\u00edaz  Juan Areco Juan Balsa Juan Berlengieri  Juan Grela  Juan Pablo Renzi  Juan Sorrentino Julio Vanzo  L. R\u00e9bora, A. Ram\u00edrez, A. Troilo  La escuelita La Touanne  Landolfo &amp; Asociados  Laura Glusman  Leandro Fucile Le\u00f3n Ferrari  Leonardo Rota  Litania Prado  Lucas Di Pascuale  Luigi Piccinato  Luis Ouvrard  Luis Vignoli  Luisa Lerman  M. Cucurell, F. Meucci  M. Soto, R. Rivarola  M2R Arquitectos  Madres de Ituzaing\u00f3  Maia Gatt\u00e1s Vargas  Malcom D\u00b4 Stefano  Manasseri Depetris  Manuel Brandazza  Manuel Coll Marcelo Faiden  Marcelo Perazzo  Marcelo Pombo  Marcelo Villafa\u00f1e  Marco Rampulla Marco Zampieron  Marcos L\u00f3pez  Mar\u00eda Gandolfo  Maria Laura Schiavoni  Mariana Telleria  Mario Palanti  Mario Roberto \u00c1lvares  Marta Minuj\u00edn  Martorell Bohigas Mackay, H. Quiroga, Estudio H  Mat\u00edas Duville  Mat\u00edas Sarlo Maximiliano G\u00f3mez Canle  Maximiliano Masuelli  Miguel \u00c1ngel Roca  Monica Fessel Monoblock Monoblock, Max Woellert  Monoblock, Pieza Estudio  Monti Bruno Morero  Moroni Ciovini  MSGSSV Nicol\u00e1s Garc\u00eda Uriburu  Nicol\u00e1s Rodr\u00edguez  Norberto Puzzolo  Nu Oettli Gaspar Augusto  O. Bidinost, J. S. Chute, J. M. Gass\u00f3, M. Lapac\u00f3, M. Meyer  Orlando Belloni  P. Llorca, P. Pe\u00f1a y Lillo, R. Escobar  P. Sonvico, J. Becker Amelong  Pablo Boffelli  Palca Estudio  Paran\u00e1 Ra\u00b4anga  Paschetta &amp; Cavallero  Pedrido Theiler Pedro Vinent Pieza Estudio  Rafael Iglesia  Rafael San Martino Roberto Aizenberg  Roberto Ferreira  Rodrigo Etem  Roman Vitali  Ruben Pesci Saint Hermanos S.A  S. Mariotti, J. C. Valenti, A. Molteni  S. Sanchez Elia, F. Peralta Ramos, A. Agostini S. Gram\u00e1tica, J. C. Guerrero, J. Morini. J. Pisani, E. Urtubey Supraorder  Santiago Garc\u00eda S\u00e1enz  Santiago Minturn Zerva  Santiago Porter  T. Micheletti, J. Micheletti Togo D\u00edaz  Tectum  Thigra  Ulrico Schmidl  V. Grippo, J. Gamarra  V. Jaros, L. Cella  Veronica Meloni  Victor Sulcic  Walter Moll  Wladimiro Acosta    &nbsp;    &lt;i&gt;&lt;span style=&quot;font-weight: 400;&quot;&gt;Si necesit\u00e1s asistencia personalizada para inscribirte o asistir, pod\u00e9s comunicarte a &lt;\/span&gt;&lt;\/i&gt;&lt;a href=&quot;mailto:info@ccpe.org.ar&quot;&gt;&lt;i&gt;&lt;span style=&quot;font-weight: 400;&quot;&gt;info@ccpe.org.ar&lt;\/span&gt;&lt;\/i&gt;&lt;\/a&gt;&lt;i&gt;&lt;span style=&quot;font-weight: 400;&quot;&gt; o consultar nuestra &lt;\/span&gt;&lt;\/i&gt;&lt;a href=&quot;https:\/\/ccpe.org.ar\/web\/accesibilidad\/&quot;&gt;&lt;i&gt;&lt;span style=&quot;font-weight: 400;&quot;&gt;secci\u00f3n de accesibilidad.&lt;\/span&gt;&lt;\/i&gt;&lt;\/a&gt;    &lt;b&gt;Con el apoyo de la Cooperaci\u00f3n Cultural Espa\u00f1ola (AECID)&lt;\/b&gt;    &lt;img class=&quot;alignnone size-full wp-image-7670&quot; src=&quot;https:\/\/ccpe.org.ar\/web\/wp-content\/uploads\/2025\/11\/logo-cooperacion-baja.jpg&quot; alt=&quot;&quot; width=&quot;790&quot; height=&quot;121&quot; \/&gt;\",\r\n            \"image\": \"https:\/\/ccpe.org.ar\/web\/wp-content\/uploads\/2026\/08\/b_siestario2.jpg\",\r\n            \"name\": \"Siestario\",\r\n            \"url\": \"https:\/\/ccpe.org.ar\/web\/actividades\/siestario\/\"\r\n        }\r\n        <\/script>\r\n        <article data-style=\"\" class=\" mec-event-article mec-clear \" itemscope>\n        \n            <div class=\"mec-event-image\"><a data-event-id=\"8028\" href=\"https:\/\/ccpe.org.ar\/web\/actividades\/siestario\/\"><img loading=\"lazy\" decoding=\"async\" width=\"980\" height=\"544\" src=\"https:\/\/ccpe.org.ar\/web\/wp-content\/uploads\/2026\/08\/b_siestario2.jpg\" class=\"attachment-full size-full wp-post-image\" alt=\"\" data-mec-postid=\"8028\" srcset=\"https:\/\/ccpe.org.ar\/web\/wp-content\/uploads\/2026\/08\/b_siestario2.jpg 980w, https:\/\/ccpe.org.ar\/web\/wp-content\/uploads\/2026\/08\/b_siestario2-480x266.jpg 480w\" sizes=\"(min-width: 0px) and (max-width: 480px) 480px, (min-width: 481px) 980px, 100vw\" \/><\/a>\n                <!--div class=\"ods-container\">\n                                    <\/div-->\n            <\/div>\n\n            \n            <div class=\"mec-event-content\">\n\n                \n                    <div class=\"mec-event-date mec-bg-color\">\n\n                        <span class=\"mec-start-date-label\" itemprop=\"startDate\">Jue 27\/08<\/span><span class=\"mec-end-date-label\" itemprop=\"endDate\"> - S\u00e1b 31\/10<\/span>\n                        \n                        \n                    <\/div>\n\n                \n                \n                \n                <h4 class=\"mec-event-title\">\n\n                    <!-- agregado-->\n\n                    <span style=\"text-transform:none; font-weight:500; font-size: 16px;\">\n\n                        Muestra<\/span><br>\n\n                    <!-- fin agregado-->\n\n                    <a class=\"mec-color-hover\" data-event-id=\"8028\" href=\"https:\/\/ccpe.org.ar\/web\/actividades\/siestario\/\">Siestario<\/a><span class=\"event-color\" style=\"background: #fdd700\"><\/span><\/h4>\n\n                 <!-- agregado-->   \n\n                <p class='bajada'>Propuesta representante de la Argentina en la 19\u00aa Exposici\u00f3n Internacional de Arquitectura de la Bienal de Venecia 2025. <\/p>\n                <p><\/p>\n\n\n\n                <!--fin agregado-->\n\n                \n\n                \n            <\/div>\n\n            <div class=\"mec-event-footer\">\n\n                \n                \n                <!-- agregado modificado-->\n\n               <a class=\"mec-booking-button\" data-event-id=\"8028\" href=\"https:\/\/ccpe.org.ar\/web\/actividades\/siestario\/\" target=\"_self\">+ INFO<\/a>\n\n               <!-- fin agregado nodificado-->\n\n            <\/div>\n\n        <\/article><\/div>\n        \n        <div class=\"col-md-6 col-sm-6\">        <script type=\"application\/ld+json\">\r\n        {\r\n            \"@context\": \"http:\/\/schema.org\",\r\n            \"@type\": \"Event\",\r\n            \"eventStatus\": \"https:\/\/schema.org\/EventScheduled\",\r\n            \"startDate\": \"2026-08-28\",\r\n            \"endDate\": \"2026-09-04\",\r\n            \"eventAttendanceMode\": \"https:\/\/schema.org\/OfflineEventAttendanceMode\",\r\n            \"location\":\r\n            {\r\n                \"@type\": \"Place\",\r\n                                \"name\": \"\",\r\n                \"image\": \"\",\r\n                \"address\": \"\"\r\n                            },\r\n            \"organizer\":\r\n            {\r\n                \"@type\": \"Person\",\r\n                \"name\": \"\",\r\n                \"url\": \"\"\r\n            },\r\n            \"offers\":\r\n            {\r\n                \"url\": \"https:\/\/ccpe.org.ar\/web\/actividades\/nuestra-lengua-nuestras-violencias\/\",\r\n                \"price\": \"\",\r\n                \"priceCurrency\": \"ARS\",\r\n                \"availability\": \"https:\/\/schema.org\/InStock\",\r\n                \"validFrom\": \"2026-08-28T00:00\"\r\n            },\r\n            \"performer\": \"\",\r\n            \"description\": \"&lt;span style=&quot;font-weight: 400;&quot;&gt;El ciclo &lt;\/span&gt;&lt;i&gt;&lt;span style=&quot;font-weight: 400;&quot;&gt;Nuestra lengua, nuestras violencias&lt;\/span&gt;&lt;\/i&gt;&lt;span style=&quot;font-weight: 400;&quot;&gt; propone abrir un espacio de reflexi\u00f3n y di\u00e1logo en torno a problem\u00e1ticas contempor\u00e1neas como la desigualdad, la discriminaci\u00f3n, la racializaci\u00f3n y las violencias simb\u00f3licas, pero tambi\u00e9n sobre el poder, el deseo y las formas de resistencia que atraviesan nuestras maneras de hablar y de representar el mundo.&lt;\/span&gt;    &lt;b&gt;Encuentros&lt;\/b&gt;    &lt;b&gt;Viernes 28 de agosto, 19 hs. CCPE. &lt;\/b&gt;    &lt;b&gt;\u201cLa lengua como arma de destrucci\u00f3n masiva.\u201d &lt;\/b&gt;&lt;span style=&quot;font-weight: 400;&quot;&gt;Roberto Chuit Roganovich &lt;\/span&gt;    &lt;span style=&quot;font-weight: 400;&quot;&gt;Una reflexi\u00f3n sobre los modos en que el lenguaje puede operar como herramienta de exclusi\u00f3n, agresi\u00f3n y disciplinamiento social.&lt;\/span&gt;&lt;b&gt; &lt;\/b&gt;    &lt;b&gt;Roberto Chuit Roganovich&lt;\/b&gt;&lt;span style=&quot;font-weight: 400;&quot;&gt; (C\u00f3rdoba, Argentina, 1992). Es Doctor en Letras por la Universidad Nacional de C\u00f3rdoba. Es docente universitario y dirige talleres de escritura creativa. Forma parte de la banda de post-hardcore Ox en Mayo Alto. Es autor de la novela Quiebra el \u00e1lamo, ganadora del concurso de Futur\u00f6ck de Novela en 2022, y&lt;\/span&gt; &lt;span style=&quot;font-weight: 400;&quot;&gt;del todav\u00eda in\u00e9dito libro de cuentos Todos los terneros y los pumas, ganador del concurso de Letras del Fondo Nacional de las Artes en 2023. Si sintieras bajo los pies las estructuras mayores, su \u00faltima novela, mereci\u00f3 el Premio Clar\u00edn de Novela 2024. En el 2025 escribi\u00f3 su primer libro de ensayo, El archipi\u00e9lago: nuestra retirada del mundo y notas para un regreso, editado por El Gato y la Caja.&lt;\/span&gt;    &nbsp;    &lt;b&gt;Mi\u00e9rcoles 2 de septiembre, 19 hs. CCPE&lt;\/b&gt;    &lt;b&gt;\u201cLo que la literatura y la lengua contempor\u00e1nea nos dicen sobre el presente.\u201d &lt;\/b&gt;&lt;span style=&quot;font-weight: 400;&quot;&gt;Beatr\u00edz Vignoli &lt;\/span&gt;    &lt;span style=&quot;font-weight: 400;&quot;&gt;Un recorrido por las formas en que la literatura contempor\u00e1nea captura, interpreta y pone en tensi\u00f3n los conflictos de nuestra \u00e9poca.&lt;\/span&gt;    &lt;b&gt;Beatriz Vignoli&lt;\/b&gt;&lt;span style=&quot;font-weight: 400;&quot;&gt;, escritora y cr\u00edtica de arte. Vive y produce en la ciudad de Rosario. Publica poes\u00eda desde 1979. Gan\u00f3 el premio Blanca Stabile (2009), el Premio Provincial de Poes\u00eda \u201cJos\u00e9 Pedroni\u201d (2019) por su libro \u00c1rbol solo, y el Premio Nacional de poes\u00eda (2025). Es autora de novelas como DAF, Molinari baila y Reality, y de poemarios como Almagro y Bengala. Es curadora independiente y traductora de ingl\u00e9s. &lt;\/span&gt;    &lt;b&gt;Viernes 4 de septiembre, 19 hs. CCPE&lt;\/b&gt;    &lt;b&gt;\u201c\u00bfC\u00f3mo hablan los otros? \u00bfQui\u00e9nes son los otros?\u201d. &lt;\/b&gt;&lt;span style=&quot;font-weight: 400;&quot;&gt;Gabriela Cabez\u00f3n C\u00e1mara y Andrea Ocampo &lt;\/span&gt;    &lt;span style=&quot;font-weight: 400;&quot;&gt;Una conversaci\u00f3n sobre lengua, representaci\u00f3n y alteridad: qui\u00e9nes quedan dentro y fuera de los discursos dominantes y c\u00f3mo la literatura puede abrir nuevas formas de escucha.&lt;\/span&gt;    &lt;b&gt;Gabriela Cabez\u00f3n C\u00e1mara&lt;\/b&gt;&lt;span style=&quot;font-weight: 400;&quot;&gt; (Argentina, 1968) Trabaj\u00f3 vendiendo seguros en la calle, despachando pan, ingresando datos, diagramando diarios, haciendo periodismo cultural y dando clases de escritura creativa. Entre sus publicaciones, las novelas y nouvelles La Virgen Cabeza, Le viste la cara a dios, Romance de la Negra Rubia y Las aventuras de la China Iron. Su versi\u00f3n en ingl\u00e9s, The adventures of China Iron, fue shortlisted en el International Booker Prize del 2020. Su versi\u00f3n en franc\u00e9s, fue shortlisted para el Prix Medicis en lengua extranjera 2021. Su m\u00e1s reciente novela, Las ni\u00f1as del Naranjel, gan\u00f3 los premios Ciutat de Barcelona 2023, Sor Juana In\u00e9s de la Cruz 2024, Fundaci\u00f3n Filba\u2014Medif\u00e9 2024 y Perfil 2024. Su versi\u00f3n en ingl\u00e9s, We are green and trembling, gan\u00f3 el National Book Award 2025 de literatura traducida. Y fue finalista del International Booker Prize 2026. Su obra ha sido traducida a m\u00e1s de quince lenguas.&lt;\/span&gt;    &lt;b&gt;Andrea Ocampo&lt;\/b&gt;&lt;span style=&quot;font-weight: 400;&quot;&gt; (Argentina, 1968). Escritora. Profesora en Letras (UNR). Docente de nivel secundario y superior. Particip\u00f3 como docente en la Diplomatura de Literatura de Rosario (UNR). Coordinadora de talleres literarios. Gestora cultural. Trabaj\u00f3 en editoriales, librer\u00edas, programas de promoci\u00f3n de la lectura. Columnista de literatura en radio (recopiladas en podcast \u201ccon todas las letras. Radio UNR\u201d en Spotify y Youtube). Conduce programas de radio de cultura general y libros. Particip\u00f3 en el proyecto Dejame que te cuente (Colecci\u00f3n artesanal de libros \u00fanicos integrados a la muestra permanente del Museo de la Memoria de Rosario. Obras editadas (poes\u00eda): Lo bueno breve. Dale brazos. Segunda edici\u00f3n y sueltos. G\u00f3ndola. Pajarito. Obra editada: Libro de artista (ilustrado por Silvina Maroni) destinado a Adolescentes que se inician en la escritura literaria. &lt;\/span&gt;    &nbsp;    &lt;b&gt;&lt;i&gt;Entradas&lt;\/i&gt;&lt;\/b&gt;    &lt;b&gt;Viernes 28 de agosto, 19 hs. CCPE. Entrada libre y gratuita&lt;\/b&gt;    &lt;b&gt;Mi\u00e9rcoles 2 de septiembre, 19 hs. CCPE Entrada libre y gratuita&lt;\/b&gt;    &lt;b&gt;Viernes 4 de septiembre, 19 hs. CCPE Entrega de entradas el mismo d\u00eda desde las 15 hs en el CCPE&lt;\/b&gt;&lt;i&gt;&lt;span style=&quot;font-weight: 400;&quot;&gt; &lt;\/span&gt;&lt;\/i&gt;\",\r\n            \"image\": \"https:\/\/ccpe.org.ar\/web\/wp-content\/uploads\/2026\/08\/IMG-20260818-WA0039-scaled.jpg\",\r\n            \"name\": \"Nuestra lengua, nuestras violencias\",\r\n            \"url\": \"https:\/\/ccpe.org.ar\/web\/actividades\/nuestra-lengua-nuestras-violencias\/\"\r\n        }\r\n        <\/script>\r\n        <article data-style=\"\" class=\" mec-event-article mec-clear \" itemscope>\n        \n            <div class=\"mec-event-image\"><a data-event-id=\"8045\" href=\"https:\/\/ccpe.org.ar\/web\/actividades\/nuestra-lengua-nuestras-violencias\/\"><img loading=\"lazy\" decoding=\"async\" width=\"2560\" height=\"1421\" src=\"https:\/\/ccpe.org.ar\/web\/wp-content\/uploads\/2026\/08\/IMG-20260818-WA0039-scaled.jpg\" class=\"attachment-full size-full wp-post-image\" alt=\"\" data-mec-postid=\"8045\" srcset=\"https:\/\/ccpe.org.ar\/web\/wp-content\/uploads\/2026\/08\/IMG-20260818-WA0039-scaled.jpg 2560w, https:\/\/ccpe.org.ar\/web\/wp-content\/uploads\/2026\/08\/IMG-20260818-WA0039-1280x711.jpg 1280w, https:\/\/ccpe.org.ar\/web\/wp-content\/uploads\/2026\/08\/IMG-20260818-WA0039-980x544.jpg 980w, https:\/\/ccpe.org.ar\/web\/wp-content\/uploads\/2026\/08\/IMG-20260818-WA0039-480x266.jpg 480w\" sizes=\"(min-width: 0px) and (max-width: 480px) 480px, (min-width: 481px) and (max-width: 980px) 980px, (min-width: 981px) and (max-width: 1280px) 1280px, (min-width: 1281px) 2560px, 100vw\" \/><\/a>\n                <!--div class=\"ods-container\">\n                                    <\/div-->\n            <\/div>\n\n            \n            <div class=\"mec-event-content\">\n\n                \n                    <div class=\"mec-event-date mec-bg-color\">\n\n                        <span class=\"mec-start-date-label\" itemprop=\"startDate\">Vie 28\/08<\/span><span class=\"mec-end-date-label\" itemprop=\"endDate\"> - Vie 04\/09<\/span>\n                        \n                        \n                    <\/div>\n\n                \n                \n                \n                <h4 class=\"mec-event-title\">\n\n                    <!-- agregado-->\n\n                    <span style=\"text-transform:none; font-weight:500; font-size: 16px;\">\n\n                        Ciclo<\/span><br>\n\n                    <!-- fin agregado-->\n\n                    <a class=\"mec-color-hover\" data-event-id=\"8045\" href=\"https:\/\/ccpe.org.ar\/web\/actividades\/nuestra-lengua-nuestras-violencias\/\">Nuestra lengua, nuestras violencias<\/a><span class=\"event-color\" style=\"background: #fdd700\"><\/span><\/h4>\n\n                 <!-- agregado-->   \n\n                <p class='bajada'>Espacio de reflexi\u00f3n en torno a problem\u00e1ticas contempor\u00e1neas como la desigualdad, la discriminaci\u00f3n, la racializaci\u00f3n y las violencias simb\u00f3licas.<\/p>\n                <p><\/p>\n\n\n\n                <!--fin agregado-->\n\n                \n\n                \n            <\/div>\n\n            <div class=\"mec-event-footer\">\n\n                \n                \n                <!-- agregado modificado-->\n\n               <a class=\"mec-booking-button\" data-event-id=\"8045\" href=\"https:\/\/ccpe.org.ar\/web\/actividades\/nuestra-lengua-nuestras-violencias\/\" target=\"_self\">+ INFO<\/a>\n\n               <!-- fin agregado nodificado-->\n\n            <\/div>\n\n        <\/article><\/div><\/div>\n        \n        <div class=\"row\"><div class=\"col-md-6 col-sm-6\">        <script type=\"application\/ld+json\">\r\n        {\r\n            \"@context\": \"http:\/\/schema.org\",\r\n            \"@type\": \"Event\",\r\n            \"eventStatus\": \"https:\/\/schema.org\/EventScheduled\",\r\n            \"startDate\": \"2026-09-03\",\r\n            \"endDate\": \"2026-09-03\",\r\n            \"eventAttendanceMode\": \"https:\/\/schema.org\/OfflineEventAttendanceMode\",\r\n            \"location\":\r\n            {\r\n                \"@type\": \"Place\",\r\n                                \"name\": \"\",\r\n                \"image\": \"\",\r\n                \"address\": \"\"\r\n                            },\r\n            \"organizer\":\r\n            {\r\n                \"@type\": \"Person\",\r\n                \"name\": \"\",\r\n                \"url\": \"\"\r\n            },\r\n            \"offers\":\r\n            {\r\n                \"url\": \"https:\/\/ccpe.org.ar\/web\/actividades\/la-mezcla-del-sonido-por-yasmina-praderas\/\",\r\n                \"price\": \"\",\r\n                \"priceCurrency\": \"ARS\",\r\n                \"availability\": \"https:\/\/schema.org\/InStock\",\r\n                \"validFrom\": \"2026-09-03T00:00\"\r\n            },\r\n            \"performer\": \"\",\r\n            \"description\": \"&lt;b&gt;El CCPE y Punto Audiovisual-Cine Lumi\u00e8re&lt;\/b&gt;&lt;span style=&quot;font-weight: 400;&quot;&gt; invitan a la &lt;\/span&gt;&lt;b&gt;&lt;i&gt;MASTERCLASS: LA MEZCLA DE SONIDO, EL \u00daLTIMO PASO PARA CONSTRUIR UNA PEL\u00cdCULA&lt;\/i&gt;&lt;\/b&gt;&lt;i&gt;&lt;span style=&quot;font-weight: 400;&quot;&gt;, a cargo de &lt;\/span&gt;&lt;\/i&gt;&lt;b&gt;&lt;i&gt;Yasmina Praderas, &lt;\/i&gt;&lt;\/b&gt;&lt;span style=&quot;font-weight: 400;&quot;&gt;el pr\u00f3ximo jueves 3 de septiembre, de 17:30 a 19:30 h en Cine Lumi\u00e8re (V\u00e9lez S\u00e1rsfield 1027). Luego de la masterclass, a las 20 hs se proyectar\u00e1 en &lt;\/span&gt;&lt;b&gt;funci\u00f3n especial  SIR\u00c2T&lt;\/b&gt;&lt;span style=&quot;font-weight: 400;&quot;&gt;, dirigida por Oliver Laxe, con la presencia de Yasmina Praderas, integrante del equipo de sonido. &lt;\/span&gt;&lt;i&gt;&lt;span style=&quot;font-weight: 400;&quot;&gt;(Premio al Mejor Sonido EFA y nominada al Oscar a Mejor Sonido). &lt;\/span&gt;&lt;\/i&gt;    &lt;b&gt;Inscripci\u00f3n finalizada.&lt;\/b&gt;    &lt;span style=&quot;font-weight: 400;&quot;&gt;La reconocida mezcladora de sonido cinematogr\u00e1fico, nominada al Oscar 2025, llega a la ciudad de Rosario para brindar una formaci\u00f3n dirigida especialmente a realizadores audiovisuales, profesionales interesados en la mezcla de sonido y estudiantes de cine. La actividad es gratuita y requiere inscripci\u00f3n previa a trav\u00e9s del formulario online. Cupo limitado.&lt;\/span&gt;    &lt;b&gt;\u00bfQu\u00e9 sucede en la sala de mezclas? \u00bfQu\u00e9 hace realmente una mezcladora de sonido?  &lt;\/b&gt;&lt;span style=&quot;font-weight: 400;&quot;&gt;En esta masterclass,&lt;\/span&gt;&lt;b&gt;&lt;i&gt; Yasmina Praderas&lt;\/i&gt;&lt;\/b&gt;&lt;span style=&quot;font-weight: 400;&quot;&gt; abrir\u00e1 las puertas de la sala de mezclas para compartir el proceso creativo que transforma cientos de pistas de di\u00e1logo, m\u00fasica, ambientes y efectos en una experiencia cinematogr\u00e1fica.&lt;\/span&gt;    &lt;span style=&quot;font-weight: 400;&quot;&gt;La sesi\u00f3n abordar\u00e1 el papel de la mezcla como una herramienta narrativa, mostrando c\u00f3mo las decisiones sonoras gu\u00edan la mirada del espectador, construyen el espacio, generan emoci\u00f3n y dan identidad a cada pel\u00edcula.&lt;\/span&gt;    &lt;span style=&quot;font-weight: 400;&quot;&gt;Lejos de ser una clase t\u00e9cnica, la masterclass propone un recorrido por un oficio tan esencial como invisible, combinando experiencias personales, ejemplos pr\u00e1cticos y un espacio abierto para el di\u00e1logo con el p\u00fablico.&lt;\/span&gt;    &lt;i&gt;&lt;span style=&quot;font-weight: 400;&quot;&gt;Particip\u00f3 en m\u00e1s de ochenta producciones audiovisuales, colaborando con cineastas como Rodrigo Sorogoyen, Jaume Balaguero, Leticia Dolera, Celia Rico, Marcel Barrena, Cesc Gay o David Trueba. Su trabajo se caracteriza por una especial atenci\u00f3n a la narrativa sonora y a la integraci\u00f3n del sonido con la imagen.&lt;\/span&gt;&lt;\/i&gt;    &lt;i&gt;&lt;span style=&quot;font-weight: 400;&quot;&gt;Durante 2025 integr\u00f3 el equipo de sonido de&lt;\/span&gt;&lt;\/i&gt;&lt;b&gt;&lt;i&gt; SIR\u00c2T&lt;\/i&gt;&lt;\/b&gt;&lt;i&gt;&lt;span style=&quot;font-weight: 400;&quot;&gt;, dirigida por Oliver Laxe, un trabajo reconocido con el Premio al Mejor Sonido en los EFA (European Film Awards) y distinguido con una hist\u00f3rica nominaci\u00f3n al Oscar a Mejor Sonido, siendo el primer equipo espa\u00f1ol e \u00edntegramente femenino nominado en esta categor\u00eda.&lt;\/span&gt;&lt;\/i&gt;    &lt;i&gt;&lt;span style=&quot;font-weight: 400;&quot;&gt;Obtuvo el Premio Goya al Mejor Sonido por la pel\u00edcula &lt;\/span&gt;&lt;\/i&gt;&lt;b&gt;&lt;i&gt;AS BESTAS&lt;\/i&gt;&lt;\/b&gt;&lt;i&gt;&lt;span style=&quot;font-weight: 400;&quot;&gt; en 2023, convirti\u00e9ndose en la primera mujer mezcladora de sonido en recibir este galard\u00f3n. Tambi\u00e9n ha sido reconocida por trabajos como &lt;\/span&gt;&lt;\/i&gt;&lt;b&gt;&lt;i&gt;QUIEN A HIERRO MATA&lt;\/i&gt;&lt;\/b&gt;&lt;i&gt;&lt;span style=&quot;font-weight: 400;&quot;&gt; y &lt;\/span&gt;&lt;\/i&gt;&lt;b&gt;&lt;i&gt;SABEN AQUELL&lt;\/i&gt;&lt;\/b&gt;&lt;i&gt;&lt;span style=&quot;font-weight: 400;&quot;&gt;.&lt;\/span&gt;&lt;\/i&gt;    &lt;iframe title=&quot;YouTube video player&quot; src=&quot;https:\/\/www.youtube.com\/embed\/MB6SL4gsldc?si=iTn7n9sIglVfKDBT&quot; width=&quot;560&quot; height=&quot;315&quot; frameborder=&quot;0&quot; allowfullscreen=&quot;allowfullscreen&quot;&gt;&lt;\/iframe&gt;    &nbsp;    &lt;i&gt;&lt;span style=&quot;font-weight: 400;&quot;&gt;Si necesit\u00e1s asistencia personalizada para inscribirte o asistir, pod\u00e9s comunicarte a &lt;\/span&gt;&lt;\/i&gt;&lt;a href=&quot;mailto:info@ccpe.org.ar&quot;&gt;&lt;i&gt;&lt;span style=&quot;font-weight: 400;&quot;&gt;info@ccpe.org.ar&lt;\/span&gt;&lt;\/i&gt;&lt;\/a&gt;&lt;i&gt;&lt;span style=&quot;font-weight: 400;&quot;&gt; o consultar nuestra &lt;\/span&gt;&lt;\/i&gt;&lt;a href=&quot;https:\/\/ccpe.org.ar\/web\/accesibilidad\/&quot;&gt;&lt;i&gt;&lt;span style=&quot;font-weight: 400;&quot;&gt;secci\u00f3n de accesibilidad.&lt;\/span&gt;&lt;\/i&gt;&lt;\/a&gt;    &lt;b&gt;Con el apoyo de la Cooperaci\u00f3n Cultural Espa\u00f1ola (AECID)&lt;\/b&gt;    &lt;img class=&quot;alignnone size-full wp-image-7670&quot; src=&quot;https:\/\/ccpe.org.ar\/web\/wp-content\/uploads\/2025\/11\/logo-cooperacion-baja.jpg&quot; alt=&quot;&quot; width=&quot;790&quot; height=&quot;121&quot; \/&gt;\",\r\n            \"image\": \"https:\/\/ccpe.org.ar\/web\/wp-content\/uploads\/2026\/08\/b_yasmina.jpg\",\r\n            \"name\": \"La mezcla del sonido, por Yasmina Praderas\",\r\n            \"url\": \"https:\/\/ccpe.org.ar\/web\/actividades\/la-mezcla-del-sonido-por-yasmina-praderas\/\"\r\n        }\r\n        <\/script>\r\n        <article data-style=\"\" class=\" mec-event-article mec-clear \" itemscope>\n        \n            <div class=\"mec-event-image\"><a data-event-id=\"8030\" href=\"https:\/\/ccpe.org.ar\/web\/actividades\/la-mezcla-del-sonido-por-yasmina-praderas\/\"><img loading=\"lazy\" decoding=\"async\" width=\"980\" height=\"544\" src=\"https:\/\/ccpe.org.ar\/web\/wp-content\/uploads\/2026\/08\/b_yasmina.jpg\" class=\"attachment-full size-full wp-post-image\" alt=\"\" data-mec-postid=\"8030\" srcset=\"https:\/\/ccpe.org.ar\/web\/wp-content\/uploads\/2026\/08\/b_yasmina.jpg 980w, https:\/\/ccpe.org.ar\/web\/wp-content\/uploads\/2026\/08\/b_yasmina-480x266.jpg 480w\" sizes=\"(min-width: 0px) and (max-width: 480px) 480px, (min-width: 481px) 980px, 100vw\" \/><\/a>\n                <!--div class=\"ods-container\">\n                                    <\/div-->\n            <\/div>\n\n            \n            <div class=\"mec-event-content\">\n\n                \n                    <div class=\"mec-event-date mec-bg-color\">\n\n                        <span class=\"mec-start-date-label\" itemprop=\"startDate\">Jue 03\/09<\/span>\n                        \n                        \n                    <\/div>\n\n                \n                \n                \n                <h4 class=\"mec-event-title\">\n\n                    <!-- agregado-->\n\n                    <span style=\"text-transform:none; font-weight:500; font-size: 16px;\">\n\n                        Masterclass + funci\u00f3n especial SIR\u00c2T<\/span><br>\n\n                    <!-- fin agregado-->\n\n                    <a class=\"mec-color-hover\" data-event-id=\"8030\" href=\"https:\/\/ccpe.org.ar\/web\/actividades\/la-mezcla-del-sonido-por-yasmina-praderas\/\">La mezcla del sonido, por Yasmina Praderas<\/a><span class=\"event-color\" style=\"background: #fdd700\"><\/span><\/h4>\n\n                 <!-- agregado-->   \n\n                <p class='bajada'>La reconocida mezcladora de sonido cinematogr\u00e1fico, nominada al Oscar 2025, llega a Rosario para brindar una formaci\u00f3n.<\/p>\n                <p><\/p>\n\n\n\n                <!--fin agregado-->\n\n                \n\n                \n            <\/div>\n\n            <div class=\"mec-event-footer\">\n\n                \n                \n                <!-- agregado modificado-->\n\n               <a class=\"mec-booking-button\" data-event-id=\"8030\" href=\"https:\/\/ccpe.org.ar\/web\/actividades\/la-mezcla-del-sonido-por-yasmina-praderas\/\" target=\"_self\">+ INFO<\/a>\n\n               <!-- fin agregado nodificado-->\n\n            <\/div>\n\n        <\/article><\/div>\n        \n        <div class=\"col-md-6 col-sm-6\">        <script type=\"application\/ld+json\">\r\n        {\r\n            \"@context\": \"http:\/\/schema.org\",\r\n            \"@type\": \"Event\",\r\n            \"eventStatus\": \"https:\/\/schema.org\/EventScheduled\",\r\n            \"startDate\": \"2026-09-04\",\r\n            \"endDate\": \"2026-09-04\",\r\n            \"eventAttendanceMode\": \"https:\/\/schema.org\/OfflineEventAttendanceMode\",\r\n            \"location\":\r\n            {\r\n                \"@type\": \"Place\",\r\n                                \"name\": \"\",\r\n                \"image\": \"\",\r\n                \"address\": \"\"\r\n                            },\r\n            \"organizer\":\r\n            {\r\n                \"@type\": \"Person\",\r\n                \"name\": \"\",\r\n                \"url\": \"\"\r\n            },\r\n            \"offers\":\r\n            {\r\n                \"url\": \"https:\/\/ccpe.org.ar\/web\/actividades\/musica-maestra\/\",\r\n                \"price\": \"\",\r\n                \"priceCurrency\": \"ARS\",\r\n                \"availability\": \"https:\/\/schema.org\/InStock\",\r\n                \"validFrom\": \"2026-09-04T00:00\"\r\n            },\r\n            \"performer\": \"\",\r\n            \"description\": \"&lt;span style=&quot;font-weight: 400;&quot;&gt;Con la coordinaci\u00f3n general de la flautista y docente D\u00e9bora Abecasis, el CCPE propone un ciclo que conjuga escucha activa y aprendizaje en torno a los movimientos m\u00e1s importantes de la historia del arte, poniendo el acento en la m\u00fasica, la poes\u00eda y las artes visuales. &lt;\/span&gt;    &lt;b&gt;Viernes 24 de julio, viernes 14 de agosto y viernes 4 de septiembre, de 19 a 20.30 h en el Teatro del Centro Cultural Parque de Espa\u00f1a (Sarmiento y el r\u00edo). Gratis. Retiro de entradas desde las 15 hs del d\u00eda de la funci\u00f3n.&lt;\/b&gt;    &lt;span style=&quot;font-weight: 400;&quot;&gt;Invitamos a participar de una experiencia colectiva de aprendizaje en el cual nos sumergiremos en el devenir de la producci\u00f3n art\u00edstica y musical que viaja a trav\u00e9s del tiempo desde la antig\u00fcedad hasta el presente.&lt;\/span&gt;    &lt;span style=&quot;font-weight: 400;&quot;&gt;El ciclo consta de tres encuentros quincenales en los que compartiremos una charla explicativa y un concierto breve con m\u00fasicos en vivo. &lt;\/span&gt;    &lt;b&gt;Itinerario&lt;\/b&gt;    &lt;span style=&quot;font-weight: 400;&quot;&gt;Viernes 24 de julio&lt;\/span&gt;  &lt;span style=&quot;font-weight: 400;&quot;&gt;La melod\u00eda y su valor expresivo. Edad Media, Renacimiento y Barroco &lt;\/span&gt;  &lt;span style=&quot;font-weight: 400;&quot;&gt;Artistas invitados:&lt;\/span&gt;  &lt;span style=&quot;font-weight: 400;&quot;&gt;Manuel Marina y Nubia Bado&lt;\/span&gt;    &lt;span style=&quot;font-weight: 400;&quot;&gt;Viernes 14 de agosto.&lt;\/span&gt;  &lt;span style=&quot;font-weight: 400;&quot;&gt;La creaci\u00f3n musical. Procesos creativos de ayer y de hoy. Repertorios compuestos por mujeres&lt;\/span&gt;  &lt;span style=&quot;font-weight: 400;&quot;&gt;Artistas invitadas:&lt;\/span&gt;  &lt;span style=&quot;font-weight: 400;&quot;&gt;Natalia Solomonoff (compositora)&lt;\/span&gt;  &lt;span style=&quot;font-weight: 400;&quot;&gt;D\u00fao DAUZ integrado por Mar\u00eda Luz Poirier y Daniela Berlochi&lt;\/span&gt;    &lt;span style=&quot;font-weight: 400;&quot;&gt;Viernes 4 de septiembre.&lt;\/span&gt;  &lt;span style=&quot;font-weight: 400;&quot;&gt;Lazos entre poes\u00eda y m\u00fasica desde mediados del S. XVIII al S. XIX&lt;\/span&gt;  &lt;span style=&quot;font-weight: 400;&quot;&gt;Artistas invitados:&lt;\/span&gt;  &lt;span style=&quot;font-weight: 400;&quot;&gt;Graciela Mozzoni (canto) N\u00e9stor Mozzoni (piano)  &lt;\/span&gt;    &nbsp;  &lt;h2&gt;PROGRAMA 24\/7&lt;\/h2&gt;  &lt;strong&gt;\u201cCofre de melod\u00edas\u201d Un Concierto con algunas joyas musicales desde el S.XIV al S:XVIII, seleccionadas de nuestro cofre de melod\u00edas.&lt;\/strong&gt;  &lt;div dir=&quot;auto&quot;&gt;Lamento di Tristano. La Rotta. An\u00f3nimo.S.XIV&lt;\/div&gt;  &lt;div dir=&quot;auto&quot;&gt;\u201cQuesta fanciull\u2019 amor\u201d Francesco Landini (1335-1397)&lt;\/div&gt;  &lt;div dir=&quot;auto&quot;&gt;Byrd\u2019s Prelude Henry Purcell (1659-1695)&lt;\/div&gt;  &lt;div dir=&quot;auto&quot;&gt;Doen Dafne (flauta sola) Jacob Van Eyck (1590-1657)&lt;\/div&gt;  &lt;div dir=&quot;auto&quot;&gt;Pieza para Viola da gamba sola en re menor. Karl Friedrich Abel (1723-1787)&lt;\/div&gt;  &lt;div dir=&quot;auto&quot;&gt;Sonata Op.1 , N\u00ba 3 (Tr\u00edo flautas) Johann Mattheson (1681-1764)&lt;\/div&gt;  &lt;div dir=&quot;auto&quot;&gt;Tr\u00edo Sonata en F G.F.Haendel (1685-1759)&lt;\/div&gt;  &lt;div dir=&quot;auto&quot;&gt;Sonata N\u00ba1 para flauta sola . Adagio C.P.E.Bach (1714-1788)&lt;\/div&gt;  &lt;div dir=&quot;auto&quot;&gt;Chaconne for flutes Henry Purcell&lt;\/div&gt;  &lt;div dir=&quot;auto&quot;&gt;&lt;\/div&gt;  &lt;div dir=&quot;auto&quot;&gt;Int\u00e9rpretes:&lt;\/div&gt;  &lt;div dir=&quot;auto&quot;&gt;Nubia Bado : Flautas Dulces&lt;\/div&gt;  &lt;div dir=&quot;auto&quot;&gt;D\u00e9bora Abecasis: Flautas Dulces&lt;\/div&gt;  &lt;div dir=&quot;auto&quot;&gt;Manuel Marina: Viola da Gamba, Flautas Dulces.&lt;\/div&gt;  &lt;div dir=&quot;auto&quot;&gt;&lt;\/div&gt;  &nbsp;    &lt;b&gt;D\u00c9BORA ABECASIS&lt;\/b&gt;  &lt;span style=&quot;font-weight: 400;&quot;&gt;Licenciada y Profesora de M\u00fasica, especialidad en Flauta, recibida en la UNR. &lt;\/span&gt;&lt;span style=&quot;font-weight: 400;&quot;&gt;Se desempe\u00f1a como docente de Lenguaje Musical, M\u00fasica y Contexto, Flauta dulce, Flauta Traversa y Ensamble, en la Escuela Prov. M\u00fasica y en el ISPM, \u201c Carlos Guastavino\u201d, de la ciudad de Rosario . &lt;\/span&gt;&lt;span style=&quot;font-weight: 400;&quot;&gt;Participa como int\u00e9rprete en el Ensamble Nobilt\u00e1 D\u2019Amor, dedicado a la m\u00fasica del Renacimiento y el Barroco, dirigido por Cecilia Bar\u00f3. &lt;\/span&gt;&lt;span style=&quot;font-weight: 400;&quot;&gt;Es integrante del Conjunto Pro M\u00fasica para Ni\u00f1os (cantante, flautista y coordinaci\u00f3n). &lt;\/span&gt;&lt;span style=&quot;font-weight: 400;&quot;&gt;Integra un d\u00fao de flautas con Ver\u00f3nica Chuffardi. &lt;\/span&gt;&lt;span style=&quot;font-weight: 400;&quot;&gt;Se desempe\u00f1a como invitada en el Ensamble de Flautas Antiguas de Santa Fe, dirigido por Marta Boero. &lt;\/span&gt;&lt;span style=&quot;font-weight: 400;&quot;&gt;Realiza proyectos art\u00edsticos junto a diversos m\u00fasicos del pa\u00eds.&lt;\/span&gt;    &lt;b&gt;NUBIA BADO &lt;\/b&gt;  &lt;span style=&quot;font-weight: 400;&quot;&gt;Flautista, escritora y docente. Es Profesora Superior de m\u00fasica con orientaci\u00f3n en Instrumento, flauta dulce y en m\u00fasica de c\u00e1mara (Conservatorio \u00c1. Piazzolla - 2009) y Licenciada en Artes Sonoras y Musicales (UNA - 2013) Tambi\u00e9n realiz\u00f3 estudios superiores de m\u00fasica y flauta de pico en Sevilla, Espa\u00f1a (Conservatorio Manuel Castillo - 2010\/2011) Actualmente se encuentra cursando la maestr\u00eda en escritura creativa de la UNTREF. Como int\u00e9rprete de m\u00fasica antigua ha integrado y ha sido miembro fundadora de diversos ensambles. Ha recibido la beca creaci\u00f3n del Fondo Nacional de las Artes en dos oportunidades (2014 y 2021). Ha participado en festivales nacionales e internacionales de m\u00fasica antigua y contempor\u00e1nea.&lt;\/span&gt;  &lt;span style=&quot;font-weight: 400;&quot;&gt;Integra los ensambles \u201cSelva vocal e instrumental\u201d (M\u00fasica barroca, Director Andr\u00e9s Gerszenzon) \u201cFM1500\u201d (M\u00fasica renacentista) \u201cDos L\u00edneas\u201d (d\u00fao de flautas dulces junto a Mercedes Blanco Mengoni).&lt;\/span&gt;  &lt;span style=&quot;font-weight: 400;&quot;&gt;Durante el 2022 edit\u00f3 el disco \u201cPajarer\u00edo\u201d en el cual combina la interpretaci\u00f3n historicista de la m\u00fasica antigua con recursos propios de la m\u00fasica popular, folcl\u00f3rica y contempor\u00e1nea. Como docente, lleva adelante las c\u00e1tedras de flauta dulce de los conservatorios \u201cJuan Jos\u00e9 Castro\u201d y \u201c\u00c1stor Piazzolla\u201d.Tambi\u00e9n ha dictado cursos y talleres de flauta dulce y de m\u00fasica antigua en otros conservatorios, escuelas de m\u00fasica y centros de estudio del pa\u00eds. &lt;\/span&gt;  &lt;span style=&quot;font-weight: 400;&quot;&gt;Link a canal de youtube: &lt;\/span&gt;  &lt;span style=&quot;font-weight: 400;&quot;&gt;Nubia Agripina Bado - YouTube &lt;\/span&gt;  &lt;span style=&quot;font-weight: 400;&quot;&gt;Instagram:&lt;\/span&gt;  &lt;a href=&quot;https:\/\/www.instagram.com\/nubiabado\/&quot;&gt;&lt;span style=&quot;font-weight: 400;&quot;&gt;https:\/\/www.instagram.com\/nubiabado\/&lt;\/span&gt;&lt;\/a&gt;    &lt;b&gt;MANUEL MARINA&lt;\/b&gt;&lt;span style=&quot;font-weight: 400;&quot;&gt; &lt;\/span&gt;  &lt;span style=&quot;font-weight: 400;&quot;&gt;M\u00fasico y Director. Egresado del Instituto Superior de M\u00fasica de la Universidad Nacional del Litoral como Profesor Nacional de M\u00fasica en la especialidad Direcci\u00f3n Orquestal. Es clavecinista y director musical de la Camerata Eleuther\u00eda; Director de la Orquesta Sinf\u00f3nica de Ni\u00f1os y de la Orquesta Sinf\u00f3nica Juvenil y de la Escuela Provincial de M\u00fasica N\u00ba 9901 de Santa Fe. Adem\u00e1s es docente titular de la c\u00e1tedra \u201cM\u00fasica de C\u00e1mara\u201d del ISM-UNL. En la ciudad de Rosario tiene a su cargo la  Direcci\u00f3n Art\u00edstica del Conjunto Pro M\u00fasica.&lt;\/span&gt;  &lt;span style=&quot;font-weight: 400;&quot;&gt;En Octubre de 2013 recibi\u00f3 el \u201cPremio Mozart Jubileo Tercer Milenio al M\u00e9rito Art\u00edstico\u201d del Mozarteum Santa Fe filial Salzburgo y al a\u00f1o siguiente fue elegido \u201cSantafesino del A\u00f1o\u201d por el voto de la gente a trav\u00e9s del diario \u201cEl Litoral\u201d.&lt;\/span&gt;    &nbsp;  &lt;h2&gt;PROGRAMA 14\/8&lt;\/h2&gt;  Primera Parte: Charla sobre M\u00fasica Contempor\u00e1nea.  La creaci\u00f3n musical. Procesos creativos de ayer y de hoy.    Escuchamos \u201cOce\u00e1nica\u201d de Natalia Solomonoff.  Obra para clarinete bajo en sib y sonidos electr\u00f3nicos. (2021)    Concierto: D\u00fao Dauz  Germaine Tailleferre (1892 - 1983)  Romance, piano (1913)  Sicilienne, piano (1928)  Arabesque, clarinete y piano (1973)    Marisa Rezende (Brasil, 1944)  Anima para clarinete y piano (2004), estreno en Rosario    Celia Torr\u00e1 (Argentina, 1884 - 1962)  Abandono, arr. para clarinete y piano (S\/A)  MIlonga del destino, arr. para clarinete y piano (S\/A)    Alejandra Vega (Argentina, 1964)  Felipe y milonguita, clarinete y piano (2023)    &nbsp;    &lt;b&gt;MAR\u00cdA LUZ POIRIER&lt;\/b&gt;  &lt;span style=&quot;font-weight: 400;&quot;&gt;Mag\u00edster en Interpretaci\u00f3n de M\u00fasica de C\u00e1mara, Profesora y Licenciada en Piano por la &lt;\/span&gt;&lt;span style=&quot;font-weight: 400;&quot;&gt;Universidad Nacional de Rosario. Se perfeccion\u00f3 en el Instituto Pietro Mascagni (Livorno) &lt;\/span&gt;&lt;span style=&quot;font-weight: 400;&quot;&gt;bajo la gu\u00eda del Maestro Daniel Rivera, y ha trabajado con referentes como Edith Fischer, &lt;\/span&gt;&lt;span style=&quot;font-weight: 400;&quot;&gt;Dario Ntaca, Alexander Panizza, Ana Mar\u00eda Cu\u00e9 y Norma Scaraf\u00eda. Ha ofrecido conciertos &lt;\/span&gt;&lt;span style=&quot;font-weight: 400;&quot;&gt;como solista y en diversas formaciones de m\u00fasica de c\u00e1mara en Italia, Brasil, Paraguay y &lt;\/span&gt;&lt;span style=&quot;font-weight: 400;&quot;&gt;Argentina. Fue invitada a participar en el Martha Argerich Present Project (MAPp). En 2024 &lt;\/span&gt;&lt;span style=&quot;font-weight: 400;&quot;&gt;realiz\u00f3 una gira por Estados Unidos con conciertos y charlas en universidades como &lt;\/span&gt;&lt;span style=&quot;font-weight: 400;&quot;&gt;Georgia State, Georgia Tech y University of North Georgia. Actualmente integra el d\u00fao &lt;\/span&gt;&lt;span style=&quot;font-weight: 400;&quot;&gt;Ararokai y el Ensamble Warmi, proyectos centrados en la interpretaci\u00f3n y visibilizaci\u00f3n de &lt;\/span&gt;&lt;span style=&quot;font-weight: 400;&quot;&gt;obras de compositoras y compositores latinoamericanos del siglo XX y XXI. Paralelamente, &lt;\/span&gt;&lt;span style=&quot;font-weight: 400;&quot;&gt;desarrolla una intensa actividad docente como profesora de piano y pianista acompa\u00f1ante &lt;\/span&gt;&lt;span style=&quot;font-weight: 400;&quot;&gt;en Rosario, Argentina.&lt;\/span&gt;    &lt;b&gt;DANIELA BERLOCHI&lt;\/b&gt;  &lt;span style=&quot;font-weight: 400;&quot;&gt;Clarinetista y docente egresada de la Universidad Nacional de Rosario. Integr\u00f3 el  Ensamble Municipal de Vientos de Rosario, la Orquesta Sinf\u00f3nica Juvenil de la UNR, la Orquesta de &lt;\/span&gt;&lt;span style=&quot;font-weight: 400;&quot;&gt;Jazz de la Escuela J. B Massa, la Banda Sinf\u00f3nica de San Lorenzo. Actualmente forma parte del Ensamble de M\u00fasica Contempor\u00e1nea de la UNR. Est\u00e1 adscripta en la carrera de m\u00fasica bajo la del el Lic. Prof. Julio Kobryn. Desarrolla tambi\u00e9n la docencia de manera particular desde hace m\u00e1s de 10 a\u00f1os e integra proyectos orquestales y de c\u00e1mara.&lt;\/span&gt;    &lt;b&gt;NATALIA SOLOMONOFF&lt;\/b&gt;  &lt;span style=&quot;font-weight: 400;&quot;&gt;Natalia Solomonoff es compositora y docente. Realiz\u00f3 su formaci\u00f3n musical en Argentina y Alemania. Su trabajo creativo abarca la composici\u00f3n de obras de c\u00e1mara, sinf\u00f3nicas, electroac\u00fasticas y mixtas. Ha sido invitada en numerosos festivales internacionales y convocada como miembro jurado de concursos docentes y de composici\u00f3n.\u200b\u200b\u200b Su trabajo ha obtenido el reconocimiento de instituciones nacionales e internacionales. En 2021 el &lt;\/span&gt;&lt;i&gt;&lt;span style=&quot;font-weight: 400;&quot;&gt;Ensemble Reflexion K&lt;\/span&gt;&lt;\/i&gt;&lt;span style=&quot;font-weight: 400;&quot;&gt; (Alemania) en coproducci\u00f3n con la radioemisora Deutschlandfunk y el sello discogr\u00e1fico &lt;\/span&gt;&lt;i&gt;&lt;span style=&quot;font-weight: 400;&quot;&gt;ambitus&lt;\/span&gt;&lt;\/i&gt;&lt;span style=&quot;font-weight: 400;&quot;&gt; edit\u00f3 el CD monogr\u00e1fico &lt;\/span&gt;&lt;i&gt;&lt;span style=&quot;font-weight: 400;&quot;&gt;TARJO- Natalia Solomonoff&lt;\/span&gt;&lt;\/i&gt;&lt;span style=&quot;font-weight: 400;&quot;&gt;. Es compiladora del libro Lecturas\/ Escuchas perif\u00e9ricas (Suono Mobile Editora).\u200b\u200b\u200b\u200bNatalia Solomonoff es docente en el Instituto Superior del Profesorado de M\u00fasica de Rosario y de Composici\u00f3n en el Instituto Superior de M\u00fasica de la Universidad Nacional del Litoral. &lt;\/span&gt;&lt;span style=&quot;font-weight: 400;&quot;&gt;Sitio web:&lt;\/span&gt;&lt;a href=&quot;http:\/\/www.natalia-solomonoff.com&quot;&gt; &lt;span style=&quot;font-weight: 400;&quot;&gt;http:\/\/www.natalia-solomonoff.com&lt;\/span&gt;&lt;\/a&gt;    &nbsp;  &lt;h2&gt;PROGRAMA 4\/9&lt;\/h2&gt;  2\u00ba Movimiento (Poco Adagio) Sonata en La mayor - Carl Philipp Emanuel Bach (1714-1788)    Als Luise die Briefe K 520 - Wolfgang A. Mozart (1756-1791)    Die Forelle Op. 32 (La trucha) - Franz Schubert (1797-1828)    Waldesgespr\u00e4ch Liederkreis Op. 39 - Robert Schumann (1810-1856)    Zigeunerlieder - Op.103 (N\u00ba 3 y 4) - Johannes Brahms (1833-1897)    Mausfallenspr\u00fcchlein - Hugo Wolf (1860-1903)    &nbsp;    &lt;b&gt;GRACIELA MOZZONI&lt;\/b&gt;  &lt;span style=&quot;font-weight: 400;&quot;&gt;Es mezzosoprano y Dra. en Fonoaudiolog\u00eda egresada (UMSA). Realiz\u00f3 estudios de canto con Dr. Somaschini y en el Instituto Superior de Arte del Teatro Col\u00f3n. Obtuvo por concurso una beca de la Fundaci\u00f3n Leonor Hirsch para estudiar canto en Bs.As. con el maestro suizo Ernst Haefliger en el trienio 1987\/88\/89 y una beca para profesionales para estudiar con la maestra francesa Denise Dupleix en 1997. Integr\u00f3 durante once a\u00f1os el Conjunto Pro M\u00fasica de Rosario como coreuta, instrumentista y preparadora vocal. Residi\u00f3 durante los a\u00f1os 1990\/91\/92 en Alemania, estudiando con los Prof. Jean Stawsky y Julio Mir\u00f3n.Ha cantado numerosos conciertos de c\u00e1mara y roles de \u00f3pera y oratorios con orquestas de Rosario, C\u00f3rdoba y Buenos Aires. Es artista distinguida de la ciudad de Rosario (Concejo Municipal) Se ha presentado como solista en Argentina (Sal\u00f3n dorado del Teatro Col\u00f3n, Teatro San Mart\u00edn (Bs As), Teatro El C\u00edrculo Rosario, Fundaci\u00f3n Astengo, Rosario, Teatro Munic de Santa Fe, Camino de las Estancias (C\u00f3rdoba) etc.)  y en Alemania, Italia y Rep\u00fablica Checa. Actualmente, adem\u00e1s de su actividad como cantante, se dedica a la reeducaci\u00f3n de la voz y la ense\u00f1anza del canto en forma privada o dando cursos presenciales o en la red. (www.lenguajeaprendizaje.com.ar)&lt;\/span&gt;    &lt;b&gt;NESTOR MOZZONI&lt;\/b&gt;  &lt;span style=&quot;font-weight: 400;&quot;&gt;Se form\u00f3 como pianista, cantante y director de coros. Como tenor, clavecinista, organista, director de coro, arreglador y compositor, ha desarrollado una amplia trayectoria en el \u00e1mbito de la m\u00fasica cl\u00e1sica y popular. Entre 1976 y 1991 integr\u00f3 como tenor, instrumentista y ayudante de direcci\u00f3n y subdirector  del Conjunto Pro Musica de Rosario, participando de las giras por Am\u00e9rica (1979 y 1981) y Europa (1984). Realiz\u00f3 presentaciones como solista en clave y \u00f3rgano en el  Conjunto Pro Musica Antiqua de Rosario y al Coro Polif\u00f3nico de Santa Fe, entre otros.  En 1993 cre\u00f3 Arte musical con el fin de desarrollar proyectos musicales con diversas formaciones camar\u00edsticas. Ha recibido distinciones y reconocimientos. &lt;\/span&gt;    &nbsp;    &nbsp;    &lt;i&gt;&lt;span style=&quot;font-weight: 400;&quot;&gt;Si necesit\u00e1s asistencia personalizada para inscribirte o asistir, pod\u00e9s comunicarte a &lt;\/span&gt;&lt;\/i&gt;&lt;a href=&quot;mailto:info@ccpe.org.ar&quot;&gt;&lt;i&gt;&lt;span style=&quot;font-weight: 400;&quot;&gt;info@ccpe.org.ar&lt;\/span&gt;&lt;\/i&gt;&lt;\/a&gt;&lt;i&gt;&lt;span style=&quot;font-weight: 400;&quot;&gt; o consultar nuestra &lt;\/span&gt;&lt;\/i&gt;&lt;a href=&quot;https:\/\/ccpe.org.ar\/web\/accesibilidad\/&quot;&gt;&lt;i&gt;&lt;span style=&quot;font-weight: 400;&quot;&gt;secci\u00f3n de accesibilidad.&lt;\/span&gt;&lt;\/i&gt;&lt;\/a&gt;    &lt;b&gt;Con el apoyo de la Cooperaci\u00f3n Cultural Espa\u00f1ola (AECID)&lt;\/b&gt;    &lt;img class=&quot;alignnone size-full wp-image-7670&quot; src=&quot;https:\/\/ccpe.org.ar\/web\/wp-content\/uploads\/2025\/11\/logo-cooperacion-baja.jpg&quot; alt=&quot;&quot; width=&quot;790&quot; height=&quot;121&quot; \/&gt;\",\r\n            \"image\": \"https:\/\/ccpe.org.ar\/web\/wp-content\/uploads\/2026\/06\/b_partirura-1.jpg\",\r\n            \"name\": \"M\u00fasica maestra\",\r\n            \"url\": \"https:\/\/ccpe.org.ar\/web\/actividades\/musica-maestra\/\"\r\n        }\r\n        <\/script>\r\n        <article data-style=\"\" class=\" mec-event-article mec-clear \" itemscope>\n        \n            <div class=\"mec-event-image\"><a data-event-id=\"7934\" href=\"https:\/\/ccpe.org.ar\/web\/actividades\/musica-maestra\/\"><img loading=\"lazy\" decoding=\"async\" width=\"980\" height=\"544\" src=\"https:\/\/ccpe.org.ar\/web\/wp-content\/uploads\/2026\/06\/b_partirura-1.jpg\" class=\"attachment-full size-full wp-post-image\" alt=\"\" data-mec-postid=\"7934\" srcset=\"https:\/\/ccpe.org.ar\/web\/wp-content\/uploads\/2026\/06\/b_partirura-1.jpg 980w, https:\/\/ccpe.org.ar\/web\/wp-content\/uploads\/2026\/06\/b_partirura-1-480x266.jpg 480w\" sizes=\"(min-width: 0px) and (max-width: 480px) 480px, (min-width: 481px) 980px, 100vw\" \/><\/a>\n                <!--div class=\"ods-container\">\n                                    <\/div-->\n            <\/div>\n\n            \n            <div class=\"mec-event-content\">\n\n                \n                    <div class=\"mec-event-date mec-bg-color\">\n\n                        <span class=\"mec-start-date-label\" itemprop=\"startDate\">Vie 04\/09<\/span>\n                        \n                        \n                    <\/div>\n\n                \n                \n                \n                <h4 class=\"mec-event-title\">\n\n                    <!-- agregado-->\n\n                    <span style=\"text-transform:none; font-weight:500; font-size: 16px;\">\n\n                        Ciclo<\/span><br>\n\n                    <!-- fin agregado-->\n\n                    <a class=\"mec-color-hover\" data-event-id=\"7934\" href=\"https:\/\/ccpe.org.ar\/web\/actividades\/musica-maestra\/\">M\u00fasica maestra<\/a><span class=\"event-color\" style=\"background: #fdd700\"><\/span><\/h4>\n\n                 <!-- agregado-->   \n\n                <p class='bajada'>Charlas y conciertos para aprender a escuchar. Coordina: D\u00e9bora Abecasis. <\/p>\n                <p><\/p>\n\n\n\n                <!--fin agregado-->\n\n                \n\n                \n            <\/div>\n\n            <div class=\"mec-event-footer\">\n\n                \n                \n                <!-- agregado modificado-->\n\n               <a class=\"mec-booking-button\" data-event-id=\"7934\" href=\"https:\/\/ccpe.org.ar\/web\/actividades\/musica-maestra\/\" target=\"_self\">+ INFO<\/a>\n\n               <!-- fin agregado nodificado-->\n\n            <\/div>\n\n        <\/article><\/div><\/div>\n        \n        <div class=\"row\"><div class=\"col-md-6 col-sm-6\">        <script type=\"application\/ld+json\">\r\n        {\r\n            \"@context\": \"http:\/\/schema.org\",\r\n            \"@type\": \"Event\",\r\n            \"eventStatus\": \"https:\/\/schema.org\/EventScheduled\",\r\n            \"startDate\": \"2026-09-05\",\r\n            \"endDate\": \"2026-09-05\",\r\n            \"eventAttendanceMode\": \"https:\/\/schema.org\/OfflineEventAttendanceMode\",\r\n            \"location\":\r\n            {\r\n                \"@type\": \"Place\",\r\n                                \"name\": \"\",\r\n                \"image\": \"\",\r\n                \"address\": \"\"\r\n                            },\r\n            \"organizer\":\r\n            {\r\n                \"@type\": \"Person\",\r\n                \"name\": \"\",\r\n                \"url\": \"\"\r\n            },\r\n            \"offers\":\r\n            {\r\n                \"url\": \"https:\/\/ccpe.org.ar\/web\/actividades\/no-aman-el-cielo\/\",\r\n                \"price\": \"\",\r\n                \"priceCurrency\": \"ARS\",\r\n                \"availability\": \"https:\/\/schema.org\/InStock\",\r\n                \"validFrom\": \"2026-09-05T00:00\"\r\n            },\r\n            \"performer\": \"\",\r\n            \"description\": \"&lt;span style=&quot;font-weight: 400;&quot;&gt;El Centro Cultural Parque de Espa\u00f1a invita al estreno de &lt;\/span&gt;&lt;i&gt;&lt;span style=&quot;font-weight: 400;&quot;&gt;No aman el cielo&lt;\/span&gt;&lt;\/i&gt;&lt;span style=&quot;font-weight: 400;&quot;&gt;, primera realizaci\u00f3n audiovisual del m\u00fasico rosarino &lt;\/span&gt;&lt;b&gt;Oscar Favre&lt;\/b&gt;&lt;span style=&quot;font-weight: 400;&quot;&gt;, que recupera a trav\u00e9s del registro en Super 8 un fragmento de la escena musical emergente de Rosario vinculada al colectivo &lt;\/span&gt;&lt;b&gt;Planeta X&lt;\/b&gt;&lt;span style=&quot;font-weight: 400;&quot;&gt;.&lt;\/span&gt;    &lt;b&gt;S\u00e1bado 5 de septiembre a las 20 h en el T\u00fanel 4 del CCPE. Gratis, hasta completar aforo de la sala.&lt;\/b&gt;    &lt;span style=&quot;font-weight: 400;&quot;&gt;Luego de la proyecci\u00f3n, la m\u00fasica volver\u00e1 a ocupar el espacio con una presentaci\u00f3n en vivo de &lt;\/span&gt;&lt;b&gt;Charly Egg, Juani Favre y Mariano Conti&lt;\/b&gt;&lt;span style=&quot;font-weight: 400;&quot;&gt;, referentes y protagonistas de aquella experiencia colectiva.&lt;\/span&gt;    &lt;b&gt;Sinopsis del mediometraje&lt;\/b&gt;    &lt;span style=&quot;font-weight: 400;&quot;&gt;Rosario, 1999. Cuatro amigos est\u00e1n dando sus primeros pasos en la escena art\u00edstica y musical local. A pesar del individualismo y el des\u00e1nimo reinantes en la argentina de fines de los 90s sus acciones empiezan a mutar hacia la organizaci\u00f3n colectiva.&lt;\/span&gt;    &lt;span style=&quot;font-weight: 400;&quot;&gt;Pel\u00edcula filmada \u00edntegramente en super 8 entre los a\u00f1os 1998 y 2000. Finalizada en 2026.&lt;\/span&gt;    &lt;span style=&quot;font-weight: 400;&quot;&gt;NO AMAN EL CIELO es tambi\u00e9n un viaje musical hacia los or\u00edgenes del sello y colectivo cultural Planeta X. Toda la m\u00fasica utilizada en el mediometraje fue grabada, producida y editada entre los a\u00f1os 1996 y 2000.&lt;\/span&gt;    &lt;span style=&quot;font-weight: 400;&quot;&gt;Duraci\u00f3n: 30 minutos.&lt;\/span&gt;    &nbsp;    &lt;i&gt;&lt;span style=&quot;font-weight: 400;&quot;&gt;Si necesit\u00e1s asistencia personalizada para inscribirte o asistir, pod\u00e9s comunicarte a &lt;\/span&gt;&lt;\/i&gt;&lt;a href=&quot;mailto:info@ccpe.org.ar&quot;&gt;&lt;i&gt;&lt;span style=&quot;font-weight: 400;&quot;&gt;info@ccpe.org.ar&lt;\/span&gt;&lt;\/i&gt;&lt;\/a&gt;&lt;i&gt;&lt;span style=&quot;font-weight: 400;&quot;&gt; o consultar nuestra &lt;\/span&gt;&lt;\/i&gt;&lt;a href=&quot;https:\/\/ccpe.org.ar\/web\/accesibilidad\/&quot;&gt;&lt;i&gt;&lt;span style=&quot;font-weight: 400;&quot;&gt;secci\u00f3n de accesibilidad.&lt;\/span&gt;&lt;\/i&gt;&lt;\/a&gt;    &lt;b&gt;Con el apoyo de la Cooperaci\u00f3n Cultural Espa\u00f1ola (AECID)&lt;\/b&gt;    &lt;img class=&quot;alignnone size-full wp-image-7670&quot; src=&quot;https:\/\/ccpe.org.ar\/web\/wp-content\/uploads\/2025\/11\/logo-cooperacion-baja.jpg&quot; alt=&quot;&quot; width=&quot;790&quot; height=&quot;121&quot; \/&gt;\",\r\n            \"image\": \"https:\/\/ccpe.org.ar\/web\/wp-content\/uploads\/2026\/08\/b_cielo.jpg\",\r\n            \"name\": \"No aman el cielo\",\r\n            \"url\": \"https:\/\/ccpe.org.ar\/web\/actividades\/no-aman-el-cielo\/\"\r\n        }\r\n        <\/script>\r\n        <article data-style=\"\" class=\" mec-event-article mec-clear \" itemscope>\n        \n            <div class=\"mec-event-image\"><a data-event-id=\"8034\" href=\"https:\/\/ccpe.org.ar\/web\/actividades\/no-aman-el-cielo\/\"><img loading=\"lazy\" decoding=\"async\" width=\"980\" height=\"544\" src=\"https:\/\/ccpe.org.ar\/web\/wp-content\/uploads\/2026\/08\/b_cielo.jpg\" class=\"attachment-full size-full wp-post-image\" alt=\"\" data-mec-postid=\"8034\" srcset=\"https:\/\/ccpe.org.ar\/web\/wp-content\/uploads\/2026\/08\/b_cielo.jpg 980w, https:\/\/ccpe.org.ar\/web\/wp-content\/uploads\/2026\/08\/b_cielo-480x266.jpg 480w\" sizes=\"(min-width: 0px) and (max-width: 480px) 480px, (min-width: 481px) 980px, 100vw\" \/><\/a>\n                <!--div class=\"ods-container\">\n                                    <\/div-->\n            <\/div>\n\n            \n            <div class=\"mec-event-content\">\n\n                \n                    <div class=\"mec-event-date mec-bg-color\">\n\n                        <span class=\"mec-start-date-label\" itemprop=\"startDate\">S\u00e1b 05\/09<\/span>\n                        \n                        \n                    <\/div>\n\n                \n                \n                \n                <h4 class=\"mec-event-title\">\n\n                    <!-- agregado-->\n\n                    <span style=\"text-transform:none; font-weight:500; font-size: 16px;\">\n\n                        Proyecci\u00f3n<\/span><br>\n\n                    <!-- fin agregado-->\n\n                    <a class=\"mec-color-hover\" data-event-id=\"8034\" href=\"https:\/\/ccpe.org.ar\/web\/actividades\/no-aman-el-cielo\/\">No aman el cielo<\/a><span class=\"event-color\" style=\"background: #fdd700\"><\/span><\/h4>\n\n                 <!-- agregado-->   \n\n                <p class='bajada'>Estreno del mediometraje de Oscar Favre + m\u00fasica en vivo Charly Egg, Juani Favre y Mariano Conti\r\n<\/p>\n                <p><\/p>\n\n\n\n                <!--fin agregado-->\n\n                \n\n                \n            <\/div>\n\n            <div class=\"mec-event-footer\">\n\n                \n                \n                <!-- agregado modificado-->\n\n               <a class=\"mec-booking-button\" data-event-id=\"8034\" href=\"https:\/\/ccpe.org.ar\/web\/actividades\/no-aman-el-cielo\/\" target=\"_self\">+ INFO<\/a>\n\n               <!-- fin agregado nodificado-->\n\n            <\/div>\n\n        <\/article><\/div>\n        \n        <div class=\"col-md-6 col-sm-6\">        <script type=\"application\/ld+json\">\r\n        {\r\n            \"@context\": \"http:\/\/schema.org\",\r\n            \"@type\": \"Event\",\r\n            \"eventStatus\": \"https:\/\/schema.org\/EventScheduled\",\r\n            \"startDate\": \"2026-09-10\",\r\n            \"endDate\": \"2026-09-17\",\r\n            \"eventAttendanceMode\": \"https:\/\/schema.org\/OfflineEventAttendanceMode\",\r\n            \"location\":\r\n            {\r\n                \"@type\": \"Place\",\r\n                                \"name\": \"\",\r\n                \"image\": \"\",\r\n                \"address\": \"\"\r\n                            },\r\n            \"organizer\":\r\n            {\r\n                \"@type\": \"Person\",\r\n                \"name\": \"\",\r\n                \"url\": \"\"\r\n            },\r\n            \"offers\":\r\n            {\r\n                \"url\": \"https:\/\/ccpe.org.ar\/web\/actividades\/paisajes-imaginados\/\",\r\n                \"price\": \"\",\r\n                \"priceCurrency\": \"ARS\",\r\n                \"availability\": \"https:\/\/schema.org\/InStock\",\r\n                \"validFrom\": \"2026-09-10T00:00\"\r\n            },\r\n            \"performer\": \"\",\r\n            \"description\": \"&lt;span style=&quot;font-weight: 400;&quot;&gt;El Centro Cultural Parque de Espa\u00f1a abre la inscripci\u00f3n para participar del taller de filosof\u00eda y literatura &lt;\/span&gt;&lt;span style=&quot;font-weight: 400;&quot;&gt;\u201c Paisajes imaginados.\u201d Reterritorializaciones contempor\u00e1neas de mitos litorale\u00f1os tradicionales&lt;\/span&gt;&lt;span style=&quot;font-weight: 400;&quot;&gt; a cargo de Sof\u00eda Rosa y Felipe Nicastro.&lt;\/span&gt;    &lt;span style=&quot;font-weight: 400;&quot;&gt;\u00bfAlguna vez pensaste en la influencia que el paisaje ejerce sobre nuestro imaginario? \u00bfSospechaste que esta relaci\u00f3n entre imaginaci\u00f3n y paisaje puede ser bidireccional?&lt;\/span&gt;    &lt;span style=&quot;font-weight: 400;&quot;&gt;Guiados por las reapropiaciones de personajes de leyendas litorale\u00f1as (el Pombero, el Lobiz\u00f3n, el Yas\u00ed Yater\u00e9, entre otros) en ficciones contempor\u00e1neas, exploraremos la relaci\u00f3n entre imaginaci\u00f3n y paisaje.&lt;\/span&gt;    &lt;span style=&quot;font-weight: 400;&quot;&gt;Vivimos en una \u00e9poca en la que nuestro entorno cambia aceleradamente. Cada vez estamos m\u00e1s lejos de encontrar un paisaje de naturaleza sin intervenci\u00f3n humana. Sin embargo, en estos escenarios marcados por el extractivismo, la degradaci\u00f3n ambiental y la p\u00e9rdida de mundos comunes, escritoras como M. Enriquez, M. Closs y M. Quir\u00f3s invocan a las criaturas del bestiario litorale\u00f1o en sus ficciones.  \u00bfQu\u00e9 quieren decirnos con su insistente aparici\u00f3n estos seres imaginarios que se niegan a desaparecer?&lt;\/span&gt;    &lt;span style=&quot;font-weight: 400;&quot;&gt;Sospechamos que aqu\u00ed hay una pista para hilar la relaci\u00f3n entre imaginario y paisaje. Te invitamos a seguir esas huellas en los textos.&lt;\/span&gt;    &lt;span style=&quot;font-weight: 400;&quot;&gt;Dirigido a mayores de 16 a\u00f1os.&lt;\/span&gt;    &lt;span style=&quot;font-weight: 400;&quot;&gt;En el marco del Programa Abiertos de la Municipalidad de Rosario.&lt;\/span&gt;    &lt;b&gt;Jueves 10 y 17 de septiembre, de 17 a 19 h en el CCPE (Sarmiento y el r\u00edo). Arancel: $20.000 por los 2 encuentros. Inscripci\u00f3n y consultas: &lt;\/b&gt;&lt;a href=&quot;mailto:sofiarosap@gmail.com&quot;&gt;&lt;b&gt;sofiarosap@gmail.com&lt;\/b&gt;&lt;\/a&gt;&lt;b&gt; - 3416451920&lt;\/b&gt;    &nbsp;    &lt;i&gt;&lt;span style=&quot;font-weight: 400;&quot;&gt;Si necesit\u00e1s asistencia personalizada para inscribirte o asistir, pod\u00e9s comunicarte a &lt;\/span&gt;&lt;\/i&gt;&lt;a href=&quot;mailto:info@ccpe.org.ar&quot;&gt;&lt;i&gt;&lt;span style=&quot;font-weight: 400;&quot;&gt;info@ccpe.org.ar&lt;\/span&gt;&lt;\/i&gt;&lt;\/a&gt;&lt;i&gt;&lt;span style=&quot;font-weight: 400;&quot;&gt; o consultar nuestra &lt;\/span&gt;&lt;\/i&gt;&lt;a href=&quot;https:\/\/ccpe.org.ar\/web\/accesibilidad\/&quot;&gt;&lt;i&gt;&lt;span style=&quot;font-weight: 400;&quot;&gt;secci\u00f3n de accesibilidad.&lt;\/span&gt;&lt;\/i&gt;&lt;\/a&gt;\",\r\n            \"image\": \"https:\/\/ccpe.org.ar\/web\/wp-content\/uploads\/2026\/06\/b_paisajes_imaginarios.jpg\",\r\n            \"name\": \"Paisajes imaginados\",\r\n            \"url\": \"https:\/\/ccpe.org.ar\/web\/actividades\/paisajes-imaginados\/\"\r\n        }\r\n        <\/script>\r\n        <article data-style=\"\" class=\" mec-event-article mec-clear \" itemscope>\n        \n            <div class=\"mec-event-image\"><a data-event-id=\"7924\" href=\"https:\/\/ccpe.org.ar\/web\/actividades\/paisajes-imaginados\/\"><img loading=\"lazy\" decoding=\"async\" width=\"980\" height=\"544\" src=\"https:\/\/ccpe.org.ar\/web\/wp-content\/uploads\/2026\/06\/b_paisajes_imaginarios.jpg\" class=\"attachment-full size-full wp-post-image\" alt=\"\" data-mec-postid=\"7924\" srcset=\"https:\/\/ccpe.org.ar\/web\/wp-content\/uploads\/2026\/06\/b_paisajes_imaginarios.jpg 980w, https:\/\/ccpe.org.ar\/web\/wp-content\/uploads\/2026\/06\/b_paisajes_imaginarios-480x266.jpg 480w\" sizes=\"(min-width: 0px) and (max-width: 480px) 480px, (min-width: 481px) 980px, 100vw\" \/><\/a>\n                <!--div class=\"ods-container\">\n                                    <\/div-->\n            <\/div>\n\n            \n            <div class=\"mec-event-content\">\n\n                \n                    <div class=\"mec-event-date mec-bg-color\">\n\n                        <span class=\"mec-start-date-label\" itemprop=\"startDate\">Jue 10\/09<\/span><span class=\"mec-end-date-label\" itemprop=\"endDate\"> - Jue 17\/09<\/span>\n                        \n                        \n                    <\/div>\n\n                \n                \n                \n                <h4 class=\"mec-event-title\">\n\n                    <!-- agregado-->\n\n                    <span style=\"text-transform:none; font-weight:500; font-size: 16px;\">\n\n                        Abiertos 2026<\/span><br>\n\n                    <!-- fin agregado-->\n\n                    <a class=\"mec-color-hover\" data-event-id=\"7924\" href=\"https:\/\/ccpe.org.ar\/web\/actividades\/paisajes-imaginados\/\">Paisajes imaginados<\/a><span class=\"event-color\" style=\"background: #fdd700\"><\/span><\/h4>\n\n                 <!-- agregado-->   \n\n                <p class='bajada'>Taller de filosof\u00eda y literatura a cargo de Sof\u00eda Rosa y Felipe Nicastro.<\/p>\n                <p><\/p>\n\n\n\n                <!--fin agregado-->\n\n                \n\n                \n            <\/div>\n\n            <div class=\"mec-event-footer\">\n\n                \n                \n                <!-- agregado modificado-->\n\n               <a class=\"mec-booking-button\" data-event-id=\"7924\" href=\"https:\/\/ccpe.org.ar\/web\/actividades\/paisajes-imaginados\/\" target=\"_self\">+ INFO<\/a>\n\n               <!-- fin agregado nodificado-->\n\n            <\/div>\n\n        <\/article><\/div><\/div>\n        \n        <div class=\"row\"><div class=\"col-md-6 col-sm-6\">        <script type=\"application\/ld+json\">\r\n        {\r\n            \"@context\": \"http:\/\/schema.org\",\r\n            \"@type\": \"Event\",\r\n            \"eventStatus\": \"https:\/\/schema.org\/EventScheduled\",\r\n            \"startDate\": \"2026-09-11\",\r\n            \"endDate\": \"2026-09-12\",\r\n            \"eventAttendanceMode\": \"https:\/\/schema.org\/OfflineEventAttendanceMode\",\r\n            \"location\":\r\n            {\r\n                \"@type\": \"Place\",\r\n                                \"name\": \"\",\r\n                \"image\": \"\",\r\n                \"address\": \"\"\r\n                            },\r\n            \"organizer\":\r\n            {\r\n                \"@type\": \"Person\",\r\n                \"name\": \"\",\r\n                \"url\": \"\"\r\n            },\r\n            \"offers\":\r\n            {\r\n                \"url\": \"https:\/\/ccpe.org.ar\/web\/actividades\/feminetas-como-un-rio\/\",\r\n                \"price\": \"\",\r\n                \"priceCurrency\": \"ARS\",\r\n                \"availability\": \"https:\/\/schema.org\/InStock\",\r\n                \"validFrom\": \"2026-09-11T00:00\"\r\n            },\r\n            \"performer\": \"\",\r\n            \"description\": \"&lt;span style=&quot;font-weight: 400;&quot;&gt;El &lt;\/span&gt;&lt;b&gt;Centro Cultural Parque de Espa\u00f1a&lt;\/b&gt;&lt;span style=&quot;font-weight: 400;&quot;&gt; y &lt;\/span&gt;&lt;a href=&quot;https:\/\/feminetas.com\/&quot;&gt;&lt;b&gt;femi\u00f1etas&lt;\/b&gt;&lt;\/a&gt;&lt;span style=&quot;font-weight: 400;&quot;&gt; organizan el festival de arte impreso \u201cfemi\u00f1etas, como un r\u00edo. Mujeres y disidencias Argentina \/ Espa\u00f1a\u201d.  &lt;\/span&gt;&lt;span style=&quot;font-weight: 400;&quot;&gt;Un encuentro alrededor de la importancia de generar conocimiento sobre las genealog\u00edas feministas para impulsar redes y comunidades ligadas a la autoedici\u00f3n (ilustradorxs, dise\u00f1adorxs gr\u00e1ficxs, escritorxs, historietistas, traductoras, colectivos, imprentas y editoriales interdependientes).&lt;\/span&gt;    &lt;b&gt;Viernes 11 y s\u00e1bado 12 de septiembre&lt;\/b&gt;&lt;span style=&quot;font-weight: 400;&quot;&gt; en el Centro Cultural Parque de Espa\u00f1a (Sarmiento y el r\u00edo). Gratis.&lt;\/span&gt;    &lt;span style=&quot;font-weight: 400;&quot;&gt;Durante dos d\u00edas el CCPE ser\u00e1 sede de la 2da edici\u00f3n del festival que tendr\u00e1 una feria de autoedici\u00f3n y arte impreso, talleres sobre vi\u00f1etas, ilustraci\u00f3n y edici\u00f3n de mujeres y disidencias, conversatorios, expo, estampa, humor gr\u00e1fico, proyectos editoriales gr\u00e1ficos y autogestivos, espacios para infancias y m\u00fasica.&lt;\/span&gt;    &lt;a href=&quot;https:\/\/feminetas.com\/&quot;&gt;&lt;b&gt;femi\u00f1etas&lt;\/b&gt;&lt;\/a&gt;&lt;span style=&quot;font-weight: 400;&quot;&gt; es una plataforma art\u00edstica, autogestionada y transoce\u00e1nica que crea redes, debates y nuevas narrativas feministas a trav\u00e9s de m\u00faltiples lenguajes: la historieta, la ilustraci\u00f3n, el fanzine, el periodismo gr\u00e1fico, el podcast, la radio y, m\u00e1s recientemente, el festival de arte impreso. &lt;\/span&gt;&lt;span style=&quot;font-weight: 400;&quot;&gt;Nacida en 2018 entre Barcelona (Espa\u00f1a) y Rosario (Argentina), femi\u00f1etas visibiliza la cultura y el trabajo pol\u00edtico de mujeres y disidencias desde una perspectiva de g\u00e9nero, interseccional e intercultural. Es un espacio donde el deseo, la memoria, la denuncia, el humor y la poes\u00eda conviven en vi\u00f1etas. El proyecto lleva 8 a\u00f1os y 14 n\u00fameros editados en papel con m\u00e1s de 350 ilustradorxs, escritorxs y poetas. Producimos ferias, talleres, murales y desde 2025 un festival de arte impreso de mujeres y disidencias que tuvo su primera edici\u00f3n en Barcelona y ahora la segunda edici\u00f3n compartida entre Buenos Aires y Rosario.&lt;\/span&gt;    &lt;span style=&quot;font-weight: 400;&quot;&gt; &lt;\/span&gt;  &lt;h2&gt;TALLERES&lt;\/h2&gt;  &lt;b&gt;Taller de vi\u00f1etismo: Gimnasio mental con Flavita Banana &lt;\/b&gt;  &lt;span style=&quot;font-weight: 400;&quot;&gt;Un breve taller para dibujar sin dudar, exprimiendo nuestra cabeza y sintiendo el peso de la urgencia. Dirigido a quienes ya coquetean con la vi\u00f1eta y no dudan al trazar. No importa tu t\u00e9cnica, solo tu flexibilidad! Un acercamiento a la vi\u00f1eta diaria con ejercicios breves, que analizaremos por encima y luego tiraremos.&lt;\/span&gt;  P\u00fablico:&lt;span style=&quot;font-weight: 400;&quot;&gt; personas con experiencia en ilustraci\u00f3n&lt;\/span&gt;  &lt;b&gt;Viernes 11 de septiembre, de 17 a 19 h, en la Mediateca&lt;\/b&gt;  &lt;span style=&quot;font-weight: 400;&quot;&gt;Gratis. Con &lt;\/span&gt;&lt;a href=&quot;https:\/\/www.rosario.gob.ar\/inicio\/webform\/inscripcion_a_talleres_festival&quot;&gt;&lt;span style=&quot;font-weight: 400;&quot;&gt;inscripci\u00f3n&lt;\/span&gt;&lt;\/a&gt;&lt;span style=&quot;font-weight: 400;&quot;&gt; previa ac\u00e1 y cupos limitados. &lt;\/span&gt;    &lt;b&gt;Cl\u00ednica de autoficci\u00f3n con Jules Mamone\u200b\u200b - Femimutancia&lt;\/b&gt;  &lt;span style=&quot;font-weight: 400;&quot;&gt;Repaso de algunas estrategias y herramientas de gui\u00f3n que podemos utilizar a la hora de pensar una historia de autoficci\u00f3n dentro de las coordenadas de narrativa gr\u00e1fica. &lt;\/span&gt;  P\u00fablico:&lt;span style=&quot;font-weight: 400;&quot;&gt; Dibujantes, guionistas y principiantes que quieran explorar la autoficci\u00f3n dentro del mundo de la narrativa gr\u00e1fica. &lt;\/span&gt;  &lt;b&gt;S\u00e1bado 12 de septiembre, de 11 a 13 h, en la Mediateca&lt;\/b&gt;  &lt;span style=&quot;font-weight: 400;&quot;&gt;Gratis. Con &lt;\/span&gt;&lt;a href=&quot;https:\/\/www.rosario.gob.ar\/inicio\/webform\/inscripcion_a_talleres_festival&quot;&gt;&lt;span style=&quot;font-weight: 400;&quot;&gt;inscripci\u00f3n&lt;\/span&gt;&lt;\/a&gt;&lt;span style=&quot;font-weight: 400;&quot;&gt; previa ac\u00e1 y cupos limitados. &lt;\/span&gt;    &lt;b&gt;Siempre en obra: \u201cEscucha de una ciudad imaginaria\u201d, con Bellina Ilustra y Guada R\u00faas.&lt;\/b&gt;  &lt;span style=&quot;font-weight: 400;&quot;&gt;La ciudad se puede leer. Como un mapa, como una canci\u00f3n, como una textura e incluso como un sue\u00f1o o una pesadilla. En este taller vamos a inspirarnos en lo que nos convoca aquella lectura\/escucha y provocar una lluvia de ideas alrededor de c\u00f3mo las transitamos, para luego volcarla colectivamente en un fanzine experimental con t\u00e9cnicas de tintas y aguadas.&lt;\/span&gt;  P\u00fablico:&lt;span style=&quot;font-weight: 400;&quot;&gt; Cualquier persona interesada en el mundo fanzine y la expresi\u00f3n pl\u00e1stica,  sin necesidad de conocimientos previos.&lt;\/span&gt;  &lt;b&gt;S\u00e1bado 12 de septiembre, de 11 a 13 h, en el T\u00fanel 3&lt;\/b&gt;  &lt;span style=&quot;font-weight: 400;&quot;&gt;Gratis. Con &lt;\/span&gt;&lt;a href=&quot;https:\/\/www.rosario.gob.ar\/inicio\/webform\/inscripcion_a_talleres_festival&quot;&gt;&lt;span style=&quot;font-weight: 400;&quot;&gt;inscripci\u00f3n&lt;\/span&gt;&lt;\/a&gt;&lt;span style=&quot;font-weight: 400;&quot;&gt; previa ac\u00e1 y cupos limitados. &lt;\/span&gt;    &lt;b&gt;Publicaci\u00f3n infinita. &lt;\/b&gt;&lt;b&gt;Laboratorio editorial colectivo y urgente&lt;\/b&gt;  &lt;span style=&quot;font-weight: 400;&quot;&gt;Con Cecilia Garavelli, Valentina Militello, Joaquina Parma y Victoria Perone &lt;\/span&gt;  &lt;span style=&quot;font-weight: 400;&quot;&gt;A partir del peri\u00f3dico Femi\u00f1etas, este laboratorio propone ensayar colectivamente nuevas operaciones editoriales para intervenir nuestro contexto. No trabajaremos sobre la producci\u00f3n de nuevas im\u00e1genes, sino sobre las posibilidades de circulaci\u00f3n de las que ya existen.&lt;\/span&gt;  &lt;span style=&quot;font-weight: 400;&quot;&gt;El recorrido comienza con una pregunta: \u00bfqui\u00e9n necesita encontrarse hoy con esto? A partir de esa hip\u00f3tesis imaginaremos las condiciones que hagan posible ese encuentro.&lt;\/span&gt;  &lt;span style=&quot;font-weight: 400;&quot;&gt;\u00bfInterrumpir, acompa\u00f1ar, convocar, advertir, denunciar, cuidar? \u00bfDurar o insistir? \u00bfSe lleva o se deja? \u00bfSe pega, se reparte, se cuelga, se rompe? &lt;\/span&gt;&lt;span style=&quot;font-weight: 400;&quot;&gt;En este laboratorio entendemos la edici\u00f3n como una pr\u00e1ctica que no separa contenido y forma. Las decisiones sobre soporte, formato, materialidad, escala o circulaci\u00f3n no acompa\u00f1an el sentido: lo construyen. Cada operaci\u00f3n editorial imagina un encuentro posible entre una publicaci\u00f3n y sus lectoras. Y cuando cambian las condiciones de ese encuentro, cambia tambi\u00e9n la publicaci\u00f3n.&lt;\/span&gt;  &lt;span style=&quot;font-weight: 400;&quot;&gt;En un contexto de tiempo acotado, trabajaremos con la l\u00f3gica de la urgencia: leer, discutir, acordar, editar, publicar y generar nuevos discursos para poner en circulaci\u00f3n.&lt;\/span&gt;  &lt;b&gt;Viernes 11 de septiembre, de 17 a 20 h, en el T\u00fanel 3.&lt;\/b&gt;  &lt;span style=&quot;font-weight: 400;&quot;&gt;Gratis. Con &lt;\/span&gt;&lt;a href=&quot;https:\/\/www.rosario.gob.ar\/inicio\/webform\/inscripcion_a_talleres_festival&quot;&gt;&lt;span style=&quot;font-weight: 400;&quot;&gt;inscripci\u00f3n&lt;\/span&gt;&lt;\/a&gt;&lt;span style=&quot;font-weight: 400;&quot;&gt; previa ac\u00e1 y cupos limitados. &lt;\/span&gt;    &lt;b&gt;Taller para infancias de creaci\u00f3n de personajes fant\u00e1sticos. Con Esdian y Bellina Ilustra&lt;\/b&gt;  Esdian y Bellina invitan a crear personajes disparatados, inspirados en el cuento \u201cLa Gulicondesa\u201d de Maia Morosano.  S\u00e1bado 12 de septiembre, de 15 a 17 h, en la Mediateca  P\u00fablico: participantes de 5 a 9 a\u00f1os  &lt;span style=&quot;font-weight: 400;&quot;&gt;Gratis. Con &lt;\/span&gt;&lt;a href=&quot;https:\/\/www.rosario.gob.ar\/inicio\/webform\/inscripcion_a_talleres_festival&quot;&gt;&lt;span style=&quot;font-weight: 400;&quot;&gt;inscripci\u00f3n&lt;\/span&gt;&lt;\/a&gt;&lt;span style=&quot;font-weight: 400;&quot;&gt; previa ac\u00e1 y cupos limitados. &lt;\/span&gt;    &nbsp;  &lt;h2&gt;ACTIVIDADES&lt;\/h2&gt;  &nbsp;    &lt;b&gt;Feria de autoedici\u00f3n y arte impreso&lt;\/b&gt;  &lt;span style=&quot;font-weight: 400;&quot;&gt;S\u00e1bado 12, de 15 a 21 hs, en el Patio de los Cipreses&lt;\/span&gt;  &lt;span style=&quot;font-weight: 400;&quot;&gt;Una tarde de feria de mujeres y disidencias de ilustradoras y proyectos locales y algunas invitadas especiales de otras ciudades del pa\u00eds.&lt;\/span&gt;  &lt;span style=&quot;font-weight: 400;&quot;&gt;Inscripci\u00f3n para participar en la feria &lt;\/span&gt;&lt;a href=&quot;https:\/\/docs.google.com\/forms\/d\/e\/1FAIpQLScUndHXaW929Nj9GRiBUEs3mdg26xB3m02F9Fqm_DtBo3x_pQ\/viewform?usp=publish-editor&quot;&gt;&lt;span style=&quot;font-weight: 400;&quot;&gt;aqu\u00ed&lt;\/span&gt;&lt;span style=&quot;font-weight: 400;&quot;&gt;.&lt;\/span&gt;&lt;\/a&gt;  &lt;span style=&quot;font-weight: 400;&quot;&gt;Convocatoria abierta hasta el 4 de septiembre.&lt;\/span&gt;    &lt;b&gt;Tertulia gr\u00e1fica: Plenaria transfeminista de narrativa gr\u00e1fica&lt;\/b&gt;  &lt;span style=&quot;font-weight: 400;&quot;&gt;S\u00e1bado 12, a las 17 hs, en el T\u00fanel 4&lt;\/span&gt;  &lt;span style=&quot;font-weight: 400;&quot;&gt;\u00bfQu\u00e9 modelos de gesti\u00f3n y sostenibilidad existen para espacios y proyectos interdependientes, transfeministas y antirracistas? \u00bfQu\u00e9 desaf\u00edos implica sostener proyectos culturales autogestionados hoy? \u00bfC\u00f3mo se entrelazan arte, pol\u00edtica y comunidad?&lt;\/span&gt;  &lt;span style=&quot;font-weight: 400;&quot;&gt;Existen, primero, unas chispas:  deseos de hacer, de construir, de resistir. Y existe una historia de urdimbres que colectivizan esas chispas: encuentros, asambleas, festivales, fiestas para romper aislamientos que esta coyuntura de despojo nos impone. &lt;\/span&gt;  &lt;span style=&quot;font-weight: 400;&quot;&gt;Participan: Feminismo gr\u00e1fico (Jules Mamone y Diego Rey), Colectivo 8M Gr\u00e1fico, Club del dibujo (Victoria Pintos Ettlin, Julieta Gutnisky y Melisa Freytes de C\u00f3rdoba), Aguar\u00e1 Editorial (Sabrina Gullino).&lt;\/span&gt;  &lt;span style=&quot;font-weight: 400;&quot;&gt;Modera: Jules Mamone.&lt;\/span&gt;    &lt;b&gt;Conversatorio. Humor gr\u00e1fico feminista: Flavita Banana y Maitena  &lt;\/b&gt;  &lt;span style=&quot;font-weight: 400;&quot;&gt;S\u00e1bado 12, a las 19 hs, en el T\u00fanel 4&lt;\/span&gt;  &lt;span style=&quot;font-weight: 400;&quot;&gt;Una charla  que propone un cruce entre humor, ilustraci\u00f3n y feminismo, con dos autoras que han sabido transformar la iron\u00eda, la rabia y la ternura en herramientas de cr\u00edtica social. El objetivo es reflexionar \u2014desde sus trayectorias y miradas \u00fanicas\u2014 sobre c\u00f3mo el humor gr\u00e1fico puede visibilizar violencias, incomodidades cotidianas, contradicciones del sistema patriarcal y tambi\u00e9n los placeres de la vida y las resistencias colectivas y territoriales. &lt;\/span&gt;  &lt;span style=&quot;font-weight: 400;&quot;&gt;Modera: Virginia Giacosa&lt;\/span&gt;    &nbsp;  &lt;h2&gt;PARTICIPANTES&lt;\/h2&gt;  &nbsp;    &lt;b&gt;Bellina Ilustra &lt;\/b&gt;&lt;span style=&quot;font-weight: 400;&quot;&gt;naci\u00f3 en la Ciudad de Buenos Aires en 1989. Se form\u00f3, en paralelo, como editora (Facultad de Filosof\u00eda y Letras de la UBA) y como ilustradora (Escuela de Arte S\u00f3tano Blanco). Hace diez a\u00f1os se dedica a hacer libros libros ilustrados; participa en el dise\u00f1o editorial, como ilustradora y en ocasiones como editora de proyectos. &lt;\/span&gt;    &nbsp;    &lt;b&gt;Cecilia Garavelli&lt;\/b&gt;&lt;span style=&quot;font-weight: 400;&quot;&gt; es Licenciada en Dise\u00f1o de Comunicaci\u00f3n Visual (FAPyD-UNR), docente y editora. Su trabajo se desarrolla en el cruce entre dise\u00f1o editorial, pr\u00e1cticas culturales y producci\u00f3n gr\u00e1fica independiente.&lt;\/span&gt;    &lt;span style=&quot;font-weight: 400;&quot;&gt;Desde hace veinte a\u00f1os trabaja en proyectos vinculados al arte, la memoria y la cultura contempor\u00e1nea junto a instituciones p\u00fablicas, editoriales y espacios culturales de Rosario. Ha desarrollado publicaciones, identidades visuales, exposiciones y piezas editoriales para la Municipalidad de Rosario, el Museo de la Memoria, el Museo Castagnino+macro, el Centro Audiovisual Rosario, UNR Editora y diversos proyectos art\u00edsticos y autogestivos.&lt;\/span&gt;    &lt;span style=&quot;font-weight: 400;&quot;&gt;Actualmente es profesora adjunta de Tipograf\u00eda I, II y III y de Dise\u00f1o Editorial en la Licenciatura en Dise\u00f1o Gr\u00e1fico de la FAPyD-UNR. Adem\u00e1s, investiga sobre archivo, editorialidad y arte contempor\u00e1neo en el marco de la Maestr\u00eda en Medios Editoriales Digitales y Anal\u00f3gicos de la Universidad Nacional del Litoral. Vive y trabaja en Rosario.&lt;\/span&gt;    &nbsp;    &lt;b&gt;El Club de Dibujo&lt;\/b&gt;&lt;span style=&quot;font-weight: 400;&quot;&gt; re\u00fane a ilustradoras de C\u00f3rdoba en un espacio de encuentro, aprendizaje y colaboraci\u00f3n. A trav\u00e9s del apoyo mutuo fortalecemos proyectos individuales y colectivos, generando redes para compartir oportunidades, ferias y experiencias.&lt;\/span&gt;    &nbsp;    &lt;strong&gt;Esdian Boyadjian&lt;\/strong&gt; es Profesora de Educaci\u00f3n Primaria, Especialista en Alfabetizaci\u00f3n para la Inclusi\u00f3n (CePA) y en Escritura y Alfabetizaci\u00f3n por la Universidad Nacional de La Plata. Curs\u00f3 la Capacitaci\u00f3n Universitaria Extracurricular en Edici\u00f3n de Libros de Literatura Infantil y Juvenil en la Facultad de Filosof\u00eda y Letras de la UBA.    En el campo editorial, escribe y publica fanzines, colabora como autora en el magazine brit\u00e1nico La Tundra Revista y en el peri\u00f3dico transoce\u00e1nico femi\u00f1etas. Escribi\u00f3 para infancias en la revista de divulgaci\u00f3n cient\u00edfica Intr\u00e9pidas y es autora de los calendarios Cr\u00f3nicas Meteorol\u00f3gicas y Un mapa del fin del mundo, junto a Maximiliano Amici, y A\u00f1o del Drag\u00f3n de Madera, publicados por Ediciones Hora M\u00e1gica. En el 2025, public\u00f3 su primera historieta infantil, Filomena y Clotilde, junto a la ilustradora Luc\u00eda Ruiz (@lipawalk), con la editorial Muchas Nueces.    &nbsp;    &lt;b&gt;Flavita Banana  &lt;\/b&gt;&lt;span style=&quot;font-weight: 400;&quot;&gt;(Flavia \u00c1lvarez-Pedrosa Pruvost) naci\u00f3 en Oviedo en 1987. Asturiana por accidente y barcelonesa por convicci\u00f3n, estudi\u00f3 Artes y Dise\u00f1o y el ciclo de Ilustraci\u00f3n, ambos en la Escola Massana de Barcelona, haciendo malabarismos con todos los trabajos imaginables. A los 26 a\u00f1os y tras rendirse con cualquier otro estilo, empez\u00f3 a dibujar vi\u00f1etas de humor, con una l\u00ednea sencilla y el humor de quien ya no espera nada. A los 29 pudo dejar la vida de oficina gracias a colaboraciones en S Moda, Orgullo y Satisfacci\u00f3n, Revista Mongolia y El Pa\u00eds. Desde 2021 publica los d\u00edas alternos (d\u00eda s\u00ed d\u00eda no) en El Pa\u00eds. En 2018 recibi\u00f3 el premio Gat Perich de humor gr\u00e1fico, en 2021 el premio Graffica y en 2023 los premios Elgar y Mingote. Su trabajo ha sido descrito como humor triste, una mezcla de costumbrismo y absurdidad.&lt;\/span&gt;    &nbsp;    &lt;b&gt;Guada R\u00faas&lt;\/b&gt;&lt;span style=&quot;font-weight: 400;&quot;&gt; es artista visual, ilustradora y docente nacida en Rosario, Santa Fe, en 1990. Se form\u00f3 en la Escuela de Bellas Artes en la Universidad Nacional de Rosario. Actualmente se dedica a dar talleres de dibujo.&lt;\/span&gt;    &nbsp;    &lt;b&gt;Joaquina Parma Leiva&lt;\/b&gt;&lt;span style=&quot;font-weight: 400;&quot;&gt; es Licenciada en Dise\u00f1o de Comunicaci\u00f3n Visual (FAPyD-UNR). Desde 2009 se desempe\u00f1a como dise\u00f1adora independiente, desarrollando proyectos editoriales y trabajos que vinculan el campo cultural y art\u00edstico con el dise\u00f1o, el pensamiento contempor\u00e1neo y las pr\u00e1cticas colectivas.&lt;\/span&gt;    &lt;span style=&quot;font-weight: 400;&quot;&gt;Ha dise\u00f1ado libros de diversa \u00edndole \u2014de artistas como Andrea Ostera, Norberto Puzzolo y Juan Grela\u2014 y obras de investigaci\u00f3n sobre arte, cultura e historia. Asimismo, realiz\u00f3 publicaciones peri\u00f3dicas para la editorial Tinta Lim\u00f3n, la editorial de la Universidad Nacional de Rosario, Museo Castagnino+macro y diversas piezas para el Museo Hist\u00f3rico Provincial \u201cDr. Julio Marc\u201d, entre otras instituciones.&lt;\/span&gt;    &lt;span style=&quot;font-weight: 400;&quot;&gt;Es profesora titular de Tipograf\u00eda I, II y III y de Dise\u00f1o Editorial en la Licenciatura en Dise\u00f1o Gr\u00e1fico (FAPyD UNR). Vive y trabaja en Rosario.&lt;\/span&gt;    &nbsp;    &lt;b&gt;Jules Mamone &lt;\/b&gt;&lt;span style=&quot;font-weight: 400;&quot;&gt;es dibujante no binarie principalmente de historietas. Particip\u00f3 en diferentes fanzines y publicaciones desde el 2017, como Cl\u00edtoris, Poder Trans, Antolog\u00eda LGTBI, Pibas, Superbollo, Strapazin, Kus! Queer Power, Documenta Fifteen, etc. Autora de las novelas gr\u00e1ficas: Alien\u00edgena, Piedra Bruja, Banzai, La madriguera (Premio Trillo en la categor\u00eda Mejor Obra para P\u00fablico Adulto) y Sangre Vampire (2026). Ganador del Premio PROA \u201cTodos los tiempos el tiempo\u201d y el concurso SOMOS entre otros. Actualmente trabaja como portadista para diferentes series regulares en el mercado estadounidense y en su \u00faltima novela gr\u00e1fica.&lt;\/span&gt;    &nbsp;    &lt;b&gt;Julieta Gutnisky&lt;\/b&gt;&lt;span style=&quot;font-weight: 400;&quot;&gt; es dise\u00f1adora gr\u00e1fica e ilustradora de C\u00f3rdoba Capital. Estudi\u00f3 en la UES21, se especializ\u00f3 en Ilustraci\u00f3n Creativa y T\u00e9cnicas de Comunicaci\u00f3n Visual en EINA (Barcelona) e hizo una residencia en Ilustraci\u00f3n en SVA (NY). Tiene un estudio de dise\u00f1o, Aguantadero de Ideas y cada vez que puede dibuja, hace c\u00f3mics y fanzines autobiogr\u00e1ficos y sobre sus t\u00f3picos de inter\u00e9s: feminismo, m\u00fasica, arte y cultura pop en general. &lt;\/span&gt;    &nbsp;    &lt;b&gt;Maitena &lt;\/b&gt;&lt;span style=&quot;font-weight: 400;&quot;&gt;comenz\u00f3 dibujando manuales escolares e historietas er\u00f3ticas nocturnas para revistas de Argentina, Francia y Espa\u00f1a (Sex Humor, Fierro, Makoki). En 1992 cre\u00f3 la ic\u00f3nica serie Mujeres alteradas en la revista Para Ti, abordando con humor implacable los mandatos sociales, la pareja y la corporalidad. Mujeres alteradas se public\u00f3 en El Pa\u00eds de Espa\u00f1a llegando a un reconocimiento internacional y sus recopilatorios se convirtieron en bestsellers traducidos a m\u00e1s de 15 idiomas. &lt;\/span&gt;    &lt;span style=&quot;font-weight: 400;&quot;&gt;En 1998 inici\u00f3 la tira diaria Mujeres superadas en La Naci\u00f3n, retratando las contradicciones cotidianas hasta 2003, cuando lanz\u00f3 Curvas peligrosas en el suplemento dominical de La Naci\u00f3n. Luego de una pausa de m\u00e1s de 15 a\u00f1os, entre 2024 y mediados de 2026 public\u00f3 la tira diaria &quot;Actualizadas\u201d en Clar\u00edn, centrada en debates y preocupaciones contempor\u00e1neas. Fue galardonada con el Premio Iberoamericano de Humor Gr\u00e1fico Quevedos 2025 en Alcal\u00e1 de Henares, Espa\u00f1a.&lt;\/span&gt;    &nbsp;    &lt;b&gt;Melisa Freytes (Meli Pagana) &lt;\/b&gt;&lt;span style=&quot;font-weight: 400;&quot;&gt;estudi\u00f3 Licenciatura en arte y gesti\u00f3n cultural. Se especializa en ilustraci\u00f3n y tambi\u00e9n es profesora de arte. Como ilustradora ha colaborado con editoriales locales y, a su vez, impulsando sus proyectos independientes sobre diversas tem\u00e1ticas e imaginarios.&lt;\/span&gt;    &nbsp;    &lt;b&gt;Valentina Militello&lt;\/b&gt;&lt;span style=&quot;font-weight: 400;&quot;&gt; es Licenciada en Dise\u00f1o de Comunicaci\u00f3n Visual (FAPyD-UNR). Desde hace veinte a\u00f1os trabaja de manera independiente en proyectos vinculados a la Memoria y los Derechos Humanos, la cultura y el arte gr\u00e1fico. Dise\u00f1\u00f3 libros para el Museo de la Memoria, la Editorial Biblioteca de la Biblioteca Vigil y la Editorial infantil Libros Silvestres. Actualmente es profesora adjunta de Tipograf\u00eda I, y JTP de Dise\u00f1o Editorial en la Licenciatura en Dise\u00f1o Gr\u00e1fico de la FAPyD-UNR.&lt;\/span&gt;    &nbsp;    &lt;b&gt;Victoria Perone&lt;\/b&gt;&lt;span style=&quot;font-weight: 400;&quot;&gt; es Licenciada en Dise\u00f1o de Comunicaci\u00f3n Visual (FAPyD-UNR) y maestranda en Dise\u00f1o de Medios Anal\u00f3gicos y Digitales (UNL). Desde 2013 se desempe\u00f1a como dise\u00f1adora independiente, trabaj\u00f3 en revistas y en un peri\u00f3dico. Actualmente trabaja en dise\u00f1o de se\u00f1al\u00e9tica y es docente adjunta de Tipograf\u00eda I y JTP en Tipograf\u00eda III y Taller de Dise\u00f1o II en la Licenciatura en Dise\u00f1o Gr\u00e1fico (FAPyD UNR). Vive y trabaja en Rosario.&lt;\/span&gt;    &nbsp;    &lt;b&gt;Victoria Pintos Ettlin es &lt;\/b&gt;&lt;span style=&quot;font-weight: 400;&quot;&gt;dise\u00f1adora web e Ilustradora freelance. Oriunda de Villa del Rosario, C\u00f3rdoba, se recibi\u00f3 de Arquitecta y se dedic\u00f3 siempre a la Ilustraci\u00f3n y el dise\u00f1o web. Da asesor\u00edas a artistas para que puedan vivir de su arte y es docente en talleres de Ilustraci\u00f3n. Personalmente, es fan de los libros-\u00e1lbum y de las ilustraciones coloridas con t\u00e9cnicas mixtas. &lt;\/span&gt;    &nbsp;    &lt;em&gt;Ilustraci\u00f3n de portada: Alba Feito&lt;\/em&gt;    &nbsp;    &lt;i&gt;Si necesit\u00e1s asistencia personalizada para inscribirte o asistir, pod\u00e9s comunicarte a &lt;\/i&gt;&lt;a href=&quot;mailto:info@ccpe.org.ar&quot;&gt;&lt;i&gt;info@ccpe.org.ar&lt;\/i&gt;&lt;\/a&gt;&lt;i&gt; o consultar nuestra &lt;\/i&gt;&lt;a href=&quot;https:\/\/ccpe.org.ar\/web\/accesibilidad\/&quot;&gt;&lt;i&gt;secci\u00f3n de accesibilidad.&lt;\/i&gt;&lt;\/a&gt;    &lt;b&gt;Con el apoyo de la Cooperaci\u00f3n Cultural Espa\u00f1ola (AECID)&lt;\/b&gt;    &lt;img class=&quot;alignnone size-full wp-image-7670&quot; src=&quot;https:\/\/ccpe.org.ar\/web\/wp-content\/uploads\/2025\/11\/logo-cooperacion-baja.jpg&quot; alt=&quot;&quot; width=&quot;790&quot; height=&quot;121&quot; \/&gt;\",\r\n            \"image\": \"https:\/\/ccpe.org.ar\/web\/wp-content\/uploads\/2026\/08\/b_feminetas.jpg\",\r\n            \"name\": \"femi\u00f1etas, como un r\u00edo\",\r\n            \"url\": \"https:\/\/ccpe.org.ar\/web\/actividades\/feminetas-como-un-rio\/\"\r\n        }\r\n        <\/script>\r\n        <article data-style=\"\" class=\" mec-event-article mec-clear \" itemscope>\n        \n            <div class=\"mec-event-image\"><a data-event-id=\"8043\" href=\"https:\/\/ccpe.org.ar\/web\/actividades\/feminetas-como-un-rio\/\"><img loading=\"lazy\" decoding=\"async\" width=\"980\" height=\"544\" src=\"https:\/\/ccpe.org.ar\/web\/wp-content\/uploads\/2026\/08\/b_feminetas.jpg\" class=\"attachment-full size-full wp-post-image\" alt=\"\" data-mec-postid=\"8043\" srcset=\"https:\/\/ccpe.org.ar\/web\/wp-content\/uploads\/2026\/08\/b_feminetas.jpg 980w, https:\/\/ccpe.org.ar\/web\/wp-content\/uploads\/2026\/08\/b_feminetas-480x266.jpg 480w\" sizes=\"(min-width: 0px) and (max-width: 480px) 480px, (min-width: 481px) 980px, 100vw\" \/><\/a>\n                <!--div class=\"ods-container\">\n                                    <\/div-->\n            <\/div>\n\n            \n            <div class=\"mec-event-content\">\n\n                \n                    <div class=\"mec-event-date mec-bg-color\">\n\n                        <span class=\"mec-start-date-label\" itemprop=\"startDate\">Vie 11\/09<\/span><span class=\"mec-end-date-label\" itemprop=\"endDate\"> - S\u00e1b 12\/09<\/span>\n                        \n                        \n                    <\/div>\n\n                \n                \n                \n                <h4 class=\"mec-event-title\">\n\n                    <!-- agregado-->\n\n                    <span style=\"text-transform:none; font-weight:500; font-size: 16px;\">\n\n                        Festival de arte impreso y autoedici\u00f3n<\/span><br>\n\n                    <!-- fin agregado-->\n\n                    <a class=\"mec-color-hover\" data-event-id=\"8043\" href=\"https:\/\/ccpe.org.ar\/web\/actividades\/feminetas-como-un-rio\/\">femi\u00f1etas, como un r\u00edo<\/a><span class=\"event-color\" style=\"background: #fdd700\"><\/span><\/h4>\n\n                 <!-- agregado-->   \n\n                <p class='bajada'>Mujeres y disidencias de Argentina \/ Espa\u00f1a\r\n<\/p>\n                <p><\/p>\n\n\n\n                <!--fin agregado-->\n\n                \n\n                \n            <\/div>\n\n            <div class=\"mec-event-footer\">\n\n                \n                \n                <!-- agregado modificado-->\n\n               <a class=\"mec-booking-button\" data-event-id=\"8043\" href=\"https:\/\/ccpe.org.ar\/web\/actividades\/feminetas-como-un-rio\/\" target=\"_self\">+ INFO<\/a>\n\n               <!-- fin agregado nodificado-->\n\n            <\/div>\n\n        <\/article><\/div>\n        \n        <div class=\"col-md-6 col-sm-6\">        <script type=\"application\/ld+json\">\r\n        {\r\n            \"@context\": \"http:\/\/schema.org\",\r\n            \"@type\": \"Event\",\r\n            \"eventStatus\": \"https:\/\/schema.org\/EventScheduled\",\r\n            \"startDate\": \"2026-09-26\",\r\n            \"endDate\": \"2026-09-26\",\r\n            \"eventAttendanceMode\": \"https:\/\/schema.org\/OfflineEventAttendanceMode\",\r\n            \"location\":\r\n            {\r\n                \"@type\": \"Place\",\r\n                                \"name\": \"\",\r\n                \"image\": \"\",\r\n                \"address\": \"\"\r\n                            },\r\n            \"organizer\":\r\n            {\r\n                \"@type\": \"Person\",\r\n                \"name\": \"\",\r\n                \"url\": \"\"\r\n            },\r\n            \"offers\":\r\n            {\r\n                \"url\": \"https:\/\/ccpe.org.ar\/web\/actividades\/mati-y-pablito\/\",\r\n                \"price\": \"\",\r\n                \"priceCurrency\": \"ARS\",\r\n                \"availability\": \"https:\/\/schema.org\/InStock\",\r\n                \"validFrom\": \"2026-09-26T00:00\"\r\n            },\r\n            \"performer\": \"\",\r\n            \"description\": \"&lt;span style=&quot;font-weight: 400;&quot;&gt;El Centro Cultural Parque de Espa\u00f1a presenta la edici\u00f3n 2026 del ciclo de artes esc\u00e9nicas &lt;\/span&gt;&lt;i&gt;&lt;span style=&quot;font-weight: 400;&quot;&gt;Un pasaje hasta aqu\u00ed&lt;\/span&gt;&lt;\/i&gt;&lt;span style=&quot;font-weight: 400;&quot;&gt; que surge a partir de una convocatoria en la que se presentaron m\u00e1s de 250 proyectos provenientes de las provincias de C\u00f3rdoba, Entre R\u00edos, Buenos Aires y Santa Fe. &lt;\/span&gt;    &lt;b&gt;Mati y Pablito - Sinopsis&lt;\/b&gt;  &lt;span style=&quot;font-weight: 400;&quot;&gt;Mati y Pablito es la segunda obra perform\u00e1tica de la trilog\u00eda Estertor. La obra narra una historia de amor, que son muchas, como un intento constante para indagar c\u00f3mo percibimos el amor en nuestra era. Esta pieza perform\u00e1tica aborda la historia de dos personajes que fueron amigos de toda la vida, sin embargo un encuentro en su temprana adultez los lleva al l\u00edmite de lo que conoc\u00edan de ellos mismos, de su v\u00ednculo.&lt;\/span&gt;  &lt;span style=&quot;font-weight: 400;&quot;&gt;Mati y Pablito es una declaraci\u00f3n de amor a viva voz, a los gritos. &lt;\/span&gt;&lt;span style=&quot;font-weight: 400;&quot;&gt;Inspirados en los textos de Mariano Blatt,&lt;\/span&gt;&lt;b&gt; Mati y Pablito&lt;\/b&gt;&lt;span style=&quot;font-weight: 400;&quot;&gt; es una obra que comienza su b\u00fasqueda a partir de las clases de actuaci\u00f3n y creaci\u00f3n de Juan Coulasso. &lt;\/span&gt;  &lt;span style=&quot;font-weight: 400;&quot;&gt;En mi ciudad natal, en el conurbano profundo de la provincia de Buenos Aires, la exploraci\u00f3n de la sexualidad en la adolescencia es casi exclusiva de las mujeres. Los varones encuentran su lugar de pertenencia entre los golpes y la aceptaci\u00f3n. Ser \u201cputo\u201d es un insulto, y por eso, encajar implica adecuarse a esas normas sociales r\u00edgidas y heteronormadas. En ese contexto, salirse de lo impuesto requiere de mucho coraje, es por esto que asumir ser disidente llega con el encuentro de una nueva ciudad y la universidad. La adultez temprana en los varones puede enfrentarlos a la propia existencia, a la b\u00fasqueda de su propio deseo. Mati y Pablito son dos pibitos, que se conocieron en el barro y en las placitas del barrio, son dos pibitos que compartieron porro, \u00e9xtasis, alcohol y que jugaron entre golpes y tracci\u00f3n pero que se acompa\u00f1aron cuando todo parec\u00eda pudrirse. &lt;\/span&gt;&lt;span style=&quot;font-weight: 400;&quot;&gt;Ahora se encuentran en una fiesta y, por primera vez, son libres; ese encuentro de juventud -que tiene aires de grandeza- los enfrenta en una noche que quisieran que no terminase nunca.&lt;\/span&gt;    &lt;b&gt;S\u00e1bado 26 de septiembre, 20.30 h. en el Teatro del CCPE (Sarmiento y el r\u00edo). Entrada gratis. Retiro el d\u00eda de la funci\u00f3n, desde las 15 h (dos por persona).&lt;\/b&gt;    &lt;b&gt;Ficha t\u00e9cnica:&lt;\/b&gt;  &lt;span style=&quot;font-weight: 400;&quot;&gt;Actores: Pablo Racciatti y Mat\u00edas Marta&lt;\/span&gt;  &lt;span style=&quot;font-weight: 400;&quot;&gt;Dramaturgia: Pablo Racciatti, Andi Bernay, Mat\u00edas Marta y Micaela Irina Zaninovich&lt;\/span&gt;  &lt;span style=&quot;font-weight: 400;&quot;&gt;M\u00fasica en vivo: Nadia G\u00f3mez&lt;\/span&gt;  &lt;span style=&quot;font-weight: 400;&quot;&gt;Dise\u00f1o de iluminaci\u00f3n: Julian Ekar&lt;\/span&gt;  &lt;span style=&quot;font-weight: 400;&quot;&gt;Arte y vestuario: Agust\u00edn Cibeira&lt;\/span&gt;  &lt;span style=&quot;font-weight: 400;&quot;&gt;Fotograf\u00eda: Andr\u00e9s Wittib&lt;\/span&gt;  &lt;span style=&quot;font-weight: 400;&quot;&gt;Asesoramiento vocal 2024: Mery Caparr\u00f3s&lt;\/span&gt;  &lt;span style=&quot;font-weight: 400;&quot;&gt;Asistencia de direcci\u00f3n: Candela Somoza&lt;\/span&gt;  &lt;span style=&quot;font-weight: 400;&quot;&gt;Producci\u00f3n ejecutiva: Cata Camjayi, Mery Caparr\u00f3s y Micaela Irina Zaninovich&lt;\/span&gt;  &lt;span style=&quot;font-weight: 400;&quot;&gt;Producci\u00f3n general: Coop. M\u00e1quina de efectos ltda. en coproducci\u00f3n con Fundaci\u00f3n Cazadores y Yegua producciones.&lt;\/span&gt;  &lt;span style=&quot;font-weight: 400;&quot;&gt;Direcci\u00f3n coreogr\u00e1fica: Guadalupe Cacharo&lt;\/span&gt;  &lt;span style=&quot;font-weight: 400;&quot;&gt;Direcci\u00f3n y puesta en escena: Micaela Irina Zaninovich&lt;\/span&gt;    &lt;span style=&quot;font-weight: 400;&quot;&gt;Duraci\u00f3n de la obra: 60 minutos&lt;\/span&gt;  &lt;span style=&quot;font-weight: 400;&quot;&gt;Apta para mayores de 10 a\u00f1os.&lt;\/span&gt;    &nbsp;    &lt;i&gt;&lt;span style=&quot;font-weight: 400;&quot;&gt;Si necesit\u00e1s asistencia personalizada para inscribirte o asistir, pod\u00e9s comunicarte a &lt;\/span&gt;&lt;\/i&gt;&lt;a href=&quot;mailto:info@ccpe.org.ar&quot;&gt;&lt;i&gt;&lt;span style=&quot;font-weight: 400;&quot;&gt;info@ccpe.org.ar&lt;\/span&gt;&lt;\/i&gt;&lt;\/a&gt;&lt;i&gt;&lt;span style=&quot;font-weight: 400;&quot;&gt; o consultar nuestra &lt;\/span&gt;&lt;\/i&gt;&lt;a href=&quot;https:\/\/ccpe.org.ar\/web\/accesibilidad\/&quot;&gt;&lt;i&gt;&lt;span style=&quot;font-weight: 400;&quot;&gt;secci\u00f3n de accesibilidad.&lt;\/span&gt;&lt;\/i&gt;&lt;\/a&gt;    &lt;b&gt;Con el apoyo de la Cooperaci\u00f3n Cultural Espa\u00f1ola (AECID)&lt;\/b&gt;    &lt;img class=&quot;alignnone size-full wp-image-7670&quot; src=&quot;https:\/\/ccpe.org.ar\/web\/wp-content\/uploads\/2025\/11\/logo-cooperacion-baja.jpg&quot; alt=&quot;&quot; width=&quot;790&quot; height=&quot;121&quot; \/&gt;\",\r\n            \"image\": \"https:\/\/ccpe.org.ar\/web\/wp-content\/uploads\/2026\/05\/b_mati.jpg\",\r\n            \"name\": \"Mati y Pablito\",\r\n            \"url\": \"https:\/\/ccpe.org.ar\/web\/actividades\/mati-y-pablito\/\"\r\n        }\r\n        <\/script>\r\n        <article data-style=\"\" class=\" mec-event-article mec-clear \" itemscope>\n        \n            <div class=\"mec-event-image\"><a data-event-id=\"7915\" href=\"https:\/\/ccpe.org.ar\/web\/actividades\/mati-y-pablito\/\"><img loading=\"lazy\" decoding=\"async\" width=\"980\" height=\"544\" src=\"https:\/\/ccpe.org.ar\/web\/wp-content\/uploads\/2026\/05\/b_mati.jpg\" class=\"attachment-full size-full wp-post-image\" alt=\"\" data-mec-postid=\"7915\" srcset=\"https:\/\/ccpe.org.ar\/web\/wp-content\/uploads\/2026\/05\/b_mati.jpg 980w, https:\/\/ccpe.org.ar\/web\/wp-content\/uploads\/2026\/05\/b_mati-480x266.jpg 480w\" sizes=\"(min-width: 0px) and (max-width: 480px) 480px, (min-width: 481px) 980px, 100vw\" \/><\/a>\n                <!--div class=\"ods-container\">\n                                    <\/div-->\n            <\/div>\n\n            \n            <div class=\"mec-event-content\">\n\n                \n                    <div class=\"mec-event-date mec-bg-color\">\n\n                        <span class=\"mec-start-date-label\" itemprop=\"startDate\">S\u00e1b 26\/09<\/span>\n                        \n                        \n                    <\/div>\n\n                \n                \n                \n                <h4 class=\"mec-event-title\">\n\n                    <!-- agregado-->\n\n                    <span style=\"text-transform:none; font-weight:500; font-size: 16px;\">\n\n                        Un pasaje hasta aqu\u00ed<\/span><br>\n\n                    <!-- fin agregado-->\n\n                    <a class=\"mec-color-hover\" data-event-id=\"7915\" href=\"https:\/\/ccpe.org.ar\/web\/actividades\/mati-y-pablito\/\">Mati y Pablito<\/a><span class=\"event-color\" style=\"background: #fdd700\"><\/span><\/h4>\n\n                 <!-- agregado-->   \n\n                <p class='bajada'>Dramaturgia y direcci\u00f3n: Micaela Irina Zaninovich. Act\u00faan: Pablo Racciatti y Mat\u00edas Rafael Marta. <\/p>\n                <p><\/p>\n\n\n\n                <!--fin agregado-->\n\n                \n\n                \n            <\/div>\n\n            <div class=\"mec-event-footer\">\n\n                \n                \n                <!-- agregado modificado-->\n\n               <a class=\"mec-booking-button\" data-event-id=\"7915\" href=\"https:\/\/ccpe.org.ar\/web\/actividades\/mati-y-pablito\/\" target=\"_self\">+ INFO<\/a>\n\n               <!-- fin agregado nodificado-->\n\n            <\/div>\n\n        <\/article><\/div><\/div>\n        \n        <div class=\"row\"><div class=\"col-md-6 col-sm-6\">        <script type=\"application\/ld+json\">\r\n        {\r\n            \"@context\": \"http:\/\/schema.org\",\r\n            \"@type\": \"Event\",\r\n            \"eventStatus\": \"https:\/\/schema.org\/EventScheduled\",\r\n            \"startDate\": \"2026-10-09\",\r\n            \"endDate\": \"2026-10-09\",\r\n            \"eventAttendanceMode\": \"https:\/\/schema.org\/OfflineEventAttendanceMode\",\r\n            \"location\":\r\n            {\r\n                \"@type\": \"Place\",\r\n                                \"name\": \"\",\r\n                \"image\": \"\",\r\n                \"address\": \"\"\r\n                            },\r\n            \"organizer\":\r\n            {\r\n                \"@type\": \"Person\",\r\n                \"name\": \"\",\r\n                \"url\": \"\"\r\n            },\r\n            \"offers\":\r\n            {\r\n                \"url\": \"https:\/\/ccpe.org.ar\/web\/actividades\/mi-vida-anterior\/\",\r\n                \"price\": \"\",\r\n                \"priceCurrency\": \"ARS\",\r\n                \"availability\": \"https:\/\/schema.org\/InStock\",\r\n                \"validFrom\": \"2026-10-09T00:00\"\r\n            },\r\n            \"performer\": \"\",\r\n            \"description\": \"&lt;span style=&quot;font-weight: 400;&quot;&gt;El Centro Cultural Parque de Espa\u00f1a y Pulpo producciones presentan &lt;\/span&gt;&lt;b&gt;Mi vida anterior,&lt;\/b&gt;&lt;span style=&quot;font-weight: 400;&quot;&gt; la obra de Dennis Smith basada en la historia real del libro \u201cDesaparecida dos veces\u201d escrito por Teresa Donato (Seix Barral, diciembre 2025).&lt;\/span&gt;    &lt;b&gt;Viernes 9 de octubre, a las 21 en el Teatro del CCPE (Sarmiento y el r\u00edo).&lt;\/b&gt;    &lt;span style=&quot;font-weight: 400;&quot;&gt;Entrada preventa: $35.500 (incluye costo de emisi\u00f3n) a la venta en www.1000tickets.com.ar y en el CCPE: de lunes a viernes de 9 a 15 (administraci\u00f3n); jueves, viernes y s\u00e1bados, de 15 a 19 (Galer\u00edas). Tambi\u00e9n una hora antes del espect\u00e1culo. Sin ubicaci\u00f3n.  &lt;\/span&gt;  &lt;span style=&quot;font-weight: 400;&quot;&gt;Promociones: 20% de descuento para socios del Club de Beneficios La Capital.&lt;\/span&gt;    &lt;span style=&quot;font-weight: 400;&quot;&gt;Mi mam\u00e1. Guerrillera. Desaparecida. Sobreviviente. \u00bfTraidora o v\u00edctima?&lt;\/span&gt;    &lt;b&gt;Sinopsis&lt;\/b&gt;  Mi mam\u00e1 tiene 24 a\u00f1os, es oficial guerrillera, y pasa a la clandestinidad conmigo que soy un beb\u00e9. Mi pap\u00e1, que tambi\u00e9n es guerrillero, acaba de ser asesinado en un enfrentamiento. Escapamos hasta que, finalmente, es secuestrada y \u201cdesaparece\u201d. Salva su vida porque el militar que la secuestr\u00f3 se enamora de ella. Por sobrevivir, para sus ex compa\u00f1eros, es una traidora. Para m\u00ed, es una inc\u00f3gnita. Hoy, a 50 a\u00f1os y miles de kil\u00f3metros de distancia, me cuenta su vida.    &lt;b&gt;FICHA T\u00c9CNICA&lt;\/b&gt;  &lt;span style=&quot;font-weight: 400;&quot;&gt;Dramaturgia: Teresa Donato &amp; Dennis Smith&lt;\/span&gt;  &lt;span style=&quot;font-weight: 400;&quot;&gt;Elenco: Dennis Smith&lt;\/span&gt;  &lt;span style=&quot;font-weight: 400;&quot;&gt;Direcci\u00f3n musical: Fernando Losada&lt;\/span&gt;  &lt;span style=&quot;font-weight: 400;&quot;&gt;Dise\u00f1o lum\u00ednico: Rodrigo Gonz\u00e1lez Alvarado&lt;\/span&gt;  &lt;span style=&quot;font-weight: 400;&quot;&gt;Dise\u00f1o de vestuario: Pablo Ram\u00edrez&lt;\/span&gt;  &lt;span style=&quot;font-weight: 400;&quot;&gt;Dise\u00f1o de comunicaci\u00f3n: Teresa Donato&lt;\/span&gt;  &lt;span style=&quot;font-weight: 400;&quot;&gt;Coordinaci\u00f3n de escenario: Tom\u00e1s Savino&lt;\/span&gt;  &lt;span style=&quot;font-weight: 400;&quot;&gt;Fotograf\u00eda: Germ\u00e1n Romani&lt;\/span&gt;  &lt;span style=&quot;font-weight: 400;&quot;&gt;Producci\u00f3n art\u00edstica: Leandro Rosenbaum&lt;\/span&gt;  &lt;span style=&quot;font-weight: 400;&quot;&gt;Producci\u00f3n: @comunidadproducciones &amp; Dennis Smith&lt;\/span&gt;    &nbsp;    &lt;b&gt;Dennis Smith (autor, actor y director)&lt;\/b&gt;  &lt;span style=&quot;font-weight: 400;&quot;&gt;Cuando Teresa Donato me cont\u00f3lahistoria,supe queten\u00edaque hacerla. El libro saldr\u00e1 por Seix Barral en2025. Me impact\u00f3una imagen: una mujer que esconde una 9mm enelpa\u00f1al desu hijoylo disfraza de nena. Esta historia no se\u00f1ala, muestra a una mujer guiada por el instinto de sobrevivir. En tiempos de blancos y negros, explorar los grises es urgente. \u201cMi vida anterior\u201d me conmueve porque su protagonista es brutalmente humana. Me invita a no juzgar, a vivirla.&lt;\/span&gt;    &lt;b&gt;Teresa Donato (autora, comunicaci\u00f3n y distribuci\u00f3n)&lt;\/b&gt;  &lt;span style=&quot;font-weight: 400;&quot;&gt;Escribir la vida de \u201cMariana\u201d fue duro. Para ella, porque enfrentar lo negado la llev\u00f3 a lugares dolorosos. Para m\u00ed, porque escucharla me desarm\u00f3 certezas. Mariana arrastra contradicciones que invitan a bajar el dedo acusador. Le exigimos a otros un coraje que no tenemos. La obra busca empatizar, entenderla sin juzgar. Fue dif\u00edcil ser ella en los setenta, pero a\u00fan m\u00e1s ahora, cargando esa historia con una sonrisa. No fue una hero\u00edna. Fue una mujer que hizo lo que pudo. Mucho m\u00e1s que muchos.&lt;\/span&gt;    &lt;b&gt;Dennis Smith&lt;\/b&gt;  &lt;span style=&quot;font-weight: 400;&quot;&gt;Director, dramaturgoyactor,ha trabajado en cine, teatro y televisi\u00f3n con figuras como Alfredo Arias, Daniel Burman, Javier Daulte, Marcos Carnevale y Ricky Pashkus. Fue nominado y premiado por sus trabajos en teatro y dirigi\u00f3 m\u00e1s de quince espect\u00e1culos destacados, entre ellos \u201cNegra\u201d, \u201cBoyscout\u201d, \u201cChiristiane\u201d y \u201cLa \u00faltima\u201d. En el 2024 protagoniz\u00f3 \u201cJames Brown usaba ruleros\u201d, de Yasmina Reza, con direcci\u00f3n de Alfredo Arias y estren\u00f3 su largometraje \u201cVirgen Rosa\u201d, pel\u00edcula que dirigi\u00f3 protagonizada por Juana Viale. En el 2026, publicar\u00e1 su primera novela, \u201cEye y yo\u201d (Editorial Planeta), escrita con Julieta Cayetina.&lt;\/span&gt;    &lt;b&gt;Teresa Donato&lt;\/b&gt;  &lt;span style=&quot;font-weight: 400;&quot;&gt;Periodista, dramaturgay guionista, con una s\u00f3lida trayectoria en documentales, teatro, radio y ficciones televisivas multipremiadas como \u201cPatito Feo\u201d, \u201cChica Vampiro\u201d, \u201cEducando a Nina\u201d y \u201cAmor en custodia\u201d. Coescribi\u00f3 la obra \u201cAquellas mujeres\u201d (2022). En radio, form\u00f3 parte de los equipos de \u201cBlack &amp; Toc\u201d y \u201cEl horno no est\u00e1 para bollos\u201d, ambos ganadores del Mart\u00edn Fierro. Desde 2020 coordina el ciclo teatral \u201cTeatro con Tere\u201d (Radio Splendid), premiado por Argentores. Acaba de publicar su primera novela de no ficci\u00f3n \u201cDesaparecida dos veces\u201d (Seix Barral, noviembre 2025) libro en el que se basa esta obra y prepara la versi\u00f3n documental.&lt;\/span&gt;    &lt;b&gt;Leandro Rosenbaum&lt;\/b&gt;  &lt;span style=&quot;font-weight: 400;&quot;&gt;Productor, actor y gestor cultural. Es Coordinador del Centro de Oficios para las Artes y la Cultura (UNA) y del \u00e1rea de Producci\u00f3n Art\u00edstica del Ballet Contempor\u00e1neo del Teatro San Mart\u00edn. Fundador de Comunidad Producciones, desde donde dirige y produce ciclos teatrales, musicales y perform\u00e1ticos en festivales como FIBA y espacios como el CC 25 de Mayo y la Biblioteca Nacional. Particip\u00f3 en giras y festivales internacionales como actor y productor.&lt;\/span&gt;    &nbsp;    &lt;i&gt;&lt;span style=&quot;font-weight: 400;&quot;&gt;Si necesit\u00e1s asistencia personalizada para inscribirte o asistir, pod\u00e9s comunicarte a &lt;\/span&gt;&lt;\/i&gt;&lt;a href=&quot;mailto:info@ccpe.org.ar&quot;&gt;&lt;i&gt;&lt;span style=&quot;font-weight: 400;&quot;&gt;info@ccpe.org.ar&lt;\/span&gt;&lt;\/i&gt;&lt;\/a&gt;&lt;i&gt;&lt;span style=&quot;font-weight: 400;&quot;&gt; o consultar nuestra &lt;\/span&gt;&lt;\/i&gt;&lt;a href=&quot;https:\/\/ccpe.org.ar\/web\/accesibilidad\/&quot;&gt;&lt;i&gt;&lt;span style=&quot;font-weight: 400;&quot;&gt;secci\u00f3n de accesibilidad.&lt;\/span&gt;&lt;\/i&gt;&lt;\/a&gt;\",\r\n            \"image\": \"https:\/\/ccpe.org.ar\/web\/wp-content\/uploads\/2026\/07\/b_mi_vida_anterior.jpg\",\r\n            \"name\": \"Mi vida anterior\",\r\n            \"url\": \"https:\/\/ccpe.org.ar\/web\/actividades\/mi-vida-anterior\/\"\r\n        }\r\n        <\/script>\r\n        <article data-style=\"\" class=\" mec-event-article mec-clear \" itemscope>\n        \n            <div class=\"mec-event-image\"><a data-event-id=\"8008\" href=\"https:\/\/ccpe.org.ar\/web\/actividades\/mi-vida-anterior\/\"><img loading=\"lazy\" decoding=\"async\" width=\"980\" height=\"544\" src=\"https:\/\/ccpe.org.ar\/web\/wp-content\/uploads\/2026\/07\/b_mi_vida_anterior.jpg\" class=\"attachment-full size-full wp-post-image\" alt=\"actor sentado sobre el escenario\" data-mec-postid=\"8008\" srcset=\"https:\/\/ccpe.org.ar\/web\/wp-content\/uploads\/2026\/07\/b_mi_vida_anterior.jpg 980w, https:\/\/ccpe.org.ar\/web\/wp-content\/uploads\/2026\/07\/b_mi_vida_anterior-480x266.jpg 480w\" sizes=\"(min-width: 0px) and (max-width: 480px) 480px, (min-width: 481px) 980px, 100vw\" \/><\/a>\n                <!--div class=\"ods-container\">\n                                    <\/div-->\n            <\/div>\n\n            \n            <div class=\"mec-event-content\">\n\n                \n                    <div class=\"mec-event-date mec-bg-color\">\n\n                        <span class=\"mec-start-date-label\" itemprop=\"startDate\">Vie 09\/10<\/span>\n                        \n                        \n                    <\/div>\n\n                \n                \n                \n                <h4 class=\"mec-event-title\">\n\n                    <!-- agregado-->\n\n                    <span style=\"text-transform:none; font-weight:500; font-size: 16px;\">\n\n                        Teatro<\/span><br>\n\n                    <!-- fin agregado-->\n\n                    <a class=\"mec-color-hover\" data-event-id=\"8008\" href=\"https:\/\/ccpe.org.ar\/web\/actividades\/mi-vida-anterior\/\">Mi vida anterior<\/a><span class=\"event-color\" style=\"background: #fdd700\"><\/span><\/h4>\n\n                 <!-- agregado-->   \n\n                <p class='bajada'>Obra de Dennis Smith basada en la historia real del libro \u201cDesaparecida dos veces\u201d escrito por Teresa Donato (Seix Barral, diciembre 2025).<\/p>\n                <p><\/p>\n\n\n\n                <!--fin agregado-->\n\n                \n\n                \n            <\/div>\n\n            <div class=\"mec-event-footer\">\n\n                \n                \n                <!-- agregado modificado-->\n\n               <a class=\"mec-booking-button\" data-event-id=\"8008\" href=\"https:\/\/ccpe.org.ar\/web\/actividades\/mi-vida-anterior\/\" target=\"_self\">+ INFO<\/a>\n\n               <!-- fin agregado nodificado-->\n\n            <\/div>\n\n        <\/article><\/div>\n        \n        <div class=\"col-md-6 col-sm-6\">        <script type=\"application\/ld+json\">\r\n        {\r\n            \"@context\": \"http:\/\/schema.org\",\r\n            \"@type\": \"Event\",\r\n            \"eventStatus\": \"https:\/\/schema.org\/EventScheduled\",\r\n            \"startDate\": \"2026-10-16\",\r\n            \"endDate\": \"2026-10-16\",\r\n            \"eventAttendanceMode\": \"https:\/\/schema.org\/OfflineEventAttendanceMode\",\r\n            \"location\":\r\n            {\r\n                \"@type\": \"Place\",\r\n                                \"name\": \"\",\r\n                \"image\": \"\",\r\n                \"address\": \"\"\r\n                            },\r\n            \"organizer\":\r\n            {\r\n                \"@type\": \"Person\",\r\n                \"name\": \"\",\r\n                \"url\": \"\"\r\n            },\r\n            \"offers\":\r\n            {\r\n                \"url\": \"https:\/\/ccpe.org.ar\/web\/actividades\/mama-mia-un-espectaculo-de-humor-y-cancer-villa-de-las-rosas\/\",\r\n                \"price\": \"\",\r\n                \"priceCurrency\": \"ARS\",\r\n                \"availability\": \"https:\/\/schema.org\/InStock\",\r\n                \"validFrom\": \"2026-10-16T00:00\"\r\n            },\r\n            \"performer\": \"\",\r\n            \"description\": \"&lt;span style=&quot;font-weight: 400;&quot;&gt;El Centro Cultural Parque de Espa\u00f1a presenta la edici\u00f3n 2026 del ciclo de artes esc\u00e9nicas &lt;\/span&gt;&lt;i&gt;&lt;span style=&quot;font-weight: 400;&quot;&gt;Un pasaje hasta aqu\u00ed&lt;\/span&gt;&lt;\/i&gt;&lt;span style=&quot;font-weight: 400;&quot;&gt; que surge a partir de una convocatoria en la que se presentaron m\u00e1s de 250 proyectos provenientes de las provincias de C\u00f3rdoba, Entre R\u00edos, Buenos Aires y Santa Fe. &lt;\/span&gt;    &lt;b&gt;Mama m\u00eda - Sinopsis:&lt;\/b&gt;  &lt;span style=&quot;font-weight: 400;&quot;&gt;En escena, hay una actriz en una sala de espera. Ella est\u00e1 en un laberinto mental inducido por el exceso de qu\u00edmicos. En ese espacio ficcionalmente expandido, lo hace todo porque el tiempo cuenta. En su delirio, Shakespeare aparece entre resonancias y ec\u00f3grafos, configurando la radiograf\u00eda de un teatro que siempre quiso hacer. El c\u00e1ncer de mama es un tema tab\u00fa para muchos. Mariana Cabrol lo atraviesa, lo desmitifica sin golpes bajos, con contundencia y con humor... sobre todo con humor. \u00bfPodemos re\u00edrnos de todo? s\u00ed, ella s\u00ed.&lt;\/span&gt;    &lt;b&gt;Mama m\u00eda&lt;\/b&gt;&lt;span style=&quot;font-weight: 400;&quot;&gt; es una obra necesaria que habla del c\u00e1ncer, habla de lo que nadie quiere nombrar. En esta obra, el humor nos permite arribar al tema desde esa periferia, desorientando al lugar com\u00fan, jugando con el tab\u00fa, coqueteando con el orden establecido, &lt;\/span&gt;&lt;span style=&quot;font-weight: 400;&quot;&gt;desolemnizando la tragedia, profundizando en el dolor desde la risa encarnado en personajes emblem\u00e1ticos de la historia del teatro universal para validar una mirada femenina, desde una perspectiva disidente, meti\u00e9ndose con los c\u00e1nones de belleza, el capitalismo alrededor de lo que se supone deber\u00eda ser un cuerpo de mujer y las pretensiones culturales de tener un cuerpo hegem\u00f3nico a\u00fan atravesando una enfermedad.&lt;\/span&gt;    &lt;b&gt;REPROGRAMADA PARA EL 16\/10, 19 h en el Teatro del CCPE (Sarmiento y el r\u00edo). Entrada gratis. Retiro el d\u00eda de la funci\u00f3n, desde las 15 h (dos por persona).&lt;\/b&gt;    &nbsp;    &lt;iframe title=&quot;YouTube video player&quot; src=&quot;https:\/\/www.youtube.com\/embed\/eWNO2FjMapc?si=yJsbDhYj8-wofCTh&quot; width=&quot;560&quot; height=&quot;315&quot; frameborder=&quot;0&quot; allowfullscreen=&quot;allowfullscreen&quot;&gt;&lt;\/iframe&gt;    &nbsp;    &lt;b&gt;Ficha t\u00e9cnica:&lt;\/b&gt;  &lt;span style=&quot;font-weight: 400;&quot;&gt;Act\u00faa: Mariana Cabrol&lt;\/span&gt;  &lt;span style=&quot;font-weight: 400;&quot;&gt;Dramaturgia: Natalia Buyatti, Julieta Daga, Mariana Cabrol y Tamara Medina&lt;\/span&gt;  &lt;span style=&quot;font-weight: 400;&quot;&gt;Escenograf\u00eda: Ladronas de seda&lt;\/span&gt;  &lt;span style=&quot;font-weight: 400;&quot;&gt;Iluminaci\u00f3n: Mariela Ceballos y &lt;\/span&gt;&lt;span style=&quot;font-weight: 400;&quot;&gt;Lucas Lavalle &lt;\/span&gt;&lt;span style=&quot;font-weight: 400;&quot;&gt; &lt;\/span&gt;  &lt;span style=&quot;font-weight: 400;&quot;&gt;M\u00fasica original: Julieta Colangelo&lt;\/span&gt;  &lt;span style=&quot;font-weight: 400;&quot;&gt;Dise\u00f1o de vestuario: Ladronas de seda&lt;\/span&gt;  &lt;span style=&quot;font-weight: 400;&quot;&gt;Realizaci\u00f3n de vestuario: Gina Peiretti&lt;\/span&gt;  &lt;span style=&quot;font-weight: 400;&quot;&gt;Asesoramiento coreogr\u00e1fico: Cecilia Priotto&lt;\/span&gt;  &lt;span style=&quot;font-weight: 400;&quot;&gt;Dise\u00f1o de maquillaje: Julia Grimoldi&lt;\/span&gt;  &lt;span style=&quot;font-weight: 400;&quot;&gt;Ilustraci\u00f3n: Colacho Corrias&lt;\/span&gt;  &lt;span style=&quot;font-weight: 400;&quot;&gt;Dise\u00f1o Gr\u00e1fico: Pato Argiz&lt;\/span&gt;  &lt;span style=&quot;font-weight: 400;&quot;&gt;Asistente de direcci\u00f3n: Tata Medina&lt;\/span&gt;  &lt;span style=&quot;font-weight: 400;&quot;&gt;Direcci\u00f3n: Julieta Daga&lt;\/span&gt;    &lt;span style=&quot;font-weight: 400;&quot;&gt;Duraci\u00f3n de la obra: 55 minutos. &lt;\/span&gt;  &lt;span style=&quot;font-weight: 400;&quot;&gt;Para mayores de 12 a\u00f1os.&lt;\/span&gt;    &nbsp;    &lt;b&gt;Premios y nominaciones:&lt;\/b&gt;  &lt;ul&gt;    &lt;li style=&quot;font-weight: 400;&quot; aria-level=&quot;1&quot;&gt;&lt;span style=&quot;font-weight: 400;&quot;&gt;Obra ganadora de la FIESTA PROVINCIAL DEL TEATRO de C\u00f3rdoba en 2025&lt;\/span&gt;&lt;\/li&gt;    &lt;li style=&quot;font-weight: 400;&quot; aria-level=&quot;1&quot;&gt;&lt;span style=&quot;font-weight: 400;&quot;&gt;Mariana Cabrol ha sido nominada a los premios provinciales SIRIPO por mejor actuaci\u00f3n&lt;\/span&gt;&lt;\/li&gt;    &lt;li style=&quot;font-weight: 400;&quot; aria-level=&quot;1&quot;&gt;&lt;span style=&quot;font-weight: 400;&quot;&gt;Mariana Cabrol ha ganado la beca de creaci\u00f3n del Fondo nacional de las artes.&lt;\/span&gt;&lt;\/li&gt;    &lt;li style=&quot;font-weight: 400;&quot; aria-level=&quot;1&quot;&gt;&lt;span style=&quot;font-weight: 400;&quot;&gt;Obra ganadora del Premio Destacado del jurado a MEJOR OBRA TEATRAL en el Festival Internacional de Teatro de LARROQUE 2026&lt;\/span&gt;&lt;\/li&gt;  &lt;\/ul&gt;  &nbsp;    &lt;i&gt;&lt;span style=&quot;font-weight: 400;&quot;&gt;Si necesit\u00e1s asistencia personalizada para inscribirte o asistir, pod\u00e9s comunicarte a &lt;\/span&gt;&lt;\/i&gt;&lt;a href=&quot;mailto:info@ccpe.org.ar&quot;&gt;&lt;i&gt;&lt;span style=&quot;font-weight: 400;&quot;&gt;info@ccpe.org.ar&lt;\/span&gt;&lt;\/i&gt;&lt;\/a&gt;&lt;i&gt;&lt;span style=&quot;font-weight: 400;&quot;&gt; o consultar nuestra &lt;\/span&gt;&lt;\/i&gt;&lt;a href=&quot;https:\/\/ccpe.org.ar\/web\/accesibilidad\/&quot;&gt;&lt;i&gt;&lt;span style=&quot;font-weight: 400;&quot;&gt;secci\u00f3n de accesibilidad.&lt;\/span&gt;&lt;\/i&gt;&lt;\/a&gt;    &lt;b&gt;Con el apoyo de la Cooperaci\u00f3n Cultural Espa\u00f1ola (AECID)&lt;\/b&gt;    &lt;img class=&quot;alignnone size-full wp-image-7670&quot; src=&quot;https:\/\/ccpe.org.ar\/web\/wp-content\/uploads\/2025\/11\/logo-cooperacion-baja.jpg&quot; alt=&quot;&quot; width=&quot;790&quot; height=&quot;121&quot; \/&gt;\",\r\n            \"image\": \"https:\/\/ccpe.org.ar\/web\/wp-content\/uploads\/2026\/05\/b_mama_mia.jpg\",\r\n            \"name\": \"Mama m\u00eda, un espect\u00e1culo de humor y c\u00e1ncer\",\r\n            \"url\": \"https:\/\/ccpe.org.ar\/web\/actividades\/mama-mia-un-espectaculo-de-humor-y-cancer-villa-de-las-rosas\/\"\r\n        }\r\n        <\/script>\r\n        <article data-style=\"\" class=\" mec-event-article mec-clear \" itemscope>\n        \n            <div class=\"mec-event-image\"><a data-event-id=\"7909\" href=\"https:\/\/ccpe.org.ar\/web\/actividades\/mama-mia-un-espectaculo-de-humor-y-cancer-villa-de-las-rosas\/\"><img loading=\"lazy\" decoding=\"async\" width=\"980\" height=\"544\" src=\"https:\/\/ccpe.org.ar\/web\/wp-content\/uploads\/2026\/05\/b_mama_mia.jpg\" class=\"attachment-full size-full wp-post-image\" alt=\"\" data-mec-postid=\"7909\" srcset=\"https:\/\/ccpe.org.ar\/web\/wp-content\/uploads\/2026\/05\/b_mama_mia.jpg 980w, https:\/\/ccpe.org.ar\/web\/wp-content\/uploads\/2026\/05\/b_mama_mia-480x266.jpg 480w\" sizes=\"(min-width: 0px) and (max-width: 480px) 480px, (min-width: 481px) 980px, 100vw\" \/><\/a>\n                <!--div class=\"ods-container\">\n                                    <\/div-->\n            <\/div>\n\n            \n            <div class=\"mec-event-content\">\n\n                \n                    <div class=\"mec-event-date mec-bg-color\">\n\n                        <span class=\"mec-start-date-label\" itemprop=\"startDate\">Vie 16\/10<\/span>\n                        \n                        \n                    <\/div>\n\n                \n                \n                \n                <h4 class=\"mec-event-title\">\n\n                    <!-- agregado-->\n\n                    <span style=\"text-transform:none; font-weight:500; font-size: 16px;\">\n\n                        Un pasaje hasta aqu\u00ed<\/span><br>\n\n                    <!-- fin agregado-->\n\n                    <a class=\"mec-color-hover\" data-event-id=\"7909\" href=\"https:\/\/ccpe.org.ar\/web\/actividades\/mama-mia-un-espectaculo-de-humor-y-cancer-villa-de-las-rosas\/\">Mama m\u00eda, un espect\u00e1culo de humor y c\u00e1ncer<\/a><span class=\"event-color\" style=\"background: #fdd700\"><\/span><\/h4>\n\n                 <!-- agregado-->   \n\n                <p class='bajada'>Direcci\u00f3n: Julieta Daga. Act\u00faa y produce: Mariana Cabrol<\/p>\n                <p><\/p>\n\n\n\n                <!--fin agregado-->\n\n                \n\n                \n            <\/div>\n\n            <div class=\"mec-event-footer\">\n\n                \n                \n                <!-- agregado modificado-->\n\n               <a class=\"mec-booking-button\" data-event-id=\"7909\" href=\"https:\/\/ccpe.org.ar\/web\/actividades\/mama-mia-un-espectaculo-de-humor-y-cancer-villa-de-las-rosas\/\" target=\"_self\">+ INFO<\/a>\n\n               <!-- fin agregado nodificado-->\n\n            <\/div>\n\n        <\/article><\/div><\/div>\n        \n        \n        \n\t<\/div>\n\n<\/div>\n\n\n\n    <\/div>\r\n    <div class=\"mec-skin-grid-no-events-container mec-util-hidden\" id=\"mec_skin_no_events_414\">\r\n        \u00a1No hay eventos!    <\/div>\r\n        \r\n        \r\n<\/div>[\/et_pb_text][\/et_pb_column][\/et_pb_row][et_pb_row column_structure=\u00bb1_2,1_2&#8243; _builder_version=\u00bb4.4.9&#8243;][et_pb_column type=\u00bb1_2&#8243; _builder_version=\u00bb4.4.9&#8243;][et_pb_blog fullwidth=\u00bboff\u00bb posts_number=\u00bb1&#8243; include_categories=\u00bb4&#8243; show_more=\u00bbon\u00bb show_author=\u00bboff\u00bb show_date=\u00bboff\u00bb show_categories=\u00bboff\u00bb show_pagination=\u00bboff\u00bb _builder_version=\u00bb4.4.9&#8243; header_font=\u00bb|700||on|||||\u00bb header_text_color=\u00bb#202020&#8243; header_font_size=\u00bb20px\u00bb body_text_color=\u00bb#000000&#8243; body_font_size=\u00bb15px\u00bb read_more_font=\u00bb|700||on|||||\u00bb read_more_text_color=\u00bb#767676&#8243; read_more_font_size=\u00bb11px\u00bb custom_css_content=\u00bbmargin-bottom: 20px;||padding-bottom: 15px;\u00bb custom_css_featured_image=\u00bbheight: 250px;||object-fit: cover;\u00bb custom_css_read_more=\u00bbfont-size: 11px;||letter-spacing: 1px;||text-transform: uppercase;||background: #fff;||color: #767676;||border: 1px solid #e8e8e8;||padding: 10px 16px;||line-height: 16px;||height: 38px;||float: right; ||margin-top: 15px;\u00bb][\/et_pb_blog][\/et_pb_column][et_pb_column type=\u00bb1_2&#8243; _builder_version=\u00bb4.4.9&#8243;][et_pb_blog fullwidth=\u00bboff\u00bb posts_number=\u00bb1&#8243; include_categories=\u00bb4&#8243; show_more=\u00bbon\u00bb show_author=\u00bboff\u00bb show_date=\u00bboff\u00bb show_categories=\u00bboff\u00bb show_pagination=\u00bboff\u00bb offset_number=\u00bb1&#8243; _builder_version=\u00bb4.4.9&#8243; header_font=\u00bb|700||on|||||\u00bb header_text_color=\u00bb#202020&#8243; header_font_size=\u00bb20px\u00bb body_text_color=\u00bb#000000&#8243; body_font_size=\u00bb15px\u00bb read_more_font=\u00bb|700|||||||\u00bb read_more_text_color=\u00bb#767676&#8243; read_more_font_size=\u00bb11px\u00bb custom_css_content=\u00bbmargin-bottom: 20px;||padding-bottom: 15px;\u00bb custom_css_featured_image=\u00bbheight: 250px;||object-fit: cover;\u00bb custom_css_read_more=\u00bbfont-size: 11px;||letter-spacing: 1px;||text-transform: uppercase;||background: #fff;||color: #767676;||border: 1px solid #e8e8e8;||padding: 10px 16px;||line-height: 16px;||height: 38px;||float: right; ||margin-top: 15px;\u00bb][\/et_pb_blog][\/et_pb_column][\/et_pb_row][et_pb_row column_structure=\u00bb1_2,1_2&#8243; _builder_version=\u00bb4.4.9&#8243;][et_pb_column type=\u00bb1_2&#8243; _builder_version=\u00bb4.4.9&#8243;][et_pb_blog fullwidth=\u00bboff\u00bb posts_number=\u00bb1&#8243; include_categories=\u00bb4&#8243; show_more=\u00bbon\u00bb show_author=\u00bboff\u00bb show_date=\u00bboff\u00bb show_categories=\u00bboff\u00bb show_pagination=\u00bboff\u00bb offset_number=\u00bb2&#8243; _builder_version=\u00bb4.4.9&#8243; header_font=\u00bb|700||on|||||\u00bb header_text_color=\u00bb#202020&#8243; header_font_size=\u00bb20px\u00bb body_text_color=\u00bb#000000&#8243; body_font_size=\u00bb15px\u00bb read_more_font=\u00bb|700|||||||\u00bb read_more_text_color=\u00bb#767676&#8243; read_more_font_size=\u00bb11px\u00bb custom_css_content=\u00bbmargin-bottom: 20px;||padding-bottom: 15px;\u00bb custom_css_featured_image=\u00bbheight: 250px;||object-fit: cover;\u00bb custom_css_read_more=\u00bbfont-size: 11px;||letter-spacing: 1px;||text-transform: uppercase;||background: #fff;||color: #767676;||border: 1px solid #e8e8e8;||padding: 10px 16px;||line-height: 16px;||height: 38px;||float: right; ||margin-top: 15px;\u00bb][\/et_pb_blog][\/et_pb_column][et_pb_column type=\u00bb1_2&#8243; _builder_version=\u00bb4.4.9&#8243;][et_pb_blog fullwidth=\u00bboff\u00bb posts_number=\u00bb1&#8243; include_categories=\u00bb4&#8243; show_more=\u00bbon\u00bb show_author=\u00bboff\u00bb show_date=\u00bboff\u00bb show_categories=\u00bboff\u00bb show_pagination=\u00bboff\u00bb offset_number=\u00bb3&#8243; _builder_version=\u00bb4.4.9&#8243; header_font=\u00bb|700||on|||||\u00bb header_text_color=\u00bb#202020&#8243; header_font_size=\u00bb20px\u00bb body_text_color=\u00bb#000000&#8243; body_font_size=\u00bb15px\u00bb read_more_font=\u00bb|700|||||||\u00bb read_more_text_color=\u00bb#767676&#8243; read_more_font_size=\u00bb11px\u00bb custom_css_content=\u00bbmargin-bottom: 20px;||padding-bottom: 15px;\u00bb custom_css_featured_image=\u00bbheight: 250px;||object-fit: cover;\u00bb custom_css_read_more=\u00bbfont-size: 11px;||letter-spacing: 1px;||text-transform: uppercase;||background: #fff;||color: #767676;||border: 1px solid #e8e8e8;||padding: 10px 16px;||line-height: 16px;||height: 38px;||float: right; ||margin-top: 15px;\u00bb][\/et_pb_blog][\/et_pb_column][\/et_pb_row][et_pb_row column_structure=\u00bb1_2,1_2&#8243; _builder_version=\u00bb4.4.9&#8243;][et_pb_column type=\u00bb1_2&#8243; _builder_version=\u00bb4.4.9&#8243;][et_pb_blog fullwidth=\u00bboff\u00bb posts_number=\u00bb1&#8243; include_categories=\u00bb4&#8243; show_more=\u00bbon\u00bb show_author=\u00bboff\u00bb show_date=\u00bboff\u00bb show_categories=\u00bboff\u00bb show_pagination=\u00bboff\u00bb offset_number=\u00bb4&#8243; _builder_version=\u00bb4.4.9&#8243; header_font=\u00bb|700||on|||||\u00bb header_text_color=\u00bb#202020&#8243; header_font_size=\u00bb20px\u00bb body_text_color=\u00bb#000000&#8243; body_font_size=\u00bb15px\u00bb read_more_font=\u00bb|700|||||||\u00bb read_more_text_color=\u00bb#767676&#8243; read_more_font_size=\u00bb11px\u00bb custom_css_content=\u00bbmargin-bottom: 20px;||padding-bottom: 15px;\u00bb custom_css_featured_image=\u00bbheight: 250px;||object-fit: cover;\u00bb custom_css_read_more=\u00bbfont-size: 11px;||letter-spacing: 1px;||text-transform: uppercase;||background: #fff;||color: #767676;||border: 1px solid #e8e8e8;||padding: 10px 16px;||line-height: 16px;||height: 38px;||float: right; ||margin-top: 15px;\u00bb][\/et_pb_blog][\/et_pb_column][et_pb_column type=\u00bb1_2&#8243; _builder_version=\u00bb4.4.9&#8243;][et_pb_blog fullwidth=\u00bboff\u00bb posts_number=\u00bb1&#8243; include_categories=\u00bb4&#8243; show_more=\u00bbon\u00bb show_author=\u00bboff\u00bb show_date=\u00bboff\u00bb show_categories=\u00bboff\u00bb show_pagination=\u00bboff\u00bb offset_number=\u00bb5&#8243; _builder_version=\u00bb4.4.9&#8243; header_font=\u00bb|700||on|||||\u00bb header_text_color=\u00bb#202020&#8243; header_font_size=\u00bb20px\u00bb body_text_color=\u00bb#000000&#8243; body_font_size=\u00bb15px\u00bb read_more_font=\u00bb|700|||||||\u00bb read_more_text_color=\u00bb#767676&#8243; read_more_font_size=\u00bb11px\u00bb custom_css_content=\u00bbmargin-bottom: 20px;||padding-bottom: 15px;\u00bb custom_css_featured_image=\u00bbheight: 250px;||object-fit: cover;\u00bb custom_css_read_more=\u00bbfont-size: 11px;||letter-spacing: 1px;||text-transform: uppercase;||background: #fff;||color: #767676;||border: 1px solid #e8e8e8;||padding: 10px 16px;||line-height: 16px;||height: 38px;||float: right; ||margin-top: 15px;\u00bb][\/et_pb_blog][\/et_pb_column][\/et_pb_row][et_pb_row column_structure=\u00bb1_2,1_2&#8243; _builder_version=\u00bb4.4.9&#8243;][et_pb_column type=\u00bb1_2&#8243; _builder_version=\u00bb4.4.9&#8243;][et_pb_blog fullwidth=\u00bboff\u00bb posts_number=\u00bb1&#8243; include_categories=\u00bb4&#8243; show_more=\u00bbon\u00bb show_author=\u00bboff\u00bb show_date=\u00bboff\u00bb show_categories=\u00bboff\u00bb show_pagination=\u00bboff\u00bb offset_number=\u00bb6&#8243; _builder_version=\u00bb4.4.9&#8243; header_font=\u00bb|700||on|||||\u00bb header_text_color=\u00bb#202020&#8243; header_font_size=\u00bb20px\u00bb body_text_color=\u00bb#000000&#8243; body_font_size=\u00bb15px\u00bb read_more_font=\u00bb|700|||||||\u00bb read_more_text_color=\u00bb#767676&#8243; read_more_font_size=\u00bb11px\u00bb custom_css_content=\u00bbmargin-bottom: 20px;||padding-bottom: 15px;\u00bb custom_css_featured_image=\u00bbheight: 250px;||object-fit: cover;\u00bb custom_css_read_more=\u00bbfont-size: 11px;||letter-spacing: 1px;||text-transform: uppercase;||background: #fff;||color: #767676;||border: 1px solid #e8e8e8;||padding: 10px 16px;||line-height: 16px;||height: 38px;||float: right; ||margin-top: 15px;\u00bb][\/et_pb_blog][\/et_pb_column][et_pb_column type=\u00bb1_2&#8243; _builder_version=\u00bb4.4.9&#8243;][et_pb_blog fullwidth=\u00bboff\u00bb posts_number=\u00bb1&#8243; include_categories=\u00bb4&#8243; show_more=\u00bbon\u00bb show_author=\u00bboff\u00bb show_date=\u00bboff\u00bb show_categories=\u00bboff\u00bb show_pagination=\u00bboff\u00bb offset_number=\u00bb7&#8243; _builder_version=\u00bb4.4.9&#8243; header_font=\u00bb|700||on|||||\u00bb header_text_color=\u00bb#202020&#8243; header_font_size=\u00bb20px\u00bb body_text_color=\u00bb#000000&#8243; body_font_size=\u00bb15px\u00bb read_more_font=\u00bb|700|||||||\u00bb read_more_text_color=\u00bb#767676&#8243; read_more_font_size=\u00bb11px\u00bb custom_css_content=\u00bbmargin-bottom: 20px;||padding-bottom: 15px;\u00bb custom_css_featured_image=\u00bbheight: 250px;||object-fit: cover;\u00bb custom_css_read_more=\u00bbfont-size: 11px;||letter-spacing: 1px;||text-transform: uppercase;||background: #fff;||color: #767676;||border: 1px solid #e8e8e8;||padding: 10px 16px;||line-height: 16px;||height: 38px;||float: right; ||margin-top: 15px;\u00bb][\/et_pb_blog][\/et_pb_column][\/et_pb_row][et_pb_row column_structure=\u00bb1_2,1_2&#8243; _builder_version=\u00bb4.4.9&#8243;][et_pb_column type=\u00bb1_2&#8243; _builder_version=\u00bb4.4.9&#8243;][et_pb_blog fullwidth=\u00bboff\u00bb posts_number=\u00bb1&#8243; include_categories=\u00bb4&#8243; show_more=\u00bbon\u00bb show_author=\u00bboff\u00bb show_date=\u00bboff\u00bb show_categories=\u00bboff\u00bb show_pagination=\u00bboff\u00bb offset_number=\u00bb8&#8243; _builder_version=\u00bb4.4.9&#8243; header_font=\u00bb|700||on|||||\u00bb header_text_color=\u00bb#202020&#8243; header_font_size=\u00bb20px\u00bb body_text_color=\u00bb#000000&#8243; body_font_size=\u00bb15px\u00bb read_more_font=\u00bb|700|||||||\u00bb read_more_text_color=\u00bb#767676&#8243; read_more_font_size=\u00bb11px\u00bb custom_css_content=\u00bbmargin-bottom: 20px;||padding-bottom: 15px;\u00bb custom_css_featured_image=\u00bbheight: 250px;||object-fit: cover;\u00bb custom_css_read_more=\u00bbfont-size: 11px;||letter-spacing: 1px;||text-transform: uppercase;||background: #fff;||color: #767676;||border: 1px solid #e8e8e8;||padding: 10px 16px;||line-height: 16px;||height: 38px;||float: right; ||margin-top: 15px;\u00bb][\/et_pb_blog][\/et_pb_column][et_pb_column type=\u00bb1_2&#8243; _builder_version=\u00bb4.4.9&#8243;][et_pb_blog fullwidth=\u00bboff\u00bb posts_number=\u00bb1&#8243; include_categories=\u00bb4&#8243; show_more=\u00bbon\u00bb show_author=\u00bboff\u00bb show_date=\u00bboff\u00bb show_categories=\u00bboff\u00bb show_pagination=\u00bboff\u00bb offset_number=\u00bb9&#8243; _builder_version=\u00bb4.4.9&#8243; header_font=\u00bb|700||on|||||\u00bb header_text_color=\u00bb#202020&#8243; header_font_size=\u00bb20px\u00bb body_text_color=\u00bb#000000&#8243; body_font_size=\u00bb15px\u00bb read_more_font=\u00bb|700|||||||\u00bb read_more_text_color=\u00bb#767676&#8243; read_more_font_size=\u00bb11px\u00bb custom_css_content=\u00bbmargin-bottom: 20px;||padding-bottom: 15px;\u00bb custom_css_featured_image=\u00bbheight: 250px;||object-fit: cover;\u00bb custom_css_read_more=\u00bbfont-size: 11px;||letter-spacing: 1px;||text-transform: uppercase;||background: #fff;||color: #767676;||border: 1px solid #e8e8e8;||padding: 10px 16px;||line-height: 16px;||height: 38px;||float: right; ||margin-top: 15px;\u00bb][\/et_pb_blog][\/et_pb_column][\/et_pb_row][et_pb_row column_structure=\u00bb1_2,1_2&#8243; _builder_version=\u00bb4.4.9&#8243;][et_pb_column type=\u00bb1_2&#8243; _builder_version=\u00bb4.4.9&#8243;][et_pb_blog fullwidth=\u00bboff\u00bb posts_number=\u00bb1&#8243; include_categories=\u00bb4&#8243; show_more=\u00bbon\u00bb show_author=\u00bboff\u00bb show_date=\u00bboff\u00bb show_categories=\u00bboff\u00bb show_pagination=\u00bboff\u00bb offset_number=\u00bb10&#8243; _builder_version=\u00bb4.4.9&#8243; header_font=\u00bb|700||on|||||\u00bb header_text_color=\u00bb#202020&#8243; header_font_size=\u00bb20px\u00bb body_text_color=\u00bb#000000&#8243; body_font_size=\u00bb15px\u00bb read_more_font=\u00bb|700|||||||\u00bb read_more_text_color=\u00bb#767676&#8243; read_more_font_size=\u00bb11px\u00bb custom_css_content=\u00bbmargin-bottom: 20px;||padding-bottom: 15px;\u00bb custom_css_featured_image=\u00bbheight: 250px;||object-fit: cover;\u00bb custom_css_read_more=\u00bbfont-size: 11px;||letter-spacing: 1px;||text-transform: uppercase;||background: #fff;||color: #767676;||border: 1px solid #e8e8e8;||padding: 10px 16px;||line-height: 16px;||height: 38px;||float: right; ||margin-top: 15px;\u00bb][\/et_pb_blog][\/et_pb_column][et_pb_column type=\u00bb1_2&#8243; _builder_version=\u00bb4.4.9&#8243;][et_pb_blog fullwidth=\u00bboff\u00bb posts_number=\u00bb1&#8243; include_categories=\u00bb4&#8243; show_more=\u00bbon\u00bb show_author=\u00bboff\u00bb show_date=\u00bboff\u00bb show_categories=\u00bboff\u00bb show_pagination=\u00bboff\u00bb offset_number=\u00bb11&#8243; _builder_version=\u00bb4.4.9&#8243; header_font=\u00bb|700||on|||||\u00bb header_text_color=\u00bb#202020&#8243; header_font_size=\u00bb20px\u00bb body_text_color=\u00bb#000000&#8243; body_font_size=\u00bb15px\u00bb read_more_font=\u00bb|700|||||||\u00bb read_more_text_color=\u00bb#767676&#8243; read_more_font_size=\u00bb11px\u00bb custom_css_content=\u00bbmargin-bottom: 20px;||padding-bottom: 15px;\u00bb custom_css_featured_image=\u00bbheight: 250px;||object-fit: cover;\u00bb custom_css_read_more=\u00bbfont-size: 11px;||letter-spacing: 1px;||text-transform: uppercase;||background: #fff;||color: #767676;||border: 1px solid #e8e8e8;||padding: 10px 16px;||line-height: 16px;||height: 38px;||float: right; ||margin-top: 15px;\u00bb][\/et_pb_blog][\/et_pb_column][\/et_pb_row][et_pb_row column_structure=\u00bb1_2,1_2&#8243; _builder_version=\u00bb4.4.9&#8243;][et_pb_column type=\u00bb1_2&#8243; _builder_version=\u00bb4.4.9&#8243;][et_pb_blog fullwidth=\u00bboff\u00bb posts_number=\u00bb1&#8243; include_categories=\u00bb4&#8243; show_more=\u00bbon\u00bb show_author=\u00bboff\u00bb show_date=\u00bboff\u00bb show_categories=\u00bboff\u00bb show_pagination=\u00bboff\u00bb offset_number=\u00bb12&#8243; _builder_version=\u00bb4.4.9&#8243; header_font=\u00bb|700||on|||||\u00bb header_text_color=\u00bb#202020&#8243; header_font_size=\u00bb20px\u00bb body_text_color=\u00bb#000000&#8243; body_font_size=\u00bb15px\u00bb read_more_font=\u00bb|700|||||||\u00bb read_more_text_color=\u00bb#767676&#8243; read_more_font_size=\u00bb11px\u00bb custom_css_content=\u00bbmargin-bottom: 20px;||padding-bottom: 15px;\u00bb custom_css_featured_image=\u00bbheight: 250px;||object-fit: cover;\u00bb custom_css_read_more=\u00bbfont-size: 11px;||letter-spacing: 1px;||text-transform: uppercase;||background: #fff;||color: #767676;||border: 1px solid #e8e8e8;||padding: 10px 16px;||line-height: 16px;||height: 38px;||float: right; ||margin-top: 15px;\u00bb][\/et_pb_blog][\/et_pb_column][et_pb_column type=\u00bb1_2&#8243; _builder_version=\u00bb4.4.9&#8243;][et_pb_blog fullwidth=\u00bboff\u00bb posts_number=\u00bb1&#8243; include_categories=\u00bb4&#8243; show_more=\u00bbon\u00bb show_author=\u00bboff\u00bb show_date=\u00bboff\u00bb show_categories=\u00bboff\u00bb show_pagination=\u00bboff\u00bb offset_number=\u00bb13&#8243; _builder_version=\u00bb4.4.9&#8243; header_font=\u00bb|700||on|||||\u00bb header_text_color=\u00bb#202020&#8243; header_font_size=\u00bb20px\u00bb body_text_color=\u00bb#000000&#8243; body_font_size=\u00bb15px\u00bb read_more_font=\u00bb|700|||||||\u00bb read_more_text_color=\u00bb#767676&#8243; read_more_font_size=\u00bb11px\u00bb custom_css_content=\u00bbmargin-bottom: 20px;||padding-bottom: 15px;\u00bb custom_css_featured_image=\u00bbheight: 250px;||object-fit: cover;\u00bb custom_css_read_more=\u00bbfont-size: 11px;||letter-spacing: 1px;||text-transform: uppercase;||background: #fff;||color: #767676;||border: 1px solid #e8e8e8;||padding: 10px 16px;||line-height: 16px;||height: 38px;||float: right; ||margin-top: 15px;\u00bb][\/et_pb_blog][\/et_pb_column][\/et_pb_row][et_pb_row column_structure=\u00bb1_2,1_2&#8243; _builder_version=\u00bb4.4.9&#8243;][et_pb_column type=\u00bb1_2&#8243; _builder_version=\u00bb4.4.9&#8243;][et_pb_blog fullwidth=\u00bboff\u00bb posts_number=\u00bb1&#8243; include_categories=\u00bb4&#8243; show_more=\u00bbon\u00bb show_author=\u00bboff\u00bb show_date=\u00bboff\u00bb show_categories=\u00bboff\u00bb show_pagination=\u00bboff\u00bb offset_number=\u00bb14&#8243; _builder_version=\u00bb4.4.9&#8243; header_font=\u00bb|700||on|||||\u00bb header_text_color=\u00bb#202020&#8243; header_font_size=\u00bb20px\u00bb body_text_color=\u00bb#000000&#8243; body_font_size=\u00bb15px\u00bb read_more_font=\u00bb|700|||||||\u00bb read_more_text_color=\u00bb#767676&#8243; read_more_font_size=\u00bb11px\u00bb custom_css_content=\u00bbmargin-bottom: 20px;||padding-bottom: 15px;\u00bb custom_css_featured_image=\u00bbheight: 250px;||object-fit: cover;\u00bb custom_css_read_more=\u00bbfont-size: 11px;||letter-spacing: 1px;||text-transform: uppercase;||background: #fff;||color: #767676;||border: 1px solid #e8e8e8;||padding: 10px 16px;||line-height: 16px;||height: 38px;||float: right; ||margin-top: 15px;\u00bb][\/et_pb_blog][\/et_pb_column][et_pb_column type=\u00bb1_2&#8243; _builder_version=\u00bb4.4.9&#8243;][et_pb_blog fullwidth=\u00bboff\u00bb posts_number=\u00bb1&#8243; include_categories=\u00bb4&#8243; show_more=\u00bbon\u00bb show_author=\u00bboff\u00bb show_date=\u00bboff\u00bb show_categories=\u00bboff\u00bb show_pagination=\u00bboff\u00bb offset_number=\u00bb15&#8243; _builder_version=\u00bb4.4.9&#8243; header_font=\u00bb|700||on|||||\u00bb header_text_color=\u00bb#202020&#8243; header_font_size=\u00bb20px\u00bb body_text_color=\u00bb#000000&#8243; body_font_size=\u00bb15px\u00bb read_more_font=\u00bb|700|||||||\u00bb read_more_text_color=\u00bb#767676&#8243; read_more_font_size=\u00bb11px\u00bb custom_css_content=\u00bbmargin-bottom: 20px;||padding-bottom: 15px;\u00bb custom_css_featured_image=\u00bbheight: 250px;||object-fit: cover;\u00bb custom_css_read_more=\u00bbfont-size: 11px;||letter-spacing: 1px;||text-transform: uppercase;||background: #fff;||color: #767676;||border: 1px solid #e8e8e8;||padding: 10px 16px;||line-height: 16px;||height: 38px;||float: right; ||margin-top: 15px;\u00bb][\/et_pb_blog][\/et_pb_column][\/et_pb_row][et_pb_row column_structure=\u00bb1_2,1_2&#8243; _builder_version=\u00bb4.4.9&#8243;][et_pb_column type=\u00bb1_2&#8243; _builder_version=\u00bb4.4.9&#8243;][et_pb_blog fullwidth=\u00bboff\u00bb posts_number=\u00bb1&#8243; include_categories=\u00bb4&#8243; show_more=\u00bbon\u00bb show_author=\u00bboff\u00bb show_date=\u00bboff\u00bb show_categories=\u00bboff\u00bb show_pagination=\u00bboff\u00bb offset_number=\u00bb16&#8243; _builder_version=\u00bb4.4.9&#8243; header_font=\u00bb|700||on|||||\u00bb header_text_color=\u00bb#202020&#8243; header_font_size=\u00bb20px\u00bb body_text_color=\u00bb#000000&#8243; body_font_size=\u00bb15px\u00bb read_more_font=\u00bb|700|||||||\u00bb read_more_text_color=\u00bb#767676&#8243; read_more_font_size=\u00bb11px\u00bb custom_css_content=\u00bbmargin-bottom: 20px;||padding-bottom: 15px;\u00bb custom_css_featured_image=\u00bbheight: 250px;||object-fit: cover;\u00bb custom_css_read_more=\u00bbfont-size: 11px;||letter-spacing: 1px;||text-transform: uppercase;||background: #fff;||color: #767676;||border: 1px solid #e8e8e8;||padding: 10px 16px;||line-height: 16px;||height: 38px;||float: right; ||margin-top: 15px;\u00bb][\/et_pb_blog][\/et_pb_column][et_pb_column type=\u00bb1_2&#8243; _builder_version=\u00bb4.4.9&#8243;][et_pb_blog fullwidth=\u00bboff\u00bb posts_number=\u00bb1&#8243; include_categories=\u00bb4&#8243; show_more=\u00bbon\u00bb show_author=\u00bboff\u00bb show_date=\u00bboff\u00bb show_categories=\u00bboff\u00bb show_pagination=\u00bboff\u00bb offset_number=\u00bb17&#8243; _builder_version=\u00bb4.4.9&#8243; header_font=\u00bb|700||on|||||\u00bb header_text_color=\u00bb#202020&#8243; header_font_size=\u00bb20px\u00bb body_text_color=\u00bb#000000&#8243; body_font_size=\u00bb15px\u00bb read_more_font=\u00bb|700|||||||\u00bb read_more_text_color=\u00bb#767676&#8243; read_more_font_size=\u00bb11px\u00bb custom_css_content=\u00bbmargin-bottom: 20px;||padding-bottom: 15px;\u00bb custom_css_featured_image=\u00bbheight: 250px;||object-fit: cover;\u00bb custom_css_read_more=\u00bbfont-size: 11px;||letter-spacing: 1px;||text-transform: uppercase;||background: #fff;||color: #767676;||border: 1px solid #e8e8e8;||padding: 10px 16px;||line-height: 16px;||height: 38px;||float: right; ||margin-top: 15px;\u00bb][\/et_pb_blog][\/et_pb_column][\/et_pb_row][et_pb_row column_structure=\u00bb1_2,1_2&#8243; _builder_version=\u00bb4.4.9&#8243;][et_pb_column type=\u00bb1_2&#8243; _builder_version=\u00bb4.4.9&#8243;][et_pb_button button_url=\u00bb\/web\/archivo\u00bb button_text=\u00bbArchivo hasta 2019&#8243; button_alignment=\u00bbright\u00bb _builder_version=\u00bb4.4.9&#8243; custom_button=\u00bbon\u00bb button_text_size=\u00bb14px\u00bb button_text_color=\u00bb#222222&#8243; button_border_color=\u00bb#e3e3e3&#8243; button_border_radius=\u00bb50px\u00bb button_letter_spacing=\u00bb1px\u00bb button_font=\u00bb|600||on|||||\u00bb custom_padding=\u00bb10px|30px|10px|30px|true|true\u00bb animation_style=\u00bbfade\u00bb hover_enabled=\u00bb0&#8243; button_text_color_hover=\u00bb#ffffff\u00bb button_border_color_hover=\u00bb#000000&#8243; button_letter_spacing_hover=\u00bb2px\u00bb button_bg_color_hover=\u00bb#000000&#8243; button_text_size__hover_enabled=\u00bboff\u00bb button_one_text_size__hover_enabled=\u00bboff\u00bb button_two_text_size__hover_enabled=\u00bboff\u00bb button_text_color__hover_enabled=\u00bbon\u00bb button_text_color__hover=\u00bb#ffffff\u00bb button_one_text_color__hover_enabled=\u00bboff\u00bb button_two_text_color__hover_enabled=\u00bboff\u00bb button_border_width__hover_enabled=\u00bboff\u00bb button_one_border_width__hover_enabled=\u00bboff\u00bb button_two_border_width__hover_enabled=\u00bboff\u00bb button_border_color__hover_enabled=\u00bbon\u00bb button_border_color__hover=\u00bb#000000&#8243; button_one_border_color__hover_enabled=\u00bboff\u00bb button_two_border_color__hover_enabled=\u00bboff\u00bb button_border_radius__hover_enabled=\u00bboff\u00bb button_one_border_radius__hover_enabled=\u00bboff\u00bb button_two_border_radius__hover_enabled=\u00bboff\u00bb button_letter_spacing__hover_enabled=\u00bbon\u00bb button_letter_spacing__hover=\u00bb2px\u00bb button_one_letter_spacing__hover_enabled=\u00bboff\u00bb button_two_letter_spacing__hover_enabled=\u00bboff\u00bb button_bg_color__hover_enabled=\u00bbon\u00bb button_bg_color__hover=\u00bb#000000&#8243; button_one_bg_color__hover_enabled=\u00bboff\u00bb button_two_bg_color__hover_enabled=\u00bboff\u00bb][\/et_pb_button][\/et_pb_column][et_pb_column type=\u00bb1_2&#8243; _builder_version=\u00bb4.4.9&#8243;][et_pb_button button_url=\u00bbhttps:\/\/archivo.ccpe.org.ar\/\u00bb url_new_window=\u00bbon\u00bb button_text=\u00bbArchivo 1995-2019&#8243; button_alignment=\u00bbleft\u00bb _builder_version=\u00bb4.4.9&#8243; custom_button=\u00bbon\u00bb button_text_size=\u00bb14px\u00bb button_text_color=\u00bb#222222&#8243; button_border_color=\u00bb#e3e3e3&#8243; button_border_radius=\u00bb50px\u00bb button_letter_spacing=\u00bb1px\u00bb button_font=\u00bb|600||on|||||\u00bb custom_padding=\u00bb10px|30px|10px|30px|true|true\u00bb animation_style=\u00bbfade\u00bb hover_enabled=\u00bb0&#8243; button_text_color_hover=\u00bb#ffffff\u00bb button_border_color_hover=\u00bb#000000&#8243; button_letter_spacing_hover=\u00bb2px\u00bb button_bg_color_hover=\u00bb#000000&#8243; button_text_size__hover_enabled=\u00bboff\u00bb button_one_text_size__hover_enabled=\u00bboff\u00bb button_two_text_size__hover_enabled=\u00bboff\u00bb button_text_color__hover_enabled=\u00bbon\u00bb button_text_color__hover=\u00bb#ffffff\u00bb button_one_text_color__hover_enabled=\u00bboff\u00bb button_two_text_color__hover_enabled=\u00bboff\u00bb button_border_width__hover_enabled=\u00bboff\u00bb button_one_border_width__hover_enabled=\u00bboff\u00bb button_two_border_width__hover_enabled=\u00bboff\u00bb button_border_color__hover_enabled=\u00bbon\u00bb button_border_color__hover=\u00bb#000000&#8243; button_one_border_color__hover_enabled=\u00bboff\u00bb button_two_border_color__hover_enabled=\u00bboff\u00bb button_border_radius__hover_enabled=\u00bboff\u00bb button_one_border_radius__hover_enabled=\u00bboff\u00bb button_two_border_radius__hover_enabled=\u00bboff\u00bb button_letter_spacing__hover_enabled=\u00bbon\u00bb button_letter_spacing__hover=\u00bb2px\u00bb button_one_letter_spacing__hover_enabled=\u00bboff\u00bb button_two_letter_spacing__hover_enabled=\u00bboff\u00bb button_bg_color__hover_enabled=\u00bbon\u00bb button_bg_color__hover=\u00bb#000000&#8243; button_one_bg_color__hover_enabled=\u00bboff\u00bb button_two_bg_color__hover_enabled=\u00bboff\u00bb][\/et_pb_button][\/et_pb_column][\/et_pb_row][\/et_pb_section]<\/p>\n","protected":false},"excerpt":{"rendered":"<p>[et_pb_section fb_built=\u00bb1&#8243; _builder_version=\u00bb3.22&#8243; custom_padding=\u00bb0|0px|54px|0px|false|false\u00bb][et_pb_row _builder_version=\u00bb3.25&#8243; custom_padding=\u00bb90px|0px|27px|0px|false|false\u00bb][et_pb_column type=\u00bb4_4&#8243; _builder_version=\u00bb3.25&#8243; custom_padding=\u00bb|||\u00bb custom_padding__hover=\u00bb|||\u00bb][et_pb_text _builder_version=\u00bb3.27.4&#8243; custom_margin=\u00bb-30px|||\u00bb custom_padding=\u00bb0px|||\u00bb][\/et_pb_text][\/et_pb_column][\/et_pb_row][et_pb_row column_structure=\u00bb1_2,1_2&#8243; _builder_version=\u00bb4.4.9&#8243;][et_pb_column type=\u00bb1_2&#8243; _builder_version=\u00bb4.4.9&#8243;][et_pb_blog fullwidth=\u00bboff\u00bb posts_number=\u00bb1&#8243; include_categories=\u00bb4&#8243; show_more=\u00bbon\u00bb show_author=\u00bboff\u00bb show_date=\u00bboff\u00bb show_categories=\u00bboff\u00bb show_pagination=\u00bboff\u00bb _builder_version=\u00bb4.4.9&#8243; header_font=\u00bb|700||on|||||\u00bb header_text_color=\u00bb#202020&#8243; header_font_size=\u00bb20px\u00bb body_text_color=\u00bb#000000&#8243; body_font_size=\u00bb15px\u00bb read_more_font=\u00bb|700||on|||||\u00bb read_more_text_color=\u00bb#767676&#8243; read_more_font_size=\u00bb11px\u00bb custom_css_content=\u00bbmargin-bottom: 20px;||padding-bottom: 15px;\u00bb custom_css_featured_image=\u00bbheight: 250px;||object-fit: cover;\u00bb custom_css_read_more=\u00bbfont-size: 11px;||letter-spacing: 1px;||text-transform: uppercase;||background: #fff;||color: #767676;||border: 1px solid #e8e8e8;||padding: 10px 16px;||line-height: 16px;||height: 38px;||float: right; ||margin-top: [&hellip;]<\/p>\n","protected":false},"author":1,"featured_media":0,"parent":0,"menu_order":0,"comment_status":"closed","ping_status":"closed","template":"","meta":{"_et_pb_use_builder":"on","_et_pb_old_content":"","_et_gb_content_width":"","_exactmetrics_skip_tracking":false,"_exactmetrics_sitenote_active":false,"_exactmetrics_sitenote_note":"","_exactmetrics_sitenote_category":0,"footnotes":""},"yoast_head":"<!-- This site is optimized with the Yoast SEO plugin v23.5 - https:\/\/yoast.com\/wordpress\/plugins\/seo\/ -->\n<title>Agenda - Centro Cultural Parque de Espa\u00f1a\/AECID<\/title>\n<meta name=\"robots\" content=\"index, follow, max-snippet:-1, max-image-preview:large, max-video-preview:-1\" \/>\n<link rel=\"canonical\" href=\"https:\/\/ccpe.org.ar\/web\/agenda\/\" \/>\n<meta property=\"og:locale\" content=\"es_ES\" \/>\n<meta property=\"og:type\" content=\"article\" \/>\n<meta property=\"og:title\" content=\"Agenda - Centro Cultural Parque de Espa\u00f1a\/AECID\" \/>\n<meta property=\"og:description\" content=\"[et_pb_section fb_built=\u00bb1&#8243; _builder_version=\u00bb3.22&#8243; custom_padding=\u00bb0|0px|54px|0px|false|false\u00bb][et_pb_row _builder_version=\u00bb3.25&#8243; custom_padding=\u00bb90px|0px|27px|0px|false|false\u00bb][et_pb_column type=\u00bb4_4&#8243; _builder_version=\u00bb3.25&#8243; custom_padding=\u00bb|||\u00bb custom_padding__hover=\u00bb|||\u00bb][et_pb_text _builder_version=\u00bb3.27.4&#8243; custom_margin=\u00bb-30px|||\u00bb custom_padding=\u00bb0px|||\u00bb][\/et_pb_text][\/et_pb_column][\/et_pb_row][et_pb_row column_structure=\u00bb1_2,1_2&#8243; _builder_version=\u00bb4.4.9&#8243;][et_pb_column type=\u00bb1_2&#8243; _builder_version=\u00bb4.4.9&#8243;][et_pb_blog fullwidth=\u00bboff\u00bb posts_number=\u00bb1&#8243; include_categories=\u00bb4&#8243; show_more=\u00bbon\u00bb show_author=\u00bboff\u00bb show_date=\u00bboff\u00bb show_categories=\u00bboff\u00bb show_pagination=\u00bboff\u00bb _builder_version=\u00bb4.4.9&#8243; header_font=\u00bb|700||on|||||\u00bb header_text_color=\u00bb#202020&#8243; header_font_size=\u00bb20px\u00bb body_text_color=\u00bb#000000&#8243; body_font_size=\u00bb15px\u00bb read_more_font=\u00bb|700||on|||||\u00bb read_more_text_color=\u00bb#767676&#8243; read_more_font_size=\u00bb11px\u00bb custom_css_content=\u00bbmargin-bottom: 20px;||padding-bottom: 15px;\u00bb custom_css_featured_image=\u00bbheight: 250px;||object-fit: cover;\u00bb custom_css_read_more=\u00bbfont-size: 11px;||letter-spacing: 1px;||text-transform: uppercase;||background: #fff;||color: #767676;||border: 1px solid #e8e8e8;||padding: 10px 16px;||line-height: 16px;||height: 38px;||float: right; ||margin-top: [&hellip;]\" \/>\n<meta property=\"og:url\" content=\"https:\/\/ccpe.org.ar\/web\/agenda\/\" \/>\n<meta property=\"og:site_name\" content=\"Centro Cultural Parque de Espa\u00f1a\/AECID\" \/>\n<meta property=\"article:publisher\" content=\"https:\/\/www.facebook.com\/CCPErosario\/\" \/>\n<meta property=\"article:modified_time\" content=\"2023-07-27T15:58:25+00:00\" \/>\n<meta name=\"twitter:card\" content=\"summary_large_image\" \/>\n<meta name=\"twitter:site\" content=\"@ccpe\" \/>\n<meta name=\"twitter:label1\" content=\"Tiempo de lectura\" \/>\n\t<meta name=\"twitter:data1\" content=\"14 minutos\" \/>\n<script type=\"application\/ld+json\" class=\"yoast-schema-graph\">{\"@context\":\"https:\/\/schema.org\",\"@graph\":[{\"@type\":\"WebPage\",\"@id\":\"https:\/\/ccpe.org.ar\/web\/agenda\/\",\"url\":\"https:\/\/ccpe.org.ar\/web\/agenda\/\",\"name\":\"Agenda - Centro Cultural Parque de Espa\u00f1a\/AECID\",\"isPartOf\":{\"@id\":\"https:\/\/ccpe.org.ar\/web\/#website\"},\"datePublished\":\"2019-05-10T13:30:10+00:00\",\"dateModified\":\"2023-07-27T15:58:25+00:00\",\"breadcrumb\":{\"@id\":\"https:\/\/ccpe.org.ar\/web\/agenda\/#breadcrumb\"},\"inLanguage\":\"es\",\"potentialAction\":[{\"@type\":\"ReadAction\",\"target\":[\"https:\/\/ccpe.org.ar\/web\/agenda\/\"]}]},{\"@type\":\"BreadcrumbList\",\"@id\":\"https:\/\/ccpe.org.ar\/web\/agenda\/#breadcrumb\",\"itemListElement\":[{\"@type\":\"ListItem\",\"position\":1,\"name\":\"Portada\",\"item\":\"https:\/\/ccpe.org.ar\/web\/\"},{\"@type\":\"ListItem\",\"position\":2,\"name\":\"Agenda\"}]},{\"@type\":\"WebSite\",\"@id\":\"https:\/\/ccpe.org.ar\/web\/#website\",\"url\":\"https:\/\/ccpe.org.ar\/web\/\",\"name\":\"Centro Cultural Parque de Espa\u00f1a\/AECID\",\"description\":\"Sitio web del Centro Cultural Parque de Espa\u00f1a\/AECID\",\"potentialAction\":[{\"@type\":\"SearchAction\",\"target\":{\"@type\":\"EntryPoint\",\"urlTemplate\":\"https:\/\/ccpe.org.ar\/web\/?s={search_term_string}\"},\"query-input\":{\"@type\":\"PropertyValueSpecification\",\"valueRequired\":true,\"valueName\":\"search_term_string\"}}],\"inLanguage\":\"es\"}]}<\/script>\n<!-- \/ Yoast SEO plugin. -->","yoast_head_json":{"title":"Agenda - Centro Cultural Parque de Espa\u00f1a\/AECID","robots":{"index":"index","follow":"follow","max-snippet":"max-snippet:-1","max-image-preview":"max-image-preview:large","max-video-preview":"max-video-preview:-1"},"canonical":"https:\/\/ccpe.org.ar\/web\/agenda\/","og_locale":"es_ES","og_type":"article","og_title":"Agenda - Centro Cultural Parque de Espa\u00f1a\/AECID","og_description":"[et_pb_section fb_built=\u00bb1&#8243; _builder_version=\u00bb3.22&#8243; custom_padding=\u00bb0|0px|54px|0px|false|false\u00bb][et_pb_row _builder_version=\u00bb3.25&#8243; custom_padding=\u00bb90px|0px|27px|0px|false|false\u00bb][et_pb_column type=\u00bb4_4&#8243; _builder_version=\u00bb3.25&#8243; custom_padding=\u00bb|||\u00bb custom_padding__hover=\u00bb|||\u00bb][et_pb_text _builder_version=\u00bb3.27.4&#8243; custom_margin=\u00bb-30px|||\u00bb custom_padding=\u00bb0px|||\u00bb][\/et_pb_text][\/et_pb_column][\/et_pb_row][et_pb_row column_structure=\u00bb1_2,1_2&#8243; _builder_version=\u00bb4.4.9&#8243;][et_pb_column type=\u00bb1_2&#8243; _builder_version=\u00bb4.4.9&#8243;][et_pb_blog fullwidth=\u00bboff\u00bb posts_number=\u00bb1&#8243; include_categories=\u00bb4&#8243; show_more=\u00bbon\u00bb show_author=\u00bboff\u00bb show_date=\u00bboff\u00bb show_categories=\u00bboff\u00bb show_pagination=\u00bboff\u00bb _builder_version=\u00bb4.4.9&#8243; header_font=\u00bb|700||on|||||\u00bb header_text_color=\u00bb#202020&#8243; header_font_size=\u00bb20px\u00bb body_text_color=\u00bb#000000&#8243; body_font_size=\u00bb15px\u00bb read_more_font=\u00bb|700||on|||||\u00bb read_more_text_color=\u00bb#767676&#8243; read_more_font_size=\u00bb11px\u00bb custom_css_content=\u00bbmargin-bottom: 20px;||padding-bottom: 15px;\u00bb custom_css_featured_image=\u00bbheight: 250px;||object-fit: cover;\u00bb custom_css_read_more=\u00bbfont-size: 11px;||letter-spacing: 1px;||text-transform: uppercase;||background: #fff;||color: #767676;||border: 1px solid #e8e8e8;||padding: 10px 16px;||line-height: 16px;||height: 38px;||float: right; ||margin-top: [&hellip;]","og_url":"https:\/\/ccpe.org.ar\/web\/agenda\/","og_site_name":"Centro Cultural Parque de Espa\u00f1a\/AECID","article_publisher":"https:\/\/www.facebook.com\/CCPErosario\/","article_modified_time":"2023-07-27T15:58:25+00:00","twitter_card":"summary_large_image","twitter_site":"@ccpe","twitter_misc":{"Tiempo de lectura":"14 minutos"},"schema":{"@context":"https:\/\/schema.org","@graph":[{"@type":"WebPage","@id":"https:\/\/ccpe.org.ar\/web\/agenda\/","url":"https:\/\/ccpe.org.ar\/web\/agenda\/","name":"Agenda - Centro Cultural Parque de Espa\u00f1a\/AECID","isPartOf":{"@id":"https:\/\/ccpe.org.ar\/web\/#website"},"datePublished":"2019-05-10T13:30:10+00:00","dateModified":"2023-07-27T15:58:25+00:00","breadcrumb":{"@id":"https:\/\/ccpe.org.ar\/web\/agenda\/#breadcrumb"},"inLanguage":"es","potentialAction":[{"@type":"ReadAction","target":["https:\/\/ccpe.org.ar\/web\/agenda\/"]}]},{"@type":"BreadcrumbList","@id":"https:\/\/ccpe.org.ar\/web\/agenda\/#breadcrumb","itemListElement":[{"@type":"ListItem","position":1,"name":"Portada","item":"https:\/\/ccpe.org.ar\/web\/"},{"@type":"ListItem","position":2,"name":"Agenda"}]},{"@type":"WebSite","@id":"https:\/\/ccpe.org.ar\/web\/#website","url":"https:\/\/ccpe.org.ar\/web\/","name":"Centro Cultural Parque de Espa\u00f1a\/AECID","description":"Sitio web del Centro Cultural Parque de Espa\u00f1a\/AECID","potentialAction":[{"@type":"SearchAction","target":{"@type":"EntryPoint","urlTemplate":"https:\/\/ccpe.org.ar\/web\/?s={search_term_string}"},"query-input":{"@type":"PropertyValueSpecification","valueRequired":true,"valueName":"search_term_string"}}],"inLanguage":"es"}]}},"_links":{"self":[{"href":"https:\/\/ccpe.org.ar\/web\/wp-json\/wp\/v2\/pages\/413"}],"collection":[{"href":"https:\/\/ccpe.org.ar\/web\/wp-json\/wp\/v2\/pages"}],"about":[{"href":"https:\/\/ccpe.org.ar\/web\/wp-json\/wp\/v2\/types\/page"}],"author":[{"embeddable":true,"href":"https:\/\/ccpe.org.ar\/web\/wp-json\/wp\/v2\/users\/1"}],"replies":[{"embeddable":true,"href":"https:\/\/ccpe.org.ar\/web\/wp-json\/wp\/v2\/comments?post=413"}],"version-history":[{"count":1,"href":"https:\/\/ccpe.org.ar\/web\/wp-json\/wp\/v2\/pages\/413\/revisions"}],"predecessor-version":[{"id":4528,"href":"https:\/\/ccpe.org.ar\/web\/wp-json\/wp\/v2\/pages\/413\/revisions\/4528"}],"wp:attachment":[{"href":"https:\/\/ccpe.org.ar\/web\/wp-json\/wp\/v2\/media?parent=413"}],"curies":[{"name":"wp","href":"https:\/\/api.w.org\/{rel}","templated":true}]}}